{"id":304,"date":"2025-08-13T13:46:15","date_gmt":"2025-08-13T13:46:15","guid":{"rendered":"https:\/\/profaj.co\/coordinat360\/?page_id=304"},"modified":"2025-09-10T05:58:10","modified_gmt":"2025-09-10T05:58:10","slug":"aydinlatma-metni","status":"publish","type":"page","link":"https:\/\/profaj.co\/coordinat360\/aydinlatma-metni\/","title":{"rendered":"Ayd\u0131nlatma Metni"},"content":{"rendered":"\t\t<div data-elementor-type=\"wp-page\" data-elementor-id=\"304\" class=\"elementor elementor-304\" data-elementor-post-type=\"page\">\n\t\t\t\t<div class=\"elementor-element elementor-element-d4cd12b e-flex e-con-boxed e-con e-parent\" data-id=\"d4cd12b\" data-element_type=\"container\" data-settings=\"{&quot;background_background&quot;:&quot;classic&quot;}\">\n\t\t\t\t\t<div class=\"e-con-inner\">\n\t\t\t\t<div class=\"elementor-element elementor-element-83483a1 elementor-invisible elementor-widget elementor-widget-heading\" data-id=\"83483a1\" data-element_type=\"widget\" data-settings=\"{&quot;_animation&quot;:&quot;fadeInUp&quot;}\" data-widget_type=\"heading.default\">\n\t\t\t\t\t<h1 class=\"elementor-heading-title elementor-size-default\">AYDINLATMA METN\u0130<\/h1>\t\t\t\t<\/div>\n\t\t\t\t\t<\/div>\n\t\t\t\t<\/div>\n\t\t<div class=\"elementor-element elementor-element-372597d e-flex e-con-boxed e-con e-parent\" data-id=\"372597d\" data-element_type=\"container\">\n\t\t\t\t\t<div class=\"e-con-inner\">\n\t\t\t\t<div class=\"elementor-element elementor-element-1945960 elementor-widget elementor-widget-text-editor\" data-id=\"1945960\" data-element_type=\"widget\" data-widget_type=\"text-editor.default\">\n\t\t\t\t\t\t\t\t\t<p>www.coordinat.xyz&nbsp;adresi \u00fczerinden vermi\u015f oldu\u011fumuz hizmetler kapsam\u0131nda; web sitemizi kullanan, hizmetlerimizden faydalanan, taraf\u0131m\u0131z ile s\u00f6zle\u015fme ili\u015fkisi i\u00e7erisine giren b\u00fct\u00fcn ki\u015filerin kendilerine ait verilerinin saklanmas\u0131, kaydedilmesi, i\u015flenmesi, aktar\u0131lmas\u0131 ile ilgili olarak sizleri ayd\u0131nlatmak \u00fczere i\u015fbu metin haz\u0131rlanm\u0131\u015ft\u0131r.<\/p>\n<p>COORDINAT YAPI LTD. \u015eti. sizlere vermi\u015f oldu\u011fumuz hizmetler kapsam\u0131nda ve 6698 say\u0131l\u0131 Ki\u015fisel Verilerin Korunmas\u0131 Kanunu\u2019na (\u201cKVKK\u201d) uygun olmak \u00fczere toplan\u0131lan, kaydedilen, saklanan, i\u015flenen ve aktar\u0131lmas\u0131 m\u00fcmk\u00fcn olan verilerinizle ilgili a\u015fa\u011f\u0131da detay bilgileri payla\u015f\u0131yoruz.<\/p>\n<p>Bilindi\u011fi \u00fczere KVKK\u2019n\u0131n 10. maddesi kapsam\u0131nda ki\u015fisel verilerin elde edilmesi s\u0131ras\u0131nda veri sorumlusunun;<\/p>\n<p>a)Veri sorumlusunun ve varsa temsilcisinin kimli\u011fi,<\/p>\n<p>b)Ki\u015fisel verilerin hangi ama\u00e7la i\u015flenece\u011fi,<\/p>\n<p>c)\u0130\u015flenen ki\u015fisel verilerin kimlere ve hangi ama\u00e7la aktar\u0131labilece\u011fi,<\/p>\n<p>\u00e7)Ki\u015fisel veri toplaman\u0131n y\u00f6ntemi ve hukuki sebebi,<\/p>\n<p>d)11 inci maddede say\u0131lan di\u011fer haklar\u0131\u201d<\/p>\n<p>konusunda bilgi vermekle y\u00fck\u00fcml\u00fcl\u00fc\u011f\u00fc ve zorunlulu\u011fu bulunmaktad\u0131r.<\/p>\n<p>Bu kapsamda ve ilgili mevzuat h\u00fck\u00fcmlerine uygun ve veri sorumlusu niteli\u011fiyle; taraf\u0131m\u0131za iletmi\u015f oldu\u011funuz b\u00fct\u00fcn genel, \u00f6zel nitelikteki ki\u015fisel verilerinizi kanuni sebepler kapsam\u0131nda ve a\u00e7\u0131k r\u0131zan\u0131n gerekti\u011fi halde a\u00e7\u0131k r\u0131zan\u0131n verilmesi halinde \u201ckaydedecek, s\u0131n\u0131fland\u0131racak, i\u015fleyecek, saklayacak, g\u00fcncelleyecek ve mevzuat\u0131n izin verdi\u011fi durumlarda \u00fc\u00e7\u00fcnc\u00fc ki\u015filere a\u00e7\u0131klayabilecek olup\u201d, an\u0131lan yasal d\u00fczenleme kapsam\u0131nda kar\u015f\u0131l\u0131kl\u0131 hak ve y\u00fck\u00fcml\u00fcl\u00fcklerimize ili\u015fkin olarak sizleri bilgilendiriyoruz.<\/p>\n<ol class=\"wp-block-list\">\n<li>VER\u0130 SORUMLUSU<\/li>\n<\/ol>\n<p>6698 say\u0131l\u0131 Ki\u015fisel Verilerin Korunmas\u0131 Kanunu kapsam\u0131nda \u201cveri sorumlusu\u201d; COORDINAT YAPI LTD. \u015eT\u0130&#8217;dir.<\/p>\n<p>Bu kapsamda i\u015fbu ayd\u0131nlatma metninin son k\u0131sm\u0131nda ilgili ki\u015filerin haklar\u0131na dair KVKK\u2019n\u0131n 11. maddesine yer verilmi\u015ftir. Yine, bahse konu haklar\u0131n nas\u0131l kullan\u0131laca\u011f\u0131na ili\u015fkin bilgi sizlerin dikkatlerine a\u015fa\u011f\u0131da sunulmu\u015ftur.<\/p>\n<ol class=\"wp-block-list\">\n<li>\u0130\u015eLEN\u0130LECEK OLAN K\u0130\u015e\u0130SEL VER\u0130LER\u0130N\u0130Z VE VER\u0130 \u0130\u015eLEME AMA\u00c7LARI<\/li>\n<\/ol>\n<p>Hakk\u0131m\u0131zda k\u0131sm\u0131nda yer ald\u0131\u011f\u0131 \u00fczere; sizleri&nbsp;www.coordinat.xyz&nbsp;ailesinin bir par\u00e7as\u0131 olarak g\u00f6rmekteyiz. Bu kapsamda sizlere verilmi\u015f olan de\u011ferin bir di\u011fer yans\u0131ma bi\u00e7imi de, sizlerin taraf\u0131m\u0131za iletmi\u015f oldu\u011funuz ki\u015fisel verilerinize yakla\u015f\u0131m bi\u00e7imimizdir.<\/p>\n<p>Taraf\u0131m\u0131z sizlere en uygun ve en avantajl\u0131 bir \u015fekilde, kaliteyi \u00f6ne \u00e7\u0131karan bir formla hizmet sunmak i\u00e7in \u00e7abalamakta, bu kapsamda da a\u015fa\u011f\u0131da yer ald\u0131\u011f\u0131 \u00fczere sizlerin ki\u015fisel verileriniz toplanmaktad\u0131r.<\/p>\n<p>\u00d6ncelikle;<\/p>\n<ol class=\"wp-block-list\">\n<li>Kiralanan yahut sat\u0131lan ta\u015f\u0131nmazlarda konaklayacak ve ta\u015f\u0131nmaz\u0131n sahibi olacak olan \u015fah\u0131slar\u0131n kimlik bilgileri, isim ve soyisimleri, T.C. Kimlik numaralar\u0131 sizlere uygun s\u00f6zle\u015fmenin kar\u015f\u0131l\u0131kl\u0131 kararla\u015ft\u0131r\u0131ld\u0131\u011f\u0131 \u00fczere haz\u0131rlanmas\u0131, faturalar\u0131n kesilebilmesi, muhasebe hesaplamalar\u0131n yap\u0131labilmesi, uyu\u015fmazl\u0131k halinde ve resmi makamlar\u0131n talepleri halinde bildirilebilmesi i\u00e7in, yine Kimlik Bildirimine dair mevzuat h\u00fck\u00fcmleri kapsam\u0131nda konaklama ger\u00e7ekle\u015ftiren ki\u015filerin bilgilerinin kolluk ile payla\u015f\u0131lmas\u0131n\u0131n zorunlu olmas\u0131, mevzuattan kaynaklanan y\u00fck\u00fcml\u00fcl\u00fcklerin yerine getirilmesi, s\u00f6zle\u015fmelerin ifas\u0131,<\/li>\n<li>Sizlere ait telefon numaras\u0131, adres, e-mail adresi gibi ileti\u015fim ara\u00e7lar\u0131; sizlere daha iyi hizmet verilebilmesi i\u00e7in, s\u00f6zle\u015fme ili\u015fkisi kurulmadan \u00f6nce rezervasyon teyitlerinin al\u0131nabilmesi i\u00e7in, s\u00f6zle\u015fme ili\u015fkisi s\u0131ras\u0131nda sizlere en iyi hizmetlerin yakinen verilebilmesi i\u00e7in, m\u00fc\u015fteri memnuniyetinin ve hizmet kalitesinin artt\u0131r\u0131lmas\u0131 i\u00e7in sonras\u0131nda sizlerle ileti\u015fime ge\u00e7ilmesi, y\u0131lba\u015f\u0131, resmi ve dini bayram ile tatil g\u00fcnlerinde sizlere \u00f6zel tebriklerin sunulabilmesi, yine bu g\u00fcnlerde sizlere \u00f6zel fiyat tekliflerimizin iletilmesi i\u00e7in,<\/li>\n<li>Taraf\u0131n\u0131za ait IBAN numaralar\u0131, banka hesap numaralar\u0131 ve \u00f6deme bilgileri; s\u00f6zle\u015fmenin ifas\u0131n\u0131n ger\u00e7ekle\u015ftirilebilmesi i\u00e7in, mevzuattan kaynaklanan y\u00fck\u00fcml\u00fcl\u00fcklerin yerine getirilebilmesi i\u00e7in,<\/li>\n<li>\u00c7a\u011fr\u0131 merkezimiz ile ileti\u015fime ge\u00e7meniz halinde ses kay\u0131lar\u0131; uyu\u015fmazl\u0131klar halinde kullan\u0131lmas\u0131, m\u00fc\u015fteri memnuniyetlerinin artt\u0131r\u0131lmas\u0131, mevzuata uygun i\u015flem yap\u0131lmas\u0131, talep ve \u015fikayetler nedeniyle ileti\u015fime ge\u00e7ilebilmesi, yetkili kamu kurum ve kurulu\u015flar ile kolluk ve idari, adli makamlarla payla\u015f\u0131labilmesi i\u00e7in;<\/li>\n<li>G\u00fcvenlik kamera kay\u0131tlar\u0131; ziyaret\u00e7i kay\u0131tlar\u0131n\u0131n tutulmas\u0131, ortam g\u00fcvenli\u011finin sa\u011flanmas\u0131, g\u00fcvenlik \u00f6nlemlerinin al\u0131nmas\u0131 ile uyu\u015fmazl\u0131k halinde delil olarak sunulabilmesi i\u00e7in;<\/li>\n<li>\u00c7erezler ve IP bilgileri; sitemizi ziyaretiniz halinde site iyile\u015ftirmelerinin yap\u0131labilmesi ile m\u00fc\u015fteri memnuniyetinin artt\u0131r\u0131lmas\u0131 ve iyile\u015ftirmelerin yap\u0131labilmesi i\u00e7in;<\/li>\n<\/ol>\n<p>saklanmakta, i\u015flenmekte ve kaydedilmektedir.<\/p>\n<p>Yine \u015firketimiz;<\/p>\n<ol class=\"wp-block-list\">\n<li>\u015eirketimizin ticari i\u015fbirliklerinin, y\u00f6netim ve ileti\u015fim faaliyetlerinin ve stratejilerinin do\u011fru olarak planlanmas\u0131, y\u00fcr\u00fct\u00fclmesi ve y\u00f6netilmesi,<\/li>\n<li>Veri g\u00fcvenli\u011finin en \u00fcst d\u00fczeyde sa\u011flanmas\u0131,<\/li>\n<li>Talep ve \u015fikayetlerin (KVKK kapsam\u0131ndaki \u015fikayetler de dahil olmak \u00fczere) sizlerle ileti\u015fime ge\u00e7ilebilmesi, takip ve y\u00f6netimin sa\u011flanmas\u0131,<\/li>\n<li>Pazarlama ve sat\u0131\u015f faaliyetlerinin y\u00fcr\u00fct\u00fclmesi,<\/li>\n<li>\u015eirketimiz taraf\u0131ndan y\u00fcr\u00fct\u00fclen ileti\u015fime y\u00f6nelik idari operasyonlar\u0131n y\u00fcr\u00fct\u00fclmesi,<\/li>\n<li>\u015eirketimizin ticari ve i\u015f stratejilerinin belirlenmesi ve uygulanmas\u0131 ile<\/li>\n<li>\u015eirketimizin insan kaynaklar\u0131 politikalar\u0131n\u0131n y\u00fcr\u00fct\u00fclmesinin temini ama\u00e7lar\u0131yla s\u0131n\u0131rl\u0131 olarak<\/li>\n<\/ol>\n<p>Ki\u015fisel verilerinizi i\u015flemektedir.<\/p>\n<ol class=\"wp-block-list\">\n<li>VER\u0130LER\u0130N \u0130\u015eLENME \u015eARTLARI VE HUKUK\u0130 SEBEPLER\u0130<\/li>\n<\/ol>\n<p>KVKK\u2019n\u0131n 5. maddesi kapsam\u0131nda ki\u015fisel verilerin i\u015flenme \u015fartlar\u0131 ifade edilmi\u015f olup; KVKK\u2019n\u0131n 5. ve 6. maddesi kapsam\u0131nda ki\u015fisel verilerin ve \u00f6zel nitelikli ki\u015fisel verilerin i\u015flenmesi a\u00e7\u0131k r\u0131zaya ba\u011fl\u0131 tutulmu\u015ftur.<\/p>\n<p>Lakin, KVKK\u2019n\u0131n a\u015fa\u011f\u0131da a\u00e7\u0131klanan 5\/2. ve 6\/3. maddeleri istisna olarak ifade edilmi\u015f, bu hallerde a\u00e7\u0131k r\u0131za olmadan da veri i\u015flemenin m\u00fcmk\u00fcn oldu\u011fu belirtilmi\u015ftir.<\/p>\n<p>KVKK\u2019n\u0131n 5\/2. ve 6\/3. maddelerinde d\u00fczenlenen istisnalar do\u011frultusunda;<\/p>\n<ol class=\"wp-block-list\">\n<li>Kanunlarda a\u00e7\u0131k\u00e7a \u00f6ng\u00f6r\u00fclmesi,<\/li>\n<li>Fiili imk\u00e2ns\u0131zl\u0131k nedeniyle r\u0131zas\u0131n\u0131 a\u00e7\u0131klayamayacak durumda bulunan veya r\u0131zas\u0131na hukuki ge\u00e7erlilik tan\u0131nmayan ki\u015finin kendisinin ya da bir ba\u015fkas\u0131n\u0131n hayat\u0131 veya beden b\u00fct\u00fcnl\u00fc\u011f\u00fcn\u00fcn korunmas\u0131 i\u00e7in zorunlu olmas\u0131,<\/li>\n<li>Bir s\u00f6zle\u015fmenin kurulmas\u0131 veya ifas\u0131yla do\u011frudan do\u011fruya ilgili olmas\u0131 kayd\u0131yla, s\u00f6zle\u015fmenin taraflar\u0131na ait ki\u015fisel verilerin i\u015flenmesinin gerekli olmas\u0131,<\/li>\n<li>Veri sorumlusunun hukuki y\u00fck\u00fcml\u00fcl\u00fc\u011f\u00fcn\u00fc yerine getirebilmesi i\u00e7in zorunlu olmas\u0131,<\/li>\n<li>\u0130lgili ki\u015finin kendisi taraf\u0131ndan alenile\u015ftirilmi\u015f olmas\u0131,<\/li>\n<li>Bir hakk\u0131n tesisi, kullan\u0131lmas\u0131 veya korunmas\u0131 i\u00e7in veri i\u015flemenin zorunlu olmas\u0131,<\/li>\n<li>\u0130lgili ki\u015finin temel hak ve \u00f6zg\u00fcrl\u00fcklerine zarar vermemek kayd\u0131yla, veri sorumlusunun me\u015fru menfaatleri i\u00e7in veri i\u015flenmesinin zorunlu olmas\u0131 amac\u0131yla,<\/li>\n<\/ol>\n<p>sizlere ait ki\u015fisel veriler a\u00e7\u0131k r\u0131za talep edilmeksizin i\u015flenebilecektir.<\/p>\n<p>Bu kapsamda \u015firketimiz taraf\u0131ndan ki\u015fisel verileriniz;<\/p>\n<p>\u201c\u2022 &nbsp; &nbsp; &nbsp; s\u00f6zle\u015fme ili\u015fkisinin kurulabilmesi ve ifas\u0131 amac\u0131yla,<\/p>\n<p>\u2022 &nbsp; &nbsp; &nbsp;&nbsp; kanundan kaynaklanan y\u00fck\u00fcml\u00fcl\u00fcklerimizin yerine getirilmesi amac\u0131yla,<\/p>\n<p>\u2022 &nbsp; &nbsp; &nbsp;&nbsp; \u015eirketimizin me\u015fru menfaatleri uyar\u0131nca i\u015flenebilecektir.<\/p>\n<p>\u0130\u015f Kanunu, \u0130\u015f Sa\u011fl\u0131\u011f\u0131 ve G\u00fcvenli\u011fi Kanunu, Sosyal Sigortalar ve Genel Sa\u011fl\u0131k Sigortas\u0131 Kanunu, Bor\u00e7lar Kanunu, Vergi Usul Kanunu, T\u00fcrk Ticaret Kanunu, Kimlik Bildirme Kanunu, Gelir Vergisi Kanunu, Kurumlar Vergisi Kanunu, \u00c7ek Kanunu, Bireysel Emeklilik Tasarruf ve Yat\u0131r\u0131m Sistemi Kanunu olmak \u00fczere \u015eirketimizin tabi oldu\u011fu mevzuatta a\u00e7\u0131k\u00e7a \u00f6ng\u00f6r\u00fclm\u00fc\u015f olmas\u0131 hali kanunlarda a\u00e7\u0131k\u00e7a \u00f6ng\u00f6r\u00fclme haline dahildir.<\/p>\n<p>Nitekim ki\u015fisel verilerin aktar\u0131lmas\u0131 ile yurt d\u0131\u015f\u0131na aktar\u0131lmas\u0131 konusunda da KVKK uyar\u0131nca benzer bir d\u00fczenlemeye gidilerek istisnalar KVKK\u2019n\u0131n 8. ve 9. maddesi kapsam\u0131nda belirtilmi\u015ftir. Bu hallerde de a\u00e7\u0131k r\u0131zan\u0131z al\u0131nmadan ki\u015fisel verileriniz aktar\u0131labilecektir.<\/p>\n<p>\u0130\u015flenilecek ki\u015fisel veri \u00f6zelinde, \u015firketimizce de\u011ferlendirme yap\u0131lmakta ve yukar\u0131da belirtilen istisnalar\u0131n varl\u0131\u011f\u0131 halinde a\u00e7\u0131k r\u0131zan\u0131 talep edilmeden ki\u015fisel verileriniz i\u015flenebilmektedir. A\u00e7\u0131k r\u0131za gereken hallerde ise taraf\u0131n\u0131za a\u00e7\u0131k r\u0131za formlar\u0131 sunularak a\u00e7\u0131k r\u0131za talebinde bulunulacakt\u0131r.<\/p>\n<ol class=\"wp-block-list\">\n<li>K\u0130\u015e\u0130SEL VER\u0130LER\u0130N AKTARILMASI<\/li>\n<\/ol>\n<p>Sizlere ait ki\u015fisel verileriniz KVKK kapsam\u0131nda yer alan istisnalar ile \u00f6ncelikle;<\/p>\n<ol class=\"wp-block-list\">\n<li>9 Ocak 2008 tarihli ve 26751 say\u0131l\u0131 Resmi Gazete\u2019de yay\u0131mlanan Su\u00e7 Gelirlerinin Aklanmas\u0131n\u0131n ve Ter\u00f6r\u00fcn Finansman\u0131n\u0131n \u00d6nlenmesine Dair Tedbirler Hakk\u0131nda Y\u00f6netmelik uyar\u0131nca kimlik do\u011frulamas\u0131 ger\u00e7ekle\u015ftirilmesi amac\u0131yla \u00f6deme kurulu\u015flar\u0131yla payla\u015f\u0131labilecektir.<\/li>\n<li>Yine, 1174 say\u0131l\u0131 Kimlik Bildirme Kanunu (\u201cKBK\u201d) kapsam\u0131nda; konaklama ger\u00e7ekle\u015ftirecek ki\u015filerin kimlik bilgilerinin payla\u015f\u0131lmas\u0131 kanunen zorunlu oldu\u011fu i\u00e7in, bu kapsamda bilgileriniz kolluk kuvvetleriyle Kimlik Bildirim Sistemi \u00fczerinden payla\u015f\u0131lacakt\u0131r.<\/li>\n<li>Uyu\u015fmazl\u0131klar\u0131n varl\u0131\u011f\u0131 halinde dan\u0131\u015f\u0131lan hukuk b\u00fcrolar\u0131na ve\/veya avukatlarla payla\u015f\u0131lacakt\u0131r.<\/li>\n<li>Faturaland\u0131rmalar\u0131n ve vergisel y\u00fck\u00fcml\u00fcl\u00fcklerin icras\u0131 i\u00e7in yeminli mali m\u00fc\u015favirler ile muhasebeciler ile payla\u015f\u0131lacakt\u0131r.<\/li>\n<\/ol>\n<p>Yan\u0131 s\u0131ra, yetkili kamu kurum ve kurulu\u015flar\u0131, kolluk kuvvetleri ile adli ve idari makamlar taraf\u0131ndan talep edilmesi halinde ki\u015fisel verileriniz aktar\u0131labilecektir.<\/p>\n<p>Taraf\u0131m\u0131z ki\u015fisel verileri yukar\u0131da belirtilen ama\u00e7lar dahilinde, KVKK\u2019da \u00f6ng\u00f6r\u00fclen \u015fartlar\u0131 sa\u011flamak ko\u015fulu ile yurt i\u00e7inde \u00fc\u00e7\u00fcnc\u00fc ki\u015filere aktarabilece\u011fi gibi yurt d\u0131\u015f\u0131na da aktarabilecektir.<\/p>\n<p>Sizlere ait ki\u015fisel verilerin sitemiz taraf\u0131ndan sunulan \u00fcr\u00fcn ve hizmetlerden ilgili ki\u015fileri faydaland\u0131rmak i\u00e7in gerekli \u00e7al\u0131\u015fmalar\u0131n i\u015f birimleri taraf\u0131ndan yap\u0131lmas\u0131 ve i\u015f s\u00fcre\u00e7lerinin y\u00f6netilmesi, ticari ve\/veya i\u015f stratejilerinin planlanmas\u0131 ve icras\u0131 i\u00e7in \u00fc\u00e7\u00fcnc\u00fc ki\u015filere onay verilmesi halinde payla\u015f\u0131labilecektir.<\/p>\n<p>Yan\u0131 s\u0131ra taraf\u0131m\u0131zca yukar\u0131da belirtilen ama\u00e7larla \u015firket yetkililerimize, i\u015ftiraklerimize, i\u015f ortaklar\u0131m\u0131za, tedarik\u00e7ilerimize, hissedarlar\u0131m\u0131za, kanunen yetkili kamu kurum ve kurulu\u015flar ile \u00f6zel kurumlara aktar\u0131labilecektir.<\/p>\n<ol class=\"wp-block-list\">\n<li>K\u0130\u015e\u0130SEL VER\u0130LER\u0130N TOPLANMASI VE \u0130\u015eLENMES\u0130 USULU<\/li>\n<\/ol>\n<p>Ki\u015fisel verileriniz; her t\u00fcrl\u00fc s\u00f6zl\u00fc, yaz\u0131l\u0131 yahut elektronik ortam arac\u0131l\u0131\u011f\u0131yla, ses kay\u0131t ortam\u0131nda yukar\u0131da belirtilmi\u015f ama\u00e7lar do\u011frultusunda taraf\u0131m\u0131zca sunulan hizmetlerin mevzuata uygun olarak sunulabilmesi ve bu kapsamda \u015firketimizin s\u00f6zle\u015fme ve yasalar uyar\u0131nca do\u011fan y\u00fck\u00fcml\u00fcl\u00fcklerini eksiksiz ve do\u011fru bir \u015fekilde yerine getirebilmesi ile yukar\u0131da somutla\u015ft\u0131r\u0131lan ama\u00e7lar, \u015fartlar ile hukuki sebepler do\u011frultusunda toplanmakta ve i\u015flenmektedir.<\/p>\n<p>Ki\u015fisel verileriniz KVKK\u2019n\u0131n 5. ve 6. maddelerinde belirtilen ki\u015fisel veri i\u015fleme \u015fartlar\u0131 ve ama\u00e7lar\u0131 kapsam\u0131nda ve bu ayd\u0131nlatma metni kapsam\u0131nda \u00f6ng\u00f6r\u00fclen hukuki sebepler ve ama\u00e7lar do\u011frultusunda toplanacak, i\u015flenecek ve payla\u015f\u0131lacakt\u0131r.<\/p>\n<p>S\u00fcrelerin sona ermesi ile birlikte, herhangi bir s\u00fcre\u00e7 kapsam\u0131nda ki\u015fisel verilerin i\u015fleme amac\u0131 ortadan kalk\u0131yor ise; ki\u015fisel verileriniz KVKK\u2019ya uygun olarak anonimle\u015ftirilmekte, silinmekte ve\/veya yok edilmektedir.<\/p>\n<ol class=\"wp-block-list\">\n<li>VER\u0130LER\u0130N MUHAFAZASI<\/li>\n<\/ol>\n<p>Sizlerin taraf\u0131m\u0131za teslim etmi\u015f oldu\u011funuz ki\u015fisel verileriniz, ama\u00e7la s\u0131n\u0131rl\u0131l\u0131k ilkesi kapsam\u0131nda i\u015fbu metinde de a\u00e7\u0131klanan ama\u00e7larla; uygulamalar\u0131 ve ticari ya\u015fam\u0131n\u0131n team\u00fclleri uyar\u0131nca i\u015flenmesini gerektiren s\u00fcre ile s\u0131n\u0131rl\u0131 olarak i\u015flenmekte; s\u00fcrelerin dolmas\u0131 ard\u0131ndan ise silinmekte, yok edilmekte veya anonim hale getirilmektedir.<\/p>\n<p>Bunlar\u0131n yan\u0131nda; kanunlarda a\u00e7\u0131k\u00e7a \u00f6ng\u00f6r\u00fclen hallerde, veri sorumlusu s\u0131fat\u0131yla \u015firketimizin hukuki y\u00fck\u00fcml\u00fcl\u00fc\u011f\u00fcn\u00fc yerine getirebilmesi i\u00e7in zorunlu olan, ilgili ki\u015finin kendisi taraf\u0131ndan alenile\u015ftirilen, ilgili ki\u015finin temel hak ve \u00f6zg\u00fcrl\u00fcklerine zarar vermemek kayd\u0131yla veri sorumlusu s\u0131fat\u0131n\u0131 haiz \u015firketimizin me\u015fru menfaatleri i\u00e7in i\u015flenmesi zorunlu olan verileriniz, bu ba\u015fl\u0131k alt\u0131nda belirtilen s\u00fcrelerin ge\u00e7mesi durumunda ancak bu c\u00fcmlede tahdidi olarak say\u0131lm\u0131\u015f ama\u00e7lar\u0131n ger\u00e7ekle\u015ftirilmesi i\u00e7in kullan\u0131labilecektir.<\/p>\n<p>Sizlerin ki\u015fisel verilerinin yukar\u0131da yer verilen ama\u00e7lar do\u011frultusunda, sizlere en uygun ve en avantajl\u0131 kampanyalar\u0131n sunulabilmesi, kanunen zorunlu olan haller, s\u00f6zle\u015fmelerin ifas\u0131 kapsam\u0131nda ve b\u00fct\u00fcnl\u00fc\u011f\u00fcnde gerekli olmas\u0131, kampanya stratejilerinin belirlenmesi genel ilkeler uyar\u0131nca ki\u015fisel verilerin ilgili mevzuatta \u00f6ng\u00f6r\u00fclen veya i\u015flendikleri ama\u00e7 i\u00e7in gerekli olan s\u00fcre kadar muhafaza edilmesi esast\u0131r.<\/p>\n<p>Bu kapsamda, genel ilkelere uygun olarak saklama s\u00fcrelerini tespiti i\u00e7in her bir veri i\u015fleme s\u00fcreci ile ilgili olarak mer\u2019i mevzuat h\u00fck\u00fcmleri kapsam\u0131nda s\u00fcrecin amac\u0131 ile birlikte de\u011ferlendirmeler yap\u0131lmaktad\u0131r. Dolay\u0131s\u0131yla, asgari yasal y\u00fck\u00fcml\u00fcl\u00fck s\u00fcreleri ile zamana\u015f\u0131m\u0131 s\u00fcrelerinin dolmas\u0131na kadar ki\u015fisel veriler saklanmaktad\u0131r.<\/p>\n<p>Bu nedenlerle saklanan ki\u015fisel verilerinize ba\u015fka bir ama\u00e7 ile eri\u015filmesine izin verilmeyecek ve ancak zaruri durumlar kapsam\u0131nda kullan\u0131labilecektir. Say\u0131lan zaruri durumlar\u0131n sona ermesi halinde ki\u015fisel verileriniz usul\u00fcne uygun olarak silinecek, yok edilecek veya anonim hale getirilecektir.<\/p>\n<ol class=\"wp-block-list\">\n<li>VER\u0130 SAH\u0130B\u0130N\u0130N HAKLARI<\/li>\n<\/ol>\n<p>Taraf\u0131m\u0131zca kaydedilen, saklanan, toplanan, i\u015flenen ve aktar\u0131lan ki\u015fisel verilerle alakal\u0131 olarak b\u00fct\u00fcn taleplerinizi yukar\u0131da da yer ald\u0131\u011f\u0131 \u00fczere&nbsp;info@coordinat.xyz&nbsp;e-mail adresine yapabilirsiniz.<\/p>\n<p>A\u015fa\u011f\u0131da belirtilen haklar\u0131n\u0131z\u0131 kullanmak i\u00e7in kimli\u011finizi tespit edici gerekli bilgiler ve kullanmak istedi\u011finiz hakk\u0131n\u0131za y\u00f6nelik a\u00e7\u0131klamalar\u0131n\u0131zla birlikte talebinizi KVKK ve Veri Sorumlusuna Ba\u015fvuru Usul ve Esaslar\u0131 Hakk\u0131nda Tebli\u011f gere\u011fince, \u201cyaz\u0131l\u0131\u201d olarak \u015firketimize, a\u015fa\u011f\u0131daki ba\u011flant\u0131dan ula\u015f\u0131labilecek ba\u015fvuru formunu doldurup imzalayarak<\/p>\n<ul class=\"wp-block-list\">\n<li>\u015eahsen ba\u015fvuru ile,<\/li>\n<li>Noter vas\u0131tas\u0131yla,<\/li>\n<li>Ba\u015fvuru sahibince 5070 Say\u0131l\u0131 Elektronik \u0130mza Kanunu\u2019nda tan\u0131ml\u0131 olan \u201cg\u00fcvenli elektronik imza\u201d ile imzalanarak \u015eirketimiz kay\u0131tl\u0131 elektronik posta adresine&nbsp;info@coordinat.xyz&nbsp;g\u00f6nderilmek suretiyle,<\/li>\n<\/ul>\n<p>taraf\u0131m\u0131za iletmeniz gerekmektedir. \u015eirketimizin adresi: COORD\u0130NAT YAPI LTD. \u015eT\u0130. , Kaz\u0131m Dirik Mahallesi 351 Sokak No:3\/D Bornova\/\u0130zmir \u015feklindedir.<\/p>\n<p>Bu kapsamda talepleriniz, KVKK uyar\u0131nca ve talebin niteli\u011fi de g\u00f6z \u00f6n\u00fcnde tutularak en ge\u00e7 otuz (30) i\u015f g\u00fcn\u00fc i\u00e7inde \u00fccretsiz olarak sonu\u00e7land\u0131r\u0131lacakt\u0131r.<\/p>\n<p>Ancak, i\u015flemin ayr\u0131ca bir maliyeti gerektirmesi h\u00e2linde, Ki\u015fisel Verileri Koruma Kurulu taraf\u0131ndan belirlenen tarifedeki \u00fccretin talep edilmesi s\u00f6z konusu olabilecektir.&nbsp;<\/p>\n<p>KVKK\u2019n\u0131n 11. maddesi uyar\u0131nca ilgili ki\u015filer (veri sahipleri);<\/p>\n<ul class=\"wp-block-list\">\n<li>Kendileri ile ilgili ki\u015fisel veri i\u015flenip i\u015flenmedi\u011fini \u00f6\u011frenme,&nbsp;<\/li>\n<li>Ki\u015fisel verileri i\u015flenmi\u015fse buna ili\u015fkin bilgi talep etme,<\/li>\n<li>Ki\u015fisel verilerin i\u015flenme amac\u0131n\u0131 ve bunlar\u0131n amac\u0131na uygun kullan\u0131l\u0131p kullan\u0131lmad\u0131\u011f\u0131n\u0131 \u00f6\u011frenme,&nbsp;<\/li>\n<li>Yurt i\u00e7inde veya yurt d\u0131\u015f\u0131nda ki\u015fisel verilerin aktar\u0131ld\u0131\u011f\u0131 \u00fc\u00e7\u00fcnc\u00fc ki\u015fileri bilme,&nbsp;<\/li>\n<li>Ki\u015fisel verilerin eksik veya yanl\u0131\u015f i\u015flenmi\u015f olmas\u0131 h\u00e2linde bunlar\u0131n d\u00fczeltilmesini isteme ve bu kapsamda yap\u0131lan i\u015flemin ki\u015fisel verilerin aktar\u0131ld\u0131\u011f\u0131 \u00fc\u00e7\u00fcnc\u00fc ki\u015filere bu de\u011fi\u015fikliklerin bildirilmesini isteme,<\/li>\n<li>Kanun ve ilgili mevzuat h\u00fck\u00fcmlerine uygun olarak toplanm\u0131\u015f, i\u015flenmi\u015f ve aktar\u0131lm\u0131\u015f olmas\u0131na ra\u011fmen, i\u015flenmesini gerektiren sebeplerin ortadan kalkmas\u0131 h\u00e2linde ki\u015fisel verilerin silinmesini veya yok edilmesini isteme ve bu kapsamda yap\u0131lan i\u015flemin ki\u015fisel verilerin aktar\u0131ld\u0131\u011f\u0131 \u00fc\u00e7\u00fcnc\u00fc ki\u015filere bildirilmesini isteme,&nbsp;<\/li>\n<li>\u0130\u015flenen verilerin m\u00fcnhas\u0131ran otomatik sistemler vas\u0131tas\u0131yla analiz edilmesi suretiyle ki\u015finin kendisi aleyhine bir sonucun ortaya \u00e7\u0131kmas\u0131na itiraz etme,<\/li>\n<li>Ki\u015fisel verilerin kanuna ayk\u0131r\u0131 olarak i\u015flenmesi sebebiyle zarara u\u011framas\u0131 h\u00e2linde zarar\u0131n giderilmesini talep etme haklar\u0131na sahiptir.<\/li>\n<li>\u0130\u015fbu form \u00fczerinde yer verilen hususlar ile ilgili olarak, hukuki ve teknolojik geli\u015fmeler do\u011frultusunda de\u011fi\u015fiklikler s\u00f6z konusu olabilecektir.<\/li>\n<\/ul>\t\t\t\t\t\t\t\t<\/div>\n\t\t\t\t\t<\/div>\n\t\t\t\t<\/div>\n\t\t\t\t<\/div>\n\t\t","protected":false},"excerpt":{"rendered":"<p>AYDINLATMA METN\u0130 www.coordinat.xyz&nbsp;adresi \u00fczerinden vermi\u015f oldu\u011fumuz hizmetler kapsam\u0131nda; web sitemizi kullanan, hizmetlerimizden faydalanan, taraf\u0131m\u0131z ile s\u00f6zle\u015fme ili\u015fkisi i\u00e7erisine giren b\u00fct\u00fcn ki\u015filerin kendilerine ait verilerinin saklanmas\u0131, kaydedilmesi, i\u015flenmesi, aktar\u0131lmas\u0131 ile ilgili olarak sizleri ayd\u0131nlatmak \u00fczere i\u015fbu metin haz\u0131rlanm\u0131\u015ft\u0131r. COORDINAT YAPI LTD. \u015eti. sizlere vermi\u015f oldu\u011fumuz hizmetler kapsam\u0131nda ve 6698 say\u0131l\u0131 Ki\u015fisel Verilerin Korunmas\u0131 Kanunu\u2019na (\u201cKVKK\u201d) uygun [&hellip;]<\/p>\n","protected":false},"author":1,"featured_media":0,"parent":0,"menu_order":0,"comment_status":"closed","ping_status":"closed","template":"","meta":{"_acf_changed":false,"footnotes":""},"class_list":["post-304","page","type-page","status-publish","hentry"],"acf":[],"_links":{"self":[{"href":"https:\/\/profaj.co\/coordinat360\/wp-json\/wp\/v2\/pages\/304","targetHints":{"allow":["GET"]}}],"collection":[{"href":"https:\/\/profaj.co\/coordinat360\/wp-json\/wp\/v2\/pages"}],"about":[{"href":"https:\/\/profaj.co\/coordinat360\/wp-json\/wp\/v2\/types\/page"}],"author":[{"embeddable":true,"href":"https:\/\/profaj.co\/coordinat360\/wp-json\/wp\/v2\/users\/1"}],"replies":[{"embeddable":true,"href":"https:\/\/profaj.co\/coordinat360\/wp-json\/wp\/v2\/comments?post=304"}],"version-history":[{"count":19,"href":"https:\/\/profaj.co\/coordinat360\/wp-json\/wp\/v2\/pages\/304\/revisions"}],"predecessor-version":[{"id":1122,"href":"https:\/\/profaj.co\/coordinat360\/wp-json\/wp\/v2\/pages\/304\/revisions\/1122"}],"wp:attachment":[{"href":"https:\/\/profaj.co\/coordinat360\/wp-json\/wp\/v2\/media?parent=304"}],"curies":[{"name":"wp","href":"https:\/\/api.w.org\/{rel}","templated":true}]}}