{"id":878,"date":"2024-02-07T14:06:09","date_gmt":"2024-02-07T14:06:09","guid":{"rendered":"https:\/\/profaj.co\/countryvillage\/?page_id=878"},"modified":"2024-02-09T08:57:51","modified_gmt":"2024-02-09T08:57:51","slug":"kusadasi","status":"publish","type":"page","link":"https:\/\/profaj.co\/countryvillage\/kusadasi\/","title":{"rendered":"Ku\u015fadas\u0131"},"content":{"rendered":"\t\t<div data-elementor-type=\"wp-page\" data-elementor-id=\"878\" class=\"elementor elementor-878\" data-elementor-post-type=\"page\">\n\t\t\t\t\t\t<section class=\"elementor-section elementor-top-section elementor-element elementor-element-413c768 elementor-section-height-min-height elementor-section-boxed elementor-section-height-default elementor-section-items-middle\" data-id=\"413c768\" data-element_type=\"section\" data-e-type=\"section\" data-settings=\"{&quot;background_background&quot;:&quot;classic&quot;}\">\n\t\t\t\t\t\t\t<div class=\"elementor-background-overlay\"><\/div>\n\t\t\t\t\t\t\t<div class=\"elementor-container elementor-column-gap-default\">\n\t\t\t\t\t<div class=\"elementor-column elementor-col-100 elementor-top-column elementor-element elementor-element-2c6a02c\" data-id=\"2c6a02c\" data-element_type=\"column\" data-e-type=\"column\">\n\t\t\t<div class=\"elementor-widget-wrap elementor-element-populated\">\n\t\t\t\t\t\t\t<\/div>\n\t\t<\/div>\n\t\t\t\t\t<\/div>\n\t\t<\/section>\n\t\t\t\t<section class=\"elementor-section elementor-top-section elementor-element elementor-element-2fd64a0 elementor-section-boxed elementor-section-height-default elementor-section-height-default\" data-id=\"2fd64a0\" data-element_type=\"section\" data-e-type=\"section\">\n\t\t\t\t\t\t<div class=\"elementor-container elementor-column-gap-default\">\n\t\t\t\t\t<div class=\"elementor-column elementor-col-100 elementor-top-column elementor-element elementor-element-9234c17\" data-id=\"9234c17\" data-element_type=\"column\" data-e-type=\"column\">\n\t\t\t<div class=\"elementor-widget-wrap elementor-element-populated\">\n\t\t\t\t\t\t<div class=\"elementor-element elementor-element-3f92a04 elementor-invisible elementor-widget elementor-widget-heading\" data-id=\"3f92a04\" data-element_type=\"widget\" data-e-type=\"widget\" data-settings=\"{&quot;_animation&quot;:&quot;fadeInUp&quot;}\" data-widget_type=\"heading.default\">\n\t\t\t\t<div class=\"elementor-widget-container\">\n\t\t\t\t\t<h2 class=\"elementor-heading-title elementor-size-default\">Merhaba Ku\u015fadas\u0131'na Ho\u015f Geldiniz!\n\n<\/h2>\t\t\t\t<\/div>\n\t\t\t\t<\/div>\n\t\t\t\t<div class=\"elementor-element elementor-element-7182ce2 elementor-widget elementor-widget-text-editor\" data-id=\"7182ce2\" data-element_type=\"widget\" data-e-type=\"widget\" data-widget_type=\"text-editor.default\">\n\t\t\t\t<div class=\"elementor-widget-container\">\n\t\t\t\t\t\t\t\t\tKu\u015fadas\u0131, T\u00fcrkiye&#8217;nin bat\u0131 k\u0131y\u0131s\u0131nda, Ege Denizi&#8217;nin incisi olarak bilinen \u015firin bir sahil kasabas\u0131d\u0131r. Tarihi, do\u011fas\u0131 ve k\u00fclt\u00fcrel zenginlikleriyle \u00fcnl\u00fc olan Ku\u015fadas\u0131, her y\u0131l milyonlarca ziyaret\u00e7iyi a\u011f\u0131rlar ve onlara unutulmaz bir tatil deneyimi sunar.\t\t\t\t\t\t\t\t<\/div>\n\t\t\t\t<\/div>\n\t\t\t\t<div class=\"elementor-element elementor-element-e019202 elementor-invisible elementor-widget elementor-widget-heading\" data-id=\"e019202\" data-element_type=\"widget\" data-e-type=\"widget\" data-settings=\"{&quot;_animation&quot;:&quot;fadeInUp&quot;}\" data-widget_type=\"heading.default\">\n\t\t\t\t<div class=\"elementor-widget-container\">\n\t\t\t\t\t<h2 class=\"elementor-heading-title elementor-size-default\">Gezilecek Yerler:\n<\/h2>\t\t\t\t<\/div>\n\t\t\t\t<\/div>\n\t\t\t\t<div class=\"elementor-element elementor-element-07b4e7c elementor-widget elementor-widget-text-editor\" data-id=\"07b4e7c\" data-element_type=\"widget\" data-e-type=\"widget\" data-widget_type=\"text-editor.default\">\n\t\t\t\t<div class=\"elementor-widget-container\">\n\t\t\t\t\t\t\t\t\tKu\u015fadas\u0131, zengin bir tarihi mirasa sahiptir ve bir\u00e7ok antik kenti b\u00fcnyesinde bar\u0131nd\u0131r\u0131r. En \u00fcnl\u00fcs\u00fc, UNESCO D\u00fcnya Miras\u0131 Listesi&#8217;nde yer alan Efes Antik Kenti&#8217;dir. Bunun yan\u0131 s\u0131ra, Meryem Ana Evi, Didim Antik Kenti ve Priene gibi \u00f6nemli tarihi yerler de Ku\u015fadas\u0131&#8217;n\u0131n g\u00f6r\u00fclmesi gereken noktalar\u0131 aras\u0131ndad\u0131r.\t\t\t\t\t\t\t\t<\/div>\n\t\t\t\t<\/div>\n\t\t\t\t<div class=\"elementor-element elementor-element-a5c345d animated-slow elementor-invisible elementor-widget elementor-widget-image\" data-id=\"a5c345d\" data-element_type=\"widget\" data-e-type=\"widget\" data-settings=\"{&quot;_animation&quot;:&quot;fadeIn&quot;}\" data-widget_type=\"image.default\">\n\t\t\t\t<div class=\"elementor-widget-container\">\n\t\t\t\t\t\t\t\t\t\t\t\t\t\t\t<img fetchpriority=\"high\" decoding=\"async\" width=\"1920\" height=\"500\" src=\"https:\/\/profaj.co\/countryvillage\/wp-content\/uploads\/2024\/02\/kusadasi-4.jpg\" class=\"attachment-full size-full wp-image-937\" alt=\"\" srcset=\"https:\/\/profaj.co\/countryvillage\/wp-content\/uploads\/2024\/02\/kusadasi-4.jpg 1920w, https:\/\/profaj.co\/countryvillage\/wp-content\/uploads\/2024\/02\/kusadasi-4-300x78.jpg 300w, https:\/\/profaj.co\/countryvillage\/wp-content\/uploads\/2024\/02\/kusadasi-4-1024x267.jpg 1024w, https:\/\/profaj.co\/countryvillage\/wp-content\/uploads\/2024\/02\/kusadasi-4-768x200.jpg 768w, https:\/\/profaj.co\/countryvillage\/wp-content\/uploads\/2024\/02\/kusadasi-4-1536x400.jpg 1536w\" sizes=\"(max-width: 1920px) 100vw, 1920px\" \/>\t\t\t\t\t\t\t\t\t\t\t\t\t\t\t<\/div>\n\t\t\t\t<\/div>\n\t\t\t\t<div class=\"elementor-element elementor-element-f6eb766 elementor-invisible elementor-widget elementor-widget-heading\" data-id=\"f6eb766\" data-element_type=\"widget\" data-e-type=\"widget\" data-settings=\"{&quot;_animation&quot;:&quot;fadeInUp&quot;}\" data-widget_type=\"heading.default\">\n\t\t\t\t<div class=\"elementor-widget-container\">\n\t\t\t\t\t<h2 class=\"elementor-heading-title elementor-size-default\">Denize Girmek:\n<\/h2>\t\t\t\t<\/div>\n\t\t\t\t<\/div>\n\t\t\t\t<div class=\"elementor-element elementor-element-4ca9ad1 elementor-widget elementor-widget-text-editor\" data-id=\"4ca9ad1\" data-element_type=\"widget\" data-e-type=\"widget\" data-widget_type=\"text-editor.default\">\n\t\t\t\t<div class=\"elementor-widget-container\">\n\t\t\t\t\t\t\t\t\tKu\u015fadas\u0131, berrak Ege Denizi sular\u0131yla \u00e7evrili uzun kumsallar\u0131 ve mavi bayrakl\u0131 plajlar\u0131yla \u00fcnl\u00fcd\u00fcr. Kad\u0131nlar Denizi, Long Beach ve Pamucak Plaj\u0131, g\u00fcne\u015fin ve denizin tad\u0131n\u0131 \u00e7\u0131karmak isteyenler i\u00e7in ideal mekanlard\u0131r. Ayr\u0131ca, yelken, s\u00f6rf ve dal\u0131\u015f gibi su sporlar\u0131 da burada pop\u00fcler aktiviteler aras\u0131ndad\u0131r.\t\t\t\t\t\t\t\t<\/div>\n\t\t\t\t<\/div>\n\t\t\t\t<div class=\"elementor-element elementor-element-5994971 elementor-invisible elementor-widget elementor-widget-heading\" data-id=\"5994971\" data-element_type=\"widget\" data-e-type=\"widget\" data-settings=\"{&quot;_animation&quot;:&quot;fadeInUp&quot;}\" data-widget_type=\"heading.default\">\n\t\t\t\t<div class=\"elementor-widget-container\">\n\t\t\t\t\t<h2 class=\"elementor-heading-title elementor-size-default\">Manzaralar:\n<\/h2>\t\t\t\t<\/div>\n\t\t\t\t<\/div>\n\t\t\t\t<div class=\"elementor-element elementor-element-eb88aa1 elementor-widget elementor-widget-text-editor\" data-id=\"eb88aa1\" data-element_type=\"widget\" data-e-type=\"widget\" data-widget_type=\"text-editor.default\">\n\t\t\t\t<div class=\"elementor-widget-container\">\n\t\t\t\t\t\t\t\t\t\u015eehir, yemye\u015fil do\u011fas\u0131 ve muhte\u015fem manzaralar\u0131yla da g\u00f6z kama\u015ft\u0131r\u0131r. Ku\u015fadas\u0131 Kalesi&#8217;nden, G\u00fcvercinada&#8217;dan ve Panay\u0131r Tepesi&#8217;nden \u015fehrin e\u015fsiz manzaralar\u0131n\u0131 izlemek, ziyaret\u00e7ilere unutulmaz anlar ya\u015fat\u0131r.\t\t\t\t\t\t\t\t<\/div>\n\t\t\t\t<\/div>\n\t\t\t\t<div class=\"elementor-element elementor-element-dcf3b57 animated-slow elementor-invisible elementor-widget elementor-widget-image\" data-id=\"dcf3b57\" data-element_type=\"widget\" data-e-type=\"widget\" data-settings=\"{&quot;_animation&quot;:&quot;fadeIn&quot;}\" data-widget_type=\"image.default\">\n\t\t\t\t<div class=\"elementor-widget-container\">\n\t\t\t\t\t\t\t\t\t\t\t\t\t\t\t<img decoding=\"async\" width=\"1920\" height=\"500\" src=\"https:\/\/profaj.co\/countryvillage\/wp-content\/uploads\/2024\/02\/kusadasi-2-1.jpg\" class=\"attachment-full size-full wp-image-939\" alt=\"\" srcset=\"https:\/\/profaj.co\/countryvillage\/wp-content\/uploads\/2024\/02\/kusadasi-2-1.jpg 1920w, https:\/\/profaj.co\/countryvillage\/wp-content\/uploads\/2024\/02\/kusadasi-2-1-300x78.jpg 300w, https:\/\/profaj.co\/countryvillage\/wp-content\/uploads\/2024\/02\/kusadasi-2-1-1024x267.jpg 1024w, https:\/\/profaj.co\/countryvillage\/wp-content\/uploads\/2024\/02\/kusadasi-2-1-768x200.jpg 768w, https:\/\/profaj.co\/countryvillage\/wp-content\/uploads\/2024\/02\/kusadasi-2-1-1536x400.jpg 1536w\" sizes=\"(max-width: 1920px) 100vw, 1920px\" \/>\t\t\t\t\t\t\t\t\t\t\t\t\t\t\t<\/div>\n\t\t\t\t<\/div>\n\t\t\t\t<div class=\"elementor-element elementor-element-9c6e315 elementor-invisible elementor-widget elementor-widget-heading\" data-id=\"9c6e315\" data-element_type=\"widget\" data-e-type=\"widget\" data-settings=\"{&quot;_animation&quot;:&quot;fadeInUp&quot;}\" data-widget_type=\"heading.default\">\n\t\t\t\t<div class=\"elementor-widget-container\">\n\t\t\t\t\t<h2 class=\"elementor-heading-title elementor-size-default\">Al\u0131\u015fveri\u015f ve E\u011flence:\n<\/h2>\t\t\t\t<\/div>\n\t\t\t\t<\/div>\n\t\t\t\t<div class=\"elementor-element elementor-element-a3455f8 elementor-widget elementor-widget-text-editor\" data-id=\"a3455f8\" data-element_type=\"widget\" data-e-type=\"widget\" data-widget_type=\"text-editor.default\">\n\t\t\t\t<div class=\"elementor-widget-container\">\n\t\t\t\t\t\t\t\t\tKu\u015fadas\u0131, \u00e7e\u015fitli al\u0131\u015fveri\u015f se\u00e7enekleriyle doludur. \u00c7ar\u015f\u0131lar, pazarlar ve al\u0131\u015fveri\u015f merkezleri, y\u00f6resel \u00fcr\u00fcnlerden hediyelik e\u015fyalara kadar geni\u015f bir yelpazede al\u0131\u015fveri\u015f imkan\u0131 sunar. Ayr\u0131ca, gece hayat\u0131 da olduk\u00e7a canl\u0131d\u0131r. Barlar soka\u011f\u0131 ve plaj kul\u00fcpleri, e\u011flenceli geceler ge\u00e7irmek isteyenlere birbirinden renkli se\u00e7enekler sunar.\t\t\t\t\t\t\t\t<\/div>\n\t\t\t\t<\/div>\n\t\t\t\t<div class=\"elementor-element elementor-element-8ae7790 elementor-invisible elementor-widget elementor-widget-heading\" data-id=\"8ae7790\" data-element_type=\"widget\" data-e-type=\"widget\" data-settings=\"{&quot;_animation&quot;:&quot;fadeInUp&quot;}\" data-widget_type=\"heading.default\">\n\t\t\t\t<div class=\"elementor-widget-container\">\n\t\t\t\t\t<h2 class=\"elementor-heading-title elementor-size-default\">Sa\u011fl\u0131k ve Dinlenme:\n<\/h2>\t\t\t\t<\/div>\n\t\t\t\t<\/div>\n\t\t\t\t<div class=\"elementor-element elementor-element-855e1a4 elementor-widget elementor-widget-text-editor\" data-id=\"855e1a4\" data-element_type=\"widget\" data-e-type=\"widget\" data-widget_type=\"text-editor.default\">\n\t\t\t\t<div class=\"elementor-widget-container\">\n\t\t\t\t\t\t\t\t\t<p>Ku\u015fadas\u0131, sa\u011fl\u0131k ve dinlenme i\u00e7in de ideal bir destinasyondur. Termal tesisler, spa merkezleri ve sa\u011fl\u0131k hizmetleri, ziyaret\u00e7ilerin beden ve ruh sa\u011fl\u0131\u011f\u0131na \u00f6nem vermesini sa\u011flar. Yoga ve meditasyon gibi aktivitelerle ruhunuzu ve bedeninizi yenileyebilirsiniz.<\/p><p>Ku\u015fadas\u0131&#8217;n\u0131n bu zenginliklerini ke\u015ffetmek i\u00e7in sizleri bekliyoruz. E\u015fsiz do\u011fas\u0131, tarihi mekanlar\u0131 ve s\u0131cakkanl\u0131 insanlar\u0131yla Ku\u015fadas\u0131, hayallerinizdeki tatilin kap\u0131lar\u0131n\u0131 aral\u0131yor.<\/p>\t\t\t\t\t\t\t\t<\/div>\n\t\t\t\t<\/div>\n\t\t\t\t<div class=\"elementor-element elementor-element-14f3640 elementor-widget elementor-widget-gallery\" data-id=\"14f3640\" data-element_type=\"widget\" data-e-type=\"widget\" data-settings=\"{&quot;columns&quot;:3,&quot;lazyload&quot;:&quot;yes&quot;,&quot;gallery_layout&quot;:&quot;grid&quot;,&quot;columns_tablet&quot;:2,&quot;columns_mobile&quot;:1,&quot;gap&quot;:{&quot;unit&quot;:&quot;px&quot;,&quot;size&quot;:10,&quot;sizes&quot;:[]},&quot;gap_tablet&quot;:{&quot;unit&quot;:&quot;px&quot;,&quot;size&quot;:10,&quot;sizes&quot;:[]},&quot;gap_mobile&quot;:{&quot;unit&quot;:&quot;px&quot;,&quot;size&quot;:10,&quot;sizes&quot;:[]},&quot;link_to&quot;:&quot;file&quot;,&quot;aspect_ratio&quot;:&quot;3:2&quot;,&quot;overlay_background&quot;:&quot;yes&quot;,&quot;content_hover_animation&quot;:&quot;fade-in&quot;}\" data-widget_type=\"gallery.default\">\n\t\t\t\t<div class=\"elementor-widget-container\">\n\t\t\t\t\t\t\t<div class=\"elementor-gallery__container\">\n\t\t\t\t\t\t\t<a class=\"e-gallery-item elementor-gallery-item elementor-animated-content\" href=\"https:\/\/profaj.co\/countryvillage\/wp-content\/uploads\/2024\/01\/kusadasi-3.jpg\" data-elementor-open-lightbox=\"yes\" data-elementor-lightbox-slideshow=\"14f3640\" data-elementor-lightbox-title=\"kusadasi-3\" data-e-action-hash=\"#elementor-action%3Aaction%3Dlightbox%26settings%3DeyJpZCI6Mjk3LCJ1cmwiOiJodHRwczpcL1wvcHJvZmFqLmNvXC9jb3VudHJ5dmlsbGFnZVwvd3AtY29udGVudFwvdXBsb2Fkc1wvMjAyNFwvMDFcL2t1c2FkYXNpLTMuanBnIiwic2xpZGVzaG93IjoiMTRmMzY0MCJ9\">\n\t\t\t\t\t<div class=\"e-gallery-image elementor-gallery-item__image\" data-thumbnail=\"https:\/\/profaj.co\/countryvillage\/wp-content\/uploads\/2024\/01\/kusadasi-3.jpg\" data-width=\"750\" data-height=\"750\" aria-label=\"\" role=\"img\" ><\/div>\n\t\t\t\t\t\t\t\t\t\t\t<div class=\"elementor-gallery-item__overlay\"><\/div>\n\t\t\t\t\t\t\t\t\t\t\t\t\t\t<\/a>\n\t\t\t\t\t\t\t<a class=\"e-gallery-item elementor-gallery-item elementor-animated-content\" href=\"https:\/\/profaj.co\/countryvillage\/wp-content\/uploads\/2024\/01\/kusadasi-2.jpg\" data-elementor-open-lightbox=\"yes\" data-elementor-lightbox-slideshow=\"14f3640\" data-elementor-lightbox-title=\"kusadasi-2\" data-e-action-hash=\"#elementor-action%3Aaction%3Dlightbox%26settings%3DeyJpZCI6Mjk4LCJ1cmwiOiJodHRwczpcL1wvcHJvZmFqLmNvXC9jb3VudHJ5dmlsbGFnZVwvd3AtY29udGVudFwvdXBsb2Fkc1wvMjAyNFwvMDFcL2t1c2FkYXNpLTIuanBnIiwic2xpZGVzaG93IjoiMTRmMzY0MCJ9\">\n\t\t\t\t\t<div class=\"e-gallery-image elementor-gallery-item__image\" data-thumbnail=\"https:\/\/profaj.co\/countryvillage\/wp-content\/uploads\/2024\/01\/kusadasi-2.jpg\" data-width=\"750\" data-height=\"750\" aria-label=\"\" role=\"img\" ><\/div>\n\t\t\t\t\t\t\t\t\t\t\t<div class=\"elementor-gallery-item__overlay\"><\/div>\n\t\t\t\t\t\t\t\t\t\t\t\t\t\t<\/a>\n\t\t\t\t\t\t\t<a class=\"e-gallery-item elementor-gallery-item elementor-animated-content\" href=\"https:\/\/profaj.co\/countryvillage\/wp-content\/uploads\/2024\/01\/kusadasi-1.jpg\" data-elementor-open-lightbox=\"yes\" data-elementor-lightbox-slideshow=\"14f3640\" data-elementor-lightbox-title=\"kusadasi-1\" data-e-action-hash=\"#elementor-action%3Aaction%3Dlightbox%26settings%3DeyJpZCI6Mjk5LCJ1cmwiOiJodHRwczpcL1wvcHJvZmFqLmNvXC9jb3VudHJ5dmlsbGFnZVwvd3AtY29udGVudFwvdXBsb2Fkc1wvMjAyNFwvMDFcL2t1c2FkYXNpLTEuanBnIiwic2xpZGVzaG93IjoiMTRmMzY0MCJ9\">\n\t\t\t\t\t<div class=\"e-gallery-image elementor-gallery-item__image\" data-thumbnail=\"https:\/\/profaj.co\/countryvillage\/wp-content\/uploads\/2024\/01\/kusadasi-1.jpg\" data-width=\"750\" data-height=\"750\" aria-label=\"\" role=\"img\" ><\/div>\n\t\t\t\t\t\t\t\t\t\t\t<div class=\"elementor-gallery-item__overlay\"><\/div>\n\t\t\t\t\t\t\t\t\t\t\t\t\t\t<\/a>\n\t\t\t\t\t<\/div>\n\t\t\t\t\t<\/div>\n\t\t\t\t<\/div>\n\t\t\t\t\t<\/div>\n\t\t<\/div>\n\t\t\t\t\t<\/div>\n\t\t<\/section>\n\t\t\t\t<\/div>\n\t\t","protected":false},"excerpt":{"rendered":"<p>Merhaba Ku\u015fadas\u0131&#8217;na Ho\u015f Geldiniz! Ku\u015fadas\u0131, T\u00fcrkiye&#8217;nin bat\u0131 k\u0131y\u0131s\u0131nda, Ege Denizi&#8217;nin incisi olarak bilinen \u015firin bir sahil kasabas\u0131d\u0131r. Tarihi, do\u011fas\u0131 ve k\u00fclt\u00fcrel zenginlikleriyle \u00fcnl\u00fc olan Ku\u015fadas\u0131, her y\u0131l milyonlarca ziyaret\u00e7iyi a\u011f\u0131rlar ve onlara unutulmaz bir tatil deneyimi sunar. Gezilecek Yerler: Ku\u015fadas\u0131, zengin bir tarihi mirasa sahiptir ve bir\u00e7ok antik kenti b\u00fcnyesinde bar\u0131nd\u0131r\u0131r. En \u00fcnl\u00fcs\u00fc, UNESCO D\u00fcnya [&hellip;]<\/p>\n","protected":false},"author":1,"featured_media":0,"parent":0,"menu_order":0,"comment_status":"closed","ping_status":"closed","template":"elementor_header_footer","meta":{"footnotes":""},"class_list":["post-878","page","type-page","status-publish","hentry"],"acf":[],"_links":{"self":[{"href":"https:\/\/profaj.co\/countryvillage\/wp-json\/wp\/v2\/pages\/878","targetHints":{"allow":["GET"]}}],"collection":[{"href":"https:\/\/profaj.co\/countryvillage\/wp-json\/wp\/v2\/pages"}],"about":[{"href":"https:\/\/profaj.co\/countryvillage\/wp-json\/wp\/v2\/types\/page"}],"author":[{"embeddable":true,"href":"https:\/\/profaj.co\/countryvillage\/wp-json\/wp\/v2\/users\/1"}],"replies":[{"embeddable":true,"href":"https:\/\/profaj.co\/countryvillage\/wp-json\/wp\/v2\/comments?post=878"}],"version-history":[{"count":22,"href":"https:\/\/profaj.co\/countryvillage\/wp-json\/wp\/v2\/pages\/878\/revisions"}],"predecessor-version":[{"id":945,"href":"https:\/\/profaj.co\/countryvillage\/wp-json\/wp\/v2\/pages\/878\/revisions\/945"}],"wp:attachment":[{"href":"https:\/\/profaj.co\/countryvillage\/wp-json\/wp\/v2\/media?parent=878"}],"curies":[{"name":"wp","href":"https:\/\/api.w.org\/{rel}","templated":true}]}}