{"id":645,"date":"2024-09-09T06:41:42","date_gmt":"2024-09-09T06:41:42","guid":{"rendered":"https:\/\/profaj.co\/denemesakiz\/?page_id=645"},"modified":"2024-09-09T06:42:38","modified_gmt":"2024-09-09T06:42:38","slug":"kvkk","status":"publish","type":"page","link":"https:\/\/profaj.co\/denemesakiz\/kvkk\/","title":{"rendered":"KVKK"},"content":{"rendered":"\t\t<div data-elementor-type=\"wp-page\" data-elementor-id=\"645\" class=\"elementor elementor-645\" data-elementor-post-type=\"page\">\n\t\t\t\t\t\t<section data-particle_enable=\"false\" data-particle-mobile-disabled=\"false\" class=\"elementor-section elementor-top-section elementor-element elementor-element-15f2407 elementor-section-boxed elementor-section-height-default elementor-section-height-default\" data-id=\"15f2407\" data-element_type=\"section\" data-settings=\"{&quot;background_background&quot;:&quot;classic&quot;,&quot;mdp_selection_sticky_effect_enable&quot;:false}\">\n\t\t\t\t\t\t\t<div class=\"elementor-background-overlay\"><\/div>\n\t\t\t\t\t\t\t<div class=\"elementor-container elementor-column-gap-no\">\n\t\t\t\t\t<div class=\"elementor-column elementor-col-100 elementor-top-column elementor-element elementor-element-3bb8bcbd\" data-id=\"3bb8bcbd\" data-element_type=\"column\" data-settings=\"{&quot;mdp_selection_sticky_column_effect_enable&quot;:false}\">\n\t\t\t<div class=\"elementor-widget-wrap elementor-element-populated\">\n\t\t\t\t\t\t<div class=\"elementor-element elementor-element-49c4e744 elementor-widget-divider--view-line elementor-widget elementor-widget-divider\" data-id=\"49c4e744\" data-element_type=\"widget\" data-widget_type=\"divider.default\">\n\t\t\t\t<div class=\"elementor-widget-container\">\n\t\t\t\t\t\t\t<div class=\"elementor-divider\">\n\t\t\t<span class=\"elementor-divider-separator\">\n\t\t\t\t\t\t<\/span>\n\t\t<\/div>\n\t\t\t\t\t\t<\/div>\n\t\t\t\t<\/div>\n\t\t\t\t<div class=\"elementor-element elementor-element-b493abc elementor-widget elementor-widget-woocommerce-breadcrumb\" data-id=\"b493abc\" data-element_type=\"widget\" data-widget_type=\"woocommerce-breadcrumb.default\">\n\t\t\t\t<div class=\"elementor-widget-container\">\n\t\t\t\t\t<nav class=\"woocommerce-breadcrumb\" aria-label=\"Breadcrumb\">Ana Sayfa<\/nav>\t\t\t\t<\/div>\n\t\t\t\t<\/div>\n\t\t\t\t\t<\/div>\n\t\t<\/div>\n\t\t\t\t\t<\/div>\n\t\t<\/section>\n\t\t<div data-particle_enable=\"false\" data-particle-mobile-disabled=\"false\" class=\"elementor-element elementor-element-c4651d6 e-flex e-con-boxed e-con e-parent\" data-id=\"c4651d6\" data-element_type=\"container\">\n\t\t\t\t\t<div class=\"e-con-inner\">\n\t\t\t\t<div class=\"elementor-element elementor-element-f1a639d elementor-widget elementor-widget-text-editor\" data-id=\"f1a639d\" data-element_type=\"widget\" data-widget_type=\"text-editor.default\">\n\t\t\t\t<div class=\"elementor-widget-container\">\n\t\t\t\t\t\t\t\t\t<p><strong>SAKIZ A\u011eACIM \u00c7E\u015eME KVKK AYDINLATMA METN\u0130<\/strong><\/p><p><strong>1. Veri Sorumlusu<\/strong> Sak\u0131z A\u011fac\u0131m \u00c7e\u015fme (\u201c\u015eirket\u201d), 6698 say\u0131l\u0131 Ki\u015fisel Verilerin Korunmas\u0131 Kanunu (\u201cKVKK\u201d) kapsam\u0131nda veri sorumlusu s\u0131fat\u0131na sahip olup, ki\u015fisel verilerinizi a\u015fa\u011f\u0131da a\u00e7\u0131klanan \u00e7er\u00e7evede i\u015flemektedir.<\/p><p><strong>2. Ki\u015fisel Verilerin \u0130\u015flenme Amac\u0131<\/strong> Ki\u015fisel verileriniz;<\/p><ul><li>\u00dcr\u00fcn ve hizmetlerin sunulmas\u0131,<\/li><li>M\u00fc\u015fteri taleplerinin kar\u015f\u0131lanmas\u0131,<\/li><li>Ticari faaliyetlerin y\u00fcr\u00fct\u00fclmesi ve s\u00f6zle\u015fmelerin ifas\u0131,<\/li><li>Hukuki y\u00fck\u00fcml\u00fcl\u00fcklerin yerine getirilmesi amac\u0131yla i\u015flenmektedir.<\/li><\/ul><p><strong>3. \u0130\u015flenen Ki\u015fisel Veriler<\/strong> Ki\u015fisel verileriniz; ad, soyad, telefon numaras\u0131, e-posta adresi, adres gibi bilgiler ile hizmet s\u00fcre\u00e7lerinde edinilen di\u011fer bilgiler i\u015flenebilir.<\/p><p><strong>4. Ki\u015fisel Verilerin Aktar\u0131lmas\u0131<\/strong> Ki\u015fisel verileriniz, hukuki y\u00fck\u00fcml\u00fcl\u00fcklerin yerine getirilmesi veya sunulan hizmetin ifas\u0131 amac\u0131yla kanunen yetkili kamu kurumlar\u0131 ve \u00f6zel ki\u015filerle payla\u015f\u0131labilir.<\/p><p><strong>5. Ki\u015fisel Verilerin Toplanma Y\u00f6ntemi ve Hukuki Sebebi<\/strong> Ki\u015fisel verileriniz, taraf\u0131m\u0131za sunmu\u015f oldu\u011funuz bilgi formlar\u0131, telefon g\u00f6r\u00fc\u015fmeleri ve elektronik posta yolu ile elde edilmekte olup, KVKK\u2019n\u0131n 5. ve 6. maddelerinde belirtilen hukuki sebepler \u00e7er\u00e7evesinde i\u015flenmektedir.<\/p><p><strong>6. Ki\u015fisel Veri Sahibinin Haklar\u0131<\/strong> KVKK\u2019n\u0131n 11. maddesi kapsam\u0131nda ki\u015fisel veri sahipleri olarak:<\/p><ul><li>Ki\u015fisel verilerinizin i\u015flenip i\u015flenmedi\u011fini \u00f6\u011frenme,<\/li><li>\u0130\u015flenmi\u015fse buna ili\u015fkin bilgi talep etme,<\/li><li>\u0130\u015fleme amac\u0131n\u0131 \u00f6\u011frenme ve bu amaca uygun kullan\u0131l\u0131p kullan\u0131lmad\u0131\u011f\u0131n\u0131 \u00f6\u011frenme,<\/li><li>Yurt i\u00e7inde veya yurt d\u0131\u015f\u0131nda ki\u015fisel verilerin aktar\u0131ld\u0131\u011f\u0131 \u00fc\u00e7\u00fcnc\u00fc ki\u015fileri bilme,<\/li><li>Eksik veya yanl\u0131\u015f i\u015flenmi\u015f olmas\u0131 h\u00e2linde bunlar\u0131n d\u00fczeltilmesini isteme,<\/li><li>KVKK\u2019n\u0131n 7. maddesinde \u00f6ng\u00f6r\u00fclen \u015fartlar \u00e7er\u00e7evesinde ki\u015fisel verilerin silinmesini veya yok edilmesini isteme,<\/li><li>D\u00fczeltme, silme, yok etme taleplerinin, ki\u015fisel verilerin aktar\u0131ld\u0131\u011f\u0131 \u00fc\u00e7\u00fcnc\u00fc ki\u015filere bildirilmesini isteme,<\/li><li>\u0130\u015flenen verilerin m\u00fcnhas\u0131ran otomatik sistemler vas\u0131tas\u0131yla analiz edilmesi suretiyle aleyhinize bir sonucun ortaya \u00e7\u0131kmas\u0131na itiraz etme,<\/li><li>Ki\u015fisel verilerinizin kanuna ayk\u0131r\u0131 olarak i\u015flenmesi sebebiyle zarara u\u011framan\u0131z h\u00e2linde zarar\u0131n giderilmesini talep etme haklar\u0131na sahipsiniz.<\/li><\/ul><p><strong>7. \u0130leti\u015fim<\/strong> Ki\u015fisel verilerinizle ilgili taleplerinizi, <strong><a rel=\"noopener\">info@sakizagacim.com<\/a><\/strong> e-posta adresi veya <strong>Sak\u0131zlar Mevkii, \u00c7e\u015fme<\/strong> adresi \u00fczerinden bizimle payla\u015fabilirsiniz. Detayl\u0131 bilgi almak i\u00e7in l\u00fctfen bizimle ileti\u015fime ge\u00e7in.<\/p>\t\t\t\t\t\t\t\t<\/div>\n\t\t\t\t<\/div>\n\t\t\t\t\t<\/div>\n\t\t\t\t<\/div>\n\t\t\t\t<\/div>\n\t\t","protected":false},"excerpt":{"rendered":"<p>SAKIZ A\u011eACIM \u00c7E\u015eME KVKK AYDINLATMA METN\u0130 1. Veri Sorumlusu Sak\u0131z A\u011fac\u0131m \u00c7e\u015fme (\u201c\u015eirket\u201d), 6698 say\u0131l\u0131 Ki\u015fisel Verilerin Korunmas\u0131 Kanunu (\u201cKVKK\u201d) kapsam\u0131nda veri sorumlusu s\u0131fat\u0131na sahip olup, ki\u015fisel verilerinizi a\u015fa\u011f\u0131da a\u00e7\u0131klanan \u00e7er\u00e7evede i\u015flemektedir. 2. Ki\u015fisel Verilerin \u0130\u015flenme Amac\u0131 Ki\u015fisel verileriniz; \u00dcr\u00fcn ve hizmetlerin sunulmas\u0131, M\u00fc\u015fteri taleplerinin kar\u015f\u0131lanmas\u0131, Ticari faaliyetlerin y\u00fcr\u00fct\u00fclmesi ve s\u00f6zle\u015fmelerin ifas\u0131, Hukuki y\u00fck\u00fcml\u00fcl\u00fcklerin yerine [&hellip;]<\/p>\n","protected":false},"author":1,"featured_media":0,"parent":0,"menu_order":0,"comment_status":"closed","ping_status":"closed","template":"","meta":{"footnotes":""},"class_list":["post-645","page","type-page","status-publish","hentry"],"_links":{"self":[{"href":"https:\/\/profaj.co\/denemesakiz\/wp-json\/wp\/v2\/pages\/645","targetHints":{"allow":["GET"]}}],"collection":[{"href":"https:\/\/profaj.co\/denemesakiz\/wp-json\/wp\/v2\/pages"}],"about":[{"href":"https:\/\/profaj.co\/denemesakiz\/wp-json\/wp\/v2\/types\/page"}],"author":[{"embeddable":true,"href":"https:\/\/profaj.co\/denemesakiz\/wp-json\/wp\/v2\/users\/1"}],"replies":[{"embeddable":true,"href":"https:\/\/profaj.co\/denemesakiz\/wp-json\/wp\/v2\/comments?post=645"}],"version-history":[{"count":4,"href":"https:\/\/profaj.co\/denemesakiz\/wp-json\/wp\/v2\/pages\/645\/revisions"}],"predecessor-version":[{"id":649,"href":"https:\/\/profaj.co\/denemesakiz\/wp-json\/wp\/v2\/pages\/645\/revisions\/649"}],"wp:attachment":[{"href":"https:\/\/profaj.co\/denemesakiz\/wp-json\/wp\/v2\/media?parent=645"}],"curies":[{"name":"wp","href":"https:\/\/api.w.org\/{rel}","templated":true}]}}