{"id":956,"date":"2024-10-14T11:58:09","date_gmt":"2024-10-14T11:58:09","guid":{"rendered":"https:\/\/profaj.co\/denemesakiz\/?page_id=956"},"modified":"2024-11-07T06:54:16","modified_gmt":"2024-11-07T06:54:16","slug":"basinda-biz","status":"publish","type":"page","link":"https:\/\/profaj.co\/denemesakiz\/basinda-biz\/","title":{"rendered":"Bas\u0131nda Biz"},"content":{"rendered":"\t\t<div data-elementor-type=\"wp-page\" data-elementor-id=\"956\" class=\"elementor elementor-956\" data-elementor-post-type=\"page\">\n\t\t\t\t\t\t<section data-particle_enable=\"false\" data-particle-mobile-disabled=\"false\" class=\"elementor-section elementor-top-section elementor-element elementor-element-15f2407 elementor-section-boxed elementor-section-height-default elementor-section-height-default\" data-id=\"15f2407\" data-element_type=\"section\" data-settings=\"{&quot;background_background&quot;:&quot;classic&quot;,&quot;mdp_selection_sticky_effect_enable&quot;:false}\">\n\t\t\t\t\t\t\t<div class=\"elementor-background-overlay\"><\/div>\n\t\t\t\t\t\t\t<div class=\"elementor-container elementor-column-gap-no\">\n\t\t\t\t\t<div class=\"elementor-column elementor-col-100 elementor-top-column elementor-element elementor-element-3bb8bcbd\" data-id=\"3bb8bcbd\" data-element_type=\"column\" data-settings=\"{&quot;mdp_selection_sticky_column_effect_enable&quot;:false}\">\n\t\t\t<div class=\"elementor-widget-wrap elementor-element-populated\">\n\t\t\t\t\t\t<div class=\"elementor-element elementor-element-49c4e744 elementor-widget-divider--view-line elementor-widget elementor-widget-divider\" data-id=\"49c4e744\" data-element_type=\"widget\" data-widget_type=\"divider.default\">\n\t\t\t\t<div class=\"elementor-widget-container\">\n\t\t\t\t\t\t\t<div class=\"elementor-divider\">\n\t\t\t<span class=\"elementor-divider-separator\">\n\t\t\t\t\t\t<\/span>\n\t\t<\/div>\n\t\t\t\t\t\t<\/div>\n\t\t\t\t<\/div>\n\t\t\t\t<div class=\"elementor-element elementor-element-b493abc elementor-widget elementor-widget-woocommerce-breadcrumb\" data-id=\"b493abc\" data-element_type=\"widget\" data-widget_type=\"woocommerce-breadcrumb.default\">\n\t\t\t\t<div class=\"elementor-widget-container\">\n\t\t\t\t\t<nav class=\"woocommerce-breadcrumb\" aria-label=\"Breadcrumb\">Ana Sayfa<\/nav>\t\t\t\t<\/div>\n\t\t\t\t<\/div>\n\t\t\t\t\t<\/div>\n\t\t<\/div>\n\t\t\t\t\t<\/div>\n\t\t<\/section>\n\t\t\t\t<section data-particle_enable=\"false\" data-particle-mobile-disabled=\"false\" class=\"elementor-section elementor-top-section elementor-element elementor-element-e826af1 elementor-section-boxed elementor-section-height-default elementor-section-height-default\" data-id=\"e826af1\" data-element_type=\"section\" data-settings=\"{&quot;mdp_selection_sticky_effect_enable&quot;:false}\">\n\t\t\t\t\t\t<div class=\"elementor-container elementor-column-gap-no\">\n\t\t\t\t\t<div class=\"elementor-column elementor-col-66 elementor-top-column elementor-element elementor-element-b4d1b40\" data-id=\"b4d1b40\" data-element_type=\"column\" data-settings=\"{&quot;mdp_selection_sticky_column_effect_enable&quot;:false}\">\n\t\t\t<div class=\"elementor-widget-wrap elementor-element-populated\">\n\t\t\t\t\t\t<div class=\"elementor-element elementor-element-4bc05a9 elementor-grid-2 elementor-grid-tablet-2 elementor-grid-mobile-1 elementor-posts--thumbnail-top elementor-widget elementor-widget-posts\" data-id=\"4bc05a9\" data-element_type=\"widget\" data-settings=\"{&quot;classic_columns&quot;:&quot;2&quot;,&quot;classic_columns_tablet&quot;:&quot;2&quot;,&quot;classic_columns_mobile&quot;:&quot;1&quot;,&quot;classic_row_gap&quot;:{&quot;unit&quot;:&quot;px&quot;,&quot;size&quot;:35,&quot;sizes&quot;:[]},&quot;classic_row_gap_tablet&quot;:{&quot;unit&quot;:&quot;px&quot;,&quot;size&quot;:&quot;&quot;,&quot;sizes&quot;:[]},&quot;classic_row_gap_mobile&quot;:{&quot;unit&quot;:&quot;px&quot;,&quot;size&quot;:&quot;&quot;,&quot;sizes&quot;:[]}}\" data-widget_type=\"posts.classic\">\n\t\t\t\t<div class=\"elementor-widget-container\">\n\t\t\t\t\t\t\t<div class=\"elementor-posts-container elementor-posts elementor-posts--skin-classic elementor-grid\" role=\"list\">\n\t\t\t\t<article class=\"elementor-post elementor-grid-item post-1032 post type-post status-publish format-standard has-post-thumbnail hentry category-basinda-biz\" role=\"listitem\">\n\t\t\t\t<a class=\"elementor-post__thumbnail__link\" href=\"https:\/\/profaj.co\/denemesakiz\/cesmeden-sakiz-damliyor\/\" tabindex=\"-1\" >\n\t\t\t<div class=\"elementor-post__thumbnail\"><img fetchpriority=\"high\" decoding=\"async\" width=\"300\" height=\"175\" src=\"https:\/\/profaj.co\/denemesakiz\/wp-content\/uploads\/2024\/10\/cesmeden-sakiz-damliyor-300x175.jpg\" class=\"attachment-medium size-medium wp-image-1033\" alt=\"\" srcset=\"https:\/\/profaj.co\/denemesakiz\/wp-content\/uploads\/2024\/10\/cesmeden-sakiz-damliyor-300x175.jpg 300w, https:\/\/profaj.co\/denemesakiz\/wp-content\/uploads\/2024\/10\/cesmeden-sakiz-damliyor-1024x597.jpg 1024w, https:\/\/profaj.co\/denemesakiz\/wp-content\/uploads\/2024\/10\/cesmeden-sakiz-damliyor-768x448.jpg 768w, https:\/\/profaj.co\/denemesakiz\/wp-content\/uploads\/2024\/10\/cesmeden-sakiz-damliyor-600x350.jpg 600w, https:\/\/profaj.co\/denemesakiz\/wp-content\/uploads\/2024\/10\/cesmeden-sakiz-damliyor.jpg 1200w\" sizes=\"(max-width: 300px) 100vw, 300px\" \/><\/div>\n\t\t<\/a>\n\t\t\t\t<div class=\"elementor-post__text\">\n\t\t\t\t<h3 class=\"elementor-post__title\">\n\t\t\t<a href=\"https:\/\/profaj.co\/denemesakiz\/cesmeden-sakiz-damliyor\/\" >\n\t\t\t\t\u00c7e\u015fme&#8217;den Sak\u0131z Daml\u0131yor\t\t\t<\/a>\n\t\t<\/h3>\n\t\t\t\t<div class=\"elementor-post__excerpt\">\n\t\t\t<p>\u00c7e\u015fme Belediyesi ve S.S. \u00c7e\u015fmek\u00f6y Tar\u0131msal Kalk\u0131nma Kooperatifi i\u015f birli\u011fiyle y\u00fcr\u00fct\u00fclen \u201cSak\u0131z A\u011fac\u0131m \u00c7e\u015fme\u201d \u00c7e\u015fme Sak\u0131z A\u011fac\u0131 A\u011fa\u00e7land\u0131rma Projesi Tan\u0131t\u0131m Toplant\u0131s\u0131 ger\u00e7ekle\u015ftirildi. Toplant\u0131da, \u00c7e\u015fme Yar\u0131madas\u0131\u2019n\u0131n kadim de\u011feri olan sak\u0131z a\u011fac\u0131n\u0131 art\u0131rman\u0131n \u00f6nemi vurguland\u0131 ve 5 y\u0131l i\u00e7inde 100 bin sak\u0131z a\u011fac\u0131n\u0131n toprakla bulu\u015fturulmas\u0131n\u0131n hedeflendi\u011fi ifade edildi. \u00c7e\u015fme Belediyesi\u2019nin bu y\u0131l<\/p>\n\t\t<\/div>\n\t\t\n\t\t<a class=\"elementor-post__read-more\" href=\"https:\/\/profaj.co\/denemesakiz\/cesmeden-sakiz-damliyor\/\" aria-label=\"Read more about \u00c7e\u015fme&#8217;den Sak\u0131z Daml\u0131yor\" tabindex=\"-1\" >\n\t\t\tDevam\u0131n\u0131 Oku \u00bb\t\t<\/a>\n\n\t\t\t\t<\/div>\n\t\t\t\t<\/article>\n\t\t\t\t<article class=\"elementor-post elementor-grid-item post-1029 post type-post status-publish format-standard has-post-thumbnail hentry category-basinda-biz\" role=\"listitem\">\n\t\t\t\t<a class=\"elementor-post__thumbnail__link\" href=\"https:\/\/profaj.co\/denemesakiz\/kaymakamimiz-sayin-mehmet-marasli-sakiz-agacim-cesme-agaclandirma-projesi-tanitim-programina-katildi-2\/\" tabindex=\"-1\" >\n\t\t\t<div class=\"elementor-post__thumbnail\"><img decoding=\"async\" width=\"300\" height=\"175\" src=\"https:\/\/profaj.co\/denemesakiz\/wp-content\/uploads\/2024\/10\/sakiz-agacim-cesme-agaclandirma-projesi-300x175.jpg\" class=\"attachment-medium size-medium wp-image-1030\" alt=\"\" srcset=\"https:\/\/profaj.co\/denemesakiz\/wp-content\/uploads\/2024\/10\/sakiz-agacim-cesme-agaclandirma-projesi-300x175.jpg 300w, https:\/\/profaj.co\/denemesakiz\/wp-content\/uploads\/2024\/10\/sakiz-agacim-cesme-agaclandirma-projesi-1024x597.jpg 1024w, https:\/\/profaj.co\/denemesakiz\/wp-content\/uploads\/2024\/10\/sakiz-agacim-cesme-agaclandirma-projesi-768x448.jpg 768w, https:\/\/profaj.co\/denemesakiz\/wp-content\/uploads\/2024\/10\/sakiz-agacim-cesme-agaclandirma-projesi-600x350.jpg 600w, https:\/\/profaj.co\/denemesakiz\/wp-content\/uploads\/2024\/10\/sakiz-agacim-cesme-agaclandirma-projesi.jpg 1200w\" sizes=\"(max-width: 300px) 100vw, 300px\" \/><\/div>\n\t\t<\/a>\n\t\t\t\t<div class=\"elementor-post__text\">\n\t\t\t\t<h3 class=\"elementor-post__title\">\n\t\t\t<a href=\"https:\/\/profaj.co\/denemesakiz\/kaymakamimiz-sayin-mehmet-marasli-sakiz-agacim-cesme-agaclandirma-projesi-tanitim-programina-katildi-2\/\" >\n\t\t\t\tKaymakam\u0131m\u0131z Say\u0131n Mehmet MARA\u015eLI, &#8221;Sak\u0131z A\u011fac\u0131m \u00c7e\u015fme&#8221; A\u011fa\u00e7land\u0131rma Projesi tan\u0131t\u0131m program\u0131na kat\u0131ld\u0131.\t\t\t<\/a>\n\t\t<\/h3>\n\t\t\t\t<div class=\"elementor-post__excerpt\">\n\t\t\t<p>(\u0130ZM\u0130R)\u00a0&#8211; \u00c7e\u015fme Belediyesi ve S.S. \u00c7e\u015fmek\u00f6y Tar\u0131msal Kalk\u0131nma Kooperatifi i\u015f birli\u011fi ile y\u00fcr\u00fct\u00fclen \u201cSak\u0131z A\u011fac\u0131m \u00c7e\u015fme\u201d \u00c7e\u015fme Sak\u0131z A\u011fac\u0131 A\u011fa\u00e7land\u0131rma Projesi Tan\u0131t\u0131m Toplant\u0131s\u0131\u2019nda \u00c7e\u015fme Yard\u0131madas\u0131\u2019n\u0131n kadim de\u011feri olan sak\u0131z a\u011fac\u0131n\u0131 art\u0131rman\u0131n \u00f6nemine dikkat \u00e7ekilerek, 5 y\u0131l i\u00e7inde 100 bin sak\u0131z a\u011fac\u0131n\u0131n toprakla bulu\u015fturulaca\u011f\u0131 ifade edildi. \u00c7e\u015fme Belediyesi taraf\u0131ndan bu y\u0131l<\/p>\n\t\t<\/div>\n\t\t\n\t\t<a class=\"elementor-post__read-more\" href=\"https:\/\/profaj.co\/denemesakiz\/kaymakamimiz-sayin-mehmet-marasli-sakiz-agacim-cesme-agaclandirma-projesi-tanitim-programina-katildi-2\/\" aria-label=\"Read more about Kaymakam\u0131m\u0131z Say\u0131n Mehmet MARA\u015eLI, &#8221;Sak\u0131z A\u011fac\u0131m \u00c7e\u015fme&#8221; A\u011fa\u00e7land\u0131rma Projesi tan\u0131t\u0131m program\u0131na kat\u0131ld\u0131.\" tabindex=\"-1\" >\n\t\t\tDevam\u0131n\u0131 Oku \u00bb\t\t<\/a>\n\n\t\t\t\t<\/div>\n\t\t\t\t<\/article>\n\t\t\t\t<article class=\"elementor-post elementor-grid-item post-959 post type-post status-publish format-standard has-post-thumbnail hentry category-basinda-biz\" role=\"listitem\">\n\t\t\t\t<a class=\"elementor-post__thumbnail__link\" href=\"https:\/\/profaj.co\/denemesakiz\/kaymakamimiz-sayin-mehmet-marasli-sakiz-agacim-cesme-agaclandirma-projesi-tanitim-programina-katildi\/\" tabindex=\"-1\" >\n\t\t\t<div class=\"elementor-post__thumbnail\"><img decoding=\"async\" width=\"300\" height=\"175\" src=\"https:\/\/profaj.co\/denemesakiz\/wp-content\/uploads\/2024\/10\/gorsel-1-300x175.jpg\" class=\"attachment-medium size-medium wp-image-961\" alt=\"\" srcset=\"https:\/\/profaj.co\/denemesakiz\/wp-content\/uploads\/2024\/10\/gorsel-1-300x175.jpg 300w, https:\/\/profaj.co\/denemesakiz\/wp-content\/uploads\/2024\/10\/gorsel-1-1024x597.jpg 1024w, https:\/\/profaj.co\/denemesakiz\/wp-content\/uploads\/2024\/10\/gorsel-1-768x448.jpg 768w, https:\/\/profaj.co\/denemesakiz\/wp-content\/uploads\/2024\/10\/gorsel-1-600x350.jpg 600w, https:\/\/profaj.co\/denemesakiz\/wp-content\/uploads\/2024\/10\/gorsel-1.jpg 1200w\" sizes=\"(max-width: 300px) 100vw, 300px\" \/><\/div>\n\t\t<\/a>\n\t\t\t\t<div class=\"elementor-post__text\">\n\t\t\t\t<h3 class=\"elementor-post__title\">\n\t\t\t<a href=\"https:\/\/profaj.co\/denemesakiz\/kaymakamimiz-sayin-mehmet-marasli-sakiz-agacim-cesme-agaclandirma-projesi-tanitim-programina-katildi\/\" >\n\t\t\t\tKaymakam\u0131m\u0131z Say\u0131n Mehmet MARA\u015eLI, &#8221;Sak\u0131z A\u011fac\u0131m \u00c7e\u015fme&#8221; A\u011fa\u00e7land\u0131rma Projesi tan\u0131t\u0131m program\u0131na kat\u0131ld\u0131.\t\t\t<\/a>\n\t\t<\/h3>\n\t\t\t\t<div class=\"elementor-post__excerpt\">\n\t\t\t<p>Kaymakam\u0131m\u0131z Say\u0131n Mehmet MARA\u015eLI ve Han\u0131mefendi Say\u0131n Arzu G\u00dcLERY\u00dcZ MARA\u015eLI, &#8221;Sak\u0131z A\u011fac\u0131m \u00c7e\u015fme&#8221; A\u011fa\u00e7land\u0131rma Projesi tan\u0131t\u0131m program\u0131na kat\u0131ld\u0131. Proje payda\u015flar\u0131 ve yerel sak\u0131z \u00fcreticilerinin kat\u0131l\u0131m\u0131yla ger\u00e7ekle\u015ftirilen programda konu\u015fma yapan Say\u0131n Kaymakam\u0131m\u0131z, sak\u0131z a\u011fac\u0131n\u0131n sadece bir tar\u0131m \u00fcr\u00fcn\u00fc de\u011fil ayn\u0131 zamanda \u00c7e\u015fme\u2019nin k\u00fclt\u00fcrel miras\u0131n\u0131n bir par\u00e7as\u0131 oldu\u011funu, \u0130l\u00e7e Tar\u0131m M\u00fcd\u00fcrl\u00fc\u011f\u00fcm\u00fcz\u00fcn uzun<\/p>\n\t\t<\/div>\n\t\t\n\t\t<a class=\"elementor-post__read-more\" href=\"https:\/\/profaj.co\/denemesakiz\/kaymakamimiz-sayin-mehmet-marasli-sakiz-agacim-cesme-agaclandirma-projesi-tanitim-programina-katildi\/\" aria-label=\"Read more about Kaymakam\u0131m\u0131z Say\u0131n Mehmet MARA\u015eLI, &#8221;Sak\u0131z A\u011fac\u0131m \u00c7e\u015fme&#8221; A\u011fa\u00e7land\u0131rma Projesi tan\u0131t\u0131m program\u0131na kat\u0131ld\u0131.\" tabindex=\"-1\" >\n\t\t\tDevam\u0131n\u0131 Oku \u00bb\t\t<\/a>\n\n\t\t\t\t<\/div>\n\t\t\t\t<\/article>\n\t\t\t\t<\/div>\n\t\t\n\t\t\t\t\t\t<\/div>\n\t\t\t\t<\/div>\n\t\t\t\t\t<\/div>\n\t\t<\/div>\n\t\t\t\t<div class=\"elementor-column elementor-col-33 elementor-top-column elementor-element elementor-element-14b6eb5\" data-id=\"14b6eb5\" data-element_type=\"column\" data-settings=\"{&quot;mdp_selection_sticky_column_effect_enable&quot;:false}\">\n\t\t\t<div class=\"elementor-widget-wrap elementor-element-populated\">\n\t\t\t\t\t\t<section data-particle_enable=\"false\" data-particle-mobile-disabled=\"false\" class=\"elementor-section elementor-inner-section elementor-element elementor-element-523a309 elementor-hidden-mobile elementor-section-boxed elementor-section-height-default elementor-section-height-default\" data-id=\"523a309\" data-element_type=\"section\" data-settings=\"{&quot;sticky&quot;:&quot;top&quot;,&quot;sticky_on&quot;:[&quot;desktop&quot;],&quot;sticky_offset&quot;:40,&quot;sticky_parent&quot;:&quot;yes&quot;,&quot;mdp_selection_sticky_effect_enable&quot;:false,&quot;sticky_effects_offset&quot;:0,&quot;sticky_anchor_link_offset&quot;:0}\">\n\t\t\t\t\t\t<div class=\"elementor-container elementor-column-gap-no\">\n\t\t\t\t\t<div class=\"elementor-column elementor-col-100 elementor-inner-column elementor-element elementor-element-b24d0de\" data-id=\"b24d0de\" data-element_type=\"column\" data-settings=\"{&quot;mdp_selection_sticky_column_effect_enable&quot;:false}\">\n\t\t\t<div class=\"elementor-widget-wrap elementor-element-populated\">\n\t\t\t\t\t\t<div class=\"elementor-element elementor-element-7b0f0cc elementor-widget elementor-widget-heading\" data-id=\"7b0f0cc\" data-element_type=\"widget\" data-widget_type=\"heading.default\">\n\t\t\t\t<div class=\"elementor-widget-container\">\n\t\t\t\t\t<h5 class=\"elementor-heading-title elementor-size-default\">Di\u011fer Bas\u0131n Haberleri<\/h5>\t\t\t\t<\/div>\n\t\t\t\t<\/div>\n\t\t\t\t<div class=\"elementor-element elementor-element-398bd42 elementor-grid-1 elementor-posts--thumbnail-left elementor-grid-tablet-1 elementor-grid-mobile-1 elementor-widget elementor-widget-posts\" data-id=\"398bd42\" data-element_type=\"widget\" data-settings=\"{&quot;classic_columns&quot;:&quot;1&quot;,&quot;classic_row_gap&quot;:{&quot;unit&quot;:&quot;px&quot;,&quot;size&quot;:20,&quot;sizes&quot;:[]},&quot;classic_columns_tablet&quot;:&quot;1&quot;,&quot;classic_columns_mobile&quot;:&quot;1&quot;,&quot;classic_row_gap_tablet&quot;:{&quot;unit&quot;:&quot;px&quot;,&quot;size&quot;:&quot;&quot;,&quot;sizes&quot;:[]},&quot;classic_row_gap_mobile&quot;:{&quot;unit&quot;:&quot;px&quot;,&quot;size&quot;:&quot;&quot;,&quot;sizes&quot;:[]}}\" data-widget_type=\"posts.classic\">\n\t\t\t\t<div class=\"elementor-widget-container\">\n\t\t\t\t\t\t\t<div class=\"elementor-posts-container elementor-posts elementor-posts--skin-classic elementor-grid\" role=\"list\">\n\t\t\t\t<article class=\"elementor-post elementor-grid-item post-1032 post type-post status-publish format-standard has-post-thumbnail hentry category-basinda-biz\" role=\"listitem\">\n\t\t\t\t<a class=\"elementor-post__thumbnail__link\" href=\"https:\/\/profaj.co\/denemesakiz\/cesmeden-sakiz-damliyor\/\" tabindex=\"-1\" >\n\t\t\t<div class=\"elementor-post__thumbnail\"><img fetchpriority=\"high\" decoding=\"async\" width=\"300\" height=\"175\" src=\"https:\/\/profaj.co\/denemesakiz\/wp-content\/uploads\/2024\/10\/cesmeden-sakiz-damliyor-300x175.jpg\" class=\"attachment-medium size-medium wp-image-1033\" alt=\"\" srcset=\"https:\/\/profaj.co\/denemesakiz\/wp-content\/uploads\/2024\/10\/cesmeden-sakiz-damliyor-300x175.jpg 300w, https:\/\/profaj.co\/denemesakiz\/wp-content\/uploads\/2024\/10\/cesmeden-sakiz-damliyor-1024x597.jpg 1024w, https:\/\/profaj.co\/denemesakiz\/wp-content\/uploads\/2024\/10\/cesmeden-sakiz-damliyor-768x448.jpg 768w, https:\/\/profaj.co\/denemesakiz\/wp-content\/uploads\/2024\/10\/cesmeden-sakiz-damliyor-600x350.jpg 600w, https:\/\/profaj.co\/denemesakiz\/wp-content\/uploads\/2024\/10\/cesmeden-sakiz-damliyor.jpg 1200w\" sizes=\"(max-width: 300px) 100vw, 300px\" \/><\/div>\n\t\t<\/a>\n\t\t\t\t<div class=\"elementor-post__text\">\n\t\t\t\t<h3 class=\"elementor-post__title\">\n\t\t\t<a href=\"https:\/\/profaj.co\/denemesakiz\/cesmeden-sakiz-damliyor\/\" >\n\t\t\t\t\u00c7e\u015fme&#8217;den Sak\u0131z Daml\u0131yor\t\t\t<\/a>\n\t\t<\/h3>\n\t\t\t\t<div class=\"elementor-post__meta-data\">\n\t\t\t\t\t<span class=\"elementor-post-date\">\n\t\t\tEkim 14, 2024\t\t<\/span>\n\t\t\t\t<\/div>\n\t\t\t\t<\/div>\n\t\t\t\t<\/article>\n\t\t\t\t<article class=\"elementor-post elementor-grid-item post-1029 post type-post status-publish format-standard has-post-thumbnail hentry category-basinda-biz\" role=\"listitem\">\n\t\t\t\t<a class=\"elementor-post__thumbnail__link\" href=\"https:\/\/profaj.co\/denemesakiz\/kaymakamimiz-sayin-mehmet-marasli-sakiz-agacim-cesme-agaclandirma-projesi-tanitim-programina-katildi-2\/\" tabindex=\"-1\" >\n\t\t\t<div class=\"elementor-post__thumbnail\"><img decoding=\"async\" width=\"300\" height=\"175\" src=\"https:\/\/profaj.co\/denemesakiz\/wp-content\/uploads\/2024\/10\/sakiz-agacim-cesme-agaclandirma-projesi-300x175.jpg\" class=\"attachment-medium size-medium wp-image-1030\" alt=\"\" srcset=\"https:\/\/profaj.co\/denemesakiz\/wp-content\/uploads\/2024\/10\/sakiz-agacim-cesme-agaclandirma-projesi-300x175.jpg 300w, https:\/\/profaj.co\/denemesakiz\/wp-content\/uploads\/2024\/10\/sakiz-agacim-cesme-agaclandirma-projesi-1024x597.jpg 1024w, https:\/\/profaj.co\/denemesakiz\/wp-content\/uploads\/2024\/10\/sakiz-agacim-cesme-agaclandirma-projesi-768x448.jpg 768w, https:\/\/profaj.co\/denemesakiz\/wp-content\/uploads\/2024\/10\/sakiz-agacim-cesme-agaclandirma-projesi-600x350.jpg 600w, https:\/\/profaj.co\/denemesakiz\/wp-content\/uploads\/2024\/10\/sakiz-agacim-cesme-agaclandirma-projesi.jpg 1200w\" sizes=\"(max-width: 300px) 100vw, 300px\" \/><\/div>\n\t\t<\/a>\n\t\t\t\t<div class=\"elementor-post__text\">\n\t\t\t\t<h3 class=\"elementor-post__title\">\n\t\t\t<a href=\"https:\/\/profaj.co\/denemesakiz\/kaymakamimiz-sayin-mehmet-marasli-sakiz-agacim-cesme-agaclandirma-projesi-tanitim-programina-katildi-2\/\" >\n\t\t\t\tKaymakam\u0131m\u0131z Say\u0131n Mehmet MARA\u015eLI, &#8221;Sak\u0131z A\u011fac\u0131m \u00c7e\u015fme&#8221; A\u011fa\u00e7land\u0131rma Projesi tan\u0131t\u0131m program\u0131na kat\u0131ld\u0131.\t\t\t<\/a>\n\t\t<\/h3>\n\t\t\t\t<div class=\"elementor-post__meta-data\">\n\t\t\t\t\t<span class=\"elementor-post-date\">\n\t\t\tEkim 14, 2024\t\t<\/span>\n\t\t\t\t<\/div>\n\t\t\t\t<\/div>\n\t\t\t\t<\/article>\n\t\t\t\t<article class=\"elementor-post elementor-grid-item post-959 post type-post status-publish format-standard has-post-thumbnail hentry category-basinda-biz\" role=\"listitem\">\n\t\t\t\t<a class=\"elementor-post__thumbnail__link\" href=\"https:\/\/profaj.co\/denemesakiz\/kaymakamimiz-sayin-mehmet-marasli-sakiz-agacim-cesme-agaclandirma-projesi-tanitim-programina-katildi\/\" tabindex=\"-1\" >\n\t\t\t<div class=\"elementor-post__thumbnail\"><img decoding=\"async\" width=\"300\" height=\"175\" src=\"https:\/\/profaj.co\/denemesakiz\/wp-content\/uploads\/2024\/10\/gorsel-1-300x175.jpg\" class=\"attachment-medium size-medium wp-image-961\" alt=\"\" srcset=\"https:\/\/profaj.co\/denemesakiz\/wp-content\/uploads\/2024\/10\/gorsel-1-300x175.jpg 300w, https:\/\/profaj.co\/denemesakiz\/wp-content\/uploads\/2024\/10\/gorsel-1-1024x597.jpg 1024w, https:\/\/profaj.co\/denemesakiz\/wp-content\/uploads\/2024\/10\/gorsel-1-768x448.jpg 768w, https:\/\/profaj.co\/denemesakiz\/wp-content\/uploads\/2024\/10\/gorsel-1-600x350.jpg 600w, https:\/\/profaj.co\/denemesakiz\/wp-content\/uploads\/2024\/10\/gorsel-1.jpg 1200w\" sizes=\"(max-width: 300px) 100vw, 300px\" \/><\/div>\n\t\t<\/a>\n\t\t\t\t<div class=\"elementor-post__text\">\n\t\t\t\t<h3 class=\"elementor-post__title\">\n\t\t\t<a href=\"https:\/\/profaj.co\/denemesakiz\/kaymakamimiz-sayin-mehmet-marasli-sakiz-agacim-cesme-agaclandirma-projesi-tanitim-programina-katildi\/\" >\n\t\t\t\tKaymakam\u0131m\u0131z Say\u0131n Mehmet MARA\u015eLI, &#8221;Sak\u0131z A\u011fac\u0131m \u00c7e\u015fme&#8221; A\u011fa\u00e7land\u0131rma Projesi tan\u0131t\u0131m program\u0131na kat\u0131ld\u0131.\t\t\t<\/a>\n\t\t<\/h3>\n\t\t\t\t<div class=\"elementor-post__meta-data\">\n\t\t\t\t\t<span class=\"elementor-post-date\">\n\t\t\tEkim 14, 2024\t\t<\/span>\n\t\t\t\t<\/div>\n\t\t\t\t<\/div>\n\t\t\t\t<\/article>\n\t\t\t\t<\/div>\n\t\t\n\t\t\t\t\t\t<\/div>\n\t\t\t\t<\/div>\n\t\t\t\t\t<\/div>\n\t\t<\/div>\n\t\t\t\t\t<\/div>\n\t\t<\/section>\n\t\t\t\t\t<\/div>\n\t\t<\/div>\n\t\t\t\t\t<\/div>\n\t\t<\/section>\n\t\t\t\t<\/div>\n\t\t","protected":false},"excerpt":{"rendered":"<p>Di\u011fer Bas\u0131n Haberleri<\/p>\n","protected":false},"author":1,"featured_media":0,"parent":0,"menu_order":0,"comment_status":"closed","ping_status":"closed","template":"","meta":{"footnotes":""},"class_list":["post-956","page","type-page","status-publish","hentry"],"_links":{"self":[{"href":"https:\/\/profaj.co\/denemesakiz\/wp-json\/wp\/v2\/pages\/956","targetHints":{"allow":["GET"]}}],"collection":[{"href":"https:\/\/profaj.co\/denemesakiz\/wp-json\/wp\/v2\/pages"}],"about":[{"href":"https:\/\/profaj.co\/denemesakiz\/wp-json\/wp\/v2\/types\/page"}],"author":[{"embeddable":true,"href":"https:\/\/profaj.co\/denemesakiz\/wp-json\/wp\/v2\/users\/1"}],"replies":[{"embeddable":true,"href":"https:\/\/profaj.co\/denemesakiz\/wp-json\/wp\/v2\/comments?post=956"}],"version-history":[{"count":19,"href":"https:\/\/profaj.co\/denemesakiz\/wp-json\/wp\/v2\/pages\/956\/revisions"}],"predecessor-version":[{"id":1114,"href":"https:\/\/profaj.co\/denemesakiz\/wp-json\/wp\/v2\/pages\/956\/revisions\/1114"}],"wp:attachment":[{"href":"https:\/\/profaj.co\/denemesakiz\/wp-json\/wp\/v2\/media?parent=956"}],"curies":[{"name":"wp","href":"https:\/\/api.w.org\/{rel}","templated":true}]}}