{"id":1141,"date":"2025-06-13T07:42:36","date_gmt":"2025-06-13T07:42:36","guid":{"rendered":"https:\/\/profaj.co\/drkadir\/?post_type=tedavi-alanlari&#038;p=1141"},"modified":"2025-06-13T07:56:30","modified_gmt":"2025-06-13T07:56:30","slug":"kronik-yara-tedavisi","status":"publish","type":"tedavi-alanlari","link":"https:\/\/profaj.co\/drkadir\/tedavi-alanlari\/kronik-yara-tedavisi\/","title":{"rendered":"Kronik Yara Tedavisi"},"content":{"rendered":"\t\t<div data-elementor-type=\"wp-post\" data-elementor-id=\"1141\" class=\"elementor elementor-1141\" data-elementor-post-type=\"tedavi-alanlari\">\n\t\t\t\t<div class=\"elementor-element elementor-element-afef33f e-flex e-con-boxed e-con e-parent\" data-id=\"afef33f\" data-element_type=\"container\">\n\t\t\t\t\t<div class=\"e-con-inner\">\n\t\t\t\t<div class=\"elementor-element elementor-element-283030b elementor-widget elementor-widget-image\" data-id=\"283030b\" data-element_type=\"widget\" data-widget_type=\"image.default\">\n\t\t\t\t<div class=\"elementor-widget-container\">\n\t\t\t\t\t\t\t\t\t\t\t\t\t\t\t<img fetchpriority=\"high\" decoding=\"async\" width=\"1200\" height=\"700\" src=\"https:\/\/profaj.co\/drkadir\/wp-content\/uploads\/2025\/05\/yara-bakimi1.webp\" class=\"attachment-full size-full wp-image-322\" alt=\"\" srcset=\"https:\/\/profaj.co\/drkadir\/wp-content\/uploads\/2025\/05\/yara-bakimi1.webp 1200w, https:\/\/profaj.co\/drkadir\/wp-content\/uploads\/2025\/05\/yara-bakimi1-300x175.webp 300w, https:\/\/profaj.co\/drkadir\/wp-content\/uploads\/2025\/05\/yara-bakimi1-1024x597.webp 1024w, https:\/\/profaj.co\/drkadir\/wp-content\/uploads\/2025\/05\/yara-bakimi1-768x448.webp 768w\" sizes=\"(max-width: 1200px) 100vw, 1200px\" \/>\t\t\t\t\t\t\t\t\t\t\t\t\t\t\t<\/div>\n\t\t\t\t<\/div>\n\t\t\t\t\t<\/div>\n\t\t\t\t<\/div>\n\t\t<div class=\"elementor-element elementor-element-3b99ab3 e-flex e-con-boxed e-con e-parent\" data-id=\"3b99ab3\" data-element_type=\"container\">\n\t\t\t\t\t<div class=\"e-con-inner\">\n\t\t\t\t<div class=\"elementor-element elementor-element-9fe8fa4 elementor-widget elementor-widget-heading\" data-id=\"9fe8fa4\" data-element_type=\"widget\" data-widget_type=\"heading.default\">\n\t\t\t\t<div class=\"elementor-widget-container\">\n\t\t\t\t\t<h2 class=\"elementor-heading-title elementor-size-default\">Kronik yara nedir? \n<\/h2>\t\t\t\t<\/div>\n\t\t\t\t<\/div>\n\t\t\t\t<div class=\"elementor-element elementor-element-4a9980c elementor-widget elementor-widget-text-editor\" data-id=\"4a9980c\" data-element_type=\"widget\" data-widget_type=\"text-editor.default\">\n\t\t\t\t<div class=\"elementor-widget-container\">\n\t\t\t\t\t\t\t\t\t<p><span style=\"font-weight: 400;\">K\u0131saca tan\u0131mlamak gerekirse, kronik yara 4-6 haftadan uzun s\u00fcredir iyile\u015fmeyen yaralara verilen add\u0131r. Basit bir kesik veya k\u00fc\u00e7\u00fck bir yara, e\u011fer altta yatan baz\u0131 sa\u011fl\u0131k sorunlar\u0131 varsa normalden daha uzun s\u00fcre a\u00e7\u0131k kalabilir ve kronik bir yaraya d\u00f6n\u00fc\u015febilir. <\/span><b>Kronik yaralar\u0131n olu\u015fumunda genellikle diyabet (\u015feker hastal\u0131\u011f\u0131), dola\u015f\u0131m bozukluklar\u0131 veya uzun s\u00fcren hareketsizlik (bas\u0131n\u00e7 nedeni ile olu\u015fan yatak yaralar\u0131) gibi altta yatan \u00f6nemli nedenler rol oynar<\/b><span style=\"font-weight: 400;\">. Bu t\u00fcr yaralar \u00e7o\u011funlukla bacaklarda, \u00f6zellikle de ayak ve alt bacak k\u0131s\u0131mlar\u0131nda g\u00f6r\u00fcl\u00fcr. Kronik yaralar sadece ciltte uzun s\u00fcre kapanmayan a\u00e7\u0131k yaralar de\u011fil, ayn\u0131 zamanda <\/span><b>ki\u015finin ya\u015fam kalitesini ciddi \u015fekilde d\u00fc\u015f\u00fcren<\/b><span style=\"font-weight: 400;\">, enfeksiyon ve hatta uzuv kayb\u0131 riskini art\u0131ran \u00f6nemli bir sa\u011fl\u0131k sorunudur.<\/span><\/p><p><b>Bu yaz\u0131m\u0131zda<\/b><span style=\"font-weight: 400;\">, kronik yaralar\u0131n en s\u0131k g\u00f6r\u00fclen sebeplerini herkesin anlayabilece\u011fi sade bir dille ele alaca\u011f\u0131z. Diyabetik yaralardan dola\u015f\u0131m bozuklu\u011funa ba\u011fl\u0131 \u00fclserlere ve bas\u0131 (yatak) yaralar\u0131na kadar pek \u00e7ok nedeni b\u00f6l\u00fcm b\u00f6l\u00fcm inceleyece\u011fiz. Ayr\u0131ca <\/span><b>kronik yara bak\u0131m\u0131 ve tedavisinde kullan\u0131lan ileri y\u00f6ntemlere<\/b><span style=\"font-weight: 400;\"> \u2013 \u00f6zellikle son y\u0131llarda umut vadeden <\/span><i><span style=\"font-weight: 400;\">eksozom tedavisi<\/span><\/i><span style=\"font-weight: 400;\"> gibi rejeneratif (yenileyici) yakla\u015f\u0131mlara \u2013 de\u011finece\u011fiz. <\/span><\/p>\t\t\t\t\t\t\t\t<\/div>\n\t\t\t\t<\/div>\n\t\t\t\t<div class=\"elementor-element elementor-element-2e674cd elementor-widget elementor-widget-heading\" data-id=\"2e674cd\" data-element_type=\"widget\" data-widget_type=\"heading.default\">\n\t\t\t\t<div class=\"elementor-widget-container\">\n\t\t\t\t\t<h2 class=\"elementor-heading-title elementor-size-default\">Kronik Yara Sebepleri Nelerdir?\n<\/h2>\t\t\t\t<\/div>\n\t\t\t\t<\/div>\n\t\t\t\t<div class=\"elementor-element elementor-element-9817251 elementor-widget elementor-widget-text-editor\" data-id=\"9817251\" data-element_type=\"widget\" data-widget_type=\"text-editor.default\">\n\t\t\t\t<div class=\"elementor-widget-container\">\n\t\t\t\t\t\t\t\t\t<p><span style=\"font-weight: 400;\">Kronik bir yaran\u0131n geli\u015febilmesi i\u00e7in genellikle altta yatan bir rahats\u0131zl\u0131k veya iyile\u015fmeyi g\u00fc\u00e7le\u015ftiren bir durum bulunmaktad\u0131r. A\u015fa\u011f\u0131da <\/span><b>kronik yara olu\u015fumunun ba\u015fl\u0131ca nedenlerini<\/b><span style=\"font-weight: 400;\"> ba\u015fl\u0131klar halinde bulabilirsiniz:<\/span><\/p>\t\t\t\t\t\t\t\t<\/div>\n\t\t\t\t<\/div>\n\t\t\t\t<div class=\"elementor-element elementor-element-37670b3 elementor-widget elementor-widget-image\" data-id=\"37670b3\" data-element_type=\"widget\" data-widget_type=\"image.default\">\n\t\t\t\t<div class=\"elementor-widget-container\">\n\t\t\t\t\t\t\t\t\t\t\t\t\t\t\t<img decoding=\"async\" width=\"1200\" height=\"500\" src=\"https:\/\/profaj.co\/drkadir\/wp-content\/uploads\/2025\/05\/photo20.webp\" class=\"attachment-full size-full wp-image-1026\" alt=\"\" srcset=\"https:\/\/profaj.co\/drkadir\/wp-content\/uploads\/2025\/05\/photo20.webp 1200w, https:\/\/profaj.co\/drkadir\/wp-content\/uploads\/2025\/05\/photo20-300x125.webp 300w, https:\/\/profaj.co\/drkadir\/wp-content\/uploads\/2025\/05\/photo20-1024x427.webp 1024w, https:\/\/profaj.co\/drkadir\/wp-content\/uploads\/2025\/05\/photo20-768x320.webp 768w\" sizes=\"(max-width: 1200px) 100vw, 1200px\" \/>\t\t\t\t\t\t\t\t\t\t\t\t\t\t\t<\/div>\n\t\t\t\t<\/div>\n\t\t\t\t<div class=\"elementor-element elementor-element-0b6d710 elementor-widget elementor-widget-heading\" data-id=\"0b6d710\" data-element_type=\"widget\" data-widget_type=\"heading.default\">\n\t\t\t\t<div class=\"elementor-widget-container\">\n\t\t\t\t\t<h2 class=\"elementor-heading-title elementor-size-default\">Dola\u015f\u0131m Bozukluklar\u0131 (Atardamar Sorunlar\u0131)\n<\/h2>\t\t\t\t<\/div>\n\t\t\t\t<\/div>\n\t\t\t\t<div class=\"elementor-element elementor-element-aca8908 elementor-widget elementor-widget-text-editor\" data-id=\"aca8908\" data-element_type=\"widget\" data-widget_type=\"text-editor.default\">\n\t\t\t\t<div class=\"elementor-widget-container\">\n\t\t\t\t\t\t\t\t\t<p><span style=\"font-weight: 400;\">Kan dola\u015f\u0131m\u0131ndaki problemler, kronik yaralar\u0131n en yayg\u0131n nedenlerinden biridir. Atardamarlar dokulara oksijen ve besin ta\u015f\u0131r; <\/span><b>atardamarlarda daralma veya t\u0131kanma oldu\u011funda yaraya yeterli kan ula\u015famaz ve iyile\u015fme yava\u015flar<\/b><span style=\"font-weight: 400;\">. Bu duruma \u00f6rnek olarak periferik arter hastal\u0131\u011f\u0131 (bacak atardamarlar\u0131n\u0131n t\u0131kanmas\u0131) verilebilir. \u00d6zellikle bacaklara giden kan ak\u0131m\u0131n\u0131n azalmas\u0131, ayak veya bacaklarda olu\u015fan k\u00fc\u00e7\u00fck yaralar\u0131n bile kapanmas\u0131n\u0131 g\u00fc\u00e7le\u015ftirir. Sonu\u00e7 olarak, yeterli kanla beslenemeyen bu yaralar kronikle\u015febilir. Atardamar t\u0131kan\u0131kl\u0131\u011f\u0131na ba\u011fl\u0131 kronik yaralar, ileri vakalarda uzuv kayb\u0131na kadar gidebilen ciddi sonu\u00e7lar do\u011furabilir. Bu nedenle sigara kullan\u0131m\u0131, y\u00fcksek kolesterol ve <\/span><b>damar sertli\u011fi<\/b><span style=\"font-weight: 400;\"> gibi atardamar t\u0131kan\u0131kl\u0131\u011f\u0131na yol a\u00e7an risk fakt\u00f6rlerini kontrol alt\u0131na almak \u00e7ok \u00f6nemlidir.<\/span><\/p>\t\t\t\t\t\t\t\t<\/div>\n\t\t\t\t<\/div>\n\t\t\t\t<div class=\"elementor-element elementor-element-7112045 elementor-widget elementor-widget-heading\" data-id=\"7112045\" data-element_type=\"widget\" data-widget_type=\"heading.default\">\n\t\t\t\t<div class=\"elementor-widget-container\">\n\t\t\t\t\t<h2 class=\"elementor-heading-title elementor-size-default\">Toplardamar Hastal\u0131klar\u0131 (Varis ve Ven\u00f6z \u00dclserler)<\/h2>\t\t\t\t<\/div>\n\t\t\t\t<\/div>\n\t\t\t\t<div class=\"elementor-element elementor-element-85a26fe elementor-widget elementor-widget-text-editor\" data-id=\"85a26fe\" data-element_type=\"widget\" data-widget_type=\"text-editor.default\">\n\t\t\t\t<div class=\"elementor-widget-container\">\n\t\t\t\t\t\t\t\t\t<p><span style=\"font-weight: 400;\">Toplardamarlar (venler), bacaklardaki kan\u0131 kalbe geri ta\u015f\u0131yan damarlard\u0131r. <\/span><b>Toplardamar kapak\u00e7\u0131klar\u0131 zay\u0131flad\u0131\u011f\u0131nda veya varis geli\u015fti\u011finde, kan bacaklarda g\u00f6llenir ve bas\u0131n\u00e7 artar<\/b><span style=\"font-weight: 400;\">. Bu durumda cilt ve doku yeterince oksijenlenemez. \u00d6zellikle ayak bile\u011fi ve baca\u011f\u0131n alt k\u0131sm\u0131nda basit bir yaralanma bile bu olumsuz dola\u015f\u0131m ko\u015fullar\u0131nda kapanmakta zorlan\u0131r ve kronik bir yaraya d\u00f6n\u00fc\u015febilir. Halk aras\u0131nda \u201ca\u00e7\u0131k bacak yaras\u0131\u201d olarak da bilinen ven\u00f6z \u00fclserler bu mekanizmayla ortaya \u00e7\u0131kar. \u0130lerleyen varis hastal\u0131\u011f\u0131na ba\u011fl\u0131 yaralar genellikle tedavisi zor yaralard\u0131r ve mutlaka uzman hekim taraf\u0131ndan de\u011ferlendirilip uygun pansumanlar ve gerekirse <\/span><b>kompresyon tedavisi (varis \u00e7orab\u0131 vb.)<\/b><span style=\"font-weight: 400;\"> ile ele al\u0131nmal\u0131d\u0131r. Toplardamar kaynakl\u0131 yaralarda, altta yatan varis veya ven\u00f6z yetmezlik probleminin tedavisi (\u00f6rne\u011fin varislerin cerrahi veya giri\u015fimsel y\u00f6ntemlerle d\u00fczeltilmesi) iyile\u015fme i\u00e7in kritik \u00f6nem ta\u015f\u0131r.<\/span><\/p>\t\t\t\t\t\t\t\t<\/div>\n\t\t\t\t<\/div>\n\t\t\t\t<div class=\"elementor-element elementor-element-e809efb elementor-widget elementor-widget-image\" data-id=\"e809efb\" data-element_type=\"widget\" data-widget_type=\"image.default\">\n\t\t\t\t<div class=\"elementor-widget-container\">\n\t\t\t\t\t\t\t\t\t\t\t\t\t\t\t<img decoding=\"async\" width=\"1200\" height=\"500\" src=\"https:\/\/profaj.co\/drkadir\/wp-content\/uploads\/2025\/05\/photo21.webp\" class=\"attachment-full size-full wp-image-1027\" alt=\"\" srcset=\"https:\/\/profaj.co\/drkadir\/wp-content\/uploads\/2025\/05\/photo21.webp 1200w, https:\/\/profaj.co\/drkadir\/wp-content\/uploads\/2025\/05\/photo21-300x125.webp 300w, https:\/\/profaj.co\/drkadir\/wp-content\/uploads\/2025\/05\/photo21-1024x427.webp 1024w, https:\/\/profaj.co\/drkadir\/wp-content\/uploads\/2025\/05\/photo21-768x320.webp 768w\" sizes=\"(max-width: 1200px) 100vw, 1200px\" \/>\t\t\t\t\t\t\t\t\t\t\t\t\t\t\t<\/div>\n\t\t\t\t<\/div>\n\t\t\t\t<div class=\"elementor-element elementor-element-1745ff7 elementor-widget elementor-widget-heading\" data-id=\"1745ff7\" data-element_type=\"widget\" data-widget_type=\"heading.default\">\n\t\t\t\t<div class=\"elementor-widget-container\">\n\t\t\t\t\t<h2 class=\"elementor-heading-title elementor-size-default\">Diyabet (\u015eeker Hastal\u0131\u011f\u0131) ve Diyabetik Ayak Yaralar\u0131\n<\/h2>\t\t\t\t<\/div>\n\t\t\t\t<\/div>\n\t\t\t\t<div class=\"elementor-element elementor-element-5ff53de elementor-widget elementor-widget-text-editor\" data-id=\"5ff53de\" data-element_type=\"widget\" data-widget_type=\"text-editor.default\">\n\t\t\t\t<div class=\"elementor-widget-container\">\n\t\t\t\t\t\t\t\t\t<p><span style=\"font-weight: 400;\">\u015eeker hastal\u0131\u011f\u0131, kronik yara denince akla ilk gelen nedenlerden biridir. <\/span><b>Diyabet hem damarlar\u0131 hem sinirleri etkileyerek yaralar\u0131n iyile\u015fmesini zorla\u015ft\u0131r\u0131r<\/b><span style=\"font-weight: 400;\">. Uzun s\u00fcreli diyabeti olan ki\u015filerde bacaklardaki atardamarlar daralabilir ve k\u00fc\u00e7\u00fck k\u0131lcal damarlarda kan ak\u0131m\u0131 bozulabilir. Bunun yan\u0131 s\u0131ra sinir hasar\u0131 (diyabetik n\u00f6ropati) nedeniyle hastalar aya\u011f\u0131nda olu\u015fan kesik, su toplamas\u0131 gibi k\u00fc\u00e7\u00fck yaralar\u0131 hissetmeyebilir. \u00d6rne\u011fin, dar ayakkab\u0131 vurmas\u0131yla olu\u015fan bir su toplamas\u0131 veya nas\u0131r, diyabetik bir hastan\u0131n fark etmeyece\u011fi \u015fekilde b\u00fcy\u00fcyerek enfekte olabilir. <\/span><b>Doku, hem yetersiz kan dola\u015f\u0131m\u0131 nedeniyle besinsiz kal\u0131r hem de enfeksiyon eklenirse yara h\u0131zla derinle\u015fir<\/b><span style=\"font-weight: 400;\">. Bu \u201cdiyabetik ayak\u201d durumunda <\/span><b>k\u00fc\u00e7\u00fck bir k\u0131zar\u0131kl\u0131k bile ciddi bir yaraya d\u00f6n\u00fc\u015febilir<\/b><span style=\"font-weight: 400;\">; zaman\u0131nda do\u011fru m\u00fcdahale edilmezse maalesef amputasyona (uzuv kayb\u0131na) yol a\u00e7abilecek ciddi enfeksiyonlar geli\u015febilir. Diyabetik yaralar\u0131n \u00f6nlenmesi i\u00e7in kan \u015fekerinin kontrol alt\u0131nda tutulmas\u0131, <\/span><b>g\u00fcnl\u00fck ayak muayenesi<\/b><span style=\"font-weight: 400;\"> yap\u0131lmas\u0131, uygun ayakkab\u0131 kullan\u0131m\u0131 ve cilt bak\u0131m\u0131na \u00f6zen g\u00f6sterilmesi \u00e7ok \u00f6nemlidir.<\/span><\/p>\t\t\t\t\t\t\t\t<\/div>\n\t\t\t\t<\/div>\n\t\t\t\t<div class=\"elementor-element elementor-element-f9423fc elementor-widget elementor-widget-image\" data-id=\"f9423fc\" data-element_type=\"widget\" data-widget_type=\"image.default\">\n\t\t\t\t<div class=\"elementor-widget-container\">\n\t\t\t\t\t\t\t\t\t\t\t\t\t\t\t<img loading=\"lazy\" decoding=\"async\" width=\"1200\" height=\"500\" src=\"https:\/\/profaj.co\/drkadir\/wp-content\/uploads\/2025\/05\/photo22.webp\" class=\"attachment-full size-full wp-image-1028\" alt=\"\" srcset=\"https:\/\/profaj.co\/drkadir\/wp-content\/uploads\/2025\/05\/photo22.webp 1200w, https:\/\/profaj.co\/drkadir\/wp-content\/uploads\/2025\/05\/photo22-300x125.webp 300w, https:\/\/profaj.co\/drkadir\/wp-content\/uploads\/2025\/05\/photo22-1024x427.webp 1024w, https:\/\/profaj.co\/drkadir\/wp-content\/uploads\/2025\/05\/photo22-768x320.webp 768w\" sizes=\"(max-width: 1200px) 100vw, 1200px\" \/>\t\t\t\t\t\t\t\t\t\t\t\t\t\t\t<\/div>\n\t\t\t\t<\/div>\n\t\t\t\t<div class=\"elementor-element elementor-element-f56c346 elementor-widget elementor-widget-heading\" data-id=\"f56c346\" data-element_type=\"widget\" data-widget_type=\"heading.default\">\n\t\t\t\t<div class=\"elementor-widget-container\">\n\t\t\t\t\t<h2 class=\"elementor-heading-title elementor-size-default\">Zay\u0131f Ba\u011f\u0131\u015f\u0131kl\u0131k Sistemi ve Di\u011fer Sa\u011fl\u0131k Sorunlar\u0131\n<\/h2>\t\t\t\t<\/div>\n\t\t\t\t<\/div>\n\t\t\t\t<div class=\"elementor-element elementor-element-bcb1129 elementor-widget elementor-widget-text-editor\" data-id=\"bcb1129\" data-element_type=\"widget\" data-widget_type=\"text-editor.default\">\n\t\t\t\t<div class=\"elementor-widget-container\">\n\t\t\t\t\t\t\t\t\t<p><span style=\"font-weight: 400;\">Ba\u011f\u0131\u015f\u0131kl\u0131k sisteminin zay\u0131f olmas\u0131 da yaralar\u0131n ge\u00e7 iyile\u015fmesinde \u00f6nemli bir etkendir. <\/span><b>\u0130leri ya\u015f, yetersiz beslenme, kanser gibi ciddi hastal\u0131klar veya kortizon gibi baz\u0131 ila\u00e7lar\u0131n kullan\u0131m\u0131 ba\u011f\u0131\u015f\u0131kl\u0131k sistemini zay\u0131flatabilir<\/b><span style=\"font-weight: 400;\">. Ba\u011f\u0131\u015f\u0131kl\u0131\u011f\u0131 zay\u0131f olan ki\u015filerde v\u00fccut yaralar\u0131 onarmakta yetersiz kal\u0131r, enfeksiyonlarla m\u00fccadele zorla\u015f\u0131r ve iyile\u015fme s\u00fcresi uzar. \u00d6rne\u011fin, kanser tedavisi g\u00f6ren veya kronik hastal\u0131klar\u0131 olan bireylerde basit yaralar bile normalden daha uzun s\u00fcrede kapanabilir. Ayr\u0131ca <\/span><b>obezite (a\u015f\u0131r\u0131 kilo)<\/b><span style=\"font-weight: 400;\"> ve <\/span><b>sigara kullan\u0131m\u0131<\/b><span style=\"font-weight: 400;\"> gibi genel sa\u011fl\u0131k durumunu bozan fakt\u00f6rler de kronik yara riskini art\u0131r\u0131r. Obezite, yaraya binen y\u00fck\u00fc ve dokudaki oksijen ihtiyac\u0131n\u0131 art\u0131r\u0131rken kan dola\u015f\u0131m\u0131n\u0131 bozar; sigara ise damarlar\u0131 daraltarak oksijenlenmeyi azalt\u0131r ve yara iyile\u015fmesinin temelini olu\u015fturan kollajen yap\u0131m\u0131n\u0131 bozar. Bu nedenle kronik yaralar\u0131 olan hastalarda beslenmenin d\u00fczenlenmesi, gerekti\u011finde vitamin\/protein deste\u011fi al\u0131nmas\u0131 ve zararl\u0131 al\u0131\u015fkanl\u0131klar\u0131n b\u0131rak\u0131lmas\u0131 iyile\u015fmeyi h\u0131zland\u0131racak \u00f6nemli ad\u0131mlard\u0131r.<\/span><\/p>\t\t\t\t\t\t\t\t<\/div>\n\t\t\t\t<\/div>\n\t\t\t\t<div class=\"elementor-element elementor-element-bf3a712 elementor-widget elementor-widget-image\" data-id=\"bf3a712\" data-element_type=\"widget\" data-widget_type=\"image.default\">\n\t\t\t\t<div class=\"elementor-widget-container\">\n\t\t\t\t\t\t\t\t\t\t\t\t\t\t\t<img loading=\"lazy\" decoding=\"async\" width=\"1200\" height=\"500\" src=\"https:\/\/profaj.co\/drkadir\/wp-content\/uploads\/2025\/05\/photo23.webp\" class=\"attachment-full size-full wp-image-1029\" alt=\"\" srcset=\"https:\/\/profaj.co\/drkadir\/wp-content\/uploads\/2025\/05\/photo23.webp 1200w, https:\/\/profaj.co\/drkadir\/wp-content\/uploads\/2025\/05\/photo23-300x125.webp 300w, https:\/\/profaj.co\/drkadir\/wp-content\/uploads\/2025\/05\/photo23-1024x427.webp 1024w, https:\/\/profaj.co\/drkadir\/wp-content\/uploads\/2025\/05\/photo23-768x320.webp 768w\" sizes=\"(max-width: 1200px) 100vw, 1200px\" \/>\t\t\t\t\t\t\t\t\t\t\t\t\t\t\t<\/div>\n\t\t\t\t<\/div>\n\t\t\t\t<div class=\"elementor-element elementor-element-bdbe239 elementor-widget elementor-widget-heading\" data-id=\"bdbe239\" data-element_type=\"widget\" data-widget_type=\"heading.default\">\n\t\t\t\t<div class=\"elementor-widget-container\">\n\t\t\t\t\t<h2 class=\"elementor-heading-title elementor-size-default\">Uzun S\u00fcreli Bas\u0131n\u00e7 ve Yatak (Bas\u0131) Yaralar\u0131\n<\/h2>\t\t\t\t<\/div>\n\t\t\t\t<\/div>\n\t\t\t\t<div class=\"elementor-element elementor-element-0856568 elementor-widget elementor-widget-text-editor\" data-id=\"0856568\" data-element_type=\"widget\" data-widget_type=\"text-editor.default\">\n\t\t\t\t<div class=\"elementor-widget-container\">\n\t\t\t\t\t\t\t\t\t<p><span style=\"font-weight: 400;\">Hareket kabiliyeti k\u0131s\u0131tl\u0131 veya yatalak hastalarda g\u00f6r\u00fclen <\/span><b>bas\u0131 yaralar\u0131<\/b><span style=\"font-weight: 400;\">, kronik yara sebeplerinin bir di\u011fer \u00f6nemli grubudur. <\/span><b>S\u00fcrekli yatma veya tekerlekli sandalyede oturma sonucu v\u00fccut a\u011f\u0131rl\u0131\u011f\u0131 cildin belirli b\u00f6lgelerine uzun s\u00fcre bas\u0131n\u00e7 uygular<\/b><span style=\"font-weight: 400;\">. En \u00e7ok kuyruk sokumu, kal\u00e7a, topuklar ve s\u0131rt gibi temas noktalar\u0131nda g\u00f6r\u00fclen bu bas\u0131n\u00e7, cilde gelen kan ak\u0131\u015f\u0131n\u0131 azaltarak doku hasar\u0131na neden olur. Ba\u015flang\u0131\u00e7ta k\u0131zar\u0131kl\u0131k ve deri \u00fczerinde renk de\u011fi\u015fikli\u011fi ile ortaya \u00e7\u0131kan bas\u0131 yaralar\u0131, \u00f6nlem al\u0131nmazsa derinle\u015ferek a\u00e7\u0131k yaraya d\u00f6n\u00fc\u015f\u00fcr. Bu yaralar enfekte olursa tedavisi daha da zorla\u015f\u0131r. Bas\u0131 yaralar\u0131n\u0131n \u00f6nlenmesi ve tedavisinde en \u00f6nemli ad\u0131m, <\/span><b>bas\u0131nc\u0131n ortadan kald\u0131r\u0131lmas\u0131 veya azalt\u0131lmas\u0131d\u0131r<\/b><span style=\"font-weight: 400;\">. Bu ama\u00e7la hastan\u0131n pozisyonu s\u0131k s\u0131k de\u011fi\u015ftirilmeli, \u00f6zel bas\u0131 \u00f6nleyici yatak ve minderler kullan\u0131lmal\u0131, cilt temiz ve kuru tutulmal\u0131d\u0131r. Yatak yaralar\u0131 geli\u015fmi\u015fse, yaran\u0131n evresi de\u011ferlendirilerek uygun yara bak\u0131m\u0131 (\u00f6l\u00fc dokular\u0131n temizlenmesi, enfeksiyon kontrol\u00fc, nemli yara \u00f6rt\u00fclerinin kullan\u0131m\u0131 gibi) yap\u0131lmal\u0131d\u0131r. Unutmay\u0131n, hareketsiz bir hastada k\u00fc\u00e7\u00fck bir k\u0131zar\u0131kl\u0131k fark etti\u011finizde hemen sa\u011fl\u0131k ekibine bildirmek ileride olu\u015fabilecek derin yaralar\u0131n \u00f6n\u00fcne ge\u00e7ebilir.<\/span><\/p>\t\t\t\t\t\t\t\t<\/div>\n\t\t\t\t<\/div>\n\t\t\t\t<div class=\"elementor-element elementor-element-b1a86ad elementor-widget elementor-widget-heading\" data-id=\"b1a86ad\" data-element_type=\"widget\" data-widget_type=\"heading.default\">\n\t\t\t\t<div class=\"elementor-widget-container\">\n\t\t\t\t\t<h2 class=\"elementor-heading-title elementor-size-default\">Ciddi Yaralanmalar, Yan\u0131klar ve Cerrahi Yara Komplikasyonlar\u0131\n<\/h2>\t\t\t\t<\/div>\n\t\t\t\t<\/div>\n\t\t\t\t<div class=\"elementor-element elementor-element-c45d414 elementor-widget elementor-widget-text-editor\" data-id=\"c45d414\" data-element_type=\"widget\" data-widget_type=\"text-editor.default\">\n\t\t\t\t<div class=\"elementor-widget-container\">\n\t\t\t\t\t\t\t\t\t<p><span style=\"font-weight: 400;\">Bazen de kronik yara olu\u015fumunun nedeni do\u011frudan travman\u0131n kendisidir. <\/span><b>Ciddi fiziksel travmalar (d\u00fc\u015fme, \u00e7arpma, trafik kazas\u0131 gibi) veya b\u00fcy\u00fck y\u00fczey alanl\u0131 yan\u0131klar<\/b><span style=\"font-weight: 400;\"> sonucunda olu\u015fan yaralar, v\u00fccudun onar\u0131m kapasitesini a\u015fabilir. B\u00fcy\u00fck ve derin yaralanmalarda veya y\u00fcksek dereceli yan\u0131klarda doku kendini zor yeniler ve normalde kapamas\u0131 haftalar s\u00fcrecek yaralar kronik hale gelebilir. \u00d6rne\u011fin \u00fc\u00e7\u00fcnc\u00fc derece bir yan\u0131k, enfeksiyon riski ve geni\u015f doku kayb\u0131 nedeniyle \u00e7ok yava\u015f iyile\u015febilir. Benzer \u015fekilde cerrahi bir kesinin (ameliyat yaras\u0131n\u0131n) d\u00fczg\u00fcn iyile\u015fmemesi, diki\u015flerin enfeksiyon kapmas\u0131 veya hastan\u0131n ek hastal\u0131klar\u0131 nedeniyle baz\u0131 ameliyat yaralar\u0131 da <\/span><b>kapanmayan kronik yaralara<\/b><span style=\"font-weight: 400;\"> d\u00f6n\u00fc\u015febilir. Bu durumlarda plastik cerrahi giri\u015fimler, deri grefti (yama) uygulamalar\u0131 veya vakum yard\u0131ml\u0131 cihazlar ile yaran\u0131n kapat\u0131lmas\u0131 gerekebilir. \u00d6zetle, <\/span><b>travma ve yan\u0131k kaynakl\u0131 kronik yaralarda<\/b><span style=\"font-weight: 400;\"> temel sorun yaran\u0131n b\u00fcy\u00fckl\u00fc\u011f\u00fc ve derinli\u011fi iken; bu yaralar\u0131n bak\u0131m\u0131 da en az altta yatan hastal\u0131\u011fa ba\u011fl\u0131 kronik yaralar kadar \u00f6zen ve uzmanl\u0131k gerektirir.<\/span><\/p><p><i><span style=\"font-weight: 400;\">Yukar\u0131daki g\u00f6rsel<\/span><\/i><span style=\"font-weight: 400;\">, diyabetik bir hastan\u0131n aya\u011f\u0131ndaki ba\u015flang\u0131\u00e7 halindeki kronik yaray\u0131 (solda) ve sa\u011fl\u0131kl\u0131 bir aya\u011f\u0131 (sa\u011fda) kar\u015f\u0131la\u015ft\u0131rmal\u0131 olarak g\u00f6stermektedir. <\/span><b>Diyabet nedeniyle sinir duyusu azalm\u0131\u015f bir hastada, k\u00fc\u00e7\u00fck bir yara bile fark edilmeyip ilerleyerek ciddi bir kronik yaraya d\u00f6n\u00fc\u015febilir<\/b><span style=\"font-weight: 400;\">. Bu nedenle diyabetik ayak yaralar\u0131nda erken m\u00fcdahale hayatidir.<\/span><\/p>\t\t\t\t\t\t\t\t<\/div>\n\t\t\t\t<\/div>\n\t\t\t\t<div class=\"elementor-element elementor-element-3127609 elementor-widget elementor-widget-heading\" data-id=\"3127609\" data-element_type=\"widget\" data-widget_type=\"heading.default\">\n\t\t\t\t<div class=\"elementor-widget-container\">\n\t\t\t\t\t<h2 class=\"elementor-heading-title elementor-size-default\">Kronik Yara Bak\u0131m\u0131 ve Tedavi Y\u00f6ntemleri<\/h2>\t\t\t\t<\/div>\n\t\t\t\t<\/div>\n\t\t\t\t<div class=\"elementor-element elementor-element-e15d00b elementor-widget elementor-widget-text-editor\" data-id=\"e15d00b\" data-element_type=\"widget\" data-widget_type=\"text-editor.default\">\n\t\t\t\t<div class=\"elementor-widget-container\">\n\t\t\t\t\t\t\t\t\t<p><span style=\"font-weight: 400;\">Kronik bir yaray\u0131 tedavi edebilmek i\u00e7in \u00f6ncelikle <\/span><b>yaran\u0131n alt\u0131nda yatan sebebi ortadan kald\u0131rmak veya kontrol alt\u0131na almak gerekir<\/b><span style=\"font-weight: 400;\">. \u00d6rne\u011fin, damar t\u0131kan\u0131kl\u0131\u011f\u0131 nedeniyle olu\u015fan bir bacak yaras\u0131 varsa dola\u015f\u0131m\u0131n d\u00fczeltilmesi (gerekirse cerrahi olarak), diyabetik yaralarda kan \u015fekerinin d\u00fc\u015f\u00fcr\u00fclmesi, bas\u0131 yaralar\u0131nda hastan\u0131n pozisyonunun de\u011fi\u015ftirilerek bas\u0131nc\u0131n azalt\u0131lmas\u0131 ilk ad\u0131md\u0131r. Altta yatan neden ele al\u0131nmadan yap\u0131lacak lokal tedaviler yetersiz kalacakt\u0131r.<\/span><\/p><p><b>Lokal yara bak\u0131m\u0131<\/b><span style=\"font-weight: 400;\"> her kronik yara tedavisinin temelini olu\u015fturur. Bu kapsamda yara, enfeksiyon bulgular\u0131 a\u00e7\u0131s\u0131ndan de\u011ferlendirilir ve uygun \u015fekilde temizlenir. \u00d6l\u00fc dokular varsa cerrahi aletler veya \u00f6zel sol\u00fcsyonlarla yap\u0131lan <\/span><i><span style=\"font-weight: 400;\">debridman<\/span><\/i><span style=\"font-weight: 400;\"> i\u015flemiyle temizlenir; b\u00f6ylece sa\u011fl\u0131kl\u0131 dokular\u0131n iyile\u015fmesi te\u015fvik edilir. <\/span><b>Enfeksiyon varl\u0131\u011f\u0131nda<\/b><span style=\"font-weight: 400;\"> doktor \u00f6nerisiyle antibiyotik tedavisi ve antiseptik sol\u00fcsyonlar kullan\u0131l\u0131r. Yara bak\u0131m\u0131nda modern yara \u00f6rt\u00fcleri (hidrojeller, k\u00f6p\u00fckler, alginatlar vb.) ile do\u011fru nem dengesi sa\u011flanmaya \u00e7al\u0131\u015f\u0131l\u0131r. Ama\u00e7, yaran\u0131n ne \u00e7ok kuru kal\u0131p kabuk ba\u011flamas\u0131 ne de \u00e7ok \u0131slak olup cildin maserasyonuna u\u011framas\u0131d\u0131r. Her kronik yara kendine \u00f6zg\u00fcd\u00fcr; bu nedenle <\/span><i><span style=\"font-weight: 400;\">pansuman s\u0131kl\u0131\u011f\u0131<\/span><\/i><span style=\"font-weight: 400;\">ndan kullan\u0131lan malzemeye kadar tedavi plan\u0131, yaran\u0131n \u00f6zelliklerine ve hastan\u0131n durumuna g\u00f6re sa\u011fl\u0131k profesyonellerince belirlenmelidir.<\/span><\/p><p><span style=\"font-weight: 400;\">Bunun yan\u0131 s\u0131ra, <\/span><b>hastan\u0131n genel durumunun desteklenmesi<\/b><span style=\"font-weight: 400;\"> \u00e7ok \u00f6nemlidir. Yara iyile\u015fmesi v\u00fccudun b\u00fct\u00fcn sistemlerini ilgilendirir. Yeterli protein ve vitamin al\u0131m\u0131na dikkat edilmeli (gerekirse diyetisyenden destek al\u0131nmal\u0131), kronik hastal\u0131klar (\u00f6rne\u011fin diyabet, tiroit bozuklu\u011fu, anemi) tedavi edilerek kontrol alt\u0131nda tutulmal\u0131d\u0131r. Hasta <\/span><b>sigara kullan\u0131yorsa b\u0131rakmas\u0131<\/b><span style=\"font-weight: 400;\"> i\u00e7in desteklenmelidir, zira sigara duman\u0131ndaki toksinler damarlara zarar vererek ve oksijen ta\u015f\u0131nmas\u0131n\u0131 engelleyerek iyile\u015fmeyi yava\u015flat\u0131r. Kan dola\u015f\u0131m\u0131n\u0131 art\u0131rmak i\u00e7in hekimin \u00f6nerisiyle egzersizler veya fizik tedavi y\u00f6ntemleri devreye sokulabilir. T\u00fcm bu genel \u00f6nlemler, lokal yara tedavisiyle el ele y\u00fcr\u00fct\u00fcld\u00fc\u011f\u00fcnde kronik yaran\u0131n iyile\u015fme \u015fans\u0131 belirgin \u015fekilde artar.<\/span><\/p>\t\t\t\t\t\t\t\t<\/div>\n\t\t\t\t<\/div>\n\t\t\t\t\t<\/div>\n\t\t\t\t<\/div>\n\t\t<div class=\"elementor-element elementor-element-0b0161d e-flex e-con-boxed e-con e-parent\" data-id=\"0b0161d\" data-element_type=\"container\">\n\t\t\t\t\t<div class=\"e-con-inner\">\n\t\t\t\t<div class=\"elementor-element elementor-element-f002c6a elementor-widget elementor-widget-heading\" data-id=\"f002c6a\" data-element_type=\"widget\" data-widget_type=\"heading.default\">\n\t\t\t\t<div class=\"elementor-widget-container\">\n\t\t\t\t\t<h2 class=\"elementor-heading-title elementor-size-default\">Yara, Diyabetik Ayak Rejeneratif T\u0131p - Eksozom\n - SSS<\/h2>\t\t\t\t<\/div>\n\t\t\t\t<\/div>\n\t\t\t\t<div class=\"elementor-element elementor-element-0e10c7e elementor-widget elementor-widget-n-accordion\" data-id=\"0e10c7e\" data-element_type=\"widget\" data-settings=\"{&quot;default_state&quot;:&quot;all_collapsed&quot;,&quot;max_items_expended&quot;:&quot;one&quot;,&quot;n_accordion_animation_duration&quot;:{&quot;unit&quot;:&quot;ms&quot;,&quot;size&quot;:400,&quot;sizes&quot;:[]}}\" data-widget_type=\"nested-accordion.default\">\n\t\t\t\t<div class=\"elementor-widget-container\">\n\t\t\t\t\t\t\t<div class=\"e-n-accordion\" aria-label=\"Accordion. Open links with Enter or Space, close with Escape, and navigate with Arrow Keys\">\n\t\t\t\t\t\t<details id=\"e-n-accordion-item-1470\" class=\"e-n-accordion-item\" >\n\t\t\t\t<summary class=\"e-n-accordion-item-title\" data-accordion-index=\"1\" tabindex=\"0\" aria-expanded=\"false\" aria-controls=\"e-n-accordion-item-1470\" >\n\t\t\t\t\t<span class='e-n-accordion-item-title-header'><div class=\"e-n-accordion-item-title-text\"> Kronik yaralar neden ge\u00e7 iyile\u015fmez? <\/div><\/span>\n\t\t\t\t\t\t\t<span class='e-n-accordion-item-title-icon'>\n\t\t\t<span class='e-opened' ><svg aria-hidden=\"true\" class=\"e-font-icon-svg e-fas-minus\" viewBox=\"0 0 448 512\" xmlns=\"http:\/\/www.w3.org\/2000\/svg\"><path d=\"M416 208H32c-17.67 0-32 14.33-32 32v32c0 17.67 14.33 32 32 32h384c17.67 0 32-14.33 32-32v-32c0-17.67-14.33-32-32-32z\"><\/path><\/svg><\/span>\n\t\t\t<span class='e-closed'><svg aria-hidden=\"true\" class=\"e-font-icon-svg e-fas-plus\" viewBox=\"0 0 448 512\" xmlns=\"http:\/\/www.w3.org\/2000\/svg\"><path d=\"M416 208H272V64c0-17.67-14.33-32-32-32h-32c-17.67 0-32 14.33-32 32v144H32c-17.67 0-32 14.33-32 32v32c0 17.67 14.33 32 32 32h144v144c0 17.67 14.33 32 32 32h32c17.67 0 32-14.33 32-32V304h144c17.67 0 32-14.33 32-32v-32c0-17.67-14.33-32-32-32z\"><\/path><\/svg><\/span>\n\t\t<\/span>\n\n\t\t\t\t\t\t<\/summary>\n\t\t\t\t<div role=\"region\" aria-labelledby=\"e-n-accordion-item-1470\" class=\"elementor-element elementor-element-e4ca983 e-con-full e-flex e-con e-child\" data-id=\"e4ca983\" data-element_type=\"container\">\n\t\t\t\t<div class=\"elementor-element elementor-element-f2d0203 elementor-widget elementor-widget-text-editor\" data-id=\"f2d0203\" data-element_type=\"widget\" data-widget_type=\"text-editor.default\">\n\t\t\t\t<div class=\"elementor-widget-container\">\n\t\t\t\t\t\t\t\t\t<p><span style=\"font-weight: 400;\">\u015eeker hastal\u0131\u011f\u0131, dola\u015f\u0131m bozukluklar\u0131, enfeksiyon ve uygun pansuman yap\u0131lmamas\u0131 kronik yara iyile\u015fmesini zorla\u015ft\u0131r\u0131r. Multidisipliner yakla\u015f\u0131m gerektirir.<\/span><\/p>\t\t\t\t\t\t\t\t<\/div>\n\t\t\t\t<\/div>\n\t\t\t\t<\/div>\n\t\t\t\t\t<\/details>\n\t\t\t\t\t\t<details id=\"e-n-accordion-item-1471\" class=\"e-n-accordion-item\" >\n\t\t\t\t<summary class=\"e-n-accordion-item-title\" data-accordion-index=\"2\" tabindex=\"-1\" aria-expanded=\"false\" aria-controls=\"e-n-accordion-item-1471\" >\n\t\t\t\t\t<span class='e-n-accordion-item-title-header'><div class=\"e-n-accordion-item-title-text\"> Rejeneratif t\u0131p nedir? <\/div><\/span>\n\t\t\t\t\t\t\t<span class='e-n-accordion-item-title-icon'>\n\t\t\t<span class='e-opened' ><svg aria-hidden=\"true\" class=\"e-font-icon-svg e-fas-minus\" viewBox=\"0 0 448 512\" xmlns=\"http:\/\/www.w3.org\/2000\/svg\"><path d=\"M416 208H32c-17.67 0-32 14.33-32 32v32c0 17.67 14.33 32 32 32h384c17.67 0 32-14.33 32-32v-32c0-17.67-14.33-32-32-32z\"><\/path><\/svg><\/span>\n\t\t\t<span class='e-closed'><svg aria-hidden=\"true\" class=\"e-font-icon-svg e-fas-plus\" viewBox=\"0 0 448 512\" xmlns=\"http:\/\/www.w3.org\/2000\/svg\"><path d=\"M416 208H272V64c0-17.67-14.33-32-32-32h-32c-17.67 0-32 14.33-32 32v144H32c-17.67 0-32 14.33-32 32v32c0 17.67 14.33 32 32 32h144v144c0 17.67 14.33 32 32 32h32c17.67 0 32-14.33 32-32V304h144c17.67 0 32-14.33 32-32v-32c0-17.67-14.33-32-32-32z\"><\/path><\/svg><\/span>\n\t\t<\/span>\n\n\t\t\t\t\t\t<\/summary>\n\t\t\t\t<div role=\"region\" aria-labelledby=\"e-n-accordion-item-1471\" class=\"elementor-element elementor-element-638796e e-con-full e-flex e-con e-child\" data-id=\"638796e\" data-element_type=\"container\">\n\t\t\t\t<div class=\"elementor-element elementor-element-7f86f9d elementor-widget elementor-widget-text-editor\" data-id=\"7f86f9d\" data-element_type=\"widget\" data-widget_type=\"text-editor.default\">\n\t\t\t\t<div class=\"elementor-widget-container\">\n\t\t\t\t\t\t\t\t\t<p><span style=\"font-weight: 400;\">Rejeneratif t\u0131p, hasarl\u0131 dokular\u0131n kendi kendini onarmas\u0131n\u0131 te\u015fvik eden tedavileri i\u00e7erir. PRP, k\u00f6k h\u00fccre, eksozom ve lazer gibi teknikler bu alandad\u0131r.<\/span><\/p>\t\t\t\t\t\t\t\t<\/div>\n\t\t\t\t<\/div>\n\t\t\t\t<\/div>\n\t\t\t\t\t<\/details>\n\t\t\t\t\t\t<details id=\"e-n-accordion-item-1472\" class=\"e-n-accordion-item\" >\n\t\t\t\t<summary class=\"e-n-accordion-item-title\" data-accordion-index=\"3\" tabindex=\"-1\" aria-expanded=\"false\" aria-controls=\"e-n-accordion-item-1472\" >\n\t\t\t\t\t<span class='e-n-accordion-item-title-header'><div class=\"e-n-accordion-item-title-text\"> PRP nedir, hangi yaralarda kullan\u0131l\u0131r? <\/div><\/span>\n\t\t\t\t\t\t\t<span class='e-n-accordion-item-title-icon'>\n\t\t\t<span class='e-opened' ><svg aria-hidden=\"true\" class=\"e-font-icon-svg e-fas-minus\" viewBox=\"0 0 448 512\" xmlns=\"http:\/\/www.w3.org\/2000\/svg\"><path d=\"M416 208H32c-17.67 0-32 14.33-32 32v32c0 17.67 14.33 32 32 32h384c17.67 0 32-14.33 32-32v-32c0-17.67-14.33-32-32-32z\"><\/path><\/svg><\/span>\n\t\t\t<span class='e-closed'><svg aria-hidden=\"true\" class=\"e-font-icon-svg e-fas-plus\" viewBox=\"0 0 448 512\" xmlns=\"http:\/\/www.w3.org\/2000\/svg\"><path d=\"M416 208H272V64c0-17.67-14.33-32-32-32h-32c-17.67 0-32 14.33-32 32v144H32c-17.67 0-32 14.33-32 32v32c0 17.67 14.33 32 32 32h144v144c0 17.67 14.33 32 32 32h32c17.67 0 32-14.33 32-32V304h144c17.67 0 32-14.33 32-32v-32c0-17.67-14.33-32-32-32z\"><\/path><\/svg><\/span>\n\t\t<\/span>\n\n\t\t\t\t\t\t<\/summary>\n\t\t\t\t<div role=\"region\" aria-labelledby=\"e-n-accordion-item-1472\" class=\"elementor-element elementor-element-1962560 e-con-full e-flex e-con e-child\" data-id=\"1962560\" data-element_type=\"container\">\n\t\t\t\t<div class=\"elementor-element elementor-element-72ebce2 elementor-widget elementor-widget-text-editor\" data-id=\"72ebce2\" data-element_type=\"widget\" data-widget_type=\"text-editor.default\">\n\t\t\t\t<div class=\"elementor-widget-container\">\n\t\t\t\t\t\t\t\t\t<p><span style=\"font-weight: 400;\">PRP (Platelet Rich Plasma), hastan\u0131n kendi kan\u0131ndan elde edilen iyile\u015ftirici h\u00fccrelerin yaraya uygulanmas\u0131d\u0131r. Diyabetik yaralar, bas\u0131 yaralar\u0131 ve cerrahi yaralarda ba\u015far\u0131yla kullan\u0131l\u0131r.<\/span><\/p>\t\t\t\t\t\t\t\t<\/div>\n\t\t\t\t<\/div>\n\t\t\t\t<\/div>\n\t\t\t\t\t<\/details>\n\t\t\t\t\t\t<details id=\"e-n-accordion-item-1473\" class=\"e-n-accordion-item\" >\n\t\t\t\t<summary class=\"e-n-accordion-item-title\" data-accordion-index=\"4\" tabindex=\"-1\" aria-expanded=\"false\" aria-controls=\"e-n-accordion-item-1473\" >\n\t\t\t\t\t<span class='e-n-accordion-item-title-header'><div class=\"e-n-accordion-item-title-text\"> Eksozom nedir ve ne i\u015fe yarar? <\/div><\/span>\n\t\t\t\t\t\t\t<span class='e-n-accordion-item-title-icon'>\n\t\t\t<span class='e-opened' ><svg aria-hidden=\"true\" class=\"e-font-icon-svg e-fas-minus\" viewBox=\"0 0 448 512\" xmlns=\"http:\/\/www.w3.org\/2000\/svg\"><path d=\"M416 208H32c-17.67 0-32 14.33-32 32v32c0 17.67 14.33 32 32 32h384c17.67 0 32-14.33 32-32v-32c0-17.67-14.33-32-32-32z\"><\/path><\/svg><\/span>\n\t\t\t<span class='e-closed'><svg aria-hidden=\"true\" class=\"e-font-icon-svg e-fas-plus\" viewBox=\"0 0 448 512\" xmlns=\"http:\/\/www.w3.org\/2000\/svg\"><path d=\"M416 208H272V64c0-17.67-14.33-32-32-32h-32c-17.67 0-32 14.33-32 32v144H32c-17.67 0-32 14.33-32 32v32c0 17.67 14.33 32 32 32h144v144c0 17.67 14.33 32 32 32h32c17.67 0 32-14.33 32-32V304h144c17.67 0 32-14.33 32-32v-32c0-17.67-14.33-32-32-32z\"><\/path><\/svg><\/span>\n\t\t<\/span>\n\n\t\t\t\t\t\t<\/summary>\n\t\t\t\t<div role=\"region\" aria-labelledby=\"e-n-accordion-item-1473\" class=\"elementor-element elementor-element-f6fb0f3 e-con-full e-flex e-con e-child\" data-id=\"f6fb0f3\" data-element_type=\"container\">\n\t\t\t\t<div class=\"elementor-element elementor-element-21345b4 elementor-widget elementor-widget-text-editor\" data-id=\"21345b4\" data-element_type=\"widget\" data-widget_type=\"text-editor.default\">\n\t\t\t\t<div class=\"elementor-widget-container\">\n\t\t\t\t\t\t\t\t\t<p><span style=\"font-weight: 400;\">Eksozomlar, h\u00fccrelerin birbirleriyle haberle\u015fmesini sa\u011flayan mikroskobik yap\u0131lard\u0131r. \u0130\u00e7erdikleri b\u00fcy\u00fcme fakt\u00f6rleri sayesinde doku yenilenmesini destekler, \u00f6zellikle yara iyile\u015fmesi ve cilt gen\u00e7le\u015ftirmede kullan\u0131l\u0131rlar.<\/span><\/p>\t\t\t\t\t\t\t\t<\/div>\n\t\t\t\t<\/div>\n\t\t\t\t<\/div>\n\t\t\t\t\t<\/details>\n\t\t\t\t\t\t<details id=\"e-n-accordion-item-1474\" class=\"e-n-accordion-item\" >\n\t\t\t\t<summary class=\"e-n-accordion-item-title\" data-accordion-index=\"5\" tabindex=\"-1\" aria-expanded=\"false\" aria-controls=\"e-n-accordion-item-1474\" >\n\t\t\t\t\t<span class='e-n-accordion-item-title-header'><div class=\"e-n-accordion-item-title-text\"> Eksozom tedavisi hangi hastalarda kullan\u0131l\u0131r? <\/div><\/span>\n\t\t\t\t\t\t\t<span class='e-n-accordion-item-title-icon'>\n\t\t\t<span class='e-opened' ><svg aria-hidden=\"true\" class=\"e-font-icon-svg e-fas-minus\" viewBox=\"0 0 448 512\" xmlns=\"http:\/\/www.w3.org\/2000\/svg\"><path d=\"M416 208H32c-17.67 0-32 14.33-32 32v32c0 17.67 14.33 32 32 32h384c17.67 0 32-14.33 32-32v-32c0-17.67-14.33-32-32-32z\"><\/path><\/svg><\/span>\n\t\t\t<span class='e-closed'><svg aria-hidden=\"true\" class=\"e-font-icon-svg e-fas-plus\" viewBox=\"0 0 448 512\" xmlns=\"http:\/\/www.w3.org\/2000\/svg\"><path d=\"M416 208H272V64c0-17.67-14.33-32-32-32h-32c-17.67 0-32 14.33-32 32v144H32c-17.67 0-32 14.33-32 32v32c0 17.67 14.33 32 32 32h144v144c0 17.67 14.33 32 32 32h32c17.67 0 32-14.33 32-32V304h144c17.67 0 32-14.33 32-32v-32c0-17.67-14.33-32-32-32z\"><\/path><\/svg><\/span>\n\t\t<\/span>\n\n\t\t\t\t\t\t<\/summary>\n\t\t\t\t<div role=\"region\" aria-labelledby=\"e-n-accordion-item-1474\" class=\"elementor-element elementor-element-159f698 e-con-full e-flex e-con e-child\" data-id=\"159f698\" data-element_type=\"container\">\n\t\t\t\t<div class=\"elementor-element elementor-element-1bf4ac5 elementor-widget elementor-widget-text-editor\" data-id=\"1bf4ac5\" data-element_type=\"widget\" data-widget_type=\"text-editor.default\">\n\t\t\t\t<div class=\"elementor-widget-container\">\n\t\t\t\t\t\t\t\t\t<p><span style=\"font-weight: 400;\">Yava\u015f iyile\u015fen kronik yaralarda, diyabetik ayakta, vask\u00fclit kaynakl\u0131 cilt bozukluklar\u0131nda ve estetik rejenerasyon alanlar\u0131nda eksozom tedavisi uygulanabilir.<\/span><\/p>\t\t\t\t\t\t\t\t<\/div>\n\t\t\t\t<\/div>\n\t\t\t\t<\/div>\n\t\t\t\t\t<\/details>\n\t\t\t\t\t\t<details id=\"e-n-accordion-item-1475\" class=\"e-n-accordion-item\" >\n\t\t\t\t<summary class=\"e-n-accordion-item-title\" data-accordion-index=\"6\" tabindex=\"-1\" aria-expanded=\"false\" aria-controls=\"e-n-accordion-item-1475\" >\n\t\t\t\t\t<span class='e-n-accordion-item-title-header'><div class=\"e-n-accordion-item-title-text\"> Eksozom ile PRP aras\u0131nda ne fark vard\u0131r? <\/div><\/span>\n\t\t\t\t\t\t\t<span class='e-n-accordion-item-title-icon'>\n\t\t\t<span class='e-opened' ><svg aria-hidden=\"true\" class=\"e-font-icon-svg e-fas-minus\" viewBox=\"0 0 448 512\" xmlns=\"http:\/\/www.w3.org\/2000\/svg\"><path d=\"M416 208H32c-17.67 0-32 14.33-32 32v32c0 17.67 14.33 32 32 32h384c17.67 0 32-14.33 32-32v-32c0-17.67-14.33-32-32-32z\"><\/path><\/svg><\/span>\n\t\t\t<span class='e-closed'><svg aria-hidden=\"true\" class=\"e-font-icon-svg e-fas-plus\" viewBox=\"0 0 448 512\" xmlns=\"http:\/\/www.w3.org\/2000\/svg\"><path d=\"M416 208H272V64c0-17.67-14.33-32-32-32h-32c-17.67 0-32 14.33-32 32v144H32c-17.67 0-32 14.33-32 32v32c0 17.67 14.33 32 32 32h144v144c0 17.67 14.33 32 32 32h32c17.67 0 32-14.33 32-32V304h144c17.67 0 32-14.33 32-32v-32c0-17.67-14.33-32-32-32z\"><\/path><\/svg><\/span>\n\t\t<\/span>\n\n\t\t\t\t\t\t<\/summary>\n\t\t\t\t<div role=\"region\" aria-labelledby=\"e-n-accordion-item-1475\" class=\"elementor-element elementor-element-a9331dc e-con-full e-flex e-con e-child\" data-id=\"a9331dc\" data-element_type=\"container\">\n\t\t\t\t<div class=\"elementor-element elementor-element-353312d elementor-widget elementor-widget-text-editor\" data-id=\"353312d\" data-element_type=\"widget\" data-widget_type=\"text-editor.default\">\n\t\t\t\t<div class=\"elementor-widget-container\">\n\t\t\t\t\t\t\t\t\t<p><span style=\"font-weight: 400;\">PRP hastan\u0131n kendi kan\u0131ndan elde edilirken, eksozomlar h\u00fccresel \u00fcretim sistemlerinden elde edilen biyolojik ta\u015f\u0131y\u0131c\u0131lard\u0131r. Eksozomlar, daha saf, y\u00fcksek yo\u011funlukta biyolojik sinyal ta\u015f\u0131rlar.<\/span><\/p>\t\t\t\t\t\t\t\t<\/div>\n\t\t\t\t<\/div>\n\t\t\t\t<\/div>\n\t\t\t\t\t<\/details>\n\t\t\t\t\t\t<details id=\"e-n-accordion-item-1476\" class=\"e-n-accordion-item\" >\n\t\t\t\t<summary class=\"e-n-accordion-item-title\" data-accordion-index=\"7\" tabindex=\"-1\" aria-expanded=\"false\" aria-controls=\"e-n-accordion-item-1476\" >\n\t\t\t\t\t<span class='e-n-accordion-item-title-header'><div class=\"e-n-accordion-item-title-text\"> Yara bak\u0131m\u0131 ne s\u0131kl\u0131kla yap\u0131lmal\u0131d\u0131r? <\/div><\/span>\n\t\t\t\t\t\t\t<span class='e-n-accordion-item-title-icon'>\n\t\t\t<span class='e-opened' ><svg aria-hidden=\"true\" class=\"e-font-icon-svg e-fas-minus\" viewBox=\"0 0 448 512\" xmlns=\"http:\/\/www.w3.org\/2000\/svg\"><path d=\"M416 208H32c-17.67 0-32 14.33-32 32v32c0 17.67 14.33 32 32 32h384c17.67 0 32-14.33 32-32v-32c0-17.67-14.33-32-32-32z\"><\/path><\/svg><\/span>\n\t\t\t<span class='e-closed'><svg aria-hidden=\"true\" class=\"e-font-icon-svg e-fas-plus\" viewBox=\"0 0 448 512\" xmlns=\"http:\/\/www.w3.org\/2000\/svg\"><path d=\"M416 208H272V64c0-17.67-14.33-32-32-32h-32c-17.67 0-32 14.33-32 32v144H32c-17.67 0-32 14.33-32 32v32c0 17.67 14.33 32 32 32h144v144c0 17.67 14.33 32 32 32h32c17.67 0 32-14.33 32-32V304h144c17.67 0 32-14.33 32-32v-32c0-17.67-14.33-32-32-32z\"><\/path><\/svg><\/span>\n\t\t<\/span>\n\n\t\t\t\t\t\t<\/summary>\n\t\t\t\t<div role=\"region\" aria-labelledby=\"e-n-accordion-item-1476\" class=\"elementor-element elementor-element-2b9a5e3 e-con-full e-flex e-con e-child\" data-id=\"2b9a5e3\" data-element_type=\"container\">\n\t\t\t\t<div class=\"elementor-element elementor-element-c8a2c2d elementor-widget elementor-widget-text-editor\" data-id=\"c8a2c2d\" data-element_type=\"widget\" data-widget_type=\"text-editor.default\">\n\t\t\t\t<div class=\"elementor-widget-container\">\n\t\t\t\t\t\t\t\t\t<p><span style=\"font-weight: 400;\">Yaran\u0131n tipi, derinli\u011fi ve enfeksiyon durumu g\u00f6z \u00f6n\u00fcnde bulundurularak bak\u0131m g\u00fcnl\u00fck ya da g\u00fcn a\u015f\u0131r\u0131 yap\u0131lmal\u0131d\u0131r. Hekim kontrol\u00fcnde planlanmal\u0131d\u0131r.<\/span><\/p>\t\t\t\t\t\t\t\t<\/div>\n\t\t\t\t<\/div>\n\t\t\t\t<\/div>\n\t\t\t\t\t<\/details>\n\t\t\t\t\t\t<details id=\"e-n-accordion-item-1477\" class=\"e-n-accordion-item\" >\n\t\t\t\t<summary class=\"e-n-accordion-item-title\" data-accordion-index=\"8\" tabindex=\"-1\" aria-expanded=\"false\" aria-controls=\"e-n-accordion-item-1477\" >\n\t\t\t\t\t<span class='e-n-accordion-item-title-header'><div class=\"e-n-accordion-item-title-text\"> Hangi yaralar rejeneratif tedavilere uygundur? <\/div><\/span>\n\t\t\t\t\t\t\t<span class='e-n-accordion-item-title-icon'>\n\t\t\t<span class='e-opened' ><svg aria-hidden=\"true\" class=\"e-font-icon-svg e-fas-minus\" viewBox=\"0 0 448 512\" xmlns=\"http:\/\/www.w3.org\/2000\/svg\"><path d=\"M416 208H32c-17.67 0-32 14.33-32 32v32c0 17.67 14.33 32 32 32h384c17.67 0 32-14.33 32-32v-32c0-17.67-14.33-32-32-32z\"><\/path><\/svg><\/span>\n\t\t\t<span class='e-closed'><svg aria-hidden=\"true\" class=\"e-font-icon-svg e-fas-plus\" viewBox=\"0 0 448 512\" xmlns=\"http:\/\/www.w3.org\/2000\/svg\"><path d=\"M416 208H272V64c0-17.67-14.33-32-32-32h-32c-17.67 0-32 14.33-32 32v144H32c-17.67 0-32 14.33-32 32v32c0 17.67 14.33 32 32 32h144v144c0 17.67 14.33 32 32 32h32c17.67 0 32-14.33 32-32V304h144c17.67 0 32-14.33 32-32v-32c0-17.67-14.33-32-32-32z\"><\/path><\/svg><\/span>\n\t\t<\/span>\n\n\t\t\t\t\t\t<\/summary>\n\t\t\t\t<div role=\"region\" aria-labelledby=\"e-n-accordion-item-1477\" class=\"elementor-element elementor-element-7398481 e-con-full e-flex e-con e-child\" data-id=\"7398481\" data-element_type=\"container\">\n\t\t\t\t<div class=\"elementor-element elementor-element-d10db1d elementor-widget elementor-widget-text-editor\" data-id=\"d10db1d\" data-element_type=\"widget\" data-widget_type=\"text-editor.default\">\n\t\t\t\t<div class=\"elementor-widget-container\">\n\t\t\t\t\t\t\t\t\t<p><span style=\"font-weight: 400;\">\u0130yile\u015fmeyen ven\u00f6z \u00fclserler, diyabetik yaralar, bas\u0131 yaralar\u0131, travmaya ba\u011fl\u0131 doku kay\u0131plar\u0131 rejeneratif tedaviye adayd\u0131r.<\/span><\/p>\t\t\t\t\t\t\t\t<\/div>\n\t\t\t\t<\/div>\n\t\t\t\t<\/div>\n\t\t\t\t\t<\/details>\n\t\t\t\t\t\t<details id=\"e-n-accordion-item-1478\" class=\"e-n-accordion-item\" >\n\t\t\t\t<summary class=\"e-n-accordion-item-title\" data-accordion-index=\"9\" tabindex=\"-1\" aria-expanded=\"false\" aria-controls=\"e-n-accordion-item-1478\" >\n\t\t\t\t\t<span class='e-n-accordion-item-title-header'><div class=\"e-n-accordion-item-title-text\"> \u0130yile\u015fmeyen yara ne zaman risklidir? <\/div><\/span>\n\t\t\t\t\t\t\t<span class='e-n-accordion-item-title-icon'>\n\t\t\t<span class='e-opened' ><svg aria-hidden=\"true\" class=\"e-font-icon-svg e-fas-minus\" viewBox=\"0 0 448 512\" xmlns=\"http:\/\/www.w3.org\/2000\/svg\"><path d=\"M416 208H32c-17.67 0-32 14.33-32 32v32c0 17.67 14.33 32 32 32h384c17.67 0 32-14.33 32-32v-32c0-17.67-14.33-32-32-32z\"><\/path><\/svg><\/span>\n\t\t\t<span class='e-closed'><svg aria-hidden=\"true\" class=\"e-font-icon-svg e-fas-plus\" viewBox=\"0 0 448 512\" xmlns=\"http:\/\/www.w3.org\/2000\/svg\"><path d=\"M416 208H272V64c0-17.67-14.33-32-32-32h-32c-17.67 0-32 14.33-32 32v144H32c-17.67 0-32 14.33-32 32v32c0 17.67 14.33 32 32 32h144v144c0 17.67 14.33 32 32 32h32c17.67 0 32-14.33 32-32V304h144c17.67 0 32-14.33 32-32v-32c0-17.67-14.33-32-32-32z\"><\/path><\/svg><\/span>\n\t\t<\/span>\n\n\t\t\t\t\t\t<\/summary>\n\t\t\t\t<div role=\"region\" aria-labelledby=\"e-n-accordion-item-1478\" class=\"elementor-element elementor-element-4f7fa42 e-con-full e-flex e-con e-child\" data-id=\"4f7fa42\" data-element_type=\"container\">\n\t\t\t\t<div class=\"elementor-element elementor-element-2618273 elementor-widget elementor-widget-text-editor\" data-id=\"2618273\" data-element_type=\"widget\" data-widget_type=\"text-editor.default\">\n\t\t\t\t<div class=\"elementor-widget-container\">\n\t\t\t\t\t\t\t\t\t<p><span style=\"font-weight: 400;\">E\u011fer bir yara 4 haftadan uzun s\u00fcredir kapanm\u0131yorsa, enfekte olmu\u015fsa, k\u00f6t\u00fc kokulu veya siyah renkliyse ileri d\u00fczey tedavi gerekir. Yara merkezi veya uzman bir cerrah taraf\u0131ndan de\u011ferlendirilmelidir.<\/span><\/p>\t\t\t\t\t\t\t\t<\/div>\n\t\t\t\t<\/div>\n\t\t\t\t<\/div>\n\t\t\t\t\t<\/details>\n\t\t\t\t\t\t<details id=\"e-n-accordion-item-1479\" class=\"e-n-accordion-item\" >\n\t\t\t\t<summary class=\"e-n-accordion-item-title\" data-accordion-index=\"10\" tabindex=\"-1\" aria-expanded=\"false\" aria-controls=\"e-n-accordion-item-1479\" >\n\t\t\t\t\t<span class='e-n-accordion-item-title-header'><div class=\"e-n-accordion-item-title-text\"> Kronik yara tedavisinde ila\u00e7 kullan\u0131m\u0131 gerekir mi? <\/div><\/span>\n\t\t\t\t\t\t\t<span class='e-n-accordion-item-title-icon'>\n\t\t\t<span class='e-opened' ><svg aria-hidden=\"true\" class=\"e-font-icon-svg e-fas-minus\" viewBox=\"0 0 448 512\" xmlns=\"http:\/\/www.w3.org\/2000\/svg\"><path d=\"M416 208H32c-17.67 0-32 14.33-32 32v32c0 17.67 14.33 32 32 32h384c17.67 0 32-14.33 32-32v-32c0-17.67-14.33-32-32-32z\"><\/path><\/svg><\/span>\n\t\t\t<span class='e-closed'><svg aria-hidden=\"true\" class=\"e-font-icon-svg e-fas-plus\" viewBox=\"0 0 448 512\" xmlns=\"http:\/\/www.w3.org\/2000\/svg\"><path d=\"M416 208H272V64c0-17.67-14.33-32-32-32h-32c-17.67 0-32 14.33-32 32v144H32c-17.67 0-32 14.33-32 32v32c0 17.67 14.33 32 32 32h144v144c0 17.67 14.33 32 32 32h32c17.67 0 32-14.33 32-32V304h144c17.67 0 32-14.33 32-32v-32c0-17.67-14.33-32-32-32z\"><\/path><\/svg><\/span>\n\t\t<\/span>\n\n\t\t\t\t\t\t<\/summary>\n\t\t\t\t<div role=\"region\" aria-labelledby=\"e-n-accordion-item-1479\" class=\"elementor-element elementor-element-e6821aa e-con-full e-flex e-con e-child\" data-id=\"e6821aa\" data-element_type=\"container\">\n\t\t\t\t<div class=\"elementor-element elementor-element-7b67c0e elementor-widget elementor-widget-text-editor\" data-id=\"7b67c0e\" data-element_type=\"widget\" data-widget_type=\"text-editor.default\">\n\t\t\t\t<div class=\"elementor-widget-container\">\n\t\t\t\t\t\t\t\t\t<p><span style=\"font-weight: 400;\">Evet, \u00f6zellikle enfekte yaralarda antibiyotikler, iltihaps\u0131z kronik yaralarda ise kan ak\u0131m\u0131n\u0131 art\u0131ran ve doku yenilenmesini destekleyen ila\u00e7lar verilebilir. Ayr\u0131ca yara b\u00f6lgesindeki inflamasyonu azaltan topikal ajanlar da tercih edilir.<\/span><\/p>\t\t\t\t\t\t\t\t<\/div>\n\t\t\t\t<\/div>\n\t\t\t\t<\/div>\n\t\t\t\t\t<\/details>\n\t\t\t\t\t\t<details id=\"e-n-accordion-item-14710\" class=\"e-n-accordion-item\" >\n\t\t\t\t<summary class=\"e-n-accordion-item-title\" data-accordion-index=\"11\" tabindex=\"-1\" aria-expanded=\"false\" aria-controls=\"e-n-accordion-item-14710\" >\n\t\t\t\t\t<span class='e-n-accordion-item-title-header'><div class=\"e-n-accordion-item-title-text\"> Ven\u00f6z \u00fclserlerde a\u011fr\u0131 ve inflamasyonu azaltmak i\u00e7in hangi ila\u00e7lar kullan\u0131l\u0131r? <\/div><\/span>\n\t\t\t\t\t\t\t<span class='e-n-accordion-item-title-icon'>\n\t\t\t<span class='e-opened' ><svg aria-hidden=\"true\" class=\"e-font-icon-svg e-fas-minus\" viewBox=\"0 0 448 512\" xmlns=\"http:\/\/www.w3.org\/2000\/svg\"><path d=\"M416 208H32c-17.67 0-32 14.33-32 32v32c0 17.67 14.33 32 32 32h384c17.67 0 32-14.33 32-32v-32c0-17.67-14.33-32-32-32z\"><\/path><\/svg><\/span>\n\t\t\t<span class='e-closed'><svg aria-hidden=\"true\" class=\"e-font-icon-svg e-fas-plus\" viewBox=\"0 0 448 512\" xmlns=\"http:\/\/www.w3.org\/2000\/svg\"><path d=\"M416 208H272V64c0-17.67-14.33-32-32-32h-32c-17.67 0-32 14.33-32 32v144H32c-17.67 0-32 14.33-32 32v32c0 17.67 14.33 32 32 32h144v144c0 17.67 14.33 32 32 32h32c17.67 0 32-14.33 32-32V304h144c17.67 0 32-14.33 32-32v-32c0-17.67-14.33-32-32-32z\"><\/path><\/svg><\/span>\n\t\t<\/span>\n\n\t\t\t\t\t\t<\/summary>\n\t\t\t\t<div role=\"region\" aria-labelledby=\"e-n-accordion-item-14710\" class=\"elementor-element elementor-element-cc5e730 e-con-full e-flex e-con e-child\" data-id=\"cc5e730\" data-element_type=\"container\">\n\t\t\t\t<div class=\"elementor-element elementor-element-67fa153 elementor-widget elementor-widget-text-editor\" data-id=\"67fa153\" data-element_type=\"widget\" data-widget_type=\"text-editor.default\">\n\t\t\t\t<div class=\"elementor-widget-container\">\n\t\t\t\t\t\t\t\t\t<ul><li><span style=\"font-weight: 400;\">NSAID\u2019ler (ibuprofen, diklofenak gibi) a\u011fr\u0131y\u0131 azaltmakta kullan\u0131l\u0131r<\/span><\/li><li><span style=\"font-weight: 400;\">Gerekti\u011finde k\u0131sa s\u00fcreli antibiyotik tedavisi<\/span><\/li><li><span style=\"font-weight: 400;\">Topikal enzim ve iyile\u015ftirici ajanlar (hyaluronik asit, g\u00fcm\u00fc\u015f i\u00e7erikli kremler)<\/span><\/li><li><span style=\"font-weight: 400;\">Bandajlama ile birlikte desteklenmelidir.<\/span><\/li><\/ul>\t\t\t\t\t\t\t\t<\/div>\n\t\t\t\t<\/div>\n\t\t\t\t<\/div>\n\t\t\t\t\t<\/details>\n\t\t\t\t\t\t<details id=\"e-n-accordion-item-14711\" class=\"e-n-accordion-item\" >\n\t\t\t\t<summary class=\"e-n-accordion-item-title\" data-accordion-index=\"12\" tabindex=\"-1\" aria-expanded=\"false\" aria-controls=\"e-n-accordion-item-14711\" >\n\t\t\t\t\t<span class='e-n-accordion-item-title-header'><div class=\"e-n-accordion-item-title-text\"> Kronik yara iyile\u015fmesini h\u0131zland\u0131rmak i\u00e7in ne yemeliyim? <\/div><\/span>\n\t\t\t\t\t\t\t<span class='e-n-accordion-item-title-icon'>\n\t\t\t<span class='e-opened' ><svg aria-hidden=\"true\" class=\"e-font-icon-svg e-fas-minus\" viewBox=\"0 0 448 512\" xmlns=\"http:\/\/www.w3.org\/2000\/svg\"><path d=\"M416 208H32c-17.67 0-32 14.33-32 32v32c0 17.67 14.33 32 32 32h384c17.67 0 32-14.33 32-32v-32c0-17.67-14.33-32-32-32z\"><\/path><\/svg><\/span>\n\t\t\t<span class='e-closed'><svg aria-hidden=\"true\" class=\"e-font-icon-svg e-fas-plus\" viewBox=\"0 0 448 512\" xmlns=\"http:\/\/www.w3.org\/2000\/svg\"><path d=\"M416 208H272V64c0-17.67-14.33-32-32-32h-32c-17.67 0-32 14.33-32 32v144H32c-17.67 0-32 14.33-32 32v32c0 17.67 14.33 32 32 32h144v144c0 17.67 14.33 32 32 32h32c17.67 0 32-14.33 32-32V304h144c17.67 0 32-14.33 32-32v-32c0-17.67-14.33-32-32-32z\"><\/path><\/svg><\/span>\n\t\t<\/span>\n\n\t\t\t\t\t\t<\/summary>\n\t\t\t\t<div role=\"region\" aria-labelledby=\"e-n-accordion-item-14711\" class=\"elementor-element elementor-element-09605c1 e-con-full e-flex e-con e-child\" data-id=\"09605c1\" data-element_type=\"container\">\n\t\t\t\t<div class=\"elementor-element elementor-element-14293bd elementor-widget elementor-widget-text-editor\" data-id=\"14293bd\" data-element_type=\"widget\" data-widget_type=\"text-editor.default\">\n\t\t\t\t<div class=\"elementor-widget-container\">\n\t\t\t\t\t\t\t\t\t<ul><li><span style=\"font-weight: 400;\">Protein: Yumurta, yo\u011furt, et, bal\u0131k (doku onar\u0131m\u0131 i\u00e7in)<\/span><\/li><li><span style=\"font-weight: 400;\">C vitamini: Turun\u00e7giller, biber (kolajen \u00fcretimini art\u0131r\u0131r)<\/span><\/li><li><span style=\"font-weight: 400;\">\u00c7inko: Kabak \u00e7ekirde\u011fi, k\u0131rm\u0131z\u0131 et<\/span><\/li><li><span style=\"font-weight: 400;\">Demir: Koyu ye\u015fil yaprakl\u0131 sebzeler, kuru baklagiller<\/span><\/li><li><span style=\"font-weight: 400;\">A ve E vitamini: Havu\u00e7, badem, zeytinya\u011f\u0131<\/span><\/li><\/ul>\t\t\t\t\t\t\t\t<\/div>\n\t\t\t\t<\/div>\n\t\t\t\t<\/div>\n\t\t\t\t\t<\/details>\n\t\t\t\t\t<\/div>\n\t\t\t\t\t\t<\/div>\n\t\t\t\t<\/div>\n\t\t\t\t\t<\/div>\n\t\t\t\t<\/div>\n\t\t\t\t<\/div>\n\t\t","protected":false},"featured_media":322,"parent":0,"template":"elementor_theme","meta":{"_acf_changed":false},"class_list":["post-1141","tedavi-alanlari","type-tedavi-alanlari","status-publish","has-post-thumbnail","hentry"],"acf":[],"_links":{"self":[{"href":"https:\/\/profaj.co\/drkadir\/wp-json\/wp\/v2\/tedavi-alanlari\/1141","targetHints":{"allow":["GET"]}}],"collection":[{"href":"https:\/\/profaj.co\/drkadir\/wp-json\/wp\/v2\/tedavi-alanlari"}],"about":[{"href":"https:\/\/profaj.co\/drkadir\/wp-json\/wp\/v2\/types\/tedavi-alanlari"}],"version-history":[{"count":6,"href":"https:\/\/profaj.co\/drkadir\/wp-json\/wp\/v2\/tedavi-alanlari\/1141\/revisions"}],"predecessor-version":[{"id":1166,"href":"https:\/\/profaj.co\/drkadir\/wp-json\/wp\/v2\/tedavi-alanlari\/1141\/revisions\/1166"}],"wp:featuredmedia":[{"embeddable":true,"href":"https:\/\/profaj.co\/drkadir\/wp-json\/wp\/v2\/media\/322"}],"wp:attachment":[{"href":"https:\/\/profaj.co\/drkadir\/wp-json\/wp\/v2\/media?parent=1141"}],"curies":[{"name":"wp","href":"https:\/\/api.w.org\/{rel}","templated":true}]}}