{"id":150,"date":"2026-05-05T12:36:41","date_gmt":"2026-05-05T12:36:41","guid":{"rendered":"https:\/\/profaj.co\/egememekanseri\/?page_id=150"},"modified":"2026-05-05T12:37:46","modified_gmt":"2026-05-05T12:37:46","slug":"koltuk-alti-cerrahisi","status":"publish","type":"page","link":"https:\/\/profaj.co\/egememekanseri\/koltuk-alti-cerrahisi\/","title":{"rendered":"Koltuk Alt\u0131 Cerrahisi"},"content":{"rendered":"\t\t<div data-elementor-type=\"wp-page\" data-elementor-id=\"150\" class=\"elementor elementor-150\" data-elementor-post-type=\"page\">\n\t\t\t\t<div class=\"elementor-element elementor-element-49a3dd9 e-flex e-con-boxed e-con e-parent\" data-id=\"49a3dd9\" data-element_type=\"container\" data-e-type=\"container\" data-settings=\"{&quot;background_background&quot;:&quot;classic&quot;}\">\n\t\t\t\t\t<div class=\"e-con-inner\">\n\t\t\t\t<div class=\"elementor-element elementor-element-ddf8167 elementor-widget elementor-widget-heading\" data-id=\"ddf8167\" data-element_type=\"widget\" data-e-type=\"widget\" data-widget_type=\"heading.default\">\n\t\t\t\t\t<h1 class=\"elementor-heading-title elementor-size-default\">Koltuk Alt\u0131 Cerrahisi<\/h1>\t\t\t\t<\/div>\n\t\t\t\t<div class=\"elementor-element elementor-element-5d30744 elementor-widget elementor-widget-text-editor\" data-id=\"5d30744\" data-element_type=\"widget\" data-e-type=\"widget\" data-widget_type=\"text-editor.default\">\n\t\t\t\t\t\t\t\t\t<p>Kanserin koltuk alt\u0131 lenf bezlerine yay\u0131l\u0131p yay\u0131lmad\u0131\u011f\u0131n\u0131 saptayan operasyondur.<\/p>\t\t\t\t\t\t\t\t<\/div>\n\t\t\t\t\t<\/div>\n\t\t\t\t<\/div>\n\t\t<div class=\"elementor-element elementor-element-4509e82 pt-50 pb-10 e-flex e-con-boxed e-con e-parent\" data-id=\"4509e82\" data-element_type=\"container\" data-e-type=\"container\">\n\t\t\t\t\t<div class=\"e-con-inner\">\n\t\t<div class=\"elementor-element elementor-element-a9a0020 e-con-full e-flex e-con e-child\" data-id=\"a9a0020\" data-element_type=\"container\" data-e-type=\"container\">\n\t\t\t\t<div class=\"elementor-element elementor-element-7e58397 elementor-widget elementor-widget-heading\" data-id=\"7e58397\" data-element_type=\"widget\" data-e-type=\"widget\" data-widget_type=\"heading.default\">\n\t\t\t\t\t<h3 class=\"elementor-heading-title elementor-size-default\">Koltuk Alt\u0131 Cerrahisi <br>(Lenf Nodu De\u011ferlendirmesi)<\/h3>\t\t\t\t<\/div>\n\t\t\t\t<div class=\"elementor-element elementor-element-d406d3f elementor-widget elementor-widget-text-editor\" data-id=\"d406d3f\" data-element_type=\"widget\" data-e-type=\"widget\" data-widget_type=\"text-editor.default\">\n\t\t\t\t\t\t\t\t\t<p>Meme kanseri yay\u0131l\u0131m\u0131n\u0131n de\u011ferlendirilmesinde koltuk alt\u0131 lenf bezlerinin durumu kritik bir \u00f6neme sahiptir. Hastal\u0131\u011f\u0131n evresini belirlemek ve ek tedavi gereksinimlerini planlamak i\u00e7in koltuk alt\u0131 cerrahisi uygulan\u0131r.<\/p>\t\t\t\t\t\t\t\t<\/div>\n\t\t\t\t<div class=\"elementor-element elementor-element-11710c5 elementor-widget elementor-widget-text-editor\" data-id=\"11710c5\" data-element_type=\"widget\" data-e-type=\"widget\" data-widget_type=\"text-editor.default\">\n\t\t\t\t\t\t\t\t\t<h5 class=\"text-2xl font-bold text-brand-navy mt-8 mb-4\"><strong>Sentinel Lenf Nodu Biyopsisi (Bek\u00e7i Lenf Bezi)<\/strong><\/h5><p>Ge\u00e7mi\u015fte t\u00fcm hastalara koltuk alt\u0131ndaki t\u00fcm lenf bezlerinin al\u0131nmas\u0131 i\u015flemi (Aksiller Diseksiyon) uygulan\u0131rken, g\u00fcn\u00fcm\u00fczde modern cerrahide\u00a0<strong>Sentinel Lenf Nodu Biyopsisi<\/strong>\u00a0standartt\u0131r.<\/p><p>Ameliyat s\u0131ras\u0131nda memeden koltuk alt\u0131na giden ilk lenf bezi (bek\u00e7i) \u00f6zel boyalar kullan\u0131larak bulunur ve \u00e7\u0131kar\u0131l\u0131r. Patolojik incelemede bu bez temizse, di\u011fer lenf bezlerine dokunulmaz. B\u00f6ylece kolda \u015fi\u015flik (lenf\u00f6dem), uyu\u015fukluk ve hareket k\u0131s\u0131tl\u0131l\u0131\u011f\u0131 gibi komplikasyonlar\u0131n \u00f6n\u00fcne ge\u00e7ilir.<\/p>\t\t\t\t\t\t\t\t<\/div>\n\t\t\t\t<div class=\"elementor-element elementor-element-4b44fa5 elementor-widget elementor-widget-text-editor\" data-id=\"4b44fa5\" data-element_type=\"widget\" data-e-type=\"widget\" data-widget_type=\"text-editor.default\">\n\t\t\t\t\t\t\t\t\t<h5 class=\"text-2xl font-bold text-brand-navy mt-8 mb-4\"><strong>Aksiller Diseksiyon<\/strong><\/h5><p>Ameliyat \u00f6ncesi veya s\u0131ras\u0131nda koltuk alt\u0131 lenf bezlerinde belirgin kanser yay\u0131l\u0131m\u0131 tespit edilirse, koltuk alt\u0131ndaki lenf bezlerinin belirli bir seviyeye kadar \u00e7\u0131kar\u0131lmas\u0131 i\u015flemidir.<\/p>\t\t\t\t\t\t\t\t<\/div>\n\t\t\t\t<\/div>\n\t\t<div class=\"elementor-element elementor-element-4156a3d e-con-full e-flex e-con e-child\" data-id=\"4156a3d\" data-element_type=\"container\" data-e-type=\"container\">\n\t\t\t\t<div class=\"elementor-element elementor-element-854c129 elementor-widget elementor-widget-image\" data-id=\"854c129\" data-element_type=\"widget\" data-e-type=\"widget\" data-widget_type=\"image.default\">\n\t\t\t\t\t\t\t\t\t\t\t\t\t\t\t<img fetchpriority=\"high\" decoding=\"async\" width=\"667\" height=\"1000\" src=\"https:\/\/profaj.co\/egememekanseri\/wp-content\/uploads\/2026\/05\/koltuk-alti-cerrahi-lenf-nodu.jpg\" class=\"attachment-full size-full wp-image-152\" alt=\"\" srcset=\"https:\/\/profaj.co\/egememekanseri\/wp-content\/uploads\/2026\/05\/koltuk-alti-cerrahi-lenf-nodu.jpg 667w, https:\/\/profaj.co\/egememekanseri\/wp-content\/uploads\/2026\/05\/koltuk-alti-cerrahi-lenf-nodu-200x300.jpg 200w\" sizes=\"(max-width: 667px) 100vw, 667px\" \/>\t\t\t\t\t\t\t\t\t\t\t\t\t\t\t<\/div>\n\t\t\t\t<\/div>\n\t\t\t\t\t<\/div>\n\t\t\t\t<\/div>\n\t\t<div class=\"elementor-element elementor-element-1480e77 pt-40 pb-40 e-flex e-con-boxed e-con e-parent\" data-id=\"1480e77\" data-element_type=\"container\" data-e-type=\"container\" data-settings=\"{&quot;background_background&quot;:&quot;classic&quot;}\">\n\t\t\t\t\t<div class=\"e-con-inner\">\n\t\t\t\t<div class=\"elementor-element elementor-element-7ef3668 elementor-widget elementor-widget-heading\" data-id=\"7ef3668\" data-element_type=\"widget\" data-e-type=\"widget\" data-widget_type=\"heading.default\">\n\t\t\t\t\t<h4 class=\"elementor-heading-title elementor-size-default\">D\u00fczenli Kontrollerinizi Ertelemeyin<\/h4>\t\t\t\t<\/div>\n\t\t\t\t<div class=\"elementor-element elementor-element-b2fe2b6 elementor-widget__width-initial elementor-widget elementor-widget-text-editor\" data-id=\"b2fe2b6\" data-element_type=\"widget\" data-e-type=\"widget\" data-widget_type=\"text-editor.default\">\n\t\t\t\t\t\t\t\t\t<p>Erken te\u015fhis, meme kanseriyle m\u00fccadelenin en g\u00fc\u00e7l\u00fc silah\u0131d\u0131r. \u0130zmir&#8217;deki klini\u011fimizde tarama ve muayene i\u00e7in hemen randevu alabilirsiniz.<\/p>\t\t\t\t\t\t\t\t<\/div>\n\t\t\t\t<div class=\"elementor-element elementor-element-8714417 elementor-align-center elementor-widget elementor-widget-button\" data-id=\"8714417\" data-element_type=\"widget\" data-e-type=\"widget\" data-widget_type=\"button.default\">\n\t\t\t\t\t\t\t\t\t\t<a class=\"elementor-button elementor-button-link elementor-size-sm\" href=\"https:\/\/profaj.co\/egememekanseri\/iletisim\/\">\n\t\t\t\t\t\t<span class=\"elementor-button-content-wrapper\">\n\t\t\t\t\t\t\t\t\t<span class=\"elementor-button-text\">Bizimle \u0130leti\u015fime Ge\u00e7in<\/span>\n\t\t\t\t\t<\/span>\n\t\t\t\t\t<\/a>\n\t\t\t\t\t\t\t\t<\/div>\n\t\t\t\t\t<\/div>\n\t\t\t\t<\/div>\n\t\t\t\t<\/div>\n\t\t","protected":false},"excerpt":{"rendered":"<p>Koltuk Alt\u0131 Cerrahisi Kanserin koltuk alt\u0131 lenf bezlerine yay\u0131l\u0131p yay\u0131lmad\u0131\u011f\u0131n\u0131 saptayan operasyondur. Koltuk Alt\u0131 Cerrahisi (Lenf Nodu De\u011ferlendirmesi) Meme kanseri yay\u0131l\u0131m\u0131n\u0131n de\u011ferlendirilmesinde koltuk alt\u0131 lenf bezlerinin durumu kritik bir \u00f6neme sahiptir. Hastal\u0131\u011f\u0131n evresini belirlemek ve ek tedavi gereksinimlerini planlamak i\u00e7in koltuk alt\u0131 cerrahisi uygulan\u0131r. Sentinel Lenf Nodu Biyopsisi (Bek\u00e7i Lenf Bezi) Ge\u00e7mi\u015fte t\u00fcm hastalara koltuk [&hellip;]<\/p>\n","protected":false},"author":1,"featured_media":0,"parent":0,"menu_order":0,"comment_status":"closed","ping_status":"closed","template":"","meta":{"_acf_changed":false,"footnotes":""},"class_list":["post-150","page","type-page","status-publish","hentry"],"acf":[],"_links":{"self":[{"href":"https:\/\/profaj.co\/egememekanseri\/wp-json\/wp\/v2\/pages\/150","targetHints":{"allow":["GET"]}}],"collection":[{"href":"https:\/\/profaj.co\/egememekanseri\/wp-json\/wp\/v2\/pages"}],"about":[{"href":"https:\/\/profaj.co\/egememekanseri\/wp-json\/wp\/v2\/types\/page"}],"author":[{"embeddable":true,"href":"https:\/\/profaj.co\/egememekanseri\/wp-json\/wp\/v2\/users\/1"}],"replies":[{"embeddable":true,"href":"https:\/\/profaj.co\/egememekanseri\/wp-json\/wp\/v2\/comments?post=150"}],"version-history":[{"count":4,"href":"https:\/\/profaj.co\/egememekanseri\/wp-json\/wp\/v2\/pages\/150\/revisions"}],"predecessor-version":[{"id":155,"href":"https:\/\/profaj.co\/egememekanseri\/wp-json\/wp\/v2\/pages\/150\/revisions\/155"}],"wp:attachment":[{"href":"https:\/\/profaj.co\/egememekanseri\/wp-json\/wp\/v2\/media?parent=150"}],"curies":[{"name":"wp","href":"https:\/\/api.w.org\/{rel}","templated":true}]}}