{"id":189,"date":"2025-02-27T08:41:37","date_gmt":"2025-02-27T08:41:37","guid":{"rendered":"https:\/\/profaj.co\/emekliliktarihim\/?page_id=189"},"modified":"2025-02-27T08:52:06","modified_gmt":"2025-02-27T08:52:06","slug":"kullanici-sozlesmesi","status":"publish","type":"page","link":"https:\/\/profaj.co\/emekliliktarihim\/kullanici-sozlesmesi\/","title":{"rendered":"Kullan\u0131c\u0131 S\u00f6zle\u015fmesi"},"content":{"rendered":"<p data-start=\"137\" data-end=\"367\"><strong data-start=\"137\" data-end=\"158\">Emeklilik Tarihim<\/strong> web sitesini (<a href=\"http:\/\/www.emekliliktarihim.com\" target=\"_new\" rel=\"noopener\" data-start=\"173\" data-end=\"197\">www.emekliliktarihim.com<\/a>) kullanarak, a\u015fa\u011f\u0131da belirtilen \u015fartlar\u0131 kabul etmi\u015f olursunuz. Bu s\u00f6zle\u015fme, siteyi ziyaret ederken ve hizmetlerimizden yararlan\u0131rken uyman\u0131z gereken kurallar\u0131 d\u00fczenler.<\/p>\n<ol data-start=\"369\" data-end=\"2955\">\n<li data-start=\"369\" data-end=\"707\">\n<p data-start=\"372\" data-end=\"707\"><strong data-start=\"372\" data-end=\"395\">Hizmetlerin Kapsam\u0131<\/strong><br data-start=\"395\" data-end=\"398\" \/>Emeklilik Tarihim, ki\u015fiye \u00f6zel emeklilik dan\u0131\u015fmanl\u0131\u011f\u0131 hizmetleri sunmaktad\u0131r. Kullan\u0131c\u0131lar, prim g\u00fcn say\u0131s\u0131 hesaplama, emeklilik tarihi belirleme ve ek bor\u00e7lanma se\u00e7eneklerini de\u011ferlendirme gibi hizmetlere ba\u015fvurabilirler. Sunulan hizmetlerin detaylar\u0131 ve kapsam\u0131, web sitemizde yer alan a\u00e7\u0131klamalara tabidir.<\/p>\n<\/li>\n<li data-start=\"709\" data-end=\"987\">\n<p data-start=\"712\" data-end=\"987\"><strong data-start=\"712\" data-end=\"741\">Kullan\u0131c\u0131 Hesab\u0131 ve Kay\u0131t<\/strong><br data-start=\"741\" data-end=\"744\" \/>Web sitemizdeki baz\u0131 hizmetlerden yararlanabilmek i\u00e7in kullan\u0131c\u0131 hesab\u0131 olu\u015fturman\u0131z gerekebilir. Hesap olu\u015ftururken verdi\u011finiz t\u00fcm bilgilerin do\u011fru, g\u00fcncel ve eksiksiz olmas\u0131 gerekmektedir. Hesap bilgilerinizin g\u00fcvenli\u011finden siz sorumlusunuz.<\/p>\n<\/li>\n<li data-start=\"989\" data-end=\"1321\">\n<p data-start=\"992\" data-end=\"1321\"><strong data-start=\"992\" data-end=\"1025\">Hizmetlere Eri\u015fim ve Kullan\u0131m<\/strong><br data-start=\"1025\" data-end=\"1028\" \/>Emeklilik Tarihim&#8217;in sundu\u011fu t\u00fcm hizmetler, yaln\u0131zca ki\u015fisel kullan\u0131m i\u00e7indir. Hizmetlerin ticari ama\u00e7larla veya ba\u015fkalar\u0131n\u0131n haklar\u0131n\u0131 ihlal edecek \u015fekilde kullan\u0131lmas\u0131 yasakt\u0131r. Web sitesi \u00fczerinden sa\u011flanan i\u00e7erikler ve hizmetler sadece bilgi ama\u00e7l\u0131d\u0131r ve profesyonel tavsiye yerine ge\u00e7mez.<\/p>\n<\/li>\n<li data-start=\"1323\" data-end=\"1585\">\n<p data-start=\"1326\" data-end=\"1585\"><strong data-start=\"1326\" data-end=\"1351\">\u00d6demeler ve Faturalar<\/strong><br data-start=\"1351\" data-end=\"1354\" \/>Hizmet bedelleri, web sitesinde belirtilen fiyatlarla uyumludur. Kullan\u0131c\u0131lar, \u00f6deme i\u015flemlerini tamamlad\u0131ktan sonra hizmetlerden yararlanmaya ba\u015flayacaklard\u0131r. \u00d6deme ko\u015fullar\u0131, yaln\u0131zca belirtilen \u00f6deme y\u00f6ntemleri ile yap\u0131labilir.<\/p>\n<\/li>\n<li data-start=\"1587\" data-end=\"1871\">\n<p data-start=\"1590\" data-end=\"1871\"><strong data-start=\"1590\" data-end=\"1623\">Cayma Hakk\u0131 ve \u0130ade Ko\u015fullar\u0131<\/strong><br data-start=\"1623\" data-end=\"1626\" \/>Sat\u0131n al\u0131nan hizmetlerin sunulmadan \u00f6nce, kullan\u0131c\u0131lar 14 g\u00fcn i\u00e7inde cayma hakk\u0131n\u0131 kullanabilirler. Ancak, hizmet sa\u011flanmaya ba\u015fland\u0131ktan sonra cayma hakk\u0131 ge\u00e7erli de\u011fildir. \u0130ade talepleri, hizmetlerin yerine getirilmesi ko\u015fuluyla kabul edilmez.<\/p>\n<\/li>\n<li data-start=\"1873\" data-end=\"2170\">\n<p data-start=\"1876\" data-end=\"2170\"><strong data-start=\"1876\" data-end=\"1919\">Gizlilik ve Ki\u015fisel Verilerin Korunmas\u0131<\/strong><br data-start=\"1919\" data-end=\"1922\" \/>Kullan\u0131c\u0131 bilgileri, yaln\u0131zca hizmetlerin sa\u011flanmas\u0131 amac\u0131yla toplan\u0131r ve 6698 say\u0131l\u0131 Ki\u015fisel Verilerin Korunmas\u0131 Kanunu\u2019na uygun olarak i\u015flenir. Kullan\u0131c\u0131lar, ki\u015fisel bilgilerinin saklanmas\u0131 ve kullan\u0131lmas\u0131na dair a\u00e7\u0131klamalar\u0131 kabul etmi\u015f say\u0131l\u0131r.<\/p>\n<\/li>\n<li data-start=\"2172\" data-end=\"2580\">\n<p data-start=\"2175\" data-end=\"2580\"><strong data-start=\"2175\" data-end=\"2217\">Yasal Sorumluluk ve S\u0131n\u0131rl\u0131 Sorumluluk<\/strong><br data-start=\"2217\" data-end=\"2220\" \/>Emeklilik Tarihim, web sitesinde sa\u011flanan t\u00fcm bilgilerin do\u011frulu\u011funu sa\u011flamak i\u00e7in \u00e7aba g\u00f6stermektedir. Ancak, sunulan bilgilerin g\u00fcncellenmi\u015f ve do\u011fru olmas\u0131 garanti edilmez. Web sitesi \u00fczerinden sunulan hizmetler ve i\u00e7erikler, kullan\u0131c\u0131lar\u0131n kendi risklerine tabiidir. Emeklilik Tarihim, site kullan\u0131m\u0131ndan kaynaklanan herhangi bir zarardan sorumlu de\u011fildir.<\/p>\n<\/li>\n<li data-start=\"2582\" data-end=\"2783\">\n<p data-start=\"2585\" data-end=\"2783\"><strong data-start=\"2585\" data-end=\"2615\">S\u00f6zle\u015fmenin De\u011fi\u015ftirilmesi<\/strong><br data-start=\"2615\" data-end=\"2618\" \/>Emeklilik Tarihim, i\u015fbu Kullan\u0131c\u0131 S\u00f6zle\u015fmesi&#8217;ni diledi\u011fi zaman de\u011fi\u015ftirme hakk\u0131na sahiptir. Yap\u0131lacak de\u011fi\u015fiklikler, web sitesinde yay\u0131nland\u0131\u011f\u0131 tarihte ge\u00e7erli olur.<\/p>\n<\/li>\n<li data-start=\"2785\" data-end=\"2955\">\n<p data-start=\"2788\" data-end=\"2955\"><strong data-start=\"2788\" data-end=\"2811\">Yasal Uyu\u015fmazl\u0131klar<\/strong><br data-start=\"2811\" data-end=\"2814\" \/>\u0130\u015fbu s\u00f6zle\u015fmeden do\u011fabilecek her t\u00fcrl\u00fc uyu\u015fmazl\u0131k, T\u00fcrkiye Cumhuriyeti kanunlar\u0131na tabidir ve \u0130zmir Mahkemeleri ve \u0130cra Daireleri yetkilidir.<\/p>\n<\/li>\n<\/ol>\n","protected":false},"excerpt":{"rendered":"<p>Emeklilik Tarihim web sitesini (www.emekliliktarihim.com) kullanarak, a\u015fa\u011f\u0131da belirtilen \u015fartlar\u0131 kabul etmi\u015f olursunuz. Bu s\u00f6zle\u015fme, siteyi ziyaret ederken ve hizmetlerimizden yararlan\u0131rken uyman\u0131z gereken kurallar\u0131 d\u00fczenler. Hizmetlerin Kapsam\u0131Emeklilik Tarihim, ki\u015fiye \u00f6zel emeklilik dan\u0131\u015fmanl\u0131\u011f\u0131 hizmetleri sunmaktad\u0131r. Kullan\u0131c\u0131lar, prim g\u00fcn say\u0131s\u0131 hesaplama, emeklilik tarihi belirleme ve ek bor\u00e7lanma se\u00e7eneklerini de\u011ferlendirme gibi hizmetlere ba\u015fvurabilirler. Sunulan hizmetlerin detaylar\u0131 ve kapsam\u0131, web [&hellip;]<\/p>\n","protected":false},"author":1,"featured_media":0,"parent":0,"menu_order":0,"comment_status":"closed","ping_status":"closed","template":"","meta":{"footnotes":""},"class_list":["post-189","page","type-page","status-publish","hentry"],"_links":{"self":[{"href":"https:\/\/profaj.co\/emekliliktarihim\/wp-json\/wp\/v2\/pages\/189","targetHints":{"allow":["GET"]}}],"collection":[{"href":"https:\/\/profaj.co\/emekliliktarihim\/wp-json\/wp\/v2\/pages"}],"about":[{"href":"https:\/\/profaj.co\/emekliliktarihim\/wp-json\/wp\/v2\/types\/page"}],"author":[{"embeddable":true,"href":"https:\/\/profaj.co\/emekliliktarihim\/wp-json\/wp\/v2\/users\/1"}],"replies":[{"embeddable":true,"href":"https:\/\/profaj.co\/emekliliktarihim\/wp-json\/wp\/v2\/comments?post=189"}],"version-history":[{"count":2,"href":"https:\/\/profaj.co\/emekliliktarihim\/wp-json\/wp\/v2\/pages\/189\/revisions"}],"predecessor-version":[{"id":198,"href":"https:\/\/profaj.co\/emekliliktarihim\/wp-json\/wp\/v2\/pages\/189\/revisions\/198"}],"wp:attachment":[{"href":"https:\/\/profaj.co\/emekliliktarihim\/wp-json\/wp\/v2\/media?parent=189"}],"curies":[{"name":"wp","href":"https:\/\/api.w.org\/{rel}","templated":true}]}}