{"id":195,"date":"2025-02-27T08:47:58","date_gmt":"2025-02-27T08:47:58","guid":{"rendered":"https:\/\/profaj.co\/emekliliktarihim\/?page_id=195"},"modified":"2025-02-27T08:47:58","modified_gmt":"2025-02-27T08:47:58","slug":"cerez-politikasi","status":"publish","type":"page","link":"https:\/\/profaj.co\/emekliliktarihim\/cerez-politikasi\/","title":{"rendered":"\u00c7erez Politikas\u0131"},"content":{"rendered":"<p data-start=\"68\" data-end=\"331\">Emeklilik Tarihim olarak, kullan\u0131c\u0131 deneyiminizi geli\u015ftirmek ve web sitemizi daha verimli hale getirmek i\u00e7in \u00e7erezler kullan\u0131yoruz. Bu \u00c7erez Politikas\u0131, \u00e7erezlerin nas\u0131l kullan\u0131ld\u0131\u011f\u0131n\u0131, hangi verilerin topland\u0131\u011f\u0131n\u0131 ve bu verilerin nas\u0131l i\u015fledi\u011fini a\u00e7\u0131klamaktad\u0131r.<\/p>\n<p data-start=\"333\" data-end=\"349\"><strong data-start=\"333\" data-end=\"349\">\u00c7erez Nedir?<\/strong><\/p>\n<p data-start=\"351\" data-end=\"588\">\u00c7erezler, web sitelerini ziyaret etti\u011finizde cihaz\u0131n\u0131za yerle\u015fen k\u00fc\u00e7\u00fck veri dosyalar\u0131d\u0131r. Bu dosyalar, siteyi daha verimli kullanman\u0131z\u0131 sa\u011flamak, tercihlerinizi hat\u0131rlamak ve kullan\u0131c\u0131 deneyiminizi iyile\u015ftirmek amac\u0131yla kullan\u0131lmaktad\u0131r.<\/p>\n<p data-start=\"590\" data-end=\"628\"><strong data-start=\"590\" data-end=\"628\">\u00c7erez T\u00fcrleri ve Kullan\u0131m Ama\u00e7lar\u0131<\/strong><\/p>\n<ul data-start=\"630\" data-end=\"1452\">\n<li data-start=\"630\" data-end=\"825\">\n<p data-start=\"632\" data-end=\"825\"><strong data-start=\"632\" data-end=\"663\">Kesinlikle Gerekli \u00c7erezler<\/strong>: Bu \u00e7erezler, web sitemizin temel i\u015flevlerini yerine getirmesi i\u00e7in gereklidir. \u00d6rne\u011fin, oturum a\u00e7ma veya form g\u00f6nderme gibi i\u015flemleri ger\u00e7ekle\u015ftirmenizi sa\u011flar.<\/p>\n<\/li>\n<li data-start=\"829\" data-end=\"1078\">\n<p data-start=\"831\" data-end=\"1078\"><strong data-start=\"831\" data-end=\"855\">Performans \u00c7erezleri<\/strong>: Bu \u00e7erezler, siteyi ziyaret etti\u011finizde toplad\u0131\u011f\u0131m\u0131z anonim veriler arac\u0131l\u0131\u011f\u0131yla web sitemizin performans\u0131n\u0131 analiz etmemize yard\u0131mc\u0131 olur. \u00d6rne\u011fin, hangi sayfalar\u0131n daha s\u0131k ziyaret edildi\u011fini belirlemek i\u00e7in kullan\u0131l\u0131r.<\/p>\n<\/li>\n<li data-start=\"1080\" data-end=\"1265\">\n<p data-start=\"1082\" data-end=\"1265\"><strong data-start=\"1082\" data-end=\"1106\">Fonksiyonel \u00c7erezler<\/strong>: Bu \u00e7erezler, siteyi ziyaret etti\u011finizde tercihlerinizi hat\u0131rlamam\u0131z i\u00e7in kullan\u0131l\u0131r. \u00d6rne\u011fin, daha \u00f6nce girdi\u011finiz bilgiler veya dil tercihlerinizi kaydeder.<\/p>\n<\/li>\n<li data-start=\"1267\" data-end=\"1452\">\n<p data-start=\"1269\" data-end=\"1452\"><strong data-start=\"1269\" data-end=\"1304\">Hedefleme veya Reklam \u00c7erezleri<\/strong>: Bu \u00e7erezler, ilgi alanlar\u0131n\u0131za g\u00f6re reklamlar sunabilmemiz i\u00e7in kullan\u0131l\u0131r. Ayr\u0131ca, reklamlara t\u0131klama oranlar\u0131 ve etkinli\u011fi gibi verileri toplar.<\/p>\n<\/li>\n<\/ul>\n<p data-start=\"1454\" data-end=\"1484\"><strong data-start=\"1454\" data-end=\"1484\">Veri G\u00fcvenli\u011fi ve Gizlilik<\/strong><\/p>\n<p data-start=\"1486\" data-end=\"1714\">Toplad\u0131\u011f\u0131m\u0131z veriler, yaln\u0131zca yasal y\u00fck\u00fcml\u00fcl\u00fcklerimize uygun \u015fekilde ve gizlilik ilkelerimize g\u00f6re kullan\u0131lacakt\u0131r. \u00c7erezler arac\u0131l\u0131\u011f\u0131yla toplad\u0131\u011f\u0131m\u0131z ki\u015fisel veriler, sizin izniniz olmadan \u00fc\u00e7\u00fcnc\u00fc \u015fah\u0131slarla payla\u015f\u0131lmayacakt\u0131r.<\/p>\n<p data-start=\"1716\" data-end=\"1745\"><strong data-start=\"1716\" data-end=\"1745\">\u00c7erez Kullan\u0131m\u0131n\u0131 Y\u00f6netme<\/strong><\/p>\n<p data-start=\"1747\" data-end=\"1937\">\u00c7erezlerin kullan\u0131m\u0131n\u0131 taray\u0131c\u0131 ayarlar\u0131n\u0131zdan y\u00f6netebilir veya devre d\u0131\u015f\u0131 b\u0131rakabilirsiniz. Ancak, \u00e7erezleri devre d\u0131\u015f\u0131 b\u0131rakman\u0131z baz\u0131 site \u00f6zelliklerinin do\u011fru \u00e7al\u0131\u015fmamas\u0131na yol a\u00e7abilir.<\/p>\n<p data-start=\"1939\" data-end=\"1951\"><strong data-start=\"1939\" data-end=\"1951\">\u0130leti\u015fim<\/strong><\/p>\n<p data-start=\"1953\" data-end=\"2061\">Bu \u00c7erez Politikas\u0131 hakk\u0131nda herhangi bir sorunuz olursa, bize a\u015fa\u011f\u0131daki e-posta adresinden ula\u015fabilirsiniz:<\/p>\n<p data-start=\"2063\" data-end=\"2113\"><strong data-start=\"2063\" data-end=\"2081\">E-posta Adresi<\/strong>: <a rel=\"noopener\" data-start=\"2083\" data-end=\"2113\">emeklilik@emekliliktarihim.com<\/a><\/p>\n","protected":false},"excerpt":{"rendered":"<p>Emeklilik Tarihim olarak, kullan\u0131c\u0131 deneyiminizi geli\u015ftirmek ve web sitemizi daha verimli hale getirmek i\u00e7in \u00e7erezler kullan\u0131yoruz. Bu \u00c7erez Politikas\u0131, \u00e7erezlerin nas\u0131l kullan\u0131ld\u0131\u011f\u0131n\u0131, hangi verilerin topland\u0131\u011f\u0131n\u0131 ve bu verilerin nas\u0131l i\u015fledi\u011fini a\u00e7\u0131klamaktad\u0131r. \u00c7erez Nedir? \u00c7erezler, web sitelerini ziyaret etti\u011finizde cihaz\u0131n\u0131za yerle\u015fen k\u00fc\u00e7\u00fck veri dosyalar\u0131d\u0131r. Bu dosyalar, siteyi daha verimli kullanman\u0131z\u0131 sa\u011flamak, tercihlerinizi hat\u0131rlamak ve kullan\u0131c\u0131 deneyiminizi [&hellip;]<\/p>\n","protected":false},"author":1,"featured_media":0,"parent":0,"menu_order":0,"comment_status":"closed","ping_status":"closed","template":"","meta":{"footnotes":""},"class_list":["post-195","page","type-page","status-publish","hentry"],"_links":{"self":[{"href":"https:\/\/profaj.co\/emekliliktarihim\/wp-json\/wp\/v2\/pages\/195","targetHints":{"allow":["GET"]}}],"collection":[{"href":"https:\/\/profaj.co\/emekliliktarihim\/wp-json\/wp\/v2\/pages"}],"about":[{"href":"https:\/\/profaj.co\/emekliliktarihim\/wp-json\/wp\/v2\/types\/page"}],"author":[{"embeddable":true,"href":"https:\/\/profaj.co\/emekliliktarihim\/wp-json\/wp\/v2\/users\/1"}],"replies":[{"embeddable":true,"href":"https:\/\/profaj.co\/emekliliktarihim\/wp-json\/wp\/v2\/comments?post=195"}],"version-history":[{"count":1,"href":"https:\/\/profaj.co\/emekliliktarihim\/wp-json\/wp\/v2\/pages\/195\/revisions"}],"predecessor-version":[{"id":196,"href":"https:\/\/profaj.co\/emekliliktarihim\/wp-json\/wp\/v2\/pages\/195\/revisions\/196"}],"wp:attachment":[{"href":"https:\/\/profaj.co\/emekliliktarihim\/wp-json\/wp\/v2\/media?parent=195"}],"curies":[{"name":"wp","href":"https:\/\/api.w.org\/{rel}","templated":true}]}}