{"id":286,"date":"2026-05-13T12:03:55","date_gmt":"2026-05-13T12:03:55","guid":{"rendered":"https:\/\/profaj.co\/gurkayalar2\/?page_id=286"},"modified":"2026-06-09T11:09:09","modified_gmt":"2026-06-09T11:09:09","slug":"haberler-basin","status":"publish","type":"page","link":"https:\/\/profaj.co\/gurkayalar2\/haberler-basin\/","title":{"rendered":"Haberler &#038; Bas\u0131n"},"content":{"rendered":"\t\t<div data-elementor-type=\"wp-page\" data-elementor-id=\"286\" class=\"elementor elementor-286\" data-elementor-post-type=\"page\">\n\t\t\t\t<div class=\"elementor-element elementor-element-b2e4397 e-flex e-con-boxed e-con e-parent\" data-id=\"b2e4397\" data-element_type=\"container\" data-e-type=\"container\">\n\t\t\t\t\t<div class=\"e-con-inner\">\n\t\t<div class=\"elementor-element elementor-element-ca6ca1d e-con-full e-flex e-con e-child\" data-id=\"ca6ca1d\" data-element_type=\"container\" data-e-type=\"container\">\n\t\t\t\t<div class=\"elementor-element elementor-element-6e4e570 elementor-icon-list--layout-inline elementor-list-item-link-full_width elementor-widget elementor-widget-icon-list\" data-id=\"6e4e570\" data-element_type=\"widget\" data-e-type=\"widget\" data-widget_type=\"icon-list.default\">\n\t\t\t\t\t\t\t<ul class=\"elementor-icon-list-items elementor-inline-items\">\n\t\t\t\t\t\t\t<li class=\"elementor-icon-list-item elementor-inline-item\">\n\t\t\t\t\t\t\t\t\t\t\t<a href=\"https:\/\/profaj.co\/gurkayalar2\">\n\n\t\t\t\t\t\t\t\t\t\t\t<span class=\"elementor-icon-list-text\">Anasayfa \/ <\/span>\n\t\t\t\t\t\t\t\t\t\t\t<\/a>\n\t\t\t\t\t\t\t\t\t<\/li>\n\t\t\t\t\t\t\t\t<li class=\"elementor-icon-list-item elementor-inline-item\">\n\t\t\t\t\t\t\t\t\t\t<span class=\"elementor-icon-list-text\">Haberler &#038; Bas\u0131n<\/span>\n\t\t\t\t\t\t\t\t\t<\/li>\n\t\t\t\t\t\t<\/ul>\n\t\t\t\t\t\t<\/div>\n\t\t\t\t<div class=\"elementor-element elementor-element-47f9a86 elementor-widget elementor-widget-heading\" data-id=\"47f9a86\" data-element_type=\"widget\" data-e-type=\"widget\" data-widget_type=\"heading.default\">\n\t\t\t\t\t<h2 class=\"elementor-heading-title elementor-size-default\">Haberler &#038; Bas\u0131n<\/h2>\t\t\t\t<\/div>\n\t\t\t\t<\/div>\n\t\t\t\t\t<\/div>\n\t\t\t\t<\/div>\n\t\t<div class=\"elementor-element elementor-element-773b1ed e-flex e-con-boxed e-con e-parent\" data-id=\"773b1ed\" data-element_type=\"container\" data-e-type=\"container\">\n\t\t\t\t\t<div class=\"e-con-inner\">\n\t\t<div class=\"elementor-element elementor-element-6baa5d7 e-con-full e-flex e-con e-child\" data-id=\"6baa5d7\" data-element_type=\"container\" data-e-type=\"container\">\n\t\t\t\t<div class=\"elementor-element elementor-element-3cffb31 elementor-grid-3 elementor-grid-tablet-2 elementor-grid-mobile-1 elementor-posts--thumbnail-top elementor-widget elementor-widget-posts\" data-id=\"3cffb31\" data-element_type=\"widget\" data-e-type=\"widget\" data-settings=\"{&quot;classic_columns&quot;:&quot;3&quot;,&quot;classic_columns_tablet&quot;:&quot;2&quot;,&quot;classic_columns_mobile&quot;:&quot;1&quot;,&quot;classic_row_gap&quot;:{&quot;unit&quot;:&quot;px&quot;,&quot;size&quot;:35,&quot;sizes&quot;:[]},&quot;classic_row_gap_tablet&quot;:{&quot;unit&quot;:&quot;px&quot;,&quot;size&quot;:&quot;&quot;,&quot;sizes&quot;:[]},&quot;classic_row_gap_mobile&quot;:{&quot;unit&quot;:&quot;px&quot;,&quot;size&quot;:&quot;&quot;,&quot;sizes&quot;:[]}}\" data-widget_type=\"posts.classic\">\n\t\t\t\t<div class=\"elementor-widget-container\">\n\t\t\t\t\t\t\t<div class=\"elementor-posts-container elementor-posts elementor-posts--skin-classic elementor-grid\" role=\"list\">\n\t\t\t\t<article class=\"elementor-post elementor-grid-item post-457 post type-post status-publish format-standard has-post-thumbnail hentry category-uncategorized\" role=\"listitem\">\n\t\t\t\t<a class=\"elementor-post__thumbnail__link\" href=\"https:\/\/profaj.co\/gurkayalar2\/gurkayalar-insaattan-yeni-proje-tema-bitti-konsept-basladi-2\/\" tabindex=\"-1\" >\n\t\t\t<div class=\"elementor-post__thumbnail\"><img fetchpriority=\"high\" decoding=\"async\" width=\"1100\" height=\"600\" src=\"https:\/\/profaj.co\/gurkayalar2\/wp-content\/uploads\/2026\/06\/gurkayalar-insaattan-yeni-proje.webp\" class=\"attachment-full size-full wp-image-458\" alt=\"\" srcset=\"https:\/\/profaj.co\/gurkayalar2\/wp-content\/uploads\/2026\/06\/gurkayalar-insaattan-yeni-proje.webp 1100w, https:\/\/profaj.co\/gurkayalar2\/wp-content\/uploads\/2026\/06\/gurkayalar-insaattan-yeni-proje-300x164.webp 300w, https:\/\/profaj.co\/gurkayalar2\/wp-content\/uploads\/2026\/06\/gurkayalar-insaattan-yeni-proje-1024x559.webp 1024w, https:\/\/profaj.co\/gurkayalar2\/wp-content\/uploads\/2026\/06\/gurkayalar-insaattan-yeni-proje-768x419.webp 768w\" sizes=\"(max-width: 1100px) 100vw, 1100px\" \/><\/div>\n\t\t<\/a>\n\t\t\t\t<div class=\"elementor-post__text\">\n\t\t\t\t<h3 class=\"elementor-post__title\">\n\t\t\t<a href=\"https:\/\/profaj.co\/gurkayalar2\/gurkayalar-insaattan-yeni-proje-tema-bitti-konsept-basladi-2\/\" >\n\t\t\t\tG\u00fcrkayalar \u0130n\u015faat\u2019tan Yeni Proje: Tema Bitti, Konsept Ba\u015flad\u0131\t\t\t<\/a>\n\t\t<\/h3>\n\t\t\t\t<div class=\"elementor-post__excerpt\">\n\t\t\t<p>G\u00fcrkayalar Tema projesinin in\u015faat\u0131n\u0131 y\u00fczde 95 oran\u0131nda tamamlayan G\u00fcrkayalar \u0130n\u015faat, yan parselde yeni bir projeye ba\u015flad\u0131. 98 konuttan olu\u015fan G\u00fcrkayalar<\/p>\n\t\t<\/div>\n\t\t\n\t\t<a class=\"elementor-post__read-more\" href=\"https:\/\/profaj.co\/gurkayalar2\/gurkayalar-insaattan-yeni-proje-tema-bitti-konsept-basladi-2\/\" aria-label=\"Read more about G\u00fcrkayalar \u0130n\u015faat\u2019tan Yeni Proje: Tema Bitti, Konsept Ba\u015flad\u0131\" tabindex=\"-1\" >\n\t\t\tDevam\u0131n\u0131 \u0130ncele \u00bb\t\t<\/a>\n\n\t\t\t\t<\/div>\n\t\t\t\t<\/article>\n\t\t\t\t<article class=\"elementor-post elementor-grid-item post-454 post type-post status-publish format-standard has-post-thumbnail hentry category-uncategorized\" role=\"listitem\">\n\t\t\t\t<a class=\"elementor-post__thumbnail__link\" href=\"https:\/\/profaj.co\/gurkayalar2\/gurkayalar-luna-13-martta-lansmana-cikiyor\/\" tabindex=\"-1\" >\n\t\t\t<div class=\"elementor-post__thumbnail\"><img decoding=\"async\" width=\"1100\" height=\"600\" src=\"https:\/\/profaj.co\/gurkayalar2\/wp-content\/uploads\/2026\/06\/gurkayalar-luna-13-martta-lansmana-cikiyor.webp\" class=\"attachment-full size-full wp-image-455\" alt=\"\" srcset=\"https:\/\/profaj.co\/gurkayalar2\/wp-content\/uploads\/2026\/06\/gurkayalar-luna-13-martta-lansmana-cikiyor.webp 1100w, https:\/\/profaj.co\/gurkayalar2\/wp-content\/uploads\/2026\/06\/gurkayalar-luna-13-martta-lansmana-cikiyor-300x164.webp 300w, https:\/\/profaj.co\/gurkayalar2\/wp-content\/uploads\/2026\/06\/gurkayalar-luna-13-martta-lansmana-cikiyor-1024x559.webp 1024w, https:\/\/profaj.co\/gurkayalar2\/wp-content\/uploads\/2026\/06\/gurkayalar-luna-13-martta-lansmana-cikiyor-768x419.webp 768w\" sizes=\"(max-width: 1100px) 100vw, 1100px\" \/><\/div>\n\t\t<\/a>\n\t\t\t\t<div class=\"elementor-post__text\">\n\t\t\t\t<h3 class=\"elementor-post__title\">\n\t\t\t<a href=\"https:\/\/profaj.co\/gurkayalar2\/gurkayalar-luna-13-martta-lansmana-cikiyor\/\" >\n\t\t\t\tG\u00fcrkayalar Luna 13 Mart&#8217;ta Lansmana \u00c7\u0131k\u0131yor\t\t\t<\/a>\n\t\t<\/h3>\n\t\t\t\t<div class=\"elementor-post__excerpt\">\n\t\t\t<p>\u00c7i\u011fli\u2019de 232 ba\u011f\u0131ms\u0131z b\u00f6l\u00fcmden olu\u015fan yeni bir projeye start veren G\u00fcrkayalar \u0130n\u015faat, projenin ilk etab\u0131 olan G\u00fcrkayalar Luna\u2019y\u0131 sat\u0131\u015fa \u00e7\u0131kar\u0131yor.<\/p>\n\t\t<\/div>\n\t\t\n\t\t<a class=\"elementor-post__read-more\" href=\"https:\/\/profaj.co\/gurkayalar2\/gurkayalar-luna-13-martta-lansmana-cikiyor\/\" aria-label=\"Read more about G\u00fcrkayalar Luna 13 Mart&#8217;ta Lansmana \u00c7\u0131k\u0131yor\" tabindex=\"-1\" >\n\t\t\tDevam\u0131n\u0131 \u0130ncele \u00bb\t\t<\/a>\n\n\t\t\t\t<\/div>\n\t\t\t\t<\/article>\n\t\t\t\t<article class=\"elementor-post elementor-grid-item post-448 post type-post status-publish format-standard has-post-thumbnail hentry category-uncategorized\" role=\"listitem\">\n\t\t\t\t<a class=\"elementor-post__thumbnail__link\" href=\"https:\/\/profaj.co\/gurkayalar2\/gurkayalar-vista-satisa-cikti\/\" tabindex=\"-1\" >\n\t\t\t<div class=\"elementor-post__thumbnail\"><img decoding=\"async\" width=\"1100\" height=\"600\" src=\"https:\/\/profaj.co\/gurkayalar2\/wp-content\/uploads\/2026\/06\/gurkayalar-vista-satisa-cikti.webp\" class=\"attachment-full size-full wp-image-449\" alt=\"\" srcset=\"https:\/\/profaj.co\/gurkayalar2\/wp-content\/uploads\/2026\/06\/gurkayalar-vista-satisa-cikti.webp 1100w, https:\/\/profaj.co\/gurkayalar2\/wp-content\/uploads\/2026\/06\/gurkayalar-vista-satisa-cikti-300x164.webp 300w, https:\/\/profaj.co\/gurkayalar2\/wp-content\/uploads\/2026\/06\/gurkayalar-vista-satisa-cikti-1024x559.webp 1024w, https:\/\/profaj.co\/gurkayalar2\/wp-content\/uploads\/2026\/06\/gurkayalar-vista-satisa-cikti-768x419.webp 768w\" sizes=\"(max-width: 1100px) 100vw, 1100px\" \/><\/div>\n\t\t<\/a>\n\t\t\t\t<div class=\"elementor-post__text\">\n\t\t\t\t<h3 class=\"elementor-post__title\">\n\t\t\t<a href=\"https:\/\/profaj.co\/gurkayalar2\/gurkayalar-vista-satisa-cikti\/\" >\n\t\t\t\tG\u00fcrkayalar Vista Sat\u0131\u015fa \u00c7\u0131kt\u0131!\t\t\t<\/a>\n\t\t<\/h3>\n\t\t\t\t<div class=\"elementor-post__excerpt\">\n\t\t\t<p>G\u00fcrkayalar \u0130n\u015faat&#8217;\u0131n \u00c7i\u011fli&#8217;de hayata ge\u00e7irdi\u011fi G\u00fcrkayalar Vista projesi sat\u0131\u015fa sunuldu. 1+1 ve 2+1 konutlar\u0131n yer ald\u0131\u011f\u0131 projede fiyatlar 4 milyon<\/p>\n\t\t<\/div>\n\t\t\n\t\t<a class=\"elementor-post__read-more\" href=\"https:\/\/profaj.co\/gurkayalar2\/gurkayalar-vista-satisa-cikti\/\" aria-label=\"Read more about G\u00fcrkayalar Vista Sat\u0131\u015fa \u00c7\u0131kt\u0131!\" tabindex=\"-1\" >\n\t\t\tDevam\u0131n\u0131 \u0130ncele \u00bb\t\t<\/a>\n\n\t\t\t\t<\/div>\n\t\t\t\t<\/article>\n\t\t\t\t<article class=\"elementor-post elementor-grid-item post-413 post type-post status-publish format-standard has-post-thumbnail hentry category-uncategorized\" role=\"listitem\">\n\t\t\t\t<a class=\"elementor-post__thumbnail__link\" href=\"https:\/\/profaj.co\/gurkayalar2\/gurkayalar-konseptte-yasam-basladi\/\" tabindex=\"-1\" >\n\t\t\t<div class=\"elementor-post__thumbnail\"><img loading=\"lazy\" decoding=\"async\" width=\"1100\" height=\"600\" src=\"https:\/\/profaj.co\/gurkayalar2\/wp-content\/uploads\/2026\/05\/gurkayalar-konseptte-yasam-basladi.webp\" class=\"attachment-full size-full wp-image-445\" alt=\"\" srcset=\"https:\/\/profaj.co\/gurkayalar2\/wp-content\/uploads\/2026\/05\/gurkayalar-konseptte-yasam-basladi.webp 1100w, https:\/\/profaj.co\/gurkayalar2\/wp-content\/uploads\/2026\/05\/gurkayalar-konseptte-yasam-basladi-300x164.webp 300w, https:\/\/profaj.co\/gurkayalar2\/wp-content\/uploads\/2026\/05\/gurkayalar-konseptte-yasam-basladi-1024x559.webp 1024w, https:\/\/profaj.co\/gurkayalar2\/wp-content\/uploads\/2026\/05\/gurkayalar-konseptte-yasam-basladi-768x419.webp 768w\" sizes=\"(max-width: 1100px) 100vw, 1100px\" \/><\/div>\n\t\t<\/a>\n\t\t\t\t<div class=\"elementor-post__text\">\n\t\t\t\t<h3 class=\"elementor-post__title\">\n\t\t\t<a href=\"https:\/\/profaj.co\/gurkayalar2\/gurkayalar-konseptte-yasam-basladi\/\" >\n\t\t\t\tG\u00fcrkayalar Konsept&#8217;te Ya\u015fam Ba\u015flad\u0131!\t\t\t<\/a>\n\t\t<\/h3>\n\t\t\t\t<div class=\"elementor-post__excerpt\">\n\t\t\t<p>G\u00fcrkayalar \u0130n\u015faat taraf\u0131ndan Menemen&#8217;de hayata ge\u00e7irilen G\u00fcrkayalar Konsept projesinin in\u015faat\u0131 ve peyzaj \u00e7al\u0131\u015fmalar\u0131 tamamland\u0131 ve ya\u015fam ba\u015flad\u0131. 98 konuttan olu\u015fan<\/p>\n\t\t<\/div>\n\t\t\n\t\t<a class=\"elementor-post__read-more\" href=\"https:\/\/profaj.co\/gurkayalar2\/gurkayalar-konseptte-yasam-basladi\/\" aria-label=\"Read more about G\u00fcrkayalar Konsept&#8217;te Ya\u015fam Ba\u015flad\u0131!\" tabindex=\"-1\" >\n\t\t\tDevam\u0131n\u0131 \u0130ncele \u00bb\t\t<\/a>\n\n\t\t\t\t<\/div>\n\t\t\t\t<\/article>\n\t\t\t\t<article class=\"elementor-post elementor-grid-item post-411 post type-post status-publish format-standard has-post-thumbnail hentry category-uncategorized\" role=\"listitem\">\n\t\t\t\t<a class=\"elementor-post__thumbnail__link\" href=\"https:\/\/profaj.co\/gurkayalar2\/neden-cigli-izmirin-en-cok-kazandiran-yasam-ve-yatirim-bolgesi\/\" tabindex=\"-1\" >\n\t\t\t<div class=\"elementor-post__thumbnail\"><img loading=\"lazy\" decoding=\"async\" width=\"1100\" height=\"600\" src=\"https:\/\/profaj.co\/gurkayalar2\/wp-content\/uploads\/2026\/05\/izmirin-en-cok-kazandiran-yasam-ve-yatirim-bolgesi.webp\" class=\"attachment-full size-full wp-image-424\" alt=\"\" srcset=\"https:\/\/profaj.co\/gurkayalar2\/wp-content\/uploads\/2026\/05\/izmirin-en-cok-kazandiran-yasam-ve-yatirim-bolgesi.webp 1100w, https:\/\/profaj.co\/gurkayalar2\/wp-content\/uploads\/2026\/05\/izmirin-en-cok-kazandiran-yasam-ve-yatirim-bolgesi-300x164.webp 300w, https:\/\/profaj.co\/gurkayalar2\/wp-content\/uploads\/2026\/05\/izmirin-en-cok-kazandiran-yasam-ve-yatirim-bolgesi-1024x559.webp 1024w, https:\/\/profaj.co\/gurkayalar2\/wp-content\/uploads\/2026\/05\/izmirin-en-cok-kazandiran-yasam-ve-yatirim-bolgesi-768x419.webp 768w\" sizes=\"(max-width: 1100px) 100vw, 1100px\" \/><\/div>\n\t\t<\/a>\n\t\t\t\t<div class=\"elementor-post__text\">\n\t\t\t\t<h3 class=\"elementor-post__title\">\n\t\t\t<a href=\"https:\/\/profaj.co\/gurkayalar2\/neden-cigli-izmirin-en-cok-kazandiran-yasam-ve-yatirim-bolgesi\/\" >\n\t\t\t\tNeden \u00c7i\u011fli? \u0130zmir&#8217;in En \u00c7ok Kazand\u0131ran Ya\u015fam ve Yat\u0131r\u0131m B\u00f6lgesi\t\t\t<\/a>\n\t\t<\/h3>\n\t\t\t\t<div class=\"elementor-post__excerpt\">\n\t\t\t<p>Neden \u00c7i\u011fli? \u0130zmir&#8217;in En \u00c7ok Kazand\u0131ran Ya\u015fam ve Yat\u0131r\u0131m B\u00f6lgesi Yeni bir ev al\u0131rken veya birikimlerinizi de\u011ferlendirirken sorulmas\u0131 gereken en<\/p>\n\t\t<\/div>\n\t\t\n\t\t<a class=\"elementor-post__read-more\" href=\"https:\/\/profaj.co\/gurkayalar2\/neden-cigli-izmirin-en-cok-kazandiran-yasam-ve-yatirim-bolgesi\/\" aria-label=\"Read more about Neden \u00c7i\u011fli? \u0130zmir&#8217;in En \u00c7ok Kazand\u0131ran Ya\u015fam ve Yat\u0131r\u0131m B\u00f6lgesi\" tabindex=\"-1\" >\n\t\t\tDevam\u0131n\u0131 \u0130ncele \u00bb\t\t<\/a>\n\n\t\t\t\t<\/div>\n\t\t\t\t<\/article>\n\t\t\t\t<article class=\"elementor-post elementor-grid-item post-408 post type-post status-publish format-standard has-post-thumbnail hentry category-uncategorized\" role=\"listitem\">\n\t\t\t\t<a class=\"elementor-post__thumbnail__link\" href=\"https:\/\/profaj.co\/gurkayalar2\/19-yillik-tecrube-oz-sermaye-gucu-luna-vista-ve-konfor-yukseliyor\/\" tabindex=\"-1\" >\n\t\t\t<div class=\"elementor-post__thumbnail\"><img loading=\"lazy\" decoding=\"async\" width=\"1100\" height=\"600\" src=\"https:\/\/profaj.co\/gurkayalar2\/wp-content\/uploads\/2026\/05\/19-yillik-tecrube.webp\" class=\"attachment-full size-full wp-image-423\" alt=\"\" srcset=\"https:\/\/profaj.co\/gurkayalar2\/wp-content\/uploads\/2026\/05\/19-yillik-tecrube.webp 1100w, https:\/\/profaj.co\/gurkayalar2\/wp-content\/uploads\/2026\/05\/19-yillik-tecrube-300x164.webp 300w, https:\/\/profaj.co\/gurkayalar2\/wp-content\/uploads\/2026\/05\/19-yillik-tecrube-1024x559.webp 1024w, https:\/\/profaj.co\/gurkayalar2\/wp-content\/uploads\/2026\/05\/19-yillik-tecrube-768x419.webp 768w\" sizes=\"(max-width: 1100px) 100vw, 1100px\" \/><\/div>\n\t\t<\/a>\n\t\t\t\t<div class=\"elementor-post__text\">\n\t\t\t\t<h3 class=\"elementor-post__title\">\n\t\t\t<a href=\"https:\/\/profaj.co\/gurkayalar2\/19-yillik-tecrube-oz-sermaye-gucu-luna-vista-ve-konfor-yukseliyor\/\" >\n\t\t\t\t19 Y\u0131ll\u0131k Tecr\u00fcbe, \u00d6z Sermaye G\u00fcc\u00fc: Luna, Vista ve Konfor Y\u00fckseliyor\t\t\t<\/a>\n\t\t<\/h3>\n\t\t\t\t<div class=\"elementor-post__excerpt\">\n\t\t\t<p>19 Y\u0131ll\u0131k Tecr\u00fcbe, \u00d6z Sermaye G\u00fcc\u00fc: Luna, Vista ve Konfor Y\u00fckseliyor Gayrimenkul sekt\u00f6r\u00fcnde g\u00fcven, sadece estetik binalar in\u015fa etmekle de\u011fil;<\/p>\n\t\t<\/div>\n\t\t\n\t\t<a class=\"elementor-post__read-more\" href=\"https:\/\/profaj.co\/gurkayalar2\/19-yillik-tecrube-oz-sermaye-gucu-luna-vista-ve-konfor-yukseliyor\/\" aria-label=\"Read more about 19 Y\u0131ll\u0131k Tecr\u00fcbe, \u00d6z Sermaye G\u00fcc\u00fc: Luna, Vista ve Konfor Y\u00fckseliyor\" tabindex=\"-1\" >\n\t\t\tDevam\u0131n\u0131 \u0130ncele \u00bb\t\t<\/a>\n\n\t\t\t\t<\/div>\n\t\t\t\t<\/article>\n\t\t\t\t<article class=\"elementor-post elementor-grid-item post-406 post type-post status-publish format-standard has-post-thumbnail hentry category-uncategorized\" role=\"listitem\">\n\t\t\t\t<a class=\"elementor-post__thumbnail__link\" href=\"https:\/\/profaj.co\/gurkayalar2\/izmirin-kuzey-aksi-sehirler-neden-kuzeye-buyur\/\" tabindex=\"-1\" >\n\t\t\t<div class=\"elementor-post__thumbnail\"><img loading=\"lazy\" decoding=\"async\" width=\"1100\" height=\"600\" src=\"https:\/\/profaj.co\/gurkayalar2\/wp-content\/uploads\/2026\/05\/izmirin-kuzey-aksi-sehirler-neden-kuzeye-buyur-2.webp\" class=\"attachment-full size-full wp-image-429\" alt=\"\" srcset=\"https:\/\/profaj.co\/gurkayalar2\/wp-content\/uploads\/2026\/05\/izmirin-kuzey-aksi-sehirler-neden-kuzeye-buyur-2.webp 1100w, https:\/\/profaj.co\/gurkayalar2\/wp-content\/uploads\/2026\/05\/izmirin-kuzey-aksi-sehirler-neden-kuzeye-buyur-2-300x164.webp 300w, https:\/\/profaj.co\/gurkayalar2\/wp-content\/uploads\/2026\/05\/izmirin-kuzey-aksi-sehirler-neden-kuzeye-buyur-2-1024x559.webp 1024w, https:\/\/profaj.co\/gurkayalar2\/wp-content\/uploads\/2026\/05\/izmirin-kuzey-aksi-sehirler-neden-kuzeye-buyur-2-768x419.webp 768w\" sizes=\"(max-width: 1100px) 100vw, 1100px\" \/><\/div>\n\t\t<\/a>\n\t\t\t\t<div class=\"elementor-post__text\">\n\t\t\t\t<h3 class=\"elementor-post__title\">\n\t\t\t<a href=\"https:\/\/profaj.co\/gurkayalar2\/izmirin-kuzey-aksi-sehirler-neden-kuzeye-buyur\/\" >\n\t\t\t\t\u0130zmir\u2019in Kuzey Aks\u0131: \u015eehirler Neden Kuzeye B\u00fcy\u00fcr?\t\t\t<\/a>\n\t\t<\/h3>\n\t\t\t\t<div class=\"elementor-post__excerpt\">\n\t\t\t<p>\u0130zmir\u2019in Kuzey Aks\u0131: \u015eehirler Neden Kuzeye B\u00fcy\u00fcr? \u015eehirle\u015fme tarihinde yaz\u0131l\u0131 olmayan ancak s\u0131k\u00e7a kar\u015f\u0131m\u0131za \u00e7\u0131kan bir kural vard\u0131r: &#8220;\u015eehirler daima<\/p>\n\t\t<\/div>\n\t\t\n\t\t<a class=\"elementor-post__read-more\" href=\"https:\/\/profaj.co\/gurkayalar2\/izmirin-kuzey-aksi-sehirler-neden-kuzeye-buyur\/\" aria-label=\"Read more about \u0130zmir\u2019in Kuzey Aks\u0131: \u015eehirler Neden Kuzeye B\u00fcy\u00fcr?\" tabindex=\"-1\" >\n\t\t\tDevam\u0131n\u0131 \u0130ncele \u00bb\t\t<\/a>\n\n\t\t\t\t<\/div>\n\t\t\t\t<\/article>\n\t\t\t\t<article class=\"elementor-post elementor-grid-item post-280 post type-post status-publish format-standard has-post-thumbnail hentry category-uncategorized\" role=\"listitem\">\n\t\t\t\t<a class=\"elementor-post__thumbnail__link\" href=\"https:\/\/profaj.co\/gurkayalar2\/gurkayalar-insaattan-yeni-proje-tema-bitti-konsept-basladi\/\" tabindex=\"-1\" >\n\t\t\t<div class=\"elementor-post__thumbnail\"><img loading=\"lazy\" decoding=\"async\" width=\"1200\" height=\"600\" src=\"https:\/\/profaj.co\/gurkayalar2\/wp-content\/uploads\/2026\/05\/gurkayalar-insaattan-yeni-proje.webp\" class=\"attachment-full size-full wp-image-281\" alt=\"\" srcset=\"https:\/\/profaj.co\/gurkayalar2\/wp-content\/uploads\/2026\/05\/gurkayalar-insaattan-yeni-proje.webp 1200w, https:\/\/profaj.co\/gurkayalar2\/wp-content\/uploads\/2026\/05\/gurkayalar-insaattan-yeni-proje-300x150.webp 300w, https:\/\/profaj.co\/gurkayalar2\/wp-content\/uploads\/2026\/05\/gurkayalar-insaattan-yeni-proje-1024x512.webp 1024w, https:\/\/profaj.co\/gurkayalar2\/wp-content\/uploads\/2026\/05\/gurkayalar-insaattan-yeni-proje-768x384.webp 768w\" sizes=\"(max-width: 1200px) 100vw, 1200px\" \/><\/div>\n\t\t<\/a>\n\t\t\t\t<div class=\"elementor-post__text\">\n\t\t\t\t<h3 class=\"elementor-post__title\">\n\t\t\t<a href=\"https:\/\/profaj.co\/gurkayalar2\/gurkayalar-insaattan-yeni-proje-tema-bitti-konsept-basladi\/\" >\n\t\t\t\tG\u00fcrkayalar \u0130n\u015faat\u2019tan Yeni Proje: Tema Bitti, Konsept Ba\u015flad\u0131\t\t\t<\/a>\n\t\t<\/h3>\n\t\t\t\t<div class=\"elementor-post__excerpt\">\n\t\t\t<p>G\u00fcrkayalar Tema projesinin in\u015faat\u0131n\u0131 y\u00fczde 95 oran\u0131nda tamamlayan G\u00fcrkayalar \u0130n\u015faat, yan parselde yeni bir projeye ba\u015flad\u0131. 98 konuttan olu\u015fan G\u00fcrkayalar<\/p>\n\t\t<\/div>\n\t\t\n\t\t<a class=\"elementor-post__read-more\" href=\"https:\/\/profaj.co\/gurkayalar2\/gurkayalar-insaattan-yeni-proje-tema-bitti-konsept-basladi\/\" aria-label=\"Read more about G\u00fcrkayalar \u0130n\u015faat\u2019tan Yeni Proje: Tema Bitti, Konsept Ba\u015flad\u0131\" tabindex=\"-1\" >\n\t\t\tDevam\u0131n\u0131 \u0130ncele \u00bb\t\t<\/a>\n\n\t\t\t\t<\/div>\n\t\t\t\t<\/article>\n\t\t\t\t<article class=\"elementor-post elementor-grid-item post-1 post type-post status-publish format-standard has-post-thumbnail hentry category-uncategorized\" role=\"listitem\">\n\t\t\t\t<a class=\"elementor-post__thumbnail__link\" href=\"https:\/\/profaj.co\/gurkayalar2\/gurkayalar-temada-yasam-basladi\/\" tabindex=\"-1\" >\n\t\t\t<div class=\"elementor-post__thumbnail\"><img loading=\"lazy\" decoding=\"async\" width=\"1200\" height=\"600\" src=\"https:\/\/profaj.co\/gurkayalar2\/wp-content\/uploads\/2026\/04\/gurkayalar-temada-yasam-basladi.webp\" class=\"attachment-full size-full wp-image-278\" alt=\"\" srcset=\"https:\/\/profaj.co\/gurkayalar2\/wp-content\/uploads\/2026\/04\/gurkayalar-temada-yasam-basladi.webp 1200w, https:\/\/profaj.co\/gurkayalar2\/wp-content\/uploads\/2026\/04\/gurkayalar-temada-yasam-basladi-300x150.webp 300w, https:\/\/profaj.co\/gurkayalar2\/wp-content\/uploads\/2026\/04\/gurkayalar-temada-yasam-basladi-1024x512.webp 1024w, https:\/\/profaj.co\/gurkayalar2\/wp-content\/uploads\/2026\/04\/gurkayalar-temada-yasam-basladi-768x384.webp 768w\" sizes=\"(max-width: 1200px) 100vw, 1200px\" \/><\/div>\n\t\t<\/a>\n\t\t\t\t<div class=\"elementor-post__text\">\n\t\t\t\t<h3 class=\"elementor-post__title\">\n\t\t\t<a href=\"https:\/\/profaj.co\/gurkayalar2\/gurkayalar-temada-yasam-basladi\/\" >\n\t\t\t\tG\u00fcrkayalar Tema&#8217;da Ya\u015fam Ba\u015flad\u0131\t\t\t<\/a>\n\t\t<\/h3>\n\t\t\t\t<div class=\"elementor-post__excerpt\">\n\t\t\t<p>G\u00fcrkayalar \u0130n\u015faat imzas\u0131yla Menemen Koyundere&#8217;de hayata ge\u00e7irilen G\u00fcrkayalar Tema projesinde ya\u015fam ba\u015flad\u0131. Sat\u0131\u015flar\u0131n y\u00fczde 40 oran\u0131nda tamamland\u0131\u011f\u0131 projede 0,69 faiz<\/p>\n\t\t<\/div>\n\t\t\n\t\t<a class=\"elementor-post__read-more\" href=\"https:\/\/profaj.co\/gurkayalar2\/gurkayalar-temada-yasam-basladi\/\" aria-label=\"Read more about G\u00fcrkayalar Tema&#8217;da Ya\u015fam Ba\u015flad\u0131\" tabindex=\"-1\" >\n\t\t\tDevam\u0131n\u0131 \u0130ncele \u00bb\t\t<\/a>\n\n\t\t\t\t<\/div>\n\t\t\t\t<\/article>\n\t\t\t\t<\/div>\n\t\t\n\t\t\t\t\t\t<\/div>\n\t\t\t\t<\/div>\n\t\t\t\t<\/div>\n\t\t\t\t\t<\/div>\n\t\t\t\t<\/div>\n\t\t\t\t<\/div>\n\t\t","protected":false},"excerpt":{"rendered":"<p>Anasayfa \/<\/p>\n","protected":false},"author":1,"featured_media":0,"parent":0,"menu_order":0,"comment_status":"closed","ping_status":"closed","template":"","meta":{"_acf_changed":false,"footnotes":""},"class_list":["post-286","page","type-page","status-publish","hentry"],"acf":[],"_links":{"self":[{"href":"https:\/\/profaj.co\/gurkayalar2\/wp-json\/wp\/v2\/pages\/286","targetHints":{"allow":["GET"]}}],"collection":[{"href":"https:\/\/profaj.co\/gurkayalar2\/wp-json\/wp\/v2\/pages"}],"about":[{"href":"https:\/\/profaj.co\/gurkayalar2\/wp-json\/wp\/v2\/types\/page"}],"author":[{"embeddable":true,"href":"https:\/\/profaj.co\/gurkayalar2\/wp-json\/wp\/v2\/users\/1"}],"replies":[{"embeddable":true,"href":"https:\/\/profaj.co\/gurkayalar2\/wp-json\/wp\/v2\/comments?post=286"}],"version-history":[{"count":13,"href":"https:\/\/profaj.co\/gurkayalar2\/wp-json\/wp\/v2\/pages\/286\/revisions"}],"predecessor-version":[{"id":769,"href":"https:\/\/profaj.co\/gurkayalar2\/wp-json\/wp\/v2\/pages\/286\/revisions\/769"}],"wp:attachment":[{"href":"https:\/\/profaj.co\/gurkayalar2\/wp-json\/wp\/v2\/media?parent=286"}],"curies":[{"name":"wp","href":"https:\/\/api.w.org\/{rel}","templated":true}]}}