{"id":19313,"date":"2022-11-17T09:28:51","date_gmt":"2022-11-17T09:28:51","guid":{"rendered":"https:\/\/profaj.co\/hemenforklift\/?page_id=19313"},"modified":"2023-02-09T11:44:41","modified_gmt":"2023-02-09T11:44:41","slug":"portfolio-carousel","status":"publish","type":"page","link":"https:\/\/profaj.co\/hemenforklift\/portfolio-carousel\/","title":{"rendered":"<i>Portfolio &#8211; Carousel<\/i>"},"content":{"rendered":"\t\t<div data-elementor-type=\"wp-page\" data-elementor-id=\"19313\" class=\"elementor elementor-19313\" data-elementor-post-type=\"page\">\n\t\t\t\t\t\t<section class=\"elementor-section elementor-top-section elementor-element elementor-element-3bc2c0a elementor-section-full_width elementor-section-height-default elementor-section-height-default sc_fly_static\" data-id=\"3bc2c0a\" data-element_type=\"section\">\n\t\t\t\t\t\t<div class=\"elementor-container elementor-column-gap-no\">\n\t\t\t\t\t<div class=\"elementor-column elementor-col-100 elementor-top-column elementor-element elementor-element-a7ee480 sc_inner_width_none sc_content_align_inherit sc_layouts_column_icons_position_left sc_fly_static\" data-id=\"a7ee480\" data-element_type=\"column\">\n\t\t\t<div class=\"elementor-widget-wrap elementor-element-populated\">\n\t\t\t\t\t\t<div class=\"elementor-element elementor-element-4802d032 small_padding sc_fly_static elementor-widget elementor-widget-trx_widget_slider\" data-id=\"4802d032\" data-element_type=\"widget\" data-widget_type=\"trx_widget_slider.default\">\n\t\t\t\t<div class=\"elementor-widget-container\">\n\t\t\t<div class=\"widget_area sc_widget_slider\"><aside class=\"widget widget_slider\">\t\t\t<div class=\"slider_wrap slider_engine_swiper\">\n\t\t\t\t<div class=\"slider_outer slider_swiper_outer slider_style_default slider_source_posts_cpt_layouts slider_outer_direction_horizontal slider_outer_one slider_outer_nopagination slider_outer_nocontrols slider_outer_centered slider_outer_overflow_visible slider_outer_notitles slider_outer_height_auto\"><div class=\"slider_container slider_swiper swiper-slider-container slider_direction_horizontal slider_nopagination slider_one slider_type_text slider_nocontrols slider_centered slider_overflow_visible slider_notitles slider_noresize slider_swipe slider_height_auto\" data-interval=\"7000\" data-speed=\"600\" data-effect=\"slide\" data-pagination=\"bullets\" data-direction=\"horizontal\" data-slides-per-view=\"1\" data-slides-space=\"0\" data-slides-parallax=\"0\" data-slides-centered=\"1\" data-slides-overflow=\"1\" data-mouse-wheel=\"0\" data-autoplay=\"0\" data-loop=\"1\" data-free-mode=\"1\" data-slides-min-width=\"220\"><div class=\"slider-wrapper swiper-wrapper\"><div  class=\"slider-slide swiper-slide with_content\" data-cats=\"&lt;a href=&quot;https:\/\/profaj.co\/hemenforklift\/layouts_group\/portfolio\/&quot; title=&quot;View all posts in portfolio&quot;&gt;portfolio&lt;\/a&gt;\" data-title=\"Portfolio Custom Layout Slider\" data-date=\"Kas\u0131m 22, 2022\" style=\"\"><div class=\"slide_content\"><div \t\tclass=\"sc_layouts sc_layouts_default sc_layouts_20298\"\n\t\tdata-delay=\"0\"\n\t\t>\t\t<div data-elementor-type=\"cpt_layouts\" data-elementor-id=\"20298\" class=\"elementor elementor-20298\" data-elementor-post-type=\"cpt_layouts\">\n\t\t\t\t\t\t<section class=\"elementor-section elementor-top-section elementor-element elementor-element-32557dc4 elementor-section-full_width elementor-section-height-default elementor-section-height-default sc_fly_static\" data-id=\"32557dc4\" data-element_type=\"section\">\n\t\t\t\t\t\t<div class=\"elementor-container elementor-column-gap-no\">\n\t\t\t\t\t<div class=\"elementor-column elementor-col-100 elementor-top-column elementor-element elementor-element-49319dad sc_inner_width_none sc_content_align_inherit sc_layouts_column_icons_position_left sc_fly_static\" data-id=\"49319dad\" data-element_type=\"column\">\n\t\t\t<div class=\"elementor-widget-wrap elementor-element-populated\">\n\t\t\t\t\t\t<div class=\"elementor-element elementor-element-6a13fd3b sc_fly_static elementor-widget elementor-widget-trx_sc_portfolio\" data-id=\"6a13fd3b\" data-element_type=\"widget\" data-widget_type=\"trx_sc_portfolio.default\">\n\t\t\t\t<div class=\"elementor-widget-container\">\n\t\t\t<div \t\tclass=\"sc_portfolio sc_portfolio_fill\"><div class=\"sc_portfolio_columns_wrap sc_item_columns sc_item_posts_container trx_addons_columns_wrap columns_padding_bottom grid_wrap_1 columns_in_single_row\"><div data-post-id=\"24273\" class=\"sc_portfolio_item sc_item_container post_container\"\r\n\t\tdata-size=\"1100x1000\"\r\n\tdata-src=\"https:\/\/profaj.co\/hemenforklift\/wp-content\/uploads\/2024\/06\/akulu-istif-makinalari-2.jpg\"\r\n\t>\r\n\t<div class=\"post_featured with_thumb hover_info sc_portfolio_item_thumb post_featured_bg\"><span class=\"post_thumb post_thumb_bg bg_in soleil_inline_1606706905\"><\/span>\t\t\t\t\t\t<div class=\"mask\"><\/div>\n\t\t\t\t\t\t<a href=\"https:\/\/profaj.co\/hemenforklift\/portfolio\/akulu-istif-makinalari\/\"><\/a><div class=\"post_info\"><h5 class=\"post_title\"><a href=\"https:\/\/profaj.co\/hemenforklift\/portfolio\/akulu-istif-makinalari\/\">Ak\u00fcl\u00fc \u0130stif Makinalar\u0131<\/a><\/h5><div class=\"post_meta\"><span class=\"post_meta_item post_categories cat_sep\"><a href=\"https:\/\/profaj.co\/hemenforklift\/portfolio_group\/akulu-istif-makinalari\/\" title=\"View all posts in Ak\u00fcl\u00fc \u0130stif Makinalar\u0131\">Ak\u00fcl\u00fc \u0130stif Makinalar\u0131<\/a><\/span><\/div><\/div><\/div>\t\r\n<\/div><\/div><\/div>\t\t<\/div>\n\t\t\t\t<\/div>\n\t\t\t\t\t<\/div>\n\t\t<\/div>\n\t\t\t\t\t<\/div>\n\t\t<\/section>\n\t\t\t\t<\/div>\n\t\t<\/div><\/div><\/div><div  class=\"slider-slide swiper-slide with_content\" data-cats=\"&lt;a href=&quot;https:\/\/profaj.co\/hemenforklift\/layouts_group\/portfolio\/&quot; title=&quot;View all posts in portfolio&quot;&gt;portfolio&lt;\/a&gt;\" data-title=\"Portfolio Custom Layout Slider 2\" data-date=\"Kas\u0131m 22, 2022\" style=\"\"><div class=\"slide_content\"><div \t\tclass=\"sc_layouts sc_layouts_default sc_layouts_20300\"\n\t\tdata-delay=\"0\"\n\t\t>\t\t<div data-elementor-type=\"cpt_layouts\" data-elementor-id=\"20300\" class=\"elementor elementor-20300\" data-elementor-post-type=\"cpt_layouts\">\n\t\t\t\t\t\t<section class=\"elementor-section elementor-top-section elementor-element elementor-element-167a3c9a elementor-section-full_width elementor-section-height-default elementor-section-height-default sc_fly_static\" data-id=\"167a3c9a\" data-element_type=\"section\">\n\t\t\t\t\t\t<div class=\"elementor-container elementor-column-gap-no\">\n\t\t\t\t\t<div class=\"elementor-column elementor-col-100 elementor-top-column elementor-element elementor-element-5373b748 sc_inner_width_none sc_content_align_inherit sc_layouts_column_icons_position_left sc_fly_static\" data-id=\"5373b748\" data-element_type=\"column\">\n\t\t\t<div class=\"elementor-widget-wrap elementor-element-populated\">\n\t\t\t\t\t\t\t<\/div>\n\t\t<\/div>\n\t\t\t\t\t<\/div>\n\t\t<\/section>\n\t\t\t\t<\/div>\n\t\t<\/div><\/div><\/div><div  class=\"slider-slide swiper-slide with_content\" data-cats=\"&lt;a href=&quot;https:\/\/profaj.co\/hemenforklift\/layouts_group\/portfolio\/&quot; title=&quot;View all posts in portfolio&quot;&gt;portfolio&lt;\/a&gt;\" data-title=\"Portfolio Custom Layout Slider 3\" data-date=\"Kas\u0131m 22, 2022\" style=\"\"><div class=\"slide_content\"><div \t\tclass=\"sc_layouts sc_layouts_default sc_layouts_20299\"\n\t\tdata-delay=\"0\"\n\t\t>\t\t<div data-elementor-type=\"cpt_layouts\" data-elementor-id=\"20299\" class=\"elementor elementor-20299\" data-elementor-post-type=\"cpt_layouts\">\n\t\t\t\t\t\t<section class=\"elementor-section elementor-top-section elementor-element elementor-element-16291c70 elementor-section-full_width elementor-section-height-default elementor-section-height-default sc_fly_static\" data-id=\"16291c70\" data-element_type=\"section\">\n\t\t\t\t\t\t<div class=\"elementor-container elementor-column-gap-no\">\n\t\t\t\t\t<div class=\"elementor-column elementor-col-100 elementor-top-column elementor-element elementor-element-7f235428 sc_inner_width_none sc_content_align_inherit sc_layouts_column_icons_position_left sc_fly_static\" data-id=\"7f235428\" data-element_type=\"column\">\n\t\t\t<div class=\"elementor-widget-wrap elementor-element-populated\">\n\t\t\t\t\t\t<div class=\"elementor-element elementor-element-7b890d2a sc_fly_static elementor-widget elementor-widget-trx_sc_portfolio\" data-id=\"7b890d2a\" data-element_type=\"widget\" data-widget_type=\"trx_sc_portfolio.default\">\n\t\t\t\t<div class=\"elementor-widget-container\">\n\t\t\t<div \t\tclass=\"sc_portfolio sc_portfolio_fill\"><div class=\"sc_portfolio_columns_wrap sc_item_columns sc_item_posts_container trx_addons_columns_wrap columns_padding_bottom grid_wrap_3 columns_in_single_row\"><div data-post-id=\"24274\" class=\"sc_portfolio_item sc_item_container post_container\"\r\n\t\tdata-size=\"1100x1000\"\r\n\tdata-src=\"https:\/\/profaj.co\/hemenforklift\/wp-content\/uploads\/2024\/06\/denge-agirlikli-istifleme-2.jpg\"\r\n\t>\r\n\t<div class=\"post_featured with_thumb hover_info sc_portfolio_item_thumb post_featured_bg\"><span class=\"post_thumb post_thumb_bg bg_in soleil_inline_1898512514\"><\/span>\t\t\t\t\t\t<div class=\"mask\"><\/div>\n\t\t\t\t\t\t<a href=\"https:\/\/profaj.co\/hemenforklift\/portfolio\/denge-agirlikli-istif-makinalari\/\"><\/a><div class=\"post_info\"><h5 class=\"post_title\"><a href=\"https:\/\/profaj.co\/hemenforklift\/portfolio\/denge-agirlikli-istif-makinalari\/\">Denge A\u011f\u0131rl\u0131kl\u0131 \u0130stif Makinalar\u0131<\/a><\/h5><div class=\"post_meta\"><span class=\"post_meta_item post_categories cat_sep\"><a href=\"https:\/\/profaj.co\/hemenforklift\/portfolio_group\/denge-agirlikli-istif-makinalari\/\" title=\"View all posts in Denge A\u011f\u0131rl\u0131kl\u0131 \u0130stif Makinalar\u0131\">Denge A\u011f\u0131rl\u0131kl\u0131 \u0130stif Makinalar\u0131<\/a><\/span><\/div><\/div><\/div>\t\r\n<\/div><div data-post-id=\"24273\" class=\"sc_portfolio_item sc_item_container post_container\"\r\n\t\tdata-size=\"1100x1000\"\r\n\tdata-src=\"https:\/\/profaj.co\/hemenforklift\/wp-content\/uploads\/2024\/06\/akulu-istif-makinalari-2.jpg\"\r\n\t>\r\n\t<div class=\"post_featured with_thumb hover_info sc_portfolio_item_thumb post_featured_bg\"><span class=\"post_thumb post_thumb_bg bg_in soleil_inline_1083059951\"><\/span>\t\t\t\t\t\t<div class=\"mask\"><\/div>\n\t\t\t\t\t\t<a href=\"https:\/\/profaj.co\/hemenforklift\/portfolio\/akulu-istif-makinalari\/\"><\/a><div class=\"post_info\"><h5 class=\"post_title\"><a href=\"https:\/\/profaj.co\/hemenforklift\/portfolio\/akulu-istif-makinalari\/\">Ak\u00fcl\u00fc \u0130stif Makinalar\u0131<\/a><\/h5><div class=\"post_meta\"><span class=\"post_meta_item post_categories cat_sep\"><a href=\"https:\/\/profaj.co\/hemenforklift\/portfolio_group\/akulu-istif-makinalari\/\" title=\"View all posts in Ak\u00fcl\u00fc \u0130stif Makinalar\u0131\">Ak\u00fcl\u00fc \u0130stif Makinalar\u0131<\/a><\/span><\/div><\/div><\/div>\t\r\n<\/div><div data-post-id=\"24275\" class=\"sc_portfolio_item sc_item_container post_container\"\r\n\t\tdata-size=\"1100x1000\"\r\n\tdata-src=\"https:\/\/profaj.co\/hemenforklift\/wp-content\/uploads\/2024\/06\/dizel-forklift-2.jpg\"\r\n\t>\r\n\t<div class=\"post_featured with_thumb hover_info sc_portfolio_item_thumb post_featured_bg\"><span class=\"post_thumb post_thumb_bg bg_in soleil_inline_2043841610\"><\/span>\t\t\t\t\t\t<div class=\"mask\"><\/div>\n\t\t\t\t\t\t<a href=\"https:\/\/profaj.co\/hemenforklift\/portfolio\/dizel-forkliftler\/\"><\/a><div class=\"post_info\"><h5 class=\"post_title\"><a href=\"https:\/\/profaj.co\/hemenforklift\/portfolio\/dizel-forkliftler\/\">Dizel Forkliftler<\/a><\/h5><div class=\"post_meta\"><span class=\"post_meta_item post_categories cat_sep\"><a href=\"https:\/\/profaj.co\/hemenforklift\/portfolio_group\/dizel-forkliftler\/\" title=\"View all posts in Dizel Forkliftler\">Dizel Forkliftler<\/a><\/span><\/div><\/div><\/div>\t\r\n<\/div><\/div><\/div>\t\t<\/div>\n\t\t\t\t<\/div>\n\t\t\t\t\t<\/div>\n\t\t<\/div>\n\t\t\t\t\t<\/div>\n\t\t<\/section>\n\t\t\t\t<\/div>\n\t\t<\/div><\/div><\/div><\/div><\/div><\/div>\t\t\t<\/div>\n\t\t\t<\/aside><\/div>\t\t<\/div>\n\t\t\t\t<\/div>\n\t\t\t\t\t<\/div>\n\t\t<\/div>\n\t\t\t\t\t<\/div>\n\t\t<\/section>\n\t\t\t\t<\/div>\n\t\t","protected":false},"excerpt":{"rendered":"<p>Highland Energy Center Green Power Windy Point Farm Green Power Waverly Wind Farm Green Power Rim Rock Wind Farm Green Power Mount Storm Wind Farm Green Power Klondike Solar Green&hellip;<\/p>\n","protected":false},"author":1,"featured_media":0,"parent":0,"menu_order":0,"comment_status":"closed","ping_status":"closed","template":"","meta":{"_acf_changed":false,"footnotes":""},"class_list":["post-19313","page","type-page","status-publish","hentry"],"acf":[],"_links":{"self":[{"href":"https:\/\/profaj.co\/hemenforklift\/wp-json\/wp\/v2\/pages\/19313","targetHints":{"allow":["GET"]}}],"collection":[{"href":"https:\/\/profaj.co\/hemenforklift\/wp-json\/wp\/v2\/pages"}],"about":[{"href":"https:\/\/profaj.co\/hemenforklift\/wp-json\/wp\/v2\/types\/page"}],"author":[{"embeddable":true,"href":"https:\/\/profaj.co\/hemenforklift\/wp-json\/wp\/v2\/users\/1"}],"replies":[{"embeddable":true,"href":"https:\/\/profaj.co\/hemenforklift\/wp-json\/wp\/v2\/comments?post=19313"}],"version-history":[{"count":0,"href":"https:\/\/profaj.co\/hemenforklift\/wp-json\/wp\/v2\/pages\/19313\/revisions"}],"wp:attachment":[{"href":"https:\/\/profaj.co\/hemenforklift\/wp-json\/wp\/v2\/media?parent=19313"}],"curies":[{"name":"wp","href":"https:\/\/api.w.org\/{rel}","templated":true}]}}