{"id":2177,"date":"2023-05-11T08:12:03","date_gmt":"2023-05-11T08:12:03","guid":{"rendered":"https:\/\/profaj.co\/icu\/?page_id=2177"},"modified":"2023-05-11T08:42:35","modified_gmt":"2023-05-11T08:42:35","slug":"ozel-durum-aciklamalari-2019","status":"publish","type":"page","link":"https:\/\/profaj.co\/icu\/ozel-durum-aciklamalari-2019\/","title":{"rendered":"\u00d6zel Durum A\u00e7\u0131klamalar\u0131 2019"},"content":{"rendered":"\t\t<div data-elementor-type=\"wp-page\" data-elementor-id=\"2177\" class=\"elementor elementor-2177\">\n\t\t\t\t\t\t\t\t\t<section class=\"elementor-section elementor-top-section elementor-element elementor-element-249d52f elementor-section-boxed elementor-section-height-default elementor-section-height-default\" data-id=\"249d52f\" data-element_type=\"section\" data-settings=\"{&quot;background_background&quot;:&quot;classic&quot;}\">\n\t\t\t\t\t\t\t<div class=\"elementor-background-overlay\"><\/div>\n\t\t\t\t\t\t\t<div class=\"elementor-container elementor-column-gap-default\">\n\t\t\t\t\t<div class=\"elementor-column elementor-col-100 elementor-top-column elementor-element elementor-element-b24bc93\" data-id=\"b24bc93\" data-element_type=\"column\">\n\t\t\t<div class=\"elementor-widget-wrap\">\n\t\t\t\t\t\t\t\t\t<\/div>\n\t\t<\/div>\n\t\t\t\t\t\t\t<\/div>\n\t\t<\/section>\n\t\t\t\t<section class=\"elementor-section elementor-top-section elementor-element elementor-element-27a48f0f elementor-section-height-min-height elementor-section-content-middle elementor-section-boxed elementor-section-height-default elementor-section-items-middle\" data-id=\"27a48f0f\" data-element_type=\"section\">\n\t\t\t\t\t\t<div class=\"elementor-container elementor-column-gap-no\">\n\t\t\t\t\t<div class=\"elementor-column elementor-col-100 elementor-top-column elementor-element elementor-element-60260a57\" data-id=\"60260a57\" data-element_type=\"column\">\n\t\t\t<div class=\"elementor-widget-wrap elementor-element-populated\">\n\t\t\t\t\t\t\t\t<div class=\"elementor-element elementor-element-9d49e56 elementor-widget elementor-widget-heading\" data-id=\"9d49e56\" data-element_type=\"widget\" data-widget_type=\"heading.default\">\n\t\t\t\t<div class=\"elementor-widget-container\">\n\t\t\t<style>\/*! elementor - v3.12.1 - 02-04-2023 *\/\n.elementor-heading-title{padding:0;margin:0;line-height:1}.elementor-widget-heading .elementor-heading-title[class*=elementor-size-]>a{color:inherit;font-size:inherit;line-height:inherit}.elementor-widget-heading .elementor-heading-title.elementor-size-small{font-size:15px}.elementor-widget-heading .elementor-heading-title.elementor-size-medium{font-size:19px}.elementor-widget-heading .elementor-heading-title.elementor-size-large{font-size:29px}.elementor-widget-heading .elementor-heading-title.elementor-size-xl{font-size:39px}.elementor-widget-heading .elementor-heading-title.elementor-size-xxl{font-size:59px}<\/style><h1 class=\"elementor-heading-title elementor-size-default\">\u00d6zel Durumlar<\/h1>\t\t<\/div>\n\t\t\t\t<\/div>\n\t\t\t\t\t<\/div>\n\t\t<\/div>\n\t\t\t\t\t\t\t<\/div>\n\t\t<\/section>\n\t\t\t\t<section class=\"elementor-section elementor-top-section elementor-element elementor-element-bc419ee elementor-section-boxed elementor-section-height-default elementor-section-height-default\" data-id=\"bc419ee\" data-element_type=\"section\">\n\t\t\t\t\t\t<div class=\"elementor-container elementor-column-gap-default\">\n\t\t\t\t\t<div class=\"elementor-column elementor-col-100 elementor-top-column elementor-element elementor-element-9c05ffb\" data-id=\"9c05ffb\" data-element_type=\"column\">\n\t\t\t<div class=\"elementor-widget-wrap elementor-element-populated\">\n\t\t\t\t\t\t\t\t<div class=\"elementor-element elementor-element-1d0d67b elementor-widget elementor-widget-heading\" data-id=\"1d0d67b\" data-element_type=\"widget\" data-widget_type=\"heading.default\">\n\t\t\t\t<div class=\"elementor-widget-container\">\n\t\t\t<h2 class=\"elementor-heading-title elementor-size-default\">\u00d6zel Durum A\u00e7\u0131klamalar\u0131 2019<\/h2>\t\t<\/div>\n\t\t\t\t<\/div>\n\t\t\t\t<div class=\"elementor-element elementor-element-88aeda4 elementor-icon-list--layout-traditional elementor-list-item-link-full_width elementor-widget elementor-widget-icon-list\" data-id=\"88aeda4\" data-element_type=\"widget\" data-widget_type=\"icon-list.default\">\n\t\t\t\t<div class=\"elementor-widget-container\">\n\t\t\t<link rel=\"stylesheet\" href=\"https:\/\/profaj.co\/icu\/wp-content\/plugins\/elementor\/assets\/css\/widget-icon-list.min.css\">\t\t<ul class=\"elementor-icon-list-items\">\n\t\t\t\t\t\t\t<li class=\"elementor-icon-list-item\">\n\t\t\t\t\t\t\t\t\t\t\t<a href=\"https:\/\/profaj.co\/icu\/wp-content\/uploads\/2023\/05\/01.ozel-durum-11.01.2019-_irket-Genel-Mueduer-atamas_-hk.da_.pdf\">\n\n\t\t\t\t\t\t\t\t\t\t\t\t<span class=\"elementor-icon-list-icon\">\n\t\t\t\t\t\t\t<i aria-hidden=\"true\" class=\"far fa-file-pdf\"><\/i>\t\t\t\t\t\t<\/span>\n\t\t\t\t\t\t\t\t\t\t<span class=\"elementor-icon-list-text\">01.ozel durum (11.01.2019) \u015eirket Genel M\u00fcd\u00fcr atamas\u0131 hk.da<\/span>\n\t\t\t\t\t\t\t\t\t\t\t<\/a>\n\t\t\t\t\t\t\t\t\t<\/li>\n\t\t\t\t\t\t\t\t<li class=\"elementor-icon-list-item\">\n\t\t\t\t\t\t\t\t\t\t\t<a href=\"https:\/\/profaj.co\/icu\/wp-content\/uploads\/2023\/05\/2.oez_.dur_.-Tasf.-hal.-Marferi-Ferib.Denizc.San_.ve-Tic.-A._._nin-TTSG_deki-terkini-sonras_nda-Vergi-dairesinden-c_k_-hk.da_.pdf\">\n\n\t\t\t\t\t\t\t\t\t\t\t\t<span class=\"elementor-icon-list-icon\">\n\t\t\t\t\t\t\t<i aria-hidden=\"true\" class=\"far fa-file-pdf\"><\/i>\t\t\t\t\t\t<\/span>\n\t\t\t\t\t\t\t\t\t\t<span class=\"elementor-icon-list-text\">02.ozel durum (02.06.2020) S\u0327irketimiz taraf\u0131ndan Hollanda mahkemeleri nezdindeki hukuk su\u0308reci hakk\u0131nda<\/span>\n\t\t\t\t\t\t\t\t\t\t\t<\/a>\n\t\t\t\t\t\t\t\t\t<\/li>\n\t\t\t\t\t\t\t\t<li class=\"elementor-icon-list-item\">\n\t\t\t\t\t\t\t\t\t\t\t<a href=\"https:\/\/profaj.co\/icu\/wp-content\/uploads\/2023\/05\/3.oz_.dur_.-31.01.19mevcut-kay_tl_-sermaye-tavan_n_n-5-y_l-gecerli-olacak-_ekilde-devam_na-ili_kin-talebi-SPK_na-gerekli-izinl.-al_nmas_-amac_yla-ba_v.-yap_lm.-hk.pdf\">\n\n\t\t\t\t\t\t\t\t\t\t\t\t<span class=\"elementor-icon-list-icon\">\n\t\t\t\t\t\t\t<i aria-hidden=\"true\" class=\"far fa-file-pdf\"><\/i>\t\t\t\t\t\t<\/span>\n\t\t\t\t\t\t\t\t\t\t<span class=\"elementor-icon-list-text\">3.oz.dur. (31.01.19)mevcut kay\u0131tl\u0131 sermaye tavan\u0131n\u0131n 5 y\u0131l ge\u00e7erli olacak \u015fekilde devam\u0131na ili\u015fkin talebi SPK'na gerekli izinl. al\u0131nmas\u0131 amac\u0131yla ba\u015fv. yap\u0131lm. hk.<\/span>\n\t\t\t\t\t\t\t\t\t\t\t<\/a>\n\t\t\t\t\t\t\t\t\t<\/li>\n\t\t\t\t\t\t\t\t<li class=\"elementor-icon-list-item\">\n\t\t\t\t\t\t\t\t\t\t\t<a href=\"https:\/\/profaj.co\/icu\/wp-content\/uploads\/2023\/05\/4.oz_.dur_.-01.02.19-Mevcut-kay_tl_-sermaye-tavan_n_n-5-y_l-gecerli-olacak-_ekilde-devam_na-ili_kin-talebimiz-ile-SPK_ya-ba_vuru.pdf\">\n\n\t\t\t\t\t\t\t\t\t\t\t\t<span class=\"elementor-icon-list-icon\">\n\t\t\t\t\t\t\t<i aria-hidden=\"true\" class=\"far fa-file-pdf\"><\/i>\t\t\t\t\t\t<\/span>\n\t\t\t\t\t\t\t\t\t\t<span class=\"elementor-icon-list-text\">4.oz.dur. (01.02.19) Mevcut kay\u0131tl\u0131 sermaye tavan\u0131n\u0131n 5 y\u0131l ge\u00e7erli olacak \u015fekilde devam\u0131na ili\u015fkin talebimiz ile SPK'ya ba\u015fvuru<\/span>\n\t\t\t\t\t\t\t\t\t\t\t<\/a>\n\t\t\t\t\t\t\t\t\t<\/li>\n\t\t\t\t\t\t\t\t<li class=\"elementor-icon-list-item\">\n\t\t\t\t\t\t\t\t\t\t\t<a href=\"https:\/\/profaj.co\/icu\/wp-content\/uploads\/2023\/05\/5.oz_.dur_.12.02.19-Mevcut-kay_tl_-sermaye-tavan_n_n-5-y_l-gecerli-olacak-_ekilde-devam_na-ili_kin-talebimiz-SPK_nun-onay.pdf\">\n\n\t\t\t\t\t\t\t\t\t\t\t\t<span class=\"elementor-icon-list-icon\">\n\t\t\t\t\t\t\t<i aria-hidden=\"true\" class=\"far fa-file-pdf\"><\/i>\t\t\t\t\t\t<\/span>\n\t\t\t\t\t\t\t\t\t\t<span class=\"elementor-icon-list-text\">5.oz.dur.(12.02.19) Mevcut kay\u0131tl\u0131 sermaye tavan\u0131n\u0131n 5 y\u0131l ge\u00e7erli olacak \u015fekilde devam\u0131na ili\u015fkin talebimiz, SPK'nun onay\u0131<\/span>\n\t\t\t\t\t\t\t\t\t\t\t<\/a>\n\t\t\t\t\t\t\t\t\t<\/li>\n\t\t\t\t\t\t\t\t<li class=\"elementor-icon-list-item\">\n\t\t\t\t\t\t\t\t\t\t\t<a href=\"https:\/\/profaj.co\/icu\/wp-content\/uploads\/2023\/05\/6.oez_.-dur.12.02.19-Esas-Soezle_me-Tadil-Metni-_irket-Kay_tl_-Sermaye-Tavan_n_n-uzat_lmas_-ve-SPK-Onay_-hk.da_.pdf\">\n\n\t\t\t\t\t\t\t\t\t\t\t\t<span class=\"elementor-icon-list-icon\">\n\t\t\t\t\t\t\t<i aria-hidden=\"true\" class=\"far fa-file-pdf\"><\/i>\t\t\t\t\t\t<\/span>\n\t\t\t\t\t\t\t\t\t\t<span class=\"elementor-icon-list-text\">6.\u00f6z. dur.(12.02.19) Esas S\u00f6zle\u015fme Tadil Metni - \u015eirket Kay\u0131tl\u0131 Sermaye Tavan\u0131n\u0131n uzat\u0131lmas\u0131 ve SPK Onay\u0131 hk.da<\/span>\n\t\t\t\t\t\t\t\t\t\t\t<\/a>\n\t\t\t\t\t\t\t\t\t<\/li>\n\t\t\t\t\t\t\t\t<li class=\"elementor-icon-list-item\">\n\t\t\t\t\t\t\t\t\t\t\t<a href=\"https:\/\/profaj.co\/icu\/wp-content\/uploads\/2023\/05\/7.oz_.dur_.14.02.19_irket-Kay_tl_-Sermaye-Tavan_n_n-uzat_lmas_-ve-SPK-onay_-sonras_nda-TC.-Ticaret-Bakanl_na-ba_vuru-yap_lmas_-hk.d.pdf\">\n\n\t\t\t\t\t\t\t\t\t\t\t\t<span class=\"elementor-icon-list-icon\">\n\t\t\t\t\t\t\t<i aria-hidden=\"true\" class=\"far fa-file-pdf\"><\/i>\t\t\t\t\t\t<\/span>\n\t\t\t\t\t\t\t\t\t\t<span class=\"elementor-icon-list-text\">7.oz.dur.(14.02.19)\u015eirket Kay\u0131tl\u0131 Sermaye Tavan\u0131n\u0131n uzat\u0131lmas\u0131 ve SPK onay\u0131 sonras\u0131nda TC. Ticaret Bakanl\u0131\u011f\u0131na ba\u015fvuru yap\u0131lmas\u0131 hk.d<\/span>\n\t\t\t\t\t\t\t\t\t\t\t<\/a>\n\t\t\t\t\t\t\t\t\t<\/li>\n\t\t\t\t\t\t\t\t<li class=\"elementor-icon-list-item\">\n\t\t\t\t\t\t\t\t\t\t\t<a href=\"https:\/\/profaj.co\/icu\/wp-content\/uploads\/2023\/05\/8.oz_.-dur.-22.02.19-_irket-Kay_tl_-Sermaye-Tavan_n_n-uzat_lmas_-ve-SPK-onay_-sonras_nda-TC.-Ticaret-Bakanl_n_n-Onay_-hk.da_.pdf\">\n\n\t\t\t\t\t\t\t\t\t\t\t\t<span class=\"elementor-icon-list-icon\">\n\t\t\t\t\t\t\t<i aria-hidden=\"true\" class=\"far fa-file-pdf\"><\/i>\t\t\t\t\t\t<\/span>\n\t\t\t\t\t\t\t\t\t\t<span class=\"elementor-icon-list-text\">8.oz. dur. (22.02.19) \u015eirket Kay\u0131tl\u0131 Sermaye Tavan\u0131n\u0131n uzat\u0131lmas\u0131 ve SPK onay\u0131 sonras\u0131nda, TC. Ticaret Bakanl\u0131\u011f\u0131n\u0131n Onay\u0131 hk.da<\/span>\n\t\t\t\t\t\t\t\t\t\t\t<\/a>\n\t\t\t\t\t\t\t\t\t<\/li>\n\t\t\t\t\t\t\t\t<li class=\"elementor-icon-list-item\">\n\t\t\t\t\t\t\t\t\t\t\t<a href=\"https:\/\/profaj.co\/icu\/wp-content\/uploads\/2023\/05\/09.oz_.dur-04.03.2019-Yat_r_mc_-_li_kileri-Yoenetici-de_i_ikli_i-hk.da_.pdf\">\n\n\t\t\t\t\t\t\t\t\t\t\t\t<span class=\"elementor-icon-list-icon\">\n\t\t\t\t\t\t\t<i aria-hidden=\"true\" class=\"far fa-file-pdf\"><\/i>\t\t\t\t\t\t<\/span>\n\t\t\t\t\t\t\t\t\t\t<span class=\"elementor-icon-list-text\">09.oz.dur (04.03.2019) Yat\u0131r\u0131mc\u0131 \u0130li\u015fkileri Y\u00f6netici de\u011fi\u015fikli\u011fi hk.da<\/span>\n\t\t\t\t\t\t\t\t\t\t\t<\/a>\n\t\t\t\t\t\t\t\t\t<\/li>\n\t\t\t\t\t\t\t\t<li class=\"elementor-icon-list-item\">\n\t\t\t\t\t\t\t\t\t\t\t<a href=\"https:\/\/profaj.co\/icu\/wp-content\/uploads\/2023\/05\/10.oz-dur.-04.03.2019-Kurumsal-Yoenetim-Komitesi-Ueye-de_i_ikli_i-hk.da_.pdf\">\n\n\t\t\t\t\t\t\t\t\t\t\t\t<span class=\"elementor-icon-list-icon\">\n\t\t\t\t\t\t\t<i aria-hidden=\"true\" class=\"far fa-file-pdf\"><\/i>\t\t\t\t\t\t<\/span>\n\t\t\t\t\t\t\t\t\t\t<span class=\"elementor-icon-list-text\">10.oz dur. (04.03.2019) Kurumsal Y\u00f6netim Komitesi \u00dcye de\u011fi\u015fikli\u011fi hk.da<\/span>\n\t\t\t\t\t\t\t\t\t\t\t<\/a>\n\t\t\t\t\t\t\t\t\t<\/li>\n\t\t\t\t\t\t\t\t<li class=\"elementor-icon-list-item\">\n\t\t\t\t\t\t\t\t\t\t\t<a href=\"https:\/\/profaj.co\/icu\/wp-content\/uploads\/2023\/05\/11.oz_.dur_.-18.03.19-Halka-ac_k-olmayan-A-grubu-paylar_n-devrine-ili_kin-hisse-devir-soezle_mesinin-imzalanmas_-hk.da_.pdf\">\n\n\t\t\t\t\t\t\t\t\t\t\t\t<span class=\"elementor-icon-list-icon\">\n\t\t\t\t\t\t\t<i aria-hidden=\"true\" class=\"far fa-file-pdf\"><\/i>\t\t\t\t\t\t<\/span>\n\t\t\t\t\t\t\t\t\t\t<span class=\"elementor-icon-list-text\">11.oz.dur. (18.03.19) Halka a\u00e7\u0131k olmayan A grubu paylar\u0131n devrine ili\u015fkin hisse devir s\u00f6zle\u015fmesinin imzalanmas\u0131 hk.da<\/span>\n\t\t\t\t\t\t\t\t\t\t\t<\/a>\n\t\t\t\t\t\t\t\t\t<\/li>\n\t\t\t\t\t\t\t\t<li class=\"elementor-icon-list-item\">\n\t\t\t\t\t\t\t\t\t\t\t<a href=\"https:\/\/profaj.co\/icu\/wp-content\/uploads\/2023\/05\/12.oz_.dur-27.03.2019-Yat_r_mc_-_li_kileri-Yoenetici-de_i_ikli_i-hk.da-1.pdf\">\n\n\t\t\t\t\t\t\t\t\t\t\t\t<span class=\"elementor-icon-list-icon\">\n\t\t\t\t\t\t\t<i aria-hidden=\"true\" class=\"far fa-file-pdf\"><\/i>\t\t\t\t\t\t<\/span>\n\t\t\t\t\t\t\t\t\t\t<span class=\"elementor-icon-list-text\">12.oz.dur (27.03.2019) Yat\u0131r\u0131mc\u0131 \u0130li\u015fkileri Y\u00f6netici de\u011fi\u015fikli\u011fi hk.da<\/span>\n\t\t\t\t\t\t\t\t\t\t\t<\/a>\n\t\t\t\t\t\t\t\t\t<\/li>\n\t\t\t\t\t\t\t\t<li class=\"elementor-icon-list-item\">\n\t\t\t\t\t\t\t\t\t\t\t<a href=\"https:\/\/profaj.co\/icu\/wp-content\/uploads\/2023\/05\/13.oz-dur.-27.03.2019-Kurumsal-Yoenetim-Komitesi-Ueye-de_i_ikli_i-hk.da-1.pdf\">\n\n\t\t\t\t\t\t\t\t\t\t\t\t<span class=\"elementor-icon-list-icon\">\n\t\t\t\t\t\t\t<i aria-hidden=\"true\" class=\"far fa-file-pdf\"><\/i>\t\t\t\t\t\t<\/span>\n\t\t\t\t\t\t\t\t\t\t<span class=\"elementor-icon-list-text\">13.oz dur. (27.03.2019) Kurumsal Y\u00f6netim Komitesi \u00dcye de\u011fi\u015fikli\u011fi hk.da<\/span>\n\t\t\t\t\t\t\t\t\t\t\t<\/a>\n\t\t\t\t\t\t\t\t\t<\/li>\n\t\t\t\t\t\t\t\t<li class=\"elementor-icon-list-item\">\n\t\t\t\t\t\t\t\t\t\t\t<a href=\"https:\/\/profaj.co\/icu\/wp-content\/uploads\/2023\/05\/14.oz_.dur-28.03.2018-Pay-devrine-ili_kin-SPK_ya-ba_vuru.pdf\">\n\n\t\t\t\t\t\t\t\t\t\t\t\t<span class=\"elementor-icon-list-icon\">\n\t\t\t\t\t\t\t<i aria-hidden=\"true\" class=\"far fa-file-pdf\"><\/i>\t\t\t\t\t\t<\/span>\n\t\t\t\t\t\t\t\t\t\t<span class=\"elementor-icon-list-text\">14.oz.dur (28.03.2018) Pay devrine ili\u015fkin SPK'ya ba\u015fvuru<\/span>\n\t\t\t\t\t\t\t\t\t\t\t<\/a>\n\t\t\t\t\t\t\t\t\t<\/li>\n\t\t\t\t\t\t\t\t<li class=\"elementor-icon-list-item\">\n\t\t\t\t\t\t\t\t\t\t\t<a href=\"https:\/\/profaj.co\/icu\/wp-content\/uploads\/2023\/05\/15.oz_.dur_.-18.06.2019-Pay-devrine-ili_kin-geli_meler.pdf\">\n\n\t\t\t\t\t\t\t\t\t\t\t\t<span class=\"elementor-icon-list-icon\">\n\t\t\t\t\t\t\t<i aria-hidden=\"true\" class=\"far fa-file-pdf\"><\/i>\t\t\t\t\t\t<\/span>\n\t\t\t\t\t\t\t\t\t\t<span class=\"elementor-icon-list-text\">15.oz.dur. (18.06.2019) Pay devrine ili\u015fkin geli\u015fmeler<\/span>\n\t\t\t\t\t\t\t\t\t\t\t<\/a>\n\t\t\t\t\t\t\t\t\t<\/li>\n\t\t\t\t\t\t\t\t<li class=\"elementor-icon-list-item\">\n\t\t\t\t\t\t\t\t\t\t\t<a href=\"https:\/\/profaj.co\/icu\/wp-content\/uploads\/2023\/05\/16.oz_.dur_.03.07.19-Tebellue_-edilen-bildirim-hk.da_.pdf\">\n\n\t\t\t\t\t\t\t\t\t\t\t\t<span class=\"elementor-icon-list-icon\">\n\t\t\t\t\t\t\t<i aria-hidden=\"true\" class=\"far fa-file-pdf\"><\/i>\t\t\t\t\t\t<\/span>\n\t\t\t\t\t\t\t\t\t\t<span class=\"elementor-icon-list-text\">16.oz.dur.(03.07.19) Tebell\u00fc\u011f edilen bildirim hk.da<\/span>\n\t\t\t\t\t\t\t\t\t\t\t<\/a>\n\t\t\t\t\t\t\t\t\t<\/li>\n\t\t\t\t\t\t\t\t<li class=\"elementor-icon-list-item\">\n\t\t\t\t\t\t\t\t\t\t\t<a href=\"https:\/\/profaj.co\/icu\/wp-content\/uploads\/2023\/05\/17.oz_.dur_.09.07.2019-2019-y_l_-Ba_ms_z-D_-Denetim-_irketi-secimi.pdf\">\n\n\t\t\t\t\t\t\t\t\t\t\t\t<span class=\"elementor-icon-list-icon\">\n\t\t\t\t\t\t\t<i aria-hidden=\"true\" class=\"far fa-file-pdf\"><\/i>\t\t\t\t\t\t<\/span>\n\t\t\t\t\t\t\t\t\t\t<span class=\"elementor-icon-list-text\">17.oz.dur.(09.07.2019) 2019 y\u0131l\u0131 Ba\u011f\u0131ms\u0131z D\u0131\u015f Denetim \u015eirketi se\u00e7imi<\/span>\n\t\t\t\t\t\t\t\t\t\t\t<\/a>\n\t\t\t\t\t\t\t\t\t<\/li>\n\t\t\t\t\t\t\t\t<li class=\"elementor-icon-list-item\">\n\t\t\t\t\t\t\t\t\t\t\t<a href=\"https:\/\/profaj.co\/icu\/wp-content\/uploads\/2023\/05\/18.oz_.dur-11.07.2019-Mehmet-Kuecuekyalc_n_dan-al_nan-bildirimin-Yoenetim-Kurulunda-goerue_uelerek-karara-ba_lanmas.pdf\">\n\n\t\t\t\t\t\t\t\t\t\t\t\t<span class=\"elementor-icon-list-icon\">\n\t\t\t\t\t\t\t<i aria-hidden=\"true\" class=\"far fa-file-pdf\"><\/i>\t\t\t\t\t\t<\/span>\n\t\t\t\t\t\t\t\t\t\t<span class=\"elementor-icon-list-text\">18.oz.dur (11.07.2019) Mehmet K\u00fc\u00e7\u00fckyal\u00e7\u0131n'dan al\u0131nan bildirimin Y\u00f6netim Kurulunda g\u00f6r\u00fc\u015f\u00fclerek karara ba\u011flanmas\u0131<\/span>\n\t\t\t\t\t\t\t\t\t\t\t<\/a>\n\t\t\t\t\t\t\t\t\t<\/li>\n\t\t\t\t\t\t\t\t<li class=\"elementor-icon-list-item\">\n\t\t\t\t\t\t\t\t\t\t\t<a href=\"https:\/\/profaj.co\/icu\/wp-content\/uploads\/2023\/05\/19.oz_.dur_.-10.09.2019-Pay-devrine-ili_kin-geli_meler.pdf\">\n\n\t\t\t\t\t\t\t\t\t\t\t\t<span class=\"elementor-icon-list-icon\">\n\t\t\t\t\t\t\t<i aria-hidden=\"true\" class=\"far fa-file-pdf\"><\/i>\t\t\t\t\t\t<\/span>\n\t\t\t\t\t\t\t\t\t\t<span class=\"elementor-icon-list-text\">19.oz.dur. (10.09.2019) Pay devrine ili\u015fkin geli\u015fmeler<\/span>\n\t\t\t\t\t\t\t\t\t\t\t<\/a>\n\t\t\t\t\t\t\t\t\t<\/li>\n\t\t\t\t\t\t\t\t<li class=\"elementor-icon-list-item\">\n\t\t\t\t\t\t\t\t\t\t\t<a href=\"https:\/\/profaj.co\/icu\/wp-content\/uploads\/2023\/05\/20.oz_.dur_.25.09.19-2018-y_l_-Ola_an-Genel-Kurul-Toplant_s_na-davet-hk.da_.pdf\">\n\n\t\t\t\t\t\t\t\t\t\t\t\t<span class=\"elementor-icon-list-icon\">\n\t\t\t\t\t\t\t<i aria-hidden=\"true\" class=\"far fa-file-pdf\"><\/i>\t\t\t\t\t\t<\/span>\n\t\t\t\t\t\t\t\t\t\t<span class=\"elementor-icon-list-text\">20.oz.dur.(25.09.19) 2018 y\u0131l\u0131 Ola\u011fan Genel Kurul Toplant\u0131s\u0131na davet hk.da<\/span>\n\t\t\t\t\t\t\t\t\t\t\t<\/a>\n\t\t\t\t\t\t\t\t\t<\/li>\n\t\t\t\t\t\t\t\t<li class=\"elementor-icon-list-item\">\n\t\t\t\t\t\t\t\t\t\t\t<a href=\"https:\/\/profaj.co\/icu\/wp-content\/uploads\/2023\/05\/21.oz_.dur_.-25.09.19-Kar-da_t_m-teklifi-hk.da_.pdf\">\n\n\t\t\t\t\t\t\t\t\t\t\t\t<span class=\"elementor-icon-list-icon\">\n\t\t\t\t\t\t\t<i aria-hidden=\"true\" class=\"far fa-file-pdf\"><\/i>\t\t\t\t\t\t<\/span>\n\t\t\t\t\t\t\t\t\t\t<span class=\"elementor-icon-list-text\">21.oz.dur. (25.09.19) Kar da\u011f\u0131t\u0131m teklifi hk.da<\/span>\n\t\t\t\t\t\t\t\t\t\t\t<\/a>\n\t\t\t\t\t\t\t\t\t<\/li>\n\t\t\t\t\t\t\t\t<li class=\"elementor-icon-list-item\">\n\t\t\t\t\t\t\t\t\t\t\t<a href=\"https:\/\/profaj.co\/icu\/wp-content\/uploads\/2023\/05\/22.oz_.dur_.2018-y_l_-Ol.Gn_.Kr_.-Top.davet-hk.da-topl.-yeri-de_i_ik.-ile-guendem-mad.-18.-mad.-ac_klay_c_-_ekilde-guencellenmesi.pdf\">\n\n\t\t\t\t\t\t\t\t\t\t\t\t<span class=\"elementor-icon-list-icon\">\n\t\t\t\t\t\t\t<i aria-hidden=\"true\" class=\"far fa-file-pdf\"><\/i>\t\t\t\t\t\t<\/span>\n\t\t\t\t\t\t\t\t\t\t<span class=\"elementor-icon-list-text\">22.oz.dur.(2018 y\u0131l\u0131 Ol.Gn.Kr. Top.davet hk.da topl. yeri de\u011fi\u015fik. ile g\u00fcndem mad. 18. mad. a\u00e7\u0131klay\u0131c\u0131 \u015fekilde g\u00fcncellenmesi<\/span>\n\t\t\t\t\t\t\t\t\t\t\t<\/a>\n\t\t\t\t\t\t\t\t\t<\/li>\n\t\t\t\t\t\t\t\t<li class=\"elementor-icon-list-item\">\n\t\t\t\t\t\t\t\t\t\t\t<a href=\"https:\/\/profaj.co\/icu\/wp-content\/uploads\/2023\/05\/23.oz_.dur_.01.01.19-2018-y_l_-_li_kili-Taraf-_lemleri-Raporunun-onaylanmas.pdf\">\n\n\t\t\t\t\t\t\t\t\t\t\t\t<span class=\"elementor-icon-list-icon\">\n\t\t\t\t\t\t\t<i aria-hidden=\"true\" class=\"far fa-file-pdf\"><\/i>\t\t\t\t\t\t<\/span>\n\t\t\t\t\t\t\t\t\t\t<span class=\"elementor-icon-list-text\">23.oz.dur.(01.01.19) 2018 y\u0131l\u0131 \u0130li\u015fkili Taraf \u0130\u015flemleri Raporunun onaylanmas\u0131<\/span>\n\t\t\t\t\t\t\t\t\t\t\t<\/a>\n\t\t\t\t\t\t\t\t\t<\/li>\n\t\t\t\t\t\t\t\t<li class=\"elementor-icon-list-item\">\n\t\t\t\t\t\t\t\t\t\t\t<a href=\"https:\/\/profaj.co\/icu\/wp-content\/uploads\/2023\/05\/24.oz_.dur_.01.01.19-Ba_ms_z-Yoenetim-Kurulu-Ueye-Adaylar_n_n-onaylanmas_-ve-kamuya-duyurulmas_-hk.pdf\">\n\n\t\t\t\t\t\t\t\t\t\t\t\t<span class=\"elementor-icon-list-icon\">\n\t\t\t\t\t\t\t<i aria-hidden=\"true\" class=\"far fa-file-pdf\"><\/i>\t\t\t\t\t\t<\/span>\n\t\t\t\t\t\t\t\t\t\t<span class=\"elementor-icon-list-text\">24.oz.dur.(01.01.19) Ba\u011f\u0131ms\u0131z Y\u00f6netim Kurulu \u00dcye Adaylar\u0131n\u0131n onaylanmas\u0131 ve kamuya duyurulmas\u0131 hk.<\/span>\n\t\t\t\t\t\t\t\t\t\t\t<\/a>\n\t\t\t\t\t\t\t\t\t<\/li>\n\t\t\t\t\t\t\t\t<li class=\"elementor-icon-list-item\">\n\t\t\t\t\t\t\t\t\t\t\t<a href=\"https:\/\/profaj.co\/icu\/wp-content\/uploads\/2023\/05\/25.oz_.dur01.01.19-Yoenetim-Kurulu-adaylar_n_n-kamuya-duyurulmas_-hk.pdf\">\n\n\t\t\t\t\t\t\t\t\t\t\t\t<span class=\"elementor-icon-list-icon\">\n\t\t\t\t\t\t\t<i aria-hidden=\"true\" class=\"far fa-file-pdf\"><\/i>\t\t\t\t\t\t<\/span>\n\t\t\t\t\t\t\t\t\t\t<span class=\"elementor-icon-list-text\">25.oz.dur(01.01.19) Y\u00f6netim Kurulu adaylar\u0131n\u0131n kamuya duyurulmas\u0131 hk.<\/span>\n\t\t\t\t\t\t\t\t\t\t\t<\/a>\n\t\t\t\t\t\t\t\t\t<\/li>\n\t\t\t\t\t\t\t\t<li class=\"elementor-icon-list-item\">\n\t\t\t\t\t\t\t\t\t\t\t<a href=\"https:\/\/profaj.co\/icu\/wp-content\/uploads\/2023\/05\/26.oz_.dur_.2018-y_l_-Ol.Gn_.Kr_.-Top.davethk.da_.Toplant_-tarihi-de_i_ikli_i-guencellemesi.pdf\">\n\n\t\t\t\t\t\t\t\t\t\t\t\t<span class=\"elementor-icon-list-icon\">\n\t\t\t\t\t\t\t<i aria-hidden=\"true\" class=\"far fa-file-pdf\"><\/i>\t\t\t\t\t\t<\/span>\n\t\t\t\t\t\t\t\t\t\t<span class=\"elementor-icon-list-text\">26.oz.dur.(2018 y\u0131l\u0131 Ol.Gn.Kr. Top.davethk.da.Toplant\u0131 tarihi de\u011fi\u015fikli\u011fi g\u00fcncellemesi)<\/span>\n\t\t\t\t\t\t\t\t\t\t\t<\/a>\n\t\t\t\t\t\t\t\t\t<\/li>\n\t\t\t\t\t\t\t\t<li class=\"elementor-icon-list-item\">\n\t\t\t\t\t\t\t\t\t\t\t<a href=\"https:\/\/profaj.co\/icu\/wp-content\/uploads\/2023\/05\/27.oz_.dur_.28.10.2019-tarihinde-yap_lan-Ola_anGenel-Kurul-Toplant_s_n_n-Ertelenmesi.pdf\">\n\n\t\t\t\t\t\t\t\t\t\t\t\t<span class=\"elementor-icon-list-icon\">\n\t\t\t\t\t\t\t<i aria-hidden=\"true\" class=\"far fa-file-pdf\"><\/i>\t\t\t\t\t\t<\/span>\n\t\t\t\t\t\t\t\t\t\t<span class=\"elementor-icon-list-text\">27.oz.dur.28.10.2019 tarihinde yap\u0131lan Ola\u011fanGenel Kurul Toplant\u0131s\u0131n\u0131n Ertelenmesi<\/span>\n\t\t\t\t\t\t\t\t\t\t\t<\/a>\n\t\t\t\t\t\t\t\t\t<\/li>\n\t\t\t\t\t\t\t\t<li class=\"elementor-icon-list-item\">\n\t\t\t\t\t\t\t\t\t\t\t<a href=\"https:\/\/profaj.co\/icu\/wp-content\/uploads\/2023\/05\/28.oz_.dur_.31.10.2019-Ertelenen-2018-y_l_-Ola_an-Genel-Kurul-Toplant_s_na-davet-hk.da_.pdf\">\n\n\t\t\t\t\t\t\t\t\t\t\t\t<span class=\"elementor-icon-list-icon\">\n\t\t\t\t\t\t\t<i aria-hidden=\"true\" class=\"far fa-file-pdf\"><\/i>\t\t\t\t\t\t<\/span>\n\t\t\t\t\t\t\t\t\t\t<span class=\"elementor-icon-list-text\">28.oz.dur.(31.10.2019) Ertelenen 2018 y\u0131l\u0131 Ola\u011fan Genel Kurul Toplant\u0131s\u0131na davet hk.da<\/span>\n\t\t\t\t\t\t\t\t\t\t\t<\/a>\n\t\t\t\t\t\t\t\t\t<\/li>\n\t\t\t\t\t\t\t\t<li class=\"elementor-icon-list-item\">\n\t\t\t\t\t\t\t\t\t\t\t<a href=\"https:\/\/profaj.co\/icu\/wp-content\/uploads\/2023\/05\/29.oz_.dur_.-28.11.2019.2018-y_l_-Ola_an-Genel-Kurul-Toplant_-Sonucu.pdf\">\n\n\t\t\t\t\t\t\t\t\t\t\t\t<span class=\"elementor-icon-list-icon\">\n\t\t\t\t\t\t\t<i aria-hidden=\"true\" class=\"far fa-file-pdf\"><\/i>\t\t\t\t\t\t<\/span>\n\t\t\t\t\t\t\t\t\t\t<span class=\"elementor-icon-list-text\">29.oz.dur. (28.11.2019).2018 y\u0131l\u0131 Ola\u011fan Genel Kurul Toplant\u0131 Sonucu<\/span>\n\t\t\t\t\t\t\t\t\t\t\t<\/a>\n\t\t\t\t\t\t\t\t\t<\/li>\n\t\t\t\t\t\t\t\t<li class=\"elementor-icon-list-item\">\n\t\t\t\t\t\t\t\t\t\t\t<a href=\"https:\/\/profaj.co\/icu\/wp-content\/uploads\/2023\/05\/30.oez_.dur_.28.11.2019-2018-y_l_-kar-pay_-da_t_m-karar_-Genel-Kurul.pdf\">\n\n\t\t\t\t\t\t\t\t\t\t\t\t<span class=\"elementor-icon-list-icon\">\n\t\t\t\t\t\t\t<i aria-hidden=\"true\" class=\"far fa-file-pdf\"><\/i>\t\t\t\t\t\t<\/span>\n\t\t\t\t\t\t\t\t\t\t<span class=\"elementor-icon-list-text\">30.\u00f6z.dur.(28.11.2019) 2018 y\u0131l\u0131 kar pay\u0131 da\u011f\u0131t\u0131m karar\u0131 (Genel Kurul)<\/span>\n\t\t\t\t\t\t\t\t\t\t\t<\/a>\n\t\t\t\t\t\t\t\t\t<\/li>\n\t\t\t\t\t\t\t\t<li class=\"elementor-icon-list-item\">\n\t\t\t\t\t\t\t\t\t\t\t<a href=\"https:\/\/profaj.co\/icu\/wp-content\/uploads\/2023\/05\/31.oz_.dur_.-28.11.2019-Genel-Kurul_da-_li_kili-Taraflar-Raporunun-onaylanmas.pdf\">\n\n\t\t\t\t\t\t\t\t\t\t\t\t<span class=\"elementor-icon-list-icon\">\n\t\t\t\t\t\t\t<i aria-hidden=\"true\" class=\"far fa-file-pdf\"><\/i>\t\t\t\t\t\t<\/span>\n\t\t\t\t\t\t\t\t\t\t<span class=\"elementor-icon-list-text\">31.oz.dur. (28.11.2019) Genel Kurul'da \u0130li\u015fkili Taraflar Raporunun onaylanmas\u0131<\/span>\n\t\t\t\t\t\t\t\t\t\t\t<\/a>\n\t\t\t\t\t\t\t\t\t<\/li>\n\t\t\t\t\t\t\t\t<li class=\"elementor-icon-list-item\">\n\t\t\t\t\t\t\t\t\t\t\t<a href=\"https:\/\/profaj.co\/icu\/wp-content\/uploads\/2023\/05\/32.oz_.dur_.29.11.2019-Komiteliklerin-belirlenmesi-hk.da_.pdf\">\n\n\t\t\t\t\t\t\t\t\t\t\t\t<span class=\"elementor-icon-list-icon\">\n\t\t\t\t\t\t\t<i aria-hidden=\"true\" class=\"far fa-file-pdf\"><\/i>\t\t\t\t\t\t<\/span>\n\t\t\t\t\t\t\t\t\t\t<span class=\"elementor-icon-list-text\">32.oz.dur.(29.11.2019) Komiteliklerin belirlenmesi hk.da<\/span>\n\t\t\t\t\t\t\t\t\t\t\t<\/a>\n\t\t\t\t\t\t\t\t\t<\/li>\n\t\t\t\t\t\t\t\t<li class=\"elementor-icon-list-item\">\n\t\t\t\t\t\t\t\t\t\t\t<a href=\"https:\/\/profaj.co\/icu\/wp-content\/uploads\/2023\/05\/33.oz_.dur_.29.11.2019-Yoenetim-Kurulu-goerev-da_l_m_-hk.da_.pdf\">\n\n\t\t\t\t\t\t\t\t\t\t\t\t<span class=\"elementor-icon-list-icon\">\n\t\t\t\t\t\t\t<i aria-hidden=\"true\" class=\"far fa-file-pdf\"><\/i>\t\t\t\t\t\t<\/span>\n\t\t\t\t\t\t\t\t\t\t<span class=\"elementor-icon-list-text\">33.oz.dur.(29.11.2019) Y\u00f6netim Kurulu g\u00f6rev da\u011f\u0131l\u0131m\u0131 hk.da<\/span>\n\t\t\t\t\t\t\t\t\t\t\t<\/a>\n\t\t\t\t\t\t\t\t\t<\/li>\n\t\t\t\t\t\t\t\t<li class=\"elementor-icon-list-item\">\n\t\t\t\t\t\t\t\t\t\t\t<a href=\"https:\/\/profaj.co\/icu\/wp-content\/uploads\/2023\/05\/34.oz_.dur-5.12.2019-Genel-Kurul-Toplant_-tescil-bildirimi.pdf\">\n\n\t\t\t\t\t\t\t\t\t\t\t\t<span class=\"elementor-icon-list-icon\">\n\t\t\t\t\t\t\t<i aria-hidden=\"true\" class=\"far fa-file-pdf\"><\/i>\t\t\t\t\t\t<\/span>\n\t\t\t\t\t\t\t\t\t\t<span class=\"elementor-icon-list-text\">34.oz.dur (5.12.2019) Genel Kurul Toplant\u0131 tescil bildirimi<\/span>\n\t\t\t\t\t\t\t\t\t\t\t<\/a>\n\t\t\t\t\t\t\t\t\t<\/li>\n\t\t\t\t\t\t\t\t<li class=\"elementor-icon-list-item\">\n\t\t\t\t\t\t\t\t\t\t\t<a href=\"https:\/\/profaj.co\/icu\/wp-content\/uploads\/2023\/05\/35.oz_.dur_.05.12.2019Kay_tl_-Sermaye-Tavan_-Gecerlilik-Tarihinin-Tescili.pdf\">\n\n\t\t\t\t\t\t\t\t\t\t\t\t<span class=\"elementor-icon-list-icon\">\n\t\t\t\t\t\t\t<i aria-hidden=\"true\" class=\"far fa-file-pdf\"><\/i>\t\t\t\t\t\t<\/span>\n\t\t\t\t\t\t\t\t\t\t<span class=\"elementor-icon-list-text\">35.oz.dur.(05.12.2019)Kay\u0131tl\u0131 Sermaye Tavan\u0131 Ge\u00e7erlilik Tarihinin Tescili<\/span>\n\t\t\t\t\t\t\t\t\t\t\t<\/a>\n\t\t\t\t\t\t\t\t\t<\/li>\n\t\t\t\t\t\t\t\t<li class=\"elementor-icon-list-item\">\n\t\t\t\t\t\t\t\t\t\t\t<a href=\"https:\/\/profaj.co\/icu\/wp-content\/uploads\/2023\/05\/36.oz_.dur_.05.12.2019-2019-y_l_-Ba_ms_z-D_-Denetim-_irketi-secimi-Genel-Kurul-tescili.pdf\">\n\n\t\t\t\t\t\t\t\t\t\t\t\t<span class=\"elementor-icon-list-icon\">\n\t\t\t\t\t\t\t<i aria-hidden=\"true\" class=\"far fa-file-pdf\"><\/i>\t\t\t\t\t\t<\/span>\n\t\t\t\t\t\t\t\t\t\t<span class=\"elementor-icon-list-text\">36.oz.dur.(05.12.2019) 2019 y\u0131l\u0131 Ba\u011f\u0131ms\u0131z D\u0131\u015f Denetim \u015eirketi se\u00e7imi (Genel Kurul tescili)<\/span>\n\t\t\t\t\t\t\t\t\t\t\t<\/a>\n\t\t\t\t\t\t\t\t\t<\/li>\n\t\t\t\t\t\t\t\t<li class=\"elementor-icon-list-item\">\n\t\t\t\t\t\t\t\t\t\t\t<a href=\"https:\/\/profaj.co\/icu\/wp-content\/uploads\/2023\/05\/37.oez_.dur_.05.12.2019Esas-Soezle_memizin-Son-Hali.pdf\">\n\n\t\t\t\t\t\t\t\t\t\t\t\t<span class=\"elementor-icon-list-icon\">\n\t\t\t\t\t\t\t<i aria-hidden=\"true\" class=\"far fa-file-pdf\"><\/i>\t\t\t\t\t\t<\/span>\n\t\t\t\t\t\t\t\t\t\t<span class=\"elementor-icon-list-text\">37.\u00f6z.dur.(05.12.2019) Esas S\u00f6zle\u015fmemizin Son Hali<\/span>\n\t\t\t\t\t\t\t\t\t\t\t<\/a>\n\t\t\t\t\t\t\t\t\t<\/li>\n\t\t\t\t\t\t\t\t<li class=\"elementor-icon-list-item\">\n\t\t\t\t\t\t\t\t\t\t\t<a href=\"https:\/\/profaj.co\/icu\/wp-content\/uploads\/2023\/05\/38.oz_.dur_.11.12.2019-_tirakimiz-OEP-Turkey-Tech-BV_den-temettue-geliri-elde-edilmesi-hk.da_.pdf\">\n\n\t\t\t\t\t\t\t\t\t\t\t\t<span class=\"elementor-icon-list-icon\">\n\t\t\t\t\t\t\t<i aria-hidden=\"true\" class=\"far fa-file-pdf\"><\/i>\t\t\t\t\t\t<\/span>\n\t\t\t\t\t\t\t\t\t\t<span class=\"elementor-icon-list-text\">38.oz.dur.(11.12.2019) \u0130\u015ftirakimiz OEP Turkey Tech BV'den temett\u00fc geliri elde edilmesi hk.da<\/span>\n\t\t\t\t\t\t\t\t\t\t\t<\/a>\n\t\t\t\t\t\t\t\t\t<\/li>\n\t\t\t\t\t\t<\/ul>\n\t\t\t\t<\/div>\n\t\t\t\t<\/div>\n\t\t\t\t\t<\/div>\n\t\t<\/div>\n\t\t\t\t\t\t\t<\/div>\n\t\t<\/section>\n\t\t\t\t\t\t\t<\/div>\n\t\t","protected":false},"excerpt":{"rendered":"<p>\u00d6zel Durumlar \u00d6zel Durum A\u00e7\u0131klamalar\u0131 2019 01.ozel durum (11.01.2019) \u015eirket Genel M\u00fcd\u00fcr atamas\u0131 hk.da 02.ozel durum (02.06.2020) S\u0327irketimiz taraf\u0131ndan Hollanda mahkemeleri nezdindeki hukuk su\u0308reci hakk\u0131nda 3.oz.dur. (31.01.19)mevcut kay\u0131tl\u0131 sermaye tavan\u0131n\u0131n 5 y\u0131l ge\u00e7erli olacak \u015fekilde devam\u0131na ili\u015fkin talebi SPK&#8217;na gerekli izinl. al\u0131nmas\u0131 amac\u0131yla ba\u015fv. yap\u0131lm. hk. 4.oz.dur. (01.02.19) Mevcut kay\u0131tl\u0131 sermaye tavan\u0131n\u0131n 5 y\u0131l ge\u00e7erli [&hellip;]<\/p>\n","protected":false},"author":1,"featured_media":0,"parent":0,"menu_order":0,"comment_status":"closed","ping_status":"closed","template":"","meta":{"footnotes":""},"class_list":["post-2177","page","type-page","status-publish","hentry"],"_links":{"self":[{"href":"https:\/\/profaj.co\/icu\/wp-json\/wp\/v2\/pages\/2177","targetHints":{"allow":["GET"]}}],"collection":[{"href":"https:\/\/profaj.co\/icu\/wp-json\/wp\/v2\/pages"}],"about":[{"href":"https:\/\/profaj.co\/icu\/wp-json\/wp\/v2\/types\/page"}],"author":[{"embeddable":true,"href":"https:\/\/profaj.co\/icu\/wp-json\/wp\/v2\/users\/1"}],"replies":[{"embeddable":true,"href":"https:\/\/profaj.co\/icu\/wp-json\/wp\/v2\/comments?post=2177"}],"version-history":[{"count":13,"href":"https:\/\/profaj.co\/icu\/wp-json\/wp\/v2\/pages\/2177\/revisions"}],"predecessor-version":[{"id":2230,"href":"https:\/\/profaj.co\/icu\/wp-json\/wp\/v2\/pages\/2177\/revisions\/2230"}],"wp:attachment":[{"href":"https:\/\/profaj.co\/icu\/wp-json\/wp\/v2\/media?parent=2177"}],"curies":[{"name":"wp","href":"https:\/\/api.w.org\/{rel}","templated":true}]}}