{"id":2298,"date":"2023-05-11T12:52:25","date_gmt":"2023-05-11T12:52:25","guid":{"rendered":"https:\/\/profaj.co\/icu\/?page_id=2298"},"modified":"2023-05-11T13:16:16","modified_gmt":"2023-05-11T13:16:16","slug":"ozel-durum-aciklamalari-2017","status":"publish","type":"page","link":"https:\/\/profaj.co\/icu\/ozel-durum-aciklamalari-2017\/","title":{"rendered":"\u00d6zel Durum A\u00e7\u0131klamalar\u0131 2017"},"content":{"rendered":"\t\t<div data-elementor-type=\"wp-page\" data-elementor-id=\"2298\" class=\"elementor elementor-2298\">\n\t\t\t\t\t\t\t\t\t<section class=\"elementor-section elementor-top-section elementor-element elementor-element-249d52f elementor-section-boxed elementor-section-height-default elementor-section-height-default\" data-id=\"249d52f\" data-element_type=\"section\" data-settings=\"{&quot;background_background&quot;:&quot;classic&quot;}\">\n\t\t\t\t\t\t\t<div class=\"elementor-background-overlay\"><\/div>\n\t\t\t\t\t\t\t<div class=\"elementor-container elementor-column-gap-default\">\n\t\t\t\t\t<div class=\"elementor-column elementor-col-100 elementor-top-column elementor-element elementor-element-b24bc93\" data-id=\"b24bc93\" data-element_type=\"column\">\n\t\t\t<div class=\"elementor-widget-wrap\">\n\t\t\t\t\t\t\t\t\t<\/div>\n\t\t<\/div>\n\t\t\t\t\t\t\t<\/div>\n\t\t<\/section>\n\t\t\t\t<section class=\"elementor-section elementor-top-section elementor-element elementor-element-27a48f0f elementor-section-height-min-height elementor-section-content-middle elementor-section-boxed elementor-section-height-default elementor-section-items-middle\" data-id=\"27a48f0f\" data-element_type=\"section\">\n\t\t\t\t\t\t<div class=\"elementor-container elementor-column-gap-no\">\n\t\t\t\t\t<div class=\"elementor-column elementor-col-100 elementor-top-column elementor-element elementor-element-60260a57\" data-id=\"60260a57\" data-element_type=\"column\">\n\t\t\t<div class=\"elementor-widget-wrap elementor-element-populated\">\n\t\t\t\t\t\t\t\t<div class=\"elementor-element elementor-element-9d49e56 elementor-widget elementor-widget-heading\" data-id=\"9d49e56\" data-element_type=\"widget\" data-widget_type=\"heading.default\">\n\t\t\t\t<div class=\"elementor-widget-container\">\n\t\t\t<style>\/*! elementor - v3.12.1 - 02-04-2023 *\/\n.elementor-heading-title{padding:0;margin:0;line-height:1}.elementor-widget-heading .elementor-heading-title[class*=elementor-size-]>a{color:inherit;font-size:inherit;line-height:inherit}.elementor-widget-heading .elementor-heading-title.elementor-size-small{font-size:15px}.elementor-widget-heading .elementor-heading-title.elementor-size-medium{font-size:19px}.elementor-widget-heading .elementor-heading-title.elementor-size-large{font-size:29px}.elementor-widget-heading .elementor-heading-title.elementor-size-xl{font-size:39px}.elementor-widget-heading .elementor-heading-title.elementor-size-xxl{font-size:59px}<\/style><h1 class=\"elementor-heading-title elementor-size-default\">\u00d6zel Durumlar<\/h1>\t\t<\/div>\n\t\t\t\t<\/div>\n\t\t\t\t\t<\/div>\n\t\t<\/div>\n\t\t\t\t\t\t\t<\/div>\n\t\t<\/section>\n\t\t\t\t<section class=\"elementor-section elementor-top-section elementor-element elementor-element-bc419ee elementor-section-boxed elementor-section-height-default elementor-section-height-default\" data-id=\"bc419ee\" data-element_type=\"section\">\n\t\t\t\t\t\t<div class=\"elementor-container elementor-column-gap-default\">\n\t\t\t\t\t<div class=\"elementor-column elementor-col-100 elementor-top-column elementor-element elementor-element-9c05ffb\" data-id=\"9c05ffb\" data-element_type=\"column\">\n\t\t\t<div class=\"elementor-widget-wrap elementor-element-populated\">\n\t\t\t\t\t\t\t\t<div class=\"elementor-element elementor-element-1d0d67b elementor-widget elementor-widget-heading\" data-id=\"1d0d67b\" data-element_type=\"widget\" data-widget_type=\"heading.default\">\n\t\t\t\t<div class=\"elementor-widget-container\">\n\t\t\t<h2 class=\"elementor-heading-title elementor-size-default\">\u00d6zel Durum A\u00e7\u0131klamalar\u0131 2017<\/h2>\t\t<\/div>\n\t\t\t\t<\/div>\n\t\t\t\t<div class=\"elementor-element elementor-element-00ee7a5 liststyle elementor-widget elementor-widget-html\" data-id=\"00ee7a5\" data-element_type=\"widget\" data-widget_type=\"html.default\">\n\t\t\t\t<div class=\"elementor-widget-container\">\n\t\t\t<ul>                              \n\t\n\t\t<li><a href=\"https:\/\/profaj.co\/icu\/pdf\/ozel-durumlar\/2017\/01.oezeldurum(06012017)Dentistanbul Sa_l_k Hizmetleri ve Ticaret A._. ile ilgili Franchising Soezle_mesi_nin sona ermesi hk._da.pdf\" title=\"01.\u00f6zeldurum (06012017) Dentistanbul Sa\u011fl\u0131k Hizmetleri ve Ticaret A.\u015e. ile ilgili Franchising S\u00f6zle\u015fmesi'nin sona ermesi hk.'da\">01.\u00f6zeldurum (06012017) Dentistanbul Sa\u011fl\u0131k Hizmetleri ve Ticaret A.\u015e. ile ilgili Franchising S\u00f6zle\u015fmesi'nin sona ermesi hk.'da<\/a><\/li>\n\t\n\t\t<li><a href=\"https:\/\/profaj.co\/icu\/pdf\/ozel-durumlar\/2017\/02.oezel durum (01.03.2017) 31 Aral_k 2016 tarihi itibari ile TTK 376 Bilanco aktiflerinin goezden gecirilmesi hakk_nd.pdf\" title=\"02.\u00f6zel durum (01.03.2017) 31 Aral\u0131k 2016 tarihi itibari ile TTK 376 Bilan\u00e7o aktiflerinin g\u00f6zden ge\u00e7irilmesi hk.\">02.\u00f6zel durum (01.03.2017) 31 Aral\u0131k 2016 tarihi itibari ile TTK 376 Bilan\u00e7o aktiflerinin g\u00f6zden ge\u00e7irilmesi hk.<\/a><\/li>\n\t\n\t\t<li><a href=\"https:\/\/profaj.co\/icu\/pdf\/ozel-durumlar\/2017\/3.oezdurum(3.3.17)_tirakimiz OEP Turkey Tech B.V. _nin muenhas_r yat_r_m_ olan Neta_ A._._deki paylar_n sat_na yoen. geli_meler hk.pdf\" title=\"3.\u00f6zel durum (3.3.17) \u0130\u015ftirakimiz OEP Turkey Tech B.V. 'nin m\u00fcnhas\u0131r yat\u0131r\u0131m\u0131 olan Neta\u015f A.\u015e.'deki paylar\u0131n sat\u0131\u015f\u0131na y\u00f6n. geli\u015fmeler hk\">3.\u00f6zel durum (3.3.17) \u0130\u015ftirakimiz OEP Turkey Tech B.V. 'nin m\u00fcnhas\u0131r yat\u0131r\u0131m\u0131 olan Neta\u015f A.\u015e.'deki paylar\u0131n sat\u0131\u015f\u0131na y\u00f6n. geli\u015fmeler hk<\/a><\/li>\n\t\n\t\t<li><a href=\"https:\/\/profaj.co\/icu\/pdf\/ozel-durumlar\/2017\/4.oezel durum (02.05.2017) 31 Mart 2017 tarihi itibari ile TTK 376 Bilanco aktiflerinin goezden gecirilmesi hk.pdf\" title=\"4.\u00f6zel durum (02.05.2017) 31 Mart 2017 tarihi itibari ile TTK 376 Bilan\u00e7o aktiflerinin g\u00f6zden ge\u00e7irilmesi hk.\">4.\u00f6zel durum (02.05.2017) 31 Mart 2017 tarihi itibari ile TTK 376 Bilan\u00e7o aktiflerinin g\u00f6zden ge\u00e7irilmesi hk.<\/a><\/li>\n\t\n\t\t<li><a href=\"https:\/\/profaj.co\/icu\/pdf\/ozel-durumlar\/2017\/5. oezel durum (03.05.2017) _tirakimiz OEP Turkey Tech B.V. _nin muenhas_r yat_r_m_ olan Neta_ A._._deki paylar_n sat_na yoen. geli_meler.pdf\" title=\"5. \u00f6zel durum (03.05.2017) \u0130\u015ftirakimiz OEP Turkey Tech B.V. 'nin m\u00fcnhas\u0131r yat\u0131r\u0131m\u0131 olan Neta\u015f A.\u015e.'deki paylar\u0131n sat\u0131\u015f\u0131na y\u00f6n. geli\u015fmeler\">5. \u00f6zel durum (03.05.2017) \u0130\u015ftirakimiz OEP Turkey Tech B.V. 'nin m\u00fcnhas\u0131r yat\u0131r\u0131m\u0131 olan Neta\u015f A.\u015e.'deki paylar\u0131n sat\u0131\u015f\u0131na y\u00f6n. geli\u015fmeler<\/a><\/li>\n\t\n\t\t<li><a href=\"https:\/\/profaj.co\/icu\/pdf\/ozel-durumlar\/2017\/6. oezel durum (08.05.2017) _tirakimiz OEP Turkey Tech B.V. _nin muenhas_r yat_r_m_ olan Neta_ A._._deki paylar_n sat_na yoen. geli_meler.pdf\" title=\"6. \u00f6zel durum (08.05.2017) \u0130\u015ftirakimiz OEP Turkey Tech B.V. 'nin m\u00fcnhas\u0131r yat\u0131r\u0131m\u0131 olan Neta\u015f A.\u015e.'deki paylar\u0131n sat\u0131\u015f\u0131na y\u00f6n. geli\u015fmeler\">6. \u00f6zel durum (08.05.2017) \u0130\u015ftirakimiz OEP Turkey Tech B.V. 'nin m\u00fcnhas\u0131r yat\u0131r\u0131m\u0131 olan Neta\u015f A.\u015e.'deki paylar\u0131n sat\u0131\u015f\u0131na y\u00f6n. geli\u015fmeler<\/a><\/li>\n\t\n\t\t<li><a href=\"https:\/\/profaj.co\/icu\/pdf\/ozel-durumlar\/2017\/7.ozel durum (01.06.2017) _irket merkezi adres de_i_ikli_i.pdf\" title=\"7.ozel durum (01.06.2017) \u015eirket merkezi adres de\u011fi\u015fikli\u011fi \">7.ozel durum (01.06.2017) \u015eirket merkezi adres de\u011fi\u015fikli\u011fi <\/a><\/li>\n\t\n\t\t<li><a href=\"https:\/\/profaj.co\/icu\/pdf\/ozel-durumlar\/2017\/8.ozel durum (12.6.2017) _irket merkezi adres de_i_ikli_inin tescili hk.da.pdf\" title=\"8.ozel durum (12.6.2017) \u015eirket merkezi adres de\u011fi\u015fikli\u011finin tescili hk.da\">8.ozel durum (12.6.2017) \u015eirket merkezi adres de\u011fi\u015fikli\u011finin tescili hk.da<\/a><\/li>\n\t\n\t\t<li><a href=\"https:\/\/profaj.co\/icu\/pdf\/ozel-durumlar\/2017\/9.ozel durum (14.07.2017) 2017 y_l_ ba_ms_z d_ denetim _irketi secimi.pdf\" title=\"9.ozel durum (14.07.2017) 2017 y\u0131l\u0131 ba\u011f\u0131ms\u0131z d\u0131\u015f denetim \u015firketi se\u00e7imi\">9.ozel durum (14.07.2017) 2017 y\u0131l\u0131 ba\u011f\u0131ms\u0131z d\u0131\u015f denetim \u015firketi se\u00e7imi<\/a><\/li>\n\t\n\t\t<li><a href=\"https:\/\/profaj.co\/icu\/pdf\/ozel-durumlar\/2017\/10.ozeldurum(28.7.17)_tirakimiz OEP BV_nin muenhas_r yat_r_m_ olan NETA_ A._._deki paylar_n sat_ suerecinin tamamlanmas.pdf\" title=\"10.ozeldurum(28.7.17) \u0130\u015ftirakimiz OEP BV'nin m\u00fcnhas\u0131r yat\u0131r\u0131m\u0131 olan NETA\u015e A.\u015e.'deki paylar\u0131n sat\u0131\u015f s\u00fcrecinin tamamlanmas\u0131\">10.ozeldurum(28.7.17) \u0130\u015ftirakimiz OEP BV'nin m\u00fcnhas\u0131r yat\u0131r\u0131m\u0131 olan NETA\u015e A.\u015e.'deki paylar\u0131n sat\u0131\u015f s\u00fcrecinin tamamlanmas\u0131<\/a><\/li>\n\t\n\t\t<li><a href=\"https:\/\/profaj.co\/icu\/pdf\/ozel-durumlar\/2017\/11.ozel durum (31.7.17) Erteleme kararlar_n_n temelindeki sebeplerin ortadan kalkmas_ hakk_nda.pdf\" title=\"11.ozel durum (31.7.17) Erteleme kararlar\u0131n\u0131n temelindeki sebeplerin ortadan kalkmas\u0131 hakk\u0131nda\">11.ozel durum (31.7.17) Erteleme kararlar\u0131n\u0131n temelindeki sebeplerin ortadan kalkmas\u0131 hakk\u0131nda<\/a><\/li>\n\t\n\t\t<li><a href=\"https:\/\/profaj.co\/icu\/pdf\/ozel-durumlar\/2017\/12.ozel durum (09.08.17) 30 Haziran 2017 tarihi itibari ile TTK 376 Bilanco aktiflerinin goezden gecirilmesi hk.pdf\" title=\"12.\u00f6zel durum (09.08.17) 30 Haziran 2017 tarihi itibari ile TTK 376 Bilan\u00e7o aktiflerinin g\u00f6zden ge\u00e7irilmesi hk\">12.\u00f6zel durum (09.08.17) 30 Haziran 2017 tarihi itibari ile TTK 376 Bilan\u00e7o aktiflerinin g\u00f6zden ge\u00e7irilmesi hk<\/a><\/li>\n\t\n\t\t<li><a href=\"https:\/\/profaj.co\/icu\/pdf\/ozel-durumlar\/2017\/13.ozel durum 30 Eyluel 2017 tarihi itibari ile TTK 376 Bilanco aktiflerinin goezden gecirilmesi hk.pdf\" title=\"13.ozel durum 30 Eyl\u00fcl 2017 tarihi itibari ile TTK 376 Bilan\u00e7o aktiflerinin g\u00f6zden ge\u00e7irilmesi hk\">13.ozel durum 30 Eyl\u00fcl 2017 tarihi itibari ile TTK 376 Bilan\u00e7o aktiflerinin g\u00f6zden ge\u00e7irilmesi hk<\/a><\/li>\n\t\n\t\t<li><a href=\"https:\/\/profaj.co\/icu\/pdf\/ozel-durumlar\/2017\/14.ozel durum (20.11.2017) _tirakimiz OEP Turkey Tech BV_den sat_ geliri da_t_m_ hk.pdf\" title=\"14.ozel durum (20.11.2017) \u0130\u015ftirakimiz OEP Turkey Tech BV'den sat\u0131\u015f geliri da\u011f\u0131t\u0131m\u0131 hk.\">14.ozel durum (20.11.2017) \u0130\u015ftirakimiz OEP Turkey Tech BV'den sat\u0131\u015f geliri da\u011f\u0131t\u0131m\u0131 hk.<\/a><\/li>\n\t\n\t\t<li><a href=\"https:\/\/profaj.co\/icu\/pdf\/ozel-durumlar\/2017\/15.ozel durum (28.11.2017) Yoenetim Kurulu ueyelerinden istifa.pdf\" title=\"15.ozel durum (28.11.2017) Y\u00f6netim Kurulu \u00fcyelerinden istifa\">15.ozel durum (28.11.2017) Y\u00f6netim Kurulu \u00fcyelerinden istifa<\/a><\/li>\n\t\n\t\t<li><a href=\"https:\/\/profaj.co\/icu\/pdf\/ozel-durumlar\/2017\/16.ozel durum (01.12.17)_irket Esas Soezle_mesi_nin 12. Maddesinde de_i_iklik yap_lmas_na yoenelik karar ve i_lemler hk.pdf\" title=\"16.ozel durum (01.12.17)\u015eirket Esas S\u00f6zle\u015fmesi'nin 12. Maddesinde de\u011fi\u015fiklik yap\u0131lmas\u0131na y\u00f6nelik karar ve i\u015flemler hk.\">16.ozel durum (01.12.17)\u015eirket Esas S\u00f6zle\u015fmesi'nin 12. Maddesinde de\u011fi\u015fiklik yap\u0131lmas\u0131na y\u00f6nelik karar ve i\u015flemler hk.<\/a><\/li>\n\t\n\t\t<li><a href=\"https:\/\/profaj.co\/icu\/pdf\/ozel-durumlar\/2017\/17.ozel durum(12.12.17).OEP Ayr_lma Hakk_ Kulland_r_lmas.pdf\" title=\"17.ozel durum(12.12.17).OEP Ayr\u0131lma Hakk\u0131 Kulland\u0131r\u0131lmas\u0131\">17.ozel durum(12.12.17).OEP Ayr\u0131lma Hakk\u0131 Kulland\u0131r\u0131lmas\u0131<\/a><\/li>\n\t\n\t\t<li><a href=\"https:\/\/profaj.co\/icu\/pdf\/ozel-durumlar\/2017\/18.ozel durum (13.12.2017) 2016 y_l_ Ola_an Genel Kurul toplant_s_na davet hk.pdf\" title=\"18.ozel durum (13.12.2017) 2016 y\u0131l\u0131 Ola\u011fan Genel Kurul toplant\u0131s\u0131'na davet hk\">18.ozel durum (13.12.2017) 2016 y\u0131l\u0131 Ola\u011fan Genel Kurul toplant\u0131s\u0131'na davet hk<\/a><\/li>\n\t\n\t\t<li><a href=\"https:\/\/profaj.co\/icu\/pdf\/ozel-durumlar\/2017\/19.oezel durum (13.12.2017) Kar da_t_m teklifi hk.pdf\" title=\"19.\u00f6zel durum (13.12.2017) Kar da\u011f\u0131t\u0131m teklifi hk\">19.\u00f6zel durum (13.12.2017) Kar da\u011f\u0131t\u0131m teklifi hk<\/a><\/li>\n\t\n\t\t<li><a href=\"https:\/\/profaj.co\/icu\/pdf\/ozel-durumlar\/2017\/20.ozel durum (13.12.2017)2016 y_l_ OLa_an Genel Kurul Toplant_s_na davet ac_klamam_zdaki baz_ duezeltmeler hk.da.pdf\" title=\"20.ozel durum (13.12.2017)2016 y\u0131l\u0131 OLa\u011fan Genel Kurul Toplant\u0131s\u0131na davet a\u00e7\u0131klamam\u0131zdaki baz\u0131 d\u00fczeltmeler hk.da\">20.ozel durum (13.12.2017)2016 y\u0131l\u0131 OLa\u011fan Genel Kurul Toplant\u0131s\u0131na davet a\u00e7\u0131klamam\u0131zdaki baz\u0131 d\u00fczeltmeler hk.da<\/a><\/li>\n\t\n\t\t<li><a href=\"https:\/\/profaj.co\/icu\/pdf\/ozel-durumlar\/2017\/21.ozel durum (13-14.12.17) Finansman soezle_melerinin geri oedemesi amac_yla kapan_ protokolleri yap_lmas_ hk.pdf\" title=\"21.ozel durum (13-14.12.17) Finansman s\u00f6zle\u015fmelerinin geri \u00f6demesi amac\u0131yla kapan\u0131\u015f protokolleri yap\u0131lmas\u0131 hk.\">21.ozel durum (13-14.12.17) Finansman s\u00f6zle\u015fmelerinin geri \u00f6demesi amac\u0131yla kapan\u0131\u015f protokolleri yap\u0131lmas\u0131 hk.<\/a><\/li>\n\t\n\t\t<li><a href=\"https:\/\/profaj.co\/icu\/pdf\/ozel-durumlar\/2017\/22.ozel durum(18.12.17) OEP Ayr_lma Hakk_ Kulland_r_lmas_ Duezeltme.pdf\" title=\"22.ozel durum(18.12.17) OEP Ayr\u0131lma Hakk\u0131 Kulland\u0131r\u0131lmas\u0131 D\u00fczeltme\">22.ozel durum(18.12.17) OEP Ayr\u0131lma Hakk\u0131 Kulland\u0131r\u0131lmas\u0131 D\u00fczeltme<\/a><\/li>\n\t\n\t\t<li><a href=\"https:\/\/profaj.co\/icu\/pdf\/ozel-durumlar\/2017\/23.ozel durum(2012.17)Esas Soezle_menin 12.mdsindeki de_i_ikli_in spk ve Guemruek bakanl_nca onay.pdf\" title=\"23.ozel durum(2012.17)Esas S\u00f6zle\u015fmenin 12.mdsindeki de\u011fi\u015fikli\u011fin spk ve G\u00fcmr\u00fck bakanl\u0131\u011f\u0131nca onay\u0131\">23.ozel durum(2012.17)Esas S\u00f6zle\u015fmenin 12.mdsindeki de\u011fi\u015fikli\u011fin spk ve G\u00fcmr\u00fck bakanl\u0131\u011f\u0131nca onay\u0131<\/a><\/li>\n\t\n\t\t<li><a href=\"https:\/\/profaj.co\/icu\/pdf\/ozel-durumlar\/2017\/24.ozel durum (20.12.17) 2016 y_l_ _li_kili Taraf _lemleri Raporu_nun onaylanmas.pdf\" title=\"24.ozel durum (20.12.17) 2016 y\u0131l\u0131 \u0130li\u015fkili Taraf \u0130\u015flemleri Raporu'nun onaylanmas\u0131\">24.ozel durum (20.12.17) 2016 y\u0131l\u0131 \u0130li\u015fkili Taraf \u0130\u015flemleri Raporu'nun onaylanmas\u0131<\/a><\/li>\n\t\n\t\t<li><a href=\"https:\/\/profaj.co\/icu\/pdf\/ozel-durumlar\/2017\/25.ozel durum (21.12.17) Ba_ms_z Yoenetim Kurulu Ueye Adaylar_n_n onaylanmas_ ve kamuya duyurulmas_ hk.pdf\" title=\"25.ozel durum (21.12.17) Ba\u011f\u0131ms\u0131z Y\u00f6netim Kurulu \u00dcye Adaylar\u0131n\u0131n onaylanmas\u0131 ve kamuya duyurulmas\u0131 hk\">25.ozel durum (21.12.17) Ba\u011f\u0131ms\u0131z Y\u00f6netim Kurulu \u00dcye Adaylar\u0131n\u0131n onaylanmas\u0131 ve kamuya duyurulmas\u0131 hk<\/a><\/li>\n\t\n\t\t<li><a href=\"https:\/\/profaj.co\/icu\/pdf\/ozel-durumlar\/2017\/26.ozel durum (21.12.17) Yoenetim Kurulu Adaylar_n_n kamuya duyurulmas_ hk.pdf\" title=\"26.ozel durum (21.12.17) Y\u00f6netim Kurulu Adaylar\u0131n\u0131n kamuya duyurulmas\u0131 hk\">26.ozel durum (21.12.17) Y\u00f6netim Kurulu Adaylar\u0131n\u0131n kamuya duyurulmas\u0131 hk<\/a><\/li>\n\t\n\n<\/ul>\t\t<\/div>\n\t\t\t\t<\/div>\n\t\t\t\t\t<\/div>\n\t\t<\/div>\n\t\t\t\t\t\t\t<\/div>\n\t\t<\/section>\n\t\t\t\t\t\t\t<\/div>\n\t\t","protected":false},"excerpt":{"rendered":"<p>\u00d6zel Durumlar \u00d6zel Durum A\u00e7\u0131klamalar\u0131 2017 01.\u00f6zeldurum (06012017) Dentistanbul Sa\u011fl\u0131k Hizmetleri ve Ticaret A.\u015e. ile ilgili Franchising S\u00f6zle\u015fmesi&#8217;nin sona ermesi hk.&#8217;da 02.\u00f6zel durum (01.03.2017) 31 Aral\u0131k 2016 tarihi itibari ile TTK 376 Bilan\u00e7o aktiflerinin g\u00f6zden ge\u00e7irilmesi hk. 3.\u00f6zel durum (3.3.17) \u0130\u015ftirakimiz OEP Turkey Tech B.V. &#8216;nin m\u00fcnhas\u0131r yat\u0131r\u0131m\u0131 olan Neta\u015f A.\u015e.&#8217;deki paylar\u0131n sat\u0131\u015f\u0131na y\u00f6n. geli\u015fmeler [&hellip;]<\/p>\n","protected":false},"author":1,"featured_media":0,"parent":0,"menu_order":0,"comment_status":"closed","ping_status":"closed","template":"","meta":{"footnotes":""},"class_list":["post-2298","page","type-page","status-publish","hentry"],"_links":{"self":[{"href":"https:\/\/profaj.co\/icu\/wp-json\/wp\/v2\/pages\/2298","targetHints":{"allow":["GET"]}}],"collection":[{"href":"https:\/\/profaj.co\/icu\/wp-json\/wp\/v2\/pages"}],"about":[{"href":"https:\/\/profaj.co\/icu\/wp-json\/wp\/v2\/types\/page"}],"author":[{"embeddable":true,"href":"https:\/\/profaj.co\/icu\/wp-json\/wp\/v2\/users\/1"}],"replies":[{"embeddable":true,"href":"https:\/\/profaj.co\/icu\/wp-json\/wp\/v2\/comments?post=2298"}],"version-history":[{"count":10,"href":"https:\/\/profaj.co\/icu\/wp-json\/wp\/v2\/pages\/2298\/revisions"}],"predecessor-version":[{"id":2320,"href":"https:\/\/profaj.co\/icu\/wp-json\/wp\/v2\/pages\/2298\/revisions\/2320"}],"wp:attachment":[{"href":"https:\/\/profaj.co\/icu\/wp-json\/wp\/v2\/media?parent=2298"}],"curies":[{"name":"wp","href":"https:\/\/api.w.org\/{rel}","templated":true}]}}