{"id":2321,"date":"2023-05-11T13:16:39","date_gmt":"2023-05-11T13:16:39","guid":{"rendered":"https:\/\/profaj.co\/icu\/?page_id=2321"},"modified":"2023-05-11T13:18:28","modified_gmt":"2023-05-11T13:18:28","slug":"ozel-durum-aciklamalari-2016","status":"publish","type":"page","link":"https:\/\/profaj.co\/icu\/ozel-durum-aciklamalari-2016\/","title":{"rendered":"\u00d6zel Durum A\u00e7\u0131klamalar\u0131 2016"},"content":{"rendered":"\t\t<div data-elementor-type=\"wp-page\" data-elementor-id=\"2321\" class=\"elementor elementor-2321\">\n\t\t\t\t\t\t\t\t\t<section class=\"elementor-section elementor-top-section elementor-element elementor-element-249d52f elementor-section-boxed elementor-section-height-default elementor-section-height-default\" data-id=\"249d52f\" data-element_type=\"section\" data-settings=\"{&quot;background_background&quot;:&quot;classic&quot;}\">\n\t\t\t\t\t\t\t<div class=\"elementor-background-overlay\"><\/div>\n\t\t\t\t\t\t\t<div class=\"elementor-container elementor-column-gap-default\">\n\t\t\t\t\t<div class=\"elementor-column elementor-col-100 elementor-top-column elementor-element elementor-element-b24bc93\" data-id=\"b24bc93\" data-element_type=\"column\">\n\t\t\t<div class=\"elementor-widget-wrap\">\n\t\t\t\t\t\t\t\t\t<\/div>\n\t\t<\/div>\n\t\t\t\t\t\t\t<\/div>\n\t\t<\/section>\n\t\t\t\t<section class=\"elementor-section elementor-top-section elementor-element elementor-element-27a48f0f elementor-section-height-min-height elementor-section-content-middle elementor-section-boxed elementor-section-height-default elementor-section-items-middle\" data-id=\"27a48f0f\" data-element_type=\"section\">\n\t\t\t\t\t\t<div class=\"elementor-container elementor-column-gap-no\">\n\t\t\t\t\t<div class=\"elementor-column elementor-col-100 elementor-top-column elementor-element elementor-element-60260a57\" data-id=\"60260a57\" data-element_type=\"column\">\n\t\t\t<div class=\"elementor-widget-wrap elementor-element-populated\">\n\t\t\t\t\t\t\t\t<div class=\"elementor-element elementor-element-9d49e56 elementor-widget elementor-widget-heading\" data-id=\"9d49e56\" data-element_type=\"widget\" data-widget_type=\"heading.default\">\n\t\t\t\t<div class=\"elementor-widget-container\">\n\t\t\t<style>\/*! elementor - v3.12.1 - 02-04-2023 *\/\n.elementor-heading-title{padding:0;margin:0;line-height:1}.elementor-widget-heading .elementor-heading-title[class*=elementor-size-]>a{color:inherit;font-size:inherit;line-height:inherit}.elementor-widget-heading .elementor-heading-title.elementor-size-small{font-size:15px}.elementor-widget-heading .elementor-heading-title.elementor-size-medium{font-size:19px}.elementor-widget-heading .elementor-heading-title.elementor-size-large{font-size:29px}.elementor-widget-heading .elementor-heading-title.elementor-size-xl{font-size:39px}.elementor-widget-heading .elementor-heading-title.elementor-size-xxl{font-size:59px}<\/style><h1 class=\"elementor-heading-title elementor-size-default\">\u00d6zel Durumlar<\/h1>\t\t<\/div>\n\t\t\t\t<\/div>\n\t\t\t\t\t<\/div>\n\t\t<\/div>\n\t\t\t\t\t\t\t<\/div>\n\t\t<\/section>\n\t\t\t\t<section class=\"elementor-section elementor-top-section elementor-element elementor-element-bc419ee elementor-section-boxed elementor-section-height-default elementor-section-height-default\" data-id=\"bc419ee\" data-element_type=\"section\">\n\t\t\t\t\t\t<div class=\"elementor-container elementor-column-gap-default\">\n\t\t\t\t\t<div class=\"elementor-column elementor-col-100 elementor-top-column elementor-element elementor-element-9c05ffb\" data-id=\"9c05ffb\" data-element_type=\"column\">\n\t\t\t<div class=\"elementor-widget-wrap elementor-element-populated\">\n\t\t\t\t\t\t\t\t<div class=\"elementor-element elementor-element-1d0d67b elementor-widget elementor-widget-heading\" data-id=\"1d0d67b\" data-element_type=\"widget\" data-widget_type=\"heading.default\">\n\t\t\t\t<div class=\"elementor-widget-container\">\n\t\t\t<h2 class=\"elementor-heading-title elementor-size-default\">\u00d6zel Durum A\u00e7\u0131klamalar\u0131 2016<\/h2>\t\t<\/div>\n\t\t\t\t<\/div>\n\t\t\t\t<div class=\"elementor-element elementor-element-00ee7a5 liststyle elementor-widget elementor-widget-html\" data-id=\"00ee7a5\" data-element_type=\"widget\" data-widget_type=\"html.default\">\n\t\t\t\t<div class=\"elementor-widget-container\">\n\t\t\t<ul>                              \n\t\n\t\t<li><a href=\"https:\/\/profaj.co\/icu\/pdf\/ozel-durumlar\/2016\/1.oezel durum (06.01.2015) NETA_ taraf_ndan yap_lan KAP ac_klamas_ hk.pdf\" title=\"1.\u00f6zel durum (06.01.2015) NETA\u015e taraf\u0131ndan yap\u0131lan KAP a\u00e7\u0131klamas\u0131 hk.\">1.\u00f6zel durum (06.01.2015) NETA\u015e taraf\u0131ndan yap\u0131lan KAP a\u00e7\u0131klamas\u0131 hk.<\/a><\/li>\n\t\n\t\t<li><a href=\"https:\/\/profaj.co\/icu\/pdf\/ozel-durumlar\/2016\/2.oezel durum (07.03.2016) NETA_ taraf_ndan yap_lan KAP ac_klamas_ hk.pdf\" title=\"2.\u00f6zel durum (07.03.2016) NETA\u015e taraf\u0131ndan yap\u0131lan KAP a\u00e7\u0131klamas\u0131 hk\">2.\u00f6zel durum (07.03.2016) NETA\u015e taraf\u0131ndan yap\u0131lan KAP a\u00e7\u0131klamas\u0131 hk<\/a><\/li>\n\t\n\t\t<li><a href=\"https:\/\/profaj.co\/icu\/pdf\/ozel-durumlar\/2016\/3.oezel durum (08.03.2016) Borsa Yoenetim Kurulu_nun 07.03.2016 tarihli uyar_s_ hakk_nda bilgilendirme_08.03.2016.pdf\" title=\"3.\u00f6zel durum (08.03.2016) Borsa Y\u00f6netim Kurulu'nun 07.03.2016 tarihli uyar\u0131s\u0131 hakk\u0131nda bilgilendirme_08.03.2016\">3.\u00f6zel durum (08.03.2016) Borsa Y\u00f6netim Kurulu'nun 07.03.2016 tarihli uyar\u0131s\u0131 hakk\u0131nda bilgilendirme_08.03.2016<\/a><\/li>\n\t\n\t\t<li><a href=\"https:\/\/profaj.co\/icu\/pdf\/ozel-durumlar\/2016\/4.oezel durum (07.04.2016) TTK_nun 376 Bilancosu hk.pdf\" title=\"4.\u00f6zel durum (07.04.2016) TTK'nun 376 Bilan\u00e7osu hk.\">4.\u00f6zel durum (07.04.2016) TTK'nun 376 Bilan\u00e7osu hk.<\/a><\/li>\n\t\n\t\t<li><a href=\"https:\/\/profaj.co\/icu\/pdf\/ozel-durumlar\/2016\/5.ozel durum (03.05.2016) 31 Mart 2016 tarihi itibari ile TTK 376 Bilanco aktiflerinin goezden gecirilmesi hakk_nda.pdf\" title=\"5.\u00f6zel durum (03.05.2016) 31 Mart 2016 tarihi itibari ile TTK 376 Bilan\u00e7o aktiflerinin g\u00f6zden ge\u00e7irilmesi hakk\u0131nda\">5.\u00f6zel durum (03.05.2016) 31 Mart 2016 tarihi itibari ile TTK 376 Bilan\u00e7o aktiflerinin g\u00f6zden ge\u00e7irilmesi hakk\u0131nda<\/a><\/li>\n\t\n\t\t<li><a href=\"https:\/\/profaj.co\/icu\/pdf\/ozel-durumlar\/2016\/06.ozel durum (09.05.2016) NETA_ taraf_ndan yap_lan KAP ac_klamas_ hk.pdf\" title=\"6.\u00f6zel durum (09.05.2016) NETA\u015e taraf\u0131ndan yap\u0131lan KAP a\u00e7\u0131klamas\u0131 hk.\">6.\u00f6zel durum (09.05.2016) NETA\u015e taraf\u0131ndan yap\u0131lan KAP a\u00e7\u0131klamas\u0131 hk.<\/a><\/li>\n\t\n\t\t<li><a href=\"https:\/\/profaj.co\/icu\/pdf\/ozel-durumlar\/2016\/7.oezel durum (03.06.2016) NETA_ Telekomuenikasyon A._. (NETA_) taraf_ndan yap_lan KAP ac_klamas_ hk.pdf\" title=\"7.\u00f6zel durum (03.06.2016) NETA\u015e Telekom\u00fcnikasyon A.\u015e. (NETA\u015e) taraf\u0131ndan yap\u0131lan KAP a\u00e7\u0131klamas\u0131 hk.\">7.\u00f6zel durum (03.06.2016) NETA\u015e Telekom\u00fcnikasyon A.\u015e. (NETA\u015e) taraf\u0131ndan yap\u0131lan KAP a\u00e7\u0131klamas\u0131 hk.<\/a><\/li>\n\t\n\t\t<li><a href=\"https:\/\/profaj.co\/icu\/pdf\/ozel-durumlar\/2016\/8.oezel durum (03.06.2016) NETA_ taraf_ndan yap_lan KAP ac_klamas_ hk.pdf\" title=\"8.\u00f6zel durum (03.06.2016) NETA\u015e taraf\u0131ndan yap\u0131lan KAP a\u00e7\u0131klamas\u0131 hk.\">8.\u00f6zel durum (03.06.2016) NETA\u015e taraf\u0131ndan yap\u0131lan KAP a\u00e7\u0131klamas\u0131 hk.<\/a><\/li>\n\t\n\t\t<li><a href=\"https:\/\/profaj.co\/icu\/pdf\/ozel-durumlar\/2016\/9.oezel durum (14.06.2016) NETA_ taraf_ndan yap_lan KAP ac_klamas_ hk.pdf\" title=\"9.\u00f6zel durum (14.06.2016) NETA\u015e taraf\u0131ndan yap\u0131lan KAP a\u00e7\u0131klamas\u0131 hk.\">9.\u00f6zel durum (14.06.2016) NETA\u015e taraf\u0131ndan yap\u0131lan KAP a\u00e7\u0131klamas\u0131 hk.<\/a><\/li>\n\t\n\t\t<li><a href=\"https:\/\/profaj.co\/icu\/pdf\/ozel-durumlar\/2016\/10.oezel durum (01.07.2016) NETA_ taraf_ndan yap_lan KAP ac_klamas_ hk.pdf\" title=\"10.\u00f6zel durum (01.07.2016) NETA\u015e taraf\u0131ndan yap\u0131lan KAP a\u00e7\u0131klamas\u0131 hk.\">10.\u00f6zel durum (01.07.2016) NETA\u015e taraf\u0131ndan yap\u0131lan KAP a\u00e7\u0131klamas\u0131 hk.<\/a><\/li>\n\t\n\t\t<li><a href=\"https:\/\/profaj.co\/icu\/pdf\/ozel-durumlar\/2016\/11.oezel durum (04.08.2016) 2016 y_l_ Ba_ms_z Denetim Firmas_ secimi hk.pdf\" title=\"11.\u00f6zel durum (04.08.2016) 2016 y\u0131l\u0131 Ba\u011f\u0131ms\u0131z Denetim Firmas\u0131 se\u00e7imi hk.\">11.\u00f6zel durum (04.08.2016) 2016 y\u0131l\u0131 Ba\u011f\u0131ms\u0131z Denetim Firmas\u0131 se\u00e7imi hk.<\/a><\/li>\n\t\n\t\t<li><a href=\"https:\/\/profaj.co\/icu\/pdf\/ozel-durumlar\/2016\/12.oezel durum (09.08.2016) TTK_nun 376 Bilancosu hk.pdf\" title=\"12.\u00f6zel durum (09.08.2016) TTK'nun 376 Bilan\u00e7osu hk.\">12.\u00f6zel durum (09.08.2016) TTK'nun 376 Bilan\u00e7osu hk.<\/a><\/li>\n\t\n\t\t<li><a href=\"https:\/\/profaj.co\/icu\/pdf\/ozel-durumlar\/2016\/13.oezel durum (02.09.2016) NETA_ taraf_ndan yap_lan KAP ac_klamas_ hk.pdf\" title=\"13.\u00f6zel durum (02.09.2016) NETA\u015e taraf\u0131ndan yap\u0131lan KAP a\u00e7\u0131klamas\u0131 hk.\">13.\u00f6zel durum (02.09.2016) NETA\u015e taraf\u0131ndan yap\u0131lan KAP a\u00e7\u0131klamas\u0131 hk.<\/a><\/li>\n\t\n\t\t<li><a href=\"https:\/\/profaj.co\/icu\/pdf\/ozel-durumlar\/2016\/14.oezel durum (21.10.2016) 2015 y_l_ Ola_an Genel Kurul Toplant_s_na davet hk.pdf\" title=\"14.\u00f6zel durum (21.10.2016) 2015 y\u0131l\u0131 Ola\u011fan Genel Kurul Toplant\u0131s\u0131'na davet hk.\">14.\u00f6zel durum (21.10.2016) 2015 y\u0131l\u0131 Ola\u011fan Genel Kurul Toplant\u0131s\u0131'na davet hk.<\/a><\/li>\n\t\n\t\t<li><a href=\"https:\/\/profaj.co\/icu\/pdf\/ozel-durumlar\/2016\/15.oezel durum (21.10.2016) 2015 y_l_ kar da_t_m teklifi hakk_nda.pdf\" title=\"15.\u00f6zel durum (21.10.2016) 2015 y\u0131l\u0131 kar da\u011f\u0131t\u0131m teklifi hakk\u0131nda\">15.\u00f6zel durum (21.10.2016) 2015 y\u0131l\u0131 kar da\u011f\u0131t\u0131m teklifi hakk\u0131nda<\/a><\/li>\n\t\n\t\t<li><a href=\"https:\/\/profaj.co\/icu\/pdf\/ozel-durumlar\/2016\/16.oezel durum (25.10.16) Ba_ms_z Yoenetim Kurulu Ueye Adaylar_n_n onaylanmas_ ve kamuya duyurulmas_ hk.pdf\" title=\"16.\u00f6zel durum (25.10.16) Ba\u011f\u0131ms\u0131z Y\u00f6netim Kurulu \u00dcye Adaylar\u0131n\u0131n onaylanmas\u0131 ve kamuya duyurulmas\u0131 hk.\">16.\u00f6zel durum (25.10.16) Ba\u011f\u0131ms\u0131z Y\u00f6netim Kurulu \u00dcye Adaylar\u0131n\u0131n onaylanmas\u0131 ve kamuya duyurulmas\u0131 hk.<\/a><\/li>\n\t\n\t\t<li><a href=\"https:\/\/profaj.co\/icu\/pdf\/ozel-durumlar\/2016\/17.oezel durum(25.10.16) 2015 y_l_ _li_kili Taraf _lemleri Raporu_nun onaylanmas_na.pdf\" title=\"17.\u00f6zel durum(25.10.16) 2015 y\u0131l\u0131 \u0130li\u015fkili Taraf \u0130\u015flemleri Raporu'nun onaylanmas\u0131na\">17.\u00f6zel durum(25.10.16) 2015 y\u0131l\u0131 \u0130li\u015fkili Taraf \u0130\u015flemleri Raporu'nun onaylanmas\u0131na<\/a><\/li>\n\t\n\t\t<li><a href=\"https:\/\/profaj.co\/icu\/pdf\/ozel-durumlar\/2016\/18.oezel durum(31.10.16) 30 Eyluel 2016 tarihi itibari ile TTK 376 Bilanco aktiflerinin goezden gecirilmesi hakk_nda.pdf\" title=\"18.\u00f6zel durum (31.10.16) 30 Eyl\u00fcl 2016 tarihi itibari ile TTK 376 Bilan\u00e7o aktiflerinin g\u00f6zden ge\u00e7irilmesi hakk\u0131nda\">18.\u00f6zel durum (31.10.16) 30 Eyl\u00fcl 2016 tarihi itibari ile TTK 376 Bilan\u00e7o aktiflerinin g\u00f6zden ge\u00e7irilmesi hakk\u0131nda<\/a><\/li>\n\t\n\t\t<li><a href=\"https:\/\/profaj.co\/icu\/pdf\/ozel-durumlar\/2016\/19.oezel durum (31.10.16) 30.09.2016 tarihli Finansal Raporlara ait eklenmi_ dipnotun duezeltimi.pdf\" title=\"19.\u00f6zel durum (31.10.16) 30.09.2016 tarihli Finansal Raporlara ait eklenmi\u015f dipnotun d\u00fczeltimi\">19.\u00f6zel durum (31.10.16) 30.09.2016 tarihli Finansal Raporlara ait eklenmi\u015f dipnotun d\u00fczeltimi<\/a><\/li>\n\t\n\t\t<li><a href=\"https:\/\/profaj.co\/icu\/pdf\/ozel-durumlar\/2016\/20.oezel durum (02.11.16) NETA_ taraf_ndan yap_lan KAP ac_klamas_ hk.pdf\" title=\"20.\u00f6zel durum (02.11.16) NETA\u015e taraf\u0131ndan yap\u0131lan KAP a\u00e7\u0131klamas\u0131 hk.\">20.\u00f6zel durum (02.11.16) NETA\u015e taraf\u0131ndan yap\u0131lan KAP a\u00e7\u0131klamas\u0131 hk.<\/a><\/li>\n\t\n\t\t<li><a href=\"https:\/\/profaj.co\/icu\/pdf\/ozel-durumlar\/2016\/21.oezel durum (02.11.2016) Yoenetim Kurulu Adaylar_ hk.pdf\" title=\"21.\u00f6zel durum (02.11.2016) Y\u00f6netim Kurulu Adaylar\u0131 hk.\">21.\u00f6zel durum (02.11.2016) Y\u00f6netim Kurulu Adaylar\u0131 hk.<\/a><\/li>\n\t\n\t\t<li><a href=\"https:\/\/profaj.co\/icu\/pdf\/ozel-durumlar\/2016\/22.oezel durum 16.11.2016 tarihinde yap_lan 2015 y_l_ Ola_an Genel Kurul toplant_s_n_n ertelenmesi hk.pdf\" title=\"22.\u00f6zel durum 16.11.2016 tarihinde yap\u0131lan 2015 y\u0131l\u0131 Ola\u011fan Genel Kurul toplant\u0131s\u0131n\u0131n ertelenmesi hk.\">22.\u00f6zel durum 16.11.2016 tarihinde yap\u0131lan 2015 y\u0131l\u0131 Ola\u011fan Genel Kurul toplant\u0131s\u0131n\u0131n ertelenmesi hk.<\/a><\/li>\n\t\n\t\t<li><a href=\"https:\/\/profaj.co\/icu\/pdf\/ozel-durumlar\/2016\/23.oezel durum (16.11.2016) 09.12.2016 tarihinde yap_lacak olan 2015 y_l_ Ola_an Genel Kurul Toplant_s_na daveti ile EK II _lan metni ekindeki Vekaletnamenin duezeltilmi_ hali olan.pdf\" title=\"23.\u00f6zel durum (16.11.2016) 09.12.2016 tarihinde yap\u0131lacak olan 2015 y\u0131l\u0131 Ola\u011fan Genel Kurul Toplant\u0131s\u0131na daveti ile EK II \u0130lan metni ekindeki Vekaletnamenin d\u00fczeltilmi\u015f hali olan\">23.\u00f6zel durum (16.11.2016) 09.12.2016 tarihinde yap\u0131lacak olan 2015 y\u0131l\u0131 Ola\u011fan Genel Kurul Toplant\u0131s\u0131na daveti ile EK II \u0130lan metni ekindeki Vekaletnamenin d\u00fczeltilmi\u015f hali olan<\/a><\/li>\n\t\n\t\t<li><a href=\"https:\/\/profaj.co\/icu\/pdf\/ozel-durumlar\/2016\/24.oezel durum (25.11.16) Ola_and_ Fiyat ve Miktar Hareketi hk.pdf\" title=\"24.\u00f6zel durum (25.11.16) Ola\u011fand\u0131\u015f\u0131 Fiyat ve Miktar Hareketi hk.\">24.\u00f6zel durum (25.11.16) Ola\u011fand\u0131\u015f\u0131 Fiyat ve Miktar Hareketi hk.<\/a><\/li>\n\t\n\t\t<li><a href=\"https:\/\/profaj.co\/icu\/pdf\/ozel-durumlar\/2016\/25.oezel durum(06.12.16) _tirakimiz OEP Turkey Tech B.V. (OEP BV) _nin muenhas_r yat_r_m_ olan (Neta_ A_)_deki paylar_n sat_na yoenelik soezle_me imzalanmas_ hk.da.pdf\" title=\"25.\u00f6zel durum(06.12.16) \u0130\u015ftirakimiz OEP Turkey Tech B.V. (OEP BV) 'nin m\u00fcnhas\u0131r yat\u0131r\u0131m\u0131 olan (Neta\u015f A\u015e)'deki paylar\u0131n sat\u0131\u015f\u0131na y\u00f6nelik s\u00f6zle\u015fme imzalanmas\u0131 hk.da\">25.\u00f6zel durum(06.12.16) \u0130\u015ftirakimiz OEP Turkey Tech B.V. (OEP BV) 'nin m\u00fcnhas\u0131r yat\u0131r\u0131m\u0131 olan (Neta\u015f A\u015e)'deki paylar\u0131n sat\u0131\u015f\u0131na y\u00f6nelik s\u00f6zle\u015fme imzalanmas\u0131 hk.da<\/a><\/li>\n\t\n\t\t<li><a href=\"https:\/\/profaj.co\/icu\/pdf\/ozel-durumlar\/2016\/26.oezel durum (09.12.16)2015 y_l_ Ola_an Genel Kurul Toplant_ Sonucu.pdf\" title=\"26.\u00f6zel durum (09.12.16)2015 y\u0131l\u0131 Ola\u011fan Genel Kurul Toplant\u0131 Sonucu\">26.\u00f6zel durum (09.12.16)2015 y\u0131l\u0131 Ola\u011fan Genel Kurul Toplant\u0131 Sonucu<\/a><\/li>\n\t\n\t\t<li><a href=\"https:\/\/profaj.co\/icu\/pdf\/ozel-durumlar\/2016\/27.oezel durum (12.12.16) 2015 y_l_ kar da_t_m_ hk.da.pdf\" title=\"27.\u00f6zel durum (12.12.16) 2015 y\u0131l\u0131 kar da\u011f\u0131t\u0131m\u0131 hk.da\">27.\u00f6zel durum (12.12.16) 2015 y\u0131l\u0131 kar da\u011f\u0131t\u0131m\u0131 hk.da<\/a><\/li>\n\t\n\t\t<li><a href=\"https:\/\/profaj.co\/icu\/pdf\/ozel-durumlar\/2016\/28.oezel durum-Yat_r_m _li_kileri Boeluem Yoenetici-Komite de_i_ikli_i ile Riskin Erken Saptanmas_ Komitesi, Kurumsal Yoenetim Komitesi, Denetimden Sorumlu Komite Ueyelerinin belirlenmesi.pdf\" title=\"28.\u00f6zel durum-Yat\u0131r\u0131m \u0130li\u015fkileri B\u00f6l\u00fcm Y\u00f6netici-Komite de\u011fi\u015fikli\u011fi ile Riskin Erken Saptanmas\u0131 Komitesi, Kurumsal Y\u00f6netim Komitesi, Denetimden Sorumlu Komite \u00dcyelerinin belirlenmesi\">28.\u00f6zel durum-Yat\u0131r\u0131m \u0130li\u015fkileri B\u00f6l\u00fcm Y\u00f6netici-Komite de\u011fi\u015fikli\u011fi ile Riskin Erken Saptanmas\u0131 Komitesi, Kurumsal Y\u00f6netim Komitesi, Denetimden Sorumlu Komite \u00dcyelerinin belirlenmesi<\/a><\/li>\n\t\n\t\t<li><a href=\"https:\/\/profaj.co\/icu\/pdf\/ozel-durumlar\/2016\/29.oezel durum (12.12.12) Yoenetim Kurulu Ueyelerinin Goerev Da_l_m_ hk._da.pdf\" title=\"29.\u00f6zel durum (12.12.12) Y\u00f6netim Kurulu \u00dcyelerinin G\u00f6rev Da\u011f\u0131l\u0131m\u0131 hk.'da\">29.\u00f6zel durum (12.12.12) Y\u00f6netim Kurulu \u00dcyelerinin G\u00f6rev Da\u011f\u0131l\u0131m\u0131 hk.'da<\/a><\/li>\n\t\n\t\t<li><a href=\"https:\/\/profaj.co\/icu\/pdf\/ozel-durumlar\/2016\/30.oezel durum (14.12.2016) Guencel Yat_r_mc_ _li_kileri _leti_im Bilgileri.pdf\" title=\"30.\u015eGBF (14.12.2016) G\u00fcncel Yat\u0131r\u0131mc\u0131 \u0130li\u015fkileri \u0130leti\u015fim Bilgileri\">30.\u015eGBF (14.12.2016) G\u00fcncel Yat\u0131r\u0131mc\u0131 \u0130li\u015fkileri \u0130leti\u015fim Bilgileri<\/a><\/li>\n\t\n\t\t<li><a href=\"https:\/\/profaj.co\/icu\/pdf\/ozel-durumlar\/2016\/31.oezel durum (29.12.2016)2015 y_l_ Ola_an Genel Kurul Toplant_s_na ait Tescil Bildirimi.pdf\" title=\"31.\u00f6zel durum (29.12.2016) 2015 y\u0131l\u0131 Ola\u011fan Genel Kurul Toplant\u0131s\u0131'na ait Tescil Bildirimi\">31.\u00f6zel durum (29.12.2016) 2015 y\u0131l\u0131 Ola\u011fan Genel Kurul Toplant\u0131s\u0131'na ait Tescil Bildirimi<\/a><\/li>\n\t\n\t\t<li><a href=\"https:\/\/profaj.co\/icu\/pdf\/ozel-durumlar\/2016\/32._GBF (29.12.2016) YK ueyeleri - Yat_r_mc_ ili_kileri _leti_im Bilgileri ve Yoenetimde soez sahibi personel guencellemesi hk.da.pdf\" title=\"32.\u015eGBF (29.12.2016) YK \u00fcyeleri - Yat\u0131r\u0131mc\u0131 ili\u015fkileri \u0130leti\u015fim Bilgileri ve Y\u00f6netimde s\u00f6z sahibi personel g\u00fcncellemesi hk.da\">32.\u015eGBF (29.12.2016) YK \u00fcyeleri - Yat\u0131r\u0131mc\u0131 ili\u015fkileri \u0130leti\u015fim Bilgileri ve Y\u00f6netimde s\u00f6z sahibi personel g\u00fcncellemesi hk.da<\/a><\/li>\n\t\n\t\t<li><a href=\"https:\/\/profaj.co\/icu\/pdf\/ozel-durumlar\/2016\/33.oezel durum (30.12.16) (Neta_ A_)_deki paylar_n sat_.yoen. Tuerk Rekabet Kurumu _zni.pdf\" title=\"33.\u00f6zel durum (30.12.16) (Neta\u015f A\u015e)'deki paylar\u0131n sat\u0131\u015f.y\u00f6n. T\u00fcrk Rekabet Kurumu \u0130zni\">33.\u00f6zel durum (30.12.16) (Neta\u015f A\u015e)'deki paylar\u0131n sat\u0131\u015f.y\u00f6n. T\u00fcrk Rekabet Kurumu \u0130zni<\/a><\/li>\n\t\n\n<\/ul>\t\t<\/div>\n\t\t\t\t<\/div>\n\t\t\t\t\t<\/div>\n\t\t<\/div>\n\t\t\t\t\t\t\t<\/div>\n\t\t<\/section>\n\t\t\t\t\t\t\t<\/div>\n\t\t","protected":false},"excerpt":{"rendered":"<p>\u00d6zel Durumlar \u00d6zel Durum A\u00e7\u0131klamalar\u0131 2016 1.\u00f6zel durum (06.01.2015) NETA\u015e taraf\u0131ndan yap\u0131lan KAP a\u00e7\u0131klamas\u0131 hk. 2.\u00f6zel durum (07.03.2016) NETA\u015e taraf\u0131ndan yap\u0131lan KAP a\u00e7\u0131klamas\u0131 hk 3.\u00f6zel durum (08.03.2016) Borsa Y\u00f6netim Kurulu&#8217;nun 07.03.2016 tarihli uyar\u0131s\u0131 hakk\u0131nda bilgilendirme_08.03.2016 4.\u00f6zel durum (07.04.2016) TTK&#8217;nun 376 Bilan\u00e7osu hk. 5.\u00f6zel durum (03.05.2016) 31 Mart 2016 tarihi itibari ile TTK 376 Bilan\u00e7o aktiflerinin [&hellip;]<\/p>\n","protected":false},"author":1,"featured_media":0,"parent":0,"menu_order":0,"comment_status":"closed","ping_status":"closed","template":"","meta":{"footnotes":""},"class_list":["post-2321","page","type-page","status-publish","hentry"],"_links":{"self":[{"href":"https:\/\/profaj.co\/icu\/wp-json\/wp\/v2\/pages\/2321","targetHints":{"allow":["GET"]}}],"collection":[{"href":"https:\/\/profaj.co\/icu\/wp-json\/wp\/v2\/pages"}],"about":[{"href":"https:\/\/profaj.co\/icu\/wp-json\/wp\/v2\/types\/page"}],"author":[{"embeddable":true,"href":"https:\/\/profaj.co\/icu\/wp-json\/wp\/v2\/users\/1"}],"replies":[{"embeddable":true,"href":"https:\/\/profaj.co\/icu\/wp-json\/wp\/v2\/comments?post=2321"}],"version-history":[{"count":7,"href":"https:\/\/profaj.co\/icu\/wp-json\/wp\/v2\/pages\/2321\/revisions"}],"predecessor-version":[{"id":2328,"href":"https:\/\/profaj.co\/icu\/wp-json\/wp\/v2\/pages\/2321\/revisions\/2328"}],"wp:attachment":[{"href":"https:\/\/profaj.co\/icu\/wp-json\/wp\/v2\/media?parent=2321"}],"curies":[{"name":"wp","href":"https:\/\/api.w.org\/{rel}","templated":true}]}}