{"id":2329,"date":"2023-05-11T13:19:10","date_gmt":"2023-05-11T13:19:10","guid":{"rendered":"https:\/\/profaj.co\/icu\/?page_id=2329"},"modified":"2023-05-11T13:35:26","modified_gmt":"2023-05-11T13:35:26","slug":"ozel-durum-aciklamalari-2015","status":"publish","type":"page","link":"https:\/\/profaj.co\/icu\/ozel-durum-aciklamalari-2015\/","title":{"rendered":"\u00d6zel Durum A\u00e7\u0131klamalar\u0131 2015"},"content":{"rendered":"\t\t<div data-elementor-type=\"wp-page\" data-elementor-id=\"2329\" class=\"elementor elementor-2329\">\n\t\t\t\t\t\t\t\t\t<section class=\"elementor-section elementor-top-section elementor-element elementor-element-249d52f elementor-section-boxed elementor-section-height-default elementor-section-height-default\" data-id=\"249d52f\" data-element_type=\"section\" data-settings=\"{&quot;background_background&quot;:&quot;classic&quot;}\">\n\t\t\t\t\t\t\t<div class=\"elementor-background-overlay\"><\/div>\n\t\t\t\t\t\t\t<div class=\"elementor-container elementor-column-gap-default\">\n\t\t\t\t\t<div class=\"elementor-column elementor-col-100 elementor-top-column elementor-element elementor-element-b24bc93\" data-id=\"b24bc93\" data-element_type=\"column\">\n\t\t\t<div class=\"elementor-widget-wrap\">\n\t\t\t\t\t\t\t\t\t<\/div>\n\t\t<\/div>\n\t\t\t\t\t\t\t<\/div>\n\t\t<\/section>\n\t\t\t\t<section class=\"elementor-section elementor-top-section elementor-element elementor-element-27a48f0f elementor-section-height-min-height elementor-section-content-middle elementor-section-boxed elementor-section-height-default elementor-section-items-middle\" data-id=\"27a48f0f\" data-element_type=\"section\">\n\t\t\t\t\t\t<div class=\"elementor-container elementor-column-gap-no\">\n\t\t\t\t\t<div class=\"elementor-column elementor-col-100 elementor-top-column elementor-element elementor-element-60260a57\" data-id=\"60260a57\" data-element_type=\"column\">\n\t\t\t<div class=\"elementor-widget-wrap elementor-element-populated\">\n\t\t\t\t\t\t\t\t<div class=\"elementor-element elementor-element-9d49e56 elementor-widget elementor-widget-heading\" data-id=\"9d49e56\" data-element_type=\"widget\" data-widget_type=\"heading.default\">\n\t\t\t\t<div class=\"elementor-widget-container\">\n\t\t\t<style>\/*! elementor - v3.12.1 - 02-04-2023 *\/\n.elementor-heading-title{padding:0;margin:0;line-height:1}.elementor-widget-heading .elementor-heading-title[class*=elementor-size-]>a{color:inherit;font-size:inherit;line-height:inherit}.elementor-widget-heading .elementor-heading-title.elementor-size-small{font-size:15px}.elementor-widget-heading .elementor-heading-title.elementor-size-medium{font-size:19px}.elementor-widget-heading .elementor-heading-title.elementor-size-large{font-size:29px}.elementor-widget-heading .elementor-heading-title.elementor-size-xl{font-size:39px}.elementor-widget-heading .elementor-heading-title.elementor-size-xxl{font-size:59px}<\/style><h1 class=\"elementor-heading-title elementor-size-default\">\u00d6zel Durumlar<\/h1>\t\t<\/div>\n\t\t\t\t<\/div>\n\t\t\t\t\t<\/div>\n\t\t<\/div>\n\t\t\t\t\t\t\t<\/div>\n\t\t<\/section>\n\t\t\t\t<section class=\"elementor-section elementor-top-section elementor-element elementor-element-bc419ee elementor-section-boxed elementor-section-height-default elementor-section-height-default\" data-id=\"bc419ee\" data-element_type=\"section\">\n\t\t\t\t\t\t<div class=\"elementor-container elementor-column-gap-default\">\n\t\t\t\t\t<div class=\"elementor-column elementor-col-100 elementor-top-column elementor-element elementor-element-9c05ffb\" data-id=\"9c05ffb\" data-element_type=\"column\">\n\t\t\t<div class=\"elementor-widget-wrap elementor-element-populated\">\n\t\t\t\t\t\t\t\t<div class=\"elementor-element elementor-element-1d0d67b elementor-widget elementor-widget-heading\" data-id=\"1d0d67b\" data-element_type=\"widget\" data-widget_type=\"heading.default\">\n\t\t\t\t<div class=\"elementor-widget-container\">\n\t\t\t<h2 class=\"elementor-heading-title elementor-size-default\">\u00d6zel Durum A\u00e7\u0131klamalar\u0131 2015<\/h2>\t\t<\/div>\n\t\t\t\t<\/div>\n\t\t\t\t<div class=\"elementor-element elementor-element-00ee7a5 liststyle elementor-widget elementor-widget-html\" data-id=\"00ee7a5\" data-element_type=\"widget\" data-widget_type=\"html.default\">\n\t\t\t\t<div class=\"elementor-widget-container\">\n\t\t\t<ul>                              \n\t\n\t\t<li><a href=\"https:\/\/profaj.co\/icu\/wp-content\/uploads\/2023\/05\/1.oezel-durum-07.01.2015-_li_kili-taraflara-oedenen-portfoey-yoenetim-uecreti-hk.pdf\" title=\"1.\u00f6zel durum (07.01.2015) \u0130li\u015fkili taraflara \u00f6denen portf\u00f6y y\u00f6netim \u00fccreti hk\">1.\u00f6zel durum (07.01.2015) \u0130li\u015fkili taraflara \u00f6denen portf\u00f6y y\u00f6netim \u00fccreti hk<\/a><\/li>\n\t\n\t\t<li><a href=\"https:\/\/profaj.co\/icu\/wp-content\/uploads\/2023\/05\/2.oezel-durum-14.01.2015-Ueye-istifas_-ile-bo_alan-Ba_kan-Vekilli_ine-atama-hk.pdf\">2.\u00f6zel durum (14.01.2015) \u00dcye istifas\u0131 ile bo\u015falan Ba\u015fkan Vekilli\u011fine atama hk<\/a><\/li>\n\t\n\t\t<li><a href=\"https:\/\/profaj.co\/icu\/wp-content\/uploads\/2023\/05\/3.oezel-durum-16.01.2015-Riskin-Erken-Saptanmas_-Komitesi-Kurumsal-Yoenetim-Komitesi-Denetimden-Sorumlu-Komite-Ueyelerinin-belirlenmesi-hk.pdf\">3.\u00f6zel durum (16.01.2015) Riskin Erken Saptanmas\u0131 Komitesi, Kurumsal Y\u00f6netim Komitesi, Denetimden Sorumlu Komite \u00dcyelerinin belirlenmesi hk<\/a><\/li>\n\t\n\t\t<li><a href=\"https:\/\/profaj.co\/icu\/wp-content\/uploads\/2023\/05\/4.oezel-durum-03.02.2015-_li_kili-taraflara-oedenen-portfoey-yoenetim-uecreti-hk.pdf\">4.\u00f6zel durum (03.02.2015) \u0130li\u015fkili taraflara \u00f6denen portf\u00f6y y\u00f6netim \u00fccreti hk<\/a><\/li>\n\t\n\t\t<li><a href=\"https:\/\/profaj.co\/icu\/wp-content\/uploads\/2023\/05\/5.oezel-durum-10.02.2015-Dentistanbul-Sa_l_k-Hizmetleri-ve-Ticaret-A._.-Dentistanbul-ile-ilgili-bilgilendirme.pdf\">5.\u00f6zel durum (10.02.2015) Dentistanbul Sa\u011fl\u0131k Hizmetleri ve Ticaret A.\u015e. (Dentistanbul) ile ilgili bilgilendirme<\/a><\/li>\n\t\n\t\t<li><a href=\"https:\/\/profaj.co\/icu\/wp-content\/uploads\/2023\/05\/6.oezel-durum-17.02.2015-Dentistanbul-Sa_l_k-Hizmetleri-ve-Ticaret-A._.-Dentistanbul-ile-ilgili-ek-bilgilendirme.pdf\">6.\u00f6zel durum (17.02.2015) Dentistanbul Sa\u011fl\u0131k Hizmetleri ve Ticaret A.\u015e. (Dentistanbul) ile ilgili ek bilgilendirme<\/a><\/li>\n\t\n\t\t<li><a href=\"https:\/\/profaj.co\/icu\/wp-content\/uploads\/2023\/05\/7.oezel-durum-26.02.2015-_tirakimiz-OEP-TURKEY-Tech-BV-taraf_ndan-yap_lan-KAP-ac_klamas_-hk.pdf\">7.\u00f6zel durum (26.02.2015) \u0130\u015ftirakimiz OEP TURKEY Tech BV taraf\u0131ndan yap\u0131lan KAP a\u00e7\u0131klamas\u0131 hk.<\/a><\/li>\n\t\n\t\t<li><a href=\"https:\/\/profaj.co\/icu\/wp-content\/uploads\/2023\/05\/8.oezel-durum-06.03.2015-_li_kili-taraflara-oedenen-portfoey-yoenetim-uecreti-hk.pdf\">8.\u00f6zel durum (06.03.2015) \u0130li\u015fkili taraflara \u00f6denen portf\u00f6y y\u00f6netim \u00fccreti hk<\/a><\/li>\n\t\n\t\t<li><a href=\"https:\/\/profaj.co\/icu\/wp-content\/uploads\/2023\/05\/9.oezel-durum-02.04.2015-_li_kili-taraflara-oedenen-ba_ar_-primi-hk.pdf\">9.\u00f6zel durum (02.04.2015) \u0130li\u015fkili taraflara \u00f6denen ba\u015far\u0131 primi hk<\/a><\/li>\n\t\n\t\t<li><a href=\"https:\/\/profaj.co\/icu\/wp-content\/uploads\/2023\/05\/10.oezel-durum-16.04.2015-2015-y_l_-Ba_ms_z-Denetim-Firmas_-secimi-hk.pdf\">10.\u00f6zel durum (16.04.2015) 2015 y\u0131l\u0131 Ba\u011f\u0131ms\u0131z Denetim Firmas\u0131 se\u00e7imi hk.<\/a><\/li>\n\t\n\t\t<li><a href=\"https:\/\/profaj.co\/icu\/wp-content\/uploads\/2023\/05\/11.oezel-durum-29.04.2015-Olagandisi-Fiyat-ve-Miktar-Hareketleri-hk.pdf\">11.\u00f6zel durum (29.04.2015) Ola\u011fand\u0131\u015f\u0131 Fiyat ve Miktar Hareketleri hk<\/a><\/li>\n\t\n\t\t<li><a href=\"https:\/\/profaj.co\/icu\/wp-content\/uploads\/2023\/05\/12.oezel-durum-05.05.2015-_li_kili-taraflara-oedenen-portfoey-yoenetim-uecreti-hk.pdf\">12.\u00f6zel durum (05.05.2015) \u0130li\u015fkili taraflara \u00f6denen portf\u00f6y y\u00f6netim \u00fccreti hk<\/a><\/li>\n\t\n\t\t<li><a href=\"https:\/\/profaj.co\/icu\/wp-content\/uploads\/2023\/05\/13.ozel-durum-20.05.2015-Iliskili-taraflara-odenen-portfoy-yonetim-ucreti-hk.pdf\">13.\u00f6zel durum (20.05.2015) \u0130li\u015fkili taraflara \u00f6denen portf\u00f6y y\u00f6netim \u00fccreti hk.<\/a><\/li>\n\t\n\t\t<li><a href=\"https:\/\/profaj.co\/icu\/wp-content\/uploads\/2023\/05\/14.ozel-durum-16.06.2015-Genel-Bilgilendirme.pdf\">14.\u00f6zel durum (16.06.2015) Genel Bilgilendirme<\/a><\/li>\n\t\n\t\t<li><a href=\"https:\/\/profaj.co\/icu\/wp-content\/uploads\/2023\/05\/15.ozel-durum-19.06.2015-2014-y_l_-Olagan-Genel-Kurul-Toplant_s_na-davet-hk.pdf\">15.\u00f6zel durum (19.06.2015) 2014 y\u0131l\u0131 Ola\u011fan Genel Kurul Toplant\u0131s\u0131'na davet hk<\/a><\/li>\n\t\n\t\t<li><a href=\"https:\/\/profaj.co\/icu\/wp-content\/uploads\/2023\/05\/16.ozel-durum-19.06.2015-Iliskili-taraflara-oedenen-portfoey-yonetim-ucreti-hk.pdf\">16.\u00f6zel durum (19.06.2015) \u0130li\u015fkili taraflara \u00f6denen portf\u00f6y y\u00f6netim \u00fccreti hk<\/a><\/li>\n\t\n\t\t<li><a href=\"https:\/\/profaj.co\/icu\/wp-content\/uploads\/2023\/05\/17.ozel-durum-24.06.2015-2014-y_l_-kar-dagitim-teklifi-hk.pdf\">17.\u00f6zel durum (24.06.2015) 2014 y\u0131l\u0131 kar da\u011f\u0131t\u0131m teklifi hk<\/a><\/li>\n\t\n\t\t<li><a href=\"https:\/\/profaj.co\/icu\/wp-content\/uploads\/2023\/05\/18.ozel-durum-24.06.2015-Bagimsiz-Yonetim-Kurulu-Uye-Adaylarinin-Onaylanmasi-ve-Kamuya-Duyurulmasi-hk.pdf\">18.\u00f6zel durum (24.06.2015) Ba\u011f\u0131ms\u0131z Y\u00f6netim Kurulu \u00dcye Adaylar\u0131n\u0131n Onaylanmas\u0131 ve Kamuya Duyurulmas\u0131 hk<\/a><\/li>\n\t\n\t\t<li><a href=\"https:\/\/profaj.co\/icu\/wp-content\/uploads\/2023\/05\/19.ozel-durum-24.06.2015-2014-yili-Iliskili-Taraf-Islemleri-Raporu.pdf\">19.\u00f6zel durum (24.06.2015) 2014 y\u0131l\u0131 \u0130li\u015fkili Taraf \u0130\u015flemleri Raporu<\/a><\/li>\n\t\n\t\t<li><a href=\"https:\/\/profaj.co\/icu\/wp-content\/uploads\/2023\/05\/20.ozel-durum-01.07.2015-Yonetim-Kurulu-Adaylari.pdf\">20.\u00f6zel durum (01.07.2015) Y\u00f6netim Kurulu Adaylar\u0131<\/a><\/li>\n\t\n\t\t<li><a href=\"https:\/\/profaj.co\/icu\/wp-content\/uploads\/2023\/05\/21.ozel-durum-08.07.2015-Olagandisi-Fiyat-ve-Miktar-Hareketleri-hk.pdf\">21.\u00f6zel durum (08.07.2015) Ola\u011fand\u0131\u015f\u0131 Fiyat ve Miktar Hareketleri hk<\/a><\/li>\n\t\n\t\t<li><a href=\"https:\/\/profaj.co\/icu\/wp-content\/uploads\/2023\/05\/22.ozel-durum-09.07.2015-NETAS-tarafindan-yapilan-KAP-aciklamasi-hk.pdf\">22.\u00f6zel durum (09.07.2015) NETA\u015e taraf\u0131ndan yap\u0131lan KAP a\u00e7\u0131klamas\u0131 hk.<\/a><\/li>\n\t\n\t\t<li><a href=\"https:\/\/profaj.co\/icu\/wp-content\/uploads\/2023\/05\/23.ozel-durum-15.07.2015-15.07.2015-tarihinde-yapilan-2014-yili-Genel-Kurul-toplantisinin-ertelenmesi-hk.pdf\">23.\u00f6zel durum (15.07.2015) 15.07.2015 tarihinde yap\u0131lan 2014 y\u0131l\u0131 Genel Kurul toplant\u0131s\u0131n\u0131n ertelenmesi hk<\/a><\/li>\n\t\n\t\t<li><a href=\"https:\/\/profaj.co\/icu\/wp-content\/uploads\/2023\/05\/24.ozel-durum-15.07.2015-07.08.2015-tarihinde-yapilacak-olan-2014-yili-Olagan-Genel-Kurul-Toplantisi_na-davet-hk.pdf\">24.\u00f6zel durum (15.07.2015) 07.08.2015 tarihinde yap\u0131lacak olan 2014 y\u0131l\u0131 Ola\u011fan Genel Kurul Toplant\u0131s\u0131'na davet hk.<\/a><\/li>\n\t\n\t\t<li><a href=\"https:\/\/profaj.co\/icu\/wp-content\/uploads\/2023\/05\/25.ozel-durum-07.08.2015-07.08.2015-tarihinde-yapilan-2014-yili-Olagan-Genel-Kurul-Toplanti-Sonucu-hk.pdf\">25.\u00f6zel durum (07.08.2015) 07.08.2015 tarihinde yap\u0131lan 2014 y\u0131l\u0131 Ola\u011fan Genel Kurul Toplant\u0131 Sonucu hk.<\/a><\/li>\n\t\n\t\t<li><a href=\"https:\/\/profaj.co\/icu\/wp-content\/uploads\/2023\/05\/26.ozel-durum-10.08.2015-Portfoy-Yonetimi-A.S.-ile-yapilan-Portfoy-Yonetim-Sozlesmesinin-fesihi-hk.pdf\">26.\u00f6zel durum (10.08.2015) Portf\u00f6y Y\u00f6netimi A.\u015e. ile yap\u0131lan Portf\u00f6y Y\u00f6netim S\u00f6zle\u015fmesinin fesihi hk.<\/a><\/li>\n\t\n\t\t<li><a href=\"https:\/\/profaj.co\/icu\/wp-content\/uploads\/2023\/05\/27.ozel-durum-17.08.2015-Yonetim-Kurulu-Gorev-Dagilimi-hk.pdf\">27.\u00f6zel durum (17.08.2015) Y\u00f6netim Kurulu G\u00f6rev Da\u011f\u0131l\u0131m\u0131 hk<\/a><\/li>\n\t\n\t\t<li><a href=\"https:\/\/profaj.co\/icu\/wp-content\/uploads\/2023\/05\/28.ozel-durum-17.08.2015-Riskin-Erken-Saptanmas_-Komitesi-Kurumsal-Yonetim-Komitesi-ile-Denetimden-Sorumlu-Komite-Uyelerinin-belirlenmesi-hk.pdf\">28.\u00f6zel durum (17.08.2015)Riskin Erken Saptanmas\u0131 Komitesi, Kurumsal Y\u00f6netim Komitesi ile Denetimden Sorumlu Komite \u00dcyelerinin belirlenmesi hk<\/a><\/li>\n\t\n\t\t<li><a href=\"https:\/\/profaj.co\/icu\/wp-content\/uploads\/2023\/05\/29.oezel-durum-31.08.2015-Ola_an-Genel-Kurul-Toplant_-Tescil-Bildirimi.pdf\">29.\u00f6zel durum (31.08.2015) Ola\u011fan Genel Kurul Toplant\u0131 Tescil Bildirimi<\/a><\/li>\n\t\n\t\t<li><a href=\"https:\/\/profaj.co\/icu\/wp-content\/uploads\/2023\/05\/30.oezel-durum-17.09.2015-Yoenetim-Kurulu-ueye-istifas_-hk.pdf\">30.\u00f6zel durum (17.09.2015) Y\u00f6netim Kurulu \u00fcye istifas\u0131 hk.<\/a><\/li>\n\t\n\t\t<li><a href=\"https:\/\/profaj.co\/icu\/wp-content\/uploads\/2023\/05\/31.oezel-durum-30.09.2015-Borsa-Yoenetim-Kurulu_nun-16.06.2015-tarihli-yaz_s_-cercevesinde-bilgilendirme.pdf\">31.\u00f6zel durum (30.09.2015) Borsa Y\u00f6netim Kurulu'nun 16.06.2015 tarihli yaz\u0131s\u0131 \u00e7er\u00e7evesinde bilgilendirme<\/a><\/li>\n\t\n\t\t<li><a href=\"https:\/\/profaj.co\/icu\/wp-content\/uploads\/2023\/05\/32.oezel-durum-01.10.2015-_li_kili-taraflara-oedenen-portfoey-yoenetim-uecret-iadesi-hk.pdf\">32.\u00f6zel durum (01.10.2015) \u0130li\u015fkili taraflara \u00f6denen portf\u00f6y y\u00f6netim \u00fccret iadesi hk<\/a><\/li>\n\t\n\t\t<li><a href=\"https:\/\/profaj.co\/icu\/wp-content\/uploads\/2023\/05\/33.oezel-durum-09.11.2015-NETA_-taraf_ndan-yap_lan-KAP-ac_klamas_-hk.pdf\">33.\u00f6zel durum (09.11.2015) NETA\u015e taraf\u0131ndan yap\u0131lan KAP a\u00e7\u0131klamas\u0131 hk<\/a><\/li>\n\t\n\n<\/ul>\t\t<\/div>\n\t\t\t\t<\/div>\n\t\t\t\t\t<\/div>\n\t\t<\/div>\n\t\t\t\t\t\t\t<\/div>\n\t\t<\/section>\n\t\t\t\t\t\t\t<\/div>\n\t\t","protected":false},"excerpt":{"rendered":"<p>\u00d6zel Durumlar \u00d6zel Durum A\u00e7\u0131klamalar\u0131 2015 1.\u00f6zel durum (07.01.2015) \u0130li\u015fkili taraflara \u00f6denen portf\u00f6y y\u00f6netim \u00fccreti hk 2.\u00f6zel durum (14.01.2015) \u00dcye istifas\u0131 ile bo\u015falan Ba\u015fkan Vekilli\u011fine atama hk 3.\u00f6zel durum (16.01.2015) Riskin Erken Saptanmas\u0131 Komitesi, Kurumsal Y\u00f6netim Komitesi, Denetimden Sorumlu Komite \u00dcyelerinin belirlenmesi hk 4.\u00f6zel durum (03.02.2015) \u0130li\u015fkili taraflara \u00f6denen portf\u00f6y y\u00f6netim \u00fccreti hk 5.\u00f6zel durum [&hellip;]<\/p>\n","protected":false},"author":1,"featured_media":0,"parent":0,"menu_order":0,"comment_status":"closed","ping_status":"closed","template":"","meta":{"footnotes":""},"class_list":["post-2329","page","type-page","status-publish","hentry"],"_links":{"self":[{"href":"https:\/\/profaj.co\/icu\/wp-json\/wp\/v2\/pages\/2329","targetHints":{"allow":["GET"]}}],"collection":[{"href":"https:\/\/profaj.co\/icu\/wp-json\/wp\/v2\/pages"}],"about":[{"href":"https:\/\/profaj.co\/icu\/wp-json\/wp\/v2\/types\/page"}],"author":[{"embeddable":true,"href":"https:\/\/profaj.co\/icu\/wp-json\/wp\/v2\/users\/1"}],"replies":[{"embeddable":true,"href":"https:\/\/profaj.co\/icu\/wp-json\/wp\/v2\/comments?post=2329"}],"version-history":[{"count":10,"href":"https:\/\/profaj.co\/icu\/wp-json\/wp\/v2\/pages\/2329\/revisions"}],"predecessor-version":[{"id":2377,"href":"https:\/\/profaj.co\/icu\/wp-json\/wp\/v2\/pages\/2329\/revisions\/2377"}],"wp:attachment":[{"href":"https:\/\/profaj.co\/icu\/wp-json\/wp\/v2\/media?parent=2329"}],"curies":[{"name":"wp","href":"https:\/\/api.w.org\/{rel}","templated":true}]}}