{"id":2334,"date":"2023-05-11T13:24:43","date_gmt":"2023-05-11T13:24:43","guid":{"rendered":"https:\/\/profaj.co\/icu\/?page_id=2334"},"modified":"2023-05-11T13:43:34","modified_gmt":"2023-05-11T13:43:34","slug":"ozel-durum-aciklamalari-2014","status":"publish","type":"page","link":"https:\/\/profaj.co\/icu\/ozel-durum-aciklamalari-2014\/","title":{"rendered":"\u00d6zel Durum A\u00e7\u0131klamalar\u0131 2014"},"content":{"rendered":"\t\t<div data-elementor-type=\"wp-page\" data-elementor-id=\"2334\" class=\"elementor elementor-2334\">\n\t\t\t\t\t\t\t\t\t<section class=\"elementor-section elementor-top-section elementor-element elementor-element-249d52f elementor-section-boxed elementor-section-height-default elementor-section-height-default\" data-id=\"249d52f\" data-element_type=\"section\" data-settings=\"{&quot;background_background&quot;:&quot;classic&quot;}\">\n\t\t\t\t\t\t\t<div class=\"elementor-background-overlay\"><\/div>\n\t\t\t\t\t\t\t<div class=\"elementor-container elementor-column-gap-default\">\n\t\t\t\t\t<div class=\"elementor-column elementor-col-100 elementor-top-column elementor-element elementor-element-b24bc93\" data-id=\"b24bc93\" data-element_type=\"column\">\n\t\t\t<div class=\"elementor-widget-wrap\">\n\t\t\t\t\t\t\t\t\t<\/div>\n\t\t<\/div>\n\t\t\t\t\t\t\t<\/div>\n\t\t<\/section>\n\t\t\t\t<section class=\"elementor-section elementor-top-section elementor-element elementor-element-27a48f0f elementor-section-height-min-height elementor-section-content-middle elementor-section-boxed elementor-section-height-default elementor-section-items-middle\" data-id=\"27a48f0f\" data-element_type=\"section\">\n\t\t\t\t\t\t<div class=\"elementor-container elementor-column-gap-no\">\n\t\t\t\t\t<div class=\"elementor-column elementor-col-100 elementor-top-column elementor-element elementor-element-60260a57\" data-id=\"60260a57\" data-element_type=\"column\">\n\t\t\t<div class=\"elementor-widget-wrap elementor-element-populated\">\n\t\t\t\t\t\t\t\t<div class=\"elementor-element elementor-element-9d49e56 elementor-widget elementor-widget-heading\" data-id=\"9d49e56\" data-element_type=\"widget\" data-widget_type=\"heading.default\">\n\t\t\t\t<div class=\"elementor-widget-container\">\n\t\t\t<style>\/*! elementor - v3.12.1 - 02-04-2023 *\/\n.elementor-heading-title{padding:0;margin:0;line-height:1}.elementor-widget-heading .elementor-heading-title[class*=elementor-size-]>a{color:inherit;font-size:inherit;line-height:inherit}.elementor-widget-heading .elementor-heading-title.elementor-size-small{font-size:15px}.elementor-widget-heading .elementor-heading-title.elementor-size-medium{font-size:19px}.elementor-widget-heading .elementor-heading-title.elementor-size-large{font-size:29px}.elementor-widget-heading .elementor-heading-title.elementor-size-xl{font-size:39px}.elementor-widget-heading .elementor-heading-title.elementor-size-xxl{font-size:59px}<\/style><h1 class=\"elementor-heading-title elementor-size-default\">\u00d6zel Durumlar<\/h1>\t\t<\/div>\n\t\t\t\t<\/div>\n\t\t\t\t\t<\/div>\n\t\t<\/div>\n\t\t\t\t\t\t\t<\/div>\n\t\t<\/section>\n\t\t\t\t<section class=\"elementor-section elementor-top-section elementor-element elementor-element-bc419ee elementor-section-boxed elementor-section-height-default elementor-section-height-default\" data-id=\"bc419ee\" data-element_type=\"section\">\n\t\t\t\t\t\t<div class=\"elementor-container elementor-column-gap-default\">\n\t\t\t\t\t<div class=\"elementor-column elementor-col-100 elementor-top-column elementor-element elementor-element-9c05ffb\" data-id=\"9c05ffb\" data-element_type=\"column\">\n\t\t\t<div class=\"elementor-widget-wrap elementor-element-populated\">\n\t\t\t\t\t\t\t\t<div class=\"elementor-element elementor-element-1d0d67b elementor-widget elementor-widget-heading\" data-id=\"1d0d67b\" data-element_type=\"widget\" data-widget_type=\"heading.default\">\n\t\t\t\t<div class=\"elementor-widget-container\">\n\t\t\t<h2 class=\"elementor-heading-title elementor-size-default\">\u00d6zel Durum A\u00e7\u0131klamalar\u0131 2014<\/h2>\t\t<\/div>\n\t\t\t\t<\/div>\n\t\t\t\t<div class=\"elementor-element elementor-element-00ee7a5 liststyle elementor-widget elementor-widget-html\" data-id=\"00ee7a5\" data-element_type=\"widget\" data-widget_type=\"html.default\">\n\t\t\t\t<div class=\"elementor-widget-container\">\n\t\t\t<ul>\n\t\n\t\t<li><a href=\"https:\/\/profaj.co\/icu\/wp-content\/uploads\/2023\/05\/1.oezel-durum-17.01.2014-Ola_and_-fiyat-ve-miktar-hareketleri-hk.pdf\"-title=\"1.\u00f6zel-durum-17.01.2014-Ola\u011fand\u0131\u015f\u0131-fiyat-ve-miktar-hareketleri-hk\">1.\u00f6zel-durum-17.01.2014-Ola\u011fand\u0131\u015f\u0131-fiyat-ve-miktar-hareketleri-hk<\/a><\/li>\n\t\n\t\t<li><a href=\"https:\/\/profaj.co\/icu\/wp-content\/uploads\/2023\/05\/2.oezel-durum-20.02.2014-Rhea-Portfoey-Yoenetimi-A._.-ile-yap_lan-Yoenetim-Soezle_mesindeki-de_i_iklik-Portfoey-Yoenetim-uecreti).pdf\"-title=\"2.\u00f6zel-durum-20.02.2014-Rhea-Portf\u00f6y-Y\u00f6netimi-A.\u015e.-ile-yap\u0131lan-Y\u00f6netim-S\u00f6zle\u015fmesindeki-de\u011fi\u015fiklik-Portf\u00f6y-Y\u00f6netim-\u00fccreti)\">2.\u00f6zel-durum-20.02.2014-Rhea-Portf\u00f6y-Y\u00f6netimi-A.\u015e.-ile-yap\u0131lan-Y\u00f6netim-S\u00f6zle\u015fmesindeki-de\u011fi\u015fiklik-Portf\u00f6y-Y\u00f6netim-\u00fccreti)<\/a><\/li>\n\t\n\t\t<li><a href=\"https:\/\/profaj.co\/icu\/wp-content\/uploads\/2023\/05\/3.oezel-durum-18.03.2014-6.Kupon-oedeme-doenemine-ili_kin-faiz-oran_-ac_klamas.pdf\"-title=\"3.\u00f6zel-durum-18.03.2014-6.Kupon-\u00f6deme-d\u00f6nemine-ili\u015fkin-faiz-oran\u0131-a\u00e7\u0131klamas\u0131\">3.\u00f6zel-durum-18.03.2014-6.Kupon-\u00f6deme-d\u00f6nemine-ili\u015fkin-faiz-oran\u0131-a\u00e7\u0131klamas\u0131<\/a><\/li>\n\t\n\t\t<li><a href=\"https:\/\/profaj.co\/icu\/wp-content\/uploads\/2023\/05\/4.oezel-durum-02.04.2014-Rhea-Portfoey-Yoenetimi-A._.-ile-yap_lan-Portfoey-Yoenetim-Soezle_mesinin-revize-edilmesi.pdf\"-title=\"4.\u00f6zel-durum-02.04.2014-Rhea-Portf\u00f6y-Y\u00f6netimi-A.\u015e.-ile-yap\u0131lan-Portf\u00f6y-Y\u00f6netim-S\u00f6zle\u015fmesinin-revize-edilmesi\">4.\u00f6zel-durum-02.04.2014-Rhea-Portf\u00f6y-Y\u00f6netimi-A.\u015e.-ile-yap\u0131lan-Portf\u00f6y-Y\u00f6netim-S\u00f6zle\u015fmesinin-revize-edilmesi<\/a><\/li>\n\t\n\t\t<li><a href=\"https:\/\/profaj.co\/icu\/wp-content\/uploads\/2023\/05\/5.oezel-durum-07.04.2014-Rhea-Portfoey-Yoenetimi-A._.-ile-yap_lan-Portfoey-Yoenetim-Soezle_mesinin-revize-edilmesi.pdf\"-title=\"5.\u00f6zel-durum-07.04.2014-Rhea-Portf\u00f6y-Y\u00f6netimi-A.\u015e.-ile-yap\u0131lan-Portf\u00f6y-Y\u00f6netim-S\u00f6zle\u015fmesinin-revize-edilmesi\">5.\u00f6zel-durum-07.04.2014-Rhea-Portf\u00f6y-Y\u00f6netimi-A.\u015e.-ile-yap\u0131lan-Portf\u00f6y-Y\u00f6netim-S\u00f6zle\u015fmesinin-revize-edilmesi<\/a><\/li>\n\t\n\t\t<li><a href=\"https:\/\/profaj.co\/icu\/wp-content\/uploads\/2023\/05\/6.oezel-durum-08.04.2014-ili_kili-taraflara-oedenen-portfoey-yoenetim-uecreti-hk.pdf\"-title=\"6.\u00f6zel-durum-08.04.2014-ili\u015fkili-taraflara-\u00f6denen-portf\u00f6y-y\u00f6netim-\u00fccreti-hk\">6.\u00f6zel-durum-08.04.2014-ili\u015fkili-taraflara-\u00f6denen-portf\u00f6y-y\u00f6netim-\u00fccreti-hk<\/a><\/li>\n\t\n\t\t<li><a href=\"https:\/\/profaj.co\/icu\/wp-content\/uploads\/2023\/05\/7.oezel-durum-17.04.2014-18.04.2014-Mevcut-kay_tl_-sermaye-tavan_n_n-5-y_l-suere-ile-yeniden-belirlenmesi-talebi-ile-SPK_na-ba_vuru-ve-duezeltmesi.pdf\"-title=\"7.\u00f6zel-durum-17.04.2014-18.04.2014-Mevcut-kay\u0131tl\u0131-sermaye-tavan\u0131n\u0131n-5-y\u0131l-s\u00fcre-ile-yeniden-belirlenmesi-talebi-ile-SPK\u2019na-ba\u015fvuru-ve-d\u00fczeltmesi\">7.\u00f6zel-durum-17.04.2014-18.04.2014-Mevcut-kay\u0131tl\u0131-sermaye-tavan\u0131n\u0131n-5-y\u0131l-s\u00fcre-ile-yeniden-belirlenmesi-talebi-ile-SPK\u2019na-ba\u015fvuru-ve-d\u00fczeltmesi<\/a><\/li>\n\t\n\t\t<li><a href=\"https:\/\/profaj.co\/icu\/wp-content\/uploads\/2023\/05\/8.oezel-durum-18.04.2014-Mevcut-kay_tl_-sermaye-tavan_na-ili_kin-SPK_ya-ba_vuru.pdf\"-title=\"8.\u00f6zel-durum-18.04.2014-Mevcut-kay\u0131tl\u0131-sermaye-tavan\u0131na-ili\u015fkin-SPK'ya-ba\u015fvuru\">8.\u00f6zel-durum-18.04.2014-Mevcut-kay\u0131tl\u0131-sermaye-tavan\u0131na-ili\u015fkin-SPK'ya-ba\u015fvuru<\/a><\/li>\n\t\n\t\t<li><a href=\"https:\/\/profaj.co\/icu\/wp-content\/uploads\/2023\/05\/9.oezel-durum-29.04.2014-2014-y_l_na-ili_kin-Ba_ms_z-Denetim-_irketi-secimi.pdf\"-title=\"9.\u00f6zel-durum-29.04.2014-2014-y\u0131l\u0131na-ili\u015fkin-Ba\u011f\u0131ms\u0131z-Denetim-\u015eirketi-se\u00e7imi\">9.\u00f6zel-durum-29.04.2014-2014-y\u0131l\u0131na-ili\u015fkin-Ba\u011f\u0131ms\u0131z-Denetim-\u015eirketi-se\u00e7imi<\/a><\/li>\n\t\n\t\t<li><a href=\"https:\/\/profaj.co\/icu\/wp-content\/uploads\/2023\/05\/10.oezel-durum-30.04.2014-Finansal-tablolar-hk.pdf\"-title=\"10.\u00f6zel-durum-30.04.2014-Finansal-tablolar-hk.\">10.\u00f6zel-durum-30.04.2014-Finansal-tablolar-hk.<\/a><\/li>\n\t\n\t\t<li><a href=\"https:\/\/profaj.co\/icu\/wp-content\/uploads\/2023\/05\/11.oezel-durum-26.05.2014-Kay_tl_--Sermaye-Tavan_-Azalt_m_na-_li_kin-Esas-Soezle_me-SPK-Onay.pdf\"-title=\"11.\u00f6zel-durum-26.05.2014-Kay\u0131tl\u0131--Sermaye-Tavan\u0131-Azalt\u0131m\u0131na-\u0130li\u015fkin-Esas-S\u00f6zle\u015fme-SPK-Onay\u0131\">11.\u00f6zel-durum-26.05.2014-Kay\u0131tl\u0131--Sermaye-Tavan\u0131-Azalt\u0131m\u0131na-\u0130li\u015fkin-Esas-S\u00f6zle\u015fme-SPK-Onay\u0131<\/a><\/li>\n\t\n\t\t<li><a href=\"https:\/\/profaj.co\/icu\/wp-content\/uploads\/2023\/05\/12.oezel-durum-17.06.2014-7.Kupon-oedeme-doenemine-ili_kin-faiz-oran_-ac_klamas.pdf\"-title=\"12.\u00f6zel-durum-17.06.2014-7.Kupon-\u00f6deme-d\u00f6nemine-ili\u015fkin-faiz-oran\u0131-a\u00e7\u0131klamas\u0131\">12.\u00f6zel-durum-17.06.2014-7.Kupon-\u00f6deme-d\u00f6nemine-ili\u015fkin-faiz-oran\u0131-a\u00e7\u0131klamas\u0131<\/a><\/li>\n\t\n\t\t<li><a href=\"https:\/\/profaj.co\/icu\/wp-content\/uploads\/2023\/05\/13.oezel-durum-23.06.2014-T.C.-Guemruek-ve-Ticaret-Bakanl_-_c-Ticaret-Genel-Mueduerlue_ue-Onayl_-Esas-Soezle_meTadil.pdf\"-title=\"13.\u00f6zel-durum-23.06.2014-T.C.-G\u00fcmr\u00fck-ve-Ticaret-Bakanl\u0131\u011f\u0131-\u0130\u00e7-Ticaret-Genel-M\u00fcd\u00fcrl\u00fc\u011f\u00fc-Onayl\u0131-Esas-S\u00f6zle\u015fmeTadil\">13.\u00f6zel-durum-23.06.2014-T.C.-G\u00fcmr\u00fck-ve-Ticaret-Bakanl\u0131\u011f\u0131-\u0130\u00e7-Ticaret-Genel-M\u00fcd\u00fcrl\u00fc\u011f\u00fc-Onayl\u0131-Esas-S\u00f6zle\u015fmeTadil<\/a><\/li>\n\t\n\t\t<li><a href=\"https:\/\/profaj.co\/icu\/wp-content\/uploads\/2023\/05\/14.oezel-durum-30.06.14)Yat_r_mc_-_li_k.Boel.II.17-1-say_l_-Kurumsal-Yoen.Tebl.11.-Mad.huekuem.Yat_r_mc_-_li_k.Boel.Yoen.Atam.Kurumsal-Yoen.Kom.Ueye-Atam.pdf\"-title=\"14.\u00f6zel-durum-30.06.14)Yat\u0131r\u0131mc\u0131-\u0130li\u015fk.B\u00f6l.II.17-1-say\u0131l\u0131-Kurumsal-Y\u00f6n.Tebl.11.-Mad.h\u00fck\u00fcm.Yat\u0131r\u0131mc\u0131-\u0130li\u015fk.B\u00f6l.Y\u00f6n.Atam.Kurumsal-Y\u00f6n.Kom.\u00dcye-Atam\">14.\u00f6zel-durum-30.06.14)Yat\u0131r\u0131mc\u0131-\u0130li\u015fk.B\u00f6l.II.17-1-say\u0131l\u0131-Kurumsal-Y\u00f6n.Tebl.11.-Mad.h\u00fck\u00fcm.Yat\u0131r\u0131mc\u0131-\u0130li\u015fk.B\u00f6l.Y\u00f6n.Atam.Kurumsal-Y\u00f6n.Kom.\u00dcye-Atam<\/a><\/li>\n\t\n\t\t<li><a href=\"https:\/\/profaj.co\/icu\/wp-content\/uploads\/2023\/05\/15.oezel-durum-30.06.14)Yat_r_mc_-_li_k.Boel.II.17-1-say_l_-Kurumsal-Yoen.Tebl.11.-Mad.huekuem.Yat_r_mc_-_li_k.Boel.Yoen.Atam.Kurumsal-Yoen.Kom.Ueye-Atam.pdf\"-title=\"15.\u00f6zel-durum-30.06.14)Yat\u0131r\u0131mc\u0131-\u0130li\u015fk.B\u00f6l.II.17-1-say\u0131l\u0131-Kurumsal-Y\u00f6n.Tebl.11.-Mad.h\u00fck\u00fcm.Yat\u0131r\u0131mc\u0131-\u0130li\u015fk.B\u00f6l.Y\u00f6n.Atam.Kurumsal-Y\u00f6n.Kom.\u00dcye-Atam\">15.\u00f6zel-durum-30.06.14)Yat\u0131r\u0131mc\u0131-\u0130li\u015fk.B\u00f6l.II.17-1-say\u0131l\u0131-Kurumsal-Y\u00f6n.Tebl.11.-Mad.h\u00fck\u00fcm.Yat\u0131r\u0131mc\u0131-\u0130li\u015fk.B\u00f6l.Y\u00f6n.Atam.Kurumsal-Y\u00f6n.Kom.\u00dcye-Atam<\/a><\/li>\n\t\n\t\t<li><a href=\"https:\/\/profaj.co\/icu\/wp-content\/uploads\/2023\/05\/16.oezel-durum-15.08.2014-_irketimiz-i_tirakinin-uenvan-de_i_ikli_i-hk.pdf\"-title=\"16.\u00f6zel-durum-15.08.2014-\u015eirketimiz-i\u015ftirakinin-\u00fcnvan-de\u011fi\u015fikli\u011fi-hk\">16.\u00f6zel-durum-15.08.2014-\u015eirketimiz-i\u015ftirakinin-\u00fcnvan-de\u011fi\u015fikli\u011fi-hk<\/a><\/li>\n\t\n\t\t<li><a href=\"https:\/\/profaj.co\/icu\/wp-content\/uploads\/2023\/05\/17.oezel-durum-03.09.2014-2013-y_l_-Ola_an-Genel-Kurul-Toplant_s_na-davet-hk.pdf\"-title=\"17.\u00f6zel-durum-03.09.2014-2013-y\u0131l\u0131-Ola\u011fan-Genel-Kurul-Toplant\u0131s\u0131'na-davet-hk.\">17.\u00f6zel-durum-03.09.2014-2013-y\u0131l\u0131-Ola\u011fan-Genel-Kurul-Toplant\u0131s\u0131'na-davet-hk.<\/a><\/li>\n\t\n\t\t<li><a href=\"https:\/\/profaj.co\/icu\/wp-content\/uploads\/2023\/05\/18.oezel-durum-04.09.2014-2013-y_l_-kar-da_t_m-teklifi-hakk_nda.pdf\"-title=\"18.\u00f6zel-durum-04.09.2014-2013-y\u0131l\u0131-kar-da\u011f\u0131t\u0131m-teklifi-hakk\u0131nda\">18.\u00f6zel-durum-04.09.2014-2013-y\u0131l\u0131-kar-da\u011f\u0131t\u0131m-teklifi-hakk\u0131nda<\/a><\/li>\n\t\n\t\t<li><a href=\"https:\/\/profaj.co\/icu\/wp-content\/uploads\/2023\/05\/19.oezel-durum-04.09.2014-Kar-Da_t_m-Politikas_-hakk_nda.pdf\"-title=\"19.\u00f6zel-durum-04.09.2014-Kar-Da\u011f\u0131t\u0131m-Politikas\u0131-hakk\u0131nda\">19.\u00f6zel-durum-04.09.2014-Kar-Da\u011f\u0131t\u0131m-Politikas\u0131-hakk\u0131nda<\/a><\/li>\n\t\n\t\t<li><a href=\"https:\/\/profaj.co\/icu\/wp-content\/uploads\/2023\/05\/20.oezel-durum-04.09.2014-Ba_ms_z-Yoenetim-Kurulu-Ueye-Adaylar_n_n-Onaylanmas_-ve-Kamuya-Duyurulmas.pdf\"-title=\"20.\u00f6zel-durum-04.09.2014-Ba\u011f\u0131ms\u0131z-Y\u00f6netim-Kurulu-\u00dcye-Adaylar\u0131n\u0131n-Onaylanmas\u0131-ve-Kamuya-Duyurulmas\u0131\">20.\u00f6zel-durum-04.09.2014-Ba\u011f\u0131ms\u0131z-Y\u00f6netim-Kurulu-\u00dcye-Adaylar\u0131n\u0131n-Onaylanmas\u0131-ve-Kamuya-Duyurulmas\u0131<\/a><\/li>\n\t\n\t\t<li><a href=\"https:\/\/profaj.co\/icu\/wp-content\/uploads\/2023\/05\/21.oezel-durum-15.09.2014-Yoenetim-Kurulu-Adaylar_-hk.pdf\"-title=\"21.\u00f6zel-durum-15.09.2014-Y\u00f6netim-Kurulu-Adaylar\u0131-hk\">21.\u00f6zel-durum-15.09.2014-Y\u00f6netim-Kurulu-Adaylar\u0131-hk<\/a><\/li>\n\t\n\t\t<li><a href=\"https:\/\/profaj.co\/icu\/wp-content\/uploads\/2023\/05\/22.oezel-durum-16.09.2014-8.-Kupon-oedemesine-ili_kin-faiz-oran_-ac_klamas.pdf\"-title=\"22.\u00f6zel-durum-16.09.2014-8.-Kupon-\u00f6demesine-ili\u015fkin-faiz-oran\u0131-a\u00e7\u0131klamas\u0131\">22.\u00f6zel-durum-16.09.2014-8.-Kupon-\u00f6demesine-ili\u015fkin-faiz-oran\u0131-a\u00e7\u0131klamas\u0131<\/a><\/li>\n\t\n\t\t<li><a href=\"https:\/\/profaj.co\/icu\/wp-content\/uploads\/2023\/05\/23.oezel-durum-30.09.2014-30.09.2014-tarihinde-yap_lan-2013-y_l_-Ola_an-Genel-Kurul-Toplant_s_n_n-Ertelenmesi-hk.pdf\"-title=\"23.\u00f6zel-durum-30.09.2014-30.09.2014-tarihinde-yap\u0131lan-2013-y\u0131l\u0131-Ola\u011fan-Genel-Kurul-Toplant\u0131s\u0131'n\u0131n-Ertelenmesi-hk\">23.\u00f6zel-durum-30.09.2014-30.09.2014-tarihinde-yap\u0131lan-2013-y\u0131l\u0131-Ola\u011fan-Genel-Kurul-Toplant\u0131s\u0131'n\u0131n-Ertelenmesi-hk<\/a><\/li>\n\t\n\t\t<li><a href=\"https:\/\/profaj.co\/icu\/wp-content\/uploads\/2023\/05\/24.oezel-durum-30.09.2014--_irket-merkezi-adres-de_i_ikli_i-hk.pdf\"-title=\"24.\u00f6zel-durum-30.09.2014--\u015eirket-merkezi-adres-de\u011fi\u015fikli\u011fi-hk\">24.\u00f6zel-durum-30.09.2014--\u015eirket-merkezi-adres-de\u011fi\u015fikli\u011fi-hk<\/a><\/li>\n\t\n\t\t<li><a href=\"https:\/\/profaj.co\/icu\/wp-content\/uploads\/2023\/05\/25.oezel-durum-02.10.2014-2013-y_l_-Ola_an-GeneL-Kurul-Toplant_s_na-davet-hk.pdf\"-title=\"25.\u00f6zel-durum-02.10.2014-2013-y\u0131l\u0131-Ola\u011fan-GeneL-Kurul-Toplant\u0131s\u0131'na-davet-hk\">25.\u00f6zel-durum-02.10.2014-2013-y\u0131l\u0131-Ola\u011fan-GeneL-Kurul-Toplant\u0131s\u0131'na-davet-hk<\/a><\/li>\n\t\n\t\t<li><a href=\"https:\/\/profaj.co\/icu\/wp-content\/uploads\/2023\/05\/26.oezel-durum-13.10.2014-_irket-merkezi-adres-de_i_ikli_inin-tescili-hk.pdf\"-title=\"26.\u00f6zel-durum-13.10.2014-\u015eirket-merkezi-adres-de\u011fi\u015fikli\u011finin-tescili-hk.\">26.\u00f6zel-durum-13.10.2014-\u015eirket-merkezi-adres-de\u011fi\u015fikli\u011finin-tescili-hk.<\/a><\/li>\n\t\n\t\t<li><a href=\"https:\/\/profaj.co\/icu\/wp-content\/uploads\/2023\/05\/27.oezel-durum-04.11.2014-Ola_and_-fiyat-ve-miktar-hareketleri-hk.pdf\"-title=\"27.\u00f6zel-durum-04.11.2014-Ola\u011fand\u0131\u015f\u0131-fiyat-ve-miktar-hareketleri-hk\">27.\u00f6zel-durum-04.11.2014-Ola\u011fand\u0131\u015f\u0131-fiyat-ve-miktar-hareketleri-hk<\/a><\/li>\n\t\n\t\t<li><a href=\"https:\/\/profaj.co\/icu\/wp-content\/uploads\/2023\/05\/28.oezel-durum-17.11.2014-2013-y_l_-Ola_an-Genel-Kurul-Toplant_-Sonucu.pdf\"-title=\"28.\u00f6zel-durum-17.11.2014-2013-y\u0131l\u0131-Ola\u011fan-Genel-Kurul-Toplant\u0131-Sonucu\">28.\u00f6zel-durum-17.11.2014-2013-y\u0131l\u0131-Ola\u011fan-Genel-Kurul-Toplant\u0131-Sonucu<\/a><\/li>\n\t\n\t\t<li><a href=\"https:\/\/profaj.co\/icu\/wp-content\/uploads\/2023\/05\/29.oezel-durum-17.11.2014-_li_kili-Taraf-_lemleri-Raporu.pdf\"-title=\"29.\u00f6zel-durum-17.11.2014-\u0130li\u015fkili-Taraf-\u0130\u015flemleri-Raporu\">29.\u00f6zel-durum-17.11.2014-\u0130li\u015fkili-Taraf-\u0130\u015flemleri-Raporu<\/a><\/li>\n\t\n\t\t<li><a href=\"https:\/\/profaj.co\/icu\/wp-content\/uploads\/2023\/05\/30.oezel-durum-20.11.2014-_li_kili-taraflara-oedenen-portfoey-yoenetim-uecreti-hk.pdf\"-title=\"30.\u00f6zel-durum-20.11.2014-\u0130li\u015fkili-taraflara-\u00f6denen-portf\u00f6y-y\u00f6netim-\u00fccreti-hk\">30.\u00f6zel-durum-20.11.2014-\u0130li\u015fkili-taraflara-\u00f6denen-portf\u00f6y-y\u00f6netim-\u00fccreti-hk<\/a><\/li>\n\t\n\t\t<li><a href=\"https:\/\/profaj.co\/icu\/wp-content\/uploads\/2023\/05\/31.oezel-durum-01.12.2014-_li_kili-taraflara-oedenen-portfoey-yoenetim-uecreti-hk.pdf\"-title=\"31.\u00f6zel-durum-01.12.2014-\u0130li\u015fkili-taraflara-\u00f6denen-portf\u00f6y-y\u00f6netim-\u00fccreti-hk\">31.\u00f6zel-durum-01.12.2014-\u0130li\u015fkili-taraflara-\u00f6denen-portf\u00f6y-y\u00f6netim-\u00fccreti-hk<\/a><\/li>\n\t\n\t\t<li><a href=\"https:\/\/profaj.co\/icu\/wp-content\/uploads\/2023\/05\/32.oezel-durum-17.12.2014-Tahvil-_tfas_--8.-kupon-oedemesi-ile-birlikte-Anapara-Geri-oedemesi).pdf\"-title=\"32.\u00f6zel-durum-17.12.2014-Tahvil-\u0130tfas\u0131--8.-kupon-\u00f6demesi-ile-birlikte-Anapara-Geri-\u00f6demesi)\">32.\u00f6zel-durum-17.12.2014-Tahvil-\u0130tfas\u0131--8.-kupon-\u00f6demesi-ile-birlikte-Anapara-Geri-\u00f6demesi)<\/a><\/li>\n\t\n\t\t<li><a href=\"https:\/\/profaj.co\/icu\/wp-content\/uploads\/2023\/05\/33.oezel-durum-25.12.2014-Yat_r_mc_-_li_kileri-Personeli-hk.pdf\"-title=\"33.\u00f6zel-durum-25.12.2014-Yat\u0131r\u0131mc\u0131-\u0130li\u015fkileri-Personeli-hk\">33.\u00f6zel-durum-25.12.2014-Yat\u0131r\u0131mc\u0131-\u0130li\u015fkileri-Personeli-hk<\/a><\/li>\n\t\n\t\t<li><a href=\"https:\/\/profaj.co\/icu\/wp-content\/uploads\/2023\/05\/34.oezel-durum-26.12.2014-Yoenetim-Kurulu-Goerev-Da_l_m_-ile-Yoenetim-Kurulu-Ueyeli_i-istifas_-hk.pdf\"-title=\"34.\u00f6zel-durum-26.12.2014-Y\u00f6netim-Kurulu-G\u00f6rev-Da\u011f\u0131l\u0131m\u0131-ile-Y\u00f6netim-Kurulu-\u00dcyeli\u011fi-istifas\u0131-hk\">34.\u00f6zel-durum-26.12.2014-Y\u00f6netim-Kurulu-G\u00f6rev-Da\u011f\u0131l\u0131m\u0131-ile-Y\u00f6netim-Kurulu-\u00dcyeli\u011fi-istifas\u0131-hk<\/a><\/li>\n\t\n\t\t<li><a href=\"https:\/\/profaj.co\/icu\/wp-content\/uploads\/2023\/05\/35.oezel-durum-29.12.2014-Ola_an-Genel-Kurul-Toplant_-Tescil-Bildirimi.pdf\"-title=\"35.\u00f6zel-durum-29.12.2014-Ola\u011fan-Genel-Kurul-Toplant\u0131-Tescil-Bildirimi\">35.\u00f6zel-durum-29.12.2014-Ola\u011fan-Genel-Kurul-Toplant\u0131-Tescil-Bildirimi<\/a><\/li>\n\t\n\n<\/ul>\t\t<\/div>\n\t\t\t\t<\/div>\n\t\t\t\t\t<\/div>\n\t\t<\/div>\n\t\t\t\t\t\t\t<\/div>\n\t\t<\/section>\n\t\t\t\t\t\t\t<\/div>\n\t\t","protected":false},"excerpt":{"rendered":"<p>\u00d6zel Durumlar \u00d6zel Durum A\u00e7\u0131klamalar\u0131 2014 1.\u00f6zel-durum-17.01.2014-Ola\u011fand\u0131\u015f\u0131-fiyat-ve-miktar-hareketleri-hk 2.\u00f6zel-durum-20.02.2014-Rhea-Portf\u00f6y-Y\u00f6netimi-A.\u015e.-ile-yap\u0131lan-Y\u00f6netim-S\u00f6zle\u015fmesindeki-de\u011fi\u015fiklik-Portf\u00f6y-Y\u00f6netim-\u00fccreti) 3.\u00f6zel-durum-18.03.2014-6.Kupon-\u00f6deme-d\u00f6nemine-ili\u015fkin-faiz-oran\u0131-a\u00e7\u0131klamas\u0131 4.\u00f6zel-durum-02.04.2014-Rhea-Portf\u00f6y-Y\u00f6netimi-A.\u015e.-ile-yap\u0131lan-Portf\u00f6y-Y\u00f6netim-S\u00f6zle\u015fmesinin-revize-edilmesi 5.\u00f6zel-durum-07.04.2014-Rhea-Portf\u00f6y-Y\u00f6netimi-A.\u015e.-ile-yap\u0131lan-Portf\u00f6y-Y\u00f6netim-S\u00f6zle\u015fmesinin-revize-edilmesi 6.\u00f6zel-durum-08.04.2014-ili\u015fkili-taraflara-\u00f6denen-portf\u00f6y-y\u00f6netim-\u00fccreti-hk 7.\u00f6zel-durum-17.04.2014-18.04.2014-Mevcut-kay\u0131tl\u0131-sermaye-tavan\u0131n\u0131n-5-y\u0131l-s\u00fcre-ile-yeniden-belirlenmesi-talebi-ile-SPK\u2019na-ba\u015fvuru-ve-d\u00fczeltmesi 8.\u00f6zel-durum-18.04.2014-Mevcut-kay\u0131tl\u0131-sermaye-tavan\u0131na-ili\u015fkin-SPK&#8217;ya-ba\u015fvuru 9.\u00f6zel-durum-29.04.2014-2014-y\u0131l\u0131na-ili\u015fkin-Ba\u011f\u0131ms\u0131z-Denetim-\u015eirketi-se\u00e7imi 10.\u00f6zel-durum-30.04.2014-Finansal-tablolar-hk. 11.\u00f6zel-durum-26.05.2014-Kay\u0131tl\u0131&#8211;Sermaye-Tavan\u0131-Azalt\u0131m\u0131na-\u0130li\u015fkin-Esas-S\u00f6zle\u015fme-SPK-Onay\u0131 12.\u00f6zel-durum-17.06.2014-7.Kupon-\u00f6deme-d\u00f6nemine-ili\u015fkin-faiz-oran\u0131-a\u00e7\u0131klamas\u0131 13.\u00f6zel-durum-23.06.2014-T.C.-G\u00fcmr\u00fck-ve-Ticaret-Bakanl\u0131\u011f\u0131-\u0130\u00e7-Ticaret-Genel-M\u00fcd\u00fcrl\u00fc\u011f\u00fc-Onayl\u0131-Esas-S\u00f6zle\u015fmeTadil 14.\u00f6zel-durum-30.06.14)Yat\u0131r\u0131mc\u0131-\u0130li\u015fk.B\u00f6l.II.17-1-say\u0131l\u0131-Kurumsal-Y\u00f6n.Tebl.11.-Mad.h\u00fck\u00fcm.Yat\u0131r\u0131mc\u0131-\u0130li\u015fk.B\u00f6l.Y\u00f6n.Atam.Kurumsal-Y\u00f6n.Kom.\u00dcye-Atam 15.\u00f6zel-durum-30.06.14)Yat\u0131r\u0131mc\u0131-\u0130li\u015fk.B\u00f6l.II.17-1-say\u0131l\u0131-Kurumsal-Y\u00f6n.Tebl.11.-Mad.h\u00fck\u00fcm.Yat\u0131r\u0131mc\u0131-\u0130li\u015fk.B\u00f6l.Y\u00f6n.Atam.Kurumsal-Y\u00f6n.Kom.\u00dcye-Atam 16.\u00f6zel-durum-15.08.2014-\u015eirketimiz-i\u015ftirakinin-\u00fcnvan-de\u011fi\u015fikli\u011fi-hk 17.\u00f6zel-durum-03.09.2014-2013-y\u0131l\u0131-Ola\u011fan-Genel-Kurul-Toplant\u0131s\u0131&#8217;na-davet-hk. 18.\u00f6zel-durum-04.09.2014-2013-y\u0131l\u0131-kar-da\u011f\u0131t\u0131m-teklifi-hakk\u0131nda 19.\u00f6zel-durum-04.09.2014-Kar-Da\u011f\u0131t\u0131m-Politikas\u0131-hakk\u0131nda 20.\u00f6zel-durum-04.09.2014-Ba\u011f\u0131ms\u0131z-Y\u00f6netim-Kurulu-\u00dcye-Adaylar\u0131n\u0131n-Onaylanmas\u0131-ve-Kamuya-Duyurulmas\u0131 21.\u00f6zel-durum-15.09.2014-Y\u00f6netim-Kurulu-Adaylar\u0131-hk 22.\u00f6zel-durum-16.09.2014-8.-Kupon-\u00f6demesine-ili\u015fkin-faiz-oran\u0131-a\u00e7\u0131klamas\u0131 23.\u00f6zel-durum-30.09.2014-30.09.2014-tarihinde-yap\u0131lan-2013-y\u0131l\u0131-Ola\u011fan-Genel-Kurul-Toplant\u0131s\u0131&#8217;n\u0131n-Ertelenmesi-hk 24.\u00f6zel-durum-30.09.2014&#8211;\u015eirket-merkezi-adres-de\u011fi\u015fikli\u011fi-hk 25.\u00f6zel-durum-02.10.2014-2013-y\u0131l\u0131-Ola\u011fan-GeneL-Kurul-Toplant\u0131s\u0131&#8217;na-davet-hk 26.\u00f6zel-durum-13.10.2014-\u015eirket-merkezi-adres-de\u011fi\u015fikli\u011finin-tescili-hk. 27.\u00f6zel-durum-04.11.2014-Ola\u011fand\u0131\u015f\u0131-fiyat-ve-miktar-hareketleri-hk 28.\u00f6zel-durum-17.11.2014-2013-y\u0131l\u0131-Ola\u011fan-Genel-Kurul-Toplant\u0131-Sonucu 29.\u00f6zel-durum-17.11.2014-\u0130li\u015fkili-Taraf-\u0130\u015flemleri-Raporu 30.\u00f6zel-durum-20.11.2014-\u0130li\u015fkili-taraflara-\u00f6denen-portf\u00f6y-y\u00f6netim-\u00fccreti-hk 31.\u00f6zel-durum-01.12.2014-\u0130li\u015fkili-taraflara-\u00f6denen-portf\u00f6y-y\u00f6netim-\u00fccreti-hk 32.\u00f6zel-durum-17.12.2014-Tahvil-\u0130tfas\u0131&#8211;8.-kupon-\u00f6demesi-ile-birlikte-Anapara-Geri-\u00f6demesi) 33.\u00f6zel-durum-25.12.2014-Yat\u0131r\u0131mc\u0131-\u0130li\u015fkileri-Personeli-hk 34.\u00f6zel-durum-26.12.2014-Y\u00f6netim-Kurulu-G\u00f6rev-Da\u011f\u0131l\u0131m\u0131-ile-Y\u00f6netim-Kurulu-\u00dcyeli\u011fi-istifas\u0131-hk 35.\u00f6zel-durum-29.12.2014-Ola\u011fan-Genel-Kurul-Toplant\u0131-Tescil-Bildirimi<\/p>\n","protected":false},"author":1,"featured_media":0,"parent":0,"menu_order":0,"comment_status":"closed","ping_status":"closed","template":"","meta":{"footnotes":""},"class_list":["post-2334","page","type-page","status-publish","hentry"],"_links":{"self":[{"href":"https:\/\/profaj.co\/icu\/wp-json\/wp\/v2\/pages\/2334","targetHints":{"allow":["GET"]}}],"collection":[{"href":"https:\/\/profaj.co\/icu\/wp-json\/wp\/v2\/pages"}],"about":[{"href":"https:\/\/profaj.co\/icu\/wp-json\/wp\/v2\/types\/page"}],"author":[{"embeddable":true,"href":"https:\/\/profaj.co\/icu\/wp-json\/wp\/v2\/users\/1"}],"replies":[{"embeddable":true,"href":"https:\/\/profaj.co\/icu\/wp-json\/wp\/v2\/comments?post=2334"}],"version-history":[{"count":22,"href":"https:\/\/profaj.co\/icu\/wp-json\/wp\/v2\/pages\/2334\/revisions"}],"predecessor-version":[{"id":2430,"href":"https:\/\/profaj.co\/icu\/wp-json\/wp\/v2\/pages\/2334\/revisions\/2430"}],"wp:attachment":[{"href":"https:\/\/profaj.co\/icu\/wp-json\/wp\/v2\/media?parent=2334"}],"curies":[{"name":"wp","href":"https:\/\/api.w.org\/{rel}","templated":true}]}}