{"id":3095,"date":"2023-10-11T08:15:08","date_gmt":"2023-10-11T08:15:08","guid":{"rendered":"https:\/\/profaj.co\/icu\/?page_id=3095"},"modified":"2023-10-11T08:15:32","modified_gmt":"2023-10-11T08:15:32","slug":"dr-guloren-tunca","status":"publish","type":"page","link":"https:\/\/profaj.co\/icu\/dr-guloren-tunca\/","title":{"rendered":"DR. G\u00dcL\u00d6REN TUNCA"},"content":{"rendered":"\t\t<div data-elementor-type=\"wp-page\" data-elementor-id=\"3095\" class=\"elementor elementor-3095\">\n\t\t\t\t\t\t\t\t\t<section class=\"elementor-section elementor-top-section elementor-element elementor-element-9e13ca5 elementor-section-boxed elementor-section-height-default elementor-section-height-default\" data-id=\"9e13ca5\" data-element_type=\"section\" data-settings=\"{&quot;background_background&quot;:&quot;classic&quot;}\">\n\t\t\t\t\t\t\t<div class=\"elementor-background-overlay\"><\/div>\n\t\t\t\t\t\t\t<div class=\"elementor-container elementor-column-gap-default\">\n\t\t\t\t\t<div class=\"elementor-column elementor-col-100 elementor-top-column elementor-element elementor-element-347d169\" data-id=\"347d169\" data-element_type=\"column\">\n\t\t\t<div class=\"elementor-widget-wrap\">\n\t\t\t\t\t\t\t\t\t<\/div>\n\t\t<\/div>\n\t\t\t\t\t\t\t<\/div>\n\t\t<\/section>\n\t\t\t\t<section class=\"elementor-section elementor-top-section elementor-element elementor-element-27a48f0f elementor-section-height-min-height elementor-section-content-middle elementor-section-boxed elementor-section-height-default elementor-section-items-middle\" data-id=\"27a48f0f\" data-element_type=\"section\">\n\t\t\t\t\t\t<div class=\"elementor-container elementor-column-gap-no\">\n\t\t\t\t\t<div class=\"elementor-column elementor-col-100 elementor-top-column elementor-element elementor-element-60260a57\" data-id=\"60260a57\" data-element_type=\"column\">\n\t\t\t<div class=\"elementor-widget-wrap elementor-element-populated\">\n\t\t\t\t\t\t\t\t<section class=\"elementor-section elementor-inner-section elementor-element elementor-element-cae7ed3 elementor-section-boxed elementor-section-height-default elementor-section-height-default\" data-id=\"cae7ed3\" data-element_type=\"section\">\n\t\t\t\t\t\t<div class=\"elementor-container elementor-column-gap-default\">\n\t\t\t\t\t<div class=\"elementor-column elementor-col-100 elementor-inner-column elementor-element elementor-element-5e99e90\" data-id=\"5e99e90\" data-element_type=\"column\">\n\t\t\t<div class=\"elementor-widget-wrap elementor-element-populated\">\n\t\t\t\t\t\t\t\t<div class=\"elementor-element elementor-element-3e90b01 elementor-widget elementor-widget-text-editor\" data-id=\"3e90b01\" data-element_type=\"widget\" data-widget_type=\"text-editor.default\">\n\t\t\t\t<div class=\"elementor-widget-container\">\n\t\t\t<style>\/*! elementor - v3.12.1 - 02-04-2023 *\/\n.elementor-widget-text-editor.elementor-drop-cap-view-stacked .elementor-drop-cap{background-color:#69727d;color:#fff}.elementor-widget-text-editor.elementor-drop-cap-view-framed .elementor-drop-cap{color:#69727d;border:3px solid;background-color:transparent}.elementor-widget-text-editor:not(.elementor-drop-cap-view-default) .elementor-drop-cap{margin-top:8px}.elementor-widget-text-editor:not(.elementor-drop-cap-view-default) .elementor-drop-cap-letter{width:1em;height:1em}.elementor-widget-text-editor .elementor-drop-cap{float:left;text-align:center;line-height:1;font-size:50px}.elementor-widget-text-editor .elementor-drop-cap-letter{display:inline-block}<\/style>\t\t\t\t<p>G\u00fcl\u00f6ren Tunca, lisans e\u011fitimini 2003-2007 y\u0131llar\u0131nda Dokuz Eyl\u00fcl \u00dcniversitesi \u0130ktisadi ve \u0130dari Bilimler Fak\u00fcltesi, \u00c7al\u0131\u015fma Ekonomisi ve End\u00fcstri \u0130li\u015fkileri B\u00f6l\u00fcm\u00fcnde tamamlam\u0131\u015ft\u0131r. 2004-2006 y\u0131llar\u0131nda Anadolu \u00dcniversitesi A\u00e7\u0131k \u00d6\u011fretim Fak\u00fcltesi, \u0130ktisadi ve \u0130dari Programlar B\u00f6l\u00fcm\u00fc- Halkla \u0130li\u015fkiler B\u00f6l\u00fcm\u00fcnde, 2006-2008 y\u0131llar\u0131nda Anadolu \u00dcniversitesi \u0130\u015fletme Fak\u00fcltesi \u0130\u015fletme B\u00f6l\u00fcm\u00fcnde, 2007-2009 tarihlerinde Dokuz Eyl\u00fcl \u00dcniversitesi Sosyal Bilimler Enstit\u00fcs\u00fc \u00c7al\u0131\u015fma Ekonomisi ve End\u00fcstri \u0130li\u015fkileri B\u00f6l\u00fcm\u00fcnde Tezli Y\u00fcksek Lisans, 2008-2010 y\u0131llar\u0131nda Anadolu \u00dcniversitesi A\u00e7\u0131k \u00f6\u011fretim Fak\u00fcltesi, G\u00f6rsel \u0130\u015fitsel Teknikler ve Medya Yap\u0131mc\u0131l\u0131\u011f\u0131 B\u00f6l\u00fcm\u00fc- Marka \u0130leti\u015fimi B\u00f6l\u00fcm\u00fcnde, 2009-2015 y\u0131llar\u0131nda Dokuz Eyl\u00fcl \u00dcniversitesi Sosyal Bilimler Enstit\u00fcs\u00fc \u00c7al\u0131\u015fma Ekonomisi ve End\u00fcstri \u0130li\u015fkileri B\u00f6l\u00fcm\u00fcnde Doktora yapm\u0131\u015ft\u0131r.<\/p><p>Meslek hayat\u0131na, 2006 y\u0131l\u0131nda Fortis Bank A.\u015e.\u2019de Dinamik Giri\u015fimci staj program\u0131nda ba\u015flam\u0131\u015f, 2011-2015y\u0131llar\u0131nda Medya, \u0130leti\u015fim, Hukuk ve Dan\u0131\u015fmanl\u0131k, E\u011fitim, Proje, Organizasyon alanlar\u0131nda faaliyet g\u00f6steren G\u00fcl\u00f6ren Alt\u0131n Dan\u0131\u015fmanl\u0131\u011f\u0131n Kuruculu\u011funu \u00fcstlenmi\u015f, 2012-2019 tarihlerinde Megalife Dergisi\u2019nde ve Guest Ceo Dergisi\u2019nde Edit\u00f6rl\u00fck yapm\u0131\u015ft\u0131r. 2019 y\u0131l\u0131ndan bu yana G\u00f6ztepe Spor Kul\u00fcb\u00fc\u2019nde Kurumsal Pazarlama M\u00fcd\u00fcr\u00fc olarak g\u00f6rev yapmaktad\u0131r. 2021 tarihinde ulusal ve uluslararas\u0131 anlamda alan\u0131n\u0131n \u00fcnl\u00fc isimleri ile Ege TV\u2019de Program Yap\u0131mc\u0131s\u0131 olarak r\u00f6portajlar yapm\u0131\u015ft\u0131r. Ayr\u0131ca 2022 y\u0131l\u0131nda \u0130ZTO, \u0130zmir Kalk\u0131nma Ajans\u0131, \u0130zmir Vakf\u0131\u2019n\u0131n bir \u00e7al\u0131\u015fmas\u0131 olan \u0130zmir\u2019in i\u015f turizminin ulusal ve uluslararas\u0131 tan\u0131t\u0131lmas\u0131n\u0131 sa\u011flamak amac\u0131yla \u00e7ekilen reklam filminde yer alm\u0131\u015ft\u0131r.<\/p><p>Dr. G\u00fcl\u00f6ren Tunca ayr\u0131ca \u0130ngilizce ve az seviyede Almanca bilmektedir.<\/p>\t\t\t\t\t\t<\/div>\n\t\t\t\t<\/div>\n\t\t\t\t\t<\/div>\n\t\t<\/div>\n\t\t\t\t\t\t\t<\/div>\n\t\t<\/section>\n\t\t\t\t\t<\/div>\n\t\t<\/div>\n\t\t\t\t\t\t\t<\/div>\n\t\t<\/section>\n\t\t\t\t\t\t\t<\/div>\n\t\t","protected":false},"excerpt":{"rendered":"<p>G\u00fcl\u00f6ren Tunca, lisans e\u011fitimini 2003-2007 y\u0131llar\u0131nda Dokuz Eyl\u00fcl \u00dcniversitesi \u0130ktisadi ve \u0130dari Bilimler Fak\u00fcltesi, \u00c7al\u0131\u015fma Ekonomisi ve End\u00fcstri \u0130li\u015fkileri B\u00f6l\u00fcm\u00fcnde tamamlam\u0131\u015ft\u0131r. 2004-2006 y\u0131llar\u0131nda Anadolu \u00dcniversitesi A\u00e7\u0131k \u00d6\u011fretim Fak\u00fcltesi, \u0130ktisadi ve \u0130dari Programlar B\u00f6l\u00fcm\u00fc- Halkla \u0130li\u015fkiler B\u00f6l\u00fcm\u00fcnde, 2006-2008 y\u0131llar\u0131nda Anadolu \u00dcniversitesi \u0130\u015fletme Fak\u00fcltesi \u0130\u015fletme B\u00f6l\u00fcm\u00fcnde, 2007-2009 tarihlerinde Dokuz Eyl\u00fcl \u00dcniversitesi Sosyal Bilimler Enstit\u00fcs\u00fc \u00c7al\u0131\u015fma Ekonomisi ve [&hellip;]<\/p>\n","protected":false},"author":1,"featured_media":0,"parent":0,"menu_order":0,"comment_status":"closed","ping_status":"closed","template":"","meta":{"footnotes":""},"class_list":["post-3095","page","type-page","status-publish","hentry"],"_links":{"self":[{"href":"https:\/\/profaj.co\/icu\/wp-json\/wp\/v2\/pages\/3095","targetHints":{"allow":["GET"]}}],"collection":[{"href":"https:\/\/profaj.co\/icu\/wp-json\/wp\/v2\/pages"}],"about":[{"href":"https:\/\/profaj.co\/icu\/wp-json\/wp\/v2\/types\/page"}],"author":[{"embeddable":true,"href":"https:\/\/profaj.co\/icu\/wp-json\/wp\/v2\/users\/1"}],"replies":[{"embeddable":true,"href":"https:\/\/profaj.co\/icu\/wp-json\/wp\/v2\/comments?post=3095"}],"version-history":[{"count":4,"href":"https:\/\/profaj.co\/icu\/wp-json\/wp\/v2\/pages\/3095\/revisions"}],"predecessor-version":[{"id":3099,"href":"https:\/\/profaj.co\/icu\/wp-json\/wp\/v2\/pages\/3095\/revisions\/3099"}],"wp:attachment":[{"href":"https:\/\/profaj.co\/icu\/wp-json\/wp\/v2\/media?parent=3095"}],"curies":[{"name":"wp","href":"https:\/\/api.w.org\/{rel}","templated":true}]}}