{"id":517,"date":"2026-05-06T08:56:58","date_gmt":"2026-05-06T08:56:58","guid":{"rendered":"https:\/\/profaj.co\/karpasgenel\/?page_id=517"},"modified":"2026-05-06T08:57:19","modified_gmt":"2026-05-06T08:57:19","slug":"blog","status":"publish","type":"page","link":"https:\/\/profaj.co\/karpasgenel\/blog\/","title":{"rendered":"Blog"},"content":{"rendered":"\t\t<div data-elementor-type=\"wp-page\" data-elementor-id=\"517\" class=\"elementor elementor-517\" data-elementor-post-type=\"page\">\n\t\t\t\t<div class=\"elementor-element elementor-element-1a32146 e-flex e-con-boxed e-con e-parent\" data-id=\"1a32146\" data-element_type=\"container\" data-e-type=\"container\" data-settings=\"{&quot;background_background&quot;:&quot;gradient&quot;}\">\n\t\t\t\t\t<div class=\"e-con-inner\">\n\t\t<div class=\"elementor-element elementor-element-c667251 e-con-full e-flex e-con e-child\" data-id=\"c667251\" data-element_type=\"container\" data-e-type=\"container\">\n\t\t\t\t<div class=\"elementor-element elementor-element-efe68a8 elementor-icon-list--layout-inline elementor-list-item-link-full_width elementor-widget elementor-widget-icon-list\" data-id=\"efe68a8\" data-element_type=\"widget\" data-e-type=\"widget\" data-widget_type=\"icon-list.default\">\n\t\t\t\t\t\t\t<ul class=\"elementor-icon-list-items elementor-inline-items\">\n\t\t\t\t\t\t\t<li class=\"elementor-icon-list-item elementor-inline-item\">\n\t\t\t\t\t\t\t\t\t\t<span class=\"elementor-icon-list-text\">Anasayfa \/ <\/span>\n\t\t\t\t\t\t\t\t\t<\/li>\n\t\t\t\t\t\t\t\t<li class=\"elementor-icon-list-item elementor-inline-item\">\n\t\t\t\t\t\t\t\t\t\t<span class=\"elementor-icon-list-text\">Blog<\/span>\n\t\t\t\t\t\t\t\t\t<\/li>\n\t\t\t\t\t\t<\/ul>\n\t\t\t\t\t\t<\/div>\n\t\t\t\t<div class=\"elementor-element elementor-element-f050cab elementor-widget elementor-widget-heading\" data-id=\"f050cab\" data-element_type=\"widget\" data-e-type=\"widget\" data-widget_type=\"heading.default\">\n\t\t\t\t\t<h2 class=\"elementor-heading-title elementor-size-default\">Blog<\/h2>\t\t\t\t<\/div>\n\t\t\t\t<\/div>\n\t\t\t\t\t<\/div>\n\t\t\t\t<\/div>\n\t\t<div class=\"elementor-element elementor-element-464dc39 e-flex e-con-boxed e-con e-parent\" data-id=\"464dc39\" data-element_type=\"container\" data-e-type=\"container\">\n\t\t\t\t\t<div class=\"e-con-inner\">\n\t\t<div class=\"elementor-element elementor-element-03e13e0 e-con-full e-flex e-con e-child\" data-id=\"03e13e0\" data-element_type=\"container\" data-e-type=\"container\">\n\t\t<div class=\"elementor-element elementor-element-0f89c7a e-con-full e-flex e-con e-child\" data-id=\"0f89c7a\" data-element_type=\"container\" data-e-type=\"container\">\n\t\t<div class=\"elementor-element elementor-element-158d9c2 e-con-full animated-slow e-flex elementor-invisible e-con e-child\" data-id=\"158d9c2\" data-element_type=\"container\" data-e-type=\"container\" data-settings=\"{&quot;animation&quot;:&quot;fadeInLeft&quot;}\">\n\t\t<div class=\"elementor-element elementor-element-dc08b63 e-con-full e-flex e-con e-child\" data-id=\"dc08b63\" data-element_type=\"container\" data-e-type=\"container\">\n\t\t\t\t<div class=\"elementor-element elementor-element-26047bb elementor-widget elementor-widget-heading\" data-id=\"26047bb\" data-element_type=\"widget\" data-e-type=\"widget\" data-widget_type=\"heading.default\">\n\t\t\t\t\t<h2 class=\"elementor-heading-title elementor-size-default\">BLOG &amp; HABERLER<\/h2>\t\t\t\t<\/div>\n\t\t\t\t<div class=\"elementor-element elementor-element-554d481 elementor-widget elementor-widget-heading\" data-id=\"554d481\" data-element_type=\"widget\" data-e-type=\"widget\" data-widget_type=\"heading.default\">\n\t\t\t\t\t<h2 class=\"elementor-heading-title elementor-size-default\">Mimariye ve Ya\u015fama Dair<\/h2>\t\t\t\t<\/div>\n\t\t\t\t<div class=\"elementor-element elementor-element-cf20774 elementor-widget__width-inherit elementor-widget elementor-widget-text-editor\" data-id=\"cf20774\" data-element_type=\"widget\" data-e-type=\"widget\" data-widget_type=\"text-editor.default\">\n\t\t\t\t\t\t\t\t\t<p>Daha iyi bir ya\u015fam alan\u0131 in\u015fa etmenin yollar\u0131, mimari ipu\u00e7lar\u0131 ve g\u00fcncel projelerimizden son geli\u015fmeler.<\/p>\t\t\t\t\t\t\t\t<\/div>\n\t\t\t\t<\/div>\n\t\t<div class=\"elementor-element elementor-element-179c470 e-con-full e-flex e-con e-child\" data-id=\"179c470\" data-element_type=\"container\" data-e-type=\"container\">\n\t\t\t\t<\/div>\n\t\t\t\t<\/div>\n\t\t\t\t<div class=\"elementor-element elementor-element-9271251 animated-slow elementor-grid-3 elementor-grid-tablet-2 elementor-grid-mobile-1 elementor-posts--thumbnail-top elementor-invisible elementor-widget elementor-widget-posts\" data-id=\"9271251\" data-element_type=\"widget\" data-e-type=\"widget\" data-settings=\"{&quot;_animation&quot;:&quot;fadeInRight&quot;,&quot;classic_columns&quot;:&quot;3&quot;,&quot;classic_columns_tablet&quot;:&quot;2&quot;,&quot;classic_columns_mobile&quot;:&quot;1&quot;,&quot;classic_row_gap&quot;:{&quot;unit&quot;:&quot;px&quot;,&quot;size&quot;:35,&quot;sizes&quot;:[]},&quot;classic_row_gap_tablet&quot;:{&quot;unit&quot;:&quot;px&quot;,&quot;size&quot;:&quot;&quot;,&quot;sizes&quot;:[]},&quot;classic_row_gap_mobile&quot;:{&quot;unit&quot;:&quot;px&quot;,&quot;size&quot;:&quot;&quot;,&quot;sizes&quot;:[]}}\" data-widget_type=\"posts.classic\">\n\t\t\t\t<div class=\"elementor-widget-container\">\n\t\t\t\t\t\t\t<div class=\"elementor-posts-container elementor-posts elementor-posts--skin-classic elementor-grid\" role=\"list\">\n\t\t\t\t<article class=\"elementor-post elementor-grid-item post-65 post type-post status-publish format-standard has-post-thumbnail hentry category-uncategorized\" role=\"listitem\">\n\t\t\t\t<a class=\"elementor-post__thumbnail__link\" href=\"https:\/\/profaj.co\/karpasgenel\/canakkalede-yatirim\/\" tabindex=\"-1\" >\n\t\t\t<div class=\"elementor-post__thumbnail\"><img fetchpriority=\"high\" decoding=\"async\" width=\"800\" height=\"500\" src=\"https:\/\/profaj.co\/karpasgenel\/wp-content\/uploads\/2026\/04\/photo-1487958449943-2429e8be8625.avif\" class=\"attachment-full size-full wp-image-66\" alt=\"\" srcset=\"https:\/\/profaj.co\/karpasgenel\/wp-content\/uploads\/2026\/04\/photo-1487958449943-2429e8be8625.avif 800w, https:\/\/profaj.co\/karpasgenel\/wp-content\/uploads\/2026\/04\/photo-1487958449943-2429e8be8625-300x188.avif 300w, https:\/\/profaj.co\/karpasgenel\/wp-content\/uploads\/2026\/04\/photo-1487958449943-2429e8be8625-768x480.avif 768w\" sizes=\"(max-width: 800px) 100vw, 800px\" \/><\/div>\n\t\t<\/a>\n\t\t\t\t<div class=\"elementor-post__text\">\n\t\t\t\t<h3 class=\"elementor-post__title\">\n\t\t\t<a href=\"https:\/\/profaj.co\/karpasgenel\/canakkalede-yatirim\/\" >\n\t\t\t\t\u00c7anakkale\u2019de Yat\u0131r\u0131m\t\t\t<\/a>\n\t\t<\/h3>\n\t\t\t\t<div class=\"elementor-post__excerpt\">\n\t\t\t<p>Marmara ve Ege&#8217;nin kesi\u015fim noktas\u0131nda yer alan \u00c7anakkale, sadece \u015fanl\u0131 tarihi ve do\u011fal g\u00fczellikleriyle de\u011fil, son y\u0131llarda sundu\u011fu devasa yat\u0131r\u0131m f\u0131rsatlar\u0131yla da yat\u0131r\u0131mc\u0131lar\u0131n radar\u0131nda ilk<\/p>\n\t\t<\/div>\n\t\t\n\t\t<a class=\"elementor-post__read-more\" href=\"https:\/\/profaj.co\/karpasgenel\/canakkalede-yatirim\/\" aria-label=\"Read more about \u00c7anakkale\u2019de Yat\u0131r\u0131m\" tabindex=\"-1\" >\n\t\t\tDevam\u0131n\u0131 Oku \u00bb\t\t<\/a>\n\n\t\t\t\t<\/div>\n\t\t\t\t<\/article>\n\t\t\t\t<article class=\"elementor-post elementor-grid-item post-62 post type-post status-publish format-standard has-post-thumbnail hentry category-uncategorized\" role=\"listitem\">\n\t\t\t\t<a class=\"elementor-post__thumbnail__link\" href=\"https:\/\/profaj.co\/karpasgenel\/canakkalede-ev-almak-icin-5-neden\/\" tabindex=\"-1\" >\n\t\t\t<div class=\"elementor-post__thumbnail\"><img decoding=\"async\" width=\"800\" height=\"500\" src=\"https:\/\/profaj.co\/karpasgenel\/wp-content\/uploads\/2026\/04\/photo-1600585154340-be6161a56a0c.avif\" class=\"attachment-full size-full wp-image-63\" alt=\"\" srcset=\"https:\/\/profaj.co\/karpasgenel\/wp-content\/uploads\/2026\/04\/photo-1600585154340-be6161a56a0c.avif 800w, https:\/\/profaj.co\/karpasgenel\/wp-content\/uploads\/2026\/04\/photo-1600585154340-be6161a56a0c-300x188.avif 300w, https:\/\/profaj.co\/karpasgenel\/wp-content\/uploads\/2026\/04\/photo-1600585154340-be6161a56a0c-768x480.avif 768w\" sizes=\"(max-width: 800px) 100vw, 800px\" \/><\/div>\n\t\t<\/a>\n\t\t\t\t<div class=\"elementor-post__text\">\n\t\t\t\t<h3 class=\"elementor-post__title\">\n\t\t\t<a href=\"https:\/\/profaj.co\/karpasgenel\/canakkalede-ev-almak-icin-5-neden\/\" >\n\t\t\t\t\u00c7anakkale\u2019de Ev Almak \u0130\u00e7in 5 Neden\t\t\t<\/a>\n\t\t<\/h3>\n\t\t\t\t<div class=\"elementor-post__excerpt\">\n\t\t\t<p>2026 y\u0131l\u0131 itibar\u0131yla \u00c7anakkale, yaln\u0131zca yazl\u0131k\u00e7\u0131lar\u0131n de\u011fil, kal\u0131c\u0131 ve huzurlu bir ya\u015fam kurmak isteyenlerin de ilk adresi konumunda. 1915 \u00c7anakkale K\u00f6pr\u00fcs\u00fc&#8217;n\u00fcn b\u00f6lgeye kazand\u0131rd\u0131\u011f\u0131 ivme ile<\/p>\n\t\t<\/div>\n\t\t\n\t\t<a class=\"elementor-post__read-more\" href=\"https:\/\/profaj.co\/karpasgenel\/canakkalede-ev-almak-icin-5-neden\/\" aria-label=\"Read more about \u00c7anakkale\u2019de Ev Almak \u0130\u00e7in 5 Neden\" tabindex=\"-1\" >\n\t\t\tDevam\u0131n\u0131 Oku \u00bb\t\t<\/a>\n\n\t\t\t\t<\/div>\n\t\t\t\t<\/article>\n\t\t\t\t<article class=\"elementor-post elementor-grid-item post-1 post type-post status-publish format-standard has-post-thumbnail hentry category-uncategorized\" role=\"listitem\">\n\t\t\t\t<a class=\"elementor-post__thumbnail__link\" href=\"https:\/\/profaj.co\/karpasgenel\/canakkalenin-gayrimenkul-firsatlari\/\" tabindex=\"-1\" >\n\t\t\t<div class=\"elementor-post__thumbnail\"><img decoding=\"async\" width=\"800\" height=\"500\" src=\"https:\/\/profaj.co\/karpasgenel\/wp-content\/uploads\/2026\/04\/photo-1541888946425-d81bb19240f5.avif\" class=\"attachment-full size-full wp-image-60\" alt=\"\" srcset=\"https:\/\/profaj.co\/karpasgenel\/wp-content\/uploads\/2026\/04\/photo-1541888946425-d81bb19240f5.avif 800w, https:\/\/profaj.co\/karpasgenel\/wp-content\/uploads\/2026\/04\/photo-1541888946425-d81bb19240f5-300x188.avif 300w, https:\/\/profaj.co\/karpasgenel\/wp-content\/uploads\/2026\/04\/photo-1541888946425-d81bb19240f5-768x480.avif 768w\" sizes=\"(max-width: 800px) 100vw, 800px\" \/><\/div>\n\t\t<\/a>\n\t\t\t\t<div class=\"elementor-post__text\">\n\t\t\t\t<h3 class=\"elementor-post__title\">\n\t\t\t<a href=\"https:\/\/profaj.co\/karpasgenel\/canakkalenin-gayrimenkul-firsatlari\/\" >\n\t\t\t\t\u00c7anakkale\u2019nin Gayrimenkul F\u0131rsatlar\u0131\t\t\t<\/a>\n\t\t<\/h3>\n\t\t\t\t<div class=\"elementor-post__excerpt\">\n\t\t\t<p>2026 y\u0131l\u0131 itibar\u0131yla \u00c7anakkale, Marmara B\u00f6lgesi&#8217;nin &#8220;ka\u00e7\u0131\u015f noktas\u0131&#8221; olmaktan \u00e7\u0131k\u0131p ba\u015fl\u0131 ba\u015f\u0131na bir cazibe merkezine d\u00f6n\u00fc\u015ft\u00fc. \u00d6zellikle 1915 \u00c7anakkale K\u00f6pr\u00fcs\u00fc&#8217;n\u00fcn ve otoyol ba\u011flant\u0131lar\u0131n\u0131n tam kapasiteyle<\/p>\n\t\t<\/div>\n\t\t\n\t\t<a class=\"elementor-post__read-more\" href=\"https:\/\/profaj.co\/karpasgenel\/canakkalenin-gayrimenkul-firsatlari\/\" aria-label=\"Read more about \u00c7anakkale\u2019nin Gayrimenkul F\u0131rsatlar\u0131\" tabindex=\"-1\" >\n\t\t\tDevam\u0131n\u0131 Oku \u00bb\t\t<\/a>\n\n\t\t\t\t<\/div>\n\t\t\t\t<\/article>\n\t\t\t\t<\/div>\n\t\t\n\t\t\t\t\t\t<\/div>\n\t\t\t\t<\/div>\n\t\t\t\t<\/div>\n\t\t\t\t<\/div>\n\t\t\t\t\t<\/div>\n\t\t\t\t<\/div>\n\t\t\t\t<\/div>\n\t\t","protected":false},"excerpt":{"rendered":"<p>Anasayfa \/ BLOG &amp; HABERLER Mimariye ve Ya\u015fama Dair Daha iyi bir ya\u015fam alan\u0131 in\u015fa etmenin yollar\u0131, mimari ipu\u00e7lar\u0131 ve g\u00fcncel projelerimizden son geli\u015fmeler.<\/p>\n","protected":false},"author":1,"featured_media":0,"parent":0,"menu_order":0,"comment_status":"closed","ping_status":"closed","template":"","meta":{"_acf_changed":false,"footnotes":""},"class_list":["post-517","page","type-page","status-publish","hentry"],"acf":[],"_links":{"self":[{"href":"https:\/\/profaj.co\/karpasgenel\/wp-json\/wp\/v2\/pages\/517","targetHints":{"allow":["GET"]}}],"collection":[{"href":"https:\/\/profaj.co\/karpasgenel\/wp-json\/wp\/v2\/pages"}],"about":[{"href":"https:\/\/profaj.co\/karpasgenel\/wp-json\/wp\/v2\/types\/page"}],"author":[{"embeddable":true,"href":"https:\/\/profaj.co\/karpasgenel\/wp-json\/wp\/v2\/users\/1"}],"replies":[{"embeddable":true,"href":"https:\/\/profaj.co\/karpasgenel\/wp-json\/wp\/v2\/comments?post=517"}],"version-history":[{"count":4,"href":"https:\/\/profaj.co\/karpasgenel\/wp-json\/wp\/v2\/pages\/517\/revisions"}],"predecessor-version":[{"id":521,"href":"https:\/\/profaj.co\/karpasgenel\/wp-json\/wp\/v2\/pages\/517\/revisions\/521"}],"wp:attachment":[{"href":"https:\/\/profaj.co\/karpasgenel\/wp-json\/wp\/v2\/media?parent=517"}],"curies":[{"name":"wp","href":"https:\/\/api.w.org\/{rel}","templated":true}]}}