{"id":988835,"date":"2026-08-27T14:12:14","date_gmt":"2026-08-27T14:12:14","guid":{"rendered":"https:\/\/profaj.co\/lotuscicekcilik\/product\/panya\/"},"modified":"2026-09-01T09:42:19","modified_gmt":"2026-09-01T09:42:19","slug":"panya","status":"publish","type":"product","link":"https:\/\/profaj.co\/lotuscicekcilik\/product\/panya\/","title":{"rendered":"Panya"},"content":{"rendered":"<div class=\"vgblk-rw-wrapper limit-wrapper\">\n<h2>Panya: Zarafet ve Ba\u015far\u0131y\u0131 Kutlay\u0131n<\/h2>\n<p>\u00d6zel anlar\u0131n\u0131z\u0131 ta\u00e7land\u0131rmak ve unutulmaz k\u0131lmak i\u00e7in tasarlanm\u0131\u015f e\u015fsiz <em>Panya ferforje \u00e7i\u00e7ek aranjman\u0131<\/em> ile tan\u0131\u015f\u0131n. A\u00e7\u0131l\u0131\u015f t\u00f6renlerinden \u00f6nemli davetlere, yeni bir i\u015f ba\u015flang\u0131c\u0131ndan i\u00e7ten tebriklere kadar her t\u00fcrl\u00fc \u00f6zel durumda prestijli bir hediye se\u00e7ene\u011fi sunar. Bu g\u00f6z al\u0131c\u0131 tasar\u0131m, kal\u0131c\u0131 bir izlenim b\u0131rakman\u0131n en zarif yoludur.<\/p>\n<p>Panya ile sadece bir \u00e7i\u00e7ek g\u00f6ndermi\u015f olmaz, ayn\u0131 zamanda de\u011fer verdi\u011finiz ki\u015filere duydu\u011funuz sayg\u0131y\u0131 ve takdiri de ifade edersiniz. Kurumsal etkinlikleriniz<\/p><\/div>\n<p><!-- .vgblk-rw-wrapper --><\/p>\n","protected":false},"excerpt":{"rendered":"<p>Alsancak&#8217;tan \u0130zmir&#8217;e kurumsal \u00e7i\u00e7ek g\u00f6nderimi i\u00e7in Panya ferforje \u00e7elenk ile a\u00e7\u0131l\u0131\u015flara prestij kat\u0131n.<\/p>\n","protected":false},"featured_media":988834,"comment_status":"open","ping_status":"closed","template":"","meta":[],"product_brand":[],"product_cat":[197,217,198,151,215,216,194,183,174],"product_tag":[],"class_list":["post-988835","product","type-product","status-publish","has-post-thumbnail","product_cat-acilis","product_cat-acilis-davetler-icin-ozel-celenk-ve-cicekler","product_cat-davetler-icin-ozel-celenk-ve-cicekler","product_cat-ferforje","product_cat-kurumsal-etkinlik-tasarimlari","product_cat-kurumsal-hediye-cicek-gonderimi","product_cat-tum-cicekler","product_cat-yeni-is","product_cat-yeni-is-tebrik","first","instock","shipping-taxable","purchasable","product-type-simple"],"_links":{"self":[{"href":"https:\/\/profaj.co\/lotuscicekcilik\/wp-json\/wp\/v2\/product\/988835","targetHints":{"allow":["GET"]}}],"collection":[{"href":"https:\/\/profaj.co\/lotuscicekcilik\/wp-json\/wp\/v2\/product"}],"about":[{"href":"https:\/\/profaj.co\/lotuscicekcilik\/wp-json\/wp\/v2\/types\/product"}],"replies":[{"embeddable":true,"href":"https:\/\/profaj.co\/lotuscicekcilik\/wp-json\/wp\/v2\/comments?post=988835"}],"version-history":[{"count":2,"href":"https:\/\/profaj.co\/lotuscicekcilik\/wp-json\/wp\/v2\/product\/988835\/revisions"}],"predecessor-version":[{"id":989455,"href":"https:\/\/profaj.co\/lotuscicekcilik\/wp-json\/wp\/v2\/product\/988835\/revisions\/989455"}],"wp:featuredmedia":[{"embeddable":true,"href":"https:\/\/profaj.co\/lotuscicekcilik\/wp-json\/wp\/v2\/media\/988834"}],"wp:attachment":[{"href":"https:\/\/profaj.co\/lotuscicekcilik\/wp-json\/wp\/v2\/media?parent=988835"}],"wp:term":[{"taxonomy":"product_brand","embeddable":true,"href":"https:\/\/profaj.co\/lotuscicekcilik\/wp-json\/wp\/v2\/product_brand?post=988835"},{"taxonomy":"product_cat","embeddable":true,"href":"https:\/\/profaj.co\/lotuscicekcilik\/wp-json\/wp\/v2\/product_cat?post=988835"},{"taxonomy":"product_tag","embeddable":true,"href":"https:\/\/profaj.co\/lotuscicekcilik\/wp-json\/wp\/v2\/product_tag?post=988835"}],"curies":[{"name":"wp","href":"https:\/\/api.w.org\/{rel}","templated":true}]}}