{"id":988849,"date":"2026-08-27T14:12:27","date_gmt":"2026-08-27T14:12:27","guid":{"rendered":"https:\/\/profaj.co\/lotuscicekcilik\/product\/sutun-ozel-ayakli\/"},"modified":"2026-09-01T09:39:06","modified_gmt":"2026-09-01T09:39:06","slug":"sutun-ozel-ayakli","status":"publish","type":"product","link":"https:\/\/profaj.co\/lotuscicekcilik\/product\/sutun-ozel-ayakli\/","title":{"rendered":"S\u00fctun ( \u00f6zel ayakl\u0131 )"},"content":{"rendered":"<div class=\"vgblk-rw-wrapper limit-wrapper\">\n<h2>S\u00fctun ile Etkileyici Ba\u015flang\u0131\u00e7lara \u0130mza At\u0131n<\/h2>\n<p>S\u0131radanl\u0131ktan uzak, ak\u0131lda kal\u0131c\u0131 anlar yaratmak isteyenler i\u00e7in <em>S\u00fctun (\u00f6zel ayakl\u0131)<\/em>, zarafet ve ihti\u015fam\u0131n kusursuz birle\u015fimini sunuyor. Bu \u00f6zel tasar\u0131m, a\u00e7\u0131l\u0131\u015flar, kurumsal davetler ve yeni i\u015f tebrikleri gibi \u00f6nemli anlarda, mekanlara ad\u0131m att\u0131\u011f\u0131 anda t\u00fcm dikkatleri \u00fczerine \u00e7ekmeyi ba\u015far\u0131yor. Prestijinizi ve iyi dileklerinizi en g\u00fc\u00e7l\u00fc \u015fekilde ifade eden bu aranjman, sadece bir \u00e7i\u00e7ek de\u011fil, ayn\u0131 zamanda bir duru\u015fun sembol\u00fcd\u00fcr.<\/p>\n<p>Her detay\u0131 \u00f6zenle d\u00fc\u015f\u00fcn\u00fclm\u00fc\u015f olan S\u00fctun, i\u015f d\u00fcnyas\u0131ndaki yeni ba\u015flang\u0131\u00e7lara veya \u00f6zel etkinliklere de\u011fer katmak i\u00e7in ideal bir se\u00e7imdir. Estetik duru\u015fu ve g\u00f6z al\u0131c\u0131 yap\u0131s\u0131yla, g\u00f6nderdi\u011finiz her yere unutulmaz bir iz b\u0131rak\u0131r ve mesaj\u0131n\u0131z\u0131n derinli\u011fini vurgular.<\/p>\n<h3>Zarafetin ve \u0130hti\u015fam\u0131n Bulu\u015fmas\u0131<\/h3>\n<p>Bu e\u015fsiz tasar\u0131m, ad\u0131ndan da anla\u015f\u0131laca\u011f\u0131 gibi, \u00f6zel bir s\u00fctun \u00fczerine yerle\u015ftirilmi\u015f \u00e7i\u00e7eklerle benzersiz bir g\u00f6rsel \u015f\u00f6len sunar. Y\u00fcksek kaliteli \u00e7i\u00e7eklerin \u00f6zenle se\u00e7ilmesiyle haz\u0131rlanan S\u00fctun, her a\u00e7\u0131dan g\u00f6z al\u0131c\u0131 bir g\u00fczellik sergiler. \u00d6zel ayakl\u0131 yap\u0131s\u0131 sayesinde, hem i\u00e7 mekanlarda hem de d\u0131\u015f mekanlarda rahatl\u0131kla konumland\u0131r\u0131labilir ve bulundu\u011fu ortama an\u0131nda sofistike bir hava katar.<\/p>\n<p>S\u00fctun&#8217;un ihti\u015faml\u0131 duru\u015fu, davetlilerinizi hayran b\u0131rak\u0131rken, sizin de etkinli\u011fe verdi\u011finiz \u00f6nemi zarif\u00e7e yans\u0131t\u0131r. Her bir \u00e7i\u00e7e\u011fin tazeli\u011fi ve renklerin uyumu, bu \u00f6zel aranjman\u0131 ger\u00e7ek bir sanat eserine d\u00f6n\u00fc\u015ft\u00fcr\u00fcr.<\/p>\n<h3>Kurumsal \u0130leti\u015fimde G\u00fc\u00e7l\u00fc Bir Mesaj<\/h3>\n<p>\u0130\u015f d\u00fcnyas\u0131nda yap\u0131lan a\u00e7\u0131l\u0131\u015flar, yeni ofis kutlamalar\u0131 veya \u00f6nemli kurumsal davetler, g\u00fc\u00e7l\u00fc bir ilk izlenim b\u0131rakmak i\u00e7in e\u015fsiz f\u0131rsatlard\u0131r. S\u00fctun, bu anlarda markan\u0131z\u0131n veya ki\u015fisel prestijinizin alt\u0131n\u0131 \u00e7izen, etkileyici bir kurumsal \u00e7i\u00e7ek g\u00f6nderimi arac\u0131d\u0131r. \u00d6zellikle \u0130zmir ve \u00e7evresindeki i\u015fletmeler i\u00e7in, Alsancak b\u00f6lgesinden yap\u0131lan h\u0131zl\u0131 ve g\u00fcvenilir \u00e7i\u00e7ek g\u00f6nderimi hizmetimizle bu \u00f6zel aranjmana kolayca ula\u015fabilirsiniz.<\/p>\n<p>S\u00fctun ile sadece bir \u00e7i\u00e7ek g\u00f6ndermi\u015f olmaz, ayn\u0131 zamanda i\u015f ortaklar\u0131n\u0131za ve m\u00fc\u015fterilerinize verdi\u011finiz de\u011feri ve profesyonelli\u011fi de g\u00f6stermi\u015f olursunuz. Bu \u00f6zel \u00e7elenk g\u00f6nderimi se\u00e7ene\u011fi, sayg\u0131nl\u0131\u011f\u0131n\u0131z\u0131 peki\u015ftiren, uzun s\u00fcre haf\u0131zalardan silinmeyecek bir jesttir.<\/p>\n<h3>\u00d6zellikler ve Avantajlar<\/h3>\n<ul>\n<li><strong>Benzersiz Tasar\u0131m:<\/strong> \u00d6zel ayakl\u0131 s\u00fctun yap\u0131s\u0131 ile dikkat \u00e7ekici ve modern bir g\u00f6r\u00fcn\u00fcm.<\/li>\n<li><strong>Y\u00fcksek Kaliteli \u00c7i\u00e7ekler:<\/strong> En taze ve canl\u0131 \u00e7i\u00e7eklerle \u00f6zenle haz\u0131rlanm\u0131\u015f.<\/li>\n<li><strong>Prestijli Hediye:<\/strong> Kurumsal a\u00e7\u0131l\u0131\u015flar ve davetler i\u00e7in ideal, g\u00fc\u00e7l\u00fc bir imaj sa\u011flar.<\/li>\n<li><strong>Geni\u015f Kullan\u0131m Alan\u0131:<\/strong> \u0130\u00e7 ve d\u0131\u015f mekan etkinliklerinde estetik bir tamamlay\u0131c\u0131.<\/li>\n<li><strong>Anlaml\u0131 Tebrik:<\/strong> Yeni ba\u015flang\u0131\u00e7lar\u0131 en zarif \u015fekilde kutlama imkan\u0131 sunar.<\/li>\n<li><strong>H\u0131zl\u0131 Teslimat:<\/strong> \u0130zmir ve Alsancak b\u00f6lgesine \u00f6zel h\u0131zl\u0131 ve g\u00fcvenilir \u00e7i\u00e7ek g\u00f6nderimi.<\/li>\n<li><strong>Unutulmaz Etki:<\/strong> Misafirler \u00fczerinde kal\u0131c\u0131 bir izlenim b\u0131rak\u0131r.<\/li>\n<\/ul>\n<h3>Unutulmaz Anlar Yarat\u0131n<\/h3>\n<p>S\u00fctun ile s\u0131radan bir etkinli\u011fi ola\u011fan\u00fcst\u00fc bir deneyime d\u00f6n\u00fc\u015ft\u00fcr\u00fcn. Bu \u00f6zel aranjman, sevdiklerinizin veya i\u015f ortaklar\u0131n\u0131z\u0131n hayat\u0131ndaki \u00f6nemli d\u00f6n\u00fcm noktalar\u0131na e\u015flik etmek i\u00e7in tasarlanm\u0131\u015ft\u0131r. \u0130ster bir a\u00e7\u0131l\u0131\u015f, ister bir tebrik mesaj\u0131 olsun, S\u00fctun ile g\u00f6nderdi\u011finiz her \u00e7i\u00e7ek, derin bir anlam ta\u015f\u0131r ve al\u0131c\u0131s\u0131na \u00f6zel hissettirir.<\/p>\n<p>\u015eimdi bu e\u015fsiz g\u00fczelli\u011fi ke\u015ffedin ve \u0130zmir&#8217;deki en \u00f6zel \u00e7i\u00e7ek g\u00f6nderimi deneyimi ile sevdiklerinize veya i\u015f d\u00fcnyas\u0131na unutulmaz bir jest yap\u0131n. S\u00fctun, ihti\u015fam\u0131n ve zarafetin adresi.<\/p>\n<\/div>\n<p><!-- .vgblk-rw-wrapper --><\/p>\n","protected":false},"excerpt":{"rendered":"<p>Alsancak&#8217;tan \u0130zmir&#8217;e kurumsal \u00e7i\u00e7ek ve \u00e7elenk g\u00f6nderimi i\u00e7in S\u00fctun ile g\u00f6z kama\u015ft\u0131r\u0131n. A\u00e7\u0131l\u0131\u015flara \u00f6zel ihti\u015fam!<\/p>\n","protected":false},"featured_media":988848,"comment_status":"open","ping_status":"closed","template":"","meta":[],"product_brand":[],"product_cat":[197,217,150,198,215,216,194,183,174],"product_tag":[],"class_list":["post-988849","product","type-product","status-publish","has-post-thumbnail","product_cat-acilis","product_cat-acilis-davetler-icin-ozel-celenk-ve-cicekler","product_cat-celenk","product_cat-davetler-icin-ozel-celenk-ve-cicekler","product_cat-kurumsal-etkinlik-tasarimlari","product_cat-kurumsal-hediye-cicek-gonderimi","product_cat-tum-cicekler","product_cat-yeni-is","product_cat-yeni-is-tebrik","first","instock","shipping-taxable","purchasable","product-type-simple"],"_links":{"self":[{"href":"https:\/\/profaj.co\/lotuscicekcilik\/wp-json\/wp\/v2\/product\/988849","targetHints":{"allow":["GET"]}}],"collection":[{"href":"https:\/\/profaj.co\/lotuscicekcilik\/wp-json\/wp\/v2\/product"}],"about":[{"href":"https:\/\/profaj.co\/lotuscicekcilik\/wp-json\/wp\/v2\/types\/product"}],"replies":[{"embeddable":true,"href":"https:\/\/profaj.co\/lotuscicekcilik\/wp-json\/wp\/v2\/comments?post=988849"}],"version-history":[{"count":2,"href":"https:\/\/profaj.co\/lotuscicekcilik\/wp-json\/wp\/v2\/product\/988849\/revisions"}],"predecessor-version":[{"id":989448,"href":"https:\/\/profaj.co\/lotuscicekcilik\/wp-json\/wp\/v2\/product\/988849\/revisions\/989448"}],"wp:featuredmedia":[{"embeddable":true,"href":"https:\/\/profaj.co\/lotuscicekcilik\/wp-json\/wp\/v2\/media\/988848"}],"wp:attachment":[{"href":"https:\/\/profaj.co\/lotuscicekcilik\/wp-json\/wp\/v2\/media?parent=988849"}],"wp:term":[{"taxonomy":"product_brand","embeddable":true,"href":"https:\/\/profaj.co\/lotuscicekcilik\/wp-json\/wp\/v2\/product_brand?post=988849"},{"taxonomy":"product_cat","embeddable":true,"href":"https:\/\/profaj.co\/lotuscicekcilik\/wp-json\/wp\/v2\/product_cat?post=988849"},{"taxonomy":"product_tag","embeddable":true,"href":"https:\/\/profaj.co\/lotuscicekcilik\/wp-json\/wp\/v2\/product_tag?post=988849"}],"curies":[{"name":"wp","href":"https:\/\/api.w.org\/{rel}","templated":true}]}}