{"id":33305,"date":"2026-01-06T13:33:27","date_gmt":"2026-01-06T13:33:27","guid":{"rendered":"https:\/\/profaj.co\/luxpoint\/?post_type=estate_property&#038;p=33305"},"modified":"2026-01-06T13:38:37","modified_gmt":"2026-01-06T13:38:37","slug":"azure-seaside-kordonboyunda-tarihi-yali-dairesi","status":"publish","type":"estate_property","link":"https:\/\/profaj.co\/luxpoint\/estate_property\/azure-seaside-kordonboyunda-tarihi-yali-dairesi\/","title":{"rendered":"Azure Seaside: Kordonboyu\u2019nda Tarihi Yal\u0131 Dairesi"},"content":{"rendered":"<p>\u0130zmir\u2019in en ikonik lokasyonu Kordon\u2019da, kapanmaz deniz manzaras\u0131na sahip, i\u00e7i tamamen yenilenmi\u015f yal\u0131 dairesi. Y\u00fcksek tavanlar, geni\u015f balkon ve ak\u0131ll\u0131 ev altyap\u0131s\u0131. \u015eehrin sosyal hayat\u0131n\u0131n tam merkezinde, e\u015fsiz bir prestij ve yat\u0131r\u0131m f\u0131rsat\u0131.<\/p>\n","protected":false},"excerpt":{"rendered":"<p>\u0130zmir\u2019in en ikonik lokasyonu Kordon\u2019da, kapanmaz deniz manzaras\u0131na sahip, i\u00e7i tamamen yenilenmi\u015f yal\u0131 dairesi. Y\u00fcksek tavanlar, geni\u015f balkon ve ak\u0131ll\u0131 ev altyap\u0131s\u0131. \u015eehrin sosyal hayat\u0131n\u0131n tam merkezinde, e\u015fsiz bir prestij ve yat\u0131r\u0131m f\u0131rsat\u0131.<\/p>\n","protected":false},"featured_media":33306,"comment_status":"closed","ping_status":"closed","template":"","property_category":[121,167],"property_action_category":[69],"property_city":[93],"property_area":[],"property_county_state":[],"property_features":[131,63,464],"property_status":[],"class_list":["post-33305","estate_property","type-estate_property","status-publish","has-post-thumbnail","hentry","property_category-projeler","property_category-rezidans","property_action_category-satilik","property_city-izmir","property_features-acik-otopark","property_features-havuz","property_features-klima"],"_links":{"self":[{"href":"https:\/\/profaj.co\/luxpoint\/wp-json\/wp\/v2\/estate_property\/33305","targetHints":{"allow":["GET"]}}],"collection":[{"href":"https:\/\/profaj.co\/luxpoint\/wp-json\/wp\/v2\/estate_property"}],"about":[{"href":"https:\/\/profaj.co\/luxpoint\/wp-json\/wp\/v2\/types\/estate_property"}],"replies":[{"embeddable":true,"href":"https:\/\/profaj.co\/luxpoint\/wp-json\/wp\/v2\/comments?post=33305"}],"wp:featuredmedia":[{"embeddable":true,"href":"https:\/\/profaj.co\/luxpoint\/wp-json\/wp\/v2\/media\/33306"}],"wp:attachment":[{"href":"https:\/\/profaj.co\/luxpoint\/wp-json\/wp\/v2\/media?parent=33305"}],"wp:term":[{"taxonomy":"property_category","embeddable":true,"href":"https:\/\/profaj.co\/luxpoint\/wp-json\/wp\/v2\/property_category?post=33305"},{"taxonomy":"property_action_category","embeddable":true,"href":"https:\/\/profaj.co\/luxpoint\/wp-json\/wp\/v2\/property_action_category?post=33305"},{"taxonomy":"property_city","embeddable":true,"href":"https:\/\/profaj.co\/luxpoint\/wp-json\/wp\/v2\/property_city?post=33305"},{"taxonomy":"property_area","embeddable":true,"href":"https:\/\/profaj.co\/luxpoint\/wp-json\/wp\/v2\/property_area?post=33305"},{"taxonomy":"property_county_state","embeddable":true,"href":"https:\/\/profaj.co\/luxpoint\/wp-json\/wp\/v2\/property_county_state?post=33305"},{"taxonomy":"property_features","embeddable":true,"href":"https:\/\/profaj.co\/luxpoint\/wp-json\/wp\/v2\/property_features?post=33305"},{"taxonomy":"property_status","embeddable":true,"href":"https:\/\/profaj.co\/luxpoint\/wp-json\/wp\/v2\/property_status?post=33305"}],"curies":[{"name":"wp","href":"https:\/\/api.w.org\/{rel}","templated":true}]}}