{"id":43531,"date":"2025-01-06T07:11:34","date_gmt":"2025-01-06T07:11:34","guid":{"rendered":"https:\/\/profaj.co\/mahmutkaskaloglu\/?page_id=43531"},"modified":"2025-01-06T07:12:30","modified_gmt":"2025-01-06T07:12:30","slug":"aydinlatma-metni-internet-sitesi-kullanicisi","status":"publish","type":"page","link":"https:\/\/profaj.co\/mahmutkaskaloglu\/aydinlatma-metni-internet-sitesi-kullanicisi\/","title":{"rendered":"Ayd\u0131nlatma Metni \u2013 \u0130nternet Sitesi Kullan\u0131c\u0131s\u0131"},"content":{"rendered":"\t\t<div data-elementor-type=\"wp-page\" data-elementor-id=\"43531\" class=\"elementor elementor-43531\" data-elementor-post-type=\"page\">\n\t\t\t\t<div class=\"elementor-element elementor-element-c794843 e-con-full e-flex cmsmasters-block-default e-con e-parent\" data-id=\"c794843\" data-element_type=\"container\">\n\t\t\t\t<div class=\"elementor-element elementor-element-7cce171 cmsmasters-block-default cmsmasters-sticky-default elementor-widget elementor-widget-heading\" data-id=\"7cce171\" data-element_type=\"widget\" data-widget_type=\"heading.default\">\n\t\t\t\t<div class=\"elementor-widget-container\">\n\t\t\t\t\t<h2 class=\"elementor-heading-title elementor-size-default\">Ayd\u0131nlatma Metni \u2013 \u0130nternet Sitesi Kullan\u0131c\u0131s\u0131<\/h2>\t\t\t\t<\/div>\n\t\t\t\t<\/div>\n\t\t\t\t<div class=\"elementor-element elementor-element-9524de5 cmsmasters-block-default cmsmasters-sticky-default elementor-widget elementor-widget-spacer\" data-id=\"9524de5\" data-element_type=\"widget\" data-widget_type=\"spacer.default\">\n\t\t\t\t<div class=\"elementor-widget-container\">\n\t\t\t\t\t\t\t<div class=\"elementor-spacer\">\n\t\t\t<div class=\"elementor-spacer-inner\"><\/div>\n\t\t<\/div>\n\t\t\t\t\t\t<\/div>\n\t\t\t\t<\/div>\n\t\t<div class=\"elementor-element elementor-element-74d2573 e-con-full e-flex cmsmasters-block-default e-con e-child\" data-id=\"74d2573\" data-element_type=\"container\">\n\t\t<div class=\"elementor-element elementor-element-7ab6e93 e-con-full e-flex cmsmasters-block-default e-con e-child\" data-id=\"7ab6e93\" data-element_type=\"container\" data-settings=\"{&quot;sticky&quot;:&quot;top&quot;,&quot;sticky_on&quot;:[&quot;widescreen&quot;,&quot;desktop&quot;],&quot;sticky_offset&quot;:0,&quot;sticky_effects_offset&quot;:0,&quot;sticky_anchor_link_offset&quot;:0}\">\n\t\t\t\t<div class=\"elementor-element elementor-element-0672161 cmsmasters-block-default cmsmasters-sticky-default elementor-widget elementor-widget-heading\" data-id=\"0672161\" data-element_type=\"widget\" data-widget_type=\"heading.default\">\n\t\t\t\t<div class=\"elementor-widget-container\">\n\t\t\t\t\t<h5 class=\"elementor-heading-title elementor-size-default\">Men\u00fc<\/h5>\t\t\t\t<\/div>\n\t\t\t\t<\/div>\n\t\t\t\t<div class=\"elementor-element elementor-element-d671ad5 elementor-nav-menu--dropdown-none cmsmasters-block-default cmsmasters-sticky-default elementor-widget elementor-widget-nav-menu\" data-id=\"d671ad5\" data-element_type=\"widget\" data-settings=\"{&quot;layout&quot;:&quot;vertical&quot;,&quot;submenu_icon&quot;:{&quot;value&quot;:&quot;&lt;svg class=\\&quot;e-font-icon-svg e-fas-caret-down\\&quot; viewBox=\\&quot;0 0 320 512\\&quot; xmlns=\\&quot;http:\\\/\\\/www.w3.org\\\/2000\\\/svg\\&quot;&gt;&lt;path d=\\&quot;M31.3 192h257.3c17.8 0 26.7 21.5 14.1 34.1L174.1 354.8c-7.8 7.8-20.5 7.8-28.3 0L17.2 226.1C4.6 213.5 13.5 192 31.3 192z\\&quot;&gt;&lt;\\\/path&gt;&lt;\\\/svg&gt;&quot;,&quot;library&quot;:&quot;fa-solid&quot;}}\" data-widget_type=\"nav-menu.default\">\n\t\t\t\t<div class=\"elementor-widget-container\">\n\t\t\t\t\t\t\t\t<nav aria-label=\"Men\u00fc\" class=\"elementor-nav-menu--main elementor-nav-menu__container elementor-nav-menu--layout-vertical e--pointer-none\">\n\t\t\t\t<ul id=\"menu-1-d671ad5\" class=\"elementor-nav-menu sm-vertical\"><li class=\"menu-item menu-item-type-post_type menu-item-object-page menu-item-43509\"><a href=\"https:\/\/profaj.co\/mahmutkaskaloglu\/kisisel-verilerin-korunmasi-ve-islenmesi-politikasi\/\" class=\"elementor-item\">Ki\u015fisel Verilerin Korunmas\u0131 ve \u0130\u015flenmesi Politikas\u0131<\/a><\/li>\n<li class=\"menu-item menu-item-type-post_type menu-item-object-page menu-item-43764\"><a href=\"https:\/\/profaj.co\/mahmutkaskaloglu\/aydinlatma-metni-internet-sitesi-kullanicisi\/\" class=\"elementor-item\">Ayd\u0131nlatma Metni \u2013 \u0130nternet Sitesi Kullan\u0131c\u0131s\u0131<\/a><\/li>\n<li class=\"menu-item menu-item-type-post_type menu-item-object-page menu-item-43763\"><a href=\"https:\/\/profaj.co\/mahmutkaskaloglu\/aydinlatma-metni-kamera-bilgilendirme-ilgili-kisi\/\" class=\"elementor-item\">Ayd\u0131nlatma Metni \u2013 Kamera Bilgilendirme \u2013 \u0130lgili Ki\u015fi<\/a><\/li>\n<li class=\"menu-item menu-item-type-post_type menu-item-object-page menu-item-43762\"><a href=\"https:\/\/profaj.co\/mahmutkaskaloglu\/aydinlatma-metni-personel\/\" class=\"elementor-item\">Ayd\u0131nlatma Metni \u2013 Personel<\/a><\/li>\n<li class=\"menu-item menu-item-type-post_type menu-item-object-page menu-item-43761\"><a href=\"https:\/\/profaj.co\/mahmutkaskaloglu\/aydinlatma-metni-urun-veya-hizmet-alan-kisi\/\" class=\"elementor-item\">Ayd\u0131nlatma Metni \u2013 \u00dcr\u00fcn veya Hizmet Alan Ki\u015fi<\/a><\/li>\n<li class=\"menu-item menu-item-type-post_type menu-item-object-page menu-item-43760\"><a href=\"https:\/\/profaj.co\/mahmutkaskaloglu\/aydinlatma-metni-veli-vasi-temsilci\/\" class=\"elementor-item\">Ayd\u0131nlatma Metni \u2013 Veli \u2013 Vasi \u2013 Temsilci<\/a><\/li>\n<li class=\"menu-item menu-item-type-post_type menu-item-object-page menu-item-43759\"><a href=\"https:\/\/profaj.co\/mahmutkaskaloglu\/aydinlatma-metni-ziyaretci\/\" class=\"elementor-item\">Ayd\u0131nlatma Metni \u2013 Ziyaret\u00e7i<\/a><\/li>\n<li class=\"menu-item menu-item-type-post_type menu-item-object-page menu-item-43758\"><a href=\"https:\/\/profaj.co\/mahmutkaskaloglu\/aydinlatma-metni-calisan-adayi\/\" class=\"elementor-item\">Ayd\u0131nlatma Metni \u2013 \u00c7al\u0131\u015fan Aday\u0131<\/a><\/li>\n<li class=\"menu-item menu-item-type-post_type menu-item-object-page menu-item-43757\"><a href=\"https:\/\/profaj.co\/mahmutkaskaloglu\/ilgili-kisi-basvuru-ve-yanit-proseduru\/\" class=\"elementor-item\">\u0130lgili Ki\u015fi Ba\u015fvuru ve Yan\u0131t Prosed\u00fcr\u00fc<\/a><\/li>\n<li class=\"menu-item menu-item-type-post_type menu-item-object-page menu-item-43773\"><a href=\"https:\/\/profaj.co\/mahmutkaskaloglu\/cerez-politikasi\/\" class=\"elementor-item\">\u00c7erez Politikas\u0131<\/a><\/li>\n<\/ul>\t\t\t<\/nav>\n\t\t\t\t\t\t<nav class=\"elementor-nav-menu--dropdown elementor-nav-menu__container\" aria-hidden=\"true\">\n\t\t\t\t<ul id=\"menu-2-d671ad5\" class=\"elementor-nav-menu sm-vertical\"><li class=\"menu-item menu-item-type-post_type menu-item-object-page menu-item-43509\"><a href=\"https:\/\/profaj.co\/mahmutkaskaloglu\/kisisel-verilerin-korunmasi-ve-islenmesi-politikasi\/\" class=\"elementor-item\" tabindex=\"-1\">Ki\u015fisel Verilerin Korunmas\u0131 ve \u0130\u015flenmesi Politikas\u0131<\/a><\/li>\n<li class=\"menu-item menu-item-type-post_type menu-item-object-page menu-item-43764\"><a href=\"https:\/\/profaj.co\/mahmutkaskaloglu\/aydinlatma-metni-internet-sitesi-kullanicisi\/\" class=\"elementor-item\" tabindex=\"-1\">Ayd\u0131nlatma Metni \u2013 \u0130nternet Sitesi Kullan\u0131c\u0131s\u0131<\/a><\/li>\n<li class=\"menu-item menu-item-type-post_type menu-item-object-page menu-item-43763\"><a href=\"https:\/\/profaj.co\/mahmutkaskaloglu\/aydinlatma-metni-kamera-bilgilendirme-ilgili-kisi\/\" class=\"elementor-item\" tabindex=\"-1\">Ayd\u0131nlatma Metni \u2013 Kamera Bilgilendirme \u2013 \u0130lgili Ki\u015fi<\/a><\/li>\n<li class=\"menu-item menu-item-type-post_type menu-item-object-page menu-item-43762\"><a href=\"https:\/\/profaj.co\/mahmutkaskaloglu\/aydinlatma-metni-personel\/\" class=\"elementor-item\" tabindex=\"-1\">Ayd\u0131nlatma Metni \u2013 Personel<\/a><\/li>\n<li class=\"menu-item menu-item-type-post_type menu-item-object-page menu-item-43761\"><a href=\"https:\/\/profaj.co\/mahmutkaskaloglu\/aydinlatma-metni-urun-veya-hizmet-alan-kisi\/\" class=\"elementor-item\" tabindex=\"-1\">Ayd\u0131nlatma Metni \u2013 \u00dcr\u00fcn veya Hizmet Alan Ki\u015fi<\/a><\/li>\n<li class=\"menu-item menu-item-type-post_type menu-item-object-page menu-item-43760\"><a href=\"https:\/\/profaj.co\/mahmutkaskaloglu\/aydinlatma-metni-veli-vasi-temsilci\/\" class=\"elementor-item\" tabindex=\"-1\">Ayd\u0131nlatma Metni \u2013 Veli \u2013 Vasi \u2013 Temsilci<\/a><\/li>\n<li class=\"menu-item menu-item-type-post_type menu-item-object-page menu-item-43759\"><a href=\"https:\/\/profaj.co\/mahmutkaskaloglu\/aydinlatma-metni-ziyaretci\/\" class=\"elementor-item\" tabindex=\"-1\">Ayd\u0131nlatma Metni \u2013 Ziyaret\u00e7i<\/a><\/li>\n<li class=\"menu-item menu-item-type-post_type menu-item-object-page menu-item-43758\"><a href=\"https:\/\/profaj.co\/mahmutkaskaloglu\/aydinlatma-metni-calisan-adayi\/\" class=\"elementor-item\" tabindex=\"-1\">Ayd\u0131nlatma Metni \u2013 \u00c7al\u0131\u015fan Aday\u0131<\/a><\/li>\n<li class=\"menu-item menu-item-type-post_type menu-item-object-page menu-item-43757\"><a href=\"https:\/\/profaj.co\/mahmutkaskaloglu\/ilgili-kisi-basvuru-ve-yanit-proseduru\/\" class=\"elementor-item\" tabindex=\"-1\">\u0130lgili Ki\u015fi Ba\u015fvuru ve Yan\u0131t Prosed\u00fcr\u00fc<\/a><\/li>\n<li class=\"menu-item menu-item-type-post_type menu-item-object-page menu-item-43773\"><a href=\"https:\/\/profaj.co\/mahmutkaskaloglu\/cerez-politikasi\/\" class=\"elementor-item\" tabindex=\"-1\">\u00c7erez Politikas\u0131<\/a><\/li>\n<\/ul>\t\t\t<\/nav>\n\t\t\t\t\t\t<\/div>\n\t\t\t\t<\/div>\n\t\t\t\t<\/div>\n\t\t<div class=\"elementor-element elementor-element-0b8df9b e-con-full e-flex cmsmasters-block-default e-con e-child\" data-id=\"0b8df9b\" data-element_type=\"container\">\n\t\t\t\t<div class=\"elementor-element elementor-element-f3dcc45 cmsmasters-block-default cmsmasters-sticky-default elementor-widget elementor-widget-text-editor\" data-id=\"f3dcc45\" data-element_type=\"widget\" data-widget_type=\"text-editor.default\">\n\t\t\t\t<div class=\"elementor-widget-container\">\n\t\t\t\t\t\t\t\t\t<p><b>6698 SAYILI K\u0130\u015e\u0130SEL VER\u0130LER\u0130N KORUNMASI KANUNU KAPSAMINDA\u00a0<\/b><\/p><p><b>KA\u015eKALO\u011eLU G\u00d6Z HASTANES\u0130\u00a0<\/b><\/p><p><b>\u0130NTERNET S\u0130TES\u0130 KULLANICISI AYDINLATMA METN\u0130<\/b><\/p><p><b>Ayd\u0131nlatma Metni Amac\u0131 ve Kapsam\u0131<\/b><\/p><p>LASER M\u0130YOP\u0130 \u00d6ZEL TEDAV\u0130 MERKEZ\u0130 L\u0130M\u0130TED \u015e\u0130RKET\u0130 (\u201c<b>Ka\u015fkalo\u011flu G\u00f6z Hastanesi\u201d)<\/b>\u00a0olarak 6698 say\u0131l\u0131 Ki\u015fisel Verilerin Korunmas\u0131 Kanunu (\u201cKVKK\u201d veya \u201cKanun\u201d olarak an\u0131lacakt\u0131r.)\u00a0kapsam\u0131nda ki\u015fisel verilerinizin korunmas\u0131 i\u00e7in tedbir almaktay\u0131z. Ki\u015fisel Verilerinizi, KVKK ve ilgili yasal mevzuat kapsam\u0131nda ve \u201cveri sorumlusu\u201d s\u0131fat\u0131m\u0131zla a\u015fa\u011f\u0131da a\u00e7\u0131klanan sebeplerle ve y\u00f6ntemlerle i\u015flemekteyiz.<\/p><p>LASER M\u0130YOP\u0130 \u00d6ZEL TEDAV\u0130 MERKEZ\u0130 L\u0130M\u0130TED \u015e\u0130RKET\u0130 Ki\u015fisel Verilerin \u0130\u015flenmesi Hakk\u0131nda Ayd\u0131nlatma Metni, KVKK\u2019n\u0131n 10. Maddesinde yer alan \u201c Veri Sorumlusu\u2019nun Ayd\u0131nlatma Y\u00fck\u00fcml\u00fcl\u00fc\u011f\u00fc \u201cba\u015fl\u0131kl\u0131 maddesi uyar\u0131nca: veri sorumlusunun \u00a0 kimli\u011fi, ki\u015fisel verilerinizin toplanma y\u00f6ntemi ve hukuki sebebi, bu verilerin hangi ama\u00e7la i\u015flenece\u011fi, kimlere ve hangi ama\u00e7la aktar\u0131labilece\u011fi, veri i\u015fleme s\u00fcresi ve KVKK\u2019n\u0131n 11. Maddesinde say\u0131lan haklar\u0131n\u0131z\u0131n neler oldu\u011fu ile ilgilli sizi en \u015feffaf \u015fekilde bilgilendirme amac\u0131yla\u00a0 haz\u0131rlanm\u0131\u015ft\u0131r. Ayd\u0131nlatma metninde \u201cKi\u015fisel Verileriniz\u201d i\u00e7in yap\u0131lan a\u00e7\u0131klamalar, \u201c\u00d6zel Nitelikli Ki\u015fisel Veriler\u201dinizi de kapsamaktad\u0131r.<\/p><p><b>Ki\u015fisel Verilerinizin Toplanma Y\u00f6ntemi ve Hukuki Sebebi<\/b><\/p><p>Ki\u015fisel verileriniz, otomatik ya da otomatik olmayan y\u00f6ntemlerle, firman\u0131n ba\u011fl\u0131 birimleri, internet sitesi, sosyal medya mecralar\u0131, \u00e7a\u011fr\u0131 merkezi, mobil uygulamalar, firma i\u00e7erisinde faaliyetlerin y\u00fcr\u00fct\u00fclebilmesi i\u00e7in kullan\u0131lan yaz\u0131l\u0131mlar, kamera \u00e7ekimi vas\u0131tas\u0131yla ve s\u00f6zl\u00fc, yaz\u0131l\u0131 ya da elektronik olarak toplanabilecektir. Ki\u015fisel verileriniz, Firma ile ili\u015fkiniz devam etti\u011fi m\u00fcddet\u00e7e olu\u015fturularak ve g\u00fcncellenerek i\u015flenebilecek ve hem dijital hem de fiziki ortamda muhafaza alt\u0131nda tutulabilecektir.<\/p><p>Ki\u015fisel verileriniz, \u201c\u0130\u015flenen Ki\u015fisel Verileriniz ve \u0130\u015flenme Ama\u00e7lar\u0131\u201d ba\u015fl\u0131\u011f\u0131nda yer alan ama\u00e7lar do\u011frultusunda ve 6698 say\u0131l\u0131 Kanun\u2019un 5. Maddenin maddesi 1. f\u0131kras\u0131 kapsam\u0131nda a\u00e7\u0131k r\u0131za \u015fart\u0131n\u0131n sa\u011flanmas\u0131 veya 5. maddenin 2.f\u0131kras\u0131 uyar\u0131nca belirtilen;<\/p><ol><li><b>a)<\/b>\u00a0Kanunlarda a\u00e7\u0131k\u00e7a \u00f6ng\u00f6r\u00fclmesi,<\/li><\/ol><p><b>\u00e7)<\/b>\u00a0Veri sorumlusunun hukuki y\u00fck\u00fcml\u00fcl\u00fc\u011f\u00fcn\u00fc yerine getirebilmesi i\u00e7in zorunlu olmas\u0131,<\/p><ol><li><b>e)<\/b>\u00a0Bir hakk\u0131n tesisi, kullan\u0131lmas\u0131 veya korunmas\u0131 i\u00e7in veri i\u015flemenin zorunlu olmas\u0131,<\/li><li><b>f)<\/b>\u00a0\u0130lgili ki\u015finin temel hak ve \u00f6zg\u00fcrl\u00fcklerine zarar vermemek kayd\u0131yla, veri sorumlusunun me\u015fru menfaatleri i\u00e7in veri i\u015flenmesinin zorunlu olmas\u0131,\u00a0<\/li><\/ol><p>ki\u015fisel veri i\u015fleme \u015fartlar\u0131 kapsam\u0131nda i\u015flenmektedir.<\/p><p><b>\u0130\u015flenen Ki\u015fisel Verileriniz<\/b><\/p><p>Ki\u015fisel Verileriniz yasal y\u00fck\u00fcml\u00fcl\u00fckler gere\u011fi veya firma i\u015f ve i\u015flemlerinde daha uygun bir hizmet verebilmek amac\u0131yla g\u00fcvenli bir \u015fekilde Ki\u015fisel Verilerin Korunmas\u0131 Kanunu\u2019na uygun bir \u015fekilde i\u015flenmektedir.<\/p><p>Bu kapsamda ki\u015fisel veri olarak tabloda yer alan veriler toplanmaktad\u0131r;<\/p><p><b>Kimlik:\u00a0<\/b>Ki\u015fi kimli\u011fine dair bilgilerin bulundu\u011fu veri grubudur.\u00a0\u00a0(\u00d6rn. Ad,\u00a0Soyad )<\/p><p>\u00a0<\/p><p><b>\u0130leti\u015fim:\u00a0<\/b>Ki\u015fiye ula\u015fmak i\u00e7in kullan\u0131labilecek veri grubudur.\u00a0\u00a0(\u00d6rn.Telefon Numaras\u0131, E-Posta Adresi,Adres)\u00a0\u00a0<\/p><p>\u00a0<\/p><p><b>\u0130\u015flem G\u00fcvenli\u011fi:\u00a0<\/b>Bu veri kategorisi\u202fIP adresi bilgileri, \u0130nternet sitesi giri\u015f \u00e7\u0131k\u0131\u015f bilgileri, \u015eifre ve parola bilgileri\u00a0gibi veri t\u00fcrlerini ifade etmektedir.\u00a0(\u00d6rn. Log\u00a0Kay\u0131tlar\u0131,\u00a0IP\u00a0Adresleri, \u00c7erezler)\u00a0\u00a0<\/p><p>\u00a0<\/p><p><b>\u0130\u015flenen ki\u015fisel verilerinizin i\u015flenme ama\u00e7lar\u0131<\/b><b>;<\/b>\u00a0<\/p><ul><li aria-level=\"1\">Firma ile ili\u015fkisi olan\u00a0ger\u00e7ek ve\/veya t\u00fczel \u00fc\u00e7\u00fcnc\u00fc ki\u015fi, kurum ve kurulu\u015flar\u0131n (\u00e7al\u0131\u015fanlar, ziyaret\u00e7iler, hastalar, tedarik\u00e7iler, i\u015f ortaklar\u0131 vb.) Firmam\u0131z ve\/veya Firmam\u0131za ba\u011fl\u0131 Merkez ve birimlerinin \u00fcr\u00fcn ve hizmetlerinden yararlanabilmeleri i\u00e7in gerekli \u00e7al\u0131\u015fmalar\u0131n ilgili i\u015f birimlerimiz taraf\u0131ndan yap\u0131labilmesi,<\/li><li aria-level=\"1\">Web sitemiz \u00fczerindeki randevu faaliyetlerinin y\u00fcr\u00fct\u00fclmesi ve sitemiz \u00fczerinden i\u015flem yapan\u0131n kimlik bilgilerinin teyit edilmesi,<\/li><li aria-level=\"1\">Randevu al\u0131nmas\u0131 halinde randevu hakk\u0131nda hastalar\u0131m\u0131z\u0131 haberdar edebilme, bilgi sa\u011flama ve randevu hat\u0131rlatmas\u0131n\u0131n yap\u0131labilmesi,<\/li><li aria-level=\"1\">5651 Say\u0131l\u0131 \u0130nternet Ortam\u0131nda Yap\u0131lan Yay\u0131nlar\u0131n D\u00fczenlenmesi ve Bu Yay\u0131nlar Yoluyla \u0130\u015flenen Su\u00e7larla M\u00fccadele Edilmesi Hakk\u0131nda Kanun, 29399 say\u0131l\u0131 Sa\u011fl\u0131kta Kalitenin Geli\u015ftirilmesi ve De\u011ferlendirilmesine Dair Y\u00f6netmelik, \u00d6zel Hastaneler Y\u00f6netmeli\u011fi ve ilgili t\u00fcm kanunlardan ve ikincil d\u00fczenlemelerden do\u011fan\/do\u011fabilecek yasal ve d\u00fczenleyici gereksinimlerin yerine getirilmesi ve bu kapsamda gerekli tedbirlerin al\u0131nabilmesi,<\/li><li aria-level=\"1\">G\u00f6revli ve yetkili kamu kurum ve kurulu\u015flar\u0131 ile kamu kurumu niteli\u011findeki meslek kurulu\u015flar\u0131nca yap\u0131lacak denetleme ve\/veya d\u00fczenleme g\u00f6revlerinin y\u00fcr\u00fct\u00fclmesi,<\/li><li aria-level=\"1\">Yarg\u0131 organlar\u0131n\u0131n ve\/veya idari makamlar\u0131n istedi\u011fi bilgi ve belge taleplerinin yerine getirilmesi,<\/li><li aria-level=\"1\">Firmam\u0131z ve firmaya ba\u011fl\u0131 t\u00fcm merkez ve birimlerde sunulan \u00fcr\u00fcn ve hizmetlerin kullan\u0131m \u015fekline ili\u015fkin listeleme, raporlama, do\u011frulama analiz \u00e7al\u0131\u015fmas\u0131 yapmak, bu hususta istatistiki ve bilimsel bilgiler \u00fcretmek, buna ba\u011fl\u0131 olarak \u00fcr\u00fcn ve hizmetlerimizi geli\u015ftirmek, \u00fcr\u00fcn ve hizmetlerimize ili\u015fkin memnuniyeti artt\u0131rmak ve bu kapsamda kullan\u0131c\u0131ya ili\u015fkin \u00f6zelle\u015ftirmelerde bulunmak,<\/li><li aria-level=\"1\">\u00dcr\u00fcn ve hizmetlerimize ili\u015fkin, pazar ara\u015ft\u0131rmas\u0131, tan\u0131t\u0131m ve gerekli bilgilendirmeyi yapabilmek, \u015fik\u00e2yet ve \u00f6nerileri de\u011ferlendirebilmek ve Firma ile payla\u015f\u0131lan ileti\u015fim kanallar\u0131 \u00fczerinden do\u011frudan sizinle irtibata ge\u00e7ebilmek,<\/li><li aria-level=\"1\">Risk y\u00f6netimi ve kalite geli\u015ftirme aktivitelerinin yerine getirilmesi,<\/li><li aria-level=\"1\">Veri g\u00fcvenli\u011fi kapsam\u0131nda, sistem ve uygulamalar i\u00e7in gerekli t\u00fcm teknik ve idari tedbirlerin al\u0131nmas\u0131,<\/li><\/ul><p>ama\u00e7lar\u0131yla i\u015flenmektedir.<\/p><p><b>\u0130\u015flenen Ki\u015fisel Verilerinizin Kimlere ve Hangi Ama\u00e7la Aktar\u0131labilece\u011fi<\/b><\/p><p>KVKK ve ilgili sa\u011fl\u0131k mevzuat\u0131 uyar\u0131nca uygun g\u00fcvenlik d\u00fczeyini temin etmeye y\u00f6nelik gerekli her t\u00fcrl\u00fc teknik ve idari tedbirlerin al\u0131nmas\u0131n\u0131 sa\u011flayarak, Ki\u015fisel Verilerinizi yukar\u0131da belirtilen ama\u00e7lar do\u011frultusunda;<\/p><ul><li aria-level=\"1\">\u0130lgili kamu kurum ve kurulu\u015flar\u0131n\u0131n talepleri do\u011frultusunda ve talep ama\u00e7lar\u0131yla s\u0131n\u0131rl\u0131 olarak hukuken yetkili kamu kurum ve kurulu\u015flar\u0131na,<\/li><li aria-level=\"1\">Hizmetlerimizin yerine getirilebilmesi ve s\u00fcreklili\u011finin sa\u011flanabilmesi amac\u0131yla, i\u015f ortaklar\u0131m\u0131za,<\/li><\/ul><ul><li aria-level=\"1\">Faaliyetlerimizi y\u00fcr\u00fctmek \u00fczere s\u00f6zle\u015fmesel olarak hizmet ald\u0131\u011f\u0131m\u0131z ve\/veya hizmet verdi\u011fimiz, i\u015f birli\u011fi yapt\u0131\u011f\u0131m\u0131z kurulu\u015flara<\/li><\/ul><p>KVK Kanunu\u2019nun 8. ve 9. maddelerinde belirtilen ki\u015fisel veri i\u015fleme \u015fartlar\u0131 \u00e7er\u00e7evesinde aktar\u0131labilecektir.<\/p><p><b>Veri \u0130\u015fleme S\u00fcresi ve Muhafaza S\u00fcresi<\/b><\/p><p>Ki\u015fisel verileriniz, i\u015fbu Ayd\u0131nlatma Metninde belirtilen ama\u00e7larla s\u0131n\u0131rl\u0131 olmak \u00fczere; firmam\u0131z ve firmam\u0131za ba\u011fl\u0131 merkez ve birimlerinin tabi oldu\u011fu, ilgili t\u00fcm kanun ve sair yasal mevzuatta yer alan veri i\u015fleme ve zamana\u015f\u0131m\u0131 s\u00fcrelerine riayet edilerek i\u015flenecektir. Kanunlarda veri i\u015fleme s\u00fcrelerine ili\u015fkin de\u011fi\u015fiklik yap\u0131lmas\u0131 halinde, belirlenen yeni s\u00fcreler esas al\u0131nacakt\u0131r.<\/p><p>Ki\u015fisel verileriniz, ama\u00e7la s\u0131n\u0131rl\u0131l\u0131k ilkesinin bir gere\u011fi olarak i\u015fbu Ayd\u0131nlatma Metninde a\u00e7\u0131klanan ama\u00e7lar\u0131n yerine getirilmesi ve her hal\u00fck\u00e2rda firma uygulamalar\u0131 ve ticari ya\u015fam\u0131n\u0131n team\u00fclleri uyar\u0131nca i\u015flenmesini gerektiren s\u00fcre ile s\u0131n\u0131rl\u0131 olarak i\u015flenmekte, s\u00fcrelerin dolmas\u0131 ard\u0131ndan ise silinmekte, yok edilmekte veya anonim hale getirilmektedir.\u00a0<\/p><p><b>\u0130lgili Ki\u015finin Haklar\u0131n\u0131 Kullanmas\u0131:<\/b><\/p><p>\u0130lgili ki\u015fi olarak, Kanunun ilgili ki\u015finin haklar\u0131n\u0131 d\u00fczenleyen 11.maddesi kapsam\u0131ndaki taleplerinizi \u201cVeri Sorumlusuna Ba\u015fvuru Usul ve Esaslar\u0131 Hakk\u0131nda Tebli\u011f\u2019e g\u00f6re\u00a0<i>\u201cMimar Sinan Mahallesi 1400 Sokak No: 10\/Z1 Konak \u0130zmir<\/i><i>\u201d\u00a0<\/i>adresine yaz\u0131l\u0131 olarak veya\u00a0\u00a0<a href=\"mailto:info@kaskaloglu.com\">info@kaskaloglu.com<\/a>\u00a0adresine\u00a0 e-postan\u0131z\u0131n \u015firket sistemlerinde kay\u0131tl\u0131 olmas\u0131 \u015fart\u0131 ile e-posta adresine elektronik ortamdan iletmek suretiyle veya \u015firketimizin\u00a0lasermiyopiozel@hs03.kep.tr kep adresine kay\u0131tl\u0131 elektronik posta ile ba\u015fvurarak say\u0131lan haklar\u0131n\u0131 kullanabilecektir. Bu konuda\u00a0daha kapsaml\u0131 d\u00fczenleme veri gruplar\u0131na ili\u015fkin daha detayl\u0131 bilgiler\u00a0<b>Ka\u015fkalo\u011flu G\u00f6z Hastanesi Ki\u015fisel Veri Ba\u015fvuru ve Yan\u0131t Prosed\u00fcr\u00fc<\/b>\u00a0ve\u00a0<b>Ka\u015fkalo\u011flu G\u00f6z Hastanesi Ki\u015fisel Verilerin Korunmas\u0131 ve \u0130\u015flenmesi Politikas\u0131nda\u00a0<\/b>yap\u0131lm\u0131\u015ft\u0131r. \u0130lgili prosed\u00fcre kurum internet sitemizden veya ilgili personele yapaca\u011f\u0131n\u0131z talep do\u011frultusunda ula\u015fabilirsiniz.<\/p><p><b>Veri Sorumlusu\u00a0<\/b><\/p><p>Unvan:\u00a0LASER M\u0130YOP\u0130 \u00d6ZEL TEDAV\u0130 MERKEZ\u0130 L\u0130M\u0130TED \u015e\u0130RKET\u0130<\/p><p>Adresi:\u00a0M\u0130MAR S\u0130NAN MAHALLES\u0130 1400 SOKAK NO: 10\/Z1 KONAK \u0130ZM\u0130R<\/p>\t\t\t\t\t\t\t\t<\/div>\n\t\t\t\t<\/div>\n\t\t\t\t<\/div>\n\t\t\t\t<\/div>\n\t\t\t\t<\/div>\n\t\t\t\t<\/div>\n\t\t","protected":false},"excerpt":{"rendered":"<p>Men\u00fc 6698 SAYILI K\u0130\u015e\u0130SEL VER\u0130LER\u0130N KORUNMASI KANUNU KAPSAMINDA\u00a0 KA\u015eKALO\u011eLU G\u00d6Z HASTANES\u0130\u00a0 \u0130NTERNET S\u0130TES\u0130 KULLANICISI AYDINLATMA METN\u0130 Ayd\u0131nlatma Metni Amac\u0131 ve Kapsam\u0131 LASER M\u0130YOP\u0130 \u00d6ZEL TEDAV\u0130 MERKEZ\u0130 L\u0130M\u0130TED \u015e\u0130RKET\u0130 (\u201cKa\u015fkalo\u011flu G\u00f6z Hastanesi\u201d)\u00a0olarak 6698 say\u0131l\u0131 Ki\u015fisel Verilerin Korunmas\u0131 Kanunu (\u201cKVKK\u201d veya \u201cKanun\u201d olarak an\u0131lacakt\u0131r.)\u00a0kapsam\u0131nda ki\u015fisel verilerinizin korunmas\u0131 i\u00e7in tedbir almaktay\u0131z. Ki\u015fisel Verilerinizi, KVKK ve ilgili yasal mevzuat&#8230;<\/p>\n","protected":false},"author":1,"featured_media":0,"parent":0,"menu_order":0,"comment_status":"closed","ping_status":"closed","template":"","meta":{"_acf_changed":false,"footnotes":""},"class_list":["post-43531","page","type-page","status-publish","hentry"],"acf":[],"_links":{"self":[{"href":"https:\/\/profaj.co\/mahmutkaskaloglu\/wp-json\/wp\/v2\/pages\/43531","targetHints":{"allow":["GET"]}}],"collection":[{"href":"https:\/\/profaj.co\/mahmutkaskaloglu\/wp-json\/wp\/v2\/pages"}],"about":[{"href":"https:\/\/profaj.co\/mahmutkaskaloglu\/wp-json\/wp\/v2\/types\/page"}],"author":[{"embeddable":true,"href":"https:\/\/profaj.co\/mahmutkaskaloglu\/wp-json\/wp\/v2\/users\/1"}],"replies":[{"embeddable":true,"href":"https:\/\/profaj.co\/mahmutkaskaloglu\/wp-json\/wp\/v2\/comments?post=43531"}],"version-history":[{"count":4,"href":"https:\/\/profaj.co\/mahmutkaskaloglu\/wp-json\/wp\/v2\/pages\/43531\/revisions"}],"predecessor-version":[{"id":43535,"href":"https:\/\/profaj.co\/mahmutkaskaloglu\/wp-json\/wp\/v2\/pages\/43531\/revisions\/43535"}],"wp:attachment":[{"href":"https:\/\/profaj.co\/mahmutkaskaloglu\/wp-json\/wp\/v2\/media?parent=43531"}],"curies":[{"name":"wp","href":"https:\/\/api.w.org\/{rel}","templated":true}]}}