{"id":43561,"date":"2025-01-06T07:18:43","date_gmt":"2025-01-06T07:18:43","guid":{"rendered":"https:\/\/profaj.co\/mahmutkaskaloglu\/?page_id=43561"},"modified":"2025-01-06T07:21:24","modified_gmt":"2025-01-06T07:21:24","slug":"aydinlatma-metni-calisan-adayi","status":"publish","type":"page","link":"https:\/\/profaj.co\/mahmutkaskaloglu\/aydinlatma-metni-calisan-adayi\/","title":{"rendered":"Ayd\u0131nlatma Metni \u2013 \u00c7al\u0131\u015fan Aday\u0131"},"content":{"rendered":"\t\t<div data-elementor-type=\"wp-page\" data-elementor-id=\"43561\" class=\"elementor elementor-43561\" data-elementor-post-type=\"page\">\n\t\t\t\t<div class=\"elementor-element elementor-element-bef05ee e-con-full e-flex cmsmasters-block-default e-con e-parent\" data-id=\"bef05ee\" data-element_type=\"container\">\n\t\t\t\t<div class=\"elementor-element elementor-element-da1d398 cmsmasters-block-default cmsmasters-sticky-default elementor-widget elementor-widget-heading\" data-id=\"da1d398\" data-element_type=\"widget\" data-widget_type=\"heading.default\">\n\t\t\t\t<div class=\"elementor-widget-container\">\n\t\t\t\t\t<h2 class=\"elementor-heading-title elementor-size-default\">Ayd\u0131nlatma Metni \u2013 \u00c7al\u0131\u015fan Aday\u0131<\/h2>\t\t\t\t<\/div>\n\t\t\t\t<\/div>\n\t\t\t\t<div class=\"elementor-element elementor-element-157c96e cmsmasters-block-default cmsmasters-sticky-default elementor-widget elementor-widget-spacer\" data-id=\"157c96e\" data-element_type=\"widget\" data-widget_type=\"spacer.default\">\n\t\t\t\t<div class=\"elementor-widget-container\">\n\t\t\t\t\t\t\t<div class=\"elementor-spacer\">\n\t\t\t<div class=\"elementor-spacer-inner\"><\/div>\n\t\t<\/div>\n\t\t\t\t\t\t<\/div>\n\t\t\t\t<\/div>\n\t\t<div class=\"elementor-element elementor-element-e06c185 e-con-full e-flex cmsmasters-block-default e-con e-child\" data-id=\"e06c185\" data-element_type=\"container\">\n\t\t<div class=\"elementor-element elementor-element-7f76671 e-con-full e-flex cmsmasters-block-default e-con e-child\" data-id=\"7f76671\" data-element_type=\"container\" data-settings=\"{&quot;sticky&quot;:&quot;top&quot;,&quot;sticky_on&quot;:[&quot;widescreen&quot;,&quot;desktop&quot;],&quot;sticky_offset&quot;:0,&quot;sticky_effects_offset&quot;:0,&quot;sticky_anchor_link_offset&quot;:0}\">\n\t\t\t\t<div class=\"elementor-element elementor-element-4d0a49a cmsmasters-block-default cmsmasters-sticky-default elementor-widget elementor-widget-heading\" data-id=\"4d0a49a\" data-element_type=\"widget\" data-widget_type=\"heading.default\">\n\t\t\t\t<div class=\"elementor-widget-container\">\n\t\t\t\t\t<h5 class=\"elementor-heading-title elementor-size-default\">Men\u00fc<\/h5>\t\t\t\t<\/div>\n\t\t\t\t<\/div>\n\t\t\t\t<div class=\"elementor-element elementor-element-e2a6b3a elementor-nav-menu--dropdown-none cmsmasters-block-default cmsmasters-sticky-default elementor-widget elementor-widget-nav-menu\" data-id=\"e2a6b3a\" data-element_type=\"widget\" data-settings=\"{&quot;layout&quot;:&quot;vertical&quot;,&quot;submenu_icon&quot;:{&quot;value&quot;:&quot;&lt;svg class=\\&quot;e-font-icon-svg e-fas-caret-down\\&quot; viewBox=\\&quot;0 0 320 512\\&quot; xmlns=\\&quot;http:\\\/\\\/www.w3.org\\\/2000\\\/svg\\&quot;&gt;&lt;path d=\\&quot;M31.3 192h257.3c17.8 0 26.7 21.5 14.1 34.1L174.1 354.8c-7.8 7.8-20.5 7.8-28.3 0L17.2 226.1C4.6 213.5 13.5 192 31.3 192z\\&quot;&gt;&lt;\\\/path&gt;&lt;\\\/svg&gt;&quot;,&quot;library&quot;:&quot;fa-solid&quot;}}\" data-widget_type=\"nav-menu.default\">\n\t\t\t\t<div class=\"elementor-widget-container\">\n\t\t\t\t\t\t\t\t<nav aria-label=\"Men\u00fc\" class=\"elementor-nav-menu--main elementor-nav-menu__container elementor-nav-menu--layout-vertical e--pointer-none\">\n\t\t\t\t<ul id=\"menu-1-e2a6b3a\" class=\"elementor-nav-menu sm-vertical\"><li class=\"menu-item menu-item-type-post_type menu-item-object-page menu-item-43509\"><a href=\"https:\/\/profaj.co\/mahmutkaskaloglu\/kisisel-verilerin-korunmasi-ve-islenmesi-politikasi\/\" class=\"elementor-item\">Ki\u015fisel Verilerin Korunmas\u0131 ve \u0130\u015flenmesi Politikas\u0131<\/a><\/li>\n<li class=\"menu-item menu-item-type-post_type menu-item-object-page menu-item-43764\"><a href=\"https:\/\/profaj.co\/mahmutkaskaloglu\/aydinlatma-metni-internet-sitesi-kullanicisi\/\" class=\"elementor-item\">Ayd\u0131nlatma Metni \u2013 \u0130nternet Sitesi Kullan\u0131c\u0131s\u0131<\/a><\/li>\n<li class=\"menu-item menu-item-type-post_type menu-item-object-page menu-item-43763\"><a href=\"https:\/\/profaj.co\/mahmutkaskaloglu\/aydinlatma-metni-kamera-bilgilendirme-ilgili-kisi\/\" class=\"elementor-item\">Ayd\u0131nlatma Metni \u2013 Kamera Bilgilendirme \u2013 \u0130lgili Ki\u015fi<\/a><\/li>\n<li class=\"menu-item menu-item-type-post_type menu-item-object-page menu-item-43762\"><a href=\"https:\/\/profaj.co\/mahmutkaskaloglu\/aydinlatma-metni-personel\/\" class=\"elementor-item\">Ayd\u0131nlatma Metni \u2013 Personel<\/a><\/li>\n<li class=\"menu-item menu-item-type-post_type menu-item-object-page menu-item-43761\"><a href=\"https:\/\/profaj.co\/mahmutkaskaloglu\/aydinlatma-metni-urun-veya-hizmet-alan-kisi\/\" class=\"elementor-item\">Ayd\u0131nlatma Metni \u2013 \u00dcr\u00fcn veya Hizmet Alan Ki\u015fi<\/a><\/li>\n<li class=\"menu-item menu-item-type-post_type menu-item-object-page menu-item-43760\"><a href=\"https:\/\/profaj.co\/mahmutkaskaloglu\/aydinlatma-metni-veli-vasi-temsilci\/\" class=\"elementor-item\">Ayd\u0131nlatma Metni \u2013 Veli \u2013 Vasi \u2013 Temsilci<\/a><\/li>\n<li class=\"menu-item menu-item-type-post_type menu-item-object-page menu-item-43759\"><a href=\"https:\/\/profaj.co\/mahmutkaskaloglu\/aydinlatma-metni-ziyaretci\/\" class=\"elementor-item\">Ayd\u0131nlatma Metni \u2013 Ziyaret\u00e7i<\/a><\/li>\n<li class=\"menu-item menu-item-type-post_type menu-item-object-page menu-item-43758\"><a href=\"https:\/\/profaj.co\/mahmutkaskaloglu\/aydinlatma-metni-calisan-adayi\/\" class=\"elementor-item\">Ayd\u0131nlatma Metni \u2013 \u00c7al\u0131\u015fan Aday\u0131<\/a><\/li>\n<li class=\"menu-item menu-item-type-post_type menu-item-object-page menu-item-43757\"><a href=\"https:\/\/profaj.co\/mahmutkaskaloglu\/ilgili-kisi-basvuru-ve-yanit-proseduru\/\" class=\"elementor-item\">\u0130lgili Ki\u015fi Ba\u015fvuru ve Yan\u0131t Prosed\u00fcr\u00fc<\/a><\/li>\n<li class=\"menu-item menu-item-type-post_type menu-item-object-page menu-item-43773\"><a href=\"https:\/\/profaj.co\/mahmutkaskaloglu\/cerez-politikasi\/\" class=\"elementor-item\">\u00c7erez Politikas\u0131<\/a><\/li>\n<\/ul>\t\t\t<\/nav>\n\t\t\t\t\t\t<nav class=\"elementor-nav-menu--dropdown elementor-nav-menu__container\" aria-hidden=\"true\">\n\t\t\t\t<ul id=\"menu-2-e2a6b3a\" class=\"elementor-nav-menu sm-vertical\"><li class=\"menu-item menu-item-type-post_type menu-item-object-page menu-item-43509\"><a href=\"https:\/\/profaj.co\/mahmutkaskaloglu\/kisisel-verilerin-korunmasi-ve-islenmesi-politikasi\/\" class=\"elementor-item\" tabindex=\"-1\">Ki\u015fisel Verilerin Korunmas\u0131 ve \u0130\u015flenmesi Politikas\u0131<\/a><\/li>\n<li class=\"menu-item menu-item-type-post_type menu-item-object-page menu-item-43764\"><a href=\"https:\/\/profaj.co\/mahmutkaskaloglu\/aydinlatma-metni-internet-sitesi-kullanicisi\/\" class=\"elementor-item\" tabindex=\"-1\">Ayd\u0131nlatma Metni \u2013 \u0130nternet Sitesi Kullan\u0131c\u0131s\u0131<\/a><\/li>\n<li class=\"menu-item menu-item-type-post_type menu-item-object-page menu-item-43763\"><a href=\"https:\/\/profaj.co\/mahmutkaskaloglu\/aydinlatma-metni-kamera-bilgilendirme-ilgili-kisi\/\" class=\"elementor-item\" tabindex=\"-1\">Ayd\u0131nlatma Metni \u2013 Kamera Bilgilendirme \u2013 \u0130lgili Ki\u015fi<\/a><\/li>\n<li class=\"menu-item menu-item-type-post_type menu-item-object-page menu-item-43762\"><a href=\"https:\/\/profaj.co\/mahmutkaskaloglu\/aydinlatma-metni-personel\/\" class=\"elementor-item\" tabindex=\"-1\">Ayd\u0131nlatma Metni \u2013 Personel<\/a><\/li>\n<li class=\"menu-item menu-item-type-post_type menu-item-object-page menu-item-43761\"><a href=\"https:\/\/profaj.co\/mahmutkaskaloglu\/aydinlatma-metni-urun-veya-hizmet-alan-kisi\/\" class=\"elementor-item\" tabindex=\"-1\">Ayd\u0131nlatma Metni \u2013 \u00dcr\u00fcn veya Hizmet Alan Ki\u015fi<\/a><\/li>\n<li class=\"menu-item menu-item-type-post_type menu-item-object-page menu-item-43760\"><a href=\"https:\/\/profaj.co\/mahmutkaskaloglu\/aydinlatma-metni-veli-vasi-temsilci\/\" class=\"elementor-item\" tabindex=\"-1\">Ayd\u0131nlatma Metni \u2013 Veli \u2013 Vasi \u2013 Temsilci<\/a><\/li>\n<li class=\"menu-item menu-item-type-post_type menu-item-object-page menu-item-43759\"><a href=\"https:\/\/profaj.co\/mahmutkaskaloglu\/aydinlatma-metni-ziyaretci\/\" class=\"elementor-item\" tabindex=\"-1\">Ayd\u0131nlatma Metni \u2013 Ziyaret\u00e7i<\/a><\/li>\n<li class=\"menu-item menu-item-type-post_type menu-item-object-page menu-item-43758\"><a href=\"https:\/\/profaj.co\/mahmutkaskaloglu\/aydinlatma-metni-calisan-adayi\/\" class=\"elementor-item\" tabindex=\"-1\">Ayd\u0131nlatma Metni \u2013 \u00c7al\u0131\u015fan Aday\u0131<\/a><\/li>\n<li class=\"menu-item menu-item-type-post_type menu-item-object-page menu-item-43757\"><a href=\"https:\/\/profaj.co\/mahmutkaskaloglu\/ilgili-kisi-basvuru-ve-yanit-proseduru\/\" class=\"elementor-item\" tabindex=\"-1\">\u0130lgili Ki\u015fi Ba\u015fvuru ve Yan\u0131t Prosed\u00fcr\u00fc<\/a><\/li>\n<li class=\"menu-item menu-item-type-post_type menu-item-object-page menu-item-43773\"><a href=\"https:\/\/profaj.co\/mahmutkaskaloglu\/cerez-politikasi\/\" class=\"elementor-item\" tabindex=\"-1\">\u00c7erez Politikas\u0131<\/a><\/li>\n<\/ul>\t\t\t<\/nav>\n\t\t\t\t\t\t<\/div>\n\t\t\t\t<\/div>\n\t\t\t\t<\/div>\n\t\t<div class=\"elementor-element elementor-element-ad4ffc0 e-con-full e-flex cmsmasters-block-default e-con e-child\" data-id=\"ad4ffc0\" data-element_type=\"container\">\n\t\t\t\t<div class=\"elementor-element elementor-element-29a4dcc cmsmasters-block-default cmsmasters-sticky-default elementor-widget elementor-widget-text-editor\" data-id=\"29a4dcc\" data-element_type=\"widget\" data-widget_type=\"text-editor.default\">\n\t\t\t\t<div class=\"elementor-widget-container\">\n\t\t\t\t\t\t\t\t\t<p><b>6698 SAYILI K\u0130\u015e\u0130SEL VER\u0130LER\u0130N KORUNMASI KANUNU KAPSAMINDA\u00a0<\/b><b>KA\u015eKALO\u011eLU G\u00d6Z HASTANES\u0130\u00a0<\/b><b>\u00c7ALI\u015eAN ADAYI AYDINLATMA METN\u0130<\/b><\/p><p><b>Ayd\u0131nlatma Metni Amac\u0131 ve Kapsam\u0131<\/b><\/p><p>LASER M\u0130YOP\u0130 \u00d6ZEL TEDAV\u0130 MERKEZ\u0130 L\u0130M\u0130TED \u015e\u0130RKET\u0130 (\u201c<b>Ka\u015fkalo\u011flu G\u00f6z Hastanesi\u201d)<\/b>\u00a0olarak 6698 say\u0131l\u0131 Ki\u015fisel Verilerin Korunmas\u0131 Kanunu (\u201cKVKK\u201d veya \u201cKanun\u201d)\u00a0kapsam\u0131nda ki\u015fisel verilerinizin korunmas\u0131 i\u00e7in tedbir almaktay\u0131z. Ki\u015fisel Verilerinizi, KVKK ve ilgili yasal mevzuat kapsam\u0131nda ve \u201cveri sorumlusu\u201d s\u0131fat\u0131m\u0131zla a\u015fa\u011f\u0131da a\u00e7\u0131klanan sebeplerle ve y\u00f6ntemlerle i\u015flemekteyiz.<\/p><p>LASER M\u0130YOP\u0130 \u00d6ZEL TEDAV\u0130 MERKEZ\u0130 L\u0130M\u0130TED \u015e\u0130RKET\u0130 Ki\u015fisel Verilerin \u0130\u015flenmesi Hakk\u0131nda Ayd\u0131nlatma Metni, KVKK\u2019n\u0131n 10. Maddesinde yer alan \u201c Veri Sorumlusu\u2019nun Ayd\u0131nlatma Y\u00fck\u00fcml\u00fcl\u00fc\u011f\u00fc \u201cba\u015fl\u0131kl\u0131 maddesi uyar\u0131nca: veri sorumlusunun \u00a0 kimli\u011fi, ki\u015fisel verilerinizin toplanma y\u00f6ntemi ve hukuki sebebi, bu verilerin hangi ama\u00e7la i\u015flenece\u011fi, kimlere ve hangi ama\u00e7la aktar\u0131labilece\u011fi, veri i\u015fleme s\u00fcresi ve KVKK\u2019n\u0131n 11. Maddesinde say\u0131lan haklar\u0131n\u0131z\u0131n neler oldu\u011fu ile ilgilli sizi en \u015feffaf \u015fekilde bilgilendirme amac\u0131yla\u00a0 haz\u0131rlanm\u0131\u015ft\u0131r. Ayd\u0131nlatma metninde \u201cKi\u015fisel Verileriniz\u201d i\u00e7in yap\u0131lan a\u00e7\u0131klamalar, \u201c\u00d6zel Nitelikli Ki\u015fisel Veriler\u201dinizi de kapsamaktad\u0131r.<\/p><p><b>Ki\u015fisel Verilerinizin Toplanma Y\u00f6ntemi ve Hukuki Sebebi<\/b><\/p><p>Ki\u015fisel verileriniz, otomatik ya da otomatik olmayan y\u00f6ntemlerle, firman\u0131n ba\u011fl\u0131 birimleri, internet sitesi, sosyal medya mecralar\u0131, \u00e7a\u011fr\u0131 merkezi, mobil uygulamalar, firma i\u00e7erisinde faaliyetlerin y\u00fcr\u00fct\u00fclebilmesi i\u00e7in kullan\u0131lan yaz\u0131l\u0131mlar, kamera \u00e7ekimi vas\u0131tas\u0131yla ve s\u00f6zl\u00fc, yaz\u0131l\u0131 ya da elektronik olarak toplanabilecektir. Ki\u015fisel verileriniz, Firma ile ili\u015fkiniz devam etti\u011fi m\u00fcddet\u00e7e olu\u015fturularak ve g\u00fcncellenerek i\u015flenebilecek ve hem dijital hem de fiziki ortamda muhafaza alt\u0131nda tutulabilecektir.<\/p><p>Ki\u015fisel verileriniz, \u201c\u0130\u015flenen Ki\u015fisel Verileriniz ve \u0130\u015flenme Ama\u00e7lar\u0131\u201d ba\u015fl\u0131\u011f\u0131nda yer alan ama\u00e7lar do\u011frultusunda ve 6698 say\u0131l\u0131 Kanun\u2019un 5. Maddenin maddesi 1. f\u0131kras\u0131 kapsam\u0131nda a\u00e7\u0131k r\u0131za \u015fart\u0131n\u0131n sa\u011flanmas\u0131 veya 5. maddenin 2.f\u0131kras\u0131 uyar\u0131nca belirtilen;<\/p><p><b>c)<\/b>Bir s\u00f6zle\u015fmenin kurulmas\u0131 veya ifas\u0131yla do\u011frudan do\u011fruya ilgili olmas\u0131 kayd\u0131yla, s\u00f6zle\u015fmenin taraflar\u0131na ait ki\u015fisel verilerin i\u015flenmesinin gerekli olmas\u0131.<\/p><ol><li><b>e)<\/b>\u00a0Bir hakk\u0131n tesisi, kullan\u0131lmas\u0131 veya korunmas\u0131 i\u00e7in veri i\u015flemenin zorunlu olmas\u0131,<\/li><li><b>f)<\/b>\u00a0\u0130lgili ki\u015finin temel hak ve \u00f6zg\u00fcrl\u00fcklerine zarar vermemek kayd\u0131yla, veri sorumlusunun me\u015fru menfaatleri i\u00e7in veri i\u015flenmesinin zorunlu olmas\u0131,\u00a0<\/li><\/ol><p>ki\u015fisel veri i\u015fleme \u015fartlar\u0131 kapsam\u0131nda i\u015flenmektedir.<\/p><p><b>\u0130\u015flenen Ki\u015fisel Verileriniz<\/b><\/p><p>Ki\u015fisel Verileriniz yasal y\u00fck\u00fcml\u00fcl\u00fckler gere\u011fi veya firma i\u015f ve i\u015flemlerinde daha uygun bir hizmet verebilmek amac\u0131yla g\u00fcvenli bir \u015fekilde Ki\u015fisel Verilerin Korunmas\u0131 Kanunu\u2019na uygun bir \u015fekilde i\u015flenmektedir.<\/p><p>Bu kapsamda ki\u015fisel veri olarak tabloda yer alan veriler toplanmaktad\u0131r;<\/p><p><b>Kimlik:\u00a0<\/b>Ki\u015fi kimli\u011fine dair bilgilerin bulundu\u011fu veri grubudur.\u00a0\u00a0(\u00d6rn. Ad,\u00a0Soyad, Do\u011fum Tarihi \/\u00a0Do\u011fum Yeri, TC\u00a0Kimlik Numaras\u0131, Cinsiyet, SGK\u00a0Sicil No, Uyruk, Medeni Hali, \u0130mza)<\/p><p><b>\u0130leti\u015fim:\u00a0<\/b>Ki\u015fiye ula\u015fmak i\u00e7in kullan\u0131labilecek veri grubudur.\u00a0\u00a0(\u00d6rn. Telefon numaras\u0131, Yerle\u015fim Yeri Adresi, E-posta Adresi)\u00a0\u00a0<\/p><p><b>Mesleki Deneyim:\u00a0<\/b>Ki\u015finin mesle\u011fine ait bilgilerin bulundu\u011fu veri grubudur.\u00a0\u00a0(\u00d6rn. Kurs \u2013\u00a0Sertifikasyon Bilgisi, Meslek \u0130\u00e7i E\u011fitim Bilgisi,\u00a0Diploma Bilgisi, Yabanc\u0131 Dil Bilgisi, Mesleki Unvan, E\u011fitim Durumu )\u00a0<\/p><p><b>G\u00f6rsel\u00a0ve\u00a0\u0130\u015fitsel Kay\u0131tlar:\u00a0<\/b>Ki\u015fiye ait g\u00f6rsel ve i\u015fitsel verilerin bulundu\u011fu veri grubudur.\u00a0\u00a0(\u00d6rn.Foto\u011fraf\u00a0)\u00a0\u00a0<\/p><p><b>\u0130\u015flem G\u00fcvenli\u011fi:\u00a0<\/b>Bu veri kategorisi\u202fIP adresi bilgileri, \u0130nternet sitesi giri\u015f \u00e7\u0131k\u0131\u015f bilgileri, \u015eifre ve parola bilgileri\u00a0gibi veri t\u00fcrlerini ifade etmektedir.\u00a0(\u00d6rn.G\u00fcvenlik Anahtarlar\u0131, Log\u00a0Kay\u0131tlar\u0131)<\/p><p><b>Fiziksel\u00a0Mek\u00e2n\u00a0G\u00fcvenli\u011fi:\u00a0<\/b>Bu veri kategorisi\u202f giri\u015f \u00e7\u0131k\u0131\u015f kay\u0131t bilgileri, kamera kay\u0131tlar\u0131\u202fgibi veri t\u00fcrlerini ifade etmektedir.\u00a0(\u00d6rn.Kamera G\u00f6r\u00fcnt\u00fc Kay\u0131tlar\u0131)<\/p><p>\u00a0<\/p><p><b>Toplanan ki\u015fisel verilerinizin i\u015flenme ama\u00e7lar\u0131<\/b>\u00a0<\/p><ul><li aria-level=\"1\">Firmam\u0131z b\u00fcnyesinde \u00e7al\u0131\u015fmak isteyen \u00e7al\u0131\u015fan adaylar\u0131n\u0131n i\u015fe al\u0131m ve ba\u015fvuru s\u00fcre\u00e7lerinin y\u00fcr\u00fct\u00fclmesi ve i\u015fe al\u0131m s\u00fcrecinde edinilen bilgilere g\u00f6re i\u015f birimlerine yerle\u015ftirilebilmesi,<\/li><li aria-level=\"1\">Faaliyetlerin mevzuata uygun y\u00fcr\u00fct\u00fclmesi,<\/li><\/ul><ul><li aria-level=\"1\">\u0130nsan Kaynaklar\u0131 s\u00fcre\u00e7 ve politikalar\u0131n\u0131n y\u00fcr\u00fct\u00fclmesi,\u00a0<\/li><\/ul><ul><li aria-level=\"1\">Kariyer geli\u015ftirme aktivitelerinin yerine getirilmesi<\/li><li aria-level=\"1\">\u0130nsan Kaynaklar\u0131 s\u00fcre\u00e7lerinde bize gelen ba\u015fvurular\u0131n i\u015f s\u00fcre\u00e7lerine uygun \u015fekilde etkin bir \u015fekilde de\u011ferlendirilebilmesi,<\/li><li aria-level=\"1\">G\u00f6revli ve yetkili kamu kurum ve kurulu\u015flar\u0131nca yap\u0131lacak denetleme ve\/veya d\u00fczenleme g\u00f6revlerinin y\u00fcr\u00fct\u00fclmesi,<\/li><li aria-level=\"1\">Veri g\u00fcvenli\u011fi kapsam\u0131nda, sistem ve uygulamalar i\u00e7in gerekli t\u00fcm teknik ve idari tedbirlerin al\u0131nmas\u0131,\u00a0<\/li><\/ul><p>ama\u00e7lar\u0131yla i\u015flenecektir.\u00a0<\/p><p>\u00a0<\/p><p><b>\u0130\u015flenen Ki\u015fisel Verilerinizin Kimlere ve Hangi Ama\u00e7la Aktar\u0131labilece\u011fi<\/b>\u00a0<\/p><p>KVKK ve ilgili sa\u011fl\u0131k mevzuat\u0131 uyar\u0131nca uygun g\u00fcvenlik d\u00fczeyini temin etmeye y\u00f6nelik gerekli her t\u00fcrl\u00fc teknik ve idari tedbirlerin al\u0131nmas\u0131n\u0131 sa\u011flayarak, Ki\u015fisel Verilerinizi yukar\u0131da belirtilen ama\u00e7lar do\u011frultusunda;<\/p><ul><li aria-level=\"1\">\u0130lgili kamu kurum ve kurulu\u015flar\u0131n\u0131n talepleri do\u011frultusunda ve talep ama\u00e7lar\u0131yla s\u0131n\u0131rl\u0131 olarak hukuken yetkili kamu kurum ve kurulu\u015flar\u0131na,<\/li><li aria-level=\"1\">Hizmetlerimizin yerine getirilebilmesi g\u00f6revlendirme ve i\u015fe al\u0131m de\u011ferlendirme s\u00fcreci ve s\u00fcreklili\u011finin sa\u011flanabilmesi amac\u0131yla i\u015f ortaklar\u0131m\u0131za,<\/li><\/ul><p>KVK Kanunu\u2019nun 8.ve9. Maddesinde belirtilen ki\u015fisel veri i\u015fleme \u015fartlar\u0131 \u00e7er\u00e7evesinde aktar\u0131labilecektir.<\/p><p>\u00a0<\/p><p><b>Veri \u0130\u015fleme S\u00fcresi ve Muhafaza S\u00fcresi<\/b><\/p><p>Ki\u015fisel verileriniz, i\u015fbu Ayd\u0131nlatma Metninde belirtilen ama\u00e7larla s\u0131n\u0131rl\u0131 olmak \u00fczere; 6 ay s\u00fcre ile firmam\u0131z\u0131n tabi oldu\u011fu ilgili politikalar ve yasal mevzuatta belirtilen s\u00fcreler boyunca saklanacakt\u0131r.\u00a0<\/p><p>Ki\u015fisel verileriniz, ama\u00e7la s\u0131n\u0131rl\u0131l\u0131k ilkesinin bir gere\u011fi olarak i\u015fbu Ayd\u0131nlatma Metninde a\u00e7\u0131klanan ama\u00e7lar\u0131n yerine getirilmesi ve her hal\u00fck\u00e2rda Firma uygulamalar\u0131 ve ticari ya\u015fam\u0131n\u0131n team\u00fclleri uyar\u0131nca i\u015flenmesini gerektiren s\u00fcre ile s\u0131n\u0131rl\u0131 olarak i\u015flenmekte, s\u00fcrelerin dolmas\u0131 ard\u0131ndan ise silinmekte, yok edilmekte veya anonim hale getirilmektedir.\u00a0<\/p><p><b>\u0130lgili Ki\u015finin Haklar\u0131n\u0131 Kullanmas\u0131:<\/b><\/p><p>\u0130lgili ki\u015fi olarak, Kanunun ilgili ki\u015finin haklar\u0131n\u0131 d\u00fczenleyen 11.maddesi kapsam\u0131ndaki taleplerinizi \u201cVeri Sorumlusuna Ba\u015fvuru Usul ve Esaslar\u0131 Hakk\u0131nda Tebli\u011f\u2019e g\u00f6re\u00a0<i>\u201cMimar Sinan Mahallesi 1400 Sokak No: 10\/Z1 Konak \u0130zmir<\/i><i>\u201d\u00a0<\/i>adresine yaz\u0131l\u0131 olarak veya\u00a0\u00a0<a href=\"mailto:info@kaskaloglu.com\">info@kaskaloglu.com<\/a>\u00a0adresine\u00a0 e-postan\u0131z\u0131n \u015firket sistemlerinde kay\u0131tl\u0131 olmas\u0131 \u015fart\u0131 ile e-posta adresine elektronik ortamdan iletmek suretiyle veya \u015firketimizin\u00a0lasermiyopiozel@hs03.kep.tr kep adresine kay\u0131tl\u0131 elektronik posta ile ba\u015fvurarak say\u0131lan haklar\u0131n\u0131 kullanabilecektir. Bu konuda\u00a0daha kapsaml\u0131 d\u00fczenleme veri gruplar\u0131na ili\u015fkin daha detayl\u0131 bilgiler\u00a0<b>Ka\u015fkalo\u011flu G\u00f6z Hastanesi Ki\u015fisel Veri Ba\u015fvuru ve Yan\u0131t Prosed\u00fcr\u00fc<\/b>\u00a0ve\u00a0<b>Ka\u015fkalo\u011flu G\u00f6z Hastanesi Ki\u015fisel Verilerin Korunmas\u0131 ve \u0130\u015flenmesi Politikas\u0131nda\u00a0<\/b>yap\u0131lm\u0131\u015ft\u0131r. \u0130lgili prosed\u00fcre kurum internet sitemizden veya ilgili personele yapaca\u011f\u0131n\u0131z talep do\u011frultusunda ula\u015fabilirsiniz.<\/p><p><b>Veri Sorumlusu\u00a0<\/b><\/p><p>Unvan:\u00a0LASER M\u0130YOP\u0130 \u00d6ZEL TEDAV\u0130 MERKEZ\u0130 L\u0130M\u0130TED \u015e\u0130RKET\u0130<\/p><p>Adresi :\u00a0M\u0130MAR S\u0130NAN MAHALLES\u0130 1400 SOKAK NO: 10\/Z1 KONAK \u0130ZM\u0130R<\/p><p><br \/><br \/><\/p>\t\t\t\t\t\t\t\t<\/div>\n\t\t\t\t<\/div>\n\t\t\t\t<\/div>\n\t\t\t\t<\/div>\n\t\t\t\t<\/div>\n\t\t\t\t<\/div>\n\t\t","protected":false},"excerpt":{"rendered":"<p>Men\u00fc 6698 SAYILI K\u0130\u015e\u0130SEL VER\u0130LER\u0130N KORUNMASI KANUNU KAPSAMINDA\u00a0KA\u015eKALO\u011eLU G\u00d6Z HASTANES\u0130\u00a0\u00c7ALI\u015eAN ADAYI AYDINLATMA METN\u0130 Ayd\u0131nlatma Metni Amac\u0131 ve Kapsam\u0131 LASER M\u0130YOP\u0130 \u00d6ZEL TEDAV\u0130 MERKEZ\u0130 L\u0130M\u0130TED \u015e\u0130RKET\u0130 (\u201cKa\u015fkalo\u011flu G\u00f6z Hastanesi\u201d)\u00a0olarak 6698 say\u0131l\u0131 Ki\u015fisel Verilerin Korunmas\u0131 Kanunu (\u201cKVKK\u201d veya \u201cKanun\u201d)\u00a0kapsam\u0131nda ki\u015fisel verilerinizin korunmas\u0131 i\u00e7in tedbir almaktay\u0131z. Ki\u015fisel Verilerinizi, KVKK ve ilgili yasal mevzuat kapsam\u0131nda ve \u201cveri sorumlusu\u201d s\u0131fat\u0131m\u0131zla&#8230;<\/p>\n","protected":false},"author":1,"featured_media":0,"parent":0,"menu_order":0,"comment_status":"closed","ping_status":"closed","template":"","meta":{"_acf_changed":false,"footnotes":""},"class_list":["post-43561","page","type-page","status-publish","hentry"],"acf":[],"_links":{"self":[{"href":"https:\/\/profaj.co\/mahmutkaskaloglu\/wp-json\/wp\/v2\/pages\/43561","targetHints":{"allow":["GET"]}}],"collection":[{"href":"https:\/\/profaj.co\/mahmutkaskaloglu\/wp-json\/wp\/v2\/pages"}],"about":[{"href":"https:\/\/profaj.co\/mahmutkaskaloglu\/wp-json\/wp\/v2\/types\/page"}],"author":[{"embeddable":true,"href":"https:\/\/profaj.co\/mahmutkaskaloglu\/wp-json\/wp\/v2\/users\/1"}],"replies":[{"embeddable":true,"href":"https:\/\/profaj.co\/mahmutkaskaloglu\/wp-json\/wp\/v2\/comments?post=43561"}],"version-history":[{"count":4,"href":"https:\/\/profaj.co\/mahmutkaskaloglu\/wp-json\/wp\/v2\/pages\/43561\/revisions"}],"predecessor-version":[{"id":43565,"href":"https:\/\/profaj.co\/mahmutkaskaloglu\/wp-json\/wp\/v2\/pages\/43561\/revisions\/43565"}],"wp:attachment":[{"href":"https:\/\/profaj.co\/mahmutkaskaloglu\/wp-json\/wp\/v2\/media?parent=43561"}],"curies":[{"name":"wp","href":"https:\/\/api.w.org\/{rel}","templated":true}]}}