{"id":380,"date":"2025-06-11T08:24:40","date_gmt":"2025-06-11T08:24:40","guid":{"rendered":"https:\/\/profaj.co\/mare\/?page_id=380"},"modified":"2025-07-01T12:37:51","modified_gmt":"2025-07-01T12:37:51","slug":"cesme","status":"publish","type":"page","link":"https:\/\/profaj.co\/mare\/cesme\/","title":{"rendered":"\u00c7e\u015fme"},"content":{"rendered":"\t\t<div data-elementor-type=\"wp-page\" data-elementor-id=\"380\" class=\"elementor elementor-380\" data-elementor-post-type=\"page\">\n\t\t\t\t<div class=\"elementor-element elementor-element-249f58c e-flex e-con-boxed e-con e-parent\" data-id=\"249f58c\" data-element_type=\"container\">\n\t\t\t\t\t<div class=\"e-con-inner\">\n\t\t<div class=\"elementor-element elementor-element-e93bd9b e-con-full e-flex e-con e-child\" data-id=\"e93bd9b\" data-element_type=\"container\">\n\t\t\t\t<div class=\"elementor-element elementor-element-edf6d44 elementor-widget elementor-widget-heading\" data-id=\"edf6d44\" data-element_type=\"widget\" data-widget_type=\"heading.default\">\n\t\t\t\t<div class=\"elementor-widget-container\">\n\t\t\t\t\t<h2 class=\"elementor-heading-title elementor-size-default\">EGE'N\u0130N G\u00d6ZDES\u0130 \u00c7E\u015eME\u2019DE MAV\u0130N\u0130N KUSURSUZ AHENG\u0130<\/h2>\t\t\t\t<\/div>\n\t\t\t\t<\/div>\n\t\t\t\t<div class=\"elementor-element elementor-element-4bfbe89 elementor-widget elementor-widget-text-editor\" data-id=\"4bfbe89\" data-element_type=\"widget\" data-widget_type=\"text-editor.default\">\n\t\t\t\t<div class=\"elementor-widget-container\">\n\t\t\t\t\t\t\t\t\t<p data-start=\"68\" data-end=\"610\">Ege Denizi&#8217;nin k\u0131y\u0131s\u0131nda, do\u011fan\u0131n t\u00fcm ihti\u015fam\u0131n\u0131 g\u00f6zler \u00f6n\u00fcne seren \u00c7e\u015fme, maviyle ye\u015filin i\u00e7 i\u00e7e ge\u00e7ti\u011fi bir cennet. Her k\u00f6\u015fesi tarih kokan bu e\u015fsiz yar\u0131mada, antik \u00e7a\u011flardan bug\u00fcne kadar ta\u015f\u0131d\u0131\u011f\u0131 miras\u0131yla, y\u0131llard\u0131r ziyaret\u00e7ilerini b\u00fcy\u00fclemeye devam ediyor. Kumun alt\u0131n rengi, denizin sonsuz mavisi ve r\u00fczgar\u0131n getirdi\u011fi huzur dolu esintiler \u00c7e\u015fme&#8217;de ge\u00e7irilen her an\u0131 unutulmaz k\u0131l\u0131yor. Ege&#8217;nin bu m\u00fccevherinde, her ad\u0131mda ge\u00e7mi\u015fin izlerini ta\u015f\u0131yan ta\u015f evler, dar sokaklar ve tarihi kal\u0131nt\u0131lar, sizi zaman\u0131n i\u00e7inde bir yolculu\u011fa \u00e7\u0131kar\u0131yor.<\/p><p data-start=\"612\" data-end=\"885\">Ala\u00e7at\u0131&#8217;n\u0131n r\u00fczgar\u0131yla \u00fcnl\u00fc sokaklar\u0131ndan Il\u0131d\u0131r\u2019\u0131n sakin koylar\u0131na kadar, \u00c7e\u015fme&#8217;nin her k\u00f6\u015fesi farkl\u0131 bir g\u00fczelli\u011fi bar\u0131nd\u0131r\u0131r. Mavi bayrakl\u0131 plajlar\u0131, zengin mutfa\u011f\u0131 ve hareketli gece hayat\u0131 buray\u0131 sadece bir tatil de\u011fil, ayn\u0131 zamanda bir ya\u015fam deneyimi haline getiriyor.<\/p>\t\t\t\t\t\t\t\t<\/div>\n\t\t\t\t<\/div>\n\t\t\t\t<\/div>\n\t\t<div class=\"elementor-element elementor-element-ed14f49 e-con-full e-flex e-con e-child\" data-id=\"ed14f49\" data-element_type=\"container\">\n\t\t\t\t<div class=\"elementor-element elementor-element-e93dfc9 elementor-skin-carousel elementor-widget elementor-widget-media-carousel\" data-id=\"e93dfc9\" data-element_type=\"widget\" data-settings=\"{&quot;effect&quot;:&quot;fade&quot;,&quot;autoplay_speed&quot;:3000,&quot;lazyload&quot;:&quot;yes&quot;,&quot;skin&quot;:&quot;carousel&quot;,&quot;speed&quot;:500,&quot;autoplay&quot;:&quot;yes&quot;,&quot;loop&quot;:&quot;yes&quot;,&quot;pause_on_hover&quot;:&quot;yes&quot;,&quot;pause_on_interaction&quot;:&quot;yes&quot;,&quot;space_between&quot;:{&quot;unit&quot;:&quot;px&quot;,&quot;size&quot;:10,&quot;sizes&quot;:[]},&quot;space_between_tablet&quot;:{&quot;unit&quot;:&quot;px&quot;,&quot;size&quot;:10,&quot;sizes&quot;:[]},&quot;space_between_mobile&quot;:{&quot;unit&quot;:&quot;px&quot;,&quot;size&quot;:10,&quot;sizes&quot;:[]}}\" data-widget_type=\"media-carousel.default\">\n\t\t\t\t<div class=\"elementor-widget-container\">\n\t\t\t\t\t\t\t\t\t<div class=\"elementor-swiper\">\n\t\t\t\t\t<div class=\"elementor-main-swiper swiper\" role=\"region\" aria-roledescription=\"carousel\" aria-label=\"Slides\">\n\t\t\t\t<div class=\"swiper-wrapper\">\n\t\t\t\t\t\t\t\t\t\t\t<div class=\"swiper-slide\" role=\"group\" aria-roledescription=\"slide\">\n\t\t\t\t\t\t\t\t\t<div class=\"elementor-carousel-image swiper-lazy\" role=\"img\" aria-label=\"cesme-2\" data-background=\"https:\/\/profaj.co\/mare\/wp-content\/uploads\/2025\/05\/cesme-2.jpg\">\n\n\t\t\t\t\t\t\t<div class=\"swiper-lazy-preloader\"><\/div>\n\t\t\t\n\t\t\t\t\t<\/div>\n\t\t\t\t\t\t\t\t<\/div>\n\t\t\t\t\t\t\t\t\t\t\t<div class=\"swiper-slide\" role=\"group\" aria-roledescription=\"slide\">\n\t\t\t\t\t\t\t\t\t<div class=\"elementor-carousel-image swiper-lazy\" role=\"img\" aria-label=\"cesme-1\" data-background=\"https:\/\/profaj.co\/mare\/wp-content\/uploads\/2025\/05\/cesme-1.jpg\">\n\n\t\t\t\t\t\t\t<div class=\"swiper-lazy-preloader\"><\/div>\n\t\t\t\n\t\t\t\t\t<\/div>\n\t\t\t\t\t\t\t\t<\/div>\n\t\t\t\t\t\t\t\t\t\t\t<div class=\"swiper-slide\" role=\"group\" aria-roledescription=\"slide\">\n\t\t\t\t\t\t\t\t\t<div class=\"elementor-carousel-image swiper-lazy\" role=\"img\" aria-label=\"cesme-3\" data-background=\"https:\/\/profaj.co\/mare\/wp-content\/uploads\/2025\/05\/cesme-3.jpg\">\n\n\t\t\t\t\t\t\t<div class=\"swiper-lazy-preloader\"><\/div>\n\t\t\t\n\t\t\t\t\t<\/div>\n\t\t\t\t\t\t\t\t<\/div>\n\t\t\t\t\t\t\t\t\t<\/div>\n\t\t\t\t\t\t\t\t\t\t\t\t\t\t\t\t\t\t\t\t\t<\/div>\n\t\t\t\t<\/div>\n\t\t\t\t\t\t\t\t<\/div>\n\t\t\t\t<\/div>\n\t\t\t\t<\/div>\n\t\t\t\t\t<\/div>\n\t\t\t\t<\/div>\n\t\t<div class=\"elementor-element elementor-element-762f94e e-flex e-con-boxed e-con e-parent\" data-id=\"762f94e\" data-element_type=\"container\">\n\t\t\t\t\t<div class=\"e-con-inner\">\n\t\t<div class=\"elementor-element elementor-element-c04d45f e-con-full e-flex e-con e-child\" data-id=\"c04d45f\" data-element_type=\"container\">\n\t\t\t\t<div class=\"elementor-element elementor-element-cd0a89a elementor-widget elementor-widget-image\" data-id=\"cd0a89a\" data-element_type=\"widget\" data-widget_type=\"image.default\">\n\t\t\t\t<div class=\"elementor-widget-container\">\n\t\t\t\t\t\t\t\t\t\t\t\t\t\t\t<img fetchpriority=\"high\" decoding=\"async\" width=\"750\" height=\"500\" src=\"https:\/\/profaj.co\/mare\/wp-content\/uploads\/2025\/06\/cesme1.webp\" class=\"attachment-full size-full wp-image-334\" alt=\"\" srcset=\"https:\/\/profaj.co\/mare\/wp-content\/uploads\/2025\/06\/cesme1.webp 750w, https:\/\/profaj.co\/mare\/wp-content\/uploads\/2025\/06\/cesme1-300x200.webp 300w\" sizes=\"(max-width: 750px) 100vw, 750px\" \/>\t\t\t\t\t\t\t\t\t\t\t\t\t\t\t<\/div>\n\t\t\t\t<\/div>\n\t\t\t\t<\/div>\n\t\t<div class=\"elementor-element elementor-element-20d1203 e-con-full e-flex e-con e-child\" data-id=\"20d1203\" data-element_type=\"container\">\n\t\t\t\t<div class=\"elementor-element elementor-element-c8e1025 elementor-widget elementor-widget-heading\" data-id=\"c8e1025\" data-element_type=\"widget\" data-widget_type=\"heading.default\">\n\t\t\t\t<div class=\"elementor-widget-container\">\n\t\t\t\t\t<h2 class=\"elementor-heading-title elementor-size-default\">\u00c7e\u015fme: Ege'nin I\u015f\u0131lt\u0131l\u0131 Y\u00fcz\u00fc<\/h2>\t\t\t\t<\/div>\n\t\t\t\t<\/div>\n\t\t\t\t<div class=\"elementor-element elementor-element-ceb88c8 elementor-widget elementor-widget-text-editor\" data-id=\"ceb88c8\" data-element_type=\"widget\" data-widget_type=\"text-editor.default\">\n\t\t\t\t<div class=\"elementor-widget-container\">\n\t\t\t\t\t\t\t\t\t<p data-start=\"68\" data-end=\"610\">Ege\u2019nin serin sular\u0131yla \u00e7evrili, g\u00fcne\u015fin en parlak tonlar\u0131yla ayd\u0131nlanan \u00c7e\u015fme, her mevsim hayat dolu bir atmosfer sunar. Zeytin a\u011fa\u00e7lar\u0131n\u0131n g\u00f6lgesinde dinlenirken, begonvillerle s\u00fcslenmi\u015f ta\u015f evlerin aras\u0131nda y\u00fcr\u00fcmek, ge\u00e7mi\u015fin ve bug\u00fcn\u00fcn b\u00fcy\u00fcl\u00fc birle\u015fimine tan\u0131k olman\u0131z\u0131 sa\u011flar. \u00c7e\u015fme Kalesi\u2019nden uzanan manzara, tarihin sessiz anlat\u0131c\u0131s\u0131d\u0131r; r\u00fczgar\u0131n hafif dokunu\u015fu ise ruhunuza huzur getirir.<br data-start=\"592\" data-end=\"595\" \/>Burada, her g\u00fcn Ege\u2019nin yeni bir rengiyle tan\u0131\u015f\u0131rs\u0131n\u0131z; bazen serin bir sabah meltemi, bazen de ak\u015fam\u00fcst\u00fc turuncu g\u00fcne\u015fiyle&#8230;<\/p>\t\t\t\t\t\t\t\t<\/div>\n\t\t\t\t<\/div>\n\t\t\t\t<\/div>\n\t\t\t\t\t<\/div>\n\t\t\t\t<\/div>\n\t\t<div class=\"elementor-element elementor-element-c548975 e-flex e-con-boxed e-con e-parent\" data-id=\"c548975\" data-element_type=\"container\">\n\t\t\t\t\t<div class=\"e-con-inner\">\n\t\t<div class=\"elementor-element elementor-element-2f4af19 e-con-full e-flex e-con e-child\" data-id=\"2f4af19\" data-element_type=\"container\">\n\t\t\t\t<div class=\"elementor-element elementor-element-a47b271 elementor-widget elementor-widget-heading\" data-id=\"a47b271\" data-element_type=\"widget\" data-widget_type=\"heading.default\">\n\t\t\t\t<div class=\"elementor-widget-container\">\n\t\t\t\t\t<h2 class=\"elementor-heading-title elementor-size-default\">\u00c7e\u015fme\u2019de Ya\u015fam: Deniz, Huzur<\/h2>\t\t\t\t<\/div>\n\t\t\t\t<\/div>\n\t\t\t\t<div class=\"elementor-element elementor-element-9a09a42 elementor-widget elementor-widget-text-editor\" data-id=\"9a09a42\" data-element_type=\"widget\" data-widget_type=\"text-editor.default\">\n\t\t\t\t<div class=\"elementor-widget-container\">\n\t\t\t\t\t\t\t\t\t<p data-start=\"777\" data-end=\"1254\">\u00c7e\u015fme\u2019nin masmavi koylar\u0131nda y\u00fczmek, alt\u0131n sar\u0131s\u0131 kumsallarda ayak izleri b\u0131rakmak, g\u00fcn\u00fcn tela\u015f\u0131n\u0131 unutturur. K\u0131vr\u0131ml\u0131 sokaklar\u0131nda kaybolurken, yerel lezzetlerin tad\u0131na bakmak ve taze deniz \u00fcr\u00fcnlerinin keyfini s\u00fcrmek, bu co\u011frafyada ya\u015fam\u0131n ne kadar \u00f6zel oldu\u011funu hat\u0131rlat\u0131r.<br data-start=\"1052\" data-end=\"1055\" \/>Renkli gece hayat\u0131 ve \u015f\u0131k kafeleriyle \u00c7e\u015fme, hem sakinli\u011fi hem de e\u011flenceyi bir arada sunar. Burada zaman, Ege\u2019nin ritmine uyar; aceleye gerek yoktur, \u00e7\u00fcnk\u00fc her an tad\u0131n\u0131 \u00e7\u0131karmak i\u00e7in bir f\u0131rsatt\u0131r.<\/p>\t\t\t\t\t\t\t\t<\/div>\n\t\t\t\t<\/div>\n\t\t\t\t<\/div>\n\t\t<div class=\"elementor-element elementor-element-e3799d0 e-con-full e-flex e-con e-child\" data-id=\"e3799d0\" data-element_type=\"container\">\n\t\t\t\t<div class=\"elementor-element elementor-element-052d604 elementor-widget elementor-widget-image\" data-id=\"052d604\" data-element_type=\"widget\" data-widget_type=\"image.default\">\n\t\t\t\t<div class=\"elementor-widget-container\">\n\t\t\t\t\t\t\t\t\t\t\t\t\t\t\t<img decoding=\"async\" width=\"750\" height=\"500\" src=\"https:\/\/profaj.co\/mare\/wp-content\/uploads\/2025\/06\/cesme2.webp\" class=\"attachment-large size-large wp-image-335\" alt=\"\" srcset=\"https:\/\/profaj.co\/mare\/wp-content\/uploads\/2025\/06\/cesme2.webp 750w, https:\/\/profaj.co\/mare\/wp-content\/uploads\/2025\/06\/cesme2-300x200.webp 300w\" sizes=\"(max-width: 750px) 100vw, 750px\" \/>\t\t\t\t\t\t\t\t\t\t\t\t\t\t\t<\/div>\n\t\t\t\t<\/div>\n\t\t\t\t<\/div>\n\t\t\t\t\t<\/div>\n\t\t\t\t<\/div>\n\t\t\t\t<\/div>\n\t\t","protected":false},"excerpt":{"rendered":"<p>EGE&#8217;N\u0130N G\u00d6ZDES\u0130 \u00c7E\u015eME\u2019DE MAV\u0130N\u0130N KUSURSUZ AHENG\u0130 Ege Denizi&#8217;nin k\u0131y\u0131s\u0131nda, do\u011fan\u0131n t\u00fcm ihti\u015fam\u0131n\u0131 g\u00f6zler \u00f6n\u00fcne seren \u00c7e\u015fme, maviyle ye\u015filin i\u00e7 i\u00e7e ge\u00e7ti\u011fi bir cennet. Her k\u00f6\u015fesi tarih kokan bu e\u015fsiz yar\u0131mada, antik \u00e7a\u011flardan bug\u00fcne kadar ta\u015f\u0131d\u0131\u011f\u0131 miras\u0131yla, y\u0131llard\u0131r ziyaret\u00e7ilerini b\u00fcy\u00fclemeye devam ediyor. Kumun alt\u0131n rengi, denizin sonsuz mavisi ve r\u00fczgar\u0131n getirdi\u011fi huzur dolu esintiler \u00c7e\u015fme&#8217;de ge\u00e7irilen [&hellip;]<\/p>\n","protected":false},"author":1,"featured_media":0,"parent":0,"menu_order":0,"comment_status":"closed","ping_status":"closed","template":"","meta":{"footnotes":""},"class_list":["post-380","page","type-page","status-publish","hentry"],"_links":{"self":[{"href":"https:\/\/profaj.co\/mare\/wp-json\/wp\/v2\/pages\/380","targetHints":{"allow":["GET"]}}],"collection":[{"href":"https:\/\/profaj.co\/mare\/wp-json\/wp\/v2\/pages"}],"about":[{"href":"https:\/\/profaj.co\/mare\/wp-json\/wp\/v2\/types\/page"}],"author":[{"embeddable":true,"href":"https:\/\/profaj.co\/mare\/wp-json\/wp\/v2\/users\/1"}],"replies":[{"embeddable":true,"href":"https:\/\/profaj.co\/mare\/wp-json\/wp\/v2\/comments?post=380"}],"version-history":[{"count":13,"href":"https:\/\/profaj.co\/mare\/wp-json\/wp\/v2\/pages\/380\/revisions"}],"predecessor-version":[{"id":598,"href":"https:\/\/profaj.co\/mare\/wp-json\/wp\/v2\/pages\/380\/revisions\/598"}],"wp:attachment":[{"href":"https:\/\/profaj.co\/mare\/wp-json\/wp\/v2\/media?parent=380"}],"curies":[{"name":"wp","href":"https:\/\/api.w.org\/{rel}","templated":true}]}}