{"id":335,"date":"2025-03-07T08:43:40","date_gmt":"2025-03-07T08:43:40","guid":{"rendered":"https:\/\/profaj.co\/parkyasamcinarkoy\/?page_id=335"},"modified":"2025-03-07T08:48:51","modified_gmt":"2025-03-07T08:48:51","slug":"kvkk","status":"publish","type":"page","link":"https:\/\/profaj.co\/parkyasamcinarkoy\/kvkk\/","title":{"rendered":"Kvkk"},"content":{"rendered":"\t\t<div data-elementor-type=\"wp-page\" data-elementor-id=\"335\" class=\"elementor elementor-335\" data-elementor-post-type=\"page\">\n\t\t\t\t<div class=\"elementor-element elementor-element-2597bb4 e-flex e-con-boxed e-con e-parent\" data-id=\"2597bb4\" data-element_type=\"container\">\n\t\t\t\t\t<div class=\"e-con-inner\">\n\t\t\t\t<div class=\"elementor-element elementor-element-486bb21 elementor-widget elementor-widget-heading\" data-id=\"486bb21\" data-element_type=\"widget\" data-widget_type=\"heading.default\">\n\t\t\t\t<div class=\"elementor-widget-container\">\n\t\t\t\t\t<h2 class=\"elementor-heading-title elementor-size-default\">K\u0130\u015e\u0130SEL VER\u0130LER\u0130N KORUNMASI HAKKINDA AYDINLATMA METN\u0130\n\n<\/h2>\t\t\t\t<\/div>\n\t\t\t\t<\/div>\n\t\t\t\t<div class=\"elementor-element elementor-element-2c41c1f elementor-widget elementor-widget-text-editor\" data-id=\"2c41c1f\" data-element_type=\"widget\" data-widget_type=\"text-editor.default\">\n\t\t\t\t<div class=\"elementor-widget-container\">\n\t\t\t\t\t\t\t\t\t<p data-start=\"61\" data-end=\"90\"><strong data-start=\"61\" data-end=\"88\">Say\u0131n Ziyaret\u00e7ilerimiz,<\/strong><\/p><p data-start=\"92\" data-end=\"433\">Park Ya\u015fam \u00c7\u0131nark\u00f6y olarak, m\u00fc\u015fterilerimizin ve ziyaret\u00e7ilerimizin ki\u015fisel verilerini korumak i\u00e7in gerekli t\u00fcm \u00f6nlemleri al\u0131yoruz. Ki\u015fisel verilerinizin i\u015flenmesine ili\u015fkin olarak, 6698 say\u0131l\u0131 Ki\u015fisel Verilerin Korunmas\u0131 Kanunu (\u201cKVKK\u201d) kapsam\u0131nda y\u00fck\u00fcml\u00fcl\u00fcklerimizi yerine getirmek amac\u0131yla bu bilgilendirme metnini sizlerle payla\u015f\u0131yoruz.<\/p><h5 data-start=\"435\" data-end=\"474\"><strong data-start=\"439\" data-end=\"472\">Ki\u015fisel Veri \u0130\u015fleme Ama\u00e7lar\u0131:<\/strong><\/h5><p data-start=\"475\" data-end=\"532\">Ki\u015fisel verileriniz, a\u015fa\u011f\u0131daki ama\u00e7larla i\u015flenmektedir:<\/p><ul data-start=\"533\" data-end=\"768\"><li data-start=\"533\" data-end=\"582\">Hizmetlerimizin sa\u011flanmas\u0131 ve geli\u015ftirilmesi,<\/li><li data-start=\"583\" data-end=\"639\">Talep ve \u015fikayetlerinizi de\u011ferlendirme ve yan\u0131tlama,<\/li><li data-start=\"640\" data-end=\"702\">Kampanya, duyuru ve bilgilendirme ama\u00e7l\u0131 ileti\u015fim sa\u011flama,<\/li><li data-start=\"703\" data-end=\"768\">\u0130statistiksel analizler ve pazarlama faaliyetlerini planlama.<\/li><\/ul><h5 data-start=\"770\" data-end=\"806\"><strong data-start=\"774\" data-end=\"804\">Ki\u015fisel Veri Kategorileri:<\/strong><\/h5><p data-start=\"807\" data-end=\"903\">Ki\u015fisel verileriniz, ad\u0131n\u0131z, soyad\u0131n\u0131z, ileti\u015fim bilgileriniz gibi temel bilgileri i\u00e7erebilir.<\/p><h5 data-start=\"905\" data-end=\"943\"><strong data-start=\"909\" data-end=\"941\">Ki\u015fisel Veri Saklama S\u00fcresi:<\/strong><\/h5><p data-start=\"944\" data-end=\"1054\">Ki\u015fisel verileriniz, yasal d\u00fczenlemeler ve i\u015fleme ama\u00e7lar\u0131 do\u011frultusunda gerekli s\u00fcre boyunca saklanacakt\u0131r.<\/p><h5 data-start=\"1056\" data-end=\"1089\"><strong data-start=\"1060\" data-end=\"1087\">Ki\u015fisel Veri Payla\u015f\u0131m\u0131:<\/strong><\/h5><p data-start=\"1090\" data-end=\"1245\">Ki\u015fisel verileriniz, y\u00fcr\u00fcrl\u00fckteki mevzuata uygun olarak i\u015f ortaklar\u0131m\u0131z, hizmet sa\u011flay\u0131c\u0131lar\u0131m\u0131z veya yetkilendirilmi\u015f kamu kurumlar\u0131 ile payla\u015f\u0131labilir.<\/p><h5 data-start=\"1247\" data-end=\"1280\"><strong data-start=\"1251\" data-end=\"1278\">Ki\u015fisel Veri G\u00fcvenli\u011fi:<\/strong><\/h5><p data-start=\"1281\" data-end=\"1411\">Ki\u015fisel verileriniz, yetkisiz eri\u015fim, kay\u0131p veya k\u00f6t\u00fcye kullan\u0131m gibi risklere kar\u015f\u0131 uygun g\u00fcvenlik \u00f6nlemleri ile korunmaktad\u0131r.<\/p><h5 data-start=\"1413\" data-end=\"1452\"><strong data-start=\"1417\" data-end=\"1450\">KVKK Kapsam\u0131ndaki Haklar\u0131n\u0131z:<\/strong><\/h5><p data-start=\"1453\" data-end=\"1537\">KVKK kapsam\u0131nda, ki\u015fisel verilerinizle ilgili olarak a\u015fa\u011f\u0131daki haklara sahipsiniz:<\/p><ul data-start=\"1538\" data-end=\"1820\"><li data-start=\"1538\" data-end=\"1576\">Ki\u015fisel verilerinize eri\u015fim hakk\u0131,<\/li><li data-start=\"1577\" data-end=\"1635\">Ki\u015fisel verilerinizin d\u00fczeltilmesini talep etme hakk\u0131,<\/li><li data-start=\"1636\" data-end=\"1705\">Ki\u015fisel verilerinizin silinmesi veya yok edilmesini isteme hakk\u0131,<\/li><li data-start=\"1706\" data-end=\"1762\">Ki\u015fisel verilerinizin i\u015flenmesine itiraz etme hakk\u0131,<\/li><li data-start=\"1763\" data-end=\"1820\">Ki\u015fisel verilerinizin aktar\u0131lmas\u0131n\u0131 talep etme hakk\u0131.<\/li><\/ul><p data-start=\"1822\" data-end=\"1932\">Bu haklar\u0131n\u0131z\u0131 kullanmak i\u00e7in a\u015fa\u011f\u0131daki ileti\u015fim bilgilerimiz arac\u0131l\u0131\u011f\u0131yla bizimle ileti\u015fime ge\u00e7ebilirsiniz.<\/p><h5 data-start=\"1934\" data-end=\"1963\"><strong data-start=\"1938\" data-end=\"1961\">\u0130leti\u015fim Bilgileri:<\/strong><\/h5><p data-start=\"1964\" data-end=\"2072\"><strong data-start=\"1964\" data-end=\"1974\">Adres:<\/strong> Park Ya\u015fam \u00c7\u0131nark\u00f6y<br data-start=\"1990\" data-end=\"1993\" \/><strong data-start=\"1993\" data-end=\"2005\">E-posta:<\/strong> info@parkyasamcinarkoy.com<br data-start=\"2029\" data-end=\"2032\" \/><strong data-start=\"2032\" data-end=\"2044\">Telefon:<\/strong> 444 3 645<\/p><p data-start=\"2171\" data-end=\"2276\"><strong data-start=\"2171\" data-end=\"2274\">Park Ya\u015fam \u00c7\u0131nark\u00f6y olarak ki\u015fisel verilerinizi korumaya ve gizlili\u011finizi sa\u011flamaya devam edece\u011fiz.<\/strong><\/p>\t\t\t\t\t\t\t\t<\/div>\n\t\t\t\t<\/div>\n\t\t\t\t\t<\/div>\n\t\t\t\t<\/div>\n\t\t\t\t<\/div>\n\t\t","protected":false},"excerpt":{"rendered":"<p>K\u0130\u015e\u0130SEL VER\u0130LER\u0130N KORUNMASI HAKKINDA AYDINLATMA METN\u0130 Say\u0131n Ziyaret\u00e7ilerimiz, Park Ya\u015fam \u00c7\u0131nark\u00f6y olarak, m\u00fc\u015fterilerimizin ve ziyaret\u00e7ilerimizin ki\u015fisel verilerini korumak i\u00e7in gerekli t\u00fcm \u00f6nlemleri al\u0131yoruz. Ki\u015fisel verilerinizin i\u015flenmesine ili\u015fkin olarak, 6698 say\u0131l\u0131 Ki\u015fisel Verilerin Korunmas\u0131 Kanunu (\u201cKVKK\u201d) kapsam\u0131nda y\u00fck\u00fcml\u00fcl\u00fcklerimizi yerine getirmek amac\u0131yla bu bilgilendirme metnini sizlerle payla\u015f\u0131yoruz. Ki\u015fisel Veri \u0130\u015fleme Ama\u00e7lar\u0131: Ki\u015fisel verileriniz, a\u015fa\u011f\u0131daki ama\u00e7larla i\u015flenmektedir: Hizmetlerimizin [&hellip;]<\/p>\n","protected":false},"author":1,"featured_media":0,"parent":0,"menu_order":0,"comment_status":"closed","ping_status":"closed","template":"","meta":{"footnotes":""},"class_list":["post-335","page","type-page","status-publish","hentry"],"_links":{"self":[{"href":"https:\/\/profaj.co\/parkyasamcinarkoy\/wp-json\/wp\/v2\/pages\/335","targetHints":{"allow":["GET"]}}],"collection":[{"href":"https:\/\/profaj.co\/parkyasamcinarkoy\/wp-json\/wp\/v2\/pages"}],"about":[{"href":"https:\/\/profaj.co\/parkyasamcinarkoy\/wp-json\/wp\/v2\/types\/page"}],"author":[{"embeddable":true,"href":"https:\/\/profaj.co\/parkyasamcinarkoy\/wp-json\/wp\/v2\/users\/1"}],"replies":[{"embeddable":true,"href":"https:\/\/profaj.co\/parkyasamcinarkoy\/wp-json\/wp\/v2\/comments?post=335"}],"version-history":[{"count":4,"href":"https:\/\/profaj.co\/parkyasamcinarkoy\/wp-json\/wp\/v2\/pages\/335\/revisions"}],"predecessor-version":[{"id":340,"href":"https:\/\/profaj.co\/parkyasamcinarkoy\/wp-json\/wp\/v2\/pages\/335\/revisions\/340"}],"wp:attachment":[{"href":"https:\/\/profaj.co\/parkyasamcinarkoy\/wp-json\/wp\/v2\/media?parent=335"}],"curies":[{"name":"wp","href":"https:\/\/api.w.org\/{rel}","templated":true}]}}