{"id":21,"date":"2022-01-04T01:26:06","date_gmt":"2022-01-04T01:26:06","guid":{"rendered":"https:\/\/el3.thembaydev.com\/maia\/?post_type=product&#038;p=21"},"modified":"2026-02-24T08:21:30","modified_gmt":"2026-02-24T08:21:30","slug":"pera-yesil-yuzuk","status":"publish","type":"product","link":"https:\/\/profaj.co\/perakuyumculuk\/product\/pera-yesil-yuzuk\/","title":{"rendered":"Pera Ye\u015fil Y\u00fcz\u00fck"},"content":{"rendered":"\t\t<div data-elementor-type=\"wp-post\" data-elementor-id=\"21\" class=\"elementor elementor-21\" data-elementor-post-type=\"product\">\n\t\t\t\t\t\t<section class=\"elementor-section elementor-top-section elementor-element elementor-element-d3ccf73 elementor-section-boxed elementor-section-height-default elementor-section-height-default\" data-id=\"d3ccf73\" data-element_type=\"section\" data-e-type=\"section\">\n\t\t\t\t\t\t<div class=\"elementor-container elementor-column-gap-no\">\n\t\t\t\t\t<div class=\"elementor-column elementor-col-100 elementor-top-column elementor-element elementor-element-ac99c53\" data-id=\"ac99c53\" data-element_type=\"column\" data-e-type=\"column\">\n\t\t\t<div class=\"elementor-widget-wrap elementor-element-populated\">\n\t\t\t\t\t\t<div class=\"elementor-element elementor-element-bcd0db8 elementor-widget elementor-widget-text-editor\" data-id=\"bcd0db8\" data-element_type=\"widget\" data-e-type=\"widget\" data-widget_type=\"text-editor.default\">\n\t\t\t\t\t\t\t\t\t<p>Pera&#8217;n\u0131n imza niteli\u011findeki d\u00fc\u011f\u00fcm motifinin birbirine kenetlenen u\u00e7lar\u0131, sevdiklerinizle aran\u0131zdaki kopmaz ba\u011flar\u0131 sembolize ediyor. G\u00fc\u00e7 ve zarafeti kusursuz bir dengeyle bulu\u015fturan her bir Pera tasar\u0131m\u0131, at\u00f6lyemizdeki usta ellerin titiz i\u015f\u00e7ili\u011finin bir eseridir. Pembe alt\u0131ndan \u00f6zenle \u00fcretilen ve g\u00f6z al\u0131c\u0131 bir parlakl\u0131k i\u00e7in elde cilalanan bu y\u00fcz\u00fc\u011f\u00fc, ister tek ba\u015f\u0131na kullanarak yal\u0131n bir \u015f\u0131kl\u0131k yarat\u0131n, isterseniz klasik Pera tasar\u0131mlar\u0131yla kombinleyerek stilinize s\u0131ra d\u0131\u015f\u0131 bir dokunu\u015f kat\u0131n.<\/p><p data-path-to-node=\"6\"><b data-path-to-node=\"6\" data-index-in-node=\"0\">\u00dcr\u00fcn Detaylar\u0131:<\/b><\/p><ul data-path-to-node=\"7\"><li><p data-path-to-node=\"7,0,0\"><b data-path-to-node=\"7,0,0\" data-index-in-node=\"0\">Materyal:<\/b> 925 Ayar G\u00fcm\u00fc\u015f \u00dczeri 18 Ayar Kal\u0131n Alt\u0131n Kaplama (Vermeil)<\/p><\/li><li><p data-path-to-node=\"7,1,0\"><b data-path-to-node=\"7,1,0\" data-index-in-node=\"0\">\u00c7ap:<\/b> 17.15 mm<\/p><\/li><li><p data-path-to-node=\"7,2,0\"><b data-path-to-node=\"7,2,0\" data-index-in-node=\"0\">Geni\u015flik:<\/b> 3.8 &#8211; 6.0 mm<\/p><\/li><\/ul>\t\t\t\t\t\t\t\t<\/div>\n\t\t\t\t\t<\/div>\n\t\t<\/div>\n\t\t\t\t\t<\/div>\n\t\t<\/section>\n\t\t\t\t<\/div>\n\t\t","protected":false},"excerpt":{"rendered":"<p>Pera ustalar\u0131n\u0131n titiz el i\u015f\u00e7ili\u011fiyle pembe alt\u0131ndan tasarlanan bu zarif y\u00fcz\u00fck, g\u00f6z kama\u015ft\u0131r\u0131c\u0131 bir parlakl\u0131k i\u00e7in \u00f6zenle cilalanm\u0131\u015ft\u0131r. \u0130ster tek ba\u015f\u0131na kullanarak yal\u0131n bir zarafet sergileyin, isterseniz klasik tasar\u0131mlar\u0131m\u0131zla kombinleyerek tarz\u0131n\u0131za fark yaratan ve iddial\u0131 bir dokunu\u015f kat\u0131n.<\/p>\n","protected":false},"featured_media":3712,"comment_status":"closed","ping_status":"closed","template":"","meta":[],"product_brand":[],"product_cat":[15],"product_tag":[],"class_list":["post-21","product","type-product","status-publish","has-post-thumbnail","product_cat-yesil-setler","instock","shipping-taxable","purchasable","product-type-simple"],"_links":{"self":[{"href":"https:\/\/profaj.co\/perakuyumculuk\/wp-json\/wp\/v2\/product\/21","targetHints":{"allow":["GET"]}}],"collection":[{"href":"https:\/\/profaj.co\/perakuyumculuk\/wp-json\/wp\/v2\/product"}],"about":[{"href":"https:\/\/profaj.co\/perakuyumculuk\/wp-json\/wp\/v2\/types\/product"}],"replies":[{"embeddable":true,"href":"https:\/\/profaj.co\/perakuyumculuk\/wp-json\/wp\/v2\/comments?post=21"}],"version-history":[{"count":24,"href":"https:\/\/profaj.co\/perakuyumculuk\/wp-json\/wp\/v2\/product\/21\/revisions"}],"predecessor-version":[{"id":3803,"href":"https:\/\/profaj.co\/perakuyumculuk\/wp-json\/wp\/v2\/product\/21\/revisions\/3803"}],"wp:featuredmedia":[{"embeddable":true,"href":"https:\/\/profaj.co\/perakuyumculuk\/wp-json\/wp\/v2\/media\/3712"}],"wp:attachment":[{"href":"https:\/\/profaj.co\/perakuyumculuk\/wp-json\/wp\/v2\/media?parent=21"}],"wp:term":[{"taxonomy":"product_brand","embeddable":true,"href":"https:\/\/profaj.co\/perakuyumculuk\/wp-json\/wp\/v2\/product_brand?post=21"},{"taxonomy":"product_cat","embeddable":true,"href":"https:\/\/profaj.co\/perakuyumculuk\/wp-json\/wp\/v2\/product_cat?post=21"},{"taxonomy":"product_tag","embeddable":true,"href":"https:\/\/profaj.co\/perakuyumculuk\/wp-json\/wp\/v2\/product_tag?post=21"}],"curies":[{"name":"wp","href":"https:\/\/api.w.org\/{rel}","templated":true}]}}