{"id":633,"date":"2024-10-18T07:48:04","date_gmt":"2024-10-18T07:48:04","guid":{"rendered":"https:\/\/profaj.co\/protav\/?page_id=633"},"modified":"2024-10-18T07:49:21","modified_gmt":"2024-10-18T07:49:21","slug":"gizlilik-politikasi","status":"publish","type":"page","link":"https:\/\/profaj.co\/protav\/gizlilik-politikasi\/","title":{"rendered":"Gizlilik Politikas\u0131"},"content":{"rendered":"\t\t<div data-elementor-type=\"wp-page\" data-elementor-id=\"633\" class=\"elementor elementor-633\" data-elementor-post-type=\"page\">\n\t\t\t\t\t\t<section class=\"elementor-section elementor-top-section elementor-element elementor-element-b233eec elementor-section-boxed elementor-section-height-default elementor-section-height-default\" data-id=\"b233eec\" data-element_type=\"section\">\n\t\t\t\t\t\t<div class=\"elementor-container elementor-column-gap-default\">\n\t\t\t\t\t<div class=\"elementor-column elementor-col-100 elementor-top-column elementor-element elementor-element-cf8c91a\" data-id=\"cf8c91a\" data-element_type=\"column\">\n\t\t\t<div class=\"elementor-widget-wrap elementor-element-populated\">\n\t\t\t\t\t\t<div class=\"elementor-element elementor-element-b45c319 elementor-invisible elementor-widget elementor-widget-heading\" data-id=\"b45c319\" data-element_type=\"widget\" data-settings=\"{&quot;_animation&quot;:&quot;fadeInUp&quot;}\" data-widget_type=\"heading.default\">\n\t\t\t\t<div class=\"elementor-widget-container\">\n\t\t\t<h2 class=\"elementor-heading-title elementor-size-default\">Gizlilik Politikas\u0131<\/h2>\t\t<\/div>\n\t\t\t\t<\/div>\n\t\t\t\t<div class=\"elementor-element elementor-element-b833a17 elementor-widget elementor-widget-text-editor\" data-id=\"b833a17\" data-element_type=\"widget\" data-widget_type=\"text-editor.default\">\n\t\t\t\t<div class=\"elementor-widget-container\">\n\t\t\t\t\t\t\t<p>Protav Yem Sanayi olarak, ki\u015fisel bilgilerinizin gizlili\u011fine ve g\u00fcvenli\u011fine b\u00fcy\u00fck \u00f6nem veriyoruz. Bu Gizlilik Politikas\u0131, web sitemizi ziyaret etti\u011finizde ve hizmetlerimizden faydaland\u0131\u011f\u0131n\u0131zda, ki\u015fisel bilgilerinizin nas\u0131l topland\u0131\u011f\u0131n\u0131, kullan\u0131ld\u0131\u011f\u0131n\u0131 ve korundu\u011funu a\u00e7\u0131klamaktad\u0131r.<\/p><h5>1. <strong>Toplanan Bilgiler<\/strong><\/h5><p>Web sitemizi ziyaret etti\u011finizde ve hizmetlerimizden faydaland\u0131\u011f\u0131n\u0131zda \u015fu t\u00fcr bilgileri toplayabiliriz:<\/p><ul><li><strong>Ki\u015fisel Bilgiler<\/strong>: Ad, soyad, e-posta adresi, telefon numaras\u0131 gibi do\u011frudan kimli\u011finizi belirleyen bilgiler.<\/li><li><strong>Teknik Bilgiler<\/strong>: IP adresiniz, taray\u0131c\u0131 t\u00fcr\u00fcn\u00fcz, i\u015fletim sistemi ve sitemizi nas\u0131l kulland\u0131\u011f\u0131n\u0131za dair bilgiler.<\/li><li><strong>\u00c7erezler (Cookies)<\/strong>: Web sitemizde deneyiminizi iyile\u015ftirmek ve ziyaret\u00e7i davran\u0131\u015flar\u0131n\u0131 analiz etmek amac\u0131yla \u00e7erezler kullan\u0131lmaktad\u0131r.<\/li><\/ul><h5>2. <strong>Bilgilerin Kullan\u0131m\u0131<\/strong><\/h5><p>Toplad\u0131\u011f\u0131m\u0131z bilgiler a\u015fa\u011f\u0131daki ama\u00e7lar do\u011frultusunda kullan\u0131labilir:<\/p><ul><li>Hizmetlerimizi sunmak, geli\u015ftirmek ve ki\u015fiselle\u015ftirmek,<\/li><li>M\u00fc\u015fteri deste\u011fi sa\u011flamak ve kullan\u0131c\u0131 sorular\u0131na yan\u0131t vermek,<\/li><li>Pazarlama, tan\u0131t\u0131m ve reklam faaliyetleri y\u00fcr\u00fctmek,<\/li><li>Site analizi yaparak, web sitemizi ve hizmetlerimizi iyile\u015ftirmek,<\/li><li>Yasal gereklilikleri yerine getirmek.<\/li><\/ul><h5>3. <strong>Bilgilerin Payla\u015f\u0131m\u0131<\/strong><\/h5><p>Protav Yem Sanayi, ki\u015fisel bilgilerinizi \u00fc\u00e7\u00fcnc\u00fc ki\u015filerle a\u015fa\u011f\u0131daki durumlar d\u0131\u015f\u0131nda payla\u015fmaz:<\/p><ul><li>Yasal zorunluluklar nedeniyle yetkili kamu kurum ve kurulu\u015flar\u0131yla payla\u015f\u0131lmas\u0131 gerekti\u011finde,<\/li><li>Hizmetlerimizi sunmak ve i\u015fimizi y\u00fcr\u00fctmek amac\u0131yla i\u015f ortaklar\u0131m\u0131z ve tedarik\u00e7ilerimizle payla\u015f\u0131lmas\u0131 gerekti\u011finde,<\/li><li>Ki\u015fisel bilgilerinizin korunmas\u0131n\u0131 sa\u011flayacak \u00f6nlemleri ald\u0131\u011f\u0131m\u0131z durumlarda.<\/li><\/ul><h5>4. <strong>\u00c7erezler ve Benzeri Teknolojiler<\/strong><\/h5><p>Web sitemizde, kullan\u0131c\u0131 deneyimini iyile\u015ftirmek ve site performans\u0131n\u0131 analiz etmek i\u00e7in \u00e7erezler kullan\u0131lmaktad\u0131r. \u00c7erezler, web taray\u0131c\u0131n\u0131z arac\u0131l\u0131\u011f\u0131yla cihaz\u0131n\u0131za kaydedilen k\u00fc\u00e7\u00fck dosyalard\u0131r. \u00c7erezleri kabul etme veya reddetme tercihlerinizi web taray\u0131c\u0131 ayarlar\u0131n\u0131zdan de\u011fi\u015ftirebilirsiniz. Ancak, \u00e7erezleri devre d\u0131\u015f\u0131 b\u0131rakman\u0131z durumunda, web sitemizin baz\u0131 \u00f6zelliklerinden tam olarak faydalanamayabilirsiniz.<\/p><h5>5. <strong>Veri G\u00fcvenli\u011fi<\/strong><\/h5><p>Protav Yem Sanayi, ki\u015fisel bilgilerinizi korumak i\u00e7in gerekli teknik ve idari \u00f6nlemleri almaktad\u0131r. Veri ihlallerine kar\u015f\u0131 bilgilerinizi korumak i\u00e7in g\u00fcvenlik duvarlar\u0131, \u015fifreleme y\u00f6ntemleri ve eri\u015fim kontrolleri gibi \u00f6nlemler kullanmaktay\u0131z.<\/p><h5>6. <strong>Haklar\u0131n\u0131z<\/strong><\/h5><p>Ki\u015fisel verilerinizle ilgili olarak;<\/p><ul><li>Verilerinizin i\u015flenip i\u015flenmedi\u011fini \u00f6\u011frenme,<\/li><li>Verilerinizin d\u00fczeltilmesini, g\u00fcncellenmesini veya silinmesini talep etme,<\/li><li>\u0130\u015flemenin durdurulmas\u0131n\u0131 isteme gibi haklara sahipsiniz.<\/li><\/ul><p>Bu haklar\u0131n\u0131z\u0131 kullanmak veya herhangi bir gizlilik endi\u015fesiyle ilgili bizimle ileti\u015fime ge\u00e7mek isterseniz, a\u015fa\u011f\u0131daki ileti\u015fim bilgilerini kullanabilirsiniz:<\/p><p><strong>Protav Yem Sanayi<\/strong><br \/>[Web sitesi adresi ve di\u011fer ileti\u015fim bilgileri]<\/p><h5>7. <strong>Gizlilik Politikas\u0131nda De\u011fi\u015fiklikler<\/strong><\/h5><p>Protav Yem Sanayi, gizlilik politikas\u0131n\u0131 zaman zaman g\u00fcncelleyebilir. Gizlilik politikam\u0131zda yap\u0131lan de\u011fi\u015fiklikler web sitemizde yay\u0131mlanacak ve g\u00fcncellenen politika yay\u0131m tarihinden itibaren ge\u00e7erli olacakt\u0131r.<\/p>\t\t\t\t\t\t<\/div>\n\t\t\t\t<\/div>\n\t\t\t\t\t<\/div>\n\t\t<\/div>\n\t\t\t\t\t<\/div>\n\t\t<\/section>\n\t\t\t\t<\/div>\n\t\t","protected":false},"excerpt":{"rendered":"<p>Gizlilik Politikas\u0131 Protav Yem Sanayi olarak, ki\u015fisel bilgilerinizin gizlili\u011fine ve g\u00fcvenli\u011fine b\u00fcy\u00fck \u00f6nem veriyoruz. Bu Gizlilik Politikas\u0131, web sitemizi ziyaret etti\u011finizde ve hizmetlerimizden faydaland\u0131\u011f\u0131n\u0131zda, ki\u015fisel bilgilerinizin nas\u0131l topland\u0131\u011f\u0131n\u0131, kullan\u0131ld\u0131\u011f\u0131n\u0131 ve korundu\u011funu a\u00e7\u0131klamaktad\u0131r. 1. Toplanan Bilgiler Web sitemizi ziyaret etti\u011finizde ve hizmetlerimizden faydaland\u0131\u011f\u0131n\u0131zda \u015fu t\u00fcr bilgileri toplayabiliriz: Ki\u015fisel Bilgiler: Ad, soyad, e-posta adresi, telefon numaras\u0131 gibi [&hellip;]<\/p>\n","protected":false},"author":1,"featured_media":0,"parent":0,"menu_order":0,"comment_status":"closed","ping_status":"closed","template":"","meta":{"_acf_changed":false,"footnotes":""},"class_list":["post-633","page","type-page","status-publish","hentry"],"acf":[],"_links":{"self":[{"href":"https:\/\/profaj.co\/protav\/wp-json\/wp\/v2\/pages\/633","targetHints":{"allow":["GET"]}}],"collection":[{"href":"https:\/\/profaj.co\/protav\/wp-json\/wp\/v2\/pages"}],"about":[{"href":"https:\/\/profaj.co\/protav\/wp-json\/wp\/v2\/types\/page"}],"author":[{"embeddable":true,"href":"https:\/\/profaj.co\/protav\/wp-json\/wp\/v2\/users\/1"}],"replies":[{"embeddable":true,"href":"https:\/\/profaj.co\/protav\/wp-json\/wp\/v2\/comments?post=633"}],"version-history":[{"count":4,"href":"https:\/\/profaj.co\/protav\/wp-json\/wp\/v2\/pages\/633\/revisions"}],"predecessor-version":[{"id":637,"href":"https:\/\/profaj.co\/protav\/wp-json\/wp\/v2\/pages\/633\/revisions\/637"}],"wp:attachment":[{"href":"https:\/\/profaj.co\/protav\/wp-json\/wp\/v2\/media?parent=633"}],"curies":[{"name":"wp","href":"https:\/\/api.w.org\/{rel}","templated":true}]}}