{"id":1650,"date":"2025-11-07T08:57:13","date_gmt":"2025-11-07T08:57:13","guid":{"rendered":"https:\/\/profaj.co\/rotaegitim\/?page_id=1650"},"modified":"2026-03-25T13:35:56","modified_gmt":"2026-03-25T13:35:56","slug":"okullar","status":"publish","type":"page","link":"https:\/\/profaj.co\/rotaegitim\/okullar\/","title":{"rendered":"Okullar"},"content":{"rendered":"\t\t<div data-elementor-type=\"wp-page\" data-elementor-id=\"1650\" class=\"elementor elementor-1650\" data-elementor-post-type=\"page\">\n\t\t\t\t<div class=\"elementor-element elementor-element-6ddb602 e-flex e-con-boxed e-con e-parent\" data-id=\"6ddb602\" data-element_type=\"container\" data-e-type=\"container\">\n\t\t\t\t\t<div class=\"e-con-inner\">\n\t\t\t\t<div class=\"elementor-element elementor-element-678ef67 elementor-widget elementor-widget-heading\" data-id=\"678ef67\" data-element_type=\"widget\" data-e-type=\"widget\" data-widget_type=\"heading.default\">\n\t\t\t\t<div class=\"elementor-widget-container\">\n\t\t\t\t\t<h2 class=\"elementor-heading-title elementor-size-default\">Okullar<\/h2>\t\t\t\t<\/div>\n\t\t\t\t<\/div>\n\t\t\t\t\t<\/div>\n\t\t\t\t<\/div>\n\t\t<div class=\"elementor-element elementor-element-af271ef e-flex e-con-boxed e-con e-parent\" data-id=\"af271ef\" data-element_type=\"container\" data-e-type=\"container\">\n\t\t\t\t\t<div class=\"e-con-inner\">\n\t\t\t\t<div class=\"elementor-element elementor-element-d189db0 elementor-widget elementor-widget-education_progress_tabs\" data-id=\"d189db0\" data-element_type=\"widget\" data-e-type=\"widget\" data-widget_type=\"education_progress_tabs.default\">\n\t\t\t\t<div class=\"elementor-widget-container\">\n\t\t\t\t\t        <div class=\"education-progress-tabs\" data-icon-url=\"https:\/\/profaj.co\/rotaegitim\/wp-content\/plugins\/rota\/assets\/images\/check-icon.svg\" role=\"tablist\">\n            <!-- Progress Bar Tab Ba\u015fl\u0131klar\u0131 -->\n            <div class=\"tab-progress-bar\">\n                                    <div id=\"education-tab-title-2191\" class=\"tab-item active\" data-tab=\"1\" data-tab-slug=\"anaokulu\" role=\"tab\" aria-controls=\"education-tab-content-2191\" aria-selected=\"true\">\n                        <div class=\"tab-icon\">\n                                                            <img decoding=\"async\" src=\"https:\/\/profaj.co\/rotaegitim\/wp-content\/plugins\/rota\/assets\/images\/check-icon.svg\" alt=\"Anaokulu\">\n                                                    <\/div>\n                        <div class=\"tab-label\">Anaokulu<\/div>\n                    <\/div>\n\n                                            <div class=\"tab-connector\"><\/div>\n                                                        <div id=\"education-tab-title-2192\" class=\"tab-item \" data-tab=\"2\" data-tab-slug=\"i-lkokul\" role=\"tab\" aria-controls=\"education-tab-content-2192\" aria-selected=\"false\">\n                        <div class=\"tab-icon\">\n                                                            <img decoding=\"async\" src=\"https:\/\/profaj.co\/rotaegitim\/wp-content\/plugins\/rota\/assets\/images\/check-icon.svg\" alt=\"\u0130lkokul\">\n                                                    <\/div>\n                        <div class=\"tab-label\">\u0130lkokul<\/div>\n                    <\/div>\n\n                                            <div class=\"tab-connector\"><\/div>\n                                                        <div id=\"education-tab-title-2193\" class=\"tab-item \" data-tab=\"3\" data-tab-slug=\"ortaokul\" role=\"tab\" aria-controls=\"education-tab-content-2193\" aria-selected=\"false\">\n                        <div class=\"tab-icon\">\n                                                            <img decoding=\"async\" src=\"https:\/\/profaj.co\/rotaegitim\/wp-content\/plugins\/rota\/assets\/images\/check-icon.svg\" alt=\"Ortaokul\">\n                                                    <\/div>\n                        <div class=\"tab-label\">Ortaokul<\/div>\n                    <\/div>\n\n                                                <\/div>\n\n            <!-- Tab \u0130\u00e7erikleri -->\n            <div class=\"tab-contents-wrapper\">\n                                    <div id=\"education-tab-content-2191\" class=\"tab-content elementor-clearfix active\" data-tab=\"1\" data-tab-slug=\"anaokulu\" role=\"tabpanel\" aria-labelledby=\"education-tab-title-2191\">\n                        \t\t<div data-elementor-type=\"section\" data-elementor-id=\"1680\" class=\"elementor elementor-1680\" data-elementor-post-type=\"elementor_library\">\n\t\t\t<div class=\"elementor-element elementor-element-04c0347 e-flex e-con-boxed e-con e-parent\" data-id=\"04c0347\" data-element_type=\"container\" data-e-type=\"container\">\n\t\t\t\t\t<div class=\"e-con-inner\">\n\t\t<div class=\"elementor-element elementor-element-08e6611 e-con-full e-flex e-con e-child\" data-id=\"08e6611\" data-element_type=\"container\" data-e-type=\"container\">\n\t\t\t\t<div class=\"elementor-element elementor-element-468b33b elementor-widget elementor-widget-html\" data-id=\"468b33b\" data-element_type=\"widget\" data-e-type=\"widget\" data-widget_type=\"html.default\">\n\t\t\t\t<div class=\"elementor-widget-container\">\n\t\t\t\t\t<style>\n    \/* --- Kapsay\u0131c\u0131 --- *\/\n    .rota-universal-nav {\n        display: flex;\n        justify-content: flex-end; \/* Sa\u011f tarafa yaslar *\/\n        gap: 12px;\n        margin-bottom: 15px;\n    }\n    \n    \/* --- Buton Tasar\u0131m\u0131 --- *\/\n    .rota-uni-btn {\n        background-color: #f0f2f5; \/* Gri Arka Plan *\/\n        color: #8e44ad; \/* Okun Rengi (SVG 'currentColor' kullanaca\u011f\u0131 i\u00e7in buradan al\u0131r) *\/\n        border: none;\n        \n        \/* Boyutlar *\/\n        width: 60px; \n        height: 36px; \n        border-radius: 50px;\n        \n        cursor: pointer; \n        display: flex; \n        align-items: center; \n        justify-content: center;\n        \n        padding: 0; \/* \u0130\u00e7 bo\u015flu\u011fu s\u0131f\u0131rlad\u0131k *\/\n        transition: all 0.3s ease;\n    }\n\n    \/* --- SVG Ayarlar\u0131 --- *\/\n    .rota-uni-btn svg {\n        width: 24px;  \/* \u0130kon boyutu *\/\n        height: 24px;\n        stroke-width: 2; \/* \u00c7izgi kal\u0131nl\u0131\u011f\u0131 *\/\n        stroke: currentColor; \/* Rengi \u00fcstteki color'dan al\u0131r *\/\n        fill: none;\n        stroke-linecap: round; \/* \u00c7izgi u\u00e7lar\u0131n\u0131 yuvarlar *\/\n        stroke-linejoin: round; \/* K\u00f6\u015feleri yuvarlar *\/\n        transition: transform 0.3s ease; \/* Ok hareketi i\u00e7in *\/\n    }\n\n    \/* --- Hover (\u00dczerine Gelince) --- *\/\n    .rota-uni-btn:hover { \n        background-color: #e4e6e9; \n        color: #6c3483; \/* Ok rengi koyula\u015f\u0131r *\/\n    }\n    \n    \/* Hover s\u0131ras\u0131nda okun hafif\u00e7e kaymas\u0131 *\/\n    .rota-uni-btn.rota-prev:hover svg { transform: translateX(-3px); }\n    .rota-uni-btn.rota-next:hover svg { transform: translateX(3px); }\n\n    \/* --- T\u0131klama (Active) --- *\/\n    .rota-uni-btn:active { \n        transform: scale(0.95); \n        background-color: #dcdfe3; \n    }\n    \n    @media (max-width: 767px) { .rota-universal-nav { justify-content: center; } }\n<\/style>\n\n<div class=\"rota-universal-nav\">\n    <button class=\"rota-uni-btn rota-prev\" aria-label=\"\u00d6nceki\">\n        <svg xmlns=\"http:\/\/www.w3.org\/2000\/svg\" viewBox=\"0 0 24 24\">\n            <line x1=\"19\" y1=\"12\" x2=\"5\" y2=\"12\"><\/line>\n            <polyline points=\"12 19 5 12 12 5\"><\/polyline>\n        <\/svg>\n    <\/button>\n    \n    <button class=\"rota-uni-btn rota-next\" aria-label=\"Sonraki\">\n        <svg xmlns=\"http:\/\/www.w3.org\/2000\/svg\" viewBox=\"0 0 24 24\">\n            <line x1=\"5\" y1=\"12\" x2=\"19\" y2=\"12\"><\/line>\n            <polyline points=\"12 5 19 12 12 19\"><\/polyline>\n        <\/svg>\n    <\/button>\n<\/div>\n\n<script>\njQuery(document).ready(function($) {\n    \n    \/\/ --- SONRAK\u0130 BUTONU ---\n    \/\/ .off() ile eski t\u0131klamalar\u0131 temizleyip \u00e7ak\u0131\u015fmay\u0131 \u00f6nl\u00fcyoruz\n    $('.rota-next').off('click').on('click', function() {\n        var $btn = $(this);\n        \n        var $parentContainer = $btn.closest('.elementor-widget-wrap, .e-con, .elementor-column');\n        var $tabContainer = $parentContainer.find('.e-n-tabs-heading').first();\n\n        if ($tabContainer.length === 0) {\n             $tabContainer = $btn.closest('.elementor-section, .e-con-boxed, .e-con-full').find('.e-n-tabs-heading').first();\n        }\n\n        var $allTabs = $tabContainer.find('.e-n-tab-title');\n        var $activeTab = $tabContainer.find('.e-n-tab-title[aria-selected=\"true\"]');\n        \n        var currentIndex = $allTabs.index($activeTab);\n        var nextIndex = currentIndex + 1;\n\n        if (nextIndex < $allTabs.length) {\n            var $nextTab = $allTabs.eq(nextIndex);\n            $nextTab.trigger('click');\n            kaydir($tabContainer, $nextTab);\n        }\n    });\n\n    \/\/ --- \u00d6NCEK\u0130 BUTONU ---\n    $('.rota-prev').off('click').on('click', function() {\n        var $btn = $(this);\n        \n        var $parentContainer = $btn.closest('.elementor-widget-wrap, .e-con, .elementor-column');\n        var $tabContainer = $parentContainer.find('.e-n-tabs-heading').first();\n\n        if ($tabContainer.length === 0) {\n             $tabContainer = $btn.closest('.elementor-section, .e-con-boxed, .e-con-full').find('.e-n-tabs-heading').first();\n        }\n\n        var $allTabs = $tabContainer.find('.e-n-tab-title');\n        var $activeTab = $tabContainer.find('.e-n-tab-title[aria-selected=\"true\"]');\n        \n        var currentIndex = $allTabs.index($activeTab);\n        var prevIndex = currentIndex - 1;\n\n        if (prevIndex >= 0) {\n            var $prevTab = $allTabs.eq(prevIndex);\n            $prevTab.trigger('click');\n            kaydir($tabContainer, $prevTab);\n        }\n    });\n\n    function kaydir(container, target) {\n         if(container.length === 0 || target.length === 0) return;\n        var scrollLeft = target.position().left + container.scrollLeft() - (container.width() \/ 2) + (target.width() \/ 2);\n        container.animate({ scrollLeft: scrollLeft }, 300);\n    }\n});\n<\/script>\t\t\t\t<\/div>\n\t\t\t\t<\/div>\n\t\t\t\t<div class=\"elementor-element elementor-element-a0654d3 e-n-tabs-none elementor-widget elementor-widget-n-tabs\" data-id=\"a0654d3\" data-element_type=\"widget\" data-e-type=\"widget\" data-settings=\"{&quot;tabs_justify_horizontal&quot;:&quot;stretch&quot;,&quot;horizontal_scroll&quot;:&quot;enable&quot;}\" data-widget_type=\"nested-tabs.default\">\n\t\t\t\t<div class=\"elementor-widget-container\">\n\t\t\t\t\t\t\t<div class=\"e-n-tabs\" data-widget-number=\"168187091\" aria-label=\"Tabs. Open items with Enter or Space, close with Escape and navigate using the Arrow keys.\">\n\t\t\t<div class=\"e-n-tabs-heading\" role=\"tablist\">\n\t\t\t\t\t<button id=\"e-n-tab-title-1681870911\" data-tab-title-id=\"e-n-tab-title-1681870911\" class=\"e-n-tab-title\" aria-selected=\"true\" data-tab-index=\"1\" role=\"tab\" tabindex=\"0\" aria-controls=\"e-n-tab-content-1681870911\" style=\"--n-tabs-title-order: 1;\">\n\t\t\t\t\t\t<span class=\"e-n-tab-title-text\">\n\t\t\t\tE\u011fitim \u00d6\u011fretim\t\t\t<\/span>\n\t\t<\/button>\n\t\t\t\t<button id=\"e-n-tab-title-1681870912\" data-tab-title-id=\"e-n-tab-title-1681870912\" class=\"e-n-tab-title\" aria-selected=\"false\" data-tab-index=\"2\" role=\"tab\" tabindex=\"-1\" aria-controls=\"e-n-tab-content-1681870912\" style=\"--n-tabs-title-order: 2;\">\n\t\t\t\t\t\t<span class=\"e-n-tab-title-text\">\n\t\t\t\t\u0130lkelerimiz\t\t\t<\/span>\n\t\t<\/button>\n\t\t\t\t<button id=\"e-n-tab-title-1681870913\" data-tab-title-id=\"e-n-tab-title-1681870913\" class=\"e-n-tab-title\" aria-selected=\"false\" data-tab-index=\"3\" role=\"tab\" tabindex=\"-1\" aria-controls=\"e-n-tab-content-1681870913\" style=\"--n-tabs-title-order: 3;\">\n\t\t\t\t\t\t<span class=\"e-n-tab-title-text\">\n\t\t\t\tHedeflerimiz\t\t\t<\/span>\n\t\t<\/button>\n\t\t\t\t<button id=\"e-n-tab-title-1681870914\" data-tab-title-id=\"e-n-tab-title-1681870914\" class=\"e-n-tab-title\" aria-selected=\"false\" data-tab-index=\"4\" role=\"tab\" tabindex=\"-1\" aria-controls=\"e-n-tab-content-1681870914\" style=\"--n-tabs-title-order: 4;\">\n\t\t\t\t\t\t<span class=\"e-n-tab-title-text\">\n\t\t\t\tAnas\u0131n\u0131f\u0131nda Ya\u015fam\t\t\t<\/span>\n\t\t<\/button>\n\t\t\t\t<button id=\"e-n-tab-title-1681870915\" data-tab-title-id=\"e-n-tab-title-1681870915\" class=\"e-n-tab-title\" aria-selected=\"false\" data-tab-index=\"5\" role=\"tab\" tabindex=\"-1\" aria-controls=\"e-n-tab-content-1681870915\" style=\"--n-tabs-title-order: 5;\">\n\t\t\t\t\t\t<span class=\"e-n-tab-title-text\">\n\t\t\t\tBran\u015f Dersleri\t\t\t<\/span>\n\t\t<\/button>\n\t\t\t\t<button id=\"e-n-tab-title-1681870916\" data-tab-title-id=\"e-n-tab-title-1681870916\" class=\"e-n-tab-title\" aria-selected=\"false\" data-tab-index=\"6\" role=\"tab\" tabindex=\"-1\" aria-controls=\"e-n-tab-content-1681870916\" style=\"--n-tabs-title-order: 6;\">\n\t\t\t\t\t\t<span class=\"e-n-tab-title-text\">\n\t\t\t\tYabanc\u0131 Dil\t\t\t<\/span>\n\t\t<\/button>\n\t\t\t\t<button id=\"e-n-tab-title-1681870917\" data-tab-title-id=\"e-n-tab-title-1681870917\" class=\"e-n-tab-title\" aria-selected=\"false\" data-tab-index=\"7\" role=\"tab\" tabindex=\"-1\" aria-controls=\"e-n-tab-content-1681870917\" style=\"--n-tabs-title-order: 7;\">\n\t\t\t\t\t\t<span class=\"e-n-tab-title-text\">\n\t\t\t\tRehberlik\t\t\t<\/span>\n\t\t<\/button>\n\t\t\t\t<button id=\"e-n-tab-title-1681870918\" data-tab-title-id=\"e-n-tab-title-1681870918\" class=\"e-n-tab-title\" aria-selected=\"false\" data-tab-index=\"8\" role=\"tab\" tabindex=\"-1\" aria-controls=\"e-n-tab-content-1681870918\" style=\"--n-tabs-title-order: 8;\">\n\t\t\t\t\t\t<span class=\"e-n-tab-title-text\">\n\t\t\t\tProjeler\t\t\t<\/span>\n\t\t<\/button>\n\t\t\t\t<button id=\"e-n-tab-title-1681870919\" data-tab-title-id=\"e-n-tab-title-1681870919\" class=\"e-n-tab-title\" aria-selected=\"false\" data-tab-index=\"9\" role=\"tab\" tabindex=\"-1\" aria-controls=\"e-n-tab-content-1681870919\" style=\"--n-tabs-title-order: 9;\">\n\t\t\t\t\t\t<span class=\"e-n-tab-title-text\">\n\t\t\t\tPortfolyo\t\t\t<\/span>\n\t\t<\/button>\n\t\t\t\t<button id=\"e-n-tab-title-16818709110\" data-tab-title-id=\"e-n-tab-title-16818709110\" class=\"e-n-tab-title\" aria-selected=\"false\" data-tab-index=\"10\" role=\"tab\" tabindex=\"-1\" aria-controls=\"e-n-tab-content-16818709110\" style=\"--n-tabs-title-order: 10;\">\n\t\t\t\t\t\t<span class=\"e-n-tab-title-text\">\n\t\t\t\tE\u011fitim Etkinlikleri\t\t\t<\/span>\n\t\t<\/button>\n\t\t\t\t<button id=\"e-n-tab-title-16818709111\" data-tab-title-id=\"e-n-tab-title-16818709111\" class=\"e-n-tab-title\" aria-selected=\"false\" data-tab-index=\"11\" role=\"tab\" tabindex=\"-1\" aria-controls=\"e-n-tab-content-16818709111\" style=\"--n-tabs-title-order: 11;\">\n\t\t\t\t\t\t<span class=\"e-n-tab-title-text\">\n\t\t\t\tGeziler\t\t\t<\/span>\n\t\t<\/button>\n\t\t\t\t<button id=\"e-n-tab-title-16818709112\" data-tab-title-id=\"e-n-tab-title-16818709112\" class=\"e-n-tab-title\" aria-selected=\"false\" data-tab-index=\"12\" role=\"tab\" tabindex=\"-1\" aria-controls=\"e-n-tab-content-16818709112\" style=\"--n-tabs-title-order: 12;\">\n\t\t\t\t\t\t<span class=\"e-n-tab-title-text\">\n\t\t\t\tMobil Kre\u015f\t\t\t<\/span>\n\t\t<\/button>\n\t\t\t\t<button id=\"e-n-tab-title-16818709113\" data-tab-title-id=\"e-n-tab-title-16818709113\" class=\"e-n-tab-title\" aria-selected=\"false\" data-tab-index=\"13\" role=\"tab\" tabindex=\"-1\" aria-controls=\"e-n-tab-content-16818709113\" style=\"--n-tabs-title-order: 13;\">\n\t\t\t\t\t\t<span class=\"e-n-tab-title-text\">\n\t\t\t\tHizmetlerimiz\t\t\t<\/span>\n\t\t<\/button>\n\t\t\t\t\t<\/div>\n\t\t\t<div class=\"e-n-tabs-content\">\n\t\t\t\t<div id=\"e-n-tab-content-1681870911\" role=\"tabpanel\" aria-labelledby=\"e-n-tab-title-1681870911\" data-tab-index=\"1\" style=\"--n-tabs-title-order: 1;\" class=\"e-active elementor-element elementor-element-90a0f68 e-con-full e-flex e-con e-child\" data-id=\"90a0f68\" data-element_type=\"container\" data-e-type=\"container\">\n\t\t<div class=\"elementor-element elementor-element-3c958fc e-flex e-con-boxed e-con e-child\" data-id=\"3c958fc\" data-element_type=\"container\" data-e-type=\"container\">\n\t\t\t\t\t<div class=\"e-con-inner\">\n\t\t<div class=\"elementor-element elementor-element-ca48c18 e-con-full e-flex e-con e-child\" data-id=\"ca48c18\" data-element_type=\"container\" data-e-type=\"container\">\n\t\t\t\t<div class=\"elementor-element elementor-element-5b9667d elementor-widget elementor-widget-heading\" data-id=\"5b9667d\" data-element_type=\"widget\" data-e-type=\"widget\" data-widget_type=\"heading.default\">\n\t\t\t\t<div class=\"elementor-widget-container\">\n\t\t\t\t\t<h2 class=\"elementor-heading-title elementor-size-default\">E\u011fitim \u2013 \u00d6\u011fretim ve Etkinlik Program\u0131<\/h2>\t\t\t\t<\/div>\n\t\t\t\t<\/div>\n\t\t\t\t<div class=\"elementor-element elementor-element-18481b2 elementor-widget elementor-widget-text-editor\" data-id=\"18481b2\" data-element_type=\"widget\" data-e-type=\"widget\" data-widget_type=\"text-editor.default\">\n\t\t\t\t<div class=\"elementor-widget-container\">\n\t\t\t\t\t\t\t\t\t<p><span style=\"font-weight: 400;\">Minik ad\u0131mlarla b\u00fcy\u00fck hayallerin ba\u015flad\u0131\u011f\u0131 okul \u00f6ncesi e\u011fitim s\u00fcrecinde, \u00e7ocuklar\u0131m\u0131z\u0131n geli\u015fimine rehberlik eden g\u00fcvenli, sevgi temelli ve planl\u0131 bir \u00f6\u011frenme ortam\u0131 sunuyoruz. Rota Koleji Anaokulu\u2019nda 3\u20136 ya\u015f grubu \u00f6\u011frencilerimizin bili\u015fsel, duygusal, sosyal ve fiziksel geli\u015fimleri b\u00fct\u00fcnc\u00fcl bir yakla\u015f\u0131mla desteklenmektedir.<\/span><\/p><p><span style=\"font-weight: 400;\">E\u011fitim anlay\u0131\u015f\u0131m\u0131z; modern pedagojik yakla\u015f\u0131mlar do\u011frultusunda, oyun temelli ve deneyim odakl\u0131 \u00f6\u011frenmeyi esas al\u0131r. Amac\u0131m\u0131z; her \u00e7ocu\u011fun bireysel potansiyelini ke\u015ffetmesini sa\u011flamak ve onlar\u0131 ilkokula g\u00fc\u00e7l\u00fc bir akademik ve sosyal altyap\u0131 ile haz\u0131rlamakt\u0131r.<\/span><\/p>\t\t\t\t\t\t\t\t<\/div>\n\t\t\t\t<\/div>\n\t\t\t\t<\/div>\n\t\t<div class=\"elementor-element elementor-element-fa84fe3 e-con-full e-flex e-con e-child\" data-id=\"fa84fe3\" data-element_type=\"container\" data-e-type=\"container\">\n\t\t\t\t<div class=\"elementor-element elementor-element-56e1c51 elementor-widget elementor-widget-image\" data-id=\"56e1c51\" data-element_type=\"widget\" data-e-type=\"widget\" data-widget_type=\"image.default\">\n\t\t\t\t<div class=\"elementor-widget-container\">\n\t\t\t\t\t\t\t\t\t\t\t\t\t\t\t<img fetchpriority=\"high\" decoding=\"async\" width=\"900\" height=\"600\" src=\"https:\/\/profaj.co\/rotaegitim\/wp-content\/uploads\/2025\/11\/egitim-ogretim.webp\" class=\"attachment-full size-full wp-image-2394\" alt=\"\" srcset=\"https:\/\/profaj.co\/rotaegitim\/wp-content\/uploads\/2025\/11\/egitim-ogretim.webp 900w, https:\/\/profaj.co\/rotaegitim\/wp-content\/uploads\/2025\/11\/egitim-ogretim-300x200.webp 300w, https:\/\/profaj.co\/rotaegitim\/wp-content\/uploads\/2025\/11\/egitim-ogretim-768x512.webp 768w\" sizes=\"(max-width: 900px) 100vw, 900px\" \/>\t\t\t\t\t\t\t\t\t\t\t\t\t\t\t<\/div>\n\t\t\t\t<\/div>\n\t\t\t\t<\/div>\n\t\t\t\t\t<\/div>\n\t\t\t\t<\/div>\n\t\t<div class=\"elementor-element elementor-element-207fd14 e-flex e-con-boxed e-con e-child\" data-id=\"207fd14\" data-element_type=\"container\" data-e-type=\"container\">\n\t\t\t\t\t<div class=\"e-con-inner\">\n\t\t<div class=\"elementor-element elementor-element-077db35 e-con-full e-flex e-con e-child\" data-id=\"077db35\" data-element_type=\"container\" data-e-type=\"container\">\n\t\t\t\t<div class=\"elementor-element elementor-element-05c322e elementor-widget elementor-widget-text-editor\" data-id=\"05c322e\" data-element_type=\"widget\" data-e-type=\"widget\" data-widget_type=\"text-editor.default\">\n\t\t\t\t<div class=\"elementor-widget-container\">\n\t\t\t\t\t\t\t\t\t<p><b>E\u011fitim Program\u0131m\u0131z\u0131n Temel Alanlar\u0131<\/b><\/p><p><b>T\u00fcrk\u00e7e Dil Etkinlikleri<\/b><\/p><p><span style=\"font-weight: 400;\">T\u00fcrk\u00e7e etkinliklerimiz; tekerleme, parmak oyunu, sohbet \u00e7al\u0131\u015fmalar\u0131, resimli kitap okuma, \u00f6yk\u00fc anlatma, dramatizasyon, \u00f6yk\u00fc tamamlama, yeniden anlatma ve g\u00f6rsellerden yeni \u00f6yk\u00fc olu\u015fturma gibi uygulamalar\u0131 kapsar.<\/span><\/p><p><span style=\"font-weight: 400;\">Bu \u00e7al\u0131\u015fmalarla \u00f6\u011frencilerimizin T\u00fcrk\u00e7eyi do\u011fru ve etkili kullanmalar\u0131, s\u00f6zc\u00fck da\u011farc\u0131klar\u0131n\u0131 geli\u015ftirmeleri, kendilerini ak\u0131c\u0131 ve \u00f6zg\u00fcvenli bi\u00e7imde ifade etmeleri hedeflenmektedir.<\/span><\/p><p><b>Sanat Etkinlikleri<\/b><\/p><p><span style=\"font-weight: 400;\">Sanat \u00e7al\u0131\u015fmalar\u0131; ince motor geli\u015fimi destekleyen, yarat\u0131c\u0131l\u0131\u011f\u0131 besleyen planl\u0131 uygulamalard\u0131r. Kesme, y\u0131rtma, yap\u0131\u015ft\u0131rma, kolaj, boyama ve \u00fc\u00e7 boyutlu tasar\u0131m \u00e7al\u0131\u015fmalar\u0131 ile \u00f6\u011frencilerimiz farkl\u0131 materyallerle \u00fcretim yapma deneyimi kazan\u0131rlar.<\/span><\/p><p><span style=\"font-weight: 400;\">Bu s\u00fcre\u00e7; hayal g\u00fcc\u00fcn\u00fc, estetik bak\u0131\u015f a\u00e7\u0131s\u0131n\u0131, problem \u00e7\u00f6zme ve ele\u015ftirel d\u00fc\u015f\u00fcnme becerilerini destekler.<\/span><\/p><p><b>Oyun ve Hareket Etkinlikleri<\/b><\/p><p><span style=\"font-weight: 400;\">Oyun, okul \u00f6ncesi e\u011fitimin temel \u00f6\u011frenme arac\u0131d\u0131r. Planl\u0131 hareket \u00e7al\u0131\u015fmalar\u0131 ve parkur uygulamalar\u0131 ile \u00f6\u011frencilerimizin kaba ve ince motor becerileri geli\u015ftirilir.<\/span><\/p><p><span style=\"font-weight: 400;\">Oyun ortam\u0131; \u00f6zg\u00fcven, i\u015f birli\u011fi, problem \u00e7\u00f6zme ve sosyal uyum becerilerinin geli\u015fimine katk\u0131 sa\u011flar. \u00c7ocuklar\u0131m\u0131z oyun yoluyla hayata haz\u0131rlan\u0131r.<\/span><\/p><p><b>Drama Etkinlikleri<\/b><\/p><p><span style=\"font-weight: 400;\">Drama \u00e7al\u0131\u015fmalar\u0131nda; rol oynama, do\u011fa\u00e7lama, \u00f6yk\u00fc olu\u015fturma ve canland\u0131rma teknikleri kullan\u0131lmaktad\u0131r. Yaparak ve ya\u015fayarak \u00f6\u011frenme esas al\u0131narak \u00f6\u011frencilerimizin duygu ve d\u00fc\u015f\u00fcncelerini s\u00f6zel ve s\u00f6zel olmayan yollarla ifade etmeleri desteklenir.<\/span><\/p><p><span style=\"font-weight: 400;\">Drama; ileti\u015fim, empati ve sosyal fark\u0131ndal\u0131k geli\u015fimine katk\u0131 sunar.<\/span><\/p><p><b>Fen ve Do\u011fa Etkinlikleri<\/b><\/p><p><span style=\"font-weight: 400;\">Fen etkinlikleri kapsam\u0131nda \u00f6\u011frencilerimiz do\u011fay\u0131 g\u00f6zlemler, deney yapar, ara\u015ft\u0131r\u0131r ve ke\u015ffeder. M\u0131knat\u0131s, b\u00fcy\u00fcte\u00e7 ve pusula gibi basit ara\u00e7larla yap\u0131lan \u00e7al\u0131\u015fmalar; dikkat, merak ve sorgulama becerilerini geli\u015ftirir.<\/span><\/p><p><span style=\"font-weight: 400;\">\u00c7evre bilinci kazand\u0131rmaya y\u00f6nelik s\u00fcrd\u00fcr\u00fclebilirlik ve geri d\u00f6n\u00fc\u015f\u00fcm temal\u0131 etkinlikler d\u00fczenlenerek \u00f6\u011frencilerimizin \u00e7evreye duyarl\u0131 bireyler olarak yeti\u015fmeleri desteklenir.<\/span><\/p><p><b>Okuma Yazmaya Haz\u0131rl\u0131k \u00c7al\u0131\u015fmalar\u0131<\/b><\/p><p><span style=\"font-weight: 400;\">G\u00f6rsel alg\u0131, dikkat ve haf\u0131za geli\u015ftirme, temel kavram \u00e7al\u0131\u015fmalar\u0131, problem \u00e7\u00f6zme, tahmin becerileri ile kalem kullanma ve el koordinasyonu \u00e7al\u0131\u015fmalar\u0131 uygulanmaktad\u0131r.<\/span><\/p><p><span style=\"font-weight: 400;\">Ama\u00e7; \u00f6\u011frencilerimizin ilkokula haz\u0131r bulunu\u015fluk d\u00fczeylerini art\u0131rmakt\u0131r. Okul \u00f6ncesi program\u0131m\u0131zda do\u011frudan okuma-yazma \u00f6\u011fretimine y\u00f6nelik harf g\u00f6sterme veya yazd\u0131rma \u00e7al\u0131\u015fmalar\u0131 yer almamaktad\u0131r.<\/span><\/p><p><b>Matematik Etkinlikleri<\/b><\/p><p><span style=\"font-weight: 400;\">E\u015fle\u015ftirme, \u00f6r\u00fcnt\u00fc olu\u015fturma, s\u0131ralama, sayma, temel i\u015flem kavramlar\u0131 ve geometrik \u015fekiller \u00fczerine \u00e7al\u0131\u015fmalar yap\u0131lmaktad\u0131r. G\u00fcnl\u00fck ya\u015famla ili\u015fkilendirilen uygulamalar sayesinde \u00e7ocuklar\u0131m\u0131z; say\u0131, miktar ve hacim kavramlar\u0131n\u0131 deneyimleyerek \u00f6\u011frenirler.<\/span><\/p><p><b>M\u00fczik Etkinlikleri<\/b><\/p><p><span style=\"font-weight: 400;\">Ritim \u00e7al\u0131\u015fmalar\u0131, nefes ve ses egzersizleri, \u015fark\u0131 s\u00f6yleme, \u00e7alg\u0131 kullan\u0131m\u0131, yarat\u0131c\u0131 hareket ve dans uygulamalar\u0131 ile \u00f6\u011frencilerimizin bili\u015fsel, dil, sosyal ve duygusal geli\u015fimleri desteklenir.<\/span><\/p><p><span style=\"font-weight: 400;\">M\u00fczik etkinlikleri; estetik duyarl\u0131l\u0131\u011f\u0131 art\u0131ran ve \u00f6\u011frenme s\u00fcrecini zenginle\u015ftiren \u00f6nemli bir e\u011fitim alan\u0131d\u0131r.<\/span><\/p>\t\t\t\t\t\t\t\t<\/div>\n\t\t\t\t<\/div>\n\t\t\t\t<\/div>\n\t\t\t\t\t<\/div>\n\t\t\t\t<\/div>\n\t\t\t\t<\/div>\n\t\t<div id=\"e-n-tab-content-1681870912\" role=\"tabpanel\" aria-labelledby=\"e-n-tab-title-1681870912\" data-tab-index=\"2\" style=\"--n-tabs-title-order: 2;\" class=\" elementor-element elementor-element-f828015 e-con-full e-flex e-con e-child\" data-id=\"f828015\" data-element_type=\"container\" data-e-type=\"container\">\n\t\t<div class=\"elementor-element elementor-element-7bf3c48 e-flex e-con-boxed e-con e-child\" data-id=\"7bf3c48\" data-element_type=\"container\" data-e-type=\"container\">\n\t\t\t\t\t<div class=\"e-con-inner\">\n\t\t<div class=\"elementor-element elementor-element-6869c3d e-con-full e-flex e-con e-child\" data-id=\"6869c3d\" data-element_type=\"container\" data-e-type=\"container\">\n\t\t\t\t<div class=\"elementor-element elementor-element-9de8551 elementor-widget elementor-widget-heading\" data-id=\"9de8551\" data-element_type=\"widget\" data-e-type=\"widget\" data-widget_type=\"heading.default\">\n\t\t\t\t<div class=\"elementor-widget-container\">\n\t\t\t\t\t<h2 class=\"elementor-heading-title elementor-size-default\">\u0130lkelerimiz\n<\/h2>\t\t\t\t<\/div>\n\t\t\t\t<\/div>\n\t\t\t\t<div class=\"elementor-element elementor-element-01e1f1e elementor-widget elementor-widget-text-editor\" data-id=\"01e1f1e\" data-element_type=\"widget\" data-e-type=\"widget\" data-widget_type=\"text-editor.default\">\n\t\t\t\t<div class=\"elementor-widget-container\">\n\t\t\t\t\t\t\t\t\t<ul><li><span style=\"font-weight: 400;\"> \u00c7ocuklar\u0131m\u0131z\u0131 k\u00fc\u00e7\u00fck ya\u015flardan itibaren Atat\u00fcrk ilke ve ink\u0131laplar\u0131 \u0131\u015f\u0131\u011f\u0131nda yeti\u015ftirmek temel \u00f6nceli\u011fimizdir.<\/span><\/li><li><span style=\"font-weight: 400;\"> Her \u00e7ocu\u011fun bireysel h\u0131z\u0131na, haz\u0131r bulunu\u015fluk d\u00fczeyine ve geli\u015fimsel ihtiya\u00e7lar\u0131na sayg\u0131 g\u00f6stererek, farkl\u0131l\u0131klar\u0131n\u0131 g\u00f6zeten bir e\u011fitim anlay\u0131\u015f\u0131 benimseriz.<\/span><\/li><li><span style=\"font-weight: 400;\"> Motor, sosyal-duygusal, dil ve bili\u015fsel geli\u015fim alanlar\u0131n\u0131 b\u00fct\u00fcnc\u00fcl bir yakla\u015f\u0131mla destekler; \u00f6z bak\u0131m becerilerinin kazand\u0131r\u0131lmas\u0131n\u0131 ve ilkokula g\u00fc\u00e7l\u00fc bir haz\u0131rl\u0131k s\u00fcreci ge\u00e7irmelerini sa\u011flar\u0131z.<\/span><\/li><li><span style=\"font-weight: 400;\"> \u00c7ocuklar\u0131m\u0131za yaln\u0131zca temel akademik beceriler kazand\u0131rmay\u0131 de\u011fil; \u00f6zg\u00fcvenli, merak eden, sorgulayan ve mutlu bireyler olarak yeti\u015fmelerini hedefleriz.<\/span><\/li><li><span style=\"font-weight: 400;\"> G\u00fcvenli, sevgi temelli ve destekleyici bir \u00f6\u011frenme ortam\u0131nda hayal g\u00fc\u00e7lerini canl\u0131 tutar; yarat\u0131c\u0131l\u0131klar\u0131n\u0131 geli\u015ftirmelerini te\u015fvik ederiz.<\/span><\/li><li><span style=\"font-weight: 400;\"> Kendini ifade edebilen, sa\u011fl\u0131kl\u0131 ileti\u015fim kurabilen ve duygular\u0131n\u0131 do\u011fru \u015fekilde aktarabilen bireyler olmalar\u0131 i\u00e7in rehberlik ederiz.<\/span><\/li><li><span style=\"font-weight: 400;\"> Sorumluluk sahibi, giri\u015fimci, ya\u015fam becerileri g\u00fc\u00e7l\u00fc ve motivasyonu y\u00fcksek bireyler yeti\u015ftirmek e\u011fitim felsefemizin temelini olu\u015fturur.<\/span><\/li><li><span style=\"font-weight: 400;\"> Sevgi, sayg\u0131, ho\u015fg\u00f6r\u00fc, yard\u0131mla\u015fma, dayan\u0131\u015fma ve payla\u015fma gibi evrensel de\u011ferleri i\u00e7selle\u015ftirmi\u015f bireyler yeti\u015ftirmeyi ilke ediniriz.<\/span><\/li><\/ul>\t\t\t\t\t\t\t\t<\/div>\n\t\t\t\t<\/div>\n\t\t\t\t<\/div>\n\t\t<div class=\"elementor-element elementor-element-c625eeb e-con-full e-flex e-con e-child\" data-id=\"c625eeb\" data-element_type=\"container\" data-e-type=\"container\">\n\t\t\t\t<div class=\"elementor-element elementor-element-4ee97b1 elementor-widget elementor-widget-image\" data-id=\"4ee97b1\" data-element_type=\"widget\" data-e-type=\"widget\" data-widget_type=\"image.default\">\n\t\t\t\t<div class=\"elementor-widget-container\">\n\t\t\t\t\t\t\t\t\t\t\t\t\t\t\t<img decoding=\"async\" width=\"900\" height=\"600\" src=\"https:\/\/profaj.co\/rotaegitim\/wp-content\/uploads\/2025\/11\/ilkelerimiz.webp\" class=\"attachment-full size-full wp-image-2371\" alt=\"\" srcset=\"https:\/\/profaj.co\/rotaegitim\/wp-content\/uploads\/2025\/11\/ilkelerimiz.webp 900w, https:\/\/profaj.co\/rotaegitim\/wp-content\/uploads\/2025\/11\/ilkelerimiz-300x200.webp 300w, https:\/\/profaj.co\/rotaegitim\/wp-content\/uploads\/2025\/11\/ilkelerimiz-768x512.webp 768w\" sizes=\"(max-width: 900px) 100vw, 900px\" \/>\t\t\t\t\t\t\t\t\t\t\t\t\t\t\t<\/div>\n\t\t\t\t<\/div>\n\t\t\t\t<\/div>\n\t\t\t\t\t<\/div>\n\t\t\t\t<\/div>\n\t\t\t\t<\/div>\n\t\t<div id=\"e-n-tab-content-1681870913\" role=\"tabpanel\" aria-labelledby=\"e-n-tab-title-1681870913\" data-tab-index=\"3\" style=\"--n-tabs-title-order: 3;\" class=\" elementor-element elementor-element-ed479b6 e-con-full e-flex e-con e-child\" data-id=\"ed479b6\" data-element_type=\"container\" data-e-type=\"container\">\n\t\t<div class=\"elementor-element elementor-element-ccd52c4 e-flex e-con-boxed e-con e-child\" data-id=\"ccd52c4\" data-element_type=\"container\" data-e-type=\"container\">\n\t\t\t\t\t<div class=\"e-con-inner\">\n\t\t<div class=\"elementor-element elementor-element-9304a56 e-con-full e-flex e-con e-child\" data-id=\"9304a56\" data-element_type=\"container\" data-e-type=\"container\">\n\t\t\t\t<div class=\"elementor-element elementor-element-46dd6a3 elementor-widget elementor-widget-heading\" data-id=\"46dd6a3\" data-element_type=\"widget\" data-e-type=\"widget\" data-widget_type=\"heading.default\">\n\t\t\t\t<div class=\"elementor-widget-container\">\n\t\t\t\t\t<h2 class=\"elementor-heading-title elementor-size-default\">Hedeflerimiz<\/h2>\t\t\t\t<\/div>\n\t\t\t\t<\/div>\n\t\t\t\t<div class=\"elementor-element elementor-element-db4f6c1 elementor-widget elementor-widget-text-editor\" data-id=\"db4f6c1\" data-element_type=\"widget\" data-e-type=\"widget\" data-widget_type=\"text-editor.default\">\n\t\t\t\t<div class=\"elementor-widget-container\">\n\t\t\t\t\t\t\t\t\t<p><span style=\"font-weight: 400;\">Rota Koleji Anaokulu olarak temel hedefimiz; \u00e7ocuklar\u0131m\u0131z\u0131n potansiyelini ke\u015ffeden, merak duygusunu besleyen ve \u00f6\u011frenmeyi ya\u015fam\u0131n do\u011fal bir par\u00e7as\u0131 haline getiren g\u00fc\u00e7l\u00fc bir e\u011fitim ortam\u0131 sunmakt\u0131r.<\/span><\/p><p><span style=\"font-weight: 400;\">Bu do\u011frultuda;<\/span><\/p><ul><li style=\"font-weight: 400;\" aria-level=\"1\"><span style=\"font-weight: 400;\">\u00d6\u011frencilerimizle g\u00fc\u00e7l\u00fc bir <\/span><b>g\u00fcven ba\u011f\u0131 kurarak<\/b><span style=\"font-weight: 400;\">, okula mutlu ve istekli bir ba\u015flang\u0131\u00e7 yapmalar\u0131n\u0131 sa\u011flamak,<\/span><\/li><li style=\"font-weight: 400;\" aria-level=\"1\"><span style=\"font-weight: 400;\">Her \u00e7ocu\u011fun bireysel farkl\u0131l\u0131klar\u0131n\u0131 g\u00f6zeterek <\/span><b>ki\u015fiye \u00f6zel geli\u015fim s\u00fcre\u00e7leri<\/b><span style=\"font-weight: 400;\"> planlamak,<\/span><\/li><li style=\"font-weight: 400;\" aria-level=\"1\"><span style=\"font-weight: 400;\">Duygusal ve sosyal geli\u015fimi destekleyerek \u00f6zg\u00fcvenlerini g\u00fc\u00e7lendirmek,<\/span><\/li><li style=\"font-weight: 400;\" aria-level=\"1\"><span style=\"font-weight: 400;\">Akademik haz\u0131rl\u0131\u011f\u0131n yan\u0131nda <\/span><b>yarat\u0131c\u0131 d\u00fc\u015f\u00fcnme, problem \u00e7\u00f6zme ve i\u015f birli\u011fi becerilerini<\/b><span style=\"font-weight: 400;\"> geli\u015ftirmek,<\/span><\/li><li style=\"font-weight: 400;\" aria-level=\"1\"><span style=\"font-weight: 400;\">\u00c7ocuklar\u0131m\u0131z\u0131n kendilerini \u00f6zg\u00fcrce ifade edebilecekleri g\u00fcvenli ve destekleyici \u00f6\u011frenme ortamlar\u0131 olu\u015fturmak,<\/span><\/li><li style=\"font-weight: 400;\" aria-level=\"1\"><span style=\"font-weight: 400;\">Spor, sanat ve k\u00fclt\u00fcrel faaliyetlerle \u00e7ok y\u00f6nl\u00fc geli\u015fimi desteklemek,<\/span><\/li><li style=\"font-weight: 400;\" aria-level=\"1\"><span style=\"font-weight: 400;\">Bili\u015fim teknolojilerini bilin\u00e7li ve etkin kullanabilecekleri aktif \u00f6\u011frenme f\u0131rsatlar\u0131 sunmak,<\/span><\/li><li style=\"font-weight: 400;\" aria-level=\"1\"><span style=\"font-weight: 400;\">De\u011ferlerine ba\u011fl\u0131, evrensel bak\u0131\u015f a\u00e7\u0131s\u0131na sahip, \u00fcretken ve sorgulayan bireyler yeti\u015ftirmek<\/span><\/li><\/ul><p><span style=\"font-weight: 400;\">temel e\u011fitim hedeflerimiz aras\u0131ndad\u0131r.<\/span><\/p><p><span style=\"font-weight: 400;\">Rota Koleji Anaokulu olarak amac\u0131m\u0131z; mutlu, \u00f6zg\u00fcveni y\u00fcksek ve ya\u015fam boyu \u00f6\u011frenmeye a\u00e7\u0131k bireylerin ilk ad\u0131mlar\u0131n\u0131 sa\u011flam temeller \u00fczerine in\u015fa etmektir.<\/span><\/p>\t\t\t\t\t\t\t\t<\/div>\n\t\t\t\t<\/div>\n\t\t\t\t<\/div>\n\t\t<div class=\"elementor-element elementor-element-9e08540 e-con-full e-flex e-con e-child\" data-id=\"9e08540\" data-element_type=\"container\" data-e-type=\"container\">\n\t\t\t\t<div class=\"elementor-element elementor-element-38a422f elementor-widget elementor-widget-image\" data-id=\"38a422f\" data-element_type=\"widget\" data-e-type=\"widget\" data-widget_type=\"image.default\">\n\t\t\t\t<div class=\"elementor-widget-container\">\n\t\t\t\t\t\t\t\t\t\t\t\t\t\t\t<img decoding=\"async\" width=\"900\" height=\"600\" src=\"https:\/\/profaj.co\/rotaegitim\/wp-content\/uploads\/2025\/11\/hedeflerimiz.webp\" class=\"attachment-full size-full wp-image-2373\" alt=\"\" srcset=\"https:\/\/profaj.co\/rotaegitim\/wp-content\/uploads\/2025\/11\/hedeflerimiz.webp 900w, https:\/\/profaj.co\/rotaegitim\/wp-content\/uploads\/2025\/11\/hedeflerimiz-300x200.webp 300w, https:\/\/profaj.co\/rotaegitim\/wp-content\/uploads\/2025\/11\/hedeflerimiz-768x512.webp 768w\" sizes=\"(max-width: 900px) 100vw, 900px\" \/>\t\t\t\t\t\t\t\t\t\t\t\t\t\t\t<\/div>\n\t\t\t\t<\/div>\n\t\t\t\t<\/div>\n\t\t\t\t\t<\/div>\n\t\t\t\t<\/div>\n\t\t\t\t<\/div>\n\t\t<div id=\"e-n-tab-content-1681870914\" role=\"tabpanel\" aria-labelledby=\"e-n-tab-title-1681870914\" data-tab-index=\"4\" style=\"--n-tabs-title-order: 4;\" class=\" elementor-element elementor-element-026ad47 e-con-full e-flex e-con e-child\" data-id=\"026ad47\" data-element_type=\"container\" data-e-type=\"container\">\n\t\t<div class=\"elementor-element elementor-element-b5b8f58 e-flex e-con-boxed e-con e-child\" data-id=\"b5b8f58\" data-element_type=\"container\" data-e-type=\"container\">\n\t\t\t\t\t<div class=\"e-con-inner\">\n\t\t<div class=\"elementor-element elementor-element-f90a3bf e-con-full e-flex e-con e-child\" data-id=\"f90a3bf\" data-element_type=\"container\" data-e-type=\"container\">\n\t\t\t\t<div class=\"elementor-element elementor-element-cea0910 elementor-widget elementor-widget-heading\" data-id=\"cea0910\" data-element_type=\"widget\" data-e-type=\"widget\" data-widget_type=\"heading.default\">\n\t\t\t\t<div class=\"elementor-widget-container\">\n\t\t\t\t\t<h2 class=\"elementor-heading-title elementor-size-default\">Anas\u0131n\u0131f\u0131nda  Ya\u015fam\n<\/h2>\t\t\t\t<\/div>\n\t\t\t\t<\/div>\n\t\t\t\t<div class=\"elementor-element elementor-element-73c4e88 elementor-widget elementor-widget-heading\" data-id=\"73c4e88\" data-element_type=\"widget\" data-e-type=\"widget\" data-widget_type=\"heading.default\">\n\t\t\t\t<div class=\"elementor-widget-container\">\n\t\t\t\t\t<h2 class=\"elementor-heading-title elementor-size-default\">Bir G\u00fcn Nas\u0131l Ge\u00e7iyor?<\/h2>\t\t\t\t<\/div>\n\t\t\t\t<\/div>\n\t\t\t\t<div class=\"elementor-element elementor-element-66e40ea elementor-widget elementor-widget-text-editor\" data-id=\"66e40ea\" data-element_type=\"widget\" data-e-type=\"widget\" data-widget_type=\"text-editor.default\">\n\t\t\t\t<div class=\"elementor-widget-container\">\n\t\t\t\t\t\t\t\t\t<p><b>\u00d6zel Rota Anas\u0131n\u0131f\u0131<\/b><span style=\"font-weight: 400;\">\u2019nda her g\u00fcne g\u00fcvenli, planl\u0131 ve pedagojik temellere dayal\u0131 bir ba\u015flang\u0131\u00e7 yap\u0131yoruz. <\/span><span style=\"font-weight: 400;\">\ud83c\udf3f<\/span><\/p><p><span style=\"font-weight: 400;\">Okulumuz <\/span><b>08.00 itibar\u0131yla<\/b><span style=\"font-weight: 400;\"> a\u00e7\u0131l\u0131r. \u00d6\u011frencilerimiz n\u00f6bet\u00e7i \u00f6\u011fretmenimiz taraf\u0131ndan kar\u015f\u0131lan\u0131r ve s\u0131n\u0131flar\u0131na y\u00f6nlendirilir. Servisle gelen \u00f6\u011frencilerimiz yard\u0131mc\u0131 \u00f6\u011fretmenlerimiz e\u015fli\u011finde g\u00fcvenle b\u00f6l\u00fcmlerine ula\u015ft\u0131r\u0131l\u0131r. S\u0131n\u0131f ayakkab\u0131lar\u0131n\u0131 de\u011fi\u015ftiren \u00f6\u011frencilerimiz \u00f6\u011fretmenleri e\u015fli\u011finde g\u00fcne haz\u0131r hale gelir.<\/span><\/p><p><span style=\"font-weight: 400;\">Saat <\/span><b>08.30\u2019da kahvalt\u0131<\/b><span style=\"font-weight: 400;\"> yap\u0131l\u0131r. Diyetisyen kontrol\u00fcnde haz\u0131rlanan kahvalt\u0131 men\u00fcm\u00fcz, \u00f6\u011frencilerimizin dengeli ve sa\u011fl\u0131kl\u0131 beslenmesini destekleyecek \u015fekilde planlan\u0131r.<\/span><\/p><p><span style=\"font-weight: 400;\">Saat <\/span><b>09.00\u2019da dersler ba\u015flar.<\/b><span style=\"font-weight: 400;\"> \u00d6\u011frencilerimiz g\u00fcn i\u00e7erisinde ya\u015f gruplar\u0131na uygun olarak planlanan program do\u011frultusunda <\/span><b>g\u00fcnde sekiz ders saati<\/b><span style=\"font-weight: 400;\"> e\u011fitim al\u0131r.<\/span><\/p>\t\t\t\t\t\t\t\t<\/div>\n\t\t\t\t<\/div>\n\t\t\t\t<\/div>\n\t\t<div class=\"elementor-element elementor-element-70426bb e-con-full e-flex e-con e-child\" data-id=\"70426bb\" data-element_type=\"container\" data-e-type=\"container\">\n\t\t\t\t<div class=\"elementor-element elementor-element-fcc7abd elementor-widget elementor-widget-image\" data-id=\"fcc7abd\" data-element_type=\"widget\" data-e-type=\"widget\" data-widget_type=\"image.default\">\n\t\t\t\t<div class=\"elementor-widget-container\">\n\t\t\t\t\t\t\t\t\t\t\t\t\t\t\t<img loading=\"lazy\" decoding=\"async\" width=\"900\" height=\"600\" src=\"https:\/\/profaj.co\/rotaegitim\/wp-content\/uploads\/2025\/11\/anasinifinda-yasam-1.webp\" class=\"attachment-full size-full wp-image-2391\" alt=\"\" srcset=\"https:\/\/profaj.co\/rotaegitim\/wp-content\/uploads\/2025\/11\/anasinifinda-yasam-1.webp 900w, https:\/\/profaj.co\/rotaegitim\/wp-content\/uploads\/2025\/11\/anasinifinda-yasam-1-300x200.webp 300w, https:\/\/profaj.co\/rotaegitim\/wp-content\/uploads\/2025\/11\/anasinifinda-yasam-1-768x512.webp 768w\" sizes=\"(max-width: 900px) 100vw, 900px\" \/>\t\t\t\t\t\t\t\t\t\t\t\t\t\t\t<\/div>\n\t\t\t\t<\/div>\n\t\t\t\t<\/div>\n\t\t\t\t\t<\/div>\n\t\t\t\t<\/div>\n\t\t<div class=\"elementor-element elementor-element-c7f6168 e-con-full e-flex e-con e-child\" data-id=\"c7f6168\" data-element_type=\"container\" data-e-type=\"container\">\n\t\t\t\t<div class=\"elementor-element elementor-element-ff8fd50 elementor-widget elementor-widget-text-editor\" data-id=\"ff8fd50\" data-element_type=\"widget\" data-e-type=\"widget\" data-widget_type=\"text-editor.default\">\n\t\t\t\t<div class=\"elementor-widget-container\">\n\t\t\t\t\t\t\t\t\t<p><span style=\"font-weight: 400;\">E\u011fitim anlay\u0131\u015f\u0131m\u0131z\u0131n temelini <\/span><b>proje odakl\u0131 \u00f6\u011frenme yakla\u015f\u0131m\u0131<\/b><span style=\"font-weight: 400;\"> olu\u015fturur. Bu yakla\u015f\u0131m do\u011frultusunda \u00f6\u011frencilerimiz bilgiyi haz\u0131r olarak almak yerine; ara\u015ft\u0131rarak, deneyimleyerek ve \u00fcreterek \u00f6\u011frenirler. Merak ettikleri konular projelere d\u00f6n\u00fc\u015ft\u00fcr\u00fcl\u00fcr; soru sormalar\u0131, tahmin y\u00fcr\u00fctmeleri ve \u00e7\u00f6z\u00fcm \u00fcretmeleri te\u015fvik edilir. Grup \u00e7al\u0131\u015fmalar\u0131yla i\u015f birli\u011fi becerileri desteklenirken sanat, drama, fen, matematik ve dil etkinlikleri b\u00fct\u00fcnc\u00fcl bir yap\u0131 i\u00e7erisinde projelere entegre edilir.<\/span><\/p><p><span style=\"font-weight: 400;\">Program\u0131m\u0131z kapsam\u0131nda \u00f6\u011frencilerimiz;<\/span><\/p><ul><li style=\"font-weight: 400;\" aria-level=\"1\"><span style=\"font-weight: 400;\">Bran\u015f dersleri ve uygulamal\u0131 \u00e7al\u0131\u015fmalar,<\/span><\/li><li style=\"font-weight: 400;\" aria-level=\"1\"><span style=\"font-weight: 400;\">Sanat, bilim ve tasar\u0131m temelli <\/span><b>at\u00f6lye etkinlikleri<\/b><span style=\"font-weight: 400;\">,<\/span><\/li><li style=\"font-weight: 400;\" aria-level=\"1\"><span style=\"font-weight: 400;\">Ya\u015fayarak \u00f6\u011frenmeyi destekleyen <\/span><b>gezi ve g\u00f6zlem \u00e7al\u0131\u015fmalar\u0131<\/b><span style=\"font-weight: 400;\"> ile \u00f6\u011frenme s\u00fcre\u00e7lerini zenginle\u015ftirirler.<\/span><\/li><\/ul><p><span style=\"font-weight: 400;\">\u00d6\u011frencilerimiz g\u00fcn i\u00e7erisinde <\/span><b>\u00f6\u011fle yeme\u011fi<\/b><span style=\"font-weight: 400;\"> ve <\/span><b>ikindi kahvalt\u0131s\u0131<\/b><span style=\"font-weight: 400;\"> yapmaktad\u0131r. T\u00fcm yemek listeleri diyetisyen kontrol\u00fcnde haz\u0131rlanmakta olup \u00e7ocuklar\u0131m\u0131z\u0131n g\u00fcnl\u00fck kalori ve enerji ihtiya\u00e7lar\u0131na uygun, dengeli ve sa\u011fl\u0131kl\u0131 i\u00e7eriklerden olu\u015fturulmaktad\u0131r. Yemek sonras\u0131 e\u011fitim program\u0131 planland\u0131\u011f\u0131 \u015fekilde devam eder.<\/span><\/p><p><span style=\"font-weight: 400;\">Saat <\/span><b>16.20\u2019de dersler sona erer.<\/b><\/p><p><span style=\"font-weight: 400;\">Servisle giden \u00f6\u011frencilerimiz yard\u0131mc\u0131 \u00f6\u011fretmenlerimiz ve servis hostesleri e\u015fli\u011finde ara\u00e7lar\u0131na bindirilir. \u00d6\u011frencisini okuldan alan velilerimize ise \u00e7ocuklar\u0131m\u0131z s\u0131n\u0131f \u00f6\u011fretmenleri taraf\u0131ndan teslim edilir.<\/span><\/p><p><b>Okul Sonras\u0131 (Et\u00fct) Uygulamas\u0131<\/b><\/p><p><span style=\"font-weight: 400;\">\u00c7al\u0131\u015fan velilerimize destek olmak amac\u0131yla <\/span><b>16.20\u201318.00 saatleri aras\u0131nda<\/b><span style=\"font-weight: 400;\"> \u00f6\u011frencilerimiz n\u00f6bet\u00e7i \u00f6\u011fretmenimiz e\u015fli\u011finde et\u00fct s\u0131n\u0131f\u0131nda kalabilirler. Bu s\u00fcre\u00e7te \u00f6\u011frencilerimiz g\u00fcvenli bir ortamda oyun, sanat ve e\u011fitsel etkinliklerle zamanlar\u0131n\u0131 verimli \u015fekilde de\u011ferlendirirler.<\/span><\/p><p><span style=\"font-weight: 400;\">Sevgi, g\u00fcven ve \u00fcretken bir \u00f6\u011frenme ortam\u0131nda dolu dolu bir g\u00fcn\u00fc birlikte tamaml\u0131yoruz.<\/span><\/p>\t\t\t\t\t\t\t\t<\/div>\n\t\t\t\t<\/div>\n\t\t\t\t<\/div>\n\t\t\t\t<\/div>\n\t\t<div id=\"e-n-tab-content-1681870915\" role=\"tabpanel\" aria-labelledby=\"e-n-tab-title-1681870915\" data-tab-index=\"5\" style=\"--n-tabs-title-order: 5;\" class=\" elementor-element elementor-element-d6f4b6e e-con-full e-flex e-con e-child\" data-id=\"d6f4b6e\" data-element_type=\"container\" data-e-type=\"container\">\n\t\t<div class=\"elementor-element elementor-element-445e5a4 e-flex e-con-boxed e-con e-child\" data-id=\"445e5a4\" data-element_type=\"container\" data-e-type=\"container\">\n\t\t\t\t\t<div class=\"e-con-inner\">\n\t\t<div class=\"elementor-element elementor-element-37365b4 e-con-full e-flex e-con e-child\" data-id=\"37365b4\" data-element_type=\"container\" data-e-type=\"container\">\n\t\t\t\t<div class=\"elementor-element elementor-element-2ecc98b elementor-widget elementor-widget-heading\" data-id=\"2ecc98b\" data-element_type=\"widget\" data-e-type=\"widget\" data-widget_type=\"heading.default\">\n\t\t\t\t<div class=\"elementor-widget-container\">\n\t\t\t\t\t<h2 class=\"elementor-heading-title elementor-size-default\">Bran\u015f Dersleri  \n<\/h2>\t\t\t\t<\/div>\n\t\t\t\t<\/div>\n\t\t\t\t<div class=\"elementor-element elementor-element-4e67a3e elementor-widget elementor-widget-text-editor\" data-id=\"4e67a3e\" data-element_type=\"widget\" data-e-type=\"widget\" data-widget_type=\"text-editor.default\">\n\t\t\t\t<div class=\"elementor-widget-container\">\n\t\t\t\t\t\t\t\t\t<p><b>Satran\u00e7<\/b><\/p><p><span style=\"font-weight: 400;\">Stratejik d\u00fc\u015f\u00fcnmenin temellerini atan satran\u00e7 derslerimiz; dikkat, sab\u0131r ve planlama becerilerini geli\u015ftirir. \u00c7ocuklar\u0131m\u0131z kurall\u0131 oyun bilinci kazan\u0131rken problem \u00e7\u00f6zme yetkinlikleri g\u00fc\u00e7lenir.<\/span><\/p><p><b>Beden E\u011fitimi<\/b><\/p><p><span style=\"font-weight: 400;\">Temel hareket e\u011fitimi, koordinasyon \u00e7al\u0131\u015fmalar\u0131 ve e\u011fitsel oyunlarla fiziksel geli\u015fim desteklenir. Disiplin, tak\u0131m ruhu ve fair-play anlay\u0131\u015f\u0131 kazand\u0131r\u0131l\u0131r.<\/span><\/p><p><b>Y\u00fczme<\/b><\/p><p><span style=\"font-weight: 400;\">Uzman e\u011fitmenler e\u015fli\u011finde y\u00fcr\u00fct\u00fclen y\u00fczme program\u0131m\u0131z; suya g\u00fcvenli uyum, temel y\u00fczme becerileri ve dayan\u0131kl\u0131l\u0131k geli\u015fimi sa\u011flar. Y\u00fczme, hem fiziksel hem de psikolojik a\u00e7\u0131dan \u00f6zg\u00fcveni destekleyen \u00f6nemli bir bran\u015ft\u0131r.<\/span><\/p>\t\t\t\t\t\t\t\t<\/div>\n\t\t\t\t<\/div>\n\t\t\t\t<\/div>\n\t\t<div class=\"elementor-element elementor-element-09ecbda e-con-full e-flex e-con e-child\" data-id=\"09ecbda\" data-element_type=\"container\" data-e-type=\"container\">\n\t\t\t\t<div class=\"elementor-element elementor-element-d0fc1d2 elementor-widget elementor-widget-image\" data-id=\"d0fc1d2\" data-element_type=\"widget\" data-e-type=\"widget\" data-widget_type=\"image.default\">\n\t\t\t\t<div class=\"elementor-widget-container\">\n\t\t\t\t\t\t\t\t\t\t\t\t\t\t\t<img loading=\"lazy\" decoding=\"async\" width=\"900\" height=\"600\" src=\"https:\/\/profaj.co\/rotaegitim\/wp-content\/uploads\/2025\/11\/brans-dersleri.webp\" class=\"attachment-full size-full wp-image-2377\" alt=\"\" srcset=\"https:\/\/profaj.co\/rotaegitim\/wp-content\/uploads\/2025\/11\/brans-dersleri.webp 900w, https:\/\/profaj.co\/rotaegitim\/wp-content\/uploads\/2025\/11\/brans-dersleri-300x200.webp 300w, https:\/\/profaj.co\/rotaegitim\/wp-content\/uploads\/2025\/11\/brans-dersleri-768x512.webp 768w\" sizes=\"(max-width: 900px) 100vw, 900px\" \/>\t\t\t\t\t\t\t\t\t\t\t\t\t\t\t<\/div>\n\t\t\t\t<\/div>\n\t\t\t\t<\/div>\n\t\t\t\t\t<\/div>\n\t\t\t\t<\/div>\n\t\t<div class=\"elementor-element elementor-element-cc59922 e-con-full e-flex e-con e-child\" data-id=\"cc59922\" data-element_type=\"container\" data-e-type=\"container\">\n\t\t\t\t<div class=\"elementor-element elementor-element-90c7147 elementor-widget elementor-widget-text-editor\" data-id=\"90c7147\" data-element_type=\"widget\" data-e-type=\"widget\" data-widget_type=\"text-editor.default\">\n\t\t\t\t<div class=\"elementor-widget-container\">\n\t\t\t\t\t\t\t\t\t<p><b>Kodlama (Oyun Temelli)<\/b><\/p><p><span style=\"font-weight: 400;\">Ya\u015f grubuna uygun materyallerle uygulanan kodlama \u00e7al\u0131\u015fmalar\u0131; mant\u0131k y\u00fcr\u00fctme, s\u0131ralama ve neden-sonu\u00e7 ili\u015fkisi kurma becerilerini geli\u015ftirir. Analitik d\u00fc\u015f\u00fcnmenin temelleri erken ya\u015fta at\u0131l\u0131r.<\/span><\/p><p><b>M\u00fczik<\/b><\/p><p><span style=\"font-weight: 400;\">Ritim, melodi ve hareket temelli \u00e7al\u0131\u015fmalarla i\u015fitsel alg\u0131 ve haf\u0131za g\u00fc\u00e7lenir. \u00c7ocuklar\u0131m\u0131z duygular\u0131n\u0131 sanat yoluyla ifade etmeyi \u00f6\u011frenir.<\/span><\/p><p><b>G\u00f6rsel Sanatlar<\/b><\/p><p><span style=\"font-weight: 400;\">Farkl\u0131 teknik ve materyallerle ger\u00e7ekle\u015ftirilen sanat \u00e7al\u0131\u015fmalar\u0131; ince motor geli\u015fimi destekler, yarat\u0131c\u0131l\u0131\u011f\u0131 ve \u00f6zg\u00fcn bak\u0131\u015f a\u00e7\u0131s\u0131n\u0131 te\u015fvik eder.<\/span><\/p><p><b>Modern Dans<\/b><\/p><p><span style=\"font-weight: 400;\">Ritim duygusu, beden koordinasyonu ve estetik alg\u0131 geli\u015fir. Sahne fark\u0131ndal\u0131\u011f\u0131 ve \u00f6zg\u00fcven kazand\u0131ran \u00e7al\u0131\u015fmalarla \u00e7ocuklar\u0131m\u0131z kendilerini \u00f6zg\u00fcrce ifade eder.<\/span><\/p><p><b>\u00c7ocuk Yogas\u0131<\/b><\/p><p><span style=\"font-weight: 400;\">Nefes teknikleri ve denge \u00e7al\u0131\u015fmalar\u0131yla beden fark\u0131ndal\u0131\u011f\u0131 artar. Yoga, \u00e7ocuklar\u0131m\u0131z\u0131n odaklanma, sakinle\u015fme ve duygusal denge becerilerini destekler.<\/span><\/p>\t\t\t\t\t\t\t\t<\/div>\n\t\t\t\t<\/div>\n\t\t\t\t<\/div>\n\t\t\t\t<\/div>\n\t\t<div id=\"e-n-tab-content-1681870916\" role=\"tabpanel\" aria-labelledby=\"e-n-tab-title-1681870916\" data-tab-index=\"6\" style=\"--n-tabs-title-order: 6;\" class=\" elementor-element elementor-element-53d9143 e-con-full e-flex e-con e-child\" data-id=\"53d9143\" data-element_type=\"container\" data-e-type=\"container\">\n\t\t<div class=\"elementor-element elementor-element-26ed5f0 e-flex e-con-boxed e-con e-child\" data-id=\"26ed5f0\" data-element_type=\"container\" data-e-type=\"container\">\n\t\t\t\t\t<div class=\"e-con-inner\">\n\t\t<div class=\"elementor-element elementor-element-4a26b07 e-con-full e-flex e-con e-child\" data-id=\"4a26b07\" data-element_type=\"container\" data-e-type=\"container\">\n\t\t\t\t<div class=\"elementor-element elementor-element-a524639 elementor-widget elementor-widget-heading\" data-id=\"a524639\" data-element_type=\"widget\" data-e-type=\"widget\" data-widget_type=\"heading.default\">\n\t\t\t\t<div class=\"elementor-widget-container\">\n\t\t\t\t\t<h2 class=\"elementor-heading-title elementor-size-default\">Yabanc\u0131 Dil\n<\/h2>\t\t\t\t<\/div>\n\t\t\t\t<\/div>\n\t\t\t\t<div class=\"elementor-element elementor-element-0f4d7c8 elementor-widget elementor-widget-text-editor\" data-id=\"0f4d7c8\" data-element_type=\"widget\" data-e-type=\"widget\" data-widget_type=\"text-editor.default\">\n\t\t\t\t<div class=\"elementor-widget-container\">\n\t\t\t\t\t\t\t\t\t<p><b>\u0130NG\u0130L\u0130ZCE<\/b><\/p><p><span style=\"font-weight: 400;\">Okulumuzda anaokulu \u0130ngilizce e\u011fitimi, \u00e7ocuklar\u0131m\u0131z\u0131n dili do\u011fal edinim s\u00fcreciyle \u00f6\u011frenmelerini hedefler. \u0130ngilizce bu ya\u015f grubunda bir ders olman\u0131n \u00f6tesinde; oyunla, hareketle ve g\u00fcnl\u00fck ya\u015fam rutinleriyle i\u00e7 i\u00e7e sunulur.<\/span><\/p><p><span style=\"font-weight: 400;\">Program\u0131m\u0131zda <\/span><b>Oxford University Press yay\u0131nlar\u0131<\/b><span style=\"font-weight: 400;\"> kullan\u0131lmakta ve i\u00e7erikler dijital programlarla desteklenmektedir. B\u00f6ylece \u00f6\u011frencilerimiz hem bas\u0131l\u0131 materyallerle hem de interaktif uygulamalarla \u00e7ok y\u00f6nl\u00fc bir \u00f6\u011frenme deneyimi ya\u015far.<\/span><\/p><p><b>Dil Maruziyeti ve \u0130leti\u015fim Ortam\u0131<\/b><\/p><p><span style=\"font-weight: 400;\">\u00d6\u011fretmenlerimiz ders s\u00fcresince \u00f6\u011frencilerimizle aktif olarak <\/span><b>\u0130ngilizce konu\u015fur<\/b><span style=\"font-weight: 400;\"> ve do\u011fal dil maruziyeti sa\u011flar. Bu yakla\u015f\u0131m sayesinde \u00e7ocuklar\u0131m\u0131z dili \u00e7eviri yoluyla de\u011fil, <\/span><b>duyarak, tekrar ederek ve deneyimleyerek<\/b><span style=\"font-weight: 400;\"> \u00f6\u011frenir.<\/span><\/p><p><span style=\"font-weight: 400;\">Maruz b\u0131rakarak \u00f6\u011frenme modeli ile:<\/span><\/p><ul><li style=\"font-weight: 400;\" aria-level=\"1\"><span style=\"font-weight: 400;\">G\u00fcnl\u00fck ifadeler do\u011fal ak\u0131\u015f i\u00e7inde kazan\u0131l\u0131r.<\/span><\/li><li style=\"font-weight: 400;\" aria-level=\"1\"><span style=\"font-weight: 400;\">Do\u011fru telaffuz erken ya\u015fta yerle\u015fir.<\/span><\/li><li style=\"font-weight: 400;\" aria-level=\"1\"><span style=\"font-weight: 400;\">\u0130ngilizceye kar\u015f\u0131 \u00f6zg\u00fcven geli\u015fir.<\/span><\/li><li style=\"font-weight: 400;\" aria-level=\"1\"><span style=\"font-weight: 400;\">Dil \u00f6\u011frenimi kal\u0131c\u0131 ve i\u00e7selle\u015ftirilmi\u015f hale gelir.<\/span><\/li><\/ul>\t\t\t\t\t\t\t\t<\/div>\n\t\t\t\t<\/div>\n\t\t\t\t<\/div>\n\t\t<div class=\"elementor-element elementor-element-91f016e e-con-full e-flex e-con e-child\" data-id=\"91f016e\" data-element_type=\"container\" data-e-type=\"container\">\n\t\t\t\t<div class=\"elementor-element elementor-element-29eb836 elementor-widget elementor-widget-image\" data-id=\"29eb836\" data-element_type=\"widget\" data-e-type=\"widget\" data-widget_type=\"image.default\">\n\t\t\t\t<div class=\"elementor-widget-container\">\n\t\t\t\t\t\t\t\t\t\t\t\t\t\t\t<img loading=\"lazy\" decoding=\"async\" width=\"900\" height=\"600\" src=\"https:\/\/profaj.co\/rotaegitim\/wp-content\/uploads\/2025\/11\/yabanci-dil.webp\" class=\"attachment-full size-full wp-image-2379\" alt=\"\" srcset=\"https:\/\/profaj.co\/rotaegitim\/wp-content\/uploads\/2025\/11\/yabanci-dil.webp 900w, https:\/\/profaj.co\/rotaegitim\/wp-content\/uploads\/2025\/11\/yabanci-dil-300x200.webp 300w, https:\/\/profaj.co\/rotaegitim\/wp-content\/uploads\/2025\/11\/yabanci-dil-768x512.webp 768w\" sizes=\"(max-width: 900px) 100vw, 900px\" \/>\t\t\t\t\t\t\t\t\t\t\t\t\t\t\t<\/div>\n\t\t\t\t<\/div>\n\t\t\t\t<\/div>\n\t\t\t\t\t<\/div>\n\t\t\t\t<\/div>\n\t\t<div class=\"elementor-element elementor-element-9ab99d7 e-flex e-con-boxed e-con e-child\" data-id=\"9ab99d7\" data-element_type=\"container\" data-e-type=\"container\">\n\t\t\t\t\t<div class=\"e-con-inner\">\n\t\t<div class=\"elementor-element elementor-element-3cf3481 e-con-full e-flex e-con e-child\" data-id=\"3cf3481\" data-element_type=\"container\" data-e-type=\"container\">\n\t\t\t\t<div class=\"elementor-element elementor-element-f2cb4e4 elementor-widget elementor-widget-text-editor\" data-id=\"f2cb4e4\" data-element_type=\"widget\" data-e-type=\"widget\" data-widget_type=\"text-editor.default\">\n\t\t\t\t<div class=\"elementor-widget-container\">\n\t\t\t\t\t\t\t\t\t<p><b>Hedefimiz<\/b><\/p><ul><li style=\"font-weight: 400;\" aria-level=\"1\"><span style=\"font-weight: 400;\">\u0130ngilizceyi seven,<\/span><\/li><li style=\"font-weight: 400;\" aria-level=\"1\"><span style=\"font-weight: 400;\">Basit y\u00f6nergeleri anlayabilen,<\/span><\/li><li style=\"font-weight: 400;\" aria-level=\"1\"><span style=\"font-weight: 400;\">Temel kelime ve kal\u0131plar\u0131 kullanabilen,<\/span><\/li><li style=\"font-weight: 400;\" aria-level=\"1\"><span style=\"font-weight: 400;\">Kendini ifade etmeye istekli ve \u00f6zg\u00fcvenli bireyler yeti\u015ftirmek.<\/span><\/li><\/ul><p><span style=\"font-weight: 400;\">Anaokulunda at\u0131lan bu g\u00fc\u00e7l\u00fc temel, ilerleyen e\u011fitim kademelerinde g\u00fc\u00e7l\u00fc bir akademik \u0130ngilizce altyap\u0131s\u0131n\u0131n olu\u015fmas\u0131n\u0131 sa\u011flar.<\/span><\/p><p><b>\u0130spanyolca<\/b><\/p><p><span style=\"font-weight: 400;\">Okulumuzda ikinci yabanc\u0131 dil olarak sunulan \u0130spanyolca e\u011fitimi, \u00f6\u011frencilerimizin erken ya\u015fta farkl\u0131 bir dili do\u011fal bir s\u00fcre\u00e7 i\u00e7erisinde edinmelerini destekler. Anas\u0131n\u0131f\u0131ndan itibaren ba\u015flayan program\u0131m\u0131z; oyun temelli, g\u00f6rsel ve i\u015fitsel materyallerle zenginle\u015ftirilmi\u015f i\u00e7erikleriyle \u00e7ocuklar\u0131m\u0131z\u0131n dili severek \u00f6\u011frenmesini hedefler.<\/span><\/p><p><span style=\"font-weight: 400;\">\u0130spanyolca, d\u00fcnya genelinde yakla\u015f\u0131k 580 milyon ki\u015fi taraf\u0131ndan konu\u015fulan, uluslararas\u0131 ileti\u015fimde g\u00fc\u00e7l\u00fc bir yere sahip olan \u00f6nemli bir dildir. Erken ya\u015fta kazan\u0131lan dil fark\u0131ndal\u0131\u011f\u0131; \u00f6\u011frencilerimizin \u00f6zg\u00fcvenini art\u0131r\u0131r, k\u00fclt\u00fcrleraras\u0131 anlay\u0131\u015f\u0131n\u0131 geli\u015ftirir ve \u00e7ok dilli bireyler olarak yeti\u015fmelerine katk\u0131 sa\u011flar.<\/span><\/p><p><span style=\"font-weight: 400;\">Anaokulu d\u00fczeyinde \u0130spanyolca derslerimizde:<\/span><\/p><ul><li style=\"font-weight: 400;\" aria-level=\"1\"><span style=\"font-weight: 400;\">\u015eark\u0131lar, oyunlar ve drama etkinlikleriyle do\u011fal \u00f6\u011frenme ortam\u0131 olu\u015fturulur.<\/span><\/li><li style=\"font-weight: 400;\" aria-level=\"1\"><span style=\"font-weight: 400;\">G\u00fcnl\u00fck ya\u015fam ifadeleri ve temel kelimeler e\u011flenceli etkinliklerle kazand\u0131r\u0131l\u0131r.<\/span><\/li><li style=\"font-weight: 400;\" aria-level=\"1\"><span style=\"font-weight: 400;\">Dinleme ve konu\u015fma becerileri \u00f6ncelikli olarak desteklenir.<\/span><\/li><li style=\"font-weight: 400;\" aria-level=\"1\"><span style=\"font-weight: 400;\">Farkl\u0131 k\u00fclt\u00fcrlere y\u00f6nelik merak ve ke\u015ffetme duygusu te\u015fvik edilir.<\/span><\/li><\/ul><p><span style=\"font-weight: 400;\">Amac\u0131m\u0131z; \u00f6\u011frencilerimizin erken ya\u015fta ikinci bir dile kar\u015f\u0131 olumlu tutum geli\u015ftirmesi, \u00e7ok k\u00fclt\u00fcrl\u00fc bir bak\u0131\u015f a\u00e7\u0131s\u0131 kazanmas\u0131 ve ilerleyen e\u011fitim hayatlar\u0131nda g\u00fc\u00e7l\u00fc bir dil altyap\u0131s\u0131na sahip olmalar\u0131n\u0131 sa\u011flamakt\u0131r.<\/span><\/p>\t\t\t\t\t\t\t\t<\/div>\n\t\t\t\t<\/div>\n\t\t\t\t<\/div>\n\t\t\t\t\t<\/div>\n\t\t\t\t<\/div>\n\t\t\t\t<\/div>\n\t\t<div id=\"e-n-tab-content-1681870917\" role=\"tabpanel\" aria-labelledby=\"e-n-tab-title-1681870917\" data-tab-index=\"7\" style=\"--n-tabs-title-order: 7;\" class=\" elementor-element elementor-element-4213e57 e-con-full e-flex e-con e-child\" data-id=\"4213e57\" data-element_type=\"container\" data-e-type=\"container\">\n\t\t<div class=\"elementor-element elementor-element-e8c9fe9 e-flex e-con-boxed e-con e-child\" data-id=\"e8c9fe9\" data-element_type=\"container\" data-e-type=\"container\">\n\t\t\t\t\t<div class=\"e-con-inner\">\n\t\t<div class=\"elementor-element elementor-element-fc1b2f9 e-con-full e-flex e-con e-child\" data-id=\"fc1b2f9\" data-element_type=\"container\" data-e-type=\"container\">\n\t\t\t\t<div class=\"elementor-element elementor-element-fcf75c0 elementor-widget elementor-widget-heading\" data-id=\"fcf75c0\" data-element_type=\"widget\" data-e-type=\"widget\" data-widget_type=\"heading.default\">\n\t\t\t\t<div class=\"elementor-widget-container\">\n\t\t\t\t\t<h2 class=\"elementor-heading-title elementor-size-default\">Rehberlik<\/h2>\t\t\t\t<\/div>\n\t\t\t\t<\/div>\n\t\t\t\t<div class=\"elementor-element elementor-element-7d81a8f elementor-widget elementor-widget-text-editor\" data-id=\"7d81a8f\" data-element_type=\"widget\" data-e-type=\"widget\" data-widget_type=\"text-editor.default\">\n\t\t\t\t<div class=\"elementor-widget-container\">\n\t\t\t\t\t\t\t\t\t<p><span style=\"font-weight: 400;\">Okulumuzda Rehberlik ve Psikolojik Dan\u0131\u015fmanl\u0131k Birimi; \u00f6\u011frencilerimizin akademik, sosyal ve duygusal geli\u015fimlerini b\u00fct\u00fcnc\u00fcl bir yakla\u015f\u0131mla destekler. Rehberlik \u00e7al\u0131\u015fmalar\u0131m\u0131z yaln\u0131zca problem odakl\u0131 de\u011fil; \u00f6nleyici, geli\u015ftirici ve g\u00fc\u00e7lendirici bir anlay\u0131\u015fla planlan\u0131r.<\/span><\/p><p><b>Haftal\u0131k Rehberlik Dersleri<\/b><\/p><p><span style=\"font-weight: 400;\">Rehber \u00f6\u011fretmenimiz her s\u0131n\u0131fa haftada bir saat girerek ya\u015f d\u00fczeyine uygun rehberlik etkinlikleri uygular. Bu \u00e7al\u0131\u015fmalar kapsam\u0131nda:<\/span><\/p><ul><li style=\"font-weight: 400;\" aria-level=\"1\"><span style=\"font-weight: 400;\">Duygu tan\u0131ma ve ifade etme<\/span><\/li><li style=\"font-weight: 400;\" aria-level=\"1\"><span style=\"font-weight: 400;\">Akran ili\u015fkileri ve sosyal beceriler<\/span><\/li><li style=\"font-weight: 400;\" aria-level=\"1\"><span style=\"font-weight: 400;\">\u00d6zg\u00fcven geli\u015ftirme<\/span><\/li><li style=\"font-weight: 400;\" aria-level=\"1\"><span style=\"font-weight: 400;\">Sorumluluk bilinci<\/span><\/li><li style=\"font-weight: 400;\" aria-level=\"1\"><span style=\"font-weight: 400;\">Problem \u00e7\u00f6zme ve karar verme becerileri<\/span><\/li><\/ul><p><span style=\"font-weight: 400;\">desteklenir.<\/span><\/p>\t\t\t\t\t\t\t\t<\/div>\n\t\t\t\t<\/div>\n\t\t\t\t<\/div>\n\t\t<div class=\"elementor-element elementor-element-8d2905d e-con-full e-flex e-con e-child\" data-id=\"8d2905d\" data-element_type=\"container\" data-e-type=\"container\">\n\t\t\t\t<div class=\"elementor-element elementor-element-43deaf6 elementor-widget elementor-widget-image\" data-id=\"43deaf6\" data-element_type=\"widget\" data-e-type=\"widget\" data-widget_type=\"image.default\">\n\t\t\t\t<div class=\"elementor-widget-container\">\n\t\t\t\t\t\t\t\t\t\t\t\t\t\t\t<img loading=\"lazy\" decoding=\"async\" width=\"900\" height=\"600\" src=\"https:\/\/profaj.co\/rotaegitim\/wp-content\/uploads\/2025\/11\/rehberlik-2.webp\" class=\"attachment-full size-full wp-image-2764\" alt=\"\" srcset=\"https:\/\/profaj.co\/rotaegitim\/wp-content\/uploads\/2025\/11\/rehberlik-2.webp 900w, https:\/\/profaj.co\/rotaegitim\/wp-content\/uploads\/2025\/11\/rehberlik-2-300x200.webp 300w, https:\/\/profaj.co\/rotaegitim\/wp-content\/uploads\/2025\/11\/rehberlik-2-768x512.webp 768w\" sizes=\"(max-width: 900px) 100vw, 900px\" \/>\t\t\t\t\t\t\t\t\t\t\t\t\t\t\t<\/div>\n\t\t\t\t<\/div>\n\t\t\t\t<\/div>\n\t\t\t\t\t<\/div>\n\t\t\t\t<\/div>\n\t\t<div class=\"elementor-element elementor-element-9d38493 e-flex e-con-boxed e-con e-child\" data-id=\"9d38493\" data-element_type=\"container\" data-e-type=\"container\">\n\t\t\t\t\t<div class=\"e-con-inner\">\n\t\t<div class=\"elementor-element elementor-element-35f5cdc e-con-full e-flex e-con e-child\" data-id=\"35f5cdc\" data-element_type=\"container\" data-e-type=\"container\">\n\t\t\t\t<div class=\"elementor-element elementor-element-d28c02a elementor-widget elementor-widget-text-editor\" data-id=\"d28c02a\" data-element_type=\"widget\" data-e-type=\"widget\" data-widget_type=\"text-editor.default\">\n\t\t\t\t<div class=\"elementor-widget-container\">\n\t\t\t\t\t\t\t\t\t<p><b>Bireysel ve Veli G\u00f6r\u00fc\u015fmeleri<\/b><\/p><p><span style=\"font-weight: 400;\">Gerekli g\u00f6r\u00fcld\u00fc\u011f\u00fcnde \u00f6\u011frencilerimizle bireysel g\u00f6r\u00fc\u015fmeler ger\u00e7ekle\u015ftirilir. \u0130htiya\u00e7 durumunda velilerimizle de bireysel g\u00f6r\u00fc\u015fmeler yap\u0131larak s\u00fcre\u00e7 birlikte planlan\u0131r.<\/span><\/p><p><span style=\"font-weight: 400;\">Ayr\u0131ca e\u011fitim s\u00fcreci, d\u00fczenli olarak ger\u00e7ekle\u015ftirilen <\/span><b>veli seminerleri<\/b><span style=\"font-weight: 400;\"> ile desteklenir. B\u00f6ylece okul-aile i\u015f birli\u011fi g\u00fc\u00e7lendirilir ve \u00f6\u011frencilerimizin geli\u015fimi b\u00fct\u00fcnc\u00fcl \u015fekilde takip edilir.<\/span><\/p><p><span style=\"font-weight: 400;\">T\u00fcm \u00e7al\u0131\u015fmalar gizlilik ilkesi \u00e7er\u00e7evesinde y\u00fcr\u00fct\u00fcl\u00fcr.<\/span><\/p><p>\u00a0<\/p><p><b>METROPOL\u0130TAN OKUL TEST\u0130\u00a0 UYGULANMASI<\/b><\/p><p><span style=\"font-weight: 400;\">\u0130kinci d\u00f6nemde 6 ya\u015f \u00f6\u011frencilerimizin ilkokula haz\u0131rbulunu\u015fluk d\u00fczeylerini de\u011ferlendirmek amac\u0131yla Metropolitan Okul Olgunlu\u011fu Testi uygulan\u0131r.<\/span><\/p><p><span style=\"font-weight: 400;\">Bu test; \u00e7ocuklar\u0131n yaln\u0131zca akademik bilgi d\u00fczeyini de\u011fil, \u00f6\u011frenmeye haz\u0131r olma becerilerini ve geli\u015fim alanlar\u0131n\u0131 \u00e7ok y\u00f6nl\u00fc olarak de\u011ferlendirir.<\/span><\/p><p><b>De\u011ferlendirilen Alanlar<\/b><\/p><ul><li style=\"font-weight: 400;\" aria-level=\"1\"><b>Dil ve Kavram Geli\u015fimi:<\/b><span style=\"font-weight: 400;\"> S\u00f6zel y\u00f6nergeleri anlama, kelime bilgisi ve kavramlar\u0131 ay\u0131rt etme<\/span><\/li><li style=\"font-weight: 400;\" aria-level=\"1\"><b>G\u00f6rsel Alg\u0131 ve Dikkat:<\/b><span style=\"font-weight: 400;\"> E\u015fle\u015ftirme, benzerlik\u2013farkl\u0131l\u0131k ay\u0131rt etme, odaklanma becerisi<\/span><\/li><li style=\"font-weight: 400;\" aria-level=\"1\"><b>Temel Matematiksel Kavramlar:<\/b><span style=\"font-weight: 400;\"> Say\u0131 bilgisi, miktar kar\u015f\u0131la\u015ft\u0131rma, s\u0131ralama becerileri<\/span><\/li><li style=\"font-weight: 400;\" aria-level=\"1\"><b>Genel Okul Olgunlu\u011fu:<\/b><span style=\"font-weight: 400;\"> Y\u00f6nerge takip etme, \u00f6\u011frenme ortam\u0131na uyum, \u00e7al\u0131\u015fma disiplini<\/span><\/li><\/ul><p><span style=\"font-weight: 400;\">Test uygulamas\u0131 rehber \u00f6\u011fretmenimiz taraf\u0131ndan uygun ortamda ger\u00e7ekle\u015ftirilir. Sonu\u00e7lar yaln\u0131zca bir puanlama olarak de\u011ferlendirilmez; her \u00f6\u011frenci i\u00e7in ayr\u0131nt\u0131l\u0131 analiz yap\u0131l\u0131r.<\/span><\/p><p><b>Sonu\u00e7lar\u0131n Payla\u015f\u0131m\u0131<\/b><\/p><ul><li style=\"font-weight: 400;\" aria-level=\"1\"><span style=\"font-weight: 400;\">\u00d6\u011frencinin g\u00fc\u00e7l\u00fc y\u00f6nleri<\/span><\/li><li style=\"font-weight: 400;\" aria-level=\"1\"><span style=\"font-weight: 400;\">Desteklenmesi gereken alanlar<\/span><\/li><li style=\"font-weight: 400;\" aria-level=\"1\"><span style=\"font-weight: 400;\">\u0130lkokul s\u00fcrecine y\u00f6nelik \u00f6neriler<\/span><\/li><\/ul><p><span style=\"font-weight: 400;\">velilerimizle bireysel g\u00f6r\u00fc\u015fme yap\u0131larak payla\u015f\u0131l\u0131r.<\/span><\/p><p><b>Hedefimiz<\/b><\/p><p><span style=\"font-weight: 400;\">Amac\u0131m\u0131z; \u00f6\u011frencilerimizin bir \u00fcst \u00f6\u011frenim kademesine akademik, bili\u015fsel ve duygusal a\u00e7\u0131dan haz\u0131r, \u00f6zg\u00fcvenli ve sa\u011flam temellerle ge\u00e7i\u015f yapmalar\u0131n\u0131 sa\u011flamakt\u0131r.<\/span><\/p><p><span style=\"font-weight: 400;\">Rehberlik birimimiz, \u00f6\u011frencilerimizin geli\u015fim yolculu\u011funda her a\u015famada yan\u0131ndad\u0131r.<\/span><\/p>\t\t\t\t\t\t\t\t<\/div>\n\t\t\t\t<\/div>\n\t\t\t\t<\/div>\n\t\t\t\t\t<\/div>\n\t\t\t\t<\/div>\n\t\t\t\t<\/div>\n\t\t<div id=\"e-n-tab-content-1681870918\" role=\"tabpanel\" aria-labelledby=\"e-n-tab-title-1681870918\" data-tab-index=\"8\" style=\"--n-tabs-title-order: 8;\" class=\" elementor-element elementor-element-4334335 e-con-full e-flex e-con e-child\" data-id=\"4334335\" data-element_type=\"container\" data-e-type=\"container\">\n\t\t<div class=\"elementor-element elementor-element-d79490c e-flex e-con-boxed e-con e-child\" data-id=\"d79490c\" data-element_type=\"container\" data-e-type=\"container\">\n\t\t\t\t\t<div class=\"e-con-inner\">\n\t\t<div class=\"elementor-element elementor-element-adff662 e-con-full e-flex e-con e-child\" data-id=\"adff662\" data-element_type=\"container\" data-e-type=\"container\">\n\t\t\t\t<div class=\"elementor-element elementor-element-e1559be elementor-widget elementor-widget-heading\" data-id=\"e1559be\" data-element_type=\"widget\" data-e-type=\"widget\" data-widget_type=\"heading.default\">\n\t\t\t\t<div class=\"elementor-widget-container\">\n\t\t\t\t\t<h2 class=\"elementor-heading-title elementor-size-default\">Projelerimiz<\/h2>\t\t\t\t<\/div>\n\t\t\t\t<\/div>\n\t\t\t\t<div class=\"elementor-element elementor-element-4f0ac83 elementor-widget elementor-widget-text-editor\" data-id=\"4f0ac83\" data-element_type=\"widget\" data-e-type=\"widget\" data-widget_type=\"text-editor.default\">\n\t\t\t\t<div class=\"elementor-widget-container\">\n\t\t\t\t\t\t\t\t\t<p><span style=\"font-weight: 400;\">Anaokulumuzda proje \u00e7al\u0131\u015fmalar\u0131; \u00e7ocuklar\u0131m\u0131z\u0131n merak duygusunu besleyen, ara\u015ft\u0131rma iste\u011fini destekleyen ve yaparak-ya\u015fayarak \u00f6\u011frenmeyi merkeze alan bir anlay\u0131\u015fla planlan\u0131r. Her proje; geli\u015fim \u00f6zelliklerine uygun, oyun temelli ve disiplinler aras\u0131 bir yakla\u015f\u0131mla kurgulan\u0131r.<\/span><\/p><p><span style=\"font-weight: 400;\">\u00c7ocuklar\u0131m\u0131z projeler arac\u0131l\u0131\u011f\u0131yla ger\u00e7ek ya\u015famdan ilham alan durumlar \u00fczerinde d\u00fc\u015f\u00fcn\u00fcr, g\u00f6zlem yapar, sorular sorar ve \u00e7\u00f6z\u00fcm \u00fcretir. S\u00fcre\u00e7 boyunca t\u00fcmevar\u0131m y\u00f6ntemiyle par\u00e7alar\u0131 bir araya getirerek b\u00fct\u00fcne ula\u015fmay\u0131 deneyimler; i\u015f birli\u011fi yapmay\u0131, problem \u00e7\u00f6zmeyi ve \u00e7\u00f6z\u00fcm odakl\u0131 d\u00fc\u015f\u00fcnmeyi do\u011fal \u00f6\u011frenme ortam\u0131nda geli\u015ftirirler.<\/span><\/p><p><b>\u00a0Ke\u015fif ve Do\u011fa Projeleri<\/b><\/p><p><span style=\"font-weight: 400;\">Mevsim \u00e7al\u0131\u015fmalar\u0131, tohum ekme, geri d\u00f6n\u00fc\u015f\u00fcm etkinlikleri ve \u00e7evre fark\u0131ndal\u0131\u011f\u0131 uygulamalar\u0131yla \u00e7ocuklar\u0131m\u0131z do\u011fay\u0131 tan\u0131r, koruma bilinci geli\u015ftirir ve ke\u015ffederek \u00f6\u011frenir. <\/span><b>Dil ve \u0130leti\u015fim Projeleri<\/b><\/p><p><span style=\"font-weight: 400;\">Masal, dramatizasyon, hik\u00e2ye olu\u015fturma ve yarat\u0131c\u0131 ifade \u00e7al\u0131\u015fmalar\u0131yla \u00e7ocuklar\u0131m\u0131z\u0131n dil geli\u015fimi desteklenir. \u0130ngilizce maruziyetle ikinci dil fark\u0131ndal\u0131\u011f\u0131 do\u011fal ak\u0131\u015f i\u00e7inde g\u00fc\u00e7lendirilir.<\/span><\/p>\t\t\t\t\t\t\t\t<\/div>\n\t\t\t\t<\/div>\n\t\t\t\t<\/div>\n\t\t<div class=\"elementor-element elementor-element-39ffc61 e-con-full e-flex e-con e-child\" data-id=\"39ffc61\" data-element_type=\"container\" data-e-type=\"container\">\n\t\t\t\t<div class=\"elementor-element elementor-element-d3ee6c2 elementor-widget elementor-widget-image\" data-id=\"d3ee6c2\" data-element_type=\"widget\" data-e-type=\"widget\" data-widget_type=\"image.default\">\n\t\t\t\t<div class=\"elementor-widget-container\">\n\t\t\t\t\t\t\t\t\t\t\t\t\t\t\t<img loading=\"lazy\" decoding=\"async\" width=\"900\" height=\"600\" src=\"https:\/\/profaj.co\/rotaegitim\/wp-content\/uploads\/2025\/11\/yabanci-dil.webp\" class=\"attachment-full size-full wp-image-2379\" alt=\"\" srcset=\"https:\/\/profaj.co\/rotaegitim\/wp-content\/uploads\/2025\/11\/yabanci-dil.webp 900w, https:\/\/profaj.co\/rotaegitim\/wp-content\/uploads\/2025\/11\/yabanci-dil-300x200.webp 300w, https:\/\/profaj.co\/rotaegitim\/wp-content\/uploads\/2025\/11\/yabanci-dil-768x512.webp 768w\" sizes=\"(max-width: 900px) 100vw, 900px\" \/>\t\t\t\t\t\t\t\t\t\t\t\t\t\t\t<\/div>\n\t\t\t\t<\/div>\n\t\t\t\t<\/div>\n\t\t\t\t\t<\/div>\n\t\t\t\t<\/div>\n\t\t<div class=\"elementor-element elementor-element-daf8137 e-flex e-con-boxed e-con e-child\" data-id=\"daf8137\" data-element_type=\"container\" data-e-type=\"container\">\n\t\t\t\t\t<div class=\"e-con-inner\">\n\t\t<div class=\"elementor-element elementor-element-2d5c174 e-con-full e-flex e-con e-child\" data-id=\"2d5c174\" data-element_type=\"container\" data-e-type=\"container\">\n\t\t\t\t<div class=\"elementor-element elementor-element-53ee9ff elementor-widget elementor-widget-text-editor\" data-id=\"53ee9ff\" data-element_type=\"widget\" data-e-type=\"widget\" data-widget_type=\"text-editor.default\">\n\t\t\t\t<div class=\"elementor-widget-container\">\n\t\t\t\t\t\t\t\t\t<p><b>Sanat, Hareket ve Yarat\u0131c\u0131l\u0131k Projeleri<\/b><\/p><p><span style=\"font-weight: 400;\">G\u00f6rsel sanatlar, m\u00fczik, ritim, modern dans ve \u00e7ocuk yogas\u0131 etkinlikleriyle estetik bak\u0131\u015f a\u00e7\u0131s\u0131 ve \u00f6zg\u00fcn d\u00fc\u015f\u00fcnme becerileri geli\u015ftirilir. \u00dcr\u00fcn de\u011fil s\u00fcre\u00e7 odakl\u0131 yakla\u015f\u0131m benimsenir.<\/span><\/p><p><b>STEM ve Ak\u0131l Oyunlar\u0131 Projeleri<\/b><\/p><p><span style=\"font-weight: 400;\">Basit kodlama etkinlikleri, yap\u0131-in\u015fa \u00e7al\u0131\u015fmalar\u0131 ve problem \u00e7\u00f6zme oyunlar\u0131yla analitik d\u00fc\u015f\u00fcnme ve \u00fcretkenlik desteklenir.<\/span><\/p><p><span style=\"font-weight: 400;\">Projelerimizde aile kat\u0131l\u0131m\u0131 \u00f6nemli bir yer tutar. Velilerimiz s\u00fcrece dahil olarak \u00e7ocuklar\u0131n\u0131n \u00f6\u011frenme yolculu\u011funa e\u015flik eder; okul-aile i\u015f birli\u011fi g\u00fc\u00e7lenirken \u00e7ocuklar\u0131m\u0131z i\u00e7in daha anlaml\u0131 ve b\u00fct\u00fcnc\u00fcl bir \u00f6\u011frenme deneyimi olu\u015fur.<\/span><\/p><p><span style=\"font-weight: 400;\">Anaokulu kadememizde projeler; \u00f6zg\u00fcveni y\u00fcksek, merak eden, ara\u015ft\u0131ran, i\u015f birli\u011fine a\u00e7\u0131k ve \u00f6\u011frenmeyi seven bireyler yeti\u015ftirme hedefimizin g\u00fc\u00e7l\u00fc bir par\u00e7as\u0131d\u0131r.<\/span><\/p>\t\t\t\t\t\t\t\t<\/div>\n\t\t\t\t<\/div>\n\t\t\t\t<\/div>\n\t\t\t\t\t<\/div>\n\t\t\t\t<\/div>\n\t\t\t\t<\/div>\n\t\t<div id=\"e-n-tab-content-1681870919\" role=\"tabpanel\" aria-labelledby=\"e-n-tab-title-1681870919\" data-tab-index=\"9\" style=\"--n-tabs-title-order: 9;\" class=\" elementor-element elementor-element-8fb5d02 e-con-full e-flex e-con e-child\" data-id=\"8fb5d02\" data-element_type=\"container\" data-e-type=\"container\">\n\t\t<div class=\"elementor-element elementor-element-4d3322f e-flex e-con-boxed e-con e-child\" data-id=\"4d3322f\" data-element_type=\"container\" data-e-type=\"container\">\n\t\t\t\t\t<div class=\"e-con-inner\">\n\t\t<div class=\"elementor-element elementor-element-3a1efb0 e-con-full e-flex e-con e-child\" data-id=\"3a1efb0\" data-element_type=\"container\" data-e-type=\"container\">\n\t\t\t\t<div class=\"elementor-element elementor-element-5dbde31 elementor-widget elementor-widget-heading\" data-id=\"5dbde31\" data-element_type=\"widget\" data-e-type=\"widget\" data-widget_type=\"heading.default\">\n\t\t\t\t<div class=\"elementor-widget-container\">\n\t\t\t\t\t<h2 class=\"elementor-heading-title elementor-size-default\">Portfolyo<\/h2>\t\t\t\t<\/div>\n\t\t\t\t<\/div>\n\t\t\t\t<div class=\"elementor-element elementor-element-1777080 elementor-widget elementor-widget-text-editor\" data-id=\"1777080\" data-element_type=\"widget\" data-e-type=\"widget\" data-widget_type=\"text-editor.default\">\n\t\t\t\t<div class=\"elementor-widget-container\">\n\t\t\t\t\t\t\t\t\t<p><span style=\"font-weight: 400;\">Rota Koleji Anaokulu olarak \u00f6\u011frencilerimizin geli\u015fim yolculu\u011funu ailelerimizle \u015feffaf, sistemli ve b\u00fct\u00fcnc\u00fcl bir yakla\u015f\u0131mla payla\u015fmay\u0131 \u00f6nemsiyoruz. Bu do\u011frultuda planlad\u0131\u011f\u0131m\u0131z <\/span><b>Portfolyo Sunumlar\u0131<\/b><span style=\"font-weight: 400;\">, y\u0131lda iki kez ger\u00e7ekle\u015ftirilen kapsaml\u0131 de\u011ferlendirme s\u00fcre\u00e7leridir.<\/span><\/p><p><span style=\"font-weight: 400;\">Her portfolyo s\u00fcrecinde \u00f6\u011frencilerimizin:<\/span><\/p><ul><li style=\"font-weight: 400;\" aria-level=\"1\"><span style=\"font-weight: 400;\">Akademik geli\u015fimleri<\/span><\/li><li style=\"font-weight: 400;\" aria-level=\"1\"><span style=\"font-weight: 400;\">Sosyal ve duygusal becerileri<\/span><\/li><li style=\"font-weight: 400;\" aria-level=\"1\"><span style=\"font-weight: 400;\">Dil geli\u015fimi<\/span><\/li><li style=\"font-weight: 400;\" aria-level=\"1\"><span style=\"font-weight: 400;\">\u0130nce ve kaba motor becerileri<\/span><\/li><li style=\"font-weight: 400;\" aria-level=\"1\"><span style=\"font-weight: 400;\">Bran\u015f derslerindeki performanslar\u0131<\/span><\/li><\/ul><p><span style=\"font-weight: 400;\">somut \u00e7al\u0131\u015fmalar, \u00f6\u011fretmen g\u00f6zlem notlar\u0131 ve geli\u015fim de\u011ferlendirmeleriyle velilerimizle payla\u015f\u0131l\u0131r.<\/span><\/p><p><span style=\"font-weight: 400;\">S\u00fcre\u00e7; s\u0131n\u0131f \u00f6\u011fretmenlerimiz ve bran\u015f \u00f6\u011fretmenlerimizin i\u015f birli\u011fiyle titizlikle y\u00fcr\u00fct\u00fcl\u00fcr. Satran\u00e7, Beden E\u011fitimi, Y\u00fczme, Kodlama, M\u00fczik, G\u00f6rsel Sanatlar ,\u0130ngilizce ,\u0130spanyolca derslerine ait \u00e7al\u0131\u015fmalar da sunum kapsam\u0131nda yer al\u0131r.<\/span><\/p><p><span style=\"font-weight: 400;\"><br \/><\/span><span style=\"font-weight: 400;\">Sunumlar, okul ortam\u0131nda birebir g\u00f6r\u00fc\u015fme \u015feklinde ger\u00e7ekle\u015ftirilir ve \u00f6\u011frencimizin geli\u015fimi ayr\u0131nt\u0131l\u0131 olarak de\u011ferlendirilir.<\/span><\/p><p><span style=\"font-weight: 400;\">Amac\u0131m\u0131z; \u00f6\u011frencimizin geli\u015fimini b\u00fct\u00fcnc\u00fcl bir bak\u0131\u015f a\u00e7\u0131s\u0131yla ele almak, g\u00fc\u00e7l\u00fc y\u00f6nlerini g\u00f6r\u00fcn\u00fcr k\u0131lmak ve geli\u015fim alanlar\u0131n\u0131 okul-aile i\u015f birli\u011fiyle desteklemektir<\/span><\/p>\t\t\t\t\t\t\t\t<\/div>\n\t\t\t\t<\/div>\n\t\t\t\t<\/div>\n\t\t<div class=\"elementor-element elementor-element-173de0b e-con-full e-flex e-con e-child\" data-id=\"173de0b\" data-element_type=\"container\" data-e-type=\"container\">\n\t\t\t\t<div class=\"elementor-element elementor-element-a823291 elementor-widget elementor-widget-image\" data-id=\"a823291\" data-element_type=\"widget\" data-e-type=\"widget\" data-widget_type=\"image.default\">\n\t\t\t\t<div class=\"elementor-widget-container\">\n\t\t\t\t\t\t\t\t\t\t\t\t\t\t\t<img loading=\"lazy\" decoding=\"async\" width=\"900\" height=\"600\" src=\"https:\/\/profaj.co\/rotaegitim\/wp-content\/uploads\/2025\/11\/yabanci-dil.webp\" class=\"attachment-full size-full wp-image-2379\" alt=\"\" srcset=\"https:\/\/profaj.co\/rotaegitim\/wp-content\/uploads\/2025\/11\/yabanci-dil.webp 900w, https:\/\/profaj.co\/rotaegitim\/wp-content\/uploads\/2025\/11\/yabanci-dil-300x200.webp 300w, https:\/\/profaj.co\/rotaegitim\/wp-content\/uploads\/2025\/11\/yabanci-dil-768x512.webp 768w\" sizes=\"(max-width: 900px) 100vw, 900px\" \/>\t\t\t\t\t\t\t\t\t\t\t\t\t\t\t<\/div>\n\t\t\t\t<\/div>\n\t\t\t\t<\/div>\n\t\t\t\t\t<\/div>\n\t\t\t\t<\/div>\n\t\t\t\t<\/div>\n\t\t<div id=\"e-n-tab-content-16818709110\" role=\"tabpanel\" aria-labelledby=\"e-n-tab-title-16818709110\" data-tab-index=\"10\" style=\"--n-tabs-title-order: 10;\" class=\" elementor-element elementor-element-eef1c9f e-con-full e-flex e-con e-child\" data-id=\"eef1c9f\" data-element_type=\"container\" data-e-type=\"container\">\n\t\t<div class=\"elementor-element elementor-element-674d67c e-flex e-con-boxed e-con e-child\" data-id=\"674d67c\" data-element_type=\"container\" data-e-type=\"container\">\n\t\t\t\t\t<div class=\"e-con-inner\">\n\t\t<div class=\"elementor-element elementor-element-1411953 e-con-full e-flex e-con e-child\" data-id=\"1411953\" data-element_type=\"container\" data-e-type=\"container\">\n\t\t\t\t<div class=\"elementor-element elementor-element-91bc1fc elementor-widget elementor-widget-heading\" data-id=\"91bc1fc\" data-element_type=\"widget\" data-e-type=\"widget\" data-widget_type=\"heading.default\">\n\t\t\t\t<div class=\"elementor-widget-container\">\n\t\t\t\t\t<h2 class=\"elementor-heading-title elementor-size-default\">Bran\u015f Dersleri  \n<\/h2>\t\t\t\t<\/div>\n\t\t\t\t<\/div>\n\t\t\t\t<div class=\"elementor-element elementor-element-53b7e3a elementor-widget elementor-widget-heading\" data-id=\"53b7e3a\" data-element_type=\"widget\" data-e-type=\"widget\" data-widget_type=\"heading.default\">\n\t\t\t\t<div class=\"elementor-widget-container\">\n\t\t\t\t\t<h2 class=\"elementor-heading-title elementor-size-default\">Geli\u015fim Odakl\u0131 E\u011fitim Program\u0131m\u0131z<\/h2>\t\t\t\t<\/div>\n\t\t\t\t<\/div>\n\t\t\t\t<div class=\"elementor-element elementor-element-c704400 elementor-widget elementor-widget-text-editor\" data-id=\"c704400\" data-element_type=\"widget\" data-e-type=\"widget\" data-widget_type=\"text-editor.default\">\n\t\t\t\t<div class=\"elementor-widget-container\">\n\t\t\t\t\t\t\t\t\t<p><span style=\"font-weight: 400;\">Anaokulumuzda e\u011fitim s\u00fcreci, her \u00e7ocu\u011fun bireysel geli\u015fim h\u0131z\u0131n\u0131 ve \u00f6\u011frenme ihtiya\u00e7lar\u0131n\u0131 temel alan geli\u015fim odakl\u0131 bir yakla\u015f\u0131m ile yap\u0131land\u0131r\u0131lmaktad\u0131r. Amac\u0131m\u0131z yaln\u0131zca akademik beceriler kazand\u0131rmak de\u011fil; \u00f6zg\u00fcveni geli\u015fmi\u015f, sorumluluk bilinci ta\u015f\u0131yan, merak eden ve \u00f6\u011frenmeye istekli bireyler yeti\u015ftirmektir. G\u00fcvenli, destekleyici ve zenginle\u015ftirilmi\u015f \u00f6\u011frenme ortamlar\u0131m\u0131z sayesinde \u00e7ocuklar\u0131m\u0131z b\u00fct\u00fcnsel geli\u015fimlerini en verimli \u015fekilde deneyimlemektedir.<\/span><\/p><p><b>Haftal\u0131k Etkinliklerimiz<\/b><\/p><p><span style=\"font-weight: 400;\">Program\u0131m\u0131z kapsam\u0131nda d\u00fczenlenen haftal\u0131k \u00f6zel etkinlikler, \u00e7ocuklar\u0131m\u0131z\u0131n sosyal etkile\u015fim, ileti\u015fim ve kendini ifade etme becerilerini g\u00fc\u00e7lendirmektedir.<\/span><\/p><ul><li style=\"font-weight: 400;\" aria-level=\"1\"><b>Oyuncak G\u00fcn\u00fc:<\/b><span style=\"font-weight: 400;\"> \u00d6\u011frencilerimiz evden getirdikleri oyuncaklar\u0131 arkada\u015flar\u0131yla payla\u015farak payla\u015fma k\u00fclt\u00fcr\u00fcn\u00fc ve sosyal etkile\u015fim becerilerini geli\u015ftirir.<\/span><\/li><li style=\"font-weight: 400;\" aria-level=\"1\"><b>Kitap G\u00fcn\u00fc:<\/b><span style=\"font-weight: 400;\"> Aileleriyle birlikte okuduklar\u0131 kitab\u0131 s\u0131n\u0131f ortam\u0131nda anlatarak s\u00f6zel ifade g\u00fcc\u00fc, dinleme becerisi ve \u00f6zg\u00fcven kazan\u0131rlar.<\/span><\/li><li style=\"font-weight: 400;\" aria-level=\"1\"><b>G\u00f6ster \u2013 Anlat G\u00fcn\u00fc:<\/b><span style=\"font-weight: 400;\"> Getirdikleri bir objeyi tan\u0131tarak sunum yapma, problem \u00e7\u00f6zme ve kendini etkili ifade etme becerilerini deneyimlerler.<\/span><\/li><\/ul>\t\t\t\t\t\t\t\t<\/div>\n\t\t\t\t<\/div>\n\t\t\t\t<\/div>\n\t\t<div class=\"elementor-element elementor-element-d9a8e49 e-con-full e-flex e-con e-child\" data-id=\"d9a8e49\" data-element_type=\"container\" data-e-type=\"container\">\n\t\t\t\t<div class=\"elementor-element elementor-element-beb85b4 elementor-widget elementor-widget-image\" data-id=\"beb85b4\" data-element_type=\"widget\" data-e-type=\"widget\" data-widget_type=\"image.default\">\n\t\t\t\t<div class=\"elementor-widget-container\">\n\t\t\t\t\t\t\t\t\t\t\t\t\t\t\t<img loading=\"lazy\" decoding=\"async\" width=\"900\" height=\"600\" src=\"https:\/\/profaj.co\/rotaegitim\/wp-content\/uploads\/2025\/11\/egitim-etkinlikleri.webp\" class=\"attachment-full size-full wp-image-2380\" alt=\"\" srcset=\"https:\/\/profaj.co\/rotaegitim\/wp-content\/uploads\/2025\/11\/egitim-etkinlikleri.webp 900w, https:\/\/profaj.co\/rotaegitim\/wp-content\/uploads\/2025\/11\/egitim-etkinlikleri-300x200.webp 300w, https:\/\/profaj.co\/rotaegitim\/wp-content\/uploads\/2025\/11\/egitim-etkinlikleri-768x512.webp 768w\" sizes=\"(max-width: 900px) 100vw, 900px\" \/>\t\t\t\t\t\t\t\t\t\t\t\t\t\t\t<\/div>\n\t\t\t\t<\/div>\n\t\t\t\t<\/div>\n\t\t\t\t\t<\/div>\n\t\t\t\t<\/div>\n\t\t<div class=\"elementor-element elementor-element-a118658 e-con-full e-flex e-con e-child\" data-id=\"a118658\" data-element_type=\"container\" data-e-type=\"container\">\n\t\t\t\t<div class=\"elementor-element elementor-element-de69151 elementor-widget elementor-widget-text-editor\" data-id=\"de69151\" data-element_type=\"widget\" data-e-type=\"widget\" data-widget_type=\"text-editor.default\">\n\t\t\t\t<div class=\"elementor-widget-container\">\n\t\t\t\t\t\t\t\t\t<p>\u00a0<\/p><p><span style=\"font-weight: 400;\">Bu uygulamalar, \u00e7ocuklar\u0131m\u0131z\u0131n sosyal ve bili\u015fsel geli\u015fimlerini desteklerken empati, ileti\u015fim ve payla\u015f\u0131m de\u011ferlerinin g\u00fc\u00e7lenmesine katk\u0131 sa\u011flar.<\/span><\/p><p><b>\u0130lk\u00f6\u011fretime Haz\u0131rl\u0131k Program\u0131m\u0131z<\/b><\/p><p><span style=\"font-weight: 400;\">Anaokulumuzda y\u00fcr\u00fct\u00fclen ilk\u00f6\u011fretime haz\u0131rl\u0131k s\u00fcreci, \u00e7ocuklar\u0131m\u0131z\u0131 yaln\u0131zca akademik olarak de\u011fil; ayn\u0131 zamanda sosyal ve duygusal a\u00e7\u0131dan da ilkokula g\u00fc\u00e7l\u00fc bir \u015fekilde haz\u0131rlamay\u0131 hedeflemektedir. Ge\u00e7i\u015f s\u00fcreci, \u00f6\u011frencilerimizin geli\u015fim d\u00fczeylerine uygun \u015fekilde planl\u0131 ve sistematik olarak y\u00fcr\u00fct\u00fclmektedir.<\/span><\/p><p><b>Haz\u0131rl\u0131k Grubu \u0130\u00e7eri\u011fimiz<\/b><\/p><ul><li style=\"font-weight: 400;\" aria-level=\"1\"><b>Ders Dinleme ve Defter\u2013Kitap Kullan\u0131m\u0131:<\/b><span style=\"font-weight: 400;\"> Birinci s\u0131n\u0131fta ihtiya\u00e7 duyacaklar\u0131 akademik al\u0131\u015fkanl\u0131klar uygulamal\u0131 \u00e7al\u0131\u015fmalarla kazand\u0131r\u0131l\u0131r.<\/span><\/li><li style=\"font-weight: 400;\" aria-level=\"1\"><b>Zaman Y\u00f6netimi:<\/b><span style=\"font-weight: 400;\"> G\u00fcnl\u00fck rutin planlama, g\u00f6rev tamamlama ve sorumluluk bilinci geli\u015ftirme \u00e7al\u0131\u015fmalar\u0131 yap\u0131l\u0131r.<\/span><\/li><li style=\"font-weight: 400;\" aria-level=\"1\"><b>Sorumluluk Bilinci:<\/b><span style=\"font-weight: 400;\"> \u00c7ocuklar\u0131m\u0131z kendi i\u015flerini yapma, g\u00f6rev takibi ve \u00f6\u011fretmen ileti\u015fimi konular\u0131nda desteklenir.<\/span><\/li><\/ul><p><b>Akademik + Sosyal + Duygusal Geli\u015fim Entegrasyonu<\/b><\/p><p><span style=\"font-weight: 400;\">\u0130lk\u00f6\u011fretime haz\u0131rl\u0131k program\u0131m\u0131z, akademik kazan\u0131mlar\u0131n yan\u0131 s\u0131ra sosyal becerileri ve duygusal dayan\u0131kl\u0131l\u0131\u011f\u0131 da kapsayan b\u00fct\u00fcnc\u00fcl bir e\u011fitim modeline dayanmaktad\u0131r. \u00d6\u011frencilerimiz, birinci s\u0131n\u0131fa kendine g\u00fcvenen, uyum sa\u011flayabilen ve \u00f6\u011frenmeye haz\u0131r bireyler olarak ad\u0131m atmaktad\u0131r.<\/span><\/p><p><b>\u0130lkokul \u00d6\u011fretmeni Entegrasyonu<\/b><\/p><p><span style=\"font-weight: 400;\">\u0130lk ara tatilden itibaren ilkokul s\u0131n\u0131f \u00f6\u011fretmenlerimiz haftada bir g\u00fcn haz\u0131rl\u0131k grubu \u00f6\u011frencilerimizle ders i\u015fleyerek s\u00fcrece dahil olmaktad\u0131r. Bu uygulama, \u00f6\u011frencilerimizin ilkokul ortam\u0131na ve \u00f6\u011fretmenlerine a\u015fina olmas\u0131n\u0131 sa\u011flayarak ge\u00e7i\u015f s\u00fcrecini daha do\u011fal, g\u00fcvenli ve sa\u011fl\u0131kl\u0131 hale getirmektedir.<\/span><\/p>\t\t\t\t\t\t\t\t<\/div>\n\t\t\t\t<\/div>\n\t\t\t\t<\/div>\n\t\t\t\t<\/div>\n\t\t<div id=\"e-n-tab-content-16818709111\" role=\"tabpanel\" aria-labelledby=\"e-n-tab-title-16818709111\" data-tab-index=\"11\" style=\"--n-tabs-title-order: 11;\" class=\" elementor-element elementor-element-79c81ee e-con-full e-flex e-con e-child\" data-id=\"79c81ee\" data-element_type=\"container\" data-e-type=\"container\">\n\t\t<div class=\"elementor-element elementor-element-7904d6b e-flex e-con-boxed e-con e-child\" data-id=\"7904d6b\" data-element_type=\"container\" data-e-type=\"container\">\n\t\t\t\t\t<div class=\"e-con-inner\">\n\t\t<div class=\"elementor-element elementor-element-50a4e57 e-con-full e-flex e-con e-child\" data-id=\"50a4e57\" data-element_type=\"container\" data-e-type=\"container\">\n\t\t\t\t<div class=\"elementor-element elementor-element-f528864 elementor-widget elementor-widget-heading\" data-id=\"f528864\" data-element_type=\"widget\" data-e-type=\"widget\" data-widget_type=\"heading.default\">\n\t\t\t\t<div class=\"elementor-widget-container\">\n\t\t\t\t\t<h2 class=\"elementor-heading-title elementor-size-default\">Geziler<\/h2>\t\t\t\t<\/div>\n\t\t\t\t<\/div>\n\t\t\t\t<div class=\"elementor-element elementor-element-603fb98 elementor-widget elementor-widget-text-editor\" data-id=\"603fb98\" data-element_type=\"widget\" data-e-type=\"widget\" data-widget_type=\"text-editor.default\">\n\t\t\t\t<div class=\"elementor-widget-container\">\n\t\t\t\t\t\t\t\t\t<p><span style=\"font-weight: 400;\">Anaokulumuzda \u00f6\u011frenmeyi s\u0131n\u0131f ortam\u0131n\u0131n d\u0131\u015f\u0131na ta\u015f\u0131yor, \u00e7ocuklar\u0131m\u0131z\u0131n d\u00fcnyay\u0131 ke\u015ffederek \u00f6\u011frenmelerini sa\u011fl\u0131yoruz. Planl\u0131 ve kazan\u0131mlara uygun olarak ger\u00e7ekle\u015ftirdi\u011fimiz geziler sayesinde \u00f6\u011frencilerimiz g\u00f6zlem yapma, sorgulama ve deneyimleme f\u0131rsat\u0131 bulur.<\/span><\/p><p><span style=\"font-weight: 400;\">Gezi planlar\u0131m\u0131z her e\u011fitim-\u00f6\u011fretim y\u0131l\u0131 ba\u015f\u0131nda belirlenir ve y\u0131ll\u0131k program do\u011frultusunda sistemli bir \u015fekilde uygulan\u0131r. Do\u011fa gezileri, m\u00fcze ziyaretleri, k\u00fclt\u00fcrel etkinlik alanlar\u0131, bilim merkezleri ve farkl\u0131 kurumlara yap\u0131lan e\u011fitim odakl\u0131 ziyaretlerle \u00f6\u011frencilerimizin \u00f6\u011frenme s\u00fcrecini destekliyoruz.<\/span><\/p><p><span style=\"font-weight: 400;\">Her gezi \u00f6ncesinde haz\u0131rl\u0131k \u00e7al\u0131\u015fmalar\u0131, gezi s\u0131ras\u0131nda aktif g\u00f6zlem ve gezi sonras\u0131nda de\u011ferlendirme etkinlikleri ger\u00e7ekle\u015ftirilerek \u00f6\u011frenmenin kal\u0131c\u0131 h\u00e2le gelmesi sa\u011flan\u0131r. Bu s\u00fcre\u00e7, \u00e7ocuklar\u0131m\u0131z\u0131n sosyal ileti\u015fim becerilerini g\u00fc\u00e7lendirir, \u00f6zg\u00fcvenlerini art\u0131r\u0131r ve \u00e7evre bilinci kazand\u0131r\u0131r.<\/span><\/p><p><span style=\"font-weight: 400;\">Gezilerimiz, e\u011fitim program\u0131m\u0131z\u0131n \u00f6nemli ve tamamlay\u0131c\u0131 bir par\u00e7as\u0131d\u0131r.<\/span><\/p>\t\t\t\t\t\t\t\t<\/div>\n\t\t\t\t<\/div>\n\t\t\t\t<\/div>\n\t\t<div class=\"elementor-element elementor-element-702d643 e-con-full e-flex e-con e-child\" data-id=\"702d643\" data-element_type=\"container\" data-e-type=\"container\">\n\t\t\t\t<div class=\"elementor-element elementor-element-aaa82a4 elementor-widget elementor-widget-image\" data-id=\"aaa82a4\" data-element_type=\"widget\" data-e-type=\"widget\" data-widget_type=\"image.default\">\n\t\t\t\t<div class=\"elementor-widget-container\">\n\t\t\t\t\t\t\t\t\t\t\t\t\t\t\t<img loading=\"lazy\" decoding=\"async\" width=\"900\" height=\"600\" src=\"https:\/\/profaj.co\/rotaegitim\/wp-content\/uploads\/2025\/11\/geziler.webp\" class=\"attachment-full size-full wp-image-2766\" alt=\"\" srcset=\"https:\/\/profaj.co\/rotaegitim\/wp-content\/uploads\/2025\/11\/geziler.webp 900w, https:\/\/profaj.co\/rotaegitim\/wp-content\/uploads\/2025\/11\/geziler-300x200.webp 300w, https:\/\/profaj.co\/rotaegitim\/wp-content\/uploads\/2025\/11\/geziler-768x512.webp 768w\" sizes=\"(max-width: 900px) 100vw, 900px\" \/>\t\t\t\t\t\t\t\t\t\t\t\t\t\t\t<\/div>\n\t\t\t\t<\/div>\n\t\t\t\t<\/div>\n\t\t\t\t\t<\/div>\n\t\t\t\t<\/div>\n\t\t\t\t<\/div>\n\t\t<div id=\"e-n-tab-content-16818709112\" role=\"tabpanel\" aria-labelledby=\"e-n-tab-title-16818709112\" data-tab-index=\"12\" style=\"--n-tabs-title-order: 12;\" class=\" elementor-element elementor-element-680fe42 e-con-full e-flex e-con e-child\" data-id=\"680fe42\" data-element_type=\"container\" data-e-type=\"container\">\n\t\t<div class=\"elementor-element elementor-element-f0ce154 e-flex e-con-boxed e-con e-child\" data-id=\"f0ce154\" data-element_type=\"container\" data-e-type=\"container\">\n\t\t\t\t\t<div class=\"e-con-inner\">\n\t\t<div class=\"elementor-element elementor-element-a714274 e-con-full e-flex e-con e-child\" data-id=\"a714274\" data-element_type=\"container\" data-e-type=\"container\">\n\t\t\t\t<div class=\"elementor-element elementor-element-93d7b7c elementor-widget elementor-widget-heading\" data-id=\"93d7b7c\" data-element_type=\"widget\" data-e-type=\"widget\" data-widget_type=\"heading.default\">\n\t\t\t\t<div class=\"elementor-widget-container\">\n\t\t\t\t\t<h2 class=\"elementor-heading-title elementor-size-default\">Mobil Kre\u015f<\/h2>\t\t\t\t<\/div>\n\t\t\t\t<\/div>\n\t\t\t\t<div class=\"elementor-element elementor-element-00da57e elementor-widget elementor-widget-text-editor\" data-id=\"00da57e\" data-element_type=\"widget\" data-e-type=\"widget\" data-widget_type=\"text-editor.default\">\n\t\t\t\t<div class=\"elementor-widget-container\">\n\t\t\t\t\t\t\t\t\t<p><span style=\"font-weight: 400;\">Mobil Kre\u015f, \u00f6\u011frencilerimizin okul i\u00e7indeki geli\u015fim s\u00fcre\u00e7lerini velilerimizle \u015feffaf ve dijital ortamda payla\u015fmam\u0131z\u0131 sa\u011flayan g\u00fcvenli bir ileti\u015fim ve takip platformudur. \u00c7ocuklar\u0131n\u0131z\u0131n kat\u0131ld\u0131\u011f\u0131 etkinlikleri, \u00f6\u011frenme deneyimlerini ve g\u00fcnl\u00fck geli\u015fimlerini anl\u0131k olarak takip edebilirsiniz.<\/span><\/p><p><b>Platform \u00d6zellikleri:<\/b><\/p><ul><li><b>Haftal\u0131k ve Ayl\u0131k B\u00fcltenler:<\/b><span style=\"font-weight: 400;\"> \u00d6\u011frencilerimizin geli\u015fim raporlar\u0131 ve etkinlik \u00f6zetleri d\u00fczenli olarak platform \u00fczerinden payla\u015f\u0131l\u0131r.<\/span><span style=\"font-weight: 400;\"><br \/><\/span><span style=\"font-weight: 400;\">\u2022 <\/span><b>Foto\u011fraf Payla\u015f\u0131mlar\u0131:<\/b><span style=\"font-weight: 400;\"> Okul i\u00e7i etkinliklerden ve \u00f6\u011frenme anlar\u0131ndan kareler y\u00fcklenerek ailelerin s\u00fcrece dahil olmas\u0131 sa\u011flan\u0131r.<\/span><span style=\"font-weight: 400;\"><br \/><\/span><span style=\"font-weight: 400;\">\u2022 <\/span><b>H\u0131zl\u0131 ve G\u00fcvenli \u0130leti\u015fim:<\/b><span style=\"font-weight: 400;\"> Kurum duyurular\u0131, bilgilendirmeler ve \u00f6\u011fretmen\u2013veli ileti\u015fimi dijital ortamda kolay ve g\u00fcvenli \u015fekilde y\u00fcr\u00fct\u00fcl\u00fcr.<\/span><\/li><\/ul><p><span style=\"font-weight: 400;\">Mobil Kre\u015f sayesinde \u00e7ocuklar\u0131n\u0131z\u0131n e\u011fitim yolculu\u011funu yak\u0131ndan takip edebilir, geli\u015fim s\u00fcre\u00e7lerine aktif olarak e\u015flik edebilirsiniz.<\/span><\/p>\t\t\t\t\t\t\t\t<\/div>\n\t\t\t\t<\/div>\n\t\t\t\t<\/div>\n\t\t<div class=\"elementor-element elementor-element-146fdeb e-con-full e-flex e-con e-child\" data-id=\"146fdeb\" data-element_type=\"container\" data-e-type=\"container\">\n\t\t\t\t<div class=\"elementor-element elementor-element-32440db elementor-widget elementor-widget-image\" data-id=\"32440db\" data-element_type=\"widget\" data-e-type=\"widget\" data-widget_type=\"image.default\">\n\t\t\t\t<div class=\"elementor-widget-container\">\n\t\t\t\t\t\t\t\t\t\t\t\t\t\t\t<img loading=\"lazy\" decoding=\"async\" width=\"900\" height=\"600\" src=\"https:\/\/profaj.co\/rotaegitim\/wp-content\/uploads\/2025\/11\/egitim-etkinlikleri.webp\" class=\"attachment-full size-full wp-image-2380\" alt=\"\" srcset=\"https:\/\/profaj.co\/rotaegitim\/wp-content\/uploads\/2025\/11\/egitim-etkinlikleri.webp 900w, https:\/\/profaj.co\/rotaegitim\/wp-content\/uploads\/2025\/11\/egitim-etkinlikleri-300x200.webp 300w, https:\/\/profaj.co\/rotaegitim\/wp-content\/uploads\/2025\/11\/egitim-etkinlikleri-768x512.webp 768w\" sizes=\"(max-width: 900px) 100vw, 900px\" \/>\t\t\t\t\t\t\t\t\t\t\t\t\t\t\t<\/div>\n\t\t\t\t<\/div>\n\t\t\t\t<\/div>\n\t\t\t\t\t<\/div>\n\t\t\t\t<\/div>\n\t\t\t\t<\/div>\n\t\t<div id=\"e-n-tab-content-16818709113\" role=\"tabpanel\" aria-labelledby=\"e-n-tab-title-16818709113\" data-tab-index=\"13\" style=\"--n-tabs-title-order: 13;\" class=\" elementor-element elementor-element-8d12f05 e-con-full e-flex e-con e-child\" data-id=\"8d12f05\" data-element_type=\"container\" data-e-type=\"container\">\n\t\t<div class=\"elementor-element elementor-element-0f9cdec e-flex e-con-boxed e-con e-child\" data-id=\"0f9cdec\" data-element_type=\"container\" data-e-type=\"container\">\n\t\t\t\t\t<div class=\"e-con-inner\">\n\t\t<div class=\"elementor-element elementor-element-fd69470 e-con-full e-flex e-con e-child\" data-id=\"fd69470\" data-element_type=\"container\" data-e-type=\"container\">\n\t\t\t\t<div class=\"elementor-element elementor-element-6ee52f0 elementor-widget elementor-widget-heading\" data-id=\"6ee52f0\" data-element_type=\"widget\" data-e-type=\"widget\" data-widget_type=\"heading.default\">\n\t\t\t\t<div class=\"elementor-widget-container\">\n\t\t\t\t\t<h2 class=\"elementor-heading-title elementor-size-default\">Hizmetlerimiz<\/h2>\t\t\t\t<\/div>\n\t\t\t\t<\/div>\n\t\t\t\t<div class=\"elementor-element elementor-element-098ec4d elementor-widget elementor-widget-text-editor\" data-id=\"098ec4d\" data-element_type=\"widget\" data-e-type=\"widget\" data-widget_type=\"text-editor.default\">\n\t\t\t\t<div class=\"elementor-widget-container\">\n\t\t\t\t\t\t\t\t\t<p><b>BESLENME H\u0130ZMETLER\u0130<\/b><\/p><p><span style=\"font-weight: 400;\">Rota Koleji\u2019nde, \u00f6\u011frencilerimizin fiziksel geli\u015fimlerini destekleyen sa\u011fl\u0131kl\u0131 beslenme al\u0131\u015fkanl\u0131klar\u0131 kazanmalar\u0131n\u0131 \u00f6ncelikli bir sorumluluk olarak g\u00f6r\u00fcyoruz.<\/span><\/p><p><span style=\"font-weight: 400;\">T\u00fcm \u00f6\u011f\u00fcnlerimiz, diyetisyen dan\u0131\u015fmanl\u0131\u011f\u0131nda, ya\u015f gruplar\u0131na g\u00f6re d\u00fczenlenen besin ihtiya\u00e7lar\u0131 dikkate al\u0131narak planlan\u0131r. Men\u00fclerimiz, besin de\u011ferleri, kalori miktarlar\u0131 ve alerjen i\u00e7erikleri do\u011frultusunda \u00f6zenle haz\u0131rlan\u0131r, okul y\u00f6netiminin onay\u0131ndan ge\u00e7tikten sonra ayl\u0131k olarak g\u00fcncellenir ve velilerimizle payla\u015f\u0131l\u0131r.<\/span><\/p><p><span style=\"font-weight: 400;\">Okul mutfa\u011f\u0131m\u0131zda \u00fcretilen t\u00fcm yemekler g\u00fcnl\u00fck olarak taze malzemelerle pi\u015firilir. G\u0131da g\u00fcvenli\u011fi standartlar\u0131na uygunluk, \u00fcretim s\u00fcrecimizin her a\u015famas\u0131nda titizlikle korunur. Do\u011fal ve katk\u0131s\u0131z \u00fcr\u00fcnler kullan\u0131larak \u00e7ocuklar\u0131m\u0131za hem sa\u011fl\u0131kl\u0131 hem de damak zevklerine hitap eden men\u00fcler sunulmaktad\u0131r.<\/span><\/p><p><span style=\"font-weight: 400;\">Anas\u0131n\u0131f\u0131 \u00f6\u011frencilerimiz i\u00e7in g\u00fcn\u00fcn erken saatlerinde sabah kahvalt\u0131s\u0131, \u00f6\u011fle saatlerinde ana yemek ve g\u00fcn sonunda ikindi kahvalt\u0131s\u0131 olmak \u00fczere \u00fc\u00e7 ana beslenme saati d\u00fczenlenir. B\u00f6ylece k\u00fc\u00e7\u00fck ya\u015f grubundaki \u00f6\u011frencilerimizin g\u00fcnl\u00fck enerji ihtiya\u00e7lar\u0131 ideal \u015fekilde kar\u015f\u0131lan\u0131r.<\/span><\/p>\t\t\t\t\t\t\t\t<\/div>\n\t\t\t\t<\/div>\n\t\t\t\t<\/div>\n\t\t<div class=\"elementor-element elementor-element-180edb1 e-con-full e-flex e-con e-child\" data-id=\"180edb1\" data-element_type=\"container\" data-e-type=\"container\">\n\t\t\t\t<div class=\"elementor-element elementor-element-c40cdeb elementor-widget elementor-widget-image\" data-id=\"c40cdeb\" data-element_type=\"widget\" data-e-type=\"widget\" data-widget_type=\"image.default\">\n\t\t\t\t<div class=\"elementor-widget-container\">\n\t\t\t\t\t\t\t\t\t\t\t\t\t\t\t<img loading=\"lazy\" decoding=\"async\" width=\"900\" height=\"600\" src=\"https:\/\/profaj.co\/rotaegitim\/wp-content\/uploads\/2025\/11\/egitim-etkinlikleri.webp\" class=\"attachment-full size-full wp-image-2380\" alt=\"\" srcset=\"https:\/\/profaj.co\/rotaegitim\/wp-content\/uploads\/2025\/11\/egitim-etkinlikleri.webp 900w, https:\/\/profaj.co\/rotaegitim\/wp-content\/uploads\/2025\/11\/egitim-etkinlikleri-300x200.webp 300w, https:\/\/profaj.co\/rotaegitim\/wp-content\/uploads\/2025\/11\/egitim-etkinlikleri-768x512.webp 768w\" sizes=\"(max-width: 900px) 100vw, 900px\" \/>\t\t\t\t\t\t\t\t\t\t\t\t\t\t\t<\/div>\n\t\t\t\t<\/div>\n\t\t\t\t<\/div>\n\t\t\t\t\t<\/div>\n\t\t\t\t<\/div>\n\t\t<div class=\"elementor-element elementor-element-401c89f e-flex e-con-boxed e-con e-child\" data-id=\"401c89f\" data-element_type=\"container\" data-e-type=\"container\">\n\t\t\t\t\t<div class=\"e-con-inner\">\n\t\t<div class=\"elementor-element elementor-element-6a47e92 e-con-full e-flex e-con e-child\" data-id=\"6a47e92\" data-element_type=\"container\" data-e-type=\"container\">\n\t\t\t\t<div class=\"elementor-element elementor-element-d4f41f5 elementor-widget elementor-widget-text-editor\" data-id=\"d4f41f5\" data-element_type=\"widget\" data-e-type=\"widget\" data-widget_type=\"text-editor.default\">\n\t\t\t\t<div class=\"elementor-widget-container\">\n\t\t\t\t\t\t\t\t\t<p><span style=\"font-weight: 400;\">Rota Koleji olarak, sa\u011fl\u0131kl\u0131 beslenmenin sadece fiziksel geli\u015fime de\u011fil; \u00f6\u011frenme kapasitesine, dikkat s\u00fcresine ve genel ya\u015fam kalitesine do\u011frudan katk\u0131 sa\u011flad\u0131\u011f\u0131n\u0131n bilincindeyiz. Bu nedenle \u00f6\u011frencilerimize, ya\u015fam boyu s\u00fcrd\u00fcrebilecekleri do\u011fru beslenme al\u0131\u015fkanl\u0131klar\u0131 kazand\u0131rmay\u0131 ama\u00e7l\u0131yoruz.<\/span><\/p><p><strong>G\u00dcVENL\u0130K H\u0130ZMETLER\u0130 <\/strong><\/p><p><span style=\"font-weight: 400;\">Rota Koleji, \u00f6\u011frencilerinin ve personelinin g\u00fcvenli\u011fini en \u00fcst d\u00fczeyde tutmak i\u00e7in kapsaml\u0131 g\u00fcvenlik \u00f6nlemleri almaktad\u0131r. Okulumuzda g\u00fcvenlik, tamamen kendi b\u00fcnyesinde g\u00f6revli uzman g\u00fcvenlik personeli taraf\u0131ndan sa\u011flanmaktad\u0131r. Bu personel, yasal gereklilikler do\u011frultusunda gerekli e\u011fitimleri alarak, \u201c\u00d6zel G\u00fcvenlik G\u00f6revlisi\u201d olma yetkisine sahiptir.<\/span><\/p><p><span style=\"font-weight: 400;\">Okulumuz , 7\/24 g\u00fcvenlik kameralar\u0131yla izlenmekte, t\u00fcm giri\u015f-\u00e7\u0131k\u0131\u015flar dijital ortamda kay\u0131t alt\u0131na al\u0131nmaktad\u0131r. Bu sayede, kamp\u00fcs i\u00e7indeki her t\u00fcrl\u00fc faaliyet anl\u0131k olarak takip edilmekte ve herhangi bir g\u00fcvenlik ihlali durumunda h\u0131zl\u0131ca m\u00fcdahale edilebilmektedir. G\u00fcvenlik kameralar\u0131 sadece okul i\u00e7ini de\u011fil, \u00e7evreyi de kapsayarak kapsaml\u0131 bir g\u00fcvenlik a\u011f\u0131 olu\u015fturur.<\/span><\/p><p><span style=\"font-weight: 400;\">Okulda her kademenin kendi giri\u015f ve \u00e7\u0131k\u0131\u015f kap\u0131lar\u0131 bulunmaktad\u0131r. Bu uygulama, \u00f6\u011frencilerin g\u00fcvenli\u011fini art\u0131rman\u0131n yan\u0131 s\u0131ra, her kademenin kendi d\u00fczeni i\u00e7inde faaliyet g\u00f6stermesine olanak tan\u0131r. B\u00f6ylece, farkl\u0131 kademelerdeki \u00f6\u011frenciler birbirlerinin alanlar\u0131na girmeden, g\u00fcvenli bir \u015fekilde giri\u015f ve \u00e7\u0131k\u0131\u015f yapabilmektedirler.<\/span><\/p><p><span style=\"font-weight: 400;\">Okul i\u00e7indeki t\u00fcm giri\u015f-\u00e7\u0131k\u0131\u015f saatleri, e\u011fitim ve \u00e7al\u0131\u015fma d\u00fczenine g\u00f6re belirlenmi\u015ftir:<\/span><\/p><ul><li style=\"font-weight: 400;\" aria-level=\"1\"><b>\u00d6\u011fretmen ve personel<\/b><span style=\"font-weight: 400;\">, Cumartesi-Pazar hari\u00e7, her g\u00fcn 08:30 \u2013 18:00 saatleri aras\u0131nda kamp\u00fcse giri\u015f yapabilir.<\/span><\/li><li style=\"font-weight: 400;\" aria-level=\"1\"><b>\u0130dareciler<\/b><span style=\"font-weight: 400;\">, ayn\u0131 \u015fekilde her g\u00fcn 08:30 \u2013 18:00 saatleri aras\u0131nda kamp\u00fcste bulunmaktad\u0131r.<\/span><\/li><\/ul><p><span style=\"font-weight: 400;\">Bu sistem, g\u00fcvenli\u011fi sa\u011flaman\u0131n yan\u0131 s\u0131ra, kamp\u00fcs i\u00e7inde d\u00fczenin korunmas\u0131na ve t\u00fcm \u00f6\u011frencilerimizin g\u00fcvenli bir ortamda e\u011fitim almas\u0131na katk\u0131 sa\u011flar. Rota Koleji olarak, g\u00fcvenlik ve d\u00fczeni her zaman \u00f6ncelikli tutuyor, \u00f6\u011frencilerimizin en iyi \u015fartlarda e\u011fitim alabilmesi i\u00e7in gerekli t\u00fcm \u00f6nlemleri titizlikle uyguluyoruz.<\/span><\/p><p><b>SA\u011eLIK H\u0130ZMETLER\u0130\u00a0<\/b><\/p><p><span style=\"font-weight: 400;\">Rota Koleji olarak, \u00f6\u011frencilerimizin yaln\u0131zca akademik ba\u015far\u0131lar\u0131n\u0131 de\u011fil, sa\u011fl\u0131k ve g\u00fcvenliklerini de en az e\u011fitimleri kadar \u00f6nemsiyoruz. Sa\u011fl\u0131kl\u0131 bireylerin g\u00fc\u00e7l\u00fc bir \u00f6\u011frenme ortam\u0131 olu\u015fturdu\u011funa inan\u0131yor, bu bilin\u00e7le okulumuzda kapsaml\u0131 sa\u011fl\u0131k hizmetleri sunuyoruz.<\/span><\/p><p><span style=\"font-weight: 400;\">Her e\u011fitim-\u00f6\u011fretim y\u0131l\u0131 ba\u015f\u0131nda, velilerimize sa\u011fl\u0131k bilgi formu doldurtarak \u00f6\u011frencilerimizin bireysel sa\u011fl\u0131k durumlar\u0131n\u0131 \u00f6\u011freniyor ve kaydediyoruz. Alerji, kronik rahats\u0131zl\u0131k veya d\u00fczenli ila\u00e7 kullan\u0131m\u0131 gibi \u00f6zel durumlar, okul hem\u015firemiz taraf\u0131ndan yak\u0131ndan takip ediliyor. B\u00f6ylece her \u00f6\u011frencimizin sa\u011fl\u0131\u011f\u0131, bireysel ihtiya\u00e7lar\u0131na uygun \u015fekilde izleniyor.<\/span><\/p><p><span style=\"font-weight: 400;\">Okulumuzda tam donan\u0131ml\u0131 bir revir bulunmakta ve alan\u0131nda deneyimli bir okul hem\u015firesi g\u00f6rev yapmaktad\u0131r. \u00d6\u011frenciler g\u00fcn i\u00e7inde ya\u015fad\u0131klar\u0131 sa\u011fl\u0131k sorunlar\u0131nda hem\u015firemize ba\u015fvurabilir; gerekli ilk m\u00fcdahale h\u0131zl\u0131ca yap\u0131l\u0131r. Durumun aciliyetine g\u00f6re veli bilgilendirilir, gerekirse \u00f6\u011frenci en yak\u0131n sa\u011fl\u0131k kurulu\u015funa y\u00f6nlendirilir.<\/span><\/p><p><span style=\"font-weight: 400;\">Kronik hastal\u0131\u011f\u0131 olan veya d\u00fczenli ila\u00e7 kullanmas\u0131 gereken \u00f6\u011frenciler i\u00e7in \u00f6zenli bir takip s\u00fcreci y\u00fcr\u00fct\u00fcyoruz. \u0130la\u00e7 saatleri hem\u015firemiz taraf\u0131ndan titizlikle izlenir ve \u00f6\u011frencinin ihtiya\u00e7 duydu\u011fu her an destek sa\u011flan\u0131r.<\/span><\/p><p><span style=\"font-weight: 400;\">Rota Koleji&#8217;nde sa\u011fl\u0131k hizmetleri sadece m\u00fcdahale ile s\u0131n\u0131rl\u0131 de\u011fildir. \u00d6\u011frencilerimizin sa\u011fl\u0131kl\u0131 ya\u015fam bilinci kazanmas\u0131 amac\u0131yla y\u0131l boyunca \u00e7e\u015fitli bilgilendirme \u00e7al\u0131\u015fmalar\u0131 ve fark\u0131ndal\u0131k etkinlikleri d\u00fczenliyoruz. B\u00f6ylece \u00f6\u011frencilerimiz hem bedensel hem de zihinsel olarak g\u00fc\u00e7l\u00fc bireyler olarak yeti\u015firler.<\/span><\/p><p><b>ULA\u015eIM H\u0130ZMETLER\u0130\u00a0<\/b><\/p><p><span style=\"font-weight: 400;\">Rota Koleji, \u00f6\u011frenci ta\u015f\u0131mac\u0131l\u0131\u011f\u0131nda kalite, g\u00fcvenlik, dakiklik, konfor ve istikrar\u0131 temel ilke olarak benimsemektedir. \u00d6\u011frencilerimizin g\u00fcvenli bir \u015fekilde okula ula\u015fmas\u0131, \u00f6ncelikli de\u011ferlerimiz aras\u0131nda yer almaktad\u0131r. Bu do\u011frultuda, sekt\u00f6rdeki en ileri teknolojileri kullanarak hizmet sunmaktay\u0131z.<\/span><\/p><p><span style=\"font-weight: 400;\">Okulumuzun servis ara\u00e7lar\u0131, d\u00fczenli bak\u0131m ve kontrolleri yap\u0131lm\u0131\u015f, g\u00fcvenli s\u00fcr\u00fcc\u00fcler taraf\u0131ndan y\u00f6netilmektedir. Servis hostesleri, \u00f6\u011frencileri s\u0131n\u0131ftan alarak servise kadar e\u015flik etmekte ve \u00f6\u011frencilerin g\u00fcvenli\u011fini sa\u011flamaktad\u0131r. Servislerde emniyet kemeri tak\u0131lmas\u0131 zorunludur ve t\u00fcm \u00f6\u011frencilerimizin yolculuk boyunca kemerlerini takmalar\u0131 beklenmektedir. Servislerimiz, \u00f6\u011frenci al\u0131m ve b\u0131rakma saatlerinde aksama olmadan zaman\u0131nda hareket etmektedir. Ara\u00e7lar\u0131m\u0131zda, hava ko\u015fullar\u0131na uygun \u0131s\u0131tma\/so\u011futma sistemleri ve g\u00fcvenlik \u00f6zellikleri bulunmaktad\u0131r. Ayr\u0131ca, ara\u00e7lar\u0131m\u0131zda GPS takip sistemleri mevcuttur, b\u00f6ylece \u00f6\u011frencilerimizin konumu her an takip edilebilmektedir.<\/span><\/p><p><span style=\"font-weight: 400;\">Okul i\u00e7indeki t\u00fcm kurallar, servis ara\u00e7lar\u0131nda da ge\u00e7erlidir. \u00d6\u011frencilerimizin serviste de okulda oldu\u011fu gibi, g\u00fcvenli, sayg\u0131l\u0131 ve disiplinli bir \u015fekilde hareket etmeleri beklenmektedir.<\/span><\/p><p><span style=\"font-weight: 400;\">Yeni d\u00f6nem servis kay\u0131tlar\u0131, okul yetkili personeli taraf\u0131ndan al\u0131nmaktad\u0131r. Velilerimiz, servis kay\u0131tlar\u0131yla ilgili i\u015flemler i\u00e7in okul y\u00f6netimiyle ileti\u015fime ge\u00e7ebilir ve kay\u0131tlar\u0131n\u0131 kolayca yapt\u0131rabilirler. Servis \u00fccretleri, okula olan uzakl\u0131\u011fa g\u00f6re belirlenmektedir ve \u00f6demeler okul y\u00f6netimi taraf\u0131ndan belirlenen takvime g\u00f6re yap\u0131lmaktad\u0131r.<\/span><\/p>\t\t\t\t\t\t\t\t<\/div>\n\t\t\t\t<\/div>\n\t\t\t\t<\/div>\n\t\t\t\t\t<\/div>\n\t\t\t\t<\/div>\n\t\t\t\t<\/div>\n\t\t\t\t\t<\/div>\n\t\t<\/div>\n\t\t\t\t\t\t<\/div>\n\t\t\t\t<\/div>\n\t\t\t\t<\/div>\n\t\t\t\t\t<\/div>\n\t\t\t\t<\/div>\n\t\t\t\t<\/div>\n\t\t                    <\/div>\n                                    <div id=\"education-tab-content-2192\" class=\"tab-content elementor-clearfix \" data-tab=\"2\" data-tab-slug=\"i-lkokul\" role=\"tabpanel\" aria-labelledby=\"education-tab-title-2192\">\n                        \t\t<div data-elementor-type=\"section\" data-elementor-id=\"1714\" class=\"elementor elementor-1714\" data-elementor-post-type=\"elementor_library\">\n\t\t\t<div class=\"elementor-element elementor-element-04c0347 e-flex e-con-boxed e-con e-parent\" data-id=\"04c0347\" data-element_type=\"container\" data-e-type=\"container\">\n\t\t\t\t\t<div class=\"e-con-inner\">\n\t\t<div class=\"elementor-element elementor-element-08e6611 e-con-full e-flex e-con e-child\" data-id=\"08e6611\" data-element_type=\"container\" data-e-type=\"container\">\n\t\t\t\t<div class=\"elementor-element elementor-element-948b8d6 elementor-widget elementor-widget-html\" data-id=\"948b8d6\" data-element_type=\"widget\" data-e-type=\"widget\" data-widget_type=\"html.default\">\n\t\t\t\t<div class=\"elementor-widget-container\">\n\t\t\t\t\t<style>\n    \/* --- Kapsay\u0131c\u0131 --- *\/\n    .rota-universal-nav {\n        display: flex;\n        justify-content: flex-end; \/* Sa\u011f tarafa yaslar *\/\n        gap: 12px;\n        margin-bottom: 15px;\n    }\n    \n    \/* --- Buton Tasar\u0131m\u0131 --- *\/\n    .rota-uni-btn {\n        background-color: #f0f2f5; \/* Gri Arka Plan *\/\n        color: #8e44ad; \/* Okun Rengi (SVG 'currentColor' kullanaca\u011f\u0131 i\u00e7in buradan al\u0131r) *\/\n        border: none;\n        \n        \/* Boyutlar *\/\n        width: 60px; \n        height: 36px; \n        border-radius: 50px;\n        \n        cursor: pointer; \n        display: flex; \n        align-items: center; \n        justify-content: center;\n        \n        padding: 0; \/* \u0130\u00e7 bo\u015flu\u011fu s\u0131f\u0131rlad\u0131k *\/\n        transition: all 0.3s ease;\n    }\n\n    \/* --- SVG Ayarlar\u0131 --- *\/\n    .rota-uni-btn svg {\n        width: 24px;  \/* \u0130kon boyutu *\/\n        height: 24px;\n        stroke-width: 2; \/* \u00c7izgi kal\u0131nl\u0131\u011f\u0131 *\/\n        stroke: currentColor; \/* Rengi \u00fcstteki color'dan al\u0131r *\/\n        fill: none;\n        stroke-linecap: round; \/* \u00c7izgi u\u00e7lar\u0131n\u0131 yuvarlar *\/\n        stroke-linejoin: round; \/* K\u00f6\u015feleri yuvarlar *\/\n        transition: transform 0.3s ease; \/* Ok hareketi i\u00e7in *\/\n    }\n\n    \/* --- Hover (\u00dczerine Gelince) --- *\/\n    .rota-uni-btn:hover { \n        background-color: #e4e6e9; \n        color: #6c3483; \/* Ok rengi koyula\u015f\u0131r *\/\n    }\n    \n    \/* Hover s\u0131ras\u0131nda okun hafif\u00e7e kaymas\u0131 *\/\n    .rota-uni-btn.rota-prev:hover svg { transform: translateX(-3px); }\n    .rota-uni-btn.rota-next:hover svg { transform: translateX(3px); }\n\n    \/* --- T\u0131klama (Active) --- *\/\n    .rota-uni-btn:active { \n        transform: scale(0.95); \n        background-color: #dcdfe3; \n    }\n    \n    @media (max-width: 767px) { .rota-universal-nav { justify-content: center; } }\n<\/style>\n\n<div class=\"rota-universal-nav\">\n    <button class=\"rota-uni-btn rota-prev\" aria-label=\"\u00d6nceki\">\n        <svg xmlns=\"http:\/\/www.w3.org\/2000\/svg\" viewBox=\"0 0 24 24\">\n            <line x1=\"19\" y1=\"12\" x2=\"5\" y2=\"12\"><\/line>\n            <polyline points=\"12 19 5 12 12 5\"><\/polyline>\n        <\/svg>\n    <\/button>\n    \n    <button class=\"rota-uni-btn rota-next\" aria-label=\"Sonraki\">\n        <svg xmlns=\"http:\/\/www.w3.org\/2000\/svg\" viewBox=\"0 0 24 24\">\n            <line x1=\"5\" y1=\"12\" x2=\"19\" y2=\"12\"><\/line>\n            <polyline points=\"12 5 19 12 12 19\"><\/polyline>\n        <\/svg>\n    <\/button>\n<\/div>\n\n<script>\njQuery(document).ready(function($) {\n    \n    \/\/ --- SONRAK\u0130 BUTONU ---\n    \/\/ .off() ile eski t\u0131klamalar\u0131 temizleyip \u00e7ak\u0131\u015fmay\u0131 \u00f6nl\u00fcyoruz\n    $('.rota-next').off('click').on('click', function() {\n        var $btn = $(this);\n        \n        var $parentContainer = $btn.closest('.elementor-widget-wrap, .e-con, .elementor-column');\n        var $tabContainer = $parentContainer.find('.e-n-tabs-heading').first();\n\n        if ($tabContainer.length === 0) {\n             $tabContainer = $btn.closest('.elementor-section, .e-con-boxed, .e-con-full').find('.e-n-tabs-heading').first();\n        }\n\n        var $allTabs = $tabContainer.find('.e-n-tab-title');\n        var $activeTab = $tabContainer.find('.e-n-tab-title[aria-selected=\"true\"]');\n        \n        var currentIndex = $allTabs.index($activeTab);\n        var nextIndex = currentIndex + 1;\n\n        if (nextIndex < $allTabs.length) {\n            var $nextTab = $allTabs.eq(nextIndex);\n            $nextTab.trigger('click');\n            kaydir($tabContainer, $nextTab);\n        }\n    });\n\n    \/\/ --- \u00d6NCEK\u0130 BUTONU ---\n    $('.rota-prev').off('click').on('click', function() {\n        var $btn = $(this);\n        \n        var $parentContainer = $btn.closest('.elementor-widget-wrap, .e-con, .elementor-column');\n        var $tabContainer = $parentContainer.find('.e-n-tabs-heading').first();\n\n        if ($tabContainer.length === 0) {\n             $tabContainer = $btn.closest('.elementor-section, .e-con-boxed, .e-con-full').find('.e-n-tabs-heading').first();\n        }\n\n        var $allTabs = $tabContainer.find('.e-n-tab-title');\n        var $activeTab = $tabContainer.find('.e-n-tab-title[aria-selected=\"true\"]');\n        \n        var currentIndex = $allTabs.index($activeTab);\n        var prevIndex = currentIndex - 1;\n\n        if (prevIndex >= 0) {\n            var $prevTab = $allTabs.eq(prevIndex);\n            $prevTab.trigger('click');\n            kaydir($tabContainer, $prevTab);\n        }\n    });\n\n    function kaydir(container, target) {\n         if(container.length === 0 || target.length === 0) return;\n        var scrollLeft = target.position().left + container.scrollLeft() - (container.width() \/ 2) + (target.width() \/ 2);\n        container.animate({ scrollLeft: scrollLeft }, 300);\n    }\n});\n<\/script>\t\t\t\t<\/div>\n\t\t\t\t<\/div>\n\t\t\t\t<div class=\"elementor-element elementor-element-a0654d3 e-n-tabs-none elementor-widget elementor-widget-n-tabs\" data-id=\"a0654d3\" data-element_type=\"widget\" data-e-type=\"widget\" data-settings=\"{&quot;tabs_justify_horizontal&quot;:&quot;stretch&quot;,&quot;horizontal_scroll&quot;:&quot;enable&quot;}\" data-widget_type=\"nested-tabs.default\">\n\t\t\t\t<div class=\"elementor-widget-container\">\n\t\t\t\t\t\t\t<div class=\"e-n-tabs\" data-widget-number=\"168187091\" aria-label=\"Tabs. Open items with Enter or Space, close with Escape and navigate using the Arrow keys.\">\n\t\t\t<div class=\"e-n-tabs-heading\" role=\"tablist\">\n\t\t\t\t\t<button id=\"e-n-tab-title-1681870911\" data-tab-title-id=\"e-n-tab-title-1681870911\" class=\"e-n-tab-title\" aria-selected=\"true\" data-tab-index=\"1\" role=\"tab\" tabindex=\"0\" aria-controls=\"e-n-tab-content-1681870911\" style=\"--n-tabs-title-order: 1;\">\n\t\t\t\t\t\t<span class=\"e-n-tab-title-text\">\n\t\t\t\tE\u011fitim \u00d6\u011fretim\t\t\t<\/span>\n\t\t<\/button>\n\t\t\t\t<button id=\"e-n-tab-title-1681870912\" data-tab-title-id=\"e-n-tab-title-1681870912\" class=\"e-n-tab-title\" aria-selected=\"false\" data-tab-index=\"2\" role=\"tab\" tabindex=\"-1\" aria-controls=\"e-n-tab-content-1681870912\" style=\"--n-tabs-title-order: 2;\">\n\t\t\t\t\t\t<span class=\"e-n-tab-title-text\">\n\t\t\t\t\u0130lkelerimiz\t\t\t<\/span>\n\t\t<\/button>\n\t\t\t\t<button id=\"e-n-tab-title-1681870913\" data-tab-title-id=\"e-n-tab-title-1681870913\" class=\"e-n-tab-title\" aria-selected=\"false\" data-tab-index=\"3\" role=\"tab\" tabindex=\"-1\" aria-controls=\"e-n-tab-content-1681870913\" style=\"--n-tabs-title-order: 3;\">\n\t\t\t\t\t\t<span class=\"e-n-tab-title-text\">\n\t\t\t\t\u0130lkokulda Ya\u015fam\t\t\t<\/span>\n\t\t<\/button>\n\t\t\t\t<button id=\"e-n-tab-title-1681870914\" data-tab-title-id=\"e-n-tab-title-1681870914\" class=\"e-n-tab-title\" aria-selected=\"false\" data-tab-index=\"4\" role=\"tab\" tabindex=\"-1\" aria-controls=\"e-n-tab-content-1681870914\" style=\"--n-tabs-title-order: 4;\">\n\t\t\t\t\t\t<span class=\"e-n-tab-title-text\">\n\t\t\t\tBran\u015f Dersleri\t\t\t<\/span>\n\t\t<\/button>\n\t\t\t\t<button id=\"e-n-tab-title-1681870915\" data-tab-title-id=\"e-n-tab-title-1681870915\" class=\"e-n-tab-title\" aria-selected=\"false\" data-tab-index=\"5\" role=\"tab\" tabindex=\"-1\" aria-controls=\"e-n-tab-content-1681870915\" style=\"--n-tabs-title-order: 5;\">\n\t\t\t\t\t\t<span class=\"e-n-tab-title-text\">\n\t\t\t\tYabanc\u0131 Dil\t\t\t<\/span>\n\t\t<\/button>\n\t\t\t\t<button id=\"e-n-tab-title-1681870916\" data-tab-title-id=\"e-n-tab-title-1681870916\" class=\"e-n-tab-title\" aria-selected=\"false\" data-tab-index=\"6\" role=\"tab\" tabindex=\"-1\" aria-controls=\"e-n-tab-content-1681870916\" style=\"--n-tabs-title-order: 6;\">\n\t\t\t\t\t\t<span class=\"e-n-tab-title-text\">\n\t\t\t\tRehberlik\t\t\t<\/span>\n\t\t<\/button>\n\t\t\t\t<button id=\"e-n-tab-title-1681870917\" data-tab-title-id=\"e-n-tab-title-1681870917\" class=\"e-n-tab-title\" aria-selected=\"false\" data-tab-index=\"7\" role=\"tab\" tabindex=\"-1\" aria-controls=\"e-n-tab-content-1681870917\" style=\"--n-tabs-title-order: 7;\">\n\t\t\t\t\t\t<span class=\"e-n-tab-title-text\">\n\t\t\t\tAkademik Takip\t\t\t<\/span>\n\t\t<\/button>\n\t\t\t\t<button id=\"e-n-tab-title-1681870918\" data-tab-title-id=\"e-n-tab-title-1681870918\" class=\"e-n-tab-title\" aria-selected=\"false\" data-tab-index=\"8\" role=\"tab\" tabindex=\"-1\" aria-controls=\"e-n-tab-content-1681870918\" style=\"--n-tabs-title-order: 8;\">\n\t\t\t\t\t\t<span class=\"e-n-tab-title-text\">\n\t\t\t\t\u00d6dev\t\t\t<\/span>\n\t\t<\/button>\n\t\t\t\t<button id=\"e-n-tab-title-1681870919\" data-tab-title-id=\"e-n-tab-title-1681870919\" class=\"e-n-tab-title\" aria-selected=\"false\" data-tab-index=\"9\" role=\"tab\" tabindex=\"-1\" aria-controls=\"e-n-tab-content-1681870919\" style=\"--n-tabs-title-order: 9;\">\n\t\t\t\t\t\t<span class=\"e-n-tab-title-text\">\n\t\t\t\tE\u011fitim Etkinlikleri\t\t\t<\/span>\n\t\t<\/button>\n\t\t\t\t<button id=\"e-n-tab-title-16818709110\" data-tab-title-id=\"e-n-tab-title-16818709110\" class=\"e-n-tab-title\" aria-selected=\"false\" data-tab-index=\"10\" role=\"tab\" tabindex=\"-1\" aria-controls=\"e-n-tab-content-16818709110\" style=\"--n-tabs-title-order: 10;\">\n\t\t\t\t\t\t<span class=\"e-n-tab-title-text\">\n\t\t\t\tGeziler\t\t\t<\/span>\n\t\t<\/button>\n\t\t\t\t<button id=\"e-n-tab-title-16818709111\" data-tab-title-id=\"e-n-tab-title-16818709111\" class=\"e-n-tab-title\" aria-selected=\"false\" data-tab-index=\"11\" role=\"tab\" tabindex=\"-1\" aria-controls=\"e-n-tab-content-16818709111\" style=\"--n-tabs-title-order: 11;\">\n\t\t\t\t\t\t<span class=\"e-n-tab-title-text\">\n\t\t\t\tHizmetlerimiz\t\t\t<\/span>\n\t\t<\/button>\n\t\t\t\t\t<\/div>\n\t\t\t<div class=\"e-n-tabs-content\">\n\t\t\t\t<div id=\"e-n-tab-content-1681870911\" role=\"tabpanel\" aria-labelledby=\"e-n-tab-title-1681870911\" data-tab-index=\"1\" style=\"--n-tabs-title-order: 1;\" class=\"e-active elementor-element elementor-element-90a0f68 e-con-full e-flex e-con e-child\" data-id=\"90a0f68\" data-element_type=\"container\" data-e-type=\"container\">\n\t\t<div class=\"elementor-element elementor-element-3c958fc e-flex e-con-boxed e-con e-child\" data-id=\"3c958fc\" data-element_type=\"container\" data-e-type=\"container\">\n\t\t\t\t\t<div class=\"e-con-inner\">\n\t\t<div class=\"elementor-element elementor-element-fa84fe3 e-con-full e-flex e-con e-child\" data-id=\"fa84fe3\" data-element_type=\"container\" data-e-type=\"container\">\n\t\t\t\t<div class=\"elementor-element elementor-element-56e1c51 elementor-widget elementor-widget-image\" data-id=\"56e1c51\" data-element_type=\"widget\" data-e-type=\"widget\" data-widget_type=\"image.default\">\n\t\t\t\t<div class=\"elementor-widget-container\">\n\t\t\t\t\t\t\t\t\t\t\t\t\t\t\t<img loading=\"lazy\" decoding=\"async\" width=\"900\" height=\"600\" src=\"https:\/\/profaj.co\/rotaegitim\/wp-content\/uploads\/2025\/11\/egitim-ogretim-1.webp\" class=\"attachment-full size-full wp-image-2396\" alt=\"\" srcset=\"https:\/\/profaj.co\/rotaegitim\/wp-content\/uploads\/2025\/11\/egitim-ogretim-1.webp 900w, https:\/\/profaj.co\/rotaegitim\/wp-content\/uploads\/2025\/11\/egitim-ogretim-1-300x200.webp 300w, https:\/\/profaj.co\/rotaegitim\/wp-content\/uploads\/2025\/11\/egitim-ogretim-1-768x512.webp 768w\" sizes=\"(max-width: 900px) 100vw, 900px\" \/>\t\t\t\t\t\t\t\t\t\t\t\t\t\t\t<\/div>\n\t\t\t\t<\/div>\n\t\t\t\t<\/div>\n\t\t<div class=\"elementor-element elementor-element-ca48c18 e-con-full e-flex e-con e-child\" data-id=\"ca48c18\" data-element_type=\"container\" data-e-type=\"container\">\n\t\t\t\t<div class=\"elementor-element elementor-element-5b9667d elementor-widget elementor-widget-heading\" data-id=\"5b9667d\" data-element_type=\"widget\" data-e-type=\"widget\" data-widget_type=\"heading.default\">\n\t\t\t\t<div class=\"elementor-widget-container\">\n\t\t\t\t\t<h2 class=\"elementor-heading-title elementor-size-default\">E\u011fitim - \u00d6\u011fretim<\/h2>\t\t\t\t<\/div>\n\t\t\t\t<\/div>\n\t\t\t\t<div class=\"elementor-element elementor-element-18481b2 elementor-widget elementor-widget-text-editor\" data-id=\"18481b2\" data-element_type=\"widget\" data-e-type=\"widget\" data-widget_type=\"text-editor.default\">\n\t\t\t\t<div class=\"elementor-widget-container\">\n\t\t\t\t\t\t\t\t\t<p><span style=\"font-weight: 400;\">Rota Koleji \u0130lkokulu\u2019nda e\u011fitim; yaln\u0131zca akademik kazan\u0131mlar\u0131n aktar\u0131m\u0131 de\u011fil, gelece\u011fe y\u00f6n verecek nitelikli bireyler yeti\u015ftirme sorumlulu\u011fudur.<\/span><\/p><p><span style=\"font-weight: 400;\">\u00d6\u011frencilerimizi erken ya\u015flardan itibaren ara\u015ft\u0131ran, sorgulayan, \u00e7\u00f6z\u00fcm \u00fcreten ve kendini g\u00fc\u00e7l\u00fc \u015fekilde ifade edebilen bireyler olarak yeti\u015ftiriyoruz. E\u011fitim yakla\u015f\u0131m\u0131m\u0131z; akademik m\u00fckemmeliyet, karakter geli\u015fimi ve bireysel yetkinlikleri ayn\u0131 eksende bulu\u015fturan b\u00fct\u00fcnc\u00fcl bir model \u00fczerine kuruludur.<\/span><\/p><p><span style=\"font-weight: 400;\">Ulusal m\u00fcfredata ba\u011fl\u0131 kal\u0131rken e\u011fitim s\u00fcre\u00e7lerimizi proje temelli \u00f6\u011frenme, uygulamal\u0131 etkinlikler, laboratuvar \u00e7al\u0131\u015fmalar\u0131 ve dijital entegrasyon ile zenginle\u015ftiriyoruz. Amac\u0131m\u0131z yaln\u0131zca bilgi aktaran bir kurum olmak de\u011fil; \u00f6\u011frenmeyi ya\u015fam bi\u00e7imine d\u00f6n\u00fc\u015ft\u00fcren bir akademik ekosistem olu\u015fturmakt\u0131r.<\/span><\/p>\t\t\t\t\t\t\t\t<\/div>\n\t\t\t\t<\/div>\n\t\t\t\t<\/div>\n\t\t\t\t\t<\/div>\n\t\t\t\t<\/div>\n\t\t<div class=\"elementor-element elementor-element-f5bbd7c e-flex e-con-boxed e-con e-child\" data-id=\"f5bbd7c\" data-element_type=\"container\" data-e-type=\"container\">\n\t\t\t\t\t<div class=\"e-con-inner\">\n\t\t<div class=\"elementor-element elementor-element-25428e0 e-con-full e-flex e-con e-child\" data-id=\"25428e0\" data-element_type=\"container\" data-e-type=\"container\">\n\t\t\t\t<div class=\"elementor-element elementor-element-659ed8f elementor-widget elementor-widget-text-editor\" data-id=\"659ed8f\" data-element_type=\"widget\" data-e-type=\"widget\" data-widget_type=\"text-editor.default\">\n\t\t\t\t<div class=\"elementor-widget-container\">\n\t\t\t\t\t\t\t\t\t<p><b>T\u00fcrk\u00e7e<\/b><\/p><p><span style=\"font-weight: 400;\">Dil becerisi, d\u00fc\u015f\u00fcncenin temelidir. \u00d6\u011frencilerimizin okuma, yazma ve s\u00f6zl\u00fc ifade yetkinlikleri sistemli \u00e7al\u0131\u015fmalarla geli\u015ftirilir. Ele\u015ftirel okuma, yarat\u0131c\u0131 yazma ve etkili ileti\u015fim becerileri \u00f6ncelikli hedeflerimiz aras\u0131ndad\u0131r.<\/span><\/p><p><b>Matematik<\/b><\/p><p><span style=\"font-weight: 400;\">Matematik dersimiz ezbere dayal\u0131 de\u011fil; kavrama, yorumlama ve problem \u00e7\u00f6zme odakl\u0131d\u0131r. \u00d6\u011frenciler analitik d\u00fc\u015f\u00fcnme becerisi kazan\u0131r ve soyut kavramlar\u0131 somut modeller \u00fczerinden deneyimler.<\/span><\/p><p><b>Hayat Bilgisi<\/b><\/p><p><span style=\"font-weight: 400;\">\u00d6\u011frencilerin kendini, \u00e7evresini ve toplumsal yap\u0131y\u0131 tan\u0131mas\u0131n\u0131 sa\u011flayan temel geli\u015fim alan\u0131d\u0131r. Sorumluluk bilinci, de\u011fer fark\u0131ndal\u0131\u011f\u0131 ve sosyal uyum becerileri bu s\u00fcre\u00e7te g\u00fc\u00e7lendirilir.<\/span><\/p><p><b>Fen Bilimleri\u00a0<\/b><\/p><p><span style=\"font-weight: 400;\">Bilimsel merak\u0131n sistemli d\u00fc\u015f\u00fcnceye d\u00f6n\u00fc\u015fmesi hedeflenir. Dersler deney, g\u00f6zlem ve ara\u015ft\u0131rma temelli y\u00fcr\u00fct\u00fcl\u00fcr. Laboratuvar \u00e7al\u0131\u015fmalar\u0131 ile \u00f6\u011frenciler bilimsel y\u00f6ntemi uygulayarak ke\u015ffetme deneyimi ya\u015far.<\/span><\/p><p><b>Sosyal Bilgiler\u00a0<\/b><\/p><p><span style=\"font-weight: 400;\">Toplumsal bilin\u00e7 ve k\u00fclt\u00fcrel fark\u0131ndal\u0131k kazand\u0131rmay\u0131 ama\u00e7lar. \u00d6\u011frenciler ge\u00e7mi\u015f\u2013bug\u00fcn\u2013gelecek ba\u011flant\u0131s\u0131n\u0131 kurarak sosyal sorumluluk ve vatanda\u015fl\u0131k bilinci geli\u015ftirir.<\/span><\/p><p><b> Okuma Saati<\/b><\/p><p><span style=\"font-weight: 400;\">Haftal\u0131k plan dahilinde d\u00fczenli okuma saatleri uygulanmaktad\u0131r. Bu s\u00fcre\u00e7 \u00f6\u011frencilerin:<\/span><\/p><ul><li style=\"font-weight: 400;\" aria-level=\"1\"><span style=\"font-weight: 400;\">Okuma al\u0131\u015fkanl\u0131\u011f\u0131 kazanmas\u0131n\u0131<\/span><\/li><li style=\"font-weight: 400;\" aria-level=\"1\"><span style=\"font-weight: 400;\">Kelime da\u011farc\u0131\u011f\u0131n\u0131 geli\u015ftirmesini<\/span><\/li><li style=\"font-weight: 400;\" aria-level=\"1\"><span style=\"font-weight: 400;\">Anlama ve yorumlama becerilerini g\u00fc\u00e7lendirmesini<\/span><\/li><\/ul><p><span style=\"font-weight: 400;\">destekler. Okuma k\u00fclt\u00fcr\u00fc akademik ba\u015far\u0131n\u0131n temel bile\u015feni olarak ele al\u0131nmaktad\u0131r.<\/span><\/p><p><b>Laboratuvar \u00c7al\u0131\u015fmalar\u0131<\/b><\/p><p><span style=\"font-weight: 400;\">Fen ve uygulamal\u0131 dersler kapsam\u0131nda laboratuvar ortam\u0131nda deneysel \u00f6\u011frenme ger\u00e7ekle\u015ftirilmektedir. \u00d6\u011frenciler teorik bilgiyi uygulama f\u0131rsat\u0131 bulur, g\u00f6zlem yapar ve sonu\u00e7 \u00e7\u0131karma becerilerini geli\u015ftirir.<\/span><\/p><p><span style=\"font-weight: 400;\">Bu \u00e7al\u0131\u015fmalar \u00f6\u011frencilerin bilimsel d\u00fc\u015f\u00fcnme kapasitesini art\u0131r\u0131rken ayn\u0131 zamanda ara\u015ft\u0131rma motivasyonunu g\u00fc\u00e7lendirir.<\/span><\/p><p><b>Portfolyo Uygulamas\u0131<\/b><\/p><p><span style=\"font-weight: 400;\">Akademik geli\u015fim s\u00fcreci y\u0131lda <\/span><b>bir kez portfolyo \u00e7al\u0131\u015fmas\u0131<\/b><span style=\"font-weight: 400;\"> ile b\u00fct\u00fcnc\u00fcl olarak de\u011ferlendirilir.<\/span><\/p><p><span style=\"font-weight: 400;\">Portfolyo kapsam\u0131nda:<\/span><\/p><ul><li style=\"font-weight: 400;\" aria-level=\"1\"><span style=\"font-weight: 400;\">\u00d6\u011frencinin d\u00f6nem i\u00e7i \u00e7al\u0131\u015fmalar\u0131<\/span><\/li><li style=\"font-weight: 400;\" aria-level=\"1\"><span style=\"font-weight: 400;\">Proje g\u00f6revleri<\/span><\/li><li style=\"font-weight: 400;\" aria-level=\"1\"><span style=\"font-weight: 400;\">Yaz\u0131l\u0131 \u00fcr\u00fcnleri<\/span><\/li><li style=\"font-weight: 400;\" aria-level=\"1\"><span style=\"font-weight: 400;\">Sanatsal ve akademik \u00e7al\u0131\u015fmalar\u0131<\/span><\/li><\/ul><p><span style=\"font-weight: 400;\">bir araya getirilir ve geli\u015fim s\u00fcreci somut olarak analiz edilir.<\/span><\/p>\t\t\t\t\t\t\t\t<\/div>\n\t\t\t\t<\/div>\n\t\t\t\t<\/div>\n\t\t\t\t\t<\/div>\n\t\t\t\t<\/div>\n\t\t\t\t<\/div>\n\t\t<div id=\"e-n-tab-content-1681870912\" role=\"tabpanel\" aria-labelledby=\"e-n-tab-title-1681870912\" data-tab-index=\"2\" style=\"--n-tabs-title-order: 2;\" class=\" elementor-element elementor-element-7b043d8 e-con-full e-flex e-con e-child\" data-id=\"7b043d8\" data-element_type=\"container\" data-e-type=\"container\">\n\t\t<div class=\"elementor-element elementor-element-1d766d2 e-flex e-con-boxed e-con e-child\" data-id=\"1d766d2\" data-element_type=\"container\" data-e-type=\"container\">\n\t\t\t\t\t<div class=\"e-con-inner\">\n\t\t<div class=\"elementor-element elementor-element-94df69e e-con-full e-flex e-con e-child\" data-id=\"94df69e\" data-element_type=\"container\" data-e-type=\"container\">\n\t\t\t\t<div class=\"elementor-element elementor-element-61345fd elementor-widget elementor-widget-image\" data-id=\"61345fd\" data-element_type=\"widget\" data-e-type=\"widget\" data-widget_type=\"image.default\">\n\t\t\t\t<div class=\"elementor-widget-container\">\n\t\t\t\t\t\t\t\t\t\t\t\t\t\t\t<img loading=\"lazy\" decoding=\"async\" width=\"900\" height=\"600\" src=\"https:\/\/profaj.co\/rotaegitim\/wp-content\/uploads\/2025\/11\/ilkelerimiz-1.webp\" class=\"attachment-full size-full wp-image-2398\" alt=\"\" srcset=\"https:\/\/profaj.co\/rotaegitim\/wp-content\/uploads\/2025\/11\/ilkelerimiz-1.webp 900w, https:\/\/profaj.co\/rotaegitim\/wp-content\/uploads\/2025\/11\/ilkelerimiz-1-300x200.webp 300w, https:\/\/profaj.co\/rotaegitim\/wp-content\/uploads\/2025\/11\/ilkelerimiz-1-768x512.webp 768w\" sizes=\"(max-width: 900px) 100vw, 900px\" \/>\t\t\t\t\t\t\t\t\t\t\t\t\t\t\t<\/div>\n\t\t\t\t<\/div>\n\t\t\t\t<\/div>\n\t\t<div class=\"elementor-element elementor-element-9d4fa4d e-con-full e-flex e-con e-child\" data-id=\"9d4fa4d\" data-element_type=\"container\" data-e-type=\"container\">\n\t\t\t\t<div class=\"elementor-element elementor-element-94f280d elementor-widget elementor-widget-heading\" data-id=\"94f280d\" data-element_type=\"widget\" data-e-type=\"widget\" data-widget_type=\"heading.default\">\n\t\t\t\t<div class=\"elementor-widget-container\">\n\t\t\t\t\t<h2 class=\"elementor-heading-title elementor-size-default\">\u0130lke ve Hedeflerimiz<\/h2>\t\t\t\t<\/div>\n\t\t\t\t<\/div>\n\t\t\t\t<div class=\"elementor-element elementor-element-e62e63d elementor-widget elementor-widget-text-editor\" data-id=\"e62e63d\" data-element_type=\"widget\" data-e-type=\"widget\" data-widget_type=\"text-editor.default\">\n\t\t\t\t<div class=\"elementor-widget-container\">\n\t\t\t\t\t\t\t\t\t<p><span style=\"font-weight: 400;\">Rotal\u0131 \u00f6\u011frenciler; toplumsal de\u011ferlere ba\u011fl\u0131, do\u011faya sayg\u0131l\u0131, sorumluluk bilinci geli\u015fmi\u015f ve Atat\u00fcrk ilke ve ink\u0131laplar\u0131n\u0131n \u0131\u015f\u0131\u011f\u0131nda gelece\u011fe g\u00fcvenle y\u00fcr\u00fcyen bireyler olarak yeti\u015ftirilir.<\/span><\/p><p><span style=\"font-weight: 400;\">E\u011fitim anlay\u0131\u015f\u0131m\u0131z, her \u00f6\u011frenciyi bir birey olarak ele alarak potansiyelini en \u00fcst d\u00fczeye \u00e7\u0131karmay\u0131 hedefler. \u00d6\u011frenme s\u00fcrecinde soyut ve ezbere dayal\u0131 yakla\u015f\u0131mlar yerine, ya\u015famla ili\u015fkilendirilen, uygulamaya dayal\u0131 ve aktif \u00f6\u011frenme y\u00f6ntemleri benimsenir. \u00d6\u011frencilerin ilgi alanlar\u0131, yetenekleri ve \u00f6\u011frenme h\u0131zlar\u0131 dikkate al\u0131narak farkl\u0131la\u015ft\u0131r\u0131lm\u0131\u015f e\u011fitim uygulamalar\u0131 y\u00fcr\u00fct\u00fcl\u00fcr.<\/span><\/p><p><span style=\"font-weight: 400;\">\u00d6\u011frencilerimiz sanat, spor, bilim, sosyal ve k\u00fclt\u00fcrel etkinlikler arac\u0131l\u0131\u011f\u0131yla kendilerini ke\u015ffetme ve geli\u015ftirme f\u0131rsat\u0131 bulur. Grup \u00e7al\u0131\u015fmalar\u0131nda i\u015f birli\u011fi yapma, sorumluluk alma ve kendini ifade etme becerileri g\u00fc\u00e7lenir; akademik ve sosyal geli\u015fimleri b\u00fct\u00fcnc\u00fcl bir yakla\u015f\u0131mla desteklenir.<\/span><\/p><p><span style=\"font-weight: 400;\">Sanat at\u00f6lyelerimizde \u00f6\u011frencilerimiz m\u00fczik, resim, foto\u011fraf, bando, jimnastik ve modern dans gibi alanlarla estetik bak\u0131\u015f a\u00e7\u0131lar\u0131n\u0131 geli\u015ftirir, yeteneklerini ke\u015ffeder ve \u00f6zg\u00fcvenlerini art\u0131r\u0131r.<\/span><\/p>\t\t\t\t\t\t\t\t<\/div>\n\t\t\t\t<\/div>\n\t\t\t\t<\/div>\n\t\t\t\t\t<\/div>\n\t\t\t\t<\/div>\n\t\t<div class=\"elementor-element elementor-element-2e1006b e-flex e-con-boxed e-con e-child\" data-id=\"2e1006b\" data-element_type=\"container\" data-e-type=\"container\">\n\t\t\t\t\t<div class=\"e-con-inner\">\n\t\t<div class=\"elementor-element elementor-element-bf8782e e-con-full e-flex e-con e-child\" data-id=\"bf8782e\" data-element_type=\"container\" data-e-type=\"container\">\n\t\t\t\t<div class=\"elementor-element elementor-element-05370f2 elementor-widget elementor-widget-text-editor\" data-id=\"05370f2\" data-element_type=\"widget\" data-e-type=\"widget\" data-widget_type=\"text-editor.default\">\n\t\t\t\t<div class=\"elementor-widget-container\">\n\t\t\t\t\t\t\t\t\t<p><span style=\"font-weight: 400;\">Akademik geli\u015fimi destekleyen zenginle\u015ftirilmi\u015f sosyal ve k\u00fclt\u00fcrel etkinliklerimiz, \u00f6\u011frencilerin \u00f6\u011frenme motivasyonunu canl\u0131 tutarken bilgi ve becerilerini kal\u0131c\u0131 h\u00e2le getirir. Uygulanan sosyal sorumluluk projeleri sayesinde \u00f6\u011frencilerimiz toplumsal fark\u0131ndal\u0131k kazan\u0131r ve payla\u015fma bilincini geli\u015ftirir.<\/span><\/p><p><span style=\"font-weight: 400;\">\u00d6\u011frencilerimizin bili\u015fsel, sosyal, duygusal ve fiziksel geli\u015fimlerini b\u00fct\u00fcnc\u00fcl bi\u00e7imde desteklemek amac\u0131yla kapsaml\u0131 rehberlik hizmetleri sunulmaktad\u0131r. Ki\u015fisel, sosyal ve e\u011fitsel geli\u015fime y\u00f6nelik \u00e7al\u0131\u015fmalar; \u00f6\u011frencilerin kendilerini tan\u0131malar\u0131na, ilgi ve yeteneklerini ke\u015ffetmelerine, olumlu davran\u0131\u015f geli\u015ftirmelerine ve etkili \u00f6\u011frenme becerileri kazanmalar\u0131na odaklan\u0131r. Bu s\u00fcre\u00e7, \u00f6\u011frenci\u2013\u00f6\u011fretmen\u2013veli i\u015f birli\u011fi i\u00e7inde, geli\u015fimsel ve \u00f6nleyici rehberlik anlay\u0131\u015f\u0131yla uzman ekip taraf\u0131ndan y\u00fcr\u00fct\u00fclmektedir.<\/span><\/p>\t\t\t\t\t\t\t\t<\/div>\n\t\t\t\t<\/div>\n\t\t\t\t<\/div>\n\t\t\t\t\t<\/div>\n\t\t\t\t<\/div>\n\t\t\t\t<\/div>\n\t\t<div id=\"e-n-tab-content-1681870913\" role=\"tabpanel\" aria-labelledby=\"e-n-tab-title-1681870913\" data-tab-index=\"3\" style=\"--n-tabs-title-order: 3;\" class=\" elementor-element elementor-element-2e893ec e-con-full e-flex e-con e-child\" data-id=\"2e893ec\" data-element_type=\"container\" data-e-type=\"container\">\n\t\t<div class=\"elementor-element elementor-element-27924c3 e-flex e-con-boxed e-con e-child\" data-id=\"27924c3\" data-element_type=\"container\" data-e-type=\"container\">\n\t\t\t\t\t<div class=\"e-con-inner\">\n\t\t<div class=\"elementor-element elementor-element-57a3d4b e-con-full e-flex e-con e-child\" data-id=\"57a3d4b\" data-element_type=\"container\" data-e-type=\"container\">\n\t\t\t\t<div class=\"elementor-element elementor-element-875bf5e elementor-widget elementor-widget-image\" data-id=\"875bf5e\" data-element_type=\"widget\" data-e-type=\"widget\" data-widget_type=\"image.default\">\n\t\t\t\t<div class=\"elementor-widget-container\">\n\t\t\t\t\t\t\t\t\t\t\t\t\t\t\t<img loading=\"lazy\" decoding=\"async\" width=\"900\" height=\"600\" src=\"https:\/\/profaj.co\/rotaegitim\/wp-content\/uploads\/2025\/11\/ilkokulda-yasam-1.webp\" class=\"attachment-full size-full wp-image-2771\" alt=\"\" srcset=\"https:\/\/profaj.co\/rotaegitim\/wp-content\/uploads\/2025\/11\/ilkokulda-yasam-1.webp 900w, https:\/\/profaj.co\/rotaegitim\/wp-content\/uploads\/2025\/11\/ilkokulda-yasam-1-300x200.webp 300w, https:\/\/profaj.co\/rotaegitim\/wp-content\/uploads\/2025\/11\/ilkokulda-yasam-1-768x512.webp 768w\" sizes=\"(max-width: 900px) 100vw, 900px\" \/>\t\t\t\t\t\t\t\t\t\t\t\t\t\t\t<\/div>\n\t\t\t\t<\/div>\n\t\t\t\t<\/div>\n\t\t<div class=\"elementor-element elementor-element-124a838 e-con-full e-flex e-con e-child\" data-id=\"124a838\" data-element_type=\"container\" data-e-type=\"container\">\n\t\t\t\t<div class=\"elementor-element elementor-element-db9d8a9 elementor-widget elementor-widget-heading\" data-id=\"db9d8a9\" data-element_type=\"widget\" data-e-type=\"widget\" data-widget_type=\"heading.default\">\n\t\t\t\t<div class=\"elementor-widget-container\">\n\t\t\t\t\t<h2 class=\"elementor-heading-title elementor-size-default\">\u0130lkokulda Bir G\u00fcn \n<\/h2>\t\t\t\t<\/div>\n\t\t\t\t<\/div>\n\t\t\t\t<div class=\"elementor-element elementor-element-5ff4112 elementor-widget elementor-widget-text-editor\" data-id=\"5ff4112\" data-element_type=\"widget\" data-e-type=\"widget\" data-widget_type=\"text-editor.default\">\n\t\t\t\t<div class=\"elementor-widget-container\">\n\t\t\t\t\t\t\t\t\t<p><span style=\"font-weight: 400;\">\u0130lkokulumuzda e\u011fitim s\u00fcreci sabah <\/span><b>08.00\u2019de<\/b><span style=\"font-weight: 400;\"> ba\u015flar. N\u00f6bet\u00e7i \u00f6\u011fretmenlerimiz \u00f6\u011frencilerimizi okul giri\u015finde kar\u015f\u0131layarak g\u00fcne g\u00fcvenli, s\u0131cak ve d\u00fczenli bir ba\u015flang\u0131\u00e7 yapmalar\u0131n\u0131 sa\u011flar. \u00d6\u011frencilerimiz okula yaln\u0131zca bir ders ortam\u0131na de\u011fil; \u00f6\u011frenmeye haz\u0131r, motive ve de\u011ferli bir e\u011fitim toplulu\u011funun par\u00e7as\u0131 olarak ad\u0131m atar.<\/span><\/p><p><span style=\"font-weight: 400;\">Dersler <\/span><b>09.00\u2019da<\/b><span style=\"font-weight: 400;\"> ba\u015flar ve <\/span><b>16.20\u2019de<\/b><span style=\"font-weight: 400;\"> sona erer. G\u00fcnl\u00fck program\u0131m\u0131z <\/span><b>8 ders saati<\/b><span style=\"font-weight: 400;\"> olarak planlanm\u0131\u015f olup her ders <\/span><b>40 dakika<\/b><span style=\"font-weight: 400;\"> s\u00fcrmektedir. E\u011fitim anlay\u0131\u015f\u0131m\u0131z akademik ba\u015far\u0131y\u0131 temel al\u0131rken; ara\u015ft\u0131ran, sorgulayan, \u00fcretken ve \u00f6zg\u00fcvenli bireyler yeti\u015ftirmeyi hedefleyen b\u00fct\u00fcnc\u00fcl bir yakla\u015f\u0131ma dayan\u0131r. Derslerimiz ezbere dayal\u0131 de\u011fil; uygulama, proje temelli \u00f6\u011frenme ve aktif kat\u0131l\u0131m esasl\u0131 bir modelle i\u015flenir. \u00d6\u011frencilerimiz s\u0131n\u0131f i\u00e7inde fikir \u00fcretir, deneyim kazan\u0131r ve bilgiyi hayatla ili\u015fkilendirerek \u00f6\u011frenir.<\/span><\/p><p><b>\u00d6\u011fle tatilinde<\/b><span style=\"font-weight: 400;\"> \u00f6\u011frencilerimiz \u00f6\u011fretmenleri e\u015fli\u011finde sa\u011fl\u0131kl\u0131 ve dengeli \u00f6\u011fle yemeklerini yer. Bu s\u00fcre\u00e7 yaln\u0131zca beslenme de\u011fil, ayn\u0131 zamanda sosyal geli\u015fimi destekleyen bir etkile\u015fim ve dinlenme zaman\u0131d\u0131r. Kontroll\u00fc ve g\u00fcvenli bir ortamda \u00f6\u011frencilerimiz g\u00fcn\u00fcn ikinci b\u00f6l\u00fcm\u00fcne haz\u0131rlan\u0131r.<\/span><\/p>\t\t\t\t\t\t\t\t<\/div>\n\t\t\t\t<\/div>\n\t\t\t\t<\/div>\n\t\t\t\t\t<\/div>\n\t\t\t\t<\/div>\n\t\t<div class=\"elementor-element elementor-element-5fa635b e-flex e-con-boxed e-con e-child\" data-id=\"5fa635b\" data-element_type=\"container\" data-e-type=\"container\">\n\t\t\t\t\t<div class=\"e-con-inner\">\n\t\t<div class=\"elementor-element elementor-element-cbb85b9 e-con-full e-flex e-con e-child\" data-id=\"cbb85b9\" data-element_type=\"container\" data-e-type=\"container\">\n\t\t\t\t<div class=\"elementor-element elementor-element-1eccfb1 elementor-widget elementor-widget-text-editor\" data-id=\"1eccfb1\" data-element_type=\"widget\" data-e-type=\"widget\" data-widget_type=\"text-editor.default\">\n\t\t\t\t<div class=\"elementor-widget-container\">\n\t\t\t\t\t\t\t\t\t<p><span style=\"font-weight: 400;\">Akademik program\u0131n yan\u0131 s\u0131ra \u00f6\u011frencilerimiz bran\u015f dersleri ile \u00e7ok y\u00f6nl\u00fc geli\u015fim imk\u00e2n\u0131 bulur. <\/span><b>Satran\u00e7<\/b><span style=\"font-weight: 400;\"> dersinde stratejik d\u00fc\u015f\u00fcnme ve problem \u00e7\u00f6zme becerileri geli\u015firken; <\/span><b>kodlama<\/b><span style=\"font-weight: 400;\"> dersinde teknolojiyi anlayan ve \u00fcreten bireyler olarak dijital d\u00fcnyaya haz\u0131rlan\u0131rlar. <\/span><b>Beden e\u011fitimi<\/b><span style=\"font-weight: 400;\"> ve <\/span><b>y\u00fczme<\/b><span style=\"font-weight: 400;\"> dersleri fiziksel geli\u015fim, koordinasyon ve spor disiplini kazand\u0131r\u0131r. <\/span><b>M\u00fczik<\/b><span style=\"font-weight: 400;\">, <\/span><b>dans<\/b><span style=\"font-weight: 400;\"> ve <\/span><b>g\u00f6rsel sanatlar<\/b><span style=\"font-weight: 400;\"> dersleri ise \u00f6\u011frencilerimizin sanatsal ifade g\u00fcc\u00fcn\u00fc, yarat\u0131c\u0131l\u0131\u011f\u0131n\u0131 ve estetik bak\u0131\u015f a\u00e7\u0131s\u0131n\u0131 destekler.<\/span><\/p><p><span style=\"font-weight: 400;\">Derslerin tamamlanmas\u0131n\u0131n ard\u0131ndan <\/span><b>16.20 \u2013 18.00 saatleri<\/b><span style=\"font-weight: 400;\"> aras\u0131nda iste\u011fe ba\u011fl\u0131 olarak sanat spor okulu ve et\u00fct sistemi devreye girer. Bu s\u00fcre\u00e7te \u00f6\u011frencilerimiz akademik destek al\u0131rken ayn\u0131 zamanda ilgi ve yetenek alanlar\u0131na y\u00f6nelik \u00e7al\u0131\u015fmalar yapma f\u0131rsat\u0131 bulur. \u00d6devlerini tamamlar, tekrar yapar ve \u00f6\u011fretmen rehberli\u011finde geli\u015fimlerini g\u00fc\u00e7lendirirler.<\/span><\/p><p><span style=\"font-weight: 400;\">Okulumuzda bir g\u00fcn; yaln\u0131zca derslerden olu\u015fan bir zaman dilimi de\u011fil, akademik ba\u015far\u0131, sosyal geli\u015fim, spor, sanat ve karakter e\u011fitimini birlikte kapsayan kapsaml\u0131 ve nitelikli bir \u00f6\u011frenme deneyimi olarak planlanmaktad\u0131r.<\/span><\/p>\t\t\t\t\t\t\t\t<\/div>\n\t\t\t\t<\/div>\n\t\t\t\t<\/div>\n\t\t\t\t\t<\/div>\n\t\t\t\t<\/div>\n\t\t\t\t<\/div>\n\t\t<div id=\"e-n-tab-content-1681870914\" role=\"tabpanel\" aria-labelledby=\"e-n-tab-title-1681870914\" data-tab-index=\"4\" style=\"--n-tabs-title-order: 4;\" class=\" elementor-element elementor-element-7346b4b e-con-full e-flex e-con e-child\" data-id=\"7346b4b\" data-element_type=\"container\" data-e-type=\"container\">\n\t\t<div class=\"elementor-element elementor-element-86bbed5 e-flex e-con-boxed e-con e-child\" data-id=\"86bbed5\" data-element_type=\"container\" data-e-type=\"container\">\n\t\t\t\t\t<div class=\"e-con-inner\">\n\t\t<div class=\"elementor-element elementor-element-c02ada6 e-con-full e-flex e-con e-child\" data-id=\"c02ada6\" data-element_type=\"container\" data-e-type=\"container\">\n\t\t\t\t<div class=\"elementor-element elementor-element-aa87a3d elementor-widget elementor-widget-image\" data-id=\"aa87a3d\" data-element_type=\"widget\" data-e-type=\"widget\" data-widget_type=\"image.default\">\n\t\t\t\t<div class=\"elementor-widget-container\">\n\t\t\t\t\t\t\t\t\t\t\t\t\t\t\t<img loading=\"lazy\" decoding=\"async\" width=\"900\" height=\"600\" src=\"https:\/\/profaj.co\/rotaegitim\/wp-content\/uploads\/2025\/11\/brans-dersleri-2.webp\" class=\"attachment-full size-full wp-image-2775\" alt=\"\" srcset=\"https:\/\/profaj.co\/rotaegitim\/wp-content\/uploads\/2025\/11\/brans-dersleri-2.webp 900w, https:\/\/profaj.co\/rotaegitim\/wp-content\/uploads\/2025\/11\/brans-dersleri-2-300x200.webp 300w, https:\/\/profaj.co\/rotaegitim\/wp-content\/uploads\/2025\/11\/brans-dersleri-2-768x512.webp 768w\" sizes=\"(max-width: 900px) 100vw, 900px\" \/>\t\t\t\t\t\t\t\t\t\t\t\t\t\t\t<\/div>\n\t\t\t\t<\/div>\n\t\t\t\t<\/div>\n\t\t<div class=\"elementor-element elementor-element-a6e9459 e-con-full e-flex e-con e-child\" data-id=\"a6e9459\" data-element_type=\"container\" data-e-type=\"container\">\n\t\t\t\t<div class=\"elementor-element elementor-element-d4a221b elementor-widget elementor-widget-heading\" data-id=\"d4a221b\" data-element_type=\"widget\" data-e-type=\"widget\" data-widget_type=\"heading.default\">\n\t\t\t\t<div class=\"elementor-widget-container\">\n\t\t\t\t\t<h2 class=\"elementor-heading-title elementor-size-default\">Bran\u015f Dersleri<\/h2>\t\t\t\t<\/div>\n\t\t\t\t<\/div>\n\t\t\t\t<div class=\"elementor-element elementor-element-9b145fd elementor-widget elementor-widget-text-editor\" data-id=\"9b145fd\" data-element_type=\"widget\" data-e-type=\"widget\" data-widget_type=\"text-editor.default\">\n\t\t\t\t<div class=\"elementor-widget-container\">\n\t\t\t\t\t\t\t\t\t<p><span style=\"font-weight: 400;\">Rota Koleji\u2019nde \u00f6\u011frencilerimiz yaln\u0131zca temel akademik derslerle de\u011fil, bran\u015f dersleriyle de desteklenerek \u00e7ok y\u00f6nl\u00fc bireyler olarak yeti\u015ftirilir. E\u011fitim program\u0131m\u0131z, \u00f6\u011frencilerin bili\u015fsel, sanatsal, fiziksel ve sosyal geli\u015fimlerini b\u00fct\u00fcnc\u00fcl bir yakla\u015f\u0131mla g\u00fc\u00e7lendirmeyi hedefler.<\/span><\/p><p><b>Bran\u015f derslerimiz:<\/b><\/p><ul><li><b>Kodlama:<\/b><span style=\"font-weight: 400;\"> \u00d6\u011frencilerimiz erken ya\u015fta algoritmik d\u00fc\u015f\u00fcnme, problem \u00e7\u00f6zme ve dijital okuryazarl\u0131k becerileri kazan\u0131r.<\/span><span style=\"font-weight: 400;\"><br \/><\/span><span style=\"font-weight: 400;\">\u2022 <\/span><b>Satran\u00e7:<\/b><span style=\"font-weight: 400;\"> Dikkat, planlama ve stratejik d\u00fc\u015f\u00fcnme becerilerini geli\u015ftiren zihinsel bir disiplin kazand\u0131r\u0131r.<\/span><span style=\"font-weight: 400;\"><br \/><\/span><span style=\"font-weight: 400;\">\u2022 <\/span><b>Drama:<\/b><span style=\"font-weight: 400;\"> Beden dili, \u00f6zg\u00fcven ve yarat\u0131c\u0131 ifade becerileri uygulamal\u0131 etkinliklerle desteklenir.<\/span><span style=\"font-weight: 400;\"><br \/><\/span><span style=\"font-weight: 400;\">\u2022 <\/span><b>Modern Dans:<\/b><span style=\"font-weight: 400;\"> Ritim duygusu, hareket koordinasyonu ve fiziksel fark\u0131ndal\u0131k geli\u015ftirilir.<\/span><span style=\"font-weight: 400;\"><br \/><\/span><span style=\"font-weight: 400;\">\u2022 <\/span><b>M\u00fczik:<\/b><span style=\"font-weight: 400;\"> Ritim, melodi ve ses \u00e7al\u0131\u015fmalar\u0131yla m\u00fcziksel fark\u0131ndal\u0131k art\u0131r\u0131l\u0131r ve \u00f6\u011frencilerin sanata olan ilgileri g\u00fc\u00e7lendirilir.<\/span><span style=\"font-weight: 400;\"><br \/><\/span><span style=\"font-weight: 400;\">\u2022 <\/span><b>G\u00f6rsel Sanatlar:<\/b><span style=\"font-weight: 400;\"> Yarat\u0131c\u0131 d\u00fc\u015f\u00fcnme, estetik bak\u0131\u015f a\u00e7\u0131s\u0131 ve el becerilerini geli\u015ftiren \u00e7e\u015fitli sanat etkinlikleri uygulan\u0131r.<\/span><span style=\"font-weight: 400;\"><br \/><\/span><span style=\"font-weight: 400;\">\u2022 <\/span><b>Beden E\u011fitimi:<\/b><span style=\"font-weight: 400;\"> Fiziksel geli\u015fim desteklenirken tak\u0131m \u00e7al\u0131\u015fmas\u0131, disiplin ve spor k\u00fclt\u00fcr\u00fc kazand\u0131r\u0131l\u0131r.<\/span><span style=\"font-weight: 400;\"><br \/><\/span><span style=\"font-weight: 400;\">\u2022 <\/span><b>Y\u00fczme:<\/b><span style=\"font-weight: 400;\"> \u00d6\u011frencilerimiz y\u00fczme becerilerini \u00f6\u011frenerek suyla g\u00fcvenli bir ili\u015fki kurar ve fiziksel dayan\u0131kl\u0131l\u0131klar\u0131n\u0131 art\u0131r\u0131r.<\/span><\/li><\/ul><p><span style=\"font-weight: 400;\">Bu dersler sayesinde \u00f6\u011frencilerimizin sanatsal, bili\u015fsel ve duygusal y\u00f6nleri dengeli bir \u015fekilde geli\u015fir; \u00f6zg\u00fcvenli, \u00fcretken ve sa\u011fl\u0131kl\u0131 bireyler olarak hayata haz\u0131rlan\u0131rlar.<\/span><\/p>\t\t\t\t\t\t\t\t<\/div>\n\t\t\t\t<\/div>\n\t\t\t\t<\/div>\n\t\t\t\t\t<\/div>\n\t\t\t\t<\/div>\n\t\t<div class=\"elementor-element elementor-element-265ef6d e-flex e-con-boxed e-con e-child\" data-id=\"265ef6d\" data-element_type=\"container\" data-e-type=\"container\">\n\t\t\t\t\t<div class=\"e-con-inner\">\n\t\t\t\t\t<\/div>\n\t\t\t\t<\/div>\n\t\t\t\t<\/div>\n\t\t<div id=\"e-n-tab-content-1681870915\" role=\"tabpanel\" aria-labelledby=\"e-n-tab-title-1681870915\" data-tab-index=\"5\" style=\"--n-tabs-title-order: 5;\" class=\" elementor-element elementor-element-6a74978 e-con-full e-flex e-con e-child\" data-id=\"6a74978\" data-element_type=\"container\" data-e-type=\"container\">\n\t\t<div class=\"elementor-element elementor-element-cd8a079 e-flex e-con-boxed e-con e-child\" data-id=\"cd8a079\" data-element_type=\"container\" data-e-type=\"container\">\n\t\t\t\t\t<div class=\"e-con-inner\">\n\t\t<div class=\"elementor-element elementor-element-37b39f2 e-con-full e-flex e-con e-child\" data-id=\"37b39f2\" data-element_type=\"container\" data-e-type=\"container\">\n\t\t\t\t<div class=\"elementor-element elementor-element-1e05c9c elementor-widget elementor-widget-image\" data-id=\"1e05c9c\" data-element_type=\"widget\" data-e-type=\"widget\" data-widget_type=\"image.default\">\n\t\t\t\t<div class=\"elementor-widget-container\">\n\t\t\t\t\t\t\t\t\t\t\t\t\t\t\t<img loading=\"lazy\" decoding=\"async\" width=\"900\" height=\"600\" src=\"https:\/\/profaj.co\/rotaegitim\/wp-content\/uploads\/2025\/11\/yabanci-dil-4.webp\" class=\"attachment-full size-full wp-image-2769\" alt=\"\" srcset=\"https:\/\/profaj.co\/rotaegitim\/wp-content\/uploads\/2025\/11\/yabanci-dil-4.webp 900w, https:\/\/profaj.co\/rotaegitim\/wp-content\/uploads\/2025\/11\/yabanci-dil-4-300x200.webp 300w, https:\/\/profaj.co\/rotaegitim\/wp-content\/uploads\/2025\/11\/yabanci-dil-4-768x512.webp 768w\" sizes=\"(max-width: 900px) 100vw, 900px\" \/>\t\t\t\t\t\t\t\t\t\t\t\t\t\t\t<\/div>\n\t\t\t\t<\/div>\n\t\t\t\t<\/div>\n\t\t<div class=\"elementor-element elementor-element-6a1d068 e-con-full e-flex e-con e-child\" data-id=\"6a1d068\" data-element_type=\"container\" data-e-type=\"container\">\n\t\t\t\t<div class=\"elementor-element elementor-element-e423eb2 elementor-widget elementor-widget-heading\" data-id=\"e423eb2\" data-element_type=\"widget\" data-e-type=\"widget\" data-widget_type=\"heading.default\">\n\t\t\t\t<div class=\"elementor-widget-container\">\n\t\t\t\t\t<h2 class=\"elementor-heading-title elementor-size-default\">\u0130NG\u0130L\u0130ZCE<\/h2>\t\t\t\t<\/div>\n\t\t\t\t<\/div>\n\t\t\t\t<div class=\"elementor-element elementor-element-0f3ca1f elementor-widget elementor-widget-text-editor\" data-id=\"0f3ca1f\" data-element_type=\"widget\" data-e-type=\"widget\" data-widget_type=\"text-editor.default\">\n\t\t\t\t<div class=\"elementor-widget-container\">\n\t\t\t\t\t\t\t\t\t<p><span style=\"font-weight: 400;\">\u0130lkokul kademesinde \u0130ngilizce e\u011fitimi haftada <\/span><b>12 saatlik yo\u011fun ve yap\u0131land\u0131r\u0131lm\u0131\u015f bir program<\/b><span style=\"font-weight: 400;\"> ile y\u00fcr\u00fct\u00fclmektedir.<\/span><\/p><p><span style=\"font-weight: 400;\">Bu program kapsam\u0131nda;<\/span><\/p><ul><li style=\"font-weight: 400;\" aria-level=\"1\"><b>9 saat Main Course<\/b><span style=\"font-weight: 400;\"> (temel dil bilgisi, kelime da\u011farc\u0131\u011f\u0131 ve ileti\u015fim becerileri),<\/span><\/li><li style=\"font-weight: 400;\" aria-level=\"1\"><b>3 saat Skills Dersi<\/b><span style=\"font-weight: 400;\"> (okuma, yazma, dinleme ve konu\u015fma becerilerinin b\u00fct\u00fcnc\u00fcl geli\u015ftirilmesi) uygulanmaktad\u0131r.<\/span><\/li><\/ul><p><span style=\"font-weight: 400;\">E\u011fitim program\u0131m\u0131zda <\/span><b>Oxford Yay\u0131nlar\u0131 m\u00fcfredat\u0131<\/b><span style=\"font-weight: 400;\"> kullan\u0131lmakta ve dersler dijital platformlarla desteklenmektedir. \u0130nteraktif uygulamalar, online al\u0131\u015ft\u0131rmalar, ak\u0131ll\u0131 tahta i\u00e7erikleri ve teknolojik \u00f6\u011frenme ara\u00e7lar\u0131 sayesinde \u00f6\u011frencilerimiz dili sadece \u00f6\u011frenmekle kalmaz, aktif \u015fekilde kullanarak peki\u015ftirir.<\/span><\/p><p><span style=\"font-weight: 400;\">\u00d6\u011frencilerimiz uluslararas\u0131 standartlarda de\u011ferlendirmelere haz\u0131rlan\u0131r ve <\/span><b>Cambridge s\u0131navlar\u0131<\/b><span style=\"font-weight: 400;\">, <\/span><b>Big Read program\u0131<\/b><span style=\"font-weight: 400;\"> ve benzeri yabanc\u0131 dil yeterlilik \u00e7al\u0131\u015fmalar\u0131na kat\u0131l\u0131m konusunda te\u015fvik edilir. S\u0131nav haz\u0131rl\u0131k s\u00fcre\u00e7leri ders program\u0131na entegre edilerek sistemli ve s\u00fcrekli bir geli\u015fim sa\u011flan\u0131r.<\/span><\/p>\t\t\t\t\t\t\t\t<\/div>\n\t\t\t\t<\/div>\n\t\t\t\t<\/div>\n\t\t\t\t\t<\/div>\n\t\t\t\t<\/div>\n\t\t<div class=\"elementor-element elementor-element-5814915 e-flex e-con-boxed e-con e-child\" data-id=\"5814915\" data-element_type=\"container\" data-e-type=\"container\">\n\t\t\t\t\t<div class=\"e-con-inner\">\n\t\t<div class=\"elementor-element elementor-element-40f17a2 e-con-full e-flex e-con e-child\" data-id=\"40f17a2\" data-element_type=\"container\" data-e-type=\"container\">\n\t\t\t\t<div class=\"elementor-element elementor-element-aad38f6 elementor-widget elementor-widget-text-editor\" data-id=\"aad38f6\" data-element_type=\"widget\" data-e-type=\"widget\" data-widget_type=\"text-editor.default\">\n\t\t\t\t<div class=\"elementor-widget-container\">\n\t\t\t\t\t\t\t\t\t<p><span style=\"font-weight: 400;\">Okulumuzda \u0130ngilizce ileti\u015fim k\u00fclt\u00fcr\u00fc desteklenmektedir. \u00d6\u011frencilerimiz, \u0130ngilizce \u00f6\u011fretmenleri ile okul ortam\u0131nda g\u00fcnl\u00fck ileti\u015fimde \u0130ngilizce kullanarak dili do\u011fal bir \u015fekilde \u00f6\u011frenir ve \u00f6zg\u00fcvenli konu\u015fma prati\u011fi yapar.<\/span><\/p><p><b>\u0130spanyolca<\/b><\/p><p><span style=\"font-weight: 400;\">Okulumuzda \u0130spanyolca, ikinci yabanc\u0131 dil olarak <\/span><b>haftada iki saat<\/b><span style=\"font-weight: 400;\"> olacak \u015fekilde t\u00fcm uygun kademelerde \u00f6\u011frencilerimize sunulmaktad\u0131r. K\u00fcreselle\u015fen d\u00fcnyada \u00e7ok dilli bireyler yeti\u015ftirmeyi hedefleyerek \u00f6\u011frencilerimizin erken ya\u015flardan itibaren farkl\u0131 bir dili ve k\u00fclt\u00fcr\u00fc tan\u0131malar\u0131n\u0131 sa\u011fl\u0131yoruz.<\/span><\/p><p><span style=\"font-weight: 400;\">\u0130spanyolca e\u011fitimi; ileti\u015fim odakl\u0131, etkile\u015fimli ve ya\u015f seviyesine uygun y\u00f6ntemlerle y\u00fcr\u00fct\u00fclmektedir. Derslerimizde konu\u015fma prati\u011fi, temel dil becerileri, g\u00fcnl\u00fck hayatta kullan\u0131labilecek kal\u0131plar ve k\u00fclt\u00fcrel fark\u0131ndal\u0131k \u00e7al\u0131\u015fmalar\u0131 \u00f6n plandad\u0131r. \u015eark\u0131lar, oyunlar, drama etkinlikleri ve dijital materyaller ile \u00f6\u011frenme s\u00fcreci desteklenmektedir.<\/span><\/p><p><span style=\"font-weight: 400;\">Alan\u0131nda uzman \u00f6\u011fretmenlerimiz e\u015fli\u011finde ger\u00e7ekle\u015ftirilen \u0130spanyolca dersleri sayesinde \u00f6\u011frencilerimiz:<\/span><\/p><ul><li style=\"font-weight: 400;\" aria-level=\"1\"><span style=\"font-weight: 400;\">Temel d\u00fczeyde konu\u015fma ve anlama becerisi kazan\u0131r,<\/span><\/li><li style=\"font-weight: 400;\" aria-level=\"1\"><span style=\"font-weight: 400;\">Kendini farkl\u0131 bir dilde ifade etme \u00f6zg\u00fcveni geli\u015ftirir,<\/span><\/li><li style=\"font-weight: 400;\" aria-level=\"1\"><span style=\"font-weight: 400;\">K\u00fcresel bak\u0131\u015f a\u00e7\u0131s\u0131 ve k\u00fclt\u00fcrel fark\u0131ndal\u0131k edinir.<\/span><\/li><\/ul><p><span style=\"font-weight: 400;\">\u0130spanyolca program\u0131m\u0131z, \u00f6\u011frencilerimizi gelece\u011fe g\u00fc\u00e7l\u00fc bir dil altyap\u0131s\u0131yla haz\u0131rlamay\u0131 ama\u00e7lamaktad\u0131r. <\/span><\/p>\t\t\t\t\t\t\t\t<\/div>\n\t\t\t\t<\/div>\n\t\t\t\t<\/div>\n\t\t\t\t\t<\/div>\n\t\t\t\t<\/div>\n\t\t\t\t<\/div>\n\t\t<div id=\"e-n-tab-content-1681870916\" role=\"tabpanel\" aria-labelledby=\"e-n-tab-title-1681870916\" data-tab-index=\"6\" style=\"--n-tabs-title-order: 6;\" class=\" elementor-element elementor-element-47d078d e-con-full e-flex e-con e-child\" data-id=\"47d078d\" data-element_type=\"container\" data-e-type=\"container\">\n\t\t<div class=\"elementor-element elementor-element-6ef3b84 e-flex e-con-boxed e-con e-child\" data-id=\"6ef3b84\" data-element_type=\"container\" data-e-type=\"container\">\n\t\t\t\t\t<div class=\"e-con-inner\">\n\t\t<div class=\"elementor-element elementor-element-920e597 e-con-full e-flex e-con e-child\" data-id=\"920e597\" data-element_type=\"container\" data-e-type=\"container\">\n\t\t\t\t<div class=\"elementor-element elementor-element-c0d70e7 elementor-widget elementor-widget-image\" data-id=\"c0d70e7\" data-element_type=\"widget\" data-e-type=\"widget\" data-widget_type=\"image.default\">\n\t\t\t\t<div class=\"elementor-widget-container\">\n\t\t\t\t\t\t\t\t\t\t\t\t\t\t\t<img loading=\"lazy\" decoding=\"async\" width=\"900\" height=\"600\" src=\"https:\/\/profaj.co\/rotaegitim\/wp-content\/uploads\/2025\/11\/rehberlik.webp\" class=\"attachment-full size-full wp-image-2406\" alt=\"\" srcset=\"https:\/\/profaj.co\/rotaegitim\/wp-content\/uploads\/2025\/11\/rehberlik.webp 900w, https:\/\/profaj.co\/rotaegitim\/wp-content\/uploads\/2025\/11\/rehberlik-300x200.webp 300w, https:\/\/profaj.co\/rotaegitim\/wp-content\/uploads\/2025\/11\/rehberlik-768x512.webp 768w\" sizes=\"(max-width: 900px) 100vw, 900px\" \/>\t\t\t\t\t\t\t\t\t\t\t\t\t\t\t<\/div>\n\t\t\t\t<\/div>\n\t\t\t\t<\/div>\n\t\t<div class=\"elementor-element elementor-element-f5da974 e-con-full e-flex e-con e-child\" data-id=\"f5da974\" data-element_type=\"container\" data-e-type=\"container\">\n\t\t\t\t<div class=\"elementor-element elementor-element-3aa70a1 elementor-widget elementor-widget-heading\" data-id=\"3aa70a1\" data-element_type=\"widget\" data-e-type=\"widget\" data-widget_type=\"heading.default\">\n\t\t\t\t<div class=\"elementor-widget-container\">\n\t\t\t\t\t<h2 class=\"elementor-heading-title elementor-size-default\">Rehberlik<\/h2>\t\t\t\t<\/div>\n\t\t\t\t<\/div>\n\t\t\t\t<div class=\"elementor-element elementor-element-79dc036 elementor-widget elementor-widget-text-editor\" data-id=\"79dc036\" data-element_type=\"widget\" data-e-type=\"widget\" data-widget_type=\"text-editor.default\">\n\t\t\t\t<div class=\"elementor-widget-container\">\n\t\t\t\t\t\t\t\t\t<p><span style=\"font-weight: 400;\">lkokul kademesinde rehberlik ve psikolojik dan\u0131\u015fma hizmetlerimiz; \u00f6\u011frencilerimizin akademik ba\u015far\u0131s\u0131n\u0131 sosyal ve duygusal geli\u015fimle birlikte ele alan b\u00fct\u00fcnc\u00fcl bir yakla\u015f\u0131m \u00fczerine kuruludur.<\/span><\/p><p><span style=\"font-weight: 400;\">Geli\u015fim s\u00fcrecini merkeze alan, \u00f6nleyici ve destekleyici modelimizle \u00f6\u011frencilerimizin kendini tan\u0131yan, \u00f6zg\u00fcvenli, sorumluluk bilinci y\u00fcksek ve g\u00fc\u00e7l\u00fc ileti\u015fim becerilerine sahip bireyler olarak yeti\u015fmelerini hedefliyoruz. \u00c7al\u0131\u015fmalar\u0131m\u0131z; sistemli planlama, uzman deste\u011fi ve g\u00fc\u00e7l\u00fc okul\u2013aile i\u015f birli\u011fi ile y\u00fcr\u00fct\u00fclmektedir.<\/span><\/p><p><strong>Geli\u015fim Odakl\u0131 \u00d6\u011frenci Destek Sistemi<\/strong><\/p><ul><li style=\"font-weight: 400;\" aria-level=\"1\"><span style=\"font-weight: 400;\">Okula uyum ve kurumsal aidiyet s\u00fcrecinin yap\u0131land\u0131r\u0131lmas\u0131<\/span><\/li><li style=\"font-weight: 400;\" aria-level=\"1\"><span style=\"font-weight: 400;\">Sosyal beceri, duygu fark\u0131ndal\u0131\u011f\u0131 ve \u00f6z d\u00fczenleme \u00e7al\u0131\u015fmalar\u0131<\/span><\/li><li style=\"font-weight: 400;\" aria-level=\"1\"><span style=\"font-weight: 400;\">Akran ili\u015fkileri ve zorbal\u0131k bilinci programlar\u0131<\/span><\/li><li style=\"font-weight: 400;\" aria-level=\"1\"><span style=\"font-weight: 400;\">Akademik \u00e7al\u0131\u015fma becerileri ve \u00f6\u011frenme stratejileri rehberli\u011fi<\/span><\/li><li style=\"font-weight: 400;\" aria-level=\"1\"><span style=\"font-weight: 400;\">Teknoloji kullan\u0131m\u0131nda bilin\u00e7 ve dijital fark\u0131ndal\u0131k \u00e7al\u0131\u015fmalar\u0131<\/span><\/li><li style=\"font-weight: 400;\" aria-level=\"1\"><span style=\"font-weight: 400;\">Akademik performans takibi, analiz ve bireysel geri bildirim s\u00fcre\u00e7leri<\/span><\/li><\/ul><p><span style=\"font-weight: 400;\">Her \u00f6\u011frenci d\u00fczenli g\u00f6zlem, de\u011ferlendirme ara\u00e7lar\u0131 ve bireysel y\u00f6nlendirme mekanizmalar\u0131 ile takip edilir.<\/span><\/p>\t\t\t\t\t\t\t\t<\/div>\n\t\t\t\t<\/div>\n\t\t\t\t<\/div>\n\t\t\t\t\t<\/div>\n\t\t\t\t<\/div>\n\t\t<div class=\"elementor-element elementor-element-2c9e6cd e-flex e-con-boxed e-con e-child\" data-id=\"2c9e6cd\" data-element_type=\"container\" data-e-type=\"container\">\n\t\t\t\t\t<div class=\"e-con-inner\">\n\t\t<div class=\"elementor-element elementor-element-c448332 e-con-full e-flex e-con e-child\" data-id=\"c448332\" data-element_type=\"container\" data-e-type=\"container\">\n\t\t\t\t<div class=\"elementor-element elementor-element-e87f360 elementor-widget elementor-widget-text-editor\" data-id=\"e87f360\" data-element_type=\"widget\" data-e-type=\"widget\" data-widget_type=\"text-editor.default\">\n\t\t\t\t<div class=\"elementor-widget-container\">\n\t\t\t\t\t\t\t\t\t<p><strong>Aileye Y\u00f6nelik Profesyonel Destek<\/strong><\/p><ul><li style=\"font-weight: 400;\" aria-level=\"1\"><span style=\"font-weight: 400;\">Uyum s\u00fcrecine y\u00f6nelik bilgilendirme ve oryantasyon toplant\u0131lar\u0131<\/span><\/li><li style=\"font-weight: 400;\" aria-level=\"1\"><span style=\"font-weight: 400;\">Rehberlik yakla\u015f\u0131m\u0131 ve geli\u015fim s\u00fcreci payla\u015f\u0131mlar\u0131<\/span><\/li><li style=\"font-weight: 400;\" aria-level=\"1\"><span style=\"font-weight: 400;\">Veli e\u011fitimleri ve tematik seminerler<\/span><\/li><li style=\"font-weight: 400;\" aria-level=\"1\"><span style=\"font-weight: 400;\">Bireysel g\u00f6r\u00fc\u015fmeler ve \u00e7\u00f6z\u00fcm odakl\u0131 dan\u0131\u015fmanl\u0131k<\/span><\/li><li style=\"font-weight: 400;\" aria-level=\"1\"><span style=\"font-weight: 400;\">\u015eeffaf ve d\u00fczenli dijital bilgilendirme sistemi<\/span><\/li><\/ul><p><span style=\"font-weight: 400;\">Aile\u2013okul i\u015f birli\u011fi, \u00f6\u011frencinin geli\u015fim s\u00fcrecinin temel ta\u015f\u0131 olarak yap\u0131land\u0131r\u0131lmaktad\u0131r.<\/span><\/p><p><strong>\u00d6\u011fretmen \u0130\u015f Birli\u011fi ve Kurumsal Takip<\/strong><\/p><ul><li style=\"font-weight: 400;\" aria-level=\"1\"><span style=\"font-weight: 400;\">S\u0131n\u0131f dinamiklerinin analiz edilmesi<\/span><\/li><li style=\"font-weight: 400;\" aria-level=\"1\"><span style=\"font-weight: 400;\">Akademik ve davran\u0131\u015fsal g\u00f6zlemlerin ortak de\u011ferlendirilmesi<\/span><\/li><li style=\"font-weight: 400;\" aria-level=\"1\"><span style=\"font-weight: 400;\">Risk ve ihtiya\u00e7 durumlar\u0131nda erken m\u00fcdahale planlamas\u0131<\/span><\/li><li style=\"font-weight: 400;\" aria-level=\"1\"><span style=\"font-weight: 400;\">Bireysel geli\u015fim s\u00fcrecine y\u00f6nelik ortak aksiyon kararlar\u0131<\/span><\/li><\/ul><p><span style=\"font-weight: 400;\">Rehberlik birimimiz; stratejik planlama, d\u00fczenli izleme ve \u00e7\u00f6z\u00fcm odakl\u0131 yakla\u015f\u0131m\u0131 ile \u00f6\u011frenci geli\u015fimini kurumsal bir sistem i\u00e7inde desteklemektedir.<\/span><\/p>\t\t\t\t\t\t\t\t<\/div>\n\t\t\t\t<\/div>\n\t\t\t\t<\/div>\n\t\t\t\t\t<\/div>\n\t\t\t\t<\/div>\n\t\t\t\t<\/div>\n\t\t<div id=\"e-n-tab-content-1681870917\" role=\"tabpanel\" aria-labelledby=\"e-n-tab-title-1681870917\" data-tab-index=\"7\" style=\"--n-tabs-title-order: 7;\" class=\" elementor-element elementor-element-76ab374 e-con-full e-flex e-con e-child\" data-id=\"76ab374\" data-element_type=\"container\" data-e-type=\"container\">\n\t\t<div class=\"elementor-element elementor-element-e4a3159 e-flex e-con-boxed e-con e-child\" data-id=\"e4a3159\" data-element_type=\"container\" data-e-type=\"container\">\n\t\t\t\t\t<div class=\"e-con-inner\">\n\t\t<div class=\"elementor-element elementor-element-6107bf9 e-con-full e-flex e-con e-child\" data-id=\"6107bf9\" data-element_type=\"container\" data-e-type=\"container\">\n\t\t\t\t<div class=\"elementor-element elementor-element-cd57454 elementor-widget elementor-widget-image\" data-id=\"cd57454\" data-element_type=\"widget\" data-e-type=\"widget\" data-widget_type=\"image.default\">\n\t\t\t\t<div class=\"elementor-widget-container\">\n\t\t\t\t\t\t\t\t\t\t\t\t\t\t\t<img loading=\"lazy\" decoding=\"async\" width=\"900\" height=\"600\" src=\"https:\/\/profaj.co\/rotaegitim\/wp-content\/uploads\/2025\/11\/akademik-takvim.webp\" class=\"attachment-full size-full wp-image-2776\" alt=\"\" srcset=\"https:\/\/profaj.co\/rotaegitim\/wp-content\/uploads\/2025\/11\/akademik-takvim.webp 900w, https:\/\/profaj.co\/rotaegitim\/wp-content\/uploads\/2025\/11\/akademik-takvim-300x200.webp 300w, https:\/\/profaj.co\/rotaegitim\/wp-content\/uploads\/2025\/11\/akademik-takvim-768x512.webp 768w\" sizes=\"(max-width: 900px) 100vw, 900px\" \/>\t\t\t\t\t\t\t\t\t\t\t\t\t\t\t<\/div>\n\t\t\t\t<\/div>\n\t\t\t\t<\/div>\n\t\t<div class=\"elementor-element elementor-element-3c93d21 e-con-full e-flex e-con e-child\" data-id=\"3c93d21\" data-element_type=\"container\" data-e-type=\"container\">\n\t\t\t\t<div class=\"elementor-element elementor-element-187123a elementor-widget elementor-widget-heading\" data-id=\"187123a\" data-element_type=\"widget\" data-e-type=\"widget\" data-widget_type=\"heading.default\">\n\t\t\t\t<div class=\"elementor-widget-container\">\n\t\t\t\t\t<h2 class=\"elementor-heading-title elementor-size-default\">Akademik Takip<\/h2>\t\t\t\t<\/div>\n\t\t\t\t<\/div>\n\t\t\t\t<div class=\"elementor-element elementor-element-caa5ef9 elementor-widget elementor-widget-text-editor\" data-id=\"caa5ef9\" data-element_type=\"widget\" data-e-type=\"widget\" data-widget_type=\"text-editor.default\">\n\t\t\t\t<div class=\"elementor-widget-container\">\n\t\t\t\t\t\t\t\t\t<p><span style=\"font-weight: 400;\">\u0130lkokul kademesinde \u00f6\u011frencilerimizin akademik geli\u015fimi, \u00f6\u011fretim program\u0131 kazan\u0131mlar\u0131 do\u011frultusunda sistemli ve d\u00fczenli olarak takip edilir. S\u00fcre\u00e7, bireysel farkl\u0131l\u0131klar dikkate al\u0131narak planlan\u0131r ve y\u00fcr\u00fct\u00fcl\u00fcr.<\/span><\/p><p><span style=\"font-weight: 400;\">\u00d6\u011frencilerin \u00f6\u011frenme d\u00fczeyi;<\/span><\/p><ul><li style=\"font-weight: 400;\" aria-level=\"1\"><span style=\"font-weight: 400;\">Program kazan\u0131mlar\u0131na y\u00f6nelik yap\u0131lan \u00f6l\u00e7me ve de\u011ferlendirme \u00e7al\u0131\u015fmalar\u0131 ile izlenir.<\/span><\/li><li style=\"font-weight: 400;\" aria-level=\"1\"><span style=\"font-weight: 400;\">Ders i\u00e7i performans, etkinlik kat\u0131l\u0131m\u0131 ve uygulama s\u00fcre\u00e7leri \u00f6\u011fretmen g\u00f6zlemleriyle de\u011ferlendirilir.<\/span><\/li><li style=\"font-weight: 400;\" aria-level=\"1\"><span style=\"font-weight: 400;\">\u00d6\u011frenme eksiklikleri tespit edilen \u00f6\u011frenciler i\u00e7in destekleyici \u00e7al\u0131\u015fmalar ve peki\u015ftirme etkinlikleri planlan\u0131r.<\/span><\/li><li style=\"font-weight: 400;\" aria-level=\"1\"><span style=\"font-weight: 400;\">Gerekti\u011finde bireysel \u00f6\u011fretim uygulamalar\u0131 ve k\u00fc\u00e7\u00fck grup \u00e7al\u0131\u015fmalar\u0131 ger\u00e7ekle\u015ftirilir.<\/span><\/li><li style=\"font-weight: 400;\" aria-level=\"1\"><span style=\"font-weight: 400;\">Akademik geli\u015fim s\u00fcreci d\u00fczenli aral\u0131klarla velilerle payla\u015f\u0131l\u0131r.<\/span><\/li><\/ul><p><span style=\"font-weight: 400;\">Bu s\u00fcre\u00e7 sayesinde her \u00f6\u011frencinin akademik geli\u015fimi yak\u0131ndan izlenir, \u00f6\u011frenme eksiklikleri zaman\u0131nda giderilir ve e\u011fitim s\u00fcreci kazan\u0131m odakl\u0131 \u015fekilde y\u00fcr\u00fct\u00fcl\u00fcr.<\/span><\/p>\t\t\t\t\t\t\t\t<\/div>\n\t\t\t\t<\/div>\n\t\t\t\t<\/div>\n\t\t\t\t\t<\/div>\n\t\t\t\t<\/div>\n\t\t<div class=\"elementor-element elementor-element-9be6efd e-flex e-con-boxed e-con e-child\" data-id=\"9be6efd\" data-element_type=\"container\" data-e-type=\"container\">\n\t\t\t\t\t<div class=\"e-con-inner\">\n\t\t\t\t\t<\/div>\n\t\t\t\t<\/div>\n\t\t\t\t<\/div>\n\t\t<div id=\"e-n-tab-content-1681870918\" role=\"tabpanel\" aria-labelledby=\"e-n-tab-title-1681870918\" data-tab-index=\"8\" style=\"--n-tabs-title-order: 8;\" class=\" elementor-element elementor-element-d673758 e-con-full e-flex e-con e-child\" data-id=\"d673758\" data-element_type=\"container\" data-e-type=\"container\">\n\t\t<div class=\"elementor-element elementor-element-e106f0a e-flex e-con-boxed e-con e-child\" data-id=\"e106f0a\" data-element_type=\"container\" data-e-type=\"container\">\n\t\t\t\t\t<div class=\"e-con-inner\">\n\t\t<div class=\"elementor-element elementor-element-6f18a1c e-con-full e-flex e-con e-child\" data-id=\"6f18a1c\" data-element_type=\"container\" data-e-type=\"container\">\n\t\t\t\t<div class=\"elementor-element elementor-element-54944c7 elementor-widget elementor-widget-image\" data-id=\"54944c7\" data-element_type=\"widget\" data-e-type=\"widget\" data-widget_type=\"image.default\">\n\t\t\t\t<div class=\"elementor-widget-container\">\n\t\t\t\t\t\t\t\t\t\t\t\t\t\t\t<img loading=\"lazy\" decoding=\"async\" width=\"900\" height=\"600\" src=\"https:\/\/profaj.co\/rotaegitim\/wp-content\/uploads\/2025\/11\/odev.webp\" class=\"attachment-full size-full wp-image-2770\" alt=\"\" srcset=\"https:\/\/profaj.co\/rotaegitim\/wp-content\/uploads\/2025\/11\/odev.webp 900w, https:\/\/profaj.co\/rotaegitim\/wp-content\/uploads\/2025\/11\/odev-300x200.webp 300w, https:\/\/profaj.co\/rotaegitim\/wp-content\/uploads\/2025\/11\/odev-768x512.webp 768w\" sizes=\"(max-width: 900px) 100vw, 900px\" \/>\t\t\t\t\t\t\t\t\t\t\t\t\t\t\t<\/div>\n\t\t\t\t<\/div>\n\t\t\t\t<\/div>\n\t\t<div class=\"elementor-element elementor-element-0630642 e-con-full e-flex e-con e-child\" data-id=\"0630642\" data-element_type=\"container\" data-e-type=\"container\">\n\t\t\t\t<div class=\"elementor-element elementor-element-b8205ff elementor-widget elementor-widget-heading\" data-id=\"b8205ff\" data-element_type=\"widget\" data-e-type=\"widget\" data-widget_type=\"heading.default\">\n\t\t\t\t<div class=\"elementor-widget-container\">\n\t\t\t\t\t<h2 class=\"elementor-heading-title elementor-size-default\">\u00d6dev<\/h2>\t\t\t\t<\/div>\n\t\t\t\t<\/div>\n\t\t\t\t<div class=\"elementor-element elementor-element-5d7b454 elementor-widget elementor-widget-text-editor\" data-id=\"5d7b454\" data-element_type=\"widget\" data-e-type=\"widget\" data-widget_type=\"text-editor.default\">\n\t\t\t\t<div class=\"elementor-widget-container\">\n\t\t\t\t\t\t\t\t\t<p><span style=\"font-weight: 400;\">Rota Koleji \u0130lkokulu olarak \u00f6\u011frencilerimizin \u00f6\u011frenme s\u00fcre\u00e7lerini desteklemeyi ve sorumluluk bilincini erken ya\u015fta kazand\u0131rmay\u0131 hedefliyoruz. \u00d6devlerimiz, \u00f6\u011frencilerin s\u0131n\u0131f i\u00e7inde \u00f6\u011frendiklerini peki\u015ftirmelerine, uygulamaya d\u00f6n\u00fc\u015ft\u00fcrmelerine ve kal\u0131c\u0131 \u00f6\u011frenme sa\u011flamalar\u0131na y\u00f6nelik olarak planlan\u0131r.<\/span><\/p><p><b>\u00d6dev Anlay\u0131\u015f\u0131m\u0131z<\/b><\/p><p><b>Peki\u015ftirme ve Uygulama:<\/b><\/p><p><span style=\"font-weight: 400;\">\u00d6devler, ders i\u00e7eri\u011fini desteklemek ve \u00f6\u011frencilerin \u00f6\u011frendiklerini g\u00fcnl\u00fck hayata aktarabilmelerini sa\u011flamak amac\u0131yla verilir. \u00d6\u011frenciler, \u00f6\u011fretmen rehberli\u011finde konular\u0131 tekrar eder ve uygulamal\u0131 \u00e7al\u0131\u015fmalarla bilgilerini g\u00fc\u00e7lendirir.<\/span><\/p><p><b>Seviyeye Uygun Planlama:<\/b><\/p><p><span style=\"font-weight: 400;\">Her \u00f6\u011frenciye geli\u015fim d\u00fczeyine uygun, anla\u015f\u0131l\u0131r ve hedef odakl\u0131 \u00f6devler verilir. Zorluk seviyesi \u00f6\u011frencinin bireysel ihtiya\u00e7lar\u0131na g\u00f6re belirlenir. B\u00f6ylece her \u00f6\u011frencinin kendi potansiyeli do\u011frultusunda ilerlemesi sa\u011flan\u0131r.<\/span><\/p>\t\t\t\t\t\t\t\t<\/div>\n\t\t\t\t<\/div>\n\t\t\t\t<\/div>\n\t\t\t\t\t<\/div>\n\t\t\t\t<\/div>\n\t\t<div class=\"elementor-element elementor-element-b0ad8c1 e-flex e-con-boxed e-con e-child\" data-id=\"b0ad8c1\" data-element_type=\"container\" data-e-type=\"container\">\n\t\t\t\t\t<div class=\"e-con-inner\">\n\t\t<div class=\"elementor-element elementor-element-1c7aae7 e-con-full e-flex e-con e-child\" data-id=\"1c7aae7\" data-element_type=\"container\" data-e-type=\"container\">\n\t\t\t\t<div class=\"elementor-element elementor-element-3848c87 elementor-widget elementor-widget-text-editor\" data-id=\"3848c87\" data-element_type=\"widget\" data-e-type=\"widget\" data-widget_type=\"text-editor.default\">\n\t\t\t\t<div class=\"elementor-widget-container\">\n\t\t\t\t\t\t\t\t\t<p><b>Zaman Y\u00f6netimi ve Planlama:<\/b><\/p><p><span style=\"font-weight: 400;\">\u00d6devler, \u00f6\u011frencilerin sorumluluk bilinci kazanmas\u0131na ve zaman y\u00f6netimi becerilerini geli\u015ftirmesine katk\u0131 sa\u011flar. Belirlenen s\u00fcre i\u00e7inde tamamlanan \u00e7al\u0131\u015fmalar, d\u00fczenli \u00e7al\u0131\u015fma al\u0131\u015fkanl\u0131\u011f\u0131n\u0131 destekler.<\/span><\/p><p><b>Yarat\u0131c\u0131 ve Ele\u015ftirel D\u00fc\u015f\u00fcnme:<\/b><\/p><p><span style=\"font-weight: 400;\">Proje \u00e7al\u0131\u015fmalar\u0131, ara\u015ft\u0131rma \u00f6devleri ve uygulamal\u0131 etkinliklerle \u00f6\u011frencilerin sorgulama, analiz etme ve yarat\u0131c\u0131 d\u00fc\u015f\u00fcnme becerileri geli\u015ftirilir. Aktif \u00f6\u011frenme s\u00fcreci \u00f6nceliklidir.<\/span><\/p><p><b>Aile Kat\u0131l\u0131m\u0131:<\/b><\/p><p><span style=\"font-weight: 400;\">Baz\u0131 \u00f6dev s\u00fcre\u00e7lerinde ailelerin rehberli\u011fi ve deste\u011fi \u00f6nemlidir. Bu yakla\u015f\u0131m, okul\u2013aile i\u015f birli\u011fini g\u00fc\u00e7lendirir ve \u00f6\u011frencinin geli\u015fim s\u00fcrecinin ev ortam\u0131nda da desteklenmesini sa\u011flar.<\/span><\/p><p><b>Geri Bildirim ve De\u011ferlendirme:<\/b><\/p><p><span style=\"font-weight: 400;\">\u00d6\u011frencilerin \u00e7al\u0131\u015fmalar\u0131 \u00f6\u011fretmenler taraf\u0131ndan de\u011ferlendirilir ve bireysel geri bildirim verilir. Bu s\u00fcre\u00e7, \u00f6\u011frencilerin g\u00fc\u00e7l\u00fc y\u00f6nlerini peki\u015ftirmesine ve geli\u015fim alanlar\u0131n\u0131 fark etmesine olanak tan\u0131r.<\/span><\/p>\t\t\t\t\t\t\t\t<\/div>\n\t\t\t\t<\/div>\n\t\t\t\t<\/div>\n\t\t\t\t\t<\/div>\n\t\t\t\t<\/div>\n\t\t\t\t<\/div>\n\t\t<div id=\"e-n-tab-content-1681870919\" role=\"tabpanel\" aria-labelledby=\"e-n-tab-title-1681870919\" data-tab-index=\"9\" style=\"--n-tabs-title-order: 9;\" class=\" elementor-element elementor-element-5284080 e-con-full e-flex e-con e-child\" data-id=\"5284080\" data-element_type=\"container\" data-e-type=\"container\">\n\t\t<div class=\"elementor-element elementor-element-4f583ce e-flex e-con-boxed e-con e-child\" data-id=\"4f583ce\" data-element_type=\"container\" data-e-type=\"container\">\n\t\t\t\t\t<div class=\"e-con-inner\">\n\t\t<div class=\"elementor-element elementor-element-8b06692 e-con-full e-flex e-con e-child\" data-id=\"8b06692\" data-element_type=\"container\" data-e-type=\"container\">\n\t\t\t\t<div class=\"elementor-element elementor-element-aedef4e elementor-widget elementor-widget-image\" data-id=\"aedef4e\" data-element_type=\"widget\" data-e-type=\"widget\" data-widget_type=\"image.default\">\n\t\t\t\t<div class=\"elementor-widget-container\">\n\t\t\t\t\t\t\t\t\t\t\t\t\t\t\t<img loading=\"lazy\" decoding=\"async\" width=\"900\" height=\"600\" src=\"https:\/\/profaj.co\/rotaegitim\/wp-content\/uploads\/2025\/11\/egitim-etkinlikleri-1.webp\" class=\"attachment-full size-full wp-image-2774\" alt=\"\" srcset=\"https:\/\/profaj.co\/rotaegitim\/wp-content\/uploads\/2025\/11\/egitim-etkinlikleri-1.webp 900w, https:\/\/profaj.co\/rotaegitim\/wp-content\/uploads\/2025\/11\/egitim-etkinlikleri-1-300x200.webp 300w, https:\/\/profaj.co\/rotaegitim\/wp-content\/uploads\/2025\/11\/egitim-etkinlikleri-1-768x512.webp 768w\" sizes=\"(max-width: 900px) 100vw, 900px\" \/>\t\t\t\t\t\t\t\t\t\t\t\t\t\t\t<\/div>\n\t\t\t\t<\/div>\n\t\t\t\t<\/div>\n\t\t<div class=\"elementor-element elementor-element-92107ed e-con-full e-flex e-con e-child\" data-id=\"92107ed\" data-element_type=\"container\" data-e-type=\"container\">\n\t\t\t\t<div class=\"elementor-element elementor-element-96f2d98 elementor-widget elementor-widget-heading\" data-id=\"96f2d98\" data-element_type=\"widget\" data-e-type=\"widget\" data-widget_type=\"heading.default\">\n\t\t\t\t<div class=\"elementor-widget-container\">\n\t\t\t\t\t<h2 class=\"elementor-heading-title elementor-size-default\">E\u011fitim Etkinlikleri<\/h2>\t\t\t\t<\/div>\n\t\t\t\t<\/div>\n\t\t\t\t<div class=\"elementor-element elementor-element-a2a4193 elementor-widget elementor-widget-text-editor\" data-id=\"a2a4193\" data-element_type=\"widget\" data-e-type=\"widget\" data-widget_type=\"text-editor.default\">\n\t\t\t\t<div class=\"elementor-widget-container\">\n\t\t\t\t\t\t\t\t\t<p><b>Her \u00d6\u011frenci \u00d6zeldir<\/b><\/p><p><span style=\"font-weight: 400;\">Rota Koleji\u2019nde her \u00f6\u011frenci \u00f6zeldir ve bu anlay\u0131\u015f e\u011fitim felsefemizin temelini olu\u015fturur. \u00d6\u011frencilerimizin farkl\u0131 yetenekleri, ilgi alanlar\u0131 ve \u00f6\u011frenme h\u0131zlar\u0131 do\u011frultusunda e\u011fitim s\u00fcre\u00e7leri bireysel olarak planlan\u0131r ve desteklenir. Amac\u0131m\u0131z; potansiyelini ke\u015ffeden, kendine g\u00fcvenen ve akademik ile sosyal a\u00e7\u0131dan g\u00fc\u00e7l\u00fc bireyler yeti\u015ftirmektir.<\/span><\/p><p><b>Bireysel \u00d6\u011frenme Yakla\u015f\u0131m\u0131<\/b><\/p><p><span style=\"font-weight: 400;\">Her \u00f6\u011frencinin \u00f6\u011frenme s\u00fcreci ve geli\u015fim ritmi farkl\u0131d\u0131r. Bu farkl\u0131l\u0131klar\u0131 dikkate alarak ki\u015fiye \u00f6zel e\u011fitim planlar\u0131 uygulan\u0131r. \u00d6\u011frenciler kendi h\u0131zlar\u0131nda ilerlerken g\u00fc\u00e7l\u00fc y\u00f6nleri peki\u015ftirilir, geli\u015fime a\u00e7\u0131k alanlar\u0131nda ise hedef odakl\u0131 destek sa\u011flan\u0131r. Bu yakla\u015f\u0131m sayesinde \u00f6\u011frenciler yaln\u0131zca bilgiyi \u00f6\u011frenmez, ayn\u0131 zamanda problem \u00e7\u00f6zme, sorgulama ve ba\u011f\u0131ms\u0131z d\u00fc\u015f\u00fcnme becerilerini de geli\u015ftirir.<\/span><\/p>\t\t\t\t\t\t\t\t<\/div>\n\t\t\t\t<\/div>\n\t\t\t\t<\/div>\n\t\t\t\t\t<\/div>\n\t\t\t\t<\/div>\n\t\t<div class=\"elementor-element elementor-element-9317e30 e-flex e-con-boxed e-con e-child\" data-id=\"9317e30\" data-element_type=\"container\" data-e-type=\"container\">\n\t\t\t\t\t<div class=\"e-con-inner\">\n\t\t<div class=\"elementor-element elementor-element-73bddcc e-con-full e-flex e-con e-child\" data-id=\"73bddcc\" data-element_type=\"container\" data-e-type=\"container\">\n\t\t\t\t<div class=\"elementor-element elementor-element-ac226e5 elementor-widget elementor-widget-text-editor\" data-id=\"ac226e5\" data-element_type=\"widget\" data-e-type=\"widget\" data-widget_type=\"text-editor.default\">\n\t\t\t\t<div class=\"elementor-widget-container\">\n\t\t\t\t\t\t\t\t\t<p><b>Sosyal ve Duygusal Geli\u015fim<\/b><\/p><p><span style=\"font-weight: 400;\">Akademik ba\u015far\u0131n\u0131n yan\u0131nda sosyal ve duygusal geli\u015fim de \u00f6nceliklerimiz aras\u0131ndad\u0131r. \u00d6\u011frencilerimizin \u00f6zg\u00fcven kazanmalar\u0131, empati geli\u015ftirmeleri ve sa\u011fl\u0131kl\u0131 ileti\u015fim kurabilmeleri i\u00e7in rehberlik destekli \u00e7al\u0131\u015fmalar y\u00fcr\u00fct\u00fcl\u00fcr. Rehberlik birimimiz, \u00f6\u011frencilerin bireysel ihtiya\u00e7lar\u0131na y\u00f6nelik y\u00f6nlendirme yaparak geli\u015fim s\u00fcre\u00e7lerine aktif katk\u0131 sa\u011flar.<\/span><\/p><p><b>Okul \u2013 Aile \u0130\u015fbirli\u011fi<\/b><\/p><p><span style=\"font-weight: 400;\">E\u011fitim s\u00fcrecinin en \u00f6nemli payda\u015flar\u0131ndan biri ailedir. Velilerimizle g\u00fc\u00e7l\u00fc ve \u015feffaf bir ileti\u015fim i\u00e7inde hareket ederek \u00f6\u011frencilerimizin geli\u015fimini birlikte takip ederiz. D\u00fczenli bilgilendirmeler, geri bildirimler ve payla\u015f\u0131mlar ile aileleri s\u00fcrecin aktif bir par\u00e7as\u0131 haline getiririz. \u00c7\u00fcnk\u00fc g\u00fc\u00e7l\u00fc okul\u2013aile i\u015f birli\u011fi, \u00f6\u011frencinin ba\u015far\u0131s\u0131n\u0131 do\u011frudan destekler.<\/span><\/p>\t\t\t\t\t\t\t\t<\/div>\n\t\t\t\t<\/div>\n\t\t\t\t<\/div>\n\t\t\t\t\t<\/div>\n\t\t\t\t<\/div>\n\t\t\t\t<\/div>\n\t\t<div id=\"e-n-tab-content-16818709110\" role=\"tabpanel\" aria-labelledby=\"e-n-tab-title-16818709110\" data-tab-index=\"10\" style=\"--n-tabs-title-order: 10;\" class=\" elementor-element elementor-element-3f1e6d3 e-con-full e-flex e-con e-child\" data-id=\"3f1e6d3\" data-element_type=\"container\" data-e-type=\"container\">\n\t\t<div class=\"elementor-element elementor-element-86366cf e-flex e-con-boxed e-con e-child\" data-id=\"86366cf\" data-element_type=\"container\" data-e-type=\"container\">\n\t\t\t\t\t<div class=\"e-con-inner\">\n\t\t<div class=\"elementor-element elementor-element-1dac8a2 e-con-full e-flex e-con e-child\" data-id=\"1dac8a2\" data-element_type=\"container\" data-e-type=\"container\">\n\t\t\t\t<div class=\"elementor-element elementor-element-00af9ca elementor-widget elementor-widget-image\" data-id=\"00af9ca\" data-element_type=\"widget\" data-e-type=\"widget\" data-widget_type=\"image.default\">\n\t\t\t\t<div class=\"elementor-widget-container\">\n\t\t\t\t\t\t\t\t\t\t\t\t\t\t\t<img loading=\"lazy\" decoding=\"async\" width=\"900\" height=\"600\" src=\"https:\/\/profaj.co\/rotaegitim\/wp-content\/uploads\/2025\/11\/geziler-1.webp\" class=\"attachment-full size-full wp-image-2773\" alt=\"\" srcset=\"https:\/\/profaj.co\/rotaegitim\/wp-content\/uploads\/2025\/11\/geziler-1.webp 900w, https:\/\/profaj.co\/rotaegitim\/wp-content\/uploads\/2025\/11\/geziler-1-300x200.webp 300w, https:\/\/profaj.co\/rotaegitim\/wp-content\/uploads\/2025\/11\/geziler-1-768x512.webp 768w\" sizes=\"(max-width: 900px) 100vw, 900px\" \/>\t\t\t\t\t\t\t\t\t\t\t\t\t\t\t<\/div>\n\t\t\t\t<\/div>\n\t\t\t\t<\/div>\n\t\t<div class=\"elementor-element elementor-element-57c5ff1 e-con-full e-flex e-con e-child\" data-id=\"57c5ff1\" data-element_type=\"container\" data-e-type=\"container\">\n\t\t\t\t<div class=\"elementor-element elementor-element-f8c3e7b elementor-widget elementor-widget-heading\" data-id=\"f8c3e7b\" data-element_type=\"widget\" data-e-type=\"widget\" data-widget_type=\"heading.default\">\n\t\t\t\t<div class=\"elementor-widget-container\">\n\t\t\t\t\t<h2 class=\"elementor-heading-title elementor-size-default\">Geziler<\/h2>\t\t\t\t<\/div>\n\t\t\t\t<\/div>\n\t\t\t\t<div class=\"elementor-element elementor-element-847ee6c elementor-widget elementor-widget-text-editor\" data-id=\"847ee6c\" data-element_type=\"widget\" data-e-type=\"widget\" data-widget_type=\"text-editor.default\">\n\t\t\t\t<div class=\"elementor-widget-container\">\n\t\t\t\t\t\t\t\t\t<p><span style=\"font-weight: 400;\">\u0130lkokul kadememizde \u00f6\u011frenmeyi s\u0131n\u0131f d\u0131\u015f\u0131na ta\u015f\u0131yor, \u00f6\u011frencilerimizin deneyimleyerek ke\u015ffetmelerini sa\u011fl\u0131yoruz. Gezilerimizi e\u011fitim program\u0131m\u0131z\u0131n bir par\u00e7as\u0131 olarak planl\u0131yor; akademik kazan\u0131mlar\u0131 sosyal, k\u00fclt\u00fcrel ve \u00e7evresel fark\u0131ndal\u0131kla b\u00fct\u00fcnle\u015ftiriyoruz.<\/span><\/p><p><span style=\"font-weight: 400;\">Gezi planlar\u0131m\u0131z e\u011fitim y\u0131l\u0131 ba\u015f\u0131nda olu\u015fturulur ve \u00f6\u011frencilerin ya\u015f gruplar\u0131na uygun \u015fekilde tasarlan\u0131r. M\u00fcze, bilim merkezi, tarihi mek\u00e2n, k\u00fclt\u00fcr sanat alanlar\u0131 ve do\u011fa etkinlikleri gibi farkl\u0131 \u00f6\u011frenme ortamlar\u0131 ile \u00f6\u011frencilerimizin ufuklar\u0131n\u0131 geni\u015fletmeyi hedefliyoruz.<\/span><\/p><p><span style=\"font-weight: 400;\">Geziler sayesinde \u00f6\u011frencilerimiz g\u00f6zlem yapma, sorgulama, ileti\u015fim kurma ve birlikte hareket etme becerilerini geli\u015ftirir. Her gezi sonras\u0131 yap\u0131lan de\u011ferlendirme \u00e7al\u0131\u015fmalar\u0131 ile \u00f6\u011frenme kal\u0131c\u0131l\u0131\u011f\u0131 desteklenir.<\/span><\/p><p><span style=\"font-weight: 400;\">Amac\u0131m\u0131z; \u00f6\u011frencilerimize s\u0131n\u0131f i\u00e7i e\u011fitimi destekleyen, unutulmaz ve \u00f6\u011fretici deneyimler sunmakt\u0131r.<\/span><\/p>\t\t\t\t\t\t\t\t<\/div>\n\t\t\t\t<\/div>\n\t\t\t\t<\/div>\n\t\t\t\t\t<\/div>\n\t\t\t\t<\/div>\n\t\t<div class=\"elementor-element elementor-element-8e1f2ff e-flex e-con-boxed e-con e-child\" data-id=\"8e1f2ff\" data-element_type=\"container\" data-e-type=\"container\">\n\t\t\t\t\t<div class=\"e-con-inner\">\n\t\t\t\t\t<\/div>\n\t\t\t\t<\/div>\n\t\t\t\t<\/div>\n\t\t<div id=\"e-n-tab-content-16818709111\" role=\"tabpanel\" aria-labelledby=\"e-n-tab-title-16818709111\" data-tab-index=\"11\" style=\"--n-tabs-title-order: 11;\" class=\" elementor-element elementor-element-77bd1a6 e-con-full e-flex e-con e-child\" data-id=\"77bd1a6\" data-element_type=\"container\" data-e-type=\"container\">\n\t\t<div class=\"elementor-element elementor-element-f0ae920 e-flex e-con-boxed e-con e-child\" data-id=\"f0ae920\" data-element_type=\"container\" data-e-type=\"container\">\n\t\t\t\t\t<div class=\"e-con-inner\">\n\t\t<div class=\"elementor-element elementor-element-637975f e-con-full e-flex e-con e-child\" data-id=\"637975f\" data-element_type=\"container\" data-e-type=\"container\">\n\t\t\t\t<div class=\"elementor-element elementor-element-754eea0 elementor-widget elementor-widget-image\" data-id=\"754eea0\" data-element_type=\"widget\" data-e-type=\"widget\" data-widget_type=\"image.default\">\n\t\t\t\t<div class=\"elementor-widget-container\">\n\t\t\t\t\t\t\t\t\t\t\t\t\t\t\t<img loading=\"lazy\" decoding=\"async\" width=\"900\" height=\"600\" src=\"https:\/\/profaj.co\/rotaegitim\/wp-content\/uploads\/2025\/11\/hizmetlerimiz.webp\" class=\"attachment-full size-full wp-image-2772\" alt=\"\" srcset=\"https:\/\/profaj.co\/rotaegitim\/wp-content\/uploads\/2025\/11\/hizmetlerimiz.webp 900w, https:\/\/profaj.co\/rotaegitim\/wp-content\/uploads\/2025\/11\/hizmetlerimiz-300x200.webp 300w, https:\/\/profaj.co\/rotaegitim\/wp-content\/uploads\/2025\/11\/hizmetlerimiz-768x512.webp 768w\" sizes=\"(max-width: 900px) 100vw, 900px\" \/>\t\t\t\t\t\t\t\t\t\t\t\t\t\t\t<\/div>\n\t\t\t\t<\/div>\n\t\t\t\t<\/div>\n\t\t<div class=\"elementor-element elementor-element-5c7eef7 e-con-full e-flex e-con e-child\" data-id=\"5c7eef7\" data-element_type=\"container\" data-e-type=\"container\">\n\t\t\t\t<div class=\"elementor-element elementor-element-f0c6841 elementor-widget elementor-widget-heading\" data-id=\"f0c6841\" data-element_type=\"widget\" data-e-type=\"widget\" data-widget_type=\"heading.default\">\n\t\t\t\t<div class=\"elementor-widget-container\">\n\t\t\t\t\t<h2 class=\"elementor-heading-title elementor-size-default\">Hizmetlerimiz<\/h2>\t\t\t\t<\/div>\n\t\t\t\t<\/div>\n\t\t\t\t<div class=\"elementor-element elementor-element-33e4f6c elementor-widget elementor-widget-text-editor\" data-id=\"33e4f6c\" data-element_type=\"widget\" data-e-type=\"widget\" data-widget_type=\"text-editor.default\">\n\t\t\t\t<div class=\"elementor-widget-container\">\n\t\t\t\t\t\t\t\t\t<p><b>BESLENME H\u0130ZMETLER\u0130<\/b><\/p><p><span style=\"font-weight: 400;\">Rota Koleji\u2019nde, \u00f6\u011frencilerimizin fiziksel geli\u015fimlerini destekleyen sa\u011fl\u0131kl\u0131 beslenme al\u0131\u015fkanl\u0131klar\u0131 kazanmalar\u0131n\u0131 \u00f6ncelikli bir sorumluluk olarak g\u00f6r\u00fcyoruz.<\/span><\/p><p><span style=\"font-weight: 400;\">T\u00fcm \u00f6\u011f\u00fcnlerimiz, diyetisyen dan\u0131\u015fmanl\u0131\u011f\u0131nda, ya\u015f gruplar\u0131na g\u00f6re d\u00fczenlenen besin ihtiya\u00e7lar\u0131 dikkate al\u0131narak planlan\u0131r. Men\u00fclerimiz, besin de\u011ferleri, kalori miktarlar\u0131 ve alerjen i\u00e7erikleri do\u011frultusunda \u00f6zenle haz\u0131rlan\u0131r, okul y\u00f6netiminin onay\u0131ndan ge\u00e7tikten sonra ayl\u0131k olarak g\u00fcncellenir ve velilerimizle payla\u015f\u0131l\u0131r.<\/span><\/p><p><span style=\"font-weight: 400;\">Okul mutfa\u011f\u0131m\u0131zda \u00fcretilen t\u00fcm yemekler g\u00fcnl\u00fck olarak taze malzemelerle pi\u015firilir. G\u0131da g\u00fcvenli\u011fi standartlar\u0131na uygunluk, \u00fcretim s\u00fcrecimizin her a\u015famas\u0131nda titizlikle korunur. Do\u011fal ve katk\u0131s\u0131z \u00fcr\u00fcnler kullan\u0131larak \u00e7ocuklar\u0131m\u0131za hem sa\u011fl\u0131kl\u0131 hem de damak zevklerine hitap eden men\u00fcler sunulmaktad\u0131r.<\/span><\/p><p><span style=\"font-weight: 400;\">Anas\u0131n\u0131f\u0131 \u00f6\u011frencilerimiz i\u00e7in g\u00fcn\u00fcn erken saatlerinde sabah kahvalt\u0131s\u0131, \u00f6\u011fle saatlerinde ana yemek ve g\u00fcn sonunda ikindi kahvalt\u0131s\u0131 olmak \u00fczere \u00fc\u00e7 ana beslenme saati d\u00fczenlenir. B\u00f6ylece k\u00fc\u00e7\u00fck ya\u015f grubundaki \u00f6\u011frencilerimizin g\u00fcnl\u00fck enerji ihtiya\u00e7lar\u0131 ideal \u015fekilde kar\u015f\u0131lan\u0131r.<\/span><\/p>\t\t\t\t\t\t\t\t<\/div>\n\t\t\t\t<\/div>\n\t\t\t\t<\/div>\n\t\t\t\t\t<\/div>\n\t\t\t\t<\/div>\n\t\t<div class=\"elementor-element elementor-element-72afd2a e-flex e-con-boxed e-con e-child\" data-id=\"72afd2a\" data-element_type=\"container\" data-e-type=\"container\">\n\t\t\t\t\t<div class=\"e-con-inner\">\n\t\t\t\t<div class=\"elementor-element elementor-element-3acfb1c elementor-widget elementor-widget-text-editor\" data-id=\"3acfb1c\" data-element_type=\"widget\" data-e-type=\"widget\" data-widget_type=\"text-editor.default\">\n\t\t\t\t<div class=\"elementor-widget-container\">\n\t\t\t\t\t\t\t\t\t<p><span style=\"font-weight: 400;\">Rota Koleji olarak, sa\u011fl\u0131kl\u0131 beslenmenin sadece fiziksel geli\u015fime de\u011fil; \u00f6\u011frenme kapasitesine, dikkat s\u00fcresine ve genel ya\u015fam kalitesine do\u011frudan katk\u0131 sa\u011flad\u0131\u011f\u0131n\u0131n bilincindeyiz. Bu nedenle \u00f6\u011frencilerimize, ya\u015fam boyu s\u00fcrd\u00fcrebilecekleri do\u011fru beslenme al\u0131\u015fkanl\u0131klar\u0131 kazand\u0131rmay\u0131 ama\u00e7l\u0131yoruz.<\/span><\/p><p><strong>G\u00dcVENL\u0130K H\u0130ZMETLER\u0130 <\/strong><\/p><p><span style=\"font-weight: 400;\">Rota Koleji, \u00f6\u011frencilerinin ve personelinin g\u00fcvenli\u011fini en \u00fcst d\u00fczeyde tutmak i\u00e7in kapsaml\u0131 g\u00fcvenlik \u00f6nlemleri almaktad\u0131r. Okulumuzda g\u00fcvenlik, tamamen kendi b\u00fcnyesinde g\u00f6revli uzman g\u00fcvenlik personeli taraf\u0131ndan sa\u011flanmaktad\u0131r. Bu personel, yasal gereklilikler do\u011frultusunda gerekli e\u011fitimleri alarak, \u201c\u00d6zel G\u00fcvenlik G\u00f6revlisi\u201d olma yetkisine sahiptir.<\/span><\/p><p><span style=\"font-weight: 400;\">Okulumuz , 7\/24 g\u00fcvenlik kameralar\u0131yla izlenmekte, t\u00fcm giri\u015f-\u00e7\u0131k\u0131\u015flar dijital ortamda kay\u0131t alt\u0131na al\u0131nmaktad\u0131r. Bu sayede, kamp\u00fcs i\u00e7indeki her t\u00fcrl\u00fc faaliyet anl\u0131k olarak takip edilmekte ve herhangi bir g\u00fcvenlik ihlali durumunda h\u0131zl\u0131ca m\u00fcdahale edilebilmektedir. G\u00fcvenlik kameralar\u0131 sadece okul i\u00e7ini de\u011fil, \u00e7evreyi de kapsayarak kapsaml\u0131 bir g\u00fcvenlik a\u011f\u0131 olu\u015fturur.<\/span><\/p><p><span style=\"font-weight: 400;\">Okulda her kademenin kendi giri\u015f ve \u00e7\u0131k\u0131\u015f kap\u0131lar\u0131 bulunmaktad\u0131r. Bu uygulama, \u00f6\u011frencilerin g\u00fcvenli\u011fini art\u0131rman\u0131n yan\u0131 s\u0131ra, her kademenin kendi d\u00fczeni i\u00e7inde faaliyet g\u00f6stermesine olanak tan\u0131r. B\u00f6ylece, farkl\u0131 kademelerdeki \u00f6\u011frenciler birbirlerinin alanlar\u0131na girmeden, g\u00fcvenli bir \u015fekilde giri\u015f ve \u00e7\u0131k\u0131\u015f yapabilmektedirler.<\/span><\/p><p><span style=\"font-weight: 400;\">Okul i\u00e7indeki t\u00fcm giri\u015f-\u00e7\u0131k\u0131\u015f saatleri, e\u011fitim ve \u00e7al\u0131\u015fma d\u00fczenine g\u00f6re belirlenmi\u015ftir:<\/span><\/p><ul><li style=\"font-weight: 400;\" aria-level=\"1\"><b>\u00d6\u011fretmen ve personel<\/b><span style=\"font-weight: 400;\">, Cumartesi-Pazar hari\u00e7, her g\u00fcn 08:30 \u2013 18:00 saatleri aras\u0131nda kamp\u00fcse giri\u015f yapabilir.<\/span><\/li><li style=\"font-weight: 400;\" aria-level=\"1\"><b>\u0130dareciler<\/b><span style=\"font-weight: 400;\">, ayn\u0131 \u015fekilde her g\u00fcn 08:30 \u2013 18:00 saatleri aras\u0131nda kamp\u00fcste bulunmaktad\u0131r.<\/span><\/li><\/ul><p><span style=\"font-weight: 400;\">Bu sistem, g\u00fcvenli\u011fi sa\u011flaman\u0131n yan\u0131 s\u0131ra, kamp\u00fcs i\u00e7inde d\u00fczenin korunmas\u0131na ve t\u00fcm \u00f6\u011frencilerimizin g\u00fcvenli bir ortamda e\u011fitim almas\u0131na katk\u0131 sa\u011flar. Rota Koleji olarak, g\u00fcvenlik ve d\u00fczeni her zaman \u00f6ncelikli tutuyor, \u00f6\u011frencilerimizin en iyi \u015fartlarda e\u011fitim alabilmesi i\u00e7in gerekli t\u00fcm \u00f6nlemleri titizlikle uyguluyoruz.<\/span><\/p><p><b>SA\u011eLIK H\u0130ZMETLER\u0130\u00a0<\/b><\/p><p><span style=\"font-weight: 400;\">Rota Koleji olarak, \u00f6\u011frencilerimizin yaln\u0131zca akademik ba\u015far\u0131lar\u0131n\u0131 de\u011fil, sa\u011fl\u0131k ve g\u00fcvenliklerini de en az e\u011fitimleri kadar \u00f6nemsiyoruz. Sa\u011fl\u0131kl\u0131 bireylerin g\u00fc\u00e7l\u00fc bir \u00f6\u011frenme ortam\u0131 olu\u015fturdu\u011funa inan\u0131yor, bu bilin\u00e7le okulumuzda kapsaml\u0131 sa\u011fl\u0131k hizmetleri sunuyoruz.<\/span><\/p><p><span style=\"font-weight: 400;\">Her e\u011fitim-\u00f6\u011fretim y\u0131l\u0131 ba\u015f\u0131nda, velilerimize sa\u011fl\u0131k bilgi formu doldurtarak \u00f6\u011frencilerimizin bireysel sa\u011fl\u0131k durumlar\u0131n\u0131 \u00f6\u011freniyor ve kaydediyoruz. Alerji, kronik rahats\u0131zl\u0131k veya d\u00fczenli ila\u00e7 kullan\u0131m\u0131 gibi \u00f6zel durumlar, okul hem\u015firemiz taraf\u0131ndan yak\u0131ndan takip ediliyor. B\u00f6ylece her \u00f6\u011frencimizin sa\u011fl\u0131\u011f\u0131, bireysel ihtiya\u00e7lar\u0131na uygun \u015fekilde izleniyor.<\/span><\/p><p><span style=\"font-weight: 400;\">Okulumuzda tam donan\u0131ml\u0131 bir revir bulunmakta ve alan\u0131nda deneyimli bir okul hem\u015firesi g\u00f6rev yapmaktad\u0131r. \u00d6\u011frenciler g\u00fcn i\u00e7inde ya\u015fad\u0131klar\u0131 sa\u011fl\u0131k sorunlar\u0131nda hem\u015firemize ba\u015fvurabilir; gerekli ilk m\u00fcdahale h\u0131zl\u0131ca yap\u0131l\u0131r. Durumun aciliyetine g\u00f6re veli bilgilendirilir, gerekirse \u00f6\u011frenci en yak\u0131n sa\u011fl\u0131k kurulu\u015funa y\u00f6nlendirilir.<\/span><\/p><p><span style=\"font-weight: 400;\">Kronik hastal\u0131\u011f\u0131 olan veya d\u00fczenli ila\u00e7 kullanmas\u0131 gereken \u00f6\u011frenciler i\u00e7in \u00f6zenli bir takip s\u00fcreci y\u00fcr\u00fct\u00fcyoruz. \u0130la\u00e7 saatleri hem\u015firemiz taraf\u0131ndan titizlikle izlenir ve \u00f6\u011frencinin ihtiya\u00e7 duydu\u011fu her an destek sa\u011flan\u0131r.<\/span><\/p><p><span style=\"font-weight: 400;\">Rota Koleji&#8217;nde sa\u011fl\u0131k hizmetleri sadece m\u00fcdahale ile s\u0131n\u0131rl\u0131 de\u011fildir. \u00d6\u011frencilerimizin sa\u011fl\u0131kl\u0131 ya\u015fam bilinci kazanmas\u0131 amac\u0131yla y\u0131l boyunca \u00e7e\u015fitli bilgilendirme \u00e7al\u0131\u015fmalar\u0131 ve fark\u0131ndal\u0131k etkinlikleri d\u00fczenliyoruz. B\u00f6ylece \u00f6\u011frencilerimiz hem bedensel hem de zihinsel olarak g\u00fc\u00e7l\u00fc bireyler olarak yeti\u015firler.<\/span><\/p><p><b>ULA\u015eIM H\u0130ZMETLER\u0130\u00a0<\/b><\/p><p><span style=\"font-weight: 400;\">Rota Koleji, \u00f6\u011frenci ta\u015f\u0131mac\u0131l\u0131\u011f\u0131nda kalite, g\u00fcvenlik, dakiklik, konfor ve istikrar\u0131 temel ilke olarak benimsemektedir. \u00d6\u011frencilerimizin g\u00fcvenli bir \u015fekilde okula ula\u015fmas\u0131, \u00f6ncelikli de\u011ferlerimiz aras\u0131nda yer almaktad\u0131r. Bu do\u011frultuda, sekt\u00f6rdeki en ileri teknolojileri kullanarak hizmet sunmaktay\u0131z.<\/span><\/p><p><span style=\"font-weight: 400;\">Okulumuzun servis ara\u00e7lar\u0131, d\u00fczenli bak\u0131m ve kontrolleri yap\u0131lm\u0131\u015f, g\u00fcvenli s\u00fcr\u00fcc\u00fcler taraf\u0131ndan y\u00f6netilmektedir. Servis hostesleri, \u00f6\u011frencileri s\u0131n\u0131ftan alarak servise kadar e\u015flik etmekte ve \u00f6\u011frencilerin g\u00fcvenli\u011fini sa\u011flamaktad\u0131r. Servislerde emniyet kemeri tak\u0131lmas\u0131 zorunludur ve t\u00fcm \u00f6\u011frencilerimizin yolculuk boyunca kemerlerini takmalar\u0131 beklenmektedir. Servislerimiz, \u00f6\u011frenci al\u0131m ve b\u0131rakma saatlerinde aksama olmadan zaman\u0131nda hareket etmektedir. Ara\u00e7lar\u0131m\u0131zda, hava ko\u015fullar\u0131na uygun \u0131s\u0131tma\/so\u011futma sistemleri ve g\u00fcvenlik \u00f6zellikleri bulunmaktad\u0131r. Ayr\u0131ca, ara\u00e7lar\u0131m\u0131zda GPS takip sistemleri mevcuttur, b\u00f6ylece \u00f6\u011frencilerimizin konumu her an takip edilebilmektedir.<\/span><\/p><p><span style=\"font-weight: 400;\">Okul i\u00e7indeki t\u00fcm kurallar, servis ara\u00e7lar\u0131nda da ge\u00e7erlidir. \u00d6\u011frencilerimizin serviste de okulda oldu\u011fu gibi, g\u00fcvenli, sayg\u0131l\u0131 ve disiplinli bir \u015fekilde hareket etmeleri beklenmektedir.<\/span><\/p><p><span style=\"font-weight: 400;\">Yeni d\u00f6nem servis kay\u0131tlar\u0131, okul yetkili personeli taraf\u0131ndan al\u0131nmaktad\u0131r. Velilerimiz, servis kay\u0131tlar\u0131yla ilgili i\u015flemler i\u00e7in okul y\u00f6netimiyle ileti\u015fime ge\u00e7ebilir ve kay\u0131tlar\u0131n\u0131 kolayca yapt\u0131rabilirler. Servis \u00fccretleri, okula olan uzakl\u0131\u011fa g\u00f6re belirlenmektedir ve \u00f6demeler okul y\u00f6netimi taraf\u0131ndan belirlenen takvime g\u00f6re yap\u0131lmaktad\u0131r.<\/span><\/p>\t\t\t\t\t\t\t\t<\/div>\n\t\t\t\t<\/div>\n\t\t\t\t\t<\/div>\n\t\t\t\t<\/div>\n\t\t\t\t<\/div>\n\t\t\t\t\t<\/div>\n\t\t<\/div>\n\t\t\t\t\t\t<\/div>\n\t\t\t\t<\/div>\n\t\t\t\t<\/div>\n\t\t\t\t\t<\/div>\n\t\t\t\t<\/div>\n\t\t\t\t<\/div>\n\t\t                    <\/div>\n                                    <div id=\"education-tab-content-2193\" class=\"tab-content elementor-clearfix \" data-tab=\"3\" data-tab-slug=\"ortaokul\" role=\"tabpanel\" aria-labelledby=\"education-tab-title-2193\">\n                        \t\t<div data-elementor-type=\"section\" data-elementor-id=\"1723\" class=\"elementor elementor-1723\" data-elementor-post-type=\"elementor_library\">\n\t\t\t<div class=\"elementor-element elementor-element-04c0347 e-flex e-con-boxed e-con e-parent\" data-id=\"04c0347\" data-element_type=\"container\" data-e-type=\"container\">\n\t\t\t\t\t<div class=\"e-con-inner\">\n\t\t<div class=\"elementor-element elementor-element-08e6611 e-con-full e-flex e-con e-child\" data-id=\"08e6611\" data-element_type=\"container\" data-e-type=\"container\">\n\t\t\t\t<div class=\"elementor-element elementor-element-cb185a2 elementor-widget elementor-widget-html\" data-id=\"cb185a2\" data-element_type=\"widget\" data-e-type=\"widget\" data-widget_type=\"html.default\">\n\t\t\t\t<div class=\"elementor-widget-container\">\n\t\t\t\t\t<style>\n    \/* --- Kapsay\u0131c\u0131 --- *\/\n    .rota-universal-nav {\n        display: flex;\n        justify-content: flex-end; \/* Sa\u011f tarafa yaslar *\/\n        gap: 12px;\n        margin-bottom: 15px;\n    }\n    \n    \/* --- Buton Tasar\u0131m\u0131 --- *\/\n    .rota-uni-btn {\n        background-color: #f0f2f5; \/* Gri Arka Plan *\/\n        color: #8e44ad; \/* Okun Rengi (SVG 'currentColor' kullanaca\u011f\u0131 i\u00e7in buradan al\u0131r) *\/\n        border: none;\n        \n        \/* Boyutlar *\/\n        width: 60px; \n        height: 36px; \n        border-radius: 50px;\n        \n        cursor: pointer; \n        display: flex; \n        align-items: center; \n        justify-content: center;\n        \n        padding: 0; \/* \u0130\u00e7 bo\u015flu\u011fu s\u0131f\u0131rlad\u0131k *\/\n        transition: all 0.3s ease;\n    }\n\n    \/* --- SVG Ayarlar\u0131 --- *\/\n    .rota-uni-btn svg {\n        width: 24px;  \/* \u0130kon boyutu *\/\n        height: 24px;\n        stroke-width: 2; \/* \u00c7izgi kal\u0131nl\u0131\u011f\u0131 *\/\n        stroke: currentColor; \/* Rengi \u00fcstteki color'dan al\u0131r *\/\n        fill: none;\n        stroke-linecap: round; \/* \u00c7izgi u\u00e7lar\u0131n\u0131 yuvarlar *\/\n        stroke-linejoin: round; \/* K\u00f6\u015feleri yuvarlar *\/\n        transition: transform 0.3s ease; \/* Ok hareketi i\u00e7in *\/\n    }\n\n    \/* --- Hover (\u00dczerine Gelince) --- *\/\n    .rota-uni-btn:hover { \n        background-color: #e4e6e9; \n        color: #6c3483; \/* Ok rengi koyula\u015f\u0131r *\/\n    }\n    \n    \/* Hover s\u0131ras\u0131nda okun hafif\u00e7e kaymas\u0131 *\/\n    .rota-uni-btn.rota-prev:hover svg { transform: translateX(-3px); }\n    .rota-uni-btn.rota-next:hover svg { transform: translateX(3px); }\n\n    \/* --- T\u0131klama (Active) --- *\/\n    .rota-uni-btn:active { \n        transform: scale(0.95); \n        background-color: #dcdfe3; \n    }\n    \n    @media (max-width: 767px) { .rota-universal-nav { justify-content: center; } }\n<\/style>\n\n<div class=\"rota-universal-nav\">\n    <button class=\"rota-uni-btn rota-prev\" aria-label=\"\u00d6nceki\">\n        <svg xmlns=\"http:\/\/www.w3.org\/2000\/svg\" viewBox=\"0 0 24 24\">\n            <line x1=\"19\" y1=\"12\" x2=\"5\" y2=\"12\"><\/line>\n            <polyline points=\"12 19 5 12 12 5\"><\/polyline>\n        <\/svg>\n    <\/button>\n    \n    <button class=\"rota-uni-btn rota-next\" aria-label=\"Sonraki\">\n        <svg xmlns=\"http:\/\/www.w3.org\/2000\/svg\" viewBox=\"0 0 24 24\">\n            <line x1=\"5\" y1=\"12\" x2=\"19\" y2=\"12\"><\/line>\n            <polyline points=\"12 5 19 12 12 19\"><\/polyline>\n        <\/svg>\n    <\/button>\n<\/div>\n\n<script>\njQuery(document).ready(function($) {\n    \n    \/\/ --- SONRAK\u0130 BUTONU ---\n    \/\/ .off() ile eski t\u0131klamalar\u0131 temizleyip \u00e7ak\u0131\u015fmay\u0131 \u00f6nl\u00fcyoruz\n    $('.rota-next').off('click').on('click', function() {\n        var $btn = $(this);\n        \n        var $parentContainer = $btn.closest('.elementor-widget-wrap, .e-con, .elementor-column');\n        var $tabContainer = $parentContainer.find('.e-n-tabs-heading').first();\n\n        if ($tabContainer.length === 0) {\n             $tabContainer = $btn.closest('.elementor-section, .e-con-boxed, .e-con-full').find('.e-n-tabs-heading').first();\n        }\n\n        var $allTabs = $tabContainer.find('.e-n-tab-title');\n        var $activeTab = $tabContainer.find('.e-n-tab-title[aria-selected=\"true\"]');\n        \n        var currentIndex = $allTabs.index($activeTab);\n        var nextIndex = currentIndex + 1;\n\n        if (nextIndex < $allTabs.length) {\n            var $nextTab = $allTabs.eq(nextIndex);\n            $nextTab.trigger('click');\n            kaydir($tabContainer, $nextTab);\n        }\n    });\n\n    \/\/ --- \u00d6NCEK\u0130 BUTONU ---\n    $('.rota-prev').off('click').on('click', function() {\n        var $btn = $(this);\n        \n        var $parentContainer = $btn.closest('.elementor-widget-wrap, .e-con, .elementor-column');\n        var $tabContainer = $parentContainer.find('.e-n-tabs-heading').first();\n\n        if ($tabContainer.length === 0) {\n             $tabContainer = $btn.closest('.elementor-section, .e-con-boxed, .e-con-full').find('.e-n-tabs-heading').first();\n        }\n\n        var $allTabs = $tabContainer.find('.e-n-tab-title');\n        var $activeTab = $tabContainer.find('.e-n-tab-title[aria-selected=\"true\"]');\n        \n        var currentIndex = $allTabs.index($activeTab);\n        var prevIndex = currentIndex - 1;\n\n        if (prevIndex >= 0) {\n            var $prevTab = $allTabs.eq(prevIndex);\n            $prevTab.trigger('click');\n            kaydir($tabContainer, $prevTab);\n        }\n    });\n\n    function kaydir(container, target) {\n         if(container.length === 0 || target.length === 0) return;\n        var scrollLeft = target.position().left + container.scrollLeft() - (container.width() \/ 2) + (target.width() \/ 2);\n        container.animate({ scrollLeft: scrollLeft }, 300);\n    }\n});\n<\/script>\t\t\t\t<\/div>\n\t\t\t\t<\/div>\n\t\t\t\t<div class=\"elementor-element elementor-element-a0654d3 e-n-tabs-none elementor-widget elementor-widget-n-tabs\" data-id=\"a0654d3\" data-element_type=\"widget\" data-e-type=\"widget\" data-settings=\"{&quot;tabs_justify_horizontal&quot;:&quot;stretch&quot;,&quot;horizontal_scroll&quot;:&quot;enable&quot;}\" data-widget_type=\"nested-tabs.default\">\n\t\t\t\t<div class=\"elementor-widget-container\">\n\t\t\t\t\t\t\t<div class=\"e-n-tabs\" data-widget-number=\"168187091\" aria-label=\"Tabs. Open items with Enter or Space, close with Escape and navigate using the Arrow keys.\">\n\t\t\t<div class=\"e-n-tabs-heading\" role=\"tablist\">\n\t\t\t\t\t<button id=\"e-n-tab-title-1681870911\" data-tab-title-id=\"e-n-tab-title-1681870911\" class=\"e-n-tab-title\" aria-selected=\"true\" data-tab-index=\"1\" role=\"tab\" tabindex=\"0\" aria-controls=\"e-n-tab-content-1681870911\" style=\"--n-tabs-title-order: 1;\">\n\t\t\t\t\t\t<span class=\"e-n-tab-title-text\">\n\t\t\t\tE\u011fitim \u00d6\u011fretim\t\t\t<\/span>\n\t\t<\/button>\n\t\t\t\t<button id=\"e-n-tab-title-1681870912\" data-tab-title-id=\"e-n-tab-title-1681870912\" class=\"e-n-tab-title\" aria-selected=\"false\" data-tab-index=\"2\" role=\"tab\" tabindex=\"-1\" aria-controls=\"e-n-tab-content-1681870912\" style=\"--n-tabs-title-order: 2;\">\n\t\t\t\t\t\t<span class=\"e-n-tab-title-text\">\n\t\t\t\t\u0130lkelerimiz\t\t\t<\/span>\n\t\t<\/button>\n\t\t\t\t<button id=\"e-n-tab-title-1681870913\" data-tab-title-id=\"e-n-tab-title-1681870913\" class=\"e-n-tab-title\" aria-selected=\"false\" data-tab-index=\"3\" role=\"tab\" tabindex=\"-1\" aria-controls=\"e-n-tab-content-1681870913\" style=\"--n-tabs-title-order: 3;\">\n\t\t\t\t\t\t<span class=\"e-n-tab-title-text\">\n\t\t\t\tHedeflerimiz\t\t\t<\/span>\n\t\t<\/button>\n\t\t\t\t<button id=\"e-n-tab-title-1681870914\" data-tab-title-id=\"e-n-tab-title-1681870914\" class=\"e-n-tab-title\" aria-selected=\"false\" data-tab-index=\"4\" role=\"tab\" tabindex=\"-1\" aria-controls=\"e-n-tab-content-1681870914\" style=\"--n-tabs-title-order: 4;\">\n\t\t\t\t\t\t<span class=\"e-n-tab-title-text\">\n\t\t\t\tOrtaokulda Ya\u015fam\t\t\t<\/span>\n\t\t<\/button>\n\t\t\t\t<button id=\"e-n-tab-title-1681870915\" data-tab-title-id=\"e-n-tab-title-1681870915\" class=\"e-n-tab-title\" aria-selected=\"false\" data-tab-index=\"5\" role=\"tab\" tabindex=\"-1\" aria-controls=\"e-n-tab-content-1681870915\" style=\"--n-tabs-title-order: 5;\">\n\t\t\t\t\t\t<span class=\"e-n-tab-title-text\">\n\t\t\t\tBran\u015f Dersleri\t\t\t<\/span>\n\t\t<\/button>\n\t\t\t\t<button id=\"e-n-tab-title-1681870916\" data-tab-title-id=\"e-n-tab-title-1681870916\" class=\"e-n-tab-title\" aria-selected=\"false\" data-tab-index=\"6\" role=\"tab\" tabindex=\"-1\" aria-controls=\"e-n-tab-content-1681870916\" style=\"--n-tabs-title-order: 6;\">\n\t\t\t\t\t\t<span class=\"e-n-tab-title-text\">\n\t\t\t\tYabanc\u0131 Dil\t\t\t<\/span>\n\t\t<\/button>\n\t\t\t\t<button id=\"e-n-tab-title-1681870917\" data-tab-title-id=\"e-n-tab-title-1681870917\" class=\"e-n-tab-title\" aria-selected=\"false\" data-tab-index=\"7\" role=\"tab\" tabindex=\"-1\" aria-controls=\"e-n-tab-content-1681870917\" style=\"--n-tabs-title-order: 7;\">\n\t\t\t\t\t\t<span class=\"e-n-tab-title-text\">\n\t\t\t\tRehberlik\t\t\t<\/span>\n\t\t<\/button>\n\t\t\t\t<button id=\"e-n-tab-title-1681870918\" data-tab-title-id=\"e-n-tab-title-1681870918\" class=\"e-n-tab-title\" aria-selected=\"false\" data-tab-index=\"8\" role=\"tab\" tabindex=\"-1\" aria-controls=\"e-n-tab-content-1681870918\" style=\"--n-tabs-title-order: 8;\">\n\t\t\t\t\t\t<span class=\"e-n-tab-title-text\">\n\t\t\t\t\u00d6l\u00e7me De\u011ferlendirme\t\t\t<\/span>\n\t\t<\/button>\n\t\t\t\t<button id=\"e-n-tab-title-1681870919\" data-tab-title-id=\"e-n-tab-title-1681870919\" class=\"e-n-tab-title\" aria-selected=\"false\" data-tab-index=\"9\" role=\"tab\" tabindex=\"-1\" aria-controls=\"e-n-tab-content-1681870919\" style=\"--n-tabs-title-order: 9;\">\n\t\t\t\t\t\t<span class=\"e-n-tab-title-text\">\n\t\t\t\tEkders - Et\u00fct \u00c7al\u0131\u015fmalar\u0131\t\t\t<\/span>\n\t\t<\/button>\n\t\t\t\t<button id=\"e-n-tab-title-16818709110\" data-tab-title-id=\"e-n-tab-title-16818709110\" class=\"e-n-tab-title\" aria-selected=\"false\" data-tab-index=\"10\" role=\"tab\" tabindex=\"-1\" aria-controls=\"e-n-tab-content-16818709110\" style=\"--n-tabs-title-order: 10;\">\n\t\t\t\t\t\t<span class=\"e-n-tab-title-text\">\n\t\t\t\tHizmetlerimiz\t\t\t<\/span>\n\t\t<\/button>\n\t\t\t\t\t<\/div>\n\t\t\t<div class=\"e-n-tabs-content\">\n\t\t\t\t<div id=\"e-n-tab-content-1681870911\" role=\"tabpanel\" aria-labelledby=\"e-n-tab-title-1681870911\" data-tab-index=\"1\" style=\"--n-tabs-title-order: 1;\" class=\"e-active elementor-element elementor-element-90a0f68 e-con-full e-flex e-con e-child\" data-id=\"90a0f68\" data-element_type=\"container\" data-e-type=\"container\">\n\t\t<div class=\"elementor-element elementor-element-3c958fc e-flex e-con-boxed e-con e-child\" data-id=\"3c958fc\" data-element_type=\"container\" data-e-type=\"container\">\n\t\t\t\t\t<div class=\"e-con-inner\">\n\t\t<div class=\"elementor-element elementor-element-ca48c18 e-con-full e-flex e-con e-child\" data-id=\"ca48c18\" data-element_type=\"container\" data-e-type=\"container\">\n\t\t\t\t<div class=\"elementor-element elementor-element-5b9667d elementor-widget elementor-widget-heading\" data-id=\"5b9667d\" data-element_type=\"widget\" data-e-type=\"widget\" data-widget_type=\"heading.default\">\n\t\t\t\t<div class=\"elementor-widget-container\">\n\t\t\t\t\t<h2 class=\"elementor-heading-title elementor-size-default\">E\u011fitim Modeli<\/h2>\t\t\t\t<\/div>\n\t\t\t\t<\/div>\n\t\t\t\t<div class=\"elementor-element elementor-element-18481b2 elementor-widget elementor-widget-text-editor\" data-id=\"18481b2\" data-element_type=\"widget\" data-e-type=\"widget\" data-widget_type=\"text-editor.default\">\n\t\t\t\t<div class=\"elementor-widget-container\">\n\t\t\t\t\t\t\t\t\t<p><b>\u00d6\u011frenmenin G\u00fcc\u00fcyle Ba\u015far\u0131ya Ad\u0131m Ad\u0131m<\/b><\/p><p><span style=\"font-weight: 400;\">Rota Koleji Ortaokulu olarak \u00f6\u011frencilerimizi yaln\u0131zca akademik ba\u015far\u0131ya de\u011fil; ayn\u0131 zamanda ki\u015fisel geli\u015fim, \u00f6zg\u00fcven ve toplumsal sorumluluk bilinciyle donat\u0131lm\u0131\u015f bireyler olarak yeti\u015ftiriyoruz. E\u011fitim anlay\u0131\u015f\u0131m\u0131z, her \u00f6\u011frenciyi benzersiz bir birey olarak kabul eder ve potansiyelini en \u00fcst seviyeye ta\u015f\u0131yacak ortam\u0131 sunar.<\/span><\/p><p><span style=\"font-weight: 400;\">Her \u00f6\u011frencimiz kendi ba\u015far\u0131 yolculu\u011funa \u00f6zel bir planlama ile ba\u015flar. Bu s\u00fcre\u00e7te onlara \u201c\u00f6\u011frenmeyi \u00f6\u011frenme\u201d becerisini kazand\u0131r\u0131r, kal\u0131c\u0131 ve anlaml\u0131 bir e\u011fitim deneyimi sunar\u0131z.<\/span><\/p><p><b>Ki\u015fiye \u00d6zel E\u011fitim: Her \u00d6\u011frenciyi Yak\u0131ndan Tan\u0131yoruz<\/b><\/p><p><span style=\"font-weight: 400;\">Rota Koleji\u2019nde ba\u015far\u0131, yaln\u0131zca ders kitab\u0131yla s\u0131n\u0131rl\u0131 de\u011fildir. E\u011fitim s\u00fcrecimiz; \u00f6\u011frencilerimizin \u00f6\u011frenme h\u0131z\u0131na, akademik seviyesine ve ilgi alanlar\u0131na g\u00f6re \u015fekillendirilir.<\/span><\/p><p><span style=\"font-weight: 400;\">D\u00fczenli yap\u0131lan de\u011ferlendirmeler, deneme s\u0131navlar\u0131 ve \u00f6\u011fretmen g\u00f6zlemleri ile geli\u015fim s\u00fcreci anl\u0131k olarak takip edilir. Bu veriler do\u011frultusunda her \u00f6\u011frenciye ihtiya\u00e7lar\u0131na y\u00f6nelik bireys<\/span><\/p>\t\t\t\t\t\t\t\t<\/div>\n\t\t\t\t<\/div>\n\t\t\t\t<\/div>\n\t\t<div class=\"elementor-element elementor-element-fa84fe3 e-con-full e-flex e-con e-child\" data-id=\"fa84fe3\" data-element_type=\"container\" data-e-type=\"container\">\n\t\t\t\t<div class=\"elementor-element elementor-element-56e1c51 elementor-widget elementor-widget-image\" data-id=\"56e1c51\" data-element_type=\"widget\" data-e-type=\"widget\" data-widget_type=\"image.default\">\n\t\t\t\t<div class=\"elementor-widget-container\">\n\t\t\t\t\t\t\t\t\t\t\t\t\t\t\t<img loading=\"lazy\" decoding=\"async\" width=\"900\" height=\"600\" src=\"https:\/\/profaj.co\/rotaegitim\/wp-content\/uploads\/2025\/11\/egitim-ogretim-2.webp\" class=\"attachment-full size-full wp-image-2408\" alt=\"\" srcset=\"https:\/\/profaj.co\/rotaegitim\/wp-content\/uploads\/2025\/11\/egitim-ogretim-2.webp 900w, https:\/\/profaj.co\/rotaegitim\/wp-content\/uploads\/2025\/11\/egitim-ogretim-2-300x200.webp 300w, https:\/\/profaj.co\/rotaegitim\/wp-content\/uploads\/2025\/11\/egitim-ogretim-2-768x512.webp 768w\" sizes=\"(max-width: 900px) 100vw, 900px\" \/>\t\t\t\t\t\t\t\t\t\t\t\t\t\t\t<\/div>\n\t\t\t\t<\/div>\n\t\t\t\t<\/div>\n\t\t\t\t\t<\/div>\n\t\t\t\t<\/div>\n\t\t<div class=\"elementor-element elementor-element-f5bbd7c e-flex e-con-boxed e-con e-child\" data-id=\"f5bbd7c\" data-element_type=\"container\" data-e-type=\"container\">\n\t\t\t\t\t<div class=\"e-con-inner\">\n\t\t<div class=\"elementor-element elementor-element-25428e0 e-con-full e-flex e-con e-child\" data-id=\"25428e0\" data-element_type=\"container\" data-e-type=\"container\">\n\t\t\t\t<div class=\"elementor-element elementor-element-659ed8f elementor-widget elementor-widget-text-editor\" data-id=\"659ed8f\" data-element_type=\"widget\" data-e-type=\"widget\" data-widget_type=\"text-editor.default\">\n\t\t\t\t<div class=\"elementor-widget-container\">\n\t\t\t\t\t\t\t\t\t<p><b>Eksik Kazan\u0131mlar H\u0131zla Tamamlan\u0131r, Ba\u015far\u0131 Kal\u0131c\u0131 Olur<\/b><\/p><p><span style=\"font-weight: 400;\">Okul \u00e7\u0131k\u0131\u015f\u0131 destek programlar\u0131 ve hafta sonu akademik dersleri ile \u00f6\u011frencilerimizin eksik konu ve kazan\u0131mlar\u0131 h\u0131zl\u0131 bir \u015fekilde tamamlan\u0131r.<\/span><\/p><p><span style=\"font-weight: 400;\">Bu s\u00fcre\u00e7te birebir rehberlik, konu tekrarlar\u0131 ve etkili test \u00e7\u00f6zme teknikleri uygulan\u0131r. \u00d6\u011frencilerimiz yaln\u0131zca s\u0131navlara de\u011fil; \u00f6\u011frenme s\u00fcrecine hakim bireyler olarak yeti\u015fir. B\u00f6ylece ba\u015far\u0131 ge\u00e7ici de\u011fil, kal\u0131c\u0131 bir kazan\u0131ma d\u00f6n\u00fc\u015f\u00fcr.<\/span><\/p><p><b>Ulusal ve Uluslararas\u0131 Ba\u015far\u0131<\/b><\/p><p><span style=\"font-weight: 400;\">Rota Koleji Ortaokulu, akademik ba\u015far\u0131y\u0131 ulusal ve uluslararas\u0131 \u00f6l\u00e7ekte de\u011ferlendiren bir e\u011fitim anlay\u0131\u015f\u0131na sahiptir.<\/span><\/p><p><span style=\"font-weight: 400;\">\u00d6\u011frencilerimiz yurt i\u00e7i s\u0131nav haz\u0131rl\u0131klar\u0131n\u0131n yan\u0131 s\u0131ra uluslararas\u0131 akademik programlara ve yar\u0131\u015fmalara y\u00f6nelik \u00f6zel \u00e7al\u0131\u015fmalarla desteklenir. Problem \u00e7\u00f6zme, analitik d\u00fc\u015f\u00fcnme ve zaman y\u00f6netimi gibi beceriler sistemli bir \u015fekilde geli\u015ftirilir.<\/span><\/p><p><span style=\"font-weight: 400;\">Hedefimiz yaln\u0131zca s\u0131nav\u0131 ge\u00e7mek de\u011fil; k\u00fcresel \u00f6l\u00e7ekte rekabet edebilen, donan\u0131ml\u0131 bireyler yeti\u015ftirmektir.<\/span><\/p><p><b>Gelece\u011fe Haz\u0131rl\u0131k: Akademik ve Sosyal Geli\u015fim Birlikte<\/b><\/p><p><span style=\"font-weight: 400;\">E\u011fitim anlay\u0131\u015f\u0131m\u0131z akademik ba\u015far\u0131n\u0131n \u00f6tesine ge\u00e7er. \u00d6\u011frencilerimizi yarat\u0131c\u0131 d\u00fc\u015f\u00fcnme, liderlik, ekip \u00e7al\u0131\u015fmas\u0131 ve toplumsal fark\u0131ndal\u0131k gibi temel becerilerle destekleriz.<\/span><\/p><p><span style=\"font-weight: 400;\">Sosyal etkinlikler, proje \u00e7al\u0131\u015fmalar\u0131 ve farkl\u0131 \u00f6\u011frenme deneyimleri sayesinde \u00f6\u011frencilerimiz hem akademik hem de sosyal anlamda g\u00fc\u00e7l\u00fc bir altyap\u0131 kazan\u0131r. Amac\u0131m\u0131z; gelece\u011fe haz\u0131r, \u00f6zg\u00fcvenli ve \u00fcretken bireyler yeti\u015ftirmektir.<\/span><\/p><p><b>Aile ile G\u00fc\u00e7l\u00fc \u0130\u015f Birli\u011fi<\/b><\/p><p><span style=\"font-weight: 400;\">Ba\u015far\u0131; \u00f6\u011frenci, \u00f6\u011fretmen ve aile i\u015f birli\u011fiyle \u015fekillenir. Rota Koleji Ortaokulu olarak ailelerimizle s\u00fcrekli ve \u015feffaf bir ileti\u015fim kurar\u0131z.<\/span><\/p><p><span style=\"font-weight: 400;\">\u00d6\u011frencimizin geli\u015fim s\u00fcreci okulda oldu\u011fu kadar ev ortam\u0131nda da desteklenir. D\u00fczenli bilgilendirmeler ve geri bildirim mekanizmalar\u0131 ile e\u011fitim s\u00fcreci birlikte y\u00f6netilir.<\/span><\/p><p><span style=\"font-weight: 400;\">Birlikte att\u0131\u011f\u0131m\u0131z ad\u0131mlar, ba\u015far\u0131y\u0131 kal\u0131c\u0131 hale getirir.<\/span><\/p>\t\t\t\t\t\t\t\t<\/div>\n\t\t\t\t<\/div>\n\t\t\t\t<\/div>\n\t\t\t\t\t<\/div>\n\t\t\t\t<\/div>\n\t\t\t\t<\/div>\n\t\t<div id=\"e-n-tab-content-1681870912\" role=\"tabpanel\" aria-labelledby=\"e-n-tab-title-1681870912\" data-tab-index=\"2\" style=\"--n-tabs-title-order: 2;\" class=\" elementor-element elementor-element-ee57212 e-con-full e-flex e-con e-child\" data-id=\"ee57212\" data-element_type=\"container\" data-e-type=\"container\">\n\t\t<div class=\"elementor-element elementor-element-b453cf4 e-flex e-con-boxed e-con e-child\" data-id=\"b453cf4\" data-element_type=\"container\" data-e-type=\"container\">\n\t\t\t\t\t<div class=\"e-con-inner\">\n\t\t<div class=\"elementor-element elementor-element-8e0c49a e-con-full e-flex e-con e-child\" data-id=\"8e0c49a\" data-element_type=\"container\" data-e-type=\"container\">\n\t\t\t\t<div class=\"elementor-element elementor-element-b936090 elementor-widget elementor-widget-heading\" data-id=\"b936090\" data-element_type=\"widget\" data-e-type=\"widget\" data-widget_type=\"heading.default\">\n\t\t\t\t<div class=\"elementor-widget-container\">\n\t\t\t\t\t<h2 class=\"elementor-heading-title elementor-size-default\">\u0130lkelerimiz<\/h2>\t\t\t\t<\/div>\n\t\t\t\t<\/div>\n\t\t\t\t<div class=\"elementor-element elementor-element-9e00855 elementor-widget elementor-widget-text-editor\" data-id=\"9e00855\" data-element_type=\"widget\" data-e-type=\"widget\" data-widget_type=\"text-editor.default\">\n\t\t\t\t<div class=\"elementor-widget-container\">\n\t\t\t\t\t\t\t\t\t<ul><li style=\"font-weight: 400;\" aria-level=\"1\"><span style=\"font-weight: 400;\">Atat\u00fcrk ilke ve ink\u0131laplar\u0131na ba\u011fl\u0131, Cumhuriyet de\u011ferlerini benimseyen; \u00e7a\u011fda\u015f, bilin\u00e7li ve sorumluluk sahibi bireyler yeti\u015ftirmek.<\/span><\/li><li style=\"font-weight: 400;\" aria-level=\"1\"><span style=\"font-weight: 400;\">Milli ve manevi de\u011ferlerini korurken evrensel bak\u0131\u015f a\u00e7\u0131s\u0131n\u0131 geli\u015ftiren, k\u00fcresel geli\u015fmeleri takip eden ve uluslararas\u0131 yeterliliklere sahip \u00f6\u011frenciler yeti\u015ftirmek.<\/span><\/li><li style=\"font-weight: 400;\" aria-level=\"1\"><span style=\"font-weight: 400;\">Akademik m\u00fckemmeliyeti merkeze alan, ara\u015ft\u0131rma, sorgulama ve ele\u015ftirel d\u00fc\u015f\u00fcnme becerilerini sistematik olarak geli\u015ftiren bir e\u011fitim anlay\u0131\u015f\u0131 benimsemek.<\/span><\/li><li style=\"font-weight: 400;\" aria-level=\"1\"><span style=\"font-weight: 400;\">Bilimsel d\u00fc\u015f\u00fcnceyi, teknolojiyi ve inovasyonu destekleyerek \u00f6\u011frencilerin problem \u00e7\u00f6zme, analiz yapma ve \u00fcretme yetkinliklerini g\u00fc\u00e7lendirmek.<\/span><\/li><li style=\"font-weight: 400;\" aria-level=\"1\"><span style=\"font-weight: 400;\">Sanat, spor ve k\u00fclt\u00fcrel faaliyetleri akademik e\u011fitimle b\u00fct\u00fcnle\u015ftiren, \u00f6\u011frencilerin yeteneklerini ke\u015ffetmelerine ve geli\u015ftirmelerine imk\u00e2n sa\u011flayan zenginle\u015ftirilmi\u015f bir program uygulamak.<\/span><\/li><li style=\"font-weight: 400;\" aria-level=\"1\"><span style=\"font-weight: 400;\">Sosyal sorumluluk bilinci geli\u015fmi\u015f, ekip \u00e7al\u0131\u015fmas\u0131na yatk\u0131n, ileti\u015fim becerileri g\u00fc\u00e7l\u00fc ve toplumsal fark\u0131ndal\u0131\u011f\u0131 y\u00fcksek bireyler yeti\u015ftirmek.<\/span><\/li><li style=\"font-weight: 400;\" aria-level=\"1\"><span style=\"font-weight: 400;\">\u00d6\u011frencilerin ilgi, yetenek ve potansiyellerini erken ya\u015fta tespit ederek do\u011fru y\u00f6nlendirme yapan rehberlik odakl\u0131 bir yakla\u015f\u0131m benimsemek.<\/span><\/li><li style=\"font-weight: 400;\" aria-level=\"1\"><span style=\"font-weight: 400;\">Kendini ger\u00e7ekle\u015ftiren, \u00f6zg\u00fcveni y\u00fcksek, de\u011fer \u00fcreten ve gelece\u011fe y\u00f6n veren bireyler yeti\u015ftirmek.<\/span><\/li><\/ul>\t\t\t\t\t\t\t\t<\/div>\n\t\t\t\t<\/div>\n\t\t\t\t<\/div>\n\t\t<div class=\"elementor-element elementor-element-df5a39f e-con-full e-flex e-con e-child\" data-id=\"df5a39f\" data-element_type=\"container\" data-e-type=\"container\">\n\t\t\t\t<div class=\"elementor-element elementor-element-ef72ad5 elementor-widget elementor-widget-image\" data-id=\"ef72ad5\" data-element_type=\"widget\" data-e-type=\"widget\" data-widget_type=\"image.default\">\n\t\t\t\t<div class=\"elementor-widget-container\">\n\t\t\t\t\t\t\t\t\t\t\t\t\t\t\t<img loading=\"lazy\" decoding=\"async\" width=\"900\" height=\"600\" src=\"https:\/\/profaj.co\/rotaegitim\/wp-content\/uploads\/2025\/11\/ilkelerimiz-2.webp\" class=\"attachment-full size-full wp-image-2410\" alt=\"\" srcset=\"https:\/\/profaj.co\/rotaegitim\/wp-content\/uploads\/2025\/11\/ilkelerimiz-2.webp 900w, https:\/\/profaj.co\/rotaegitim\/wp-content\/uploads\/2025\/11\/ilkelerimiz-2-300x200.webp 300w, https:\/\/profaj.co\/rotaegitim\/wp-content\/uploads\/2025\/11\/ilkelerimiz-2-768x512.webp 768w\" sizes=\"(max-width: 900px) 100vw, 900px\" \/>\t\t\t\t\t\t\t\t\t\t\t\t\t\t\t<\/div>\n\t\t\t\t<\/div>\n\t\t\t\t<\/div>\n\t\t\t\t\t<\/div>\n\t\t\t\t<\/div>\n\t\t\t\t<\/div>\n\t\t<div id=\"e-n-tab-content-1681870913\" role=\"tabpanel\" aria-labelledby=\"e-n-tab-title-1681870913\" data-tab-index=\"3\" style=\"--n-tabs-title-order: 3;\" class=\" elementor-element elementor-element-f7f2422 e-con-full e-flex e-con e-child\" data-id=\"f7f2422\" data-element_type=\"container\" data-e-type=\"container\">\n\t\t<div class=\"elementor-element elementor-element-cd307fe e-flex e-con-boxed e-con e-child\" data-id=\"cd307fe\" data-element_type=\"container\" data-e-type=\"container\">\n\t\t\t\t\t<div class=\"e-con-inner\">\n\t\t<div class=\"elementor-element elementor-element-6d03bea e-con-full e-flex e-con e-child\" data-id=\"6d03bea\" data-element_type=\"container\" data-e-type=\"container\">\n\t\t\t\t<div class=\"elementor-element elementor-element-03cb1f4 elementor-widget elementor-widget-heading\" data-id=\"03cb1f4\" data-element_type=\"widget\" data-e-type=\"widget\" data-widget_type=\"heading.default\">\n\t\t\t\t<div class=\"elementor-widget-container\">\n\t\t\t\t\t<h2 class=\"elementor-heading-title elementor-size-default\">Hedeflerimiz<\/h2>\t\t\t\t<\/div>\n\t\t\t\t<\/div>\n\t\t\t\t<div class=\"elementor-element elementor-element-58e3066 elementor-widget elementor-widget-text-editor\" data-id=\"58e3066\" data-element_type=\"widget\" data-e-type=\"widget\" data-widget_type=\"text-editor.default\">\n\t\t\t\t<div class=\"elementor-widget-container\">\n\t\t\t\t\t\t\t\t\t<p><span style=\"font-weight: 400;\">Ortaokul kademesinde e\u011fitim anlay\u0131\u015f\u0131m\u0131z; akademik ba\u015far\u0131y\u0131 karakter geli\u015fimi ve ya\u015fam becerileri ile b\u00fct\u00fcnle\u015ftiren kurumsal bir yakla\u015f\u0131ma dayanmaktad\u0131r.<\/span><\/p><ul><li style=\"font-weight: 400;\" aria-level=\"1\"><span style=\"font-weight: 400;\">Atat\u00fcrk \u0130lke ve \u0130nk\u0131laplar\u0131 do\u011frultusunda demokrasi bilincini i\u00e7selle\u015ftiren,<\/span><\/li><li style=\"font-weight: 400;\" aria-level=\"1\"><span style=\"font-weight: 400;\">Se\u00e7me, se\u00e7ilme ve kat\u0131l\u0131m k\u00fclt\u00fcr\u00fcn\u00fc benimseyen; d\u00fc\u015f\u00fcncelerini \u00f6zg\u00fcrce ifade edebilen,<\/span><\/li><li style=\"font-weight: 400;\" aria-level=\"1\"><span style=\"font-weight: 400;\">Sevgi, sayg\u0131 ve ho\u015fg\u00f6r\u00fc de\u011ferlerini davran\u0131\u015f haline getiren,<\/span><\/li><li style=\"font-weight: 400;\" aria-level=\"1\"><span style=\"font-weight: 400;\">\u0130\u015f birli\u011fi yapabilen, etkili ileti\u015fim kuran ve tak\u0131m ruhuyla hareket eden,<\/span><\/li><li style=\"font-weight: 400;\" aria-level=\"1\"><span style=\"font-weight: 400;\">Ele\u015ftirel d\u00fc\u015f\u00fcnen, analiz edebilen ve \u00e7\u00f6z\u00fcm odakl\u0131 yakla\u015f\u0131m geli\u015ftiren,<\/span><\/li><li style=\"font-weight: 400;\" aria-level=\"1\"><span style=\"font-weight: 400;\">Sorumluluk bilinci y\u00fcksek, akademik disipline sahip,<\/span><\/li><li style=\"font-weight: 400;\" aria-level=\"1\"><span style=\"font-weight: 400;\">Problem \u00e7\u00f6zme becerisini g\u00fcnl\u00fck ya\u015fam\u0131na aktarabilen,<\/span><\/li><li style=\"font-weight: 400;\" aria-level=\"1\"><span style=\"font-weight: 400;\">Giri\u015fimci, yenilik\u00e7i ve farkl\u0131 bak\u0131\u015f a\u00e7\u0131lar\u0131 geli\u015ftirebilen,<\/span><\/li><li style=\"font-weight: 400;\" aria-level=\"1\"><span style=\"font-weight: 400;\">Bilimsel y\u00f6ntemleri ve \u00e7a\u011fda\u015f e\u011fitim yakla\u015f\u0131mlar\u0131n\u0131 rehber edinen,<\/span><\/li><li style=\"font-weight: 400;\" aria-level=\"1\"><span style=\"font-weight: 400;\">Dijital okuryazarl\u0131k ve teknolojiyi etkin kullanabilen, g\u00fc\u00e7l\u00fc ve donan\u0131ml\u0131 bireyler yeti\u015ftirmeyi hedefler.<\/span><\/li><\/ul>\t\t\t\t\t\t\t\t<\/div>\n\t\t\t\t<\/div>\n\t\t\t\t<\/div>\n\t\t<div class=\"elementor-element elementor-element-2f51e0e e-con-full e-flex e-con e-child\" data-id=\"2f51e0e\" data-element_type=\"container\" data-e-type=\"container\">\n\t\t\t\t<div class=\"elementor-element elementor-element-410c706 elementor-widget elementor-widget-image\" data-id=\"410c706\" data-element_type=\"widget\" data-e-type=\"widget\" data-widget_type=\"image.default\">\n\t\t\t\t<div class=\"elementor-widget-container\">\n\t\t\t\t\t\t\t\t\t\t\t\t\t\t\t<img loading=\"lazy\" decoding=\"async\" width=\"900\" height=\"600\" src=\"https:\/\/profaj.co\/rotaegitim\/wp-content\/uploads\/2025\/11\/hedeflerimiz-1.webp\" class=\"attachment-full size-full wp-image-2412\" alt=\"\" srcset=\"https:\/\/profaj.co\/rotaegitim\/wp-content\/uploads\/2025\/11\/hedeflerimiz-1.webp 900w, https:\/\/profaj.co\/rotaegitim\/wp-content\/uploads\/2025\/11\/hedeflerimiz-1-300x200.webp 300w, https:\/\/profaj.co\/rotaegitim\/wp-content\/uploads\/2025\/11\/hedeflerimiz-1-768x512.webp 768w\" sizes=\"(max-width: 900px) 100vw, 900px\" \/>\t\t\t\t\t\t\t\t\t\t\t\t\t\t\t<\/div>\n\t\t\t\t<\/div>\n\t\t\t\t<\/div>\n\t\t\t\t\t<\/div>\n\t\t\t\t<\/div>\n\t\t\t\t<\/div>\n\t\t<div id=\"e-n-tab-content-1681870914\" role=\"tabpanel\" aria-labelledby=\"e-n-tab-title-1681870914\" data-tab-index=\"4\" style=\"--n-tabs-title-order: 4;\" class=\" elementor-element elementor-element-44f646c e-con-full e-flex e-con e-child\" data-id=\"44f646c\" data-element_type=\"container\" data-e-type=\"container\">\n\t\t<div class=\"elementor-element elementor-element-38bafb5 e-flex e-con-boxed e-con e-child\" data-id=\"38bafb5\" data-element_type=\"container\" data-e-type=\"container\">\n\t\t\t\t\t<div class=\"e-con-inner\">\n\t\t<div class=\"elementor-element elementor-element-d94bfd4 e-con-full e-flex e-con e-child\" data-id=\"d94bfd4\" data-element_type=\"container\" data-e-type=\"container\">\n\t\t\t\t<div class=\"elementor-element elementor-element-4aaed55 elementor-widget elementor-widget-heading\" data-id=\"4aaed55\" data-element_type=\"widget\" data-e-type=\"widget\" data-widget_type=\"heading.default\">\n\t\t\t\t<div class=\"elementor-widget-container\">\n\t\t\t\t\t<h2 class=\"elementor-heading-title elementor-size-default\">Ortaokulda Ya\u015fam<\/h2>\t\t\t\t<\/div>\n\t\t\t\t<\/div>\n\t\t\t\t<div class=\"elementor-element elementor-element-11e9590 elementor-widget elementor-widget-text-editor\" data-id=\"11e9590\" data-element_type=\"widget\" data-e-type=\"widget\" data-widget_type=\"text-editor.default\">\n\t\t\t\t<div class=\"elementor-widget-container\">\n\t\t\t\t\t\t\t\t\t<ul><li style=\"font-weight: 400;\" aria-level=\"1\"><span style=\"font-weight: 400;\">\u00d6zel Rota Ortaokulu\u2019nda \u00f6\u011frencilerimizin g\u00fcn\u00fc planl\u0131, g\u00fcvenli ve akademik odakl\u0131 bir sistemle y\u00fcr\u00fct\u00fcl\u00fcr. \u00d6\u011frencilerimiz saat <\/span><b>08.00\u2019den itibaren<\/b><span style=\"font-weight: 400;\"> n\u00f6bet\u00e7i \u00f6\u011fretmenlerimiz taraf\u0131ndan okul giri\u015finde kar\u015f\u0131lan\u0131r ve g\u00fcvenli \u015fekilde s\u0131n\u0131flar\u0131na y\u00f6nlendirilir. Bu s\u00fcre\u00e7, \u00f6\u011frencilerin g\u00fcne d\u00fczenli bir ba\u015flang\u0131\u00e7 yapmas\u0131n\u0131 ve ders \u00f6ncesi haz\u0131rl\u0131klar\u0131n\u0131 tamamlamas\u0131n\u0131 sa\u011flar. Saat <\/span><b>09.00\u2019a kadar<\/b><span style=\"font-weight: 400;\"> \u00f6\u011frencilerimiz akademik g\u00fcne haz\u0131r hale gelir.<\/span><\/li><li style=\"font-weight: 400;\" aria-level=\"1\"><span style=\"font-weight: 400;\">Dersler saat <\/span><b>09.00\u2019da<\/b><span style=\"font-weight: 400;\"> ba\u015flar ve g\u00fcn boyunca belirlenen zaman \u00e7izelgesine uygun \u015fekilde y\u00fcr\u00fct\u00fcl\u00fcr. E\u011fitim s\u00fcrecimiz planl\u0131, disiplinli ve verim odakl\u0131d\u0131r. G\u00fcnl\u00fck e\u011fitim program\u0131m\u0131z saat <\/span><b>16.20\u2019de<\/b><span style=\"font-weight: 400;\"> sona erer.<\/span><\/li><li style=\"font-weight: 400;\" aria-level=\"1\"><span style=\"font-weight: 400;\">\u00d6\u011frencilerimiz haftan\u0131n 5 g\u00fcn\u00fc, g\u00fcnde <\/span><b>8 saat<\/b><span style=\"font-weight: 400;\"> ders alarak toplamda <\/span><b>40 saatlik haftal\u0131k akademik program<\/b><span style=\"font-weight: 400;\"> ile e\u011fitim g\u00f6r\u00fcrler. Ders program\u0131m\u0131z; temel bilimler, matematiksel ve analitik d\u00fc\u015f\u00fcnme becerileri, yabanc\u0131 diller, spor ve sanat alanlar\u0131n\u0131 dengeli bi\u00e7imde i\u00e7erecek \u015fekilde haz\u0131rlanm\u0131\u015ft\u0131r. Bu yap\u0131, \u00f6\u011frencilerimizin akademik ba\u015far\u0131lar\u0131n\u0131n yan\u0131 s\u0131ra sosyal, fiziksel ve k\u00fclt\u00fcrel geli\u015fimlerini de desteklemeyi hedefler.<\/span><\/li><\/ul>\t\t\t\t\t\t\t\t<\/div>\n\t\t\t\t<\/div>\n\t\t\t\t<\/div>\n\t\t<div class=\"elementor-element elementor-element-28686ce e-con-full e-flex e-con e-child\" data-id=\"28686ce\" data-element_type=\"container\" data-e-type=\"container\">\n\t\t\t\t<div class=\"elementor-element elementor-element-8f5c9b6 elementor-widget elementor-widget-image\" data-id=\"8f5c9b6\" data-element_type=\"widget\" data-e-type=\"widget\" data-widget_type=\"image.default\">\n\t\t\t\t<div class=\"elementor-widget-container\">\n\t\t\t\t\t\t\t\t\t\t\t\t\t\t\t<img loading=\"lazy\" decoding=\"async\" width=\"900\" height=\"600\" src=\"https:\/\/profaj.co\/rotaegitim\/wp-content\/uploads\/2025\/11\/ortaokulda-yasam.webp\" class=\"attachment-full size-full wp-image-2414\" alt=\"\" srcset=\"https:\/\/profaj.co\/rotaegitim\/wp-content\/uploads\/2025\/11\/ortaokulda-yasam.webp 900w, https:\/\/profaj.co\/rotaegitim\/wp-content\/uploads\/2025\/11\/ortaokulda-yasam-300x200.webp 300w, https:\/\/profaj.co\/rotaegitim\/wp-content\/uploads\/2025\/11\/ortaokulda-yasam-768x512.webp 768w\" sizes=\"(max-width: 900px) 100vw, 900px\" \/>\t\t\t\t\t\t\t\t\t\t\t\t\t\t\t<\/div>\n\t\t\t\t<\/div>\n\t\t\t\t<\/div>\n\t\t\t\t\t<\/div>\n\t\t\t\t<\/div>\n\t\t<div class=\"elementor-element elementor-element-eff7c49 e-flex e-con-boxed e-con e-child\" data-id=\"eff7c49\" data-element_type=\"container\" data-e-type=\"container\">\n\t\t\t\t\t<div class=\"e-con-inner\">\n\t\t<div class=\"elementor-element elementor-element-dd31e17 e-con-full e-flex e-con e-child\" data-id=\"dd31e17\" data-element_type=\"container\" data-e-type=\"container\">\n\t\t\t\t<div class=\"elementor-element elementor-element-8368016 elementor-widget elementor-widget-text-editor\" data-id=\"8368016\" data-element_type=\"widget\" data-e-type=\"widget\" data-widget_type=\"text-editor.default\">\n\t\t\t\t<div class=\"elementor-widget-container\">\n\t\t\t\t\t\t\t\t\t<ul><li><span style=\"font-weight: 400;\">Saat <\/span><b>13.00 \u2013 13.40<\/b><span style=\"font-weight: 400;\"> aras\u0131 \u00f6\u011fle yeme\u011fi saatidir ve ayn\u0131 zamanda <\/span><b>uzun teneff\u00fcs<\/b><span style=\"font-weight: 400;\"> olarak planlanm\u0131\u015ft\u0131r. \u00d6\u011frencilerimiz bu s\u00fcrede yemeklerini yer, dinlenir ve g\u00fcn\u00fcn ikinci b\u00f6l\u00fcm\u00fcne daha enerjik \u015fekilde devam eder.<\/span><\/li><li><span style=\"font-weight: 400;\">Ders aralar\u0131nda \u00f6\u011frencilerimiz okul bah\u00e7esi ve a\u00e7\u0131k alanlardan faydalanabilir, kantin imk\u00e2nlar\u0131n\u0131 kullanabilir ve g\u00fcvenli dinlenme alanlar\u0131nda vakit ge\u00e7irebilirler.<\/span><\/li><li><b>Et\u00fct ve Ek Ders \u00c7al\u0131\u015fmalar\u0131<\/b><\/li><li><span style=\"font-weight: 400;\">Hafta i\u00e7i ve hafta sonu ihtiya\u00e7 do\u011frultusunda <\/span><b>ek ders ve et\u00fct \u00e7al\u0131\u015fmalar\u0131<\/b><span style=\"font-weight: 400;\"> planlan\u0131r. Bu \u00e7al\u0131\u015fmalar \u00f6\u011frencilerimizin akademik geli\u015fimini desteklemek ve eksik kazan\u0131mlar\u0131 tamamlamak amac\u0131yla organize edilir. Planlamalar <\/span><b>haftal\u0131k olarak haz\u0131rlan\u0131r ve velilerimize d\u00fczenli \u015fekilde duyurulur.<\/b><\/li><li><span style=\"font-weight: 400;\">Saat <\/span><b>16.30 \u2013 18.00<\/b><span style=\"font-weight: 400;\"> aras\u0131nda <\/span><b>Sanat ve Spor Okullar\u0131m\u0131z<\/b><span style=\"font-weight: 400;\"> devreye girer. Bu program kapsam\u0131nda \u00f6\u011frencilerimiz, arzu ettikleri bran\u015fta kay\u0131t yapt\u0131rarak yeteneklerini geli\u015ftirme ve ilgilendikleri alanda uzmanla\u015fma f\u0131rsat\u0131 bulur. Profesyonel e\u011fitmenler e\u015fli\u011finde y\u00fcr\u00fct\u00fclen bu s\u00fcre\u00e7, \u00f6\u011frencilerimizin akademik geli\u015fimini destekleyen g\u00fc\u00e7l\u00fc bir tamamlay\u0131c\u0131 programd\u0131r.<\/span><\/li><li style=\"list-style-type: none;\">\u00a0<\/li><\/ul><p><span style=\"font-weight: 400;\">Okul \u00e7\u0131k\u0131\u015f s\u00fcrecinde servis kullanan \u00f6\u011frencilerimiz <\/span><b>16.20 sonras\u0131nda<\/b><span style=\"font-weight: 400;\"> g\u00fcvenli ve kontroll\u00fc \u015fekilde servis alan\u0131na y\u00f6nlendirilir. Servis kullanmayan \u00f6\u011frencilerimiz ise ilgili g\u00f6revliler taraf\u0131ndan velilerine g\u00fcvenli bi\u00e7imde teslim edilir. T\u00fcm s\u00fcre\u00e7ler \u00f6\u011frenci g\u00fcvenli\u011fi esas al\u0131narak organize edilir.<\/span><\/p>\t\t\t\t\t\t\t\t<\/div>\n\t\t\t\t<\/div>\n\t\t\t\t<\/div>\n\t\t\t\t\t<\/div>\n\t\t\t\t<\/div>\n\t\t\t\t<\/div>\n\t\t<div id=\"e-n-tab-content-1681870915\" role=\"tabpanel\" aria-labelledby=\"e-n-tab-title-1681870915\" data-tab-index=\"5\" style=\"--n-tabs-title-order: 5;\" class=\" elementor-element elementor-element-99a6459 e-con-full e-flex e-con e-child\" data-id=\"99a6459\" data-element_type=\"container\" data-e-type=\"container\">\n\t\t<div class=\"elementor-element elementor-element-2d06a86 e-flex e-con-boxed e-con e-child\" data-id=\"2d06a86\" data-element_type=\"container\" data-e-type=\"container\">\n\t\t\t\t\t<div class=\"e-con-inner\">\n\t\t<div class=\"elementor-element elementor-element-29130ce e-con-full e-flex e-con e-child\" data-id=\"29130ce\" data-element_type=\"container\" data-e-type=\"container\">\n\t\t\t\t<div class=\"elementor-element elementor-element-c64f1a8 elementor-widget elementor-widget-heading\" data-id=\"c64f1a8\" data-element_type=\"widget\" data-e-type=\"widget\" data-widget_type=\"heading.default\">\n\t\t\t\t<div class=\"elementor-widget-container\">\n\t\t\t\t\t<h2 class=\"elementor-heading-title elementor-size-default\">BRAN\u015eLAR<\/h2>\t\t\t\t<\/div>\n\t\t\t\t<\/div>\n\t\t\t\t<div class=\"elementor-element elementor-element-83b0cf3 elementor-widget elementor-widget-text-editor\" data-id=\"83b0cf3\" data-element_type=\"widget\" data-e-type=\"widget\" data-widget_type=\"text-editor.default\">\n\t\t\t\t<div class=\"elementor-widget-container\">\n\t\t\t\t\t\t\t\t\t<p><span style=\"font-weight: 400;\">Rota Koleji Ortaokulu olarak, \u00f6\u011frencilerimize akademik bilgilerin yan\u0131 s\u0131ra ya\u015fam becerilerini kazand\u0131rmay\u0131 da ama\u00e7l\u0131yoruz. Her ders, \u00f6\u011frencilerin geli\u015fimine katk\u0131 sa\u011flayacak \u015fekilde tasarlanm\u0131\u015ft\u0131r:<\/span><\/p><ul><li style=\"font-weight: 400;\" aria-level=\"1\"><b>T\u00fcrk\u00e7e<\/b><span style=\"font-weight: 400;\"><br \/><\/span><span style=\"font-weight: 400;\">T\u00fcrk\u00e7e dersi, dil bilgisi, edebiyat ve yaz\u0131l\u0131 anlat\u0131m becerilerini geli\u015ftirmeyi hedefler. \u00d6\u011frenciler, okuma ve yazma becerileriyle dilin kurallar\u0131n\u0131 ve zenginli\u011fini \u00f6\u011frenirken, ele\u015ftirel d\u00fc\u015f\u00fcnme becerileri de kazan\u0131rlar.<\/span><\/li><li style=\"font-weight: 400;\" aria-level=\"1\"><b>Matematik<\/b><span style=\"font-weight: 400;\"><br \/><\/span><span style=\"font-weight: 400;\">Matematik dersi, problem \u00e7\u00f6zme, mant\u0131kl\u0131 d\u00fc\u015f\u00fcnme ve say\u0131larla ili\u015fkili becerilerin geli\u015ftirilmesine odaklan\u0131r. \u00d6\u011frenciler, say\u0131lar\u0131n ve matematiksel kavramlar\u0131n pratikte nas\u0131l kullan\u0131laca\u011f\u0131n\u0131 \u00f6\u011frenir, analitik d\u00fc\u015f\u00fcnme becerilerini peki\u015ftirirler.<\/span><\/li><\/ul><p><b>Fen Bilimleri<\/b><span style=\"font-weight: 400;\"><br \/><\/span><span style=\"font-weight: 400;\">Fen Bilimleri dersi, do\u011fa olaylar\u0131n\u0131 anlamaya y\u00f6nelik bilimsel bak\u0131\u015f a\u00e7\u0131lar\u0131 geli\u015ftirmeyi ama\u00e7lar. \u00d6\u011frenciler, fizik, kimya, biyoloji gibi temel alanlarda deneyler yaparak bilimsel d\u00fc\u015f\u00fcnme ve ara\u015ft\u0131rma becerilerini kazan\u0131rlar.<\/span><\/p>\t\t\t\t\t\t\t\t<\/div>\n\t\t\t\t<\/div>\n\t\t\t\t<\/div>\n\t\t<div class=\"elementor-element elementor-element-71ec6a8 e-con-full e-flex e-con e-child\" data-id=\"71ec6a8\" data-element_type=\"container\" data-e-type=\"container\">\n\t\t\t\t<div class=\"elementor-element elementor-element-ee970bf elementor-widget elementor-widget-image\" data-id=\"ee970bf\" data-element_type=\"widget\" data-e-type=\"widget\" data-widget_type=\"image.default\">\n\t\t\t\t<div class=\"elementor-widget-container\">\n\t\t\t\t\t\t\t\t\t\t\t\t\t\t\t<img loading=\"lazy\" decoding=\"async\" width=\"900\" height=\"600\" src=\"https:\/\/profaj.co\/rotaegitim\/wp-content\/uploads\/2025\/11\/brans-dersleri-3.webp\" class=\"attachment-full size-full wp-image-2780\" alt=\"\" srcset=\"https:\/\/profaj.co\/rotaegitim\/wp-content\/uploads\/2025\/11\/brans-dersleri-3.webp 900w, https:\/\/profaj.co\/rotaegitim\/wp-content\/uploads\/2025\/11\/brans-dersleri-3-300x200.webp 300w, https:\/\/profaj.co\/rotaegitim\/wp-content\/uploads\/2025\/11\/brans-dersleri-3-768x512.webp 768w\" sizes=\"(max-width: 900px) 100vw, 900px\" \/>\t\t\t\t\t\t\t\t\t\t\t\t\t\t\t<\/div>\n\t\t\t\t<\/div>\n\t\t\t\t<\/div>\n\t\t\t\t\t<\/div>\n\t\t\t\t<\/div>\n\t\t<div class=\"elementor-element elementor-element-f08414d e-flex e-con-boxed e-con e-child\" data-id=\"f08414d\" data-element_type=\"container\" data-e-type=\"container\">\n\t\t\t\t\t<div class=\"e-con-inner\">\n\t\t<div class=\"elementor-element elementor-element-a5cac52 e-con-full e-flex e-con e-child\" data-id=\"a5cac52\" data-element_type=\"container\" data-e-type=\"container\">\n\t\t\t\t<div class=\"elementor-element elementor-element-2e306ae elementor-widget elementor-widget-text-editor\" data-id=\"2e306ae\" data-element_type=\"widget\" data-e-type=\"widget\" data-widget_type=\"text-editor.default\">\n\t\t\t\t<div class=\"elementor-widget-container\">\n\t\t\t\t\t\t\t\t\t<ul><li style=\"font-weight: 400;\" aria-level=\"1\"><b>Sosyal Bilgiler<\/b><span style=\"font-weight: 400;\"><br \/><\/span><span style=\"font-weight: 400;\">Sosyal Bilgiler dersinde \u00f6\u011frenciler, tarih, co\u011frafya ve toplum bilimleri ile ilgili temel bilgiler edinir. Bu ders, toplumlar aras\u0131ndaki ili\u015fkileri, k\u00fclt\u00fcrel \u00e7e\u015fitlili\u011fi ve tarihsel s\u00fcre\u00e7leri anlamalar\u0131na yard\u0131mc\u0131 olur.<\/span><\/li><li style=\"font-weight: 400;\" aria-level=\"1\"><b>\u0130ngilizce<\/b><span style=\"font-weight: 400;\"><br \/><\/span><span style=\"font-weight: 400;\">\u0130ngilizce dersi, \u00f6\u011frencilerin dil becerilerini geli\u015ftirmeye y\u00f6nelik olarak, hem yaz\u0131l\u0131 hem s\u00f6zl\u00fc ileti\u015fimde yeterlilik kazanmalar\u0131n\u0131 sa\u011flar. G\u00fcnl\u00fck dilde ileti\u015fim kurabilme, okuma, yazma ve dinleme becerilerini geli\u015ftiren dinamik dersler i\u015flenir.<\/span><\/li><li style=\"font-weight: 400;\" aria-level=\"1\"><b>\u0130spanyolca<\/b><span style=\"font-weight: 400;\"><br \/><\/span><span style=\"font-weight: 400;\">\u0130spanyolca, d\u00fcnya \u00e7ap\u0131nda yayg\u0131n bir dil olarak \u00f6\u011frencilerin farkl\u0131 k\u00fclt\u00fcrleri tan\u0131malar\u0131na yard\u0131mc\u0131 olur. Temel dil bilgisi ve ileti\u015fim becerileri kazand\u0131r\u0131larak, ikinci yabanc\u0131 dilde etkin ileti\u015fim kurma becerisi geli\u015ftirilir.<\/span><\/li><li style=\"font-weight: 400;\" aria-level=\"1\"><b>Beden E\u011fitimi ve Y\u00fczme<\/b><span style=\"font-weight: 400;\"><br \/><\/span><span style=\"font-weight: 400;\">Beden E\u011fitimi, \u00f6\u011frencilerin fiziksel sa\u011fl\u0131klar\u0131n\u0131 korurken, tak\u0131m \u00e7al\u0131\u015fmas\u0131 ve disiplin gibi sosyal beceriler de kazanmalar\u0131n\u0131 sa\u011flar. Y\u00fczme dersi, \u00f6\u011frencilerin su g\u00fcvenli\u011fi ve y\u00fczme becerilerini geli\u015ftirerek, bedensel geli\u015fimlerini destekler.<\/span><\/li><li style=\"font-weight: 400;\" aria-level=\"1\"><b>G\u00f6rsel Sanatlar<\/b><span style=\"font-weight: 400;\"><br \/><\/span><span style=\"font-weight: 400;\">G\u00f6rsel Sanatlar dersi, \u00f6\u011frencilerin yarat\u0131c\u0131 d\u00fc\u015f\u00fcnme ve kendilerini ifade etme becerilerini geli\u015ftirir. Resim, heykel ve di\u011fer sanat dallar\u0131yla \u00f6\u011frenciler, sanatsal yeteneklerini ke\u015ffeder ve estetik de\u011ferleri anlama becerisi kazan\u0131rlar.<\/span><\/li><li style=\"font-weight: 400;\" aria-level=\"1\"><b>M\u00fczik<\/b><span style=\"font-weight: 400;\"><br \/><\/span><span style=\"font-weight: 400;\">M\u00fczik dersi, \u00f6\u011frencilerin ritim, melodi ve enstr\u00fcman kullanma becerilerini geli\u015ftirmeye y\u00f6nelik dersler sunar. M\u00fczik, \u00f6\u011frencilerin duygusal ve sosyal zek\u00e2lar\u0131n\u0131 art\u0131r\u0131rken, tak\u0131m \u00e7al\u0131\u015fmas\u0131 ve \u00f6zg\u00fcvenlerini peki\u015ftirir.<\/span><\/li><li style=\"font-weight: 400;\" aria-level=\"1\"><b>Rehberlik<\/b><span style=\"font-weight: 400;\"><br \/><\/span><span style=\"font-weight: 400;\">Rehberlik derslerinde \u00f6\u011frenciler, ki\u015fisel geli\u015fim, stresle ba\u015fa \u00e7\u0131kma, arkada\u015f ili\u015fkileri ve kariyer planlamas\u0131 gibi konularda destek al\u0131rlar. Bu ders, \u00f6\u011frencilerin kendilerini tan\u0131malar\u0131n\u0131 ve sa\u011fl\u0131kl\u0131 bir birey olarak geli\u015fimlerini sa\u011flar.<\/span><\/li><\/ul><ul><li style=\"font-weight: 400;\" aria-level=\"1\"><b>Bili\u015fim Teknolojileri ve Yaz\u0131l\u0131m<\/b><span style=\"font-weight: 400;\"><br \/><\/span><span style=\"font-weight: 400;\">Bili\u015fim Teknolojileri ve Yaz\u0131l\u0131m dersi, \u00f6\u011frencilerin dijital d\u00fcnyaya uyum sa\u011flamalar\u0131n\u0131 ve teknolojiyle etkili bir \u015fekilde ileti\u015fim kurmalar\u0131n\u0131 sa\u011flar. Yaz\u0131l\u0131m geli\u015ftirme, kodlama ve problem \u00e7\u00f6zme becerileri kazan\u0131rlar.<\/span><\/li><li style=\"font-weight: 400;\" aria-level=\"1\"><b>Din K\u00fclt\u00fcr\u00fc ve Ahlak Bilgisi<\/b><span style=\"font-weight: 400;\"><br \/><\/span><span style=\"font-weight: 400;\">Din K\u00fclt\u00fcr\u00fc ve Ahlak Bilgisi dersi, \u00f6\u011frencilerin farkl\u0131 k\u00fclt\u00fcrler ve dini inan\u00e7lar hakk\u0131nda bilgi sahibi olmalar\u0131n\u0131 sa\u011flar. Ayr\u0131ca, etik ve ahlaki de\u011ferlerle ilgili sorumluluk bilincini geli\u015ftirir.<\/span><\/li><\/ul><p><br \/><span style=\"font-weight: 400;\">Bu dersler, Rota Koleji Ortaokulu&#8217;ndaki e\u011fitim program\u0131n\u0131n temel ta\u015flar\u0131n\u0131 olu\u015fturur. Her biri, \u00f6\u011frencilerin yaln\u0131zca akademik ba\u015far\u0131lar\u0131n\u0131 de\u011fil, ayn\u0131 zamanda sosyal ve duygusal geli\u015fimlerini desteklemeyi ama\u00e7lar. Bu \u00e7e\u015fitlilik, \u00f6\u011frencilerimizin gelecekteki hayata haz\u0131rl\u0131kl\u0131 olmalar\u0131n\u0131 sa\u011flar.<\/span><\/p>\t\t\t\t\t\t\t\t<\/div>\n\t\t\t\t<\/div>\n\t\t\t\t<\/div>\n\t\t\t\t\t<\/div>\n\t\t\t\t<\/div>\n\t\t\t\t<\/div>\n\t\t<div id=\"e-n-tab-content-1681870916\" role=\"tabpanel\" aria-labelledby=\"e-n-tab-title-1681870916\" data-tab-index=\"6\" style=\"--n-tabs-title-order: 6;\" class=\" elementor-element elementor-element-f4f42a1 e-con-full e-flex e-con e-child\" data-id=\"f4f42a1\" data-element_type=\"container\" data-e-type=\"container\">\n\t\t<div class=\"elementor-element elementor-element-7f6befd e-flex e-con-boxed e-con e-child\" data-id=\"7f6befd\" data-element_type=\"container\" data-e-type=\"container\">\n\t\t\t\t\t<div class=\"e-con-inner\">\n\t\t<div class=\"elementor-element elementor-element-53cd27b e-con-full e-flex e-con e-child\" data-id=\"53cd27b\" data-element_type=\"container\" data-e-type=\"container\">\n\t\t\t\t<div class=\"elementor-element elementor-element-174a1a7 elementor-widget elementor-widget-heading\" data-id=\"174a1a7\" data-element_type=\"widget\" data-e-type=\"widget\" data-widget_type=\"heading.default\">\n\t\t\t\t<div class=\"elementor-widget-container\">\n\t\t\t\t\t<h2 class=\"elementor-heading-title elementor-size-default\">Yabanc\u0131 Dil\n E\u011fitimi<\/h2>\t\t\t\t<\/div>\n\t\t\t\t<\/div>\n\t\t\t\t<div class=\"elementor-element elementor-element-fe7f1f7 elementor-widget elementor-widget-text-editor\" data-id=\"fe7f1f7\" data-element_type=\"widget\" data-e-type=\"widget\" data-widget_type=\"text-editor.default\">\n\t\t\t\t<div class=\"elementor-widget-container\">\n\t\t\t\t\t\t\t\t\t<p><b>\u0130ngilizce E\u011fitimi<\/b><\/p><p><span style=\"font-weight: 400;\">Okulumuzda \u0130ngilizce e\u011fitimi, yaln\u0131zca dil becerisi kazand\u0131rmay\u0131 de\u011fil; \u00f6\u011frencilerimize k\u00fcresel bak\u0131\u015f a\u00e7\u0131s\u0131, g\u00fc\u00e7l\u00fc ileti\u015fim yetkinli\u011fi ve uluslararas\u0131 fark\u0131ndal\u0131k kazand\u0131rmay\u0131 hedefler. \u0130ngilizce, e\u011fitim modelimizin temelini olu\u015fturarak \u00f6\u011frencilerimizi gelece\u011fin d\u00fcnyas\u0131na haz\u0131rlar.<\/span><\/p><p><span style=\"font-weight: 400;\">\u0130ngilizce e\u011fitimi Anas\u0131n\u0131f\u0131ndan 8. s\u0131n\u0131fa kadar t\u00fcm kademelerde sistemli ve s\u00fcreklilik esas\u0131na dayal\u0131 olarak uygulanmaktad\u0131r. \u00d6\u011frencilerimizin dinleme, konu\u015fma, okuma ve yazma becerileri b\u00fct\u00fcnc\u00fcl bir yakla\u015f\u0131mla geli\u015ftirilir. G\u00fcnl\u00fck ya\u015famla ili\u015fkilendirilen etkinlikler sayesinde dil, s\u0131n\u0131f ortam\u0131n\u0131n \u00f6tesine ta\u015f\u0131narak aktif kullan\u0131m becerisine d\u00f6n\u00fc\u015ft\u00fcr\u00fcl\u00fcr.<\/span><\/p><p><span style=\"font-weight: 400;\">Geleneksel y\u00f6ntemlerin \u00f6tesinde, ger\u00e7ek ya\u015fam senaryolar\u0131na dayal\u0131 uygulamal\u0131 \u00f6\u011frenme modeli benimsenir. B\u00f6ylece \u00f6\u011frencilerimiz dili yaln\u0131zca kuramsal olarak de\u011fil, ileti\u015fim arac\u0131 olarak etkin ve \u00f6zg\u00fcvenli \u015fekilde kullanmay\u0131 \u00f6\u011frenir.<\/span><\/p>\t\t\t\t\t\t\t\t<\/div>\n\t\t\t\t<\/div>\n\t\t\t\t<\/div>\n\t\t<div class=\"elementor-element elementor-element-784aff2 e-con-full e-flex e-con e-child\" data-id=\"784aff2\" data-element_type=\"container\" data-e-type=\"container\">\n\t\t\t\t<div class=\"elementor-element elementor-element-9ced263 elementor-widget elementor-widget-image\" data-id=\"9ced263\" data-element_type=\"widget\" data-e-type=\"widget\" data-widget_type=\"image.default\">\n\t\t\t\t<div class=\"elementor-widget-container\">\n\t\t\t\t\t\t\t\t\t\t\t\t\t\t\t<img loading=\"lazy\" decoding=\"async\" width=\"900\" height=\"600\" src=\"https:\/\/profaj.co\/rotaegitim\/wp-content\/uploads\/2025\/11\/yabanci-dil-2.webp\" class=\"attachment-full size-full wp-image-2416\" alt=\"\" srcset=\"https:\/\/profaj.co\/rotaegitim\/wp-content\/uploads\/2025\/11\/yabanci-dil-2.webp 900w, https:\/\/profaj.co\/rotaegitim\/wp-content\/uploads\/2025\/11\/yabanci-dil-2-300x200.webp 300w, https:\/\/profaj.co\/rotaegitim\/wp-content\/uploads\/2025\/11\/yabanci-dil-2-768x512.webp 768w\" sizes=\"(max-width: 900px) 100vw, 900px\" \/>\t\t\t\t\t\t\t\t\t\t\t\t\t\t\t<\/div>\n\t\t\t\t<\/div>\n\t\t\t\t<\/div>\n\t\t\t\t\t<\/div>\n\t\t\t\t<\/div>\n\t\t<div class=\"elementor-element elementor-element-b3f75ca e-flex e-con-boxed e-con e-child\" data-id=\"b3f75ca\" data-element_type=\"container\" data-e-type=\"container\">\n\t\t\t\t\t<div class=\"e-con-inner\">\n\t\t<div class=\"elementor-element elementor-element-76567ab e-con-full e-flex e-con e-child\" data-id=\"76567ab\" data-element_type=\"container\" data-e-type=\"container\">\n\t\t\t\t<div class=\"elementor-element elementor-element-05685f8 elementor-widget elementor-widget-text-editor\" data-id=\"05685f8\" data-element_type=\"widget\" data-e-type=\"widget\" data-widget_type=\"text-editor.default\">\n\t\t\t\t<div class=\"elementor-widget-container\">\n\t\t\t\t\t\t\t\t\t<p><b>\u0130ki A\u015famal\u0131 Dil E\u011fitim Modeli<\/b><\/p><ol><li><b> Main Course (Ana Ders)<\/b><\/li><\/ol><p><span style=\"font-weight: 400;\">Dil bilgisinin temellerinin olu\u015fturuldu\u011fu, yap\u0131lar\u0131n sistemli \u015fekilde \u00f6\u011fretildi\u011fi ve akademik altyap\u0131n\u0131n g\u00fc\u00e7lendirildi\u011fi ders s\u00fcrecidir.<\/span><\/p><ol start=\"2\"><li><b> Skills (Beceri Dersleri)<\/b><\/li><\/ol><p><span style=\"font-weight: 400;\">Okuma, yazma, dinleme ve konu\u015fma becerilerinin uygulamal\u0131 \u00e7al\u0131\u015fmalarla geli\u015ftirildi\u011fi; ileti\u015fim odakl\u0131 etkinliklerin \u00f6n planda oldu\u011fu derslerdir. \u00d6\u011frenciler dili aktif kullanarak kendilerini ifade etme yetkinli\u011fi kazan\u0131r.<\/span><\/p><p><b>Oxford Yay\u0131nlar\u0131 &amp; Yo\u011funla\u015ft\u0131r\u0131lm\u0131\u015f Program (Haftal\u0131k 12 Saat)<\/b><\/p><p><span style=\"font-weight: 400;\">Ortaokul kademesinde program\u0131m\u0131z <\/span><b>Oxford Yay\u0131nlar\u0131<\/b><span style=\"font-weight: 400;\"> materyalleri ve dijital platformlar\u0131 ile desteklenmektedir. Haftal\u0131k <\/span><b>12 saat \u0130ngilizce e\u011fitimi<\/b><span style=\"font-weight: 400;\"> uygulanarak \u00f6\u011frencilerin dile yo\u011fun maruz kalmas\u0131 ve aktif kullan\u0131m becerilerinin g\u00fc\u00e7lenmesi sa\u011flan\u0131r.<\/span><\/p><p><span style=\"font-weight: 400;\">Bu s\u00fcre\u00e7te:<\/span><\/p><ul><li style=\"font-weight: 400;\" aria-level=\"1\"><span style=\"font-weight: 400;\">Akademik kazan\u0131mlar sistemli \u015fekilde ilerler,<\/span><\/li><li style=\"font-weight: 400;\" aria-level=\"1\"><span style=\"font-weight: 400;\">Kelime bilgisi ve dil bilgisi yap\u0131lar\u0131 peki\u015ftirilir,<\/span><\/li><li style=\"font-weight: 400;\" aria-level=\"1\"><span style=\"font-weight: 400;\">Konu\u015fma odakl\u0131 etkinlikler ve rol \u00e7al\u0131\u015fmalar\u0131 yap\u0131l\u0131r,<\/span><\/li><li style=\"font-weight: 400;\" aria-level=\"1\"><span style=\"font-weight: 400;\">Dijital i\u00e7eriklerle s\u0131n\u0131f d\u0131\u015f\u0131 \u00f6\u011frenme desteklenir.<\/span><\/li><\/ul><p><span style=\"font-weight: 400;\">Program, LGS s\u00fcrecini destekleyen akademik yap\u0131 ile birlikte ileti\u015fim becerilerini e\u015f zamanl\u0131 geli\u015ftirecek \u015fekilde tasarlanm\u0131\u015ft\u0131r.<\/span><\/p><p><b>Oxford Big Read Program\u0131<\/b><\/p><p><span style=\"font-weight: 400;\">\u00d6\u011frencilerimiz, Oxford Yay\u0131nlar\u0131 kapsam\u0131nda d\u00fczenlenen <\/span><b>Oxford Big Read<\/b><span style=\"font-weight: 400;\"> program\u0131na kat\u0131l\u0131m sa\u011flamaktad\u0131r. Bu uluslararas\u0131 okuma program\u0131 sayesinde \u00f6\u011frenciler seviyelerine uygun \u0130ngilizce kitaplar okuyarak okuma, anlama ve yorumlama becerilerini geli\u015ftirir.<\/span><\/p><p><span style=\"font-weight: 400;\">Program kapsam\u0131nda \u00f6\u011frenciler:<\/span><\/p><ul><li style=\"font-weight: 400;\" aria-level=\"1\"><span style=\"font-weight: 400;\">\u0130ngilizce kitaplar\u0131 seviyelerine uygun \u015fekilde okur,<\/span><\/li><li style=\"font-weight: 400;\" aria-level=\"1\"><span style=\"font-weight: 400;\">Okudu\u011funu anlama ve analiz becerilerini geli\u015ftirir,<\/span><\/li><li style=\"font-weight: 400;\" aria-level=\"1\"><span style=\"font-weight: 400;\">Kelime da\u011farc\u0131\u011f\u0131n\u0131 zenginle\u015ftirir,<\/span><\/li><li style=\"font-weight: 400;\" aria-level=\"1\"><span style=\"font-weight: 400;\">Motivasyon temelli bir \u00f6\u011frenme deneyimi ya\u015far.<\/span><\/li><\/ul><p><span style=\"font-weight: 400;\">Oxford Big Read kat\u0131l\u0131m\u0131, \u00f6\u011frencilerimizin uluslararas\u0131 platformda deneyim kazanmas\u0131n\u0131 ve ba\u015far\u0131lar\u0131n\u0131 sertifikaland\u0131rma imk\u00e2n\u0131 ile destekler.<\/span><\/p><p><b>Cambridge S\u0131nav Haz\u0131rl\u0131k Kurslar\u0131 &amp; S\u0131nav Merkezi<\/b><\/p><p><span style=\"font-weight: 400;\">Okulumuz, \u00f6\u011frencilerimizi uluslararas\u0131 d\u00fczeyde ba\u015far\u0131ya ta\u015f\u0131yacak \u015fekilde <\/span><b>Cambridge S\u0131nav Haz\u0131rl\u0131k Programlar\u0131<\/b><span style=\"font-weight: 400;\"> uygulamakta ve ayn\u0131 zamanda <\/span><b>yetkili s\u0131nav merkezi<\/b><span style=\"font-weight: 400;\"> olarak hizmet vermektedir.<\/span><\/p><p><span style=\"font-weight: 400;\">Haz\u0131rl\u0131k s\u00fcrecinde \u00f6\u011frencilerimiz; Cambridge English s\u0131nav format\u0131na uygun \u015fekilde dinleme, konu\u015fma, okuma ve yazma becerilerini geli\u015ftirir. Deneme uygulamalar\u0131, seviye bazl\u0131 \u00e7al\u0131\u015fmalar ve s\u0131nav teknikleri e\u011fitimi ile \u00f6\u011frencilerin uluslararas\u0131 standartlarda performans g\u00f6stermeleri hedeflenir.<\/span><\/p><p><span style=\"font-weight: 400;\">Program kapsam\u0131nda:<\/span><\/p><ul><li style=\"font-weight: 400;\" aria-level=\"1\"><span style=\"font-weight: 400;\">S\u0131nav format\u0131na uygun akademik haz\u0131rl\u0131k,<\/span><\/li><li style=\"font-weight: 400;\" aria-level=\"1\"><span style=\"font-weight: 400;\">Yo\u011fun kelime ve yap\u0131 \u00e7al\u0131\u015fmalar\u0131,<\/span><\/li><li style=\"font-weight: 400;\" aria-level=\"1\"><span style=\"font-weight: 400;\">Ger\u00e7ek s\u0131nav deneyimine benzer deneme uygulamalar\u0131,<\/span><\/li><li style=\"font-weight: 400;\" aria-level=\"1\"><span style=\"font-weight: 400;\">Performans takibi ve bireysel geri bildirim s\u00fcre\u00e7leri uygulan\u0131r.<\/span><\/li><\/ul><p><span style=\"font-weight: 400;\">S\u0131nav merkezi olmam\u0131z sayesinde \u00f6\u011frencilerimiz, kendi okullar\u0131nda g\u00fcvenli ve kontroll\u00fc bir ortamda uluslararas\u0131 ge\u00e7erlili\u011fe sahip Cambridge s\u0131navlar\u0131na kat\u0131lma avantaj\u0131na sahiptir.<\/span><\/p><p><span style=\"font-weight: 400;\">Amac\u0131m\u0131z; \u0130ngilizceyi yaln\u0131zca bir ders de\u011fil, \u00f6\u011frencilerimizin akademik ve sosyal hayatlar\u0131nda g\u00fc\u00e7l\u00fc bir ileti\u015fim arac\u0131 ve uluslararas\u0131 bir ba\u015far\u0131 sertifikas\u0131na d\u00f6n\u00fc\u015ft\u00fcrmektir.<\/span><\/p><p><b>\u0130spanyolca \u2013 \u0130kinci Yabanc\u0131 Dil Program\u0131\u00a0<\/b><\/p><p><span style=\"font-weight: 400;\">Ortaokul kadememizde \u00f6\u011frencilerimize, k\u00fcresel ileti\u015fim becerilerini g\u00fc\u00e7lendirmek ve farkl\u0131 k\u00fclt\u00fcrleri tan\u0131malar\u0131n\u0131 sa\u011flamak amac\u0131yla <\/span><b>\u0130spanyolca ikinci yabanc\u0131 dil e\u011fitimi<\/b><span style=\"font-weight: 400;\"> sunulmaktad\u0131r.<\/span><\/p><p><span style=\"font-weight: 400;\">Program\u0131m\u0131z haftada <\/span><b>1 ders saati<\/b><span style=\"font-weight: 400;\"> olarak uygulanmakta; temel d\u00fczeyde okuma, yazma, dinleme ve konu\u015fma becerilerinin kazand\u0131r\u0131lmas\u0131na odaklanmaktad\u0131r. \u00d6\u011frencilerimiz g\u00fcnl\u00fck hayatta kullan\u0131labilecek temel ifadeleri \u00f6\u011frenirken, ayn\u0131 zamanda \u0130spanyol k\u00fclt\u00fcr\u00fc ile tan\u0131\u015farak dil \u00f6\u011frenimini daha anlaml\u0131 ve kal\u0131c\u0131 hale getirir.<\/span><\/p><p><span style=\"font-weight: 400;\">E\u011fitim s\u00fcrecimiz; etkile\u015fimli etkinlikler, dijital destekli uygulamalar ve ileti\u015fim odakl\u0131 s\u0131n\u0131f i\u00e7i \u00e7al\u0131\u015fmalarla desteklenmektedir. B\u00f6ylece \u00f6\u011frencilerimiz, ikinci yabanc\u0131 dil fark\u0131ndal\u0131\u011f\u0131 kazanarak akademik ve sosyal geli\u015fimlerine katk\u0131 sa\u011flayan bir dil deneyimi elde eder.<\/span><\/p>\t\t\t\t\t\t\t\t<\/div>\n\t\t\t\t<\/div>\n\t\t\t\t<\/div>\n\t\t\t\t\t<\/div>\n\t\t\t\t<\/div>\n\t\t\t\t<\/div>\n\t\t<div id=\"e-n-tab-content-1681870917\" role=\"tabpanel\" aria-labelledby=\"e-n-tab-title-1681870917\" data-tab-index=\"7\" style=\"--n-tabs-title-order: 7;\" class=\" elementor-element elementor-element-60f83ca e-con-full e-flex e-con e-child\" data-id=\"60f83ca\" data-element_type=\"container\" data-e-type=\"container\">\n\t\t<div class=\"elementor-element elementor-element-2e33232 e-flex e-con-boxed e-con e-child\" data-id=\"2e33232\" data-element_type=\"container\" data-e-type=\"container\">\n\t\t\t\t\t<div class=\"e-con-inner\">\n\t\t<div class=\"elementor-element elementor-element-a4ab957 e-con-full e-flex e-con e-child\" data-id=\"a4ab957\" data-element_type=\"container\" data-e-type=\"container\">\n\t\t\t\t<div class=\"elementor-element elementor-element-0129d31 elementor-widget elementor-widget-heading\" data-id=\"0129d31\" data-element_type=\"widget\" data-e-type=\"widget\" data-widget_type=\"heading.default\">\n\t\t\t\t<div class=\"elementor-widget-container\">\n\t\t\t\t\t<h2 class=\"elementor-heading-title elementor-size-default\">Rehberlik,Psikolojik Dan\u0131\u015fman\n<\/h2>\t\t\t\t<\/div>\n\t\t\t\t<\/div>\n\t\t\t\t<div class=\"elementor-element elementor-element-3bbe033 elementor-widget elementor-widget-text-editor\" data-id=\"3bbe033\" data-element_type=\"widget\" data-e-type=\"widget\" data-widget_type=\"text-editor.default\">\n\t\t\t\t<div class=\"elementor-widget-container\">\n\t\t\t\t\t\t\t\t\t<p><span style=\"font-weight: 400;\">Okulumuzda rehberlik ve psikolojik dan\u0131\u015fmanl\u0131k hizmetleri; \u00f6\u011frencinin akademik ba\u015far\u0131s\u0131n\u0131 destekleyen, sosyal ve duygusal geli\u015fimini g\u00fc\u00e7lendiren, bireysel potansiyelini ortaya \u00e7\u0131karan sistemli ve profesyonel bir s\u00fcre\u00e7 olarak y\u00fcr\u00fct\u00fclmektedir.<\/span><\/p><p><span style=\"font-weight: 400;\">Bu hizmetler yaln\u0131zca sorun ortaya \u00e7\u0131kt\u0131\u011f\u0131nda devreye giren bir yap\u0131 de\u011fil; \u00f6\u011frencilerin geli\u015fimini ba\u015ftan planlayan, \u00f6nleyici \u00e7al\u0131\u015fmalarla riskleri azaltan ve g\u00fc\u00e7l\u00fc y\u00f6nleri geli\u015ftirmeyi hedefleyen b\u00fct\u00fcnc\u00fcl bir destek modelidir. \u00c7al\u0131\u015fmalar\u0131m\u0131z gizlilik, g\u00f6n\u00fcll\u00fcl\u00fck, bilimsel yakla\u015f\u0131m ve etik ilkeler temelinde uygulanmaktad\u0131r.<\/span><\/p><p><b>Hizmet Yakla\u015f\u0131m\u0131m\u0131z<\/b><\/p><p><span style=\"font-weight: 400;\">Rehberlik \u00e7al\u0131\u015fmalar\u0131m\u0131z \u00fc\u00e7 temel eksende y\u00fcr\u00fct\u00fclmektedir:<\/span><\/p><p><b>\u00d6nleyici \u00c7al\u0131\u015fmalar<\/b><\/p><ul><li style=\"font-weight: 400;\" aria-level=\"1\"><span style=\"font-weight: 400;\">S\u0131n\u0131f i\u00e7i rehberlik etkinlikleri<\/span><\/li><li style=\"font-weight: 400;\" aria-level=\"1\"><span style=\"font-weight: 400;\">Akran ili\u015fkileri ve ileti\u015fim becerilerine y\u00f6nelik \u00e7al\u0131\u015fmalar<\/span><\/li><li style=\"font-weight: 400;\" aria-level=\"1\"><span style=\"font-weight: 400;\">Ergenlik d\u00f6nemi fark\u0131ndal\u0131k e\u011fitimleri<\/span><\/li><li style=\"font-weight: 400;\" aria-level=\"1\"><span style=\"font-weight: 400;\">Riskli davran\u0131\u015flara y\u00f6nelik koruyucu bilgilendirme \u00e7al\u0131\u015fmalar\u0131<\/span><\/li><\/ul>\t\t\t\t\t\t\t\t<\/div>\n\t\t\t\t<\/div>\n\t\t\t\t<\/div>\n\t\t<div class=\"elementor-element elementor-element-a5c1613 e-con-full e-flex e-con e-child\" data-id=\"a5c1613\" data-element_type=\"container\" data-e-type=\"container\">\n\t\t\t\t<div class=\"elementor-element elementor-element-672dbff elementor-widget elementor-widget-image\" data-id=\"672dbff\" data-element_type=\"widget\" data-e-type=\"widget\" data-widget_type=\"image.default\">\n\t\t\t\t<div class=\"elementor-widget-container\">\n\t\t\t\t\t\t\t\t\t\t\t\t\t\t\t<img loading=\"lazy\" decoding=\"async\" width=\"900\" height=\"600\" src=\"https:\/\/profaj.co\/rotaegitim\/wp-content\/uploads\/2025\/11\/rehberlik-1.webp\" class=\"attachment-full size-full wp-image-2418\" alt=\"\" srcset=\"https:\/\/profaj.co\/rotaegitim\/wp-content\/uploads\/2025\/11\/rehberlik-1.webp 900w, https:\/\/profaj.co\/rotaegitim\/wp-content\/uploads\/2025\/11\/rehberlik-1-300x200.webp 300w, https:\/\/profaj.co\/rotaegitim\/wp-content\/uploads\/2025\/11\/rehberlik-1-768x512.webp 768w\" sizes=\"(max-width: 900px) 100vw, 900px\" \/>\t\t\t\t\t\t\t\t\t\t\t\t\t\t\t<\/div>\n\t\t\t\t<\/div>\n\t\t\t\t<\/div>\n\t\t\t\t\t<\/div>\n\t\t\t\t<\/div>\n\t\t<div class=\"elementor-element elementor-element-c4849e0 e-flex e-con-boxed e-con e-child\" data-id=\"c4849e0\" data-element_type=\"container\" data-e-type=\"container\">\n\t\t\t\t\t<div class=\"e-con-inner\">\n\t\t<div class=\"elementor-element elementor-element-97f6d66 e-con-full e-flex e-con e-child\" data-id=\"97f6d66\" data-element_type=\"container\" data-e-type=\"container\">\n\t\t\t\t<div class=\"elementor-element elementor-element-33ef82c elementor-widget elementor-widget-text-editor\" data-id=\"33ef82c\" data-element_type=\"widget\" data-e-type=\"widget\" data-widget_type=\"text-editor.default\">\n\t\t\t\t<div class=\"elementor-widget-container\">\n\t\t\t\t\t\t\t\t\t<p><b>Geli\u015fimsel Destek<\/b><\/p><ul><li style=\"font-weight: 400;\" aria-level=\"1\"><span style=\"font-weight: 400;\">\u00d6\u011frencilerin ilgi, yetenek ve ki\u015filik \u00f6zelliklerini tan\u0131ma \u00e7al\u0131\u015fmalar\u0131<\/span><\/li><li style=\"font-weight: 400;\" aria-level=\"1\"><span style=\"font-weight: 400;\">Test, envanter ve \u00f6l\u00e7ek uygulamalar\u0131<\/span><\/li><li style=\"font-weight: 400;\" aria-level=\"1\"><span style=\"font-weight: 400;\">Bireysel geli\u015fim takibi<\/span><\/li><li style=\"font-weight: 400;\" aria-level=\"1\"><span style=\"font-weight: 400;\">Akademik performans de\u011ferlendirmeleri<\/span><\/li><\/ul><p><b>\u0130htiyaca Y\u00f6nelik Dan\u0131\u015fmanl\u0131k<\/b><\/p><ul><li style=\"font-weight: 400;\" aria-level=\"1\"><span style=\"font-weight: 400;\">Bireysel psikolojik dan\u0131\u015fma g\u00f6r\u00fc\u015fmeleri<\/span><\/li><li style=\"font-weight: 400;\" aria-level=\"1\"><span style=\"font-weight: 400;\">Akademik motivasyon ve performans takibi<\/span><\/li><li style=\"font-weight: 400;\" aria-level=\"1\"><span style=\"font-weight: 400;\">Aile ile i\u015f birli\u011fi s\u00fcre\u00e7leri<\/span><\/li><li style=\"font-weight: 400;\" aria-level=\"1\"><span style=\"font-weight: 400;\">Davran\u0131\u015f ve uyum problemlerine y\u00f6nelik \u00e7\u00f6z\u00fcm odakl\u0131 destek<\/span><\/li><\/ul><p>\u00a0<\/p><p><b>Akademik Destek \u00c7al\u0131\u015fmalar\u0131<\/b><\/p><ul><li style=\"font-weight: 400;\" aria-level=\"1\"><span style=\"font-weight: 400;\">Verimli ders \u00e7al\u0131\u015fma teknikleri<\/span><\/li><li style=\"font-weight: 400;\" aria-level=\"1\"><span style=\"font-weight: 400;\">Zaman y\u00f6netimi ve planlama becerileri<\/span><\/li><li style=\"font-weight: 400;\" aria-level=\"1\"><span style=\"font-weight: 400;\">S\u0131nav kayg\u0131s\u0131 ile ba\u015f etme \u00e7al\u0131\u015fmalar\u0131<\/span><\/li><li style=\"font-weight: 400;\" aria-level=\"1\"><span style=\"font-weight: 400;\">\u00d6\u011frenme stillerinin belirlenmesi<\/span><\/li><li style=\"font-weight: 400;\" aria-level=\"1\"><span style=\"font-weight: 400;\">Akademik ba\u015far\u0131y\u0131 art\u0131rmaya y\u00f6nelik bireysel rehberlik<\/span><\/li><\/ul><p><span style=\"font-weight: 400;\">\u00d6\u011frencilerin \u00f6\u011frenme s\u00fcrecindeki g\u00fc\u00e7l\u00fc ve geli\u015fime a\u00e7\u0131k alanlar\u0131 belirlenerek \u00f6\u011fretmenlerle i\u015f birli\u011fi i\u00e7inde destek planlar\u0131 olu\u015fturulmaktad\u0131r.<\/span><\/p><p><b>Sosyal ve Duygusal Geli\u015fim \u00c7al\u0131\u015fmalar\u0131<\/b><\/p><ul><li style=\"font-weight: 400;\" aria-level=\"1\"><span style=\"font-weight: 400;\">\u00d6z fark\u0131ndal\u0131k ve \u00f6zg\u00fcven geli\u015ftirme<\/span><\/li><li style=\"font-weight: 400;\" aria-level=\"1\"><span style=\"font-weight: 400;\">\u0130leti\u015fim ve problem \u00e7\u00f6zme becerileri<\/span><\/li><li style=\"font-weight: 400;\" aria-level=\"1\"><span style=\"font-weight: 400;\">Akran ili\u015fkileri ve sosyal uyum \u00e7al\u0131\u015fmalar\u0131<\/span><\/li><li style=\"font-weight: 400;\" aria-level=\"1\"><span style=\"font-weight: 400;\">Duygu y\u00f6netimi ve stresle ba\u015f etme<\/span><\/li><li style=\"font-weight: 400;\" aria-level=\"1\"><span style=\"font-weight: 400;\">Akran zorbal\u0131\u011f\u0131 fark\u0131ndal\u0131k \u00e7al\u0131\u015fmalar\u0131<\/span><\/li><\/ul><p><span style=\"font-weight: 400;\">Bu \u00e7al\u0131\u015fmalar grup etkinlikleri, s\u0131n\u0131f uygulamalar\u0131 ve bireysel g\u00f6r\u00fc\u015fmeler arac\u0131l\u0131\u011f\u0131yla sistemli \u015fekilde y\u00fcr\u00fct\u00fclmektedir<\/span><\/p><p><span style=\"font-weight: 400;\">Rehberlik ve psikolojik dan\u0131\u015fmanl\u0131k servisimiz; \u00f6\u011frencinin yan\u0131nda olan, aile ve \u00f6\u011fretmen i\u015f birli\u011fi ile \u00e7al\u0131\u015fan, geli\u015fimi d\u00fczenli olarak takip eden ve s\u00fcreci bilimsel y\u00f6ntemlerle destekleyen profesyonel bir birimdir.<\/span><\/p>\t\t\t\t\t\t\t\t<\/div>\n\t\t\t\t<\/div>\n\t\t\t\t<\/div>\n\t\t\t\t\t<\/div>\n\t\t\t\t<\/div>\n\t\t\t\t<\/div>\n\t\t<div id=\"e-n-tab-content-1681870918\" role=\"tabpanel\" aria-labelledby=\"e-n-tab-title-1681870918\" data-tab-index=\"8\" style=\"--n-tabs-title-order: 8;\" class=\" elementor-element elementor-element-7a6ae11 e-con-full e-flex e-con e-child\" data-id=\"7a6ae11\" data-element_type=\"container\" data-e-type=\"container\">\n\t\t<div class=\"elementor-element elementor-element-a3d56c5 e-flex e-con-boxed e-con e-child\" data-id=\"a3d56c5\" data-element_type=\"container\" data-e-type=\"container\">\n\t\t\t\t\t<div class=\"e-con-inner\">\n\t\t<div class=\"elementor-element elementor-element-a941e6e e-con-full e-flex e-con e-child\" data-id=\"a941e6e\" data-element_type=\"container\" data-e-type=\"container\">\n\t\t\t\t<div class=\"elementor-element elementor-element-e4ec1bd elementor-widget elementor-widget-heading\" data-id=\"e4ec1bd\" data-element_type=\"widget\" data-e-type=\"widget\" data-widget_type=\"heading.default\">\n\t\t\t\t<div class=\"elementor-widget-container\">\n\t\t\t\t\t<h2 class=\"elementor-heading-title elementor-size-default\">\u00d6l\u00e7me De\u011ferlendirme\n<\/h2>\t\t\t\t<\/div>\n\t\t\t\t<\/div>\n\t\t\t\t<div class=\"elementor-element elementor-element-ee4eff4 elementor-widget elementor-widget-text-editor\" data-id=\"ee4eff4\" data-element_type=\"widget\" data-e-type=\"widget\" data-widget_type=\"text-editor.default\">\n\t\t\t\t<div class=\"elementor-widget-container\">\n\t\t\t\t\t\t\t\t\t<p><span style=\"font-weight: 400;\">E\u011fitim programlar\u0131m\u0131z\u0131n etkinli\u011fini s\u00fcrekli olarak izlemek ve \u00f6\u011frencilerimize en iyi \u00f6\u011frenim deneyimini sunabilmek i\u00e7in kapsaml\u0131 bir \u00f6l\u00e7me ve de\u011ferlendirme s\u00fcreci uygulamaktay\u0131z. Bu s\u00fcre\u00e7, \u00f6\u011frencilerimizin akademik geli\u015fimlerini takip etmek ve bireysel ihtiya\u00e7lar\u0131na g\u00f6re ki\u015fiye \u00f6zel e\u011fitim programlar\u0131 olu\u015fturmak amac\u0131yla sistematik \u00f6l\u00e7me ara\u00e7lar\u0131 kullanmay\u0131 i\u00e7erir.<\/span><\/p><p><b>-. Haz\u0131r Bulunu\u015fluk S\u0131nav\u0131<\/b><\/p><p><span style=\"font-weight: 400;\">Her e\u011fitim y\u0131l\u0131 ba\u015f\u0131nda, \u00f6\u011frencilerimizin yeni \u00f6\u011fretim y\u0131l\u0131na hangi seviyede ba\u015flad\u0131\u011f\u0131n\u0131 g\u00f6rmek ve eksiklerini gidermek amac\u0131yla <\/span><b>Haz\u0131r Bulunu\u015fluk S\u0131nav\u0131<\/b><span style=\"font-weight: 400;\"> uygulan\u0131r. Bu s\u0131nav, \u00f6\u011frencilerin genel bilgi seviyelerini belirler ve yeni d\u00f6neme sa\u011fl\u0131kl\u0131 bir ba\u015flang\u0131\u00e7 yap\u0131lmas\u0131n\u0131 sa\u011flar. S\u0131nav sonu\u00e7lar\u0131 do\u011frultusunda, \u00f6\u011frencilerimize y\u00f6nelik bireysel destek planlar\u0131 haz\u0131rlan\u0131r.\u00a0<\/span><\/p><p><span style=\"font-weight: 400;\">&#8211;<\/span><b> \u0130ngilizce D\u00fczey Belirleme S\u0131nav\u0131<\/b><\/p><p><span style=\"font-weight: 400;\">Her d\u00f6nemin ba\u015f\u0131nda, \u00f6\u011frencilerimizin \u0130ngilizce dil geli\u015fim d\u00fczeylerini belirlemek amac\u0131yla <\/span><b>\u0130ngilizce D\u00fczey Belirleme S\u0131nav\u0131<\/b><span style=\"font-weight: 400;\"> yap\u0131l\u0131r. Bu s\u0131navla, \u00f6\u011frencilerimiz uygun seviye gruplar\u0131na yerle\u015ftirilir. \u00d6\u011frencilerin dil bilgisi, okuma-anlama, yazma ve konu\u015fma becerileri gibi alanlarda geli\u015fim g\u00f6sterdikleri seviyeye g\u00f6re e\u011fitim s\u00fcreci planlan\u0131r.<\/span><\/p>\t\t\t\t\t\t\t\t<\/div>\n\t\t\t\t<\/div>\n\t\t\t\t<\/div>\n\t\t<div class=\"elementor-element elementor-element-761d32f e-con-full e-flex e-con e-child\" data-id=\"761d32f\" data-element_type=\"container\" data-e-type=\"container\">\n\t\t\t\t<div class=\"elementor-element elementor-element-e3acb2f elementor-widget elementor-widget-image\" data-id=\"e3acb2f\" data-element_type=\"widget\" data-e-type=\"widget\" data-widget_type=\"image.default\">\n\t\t\t\t<div class=\"elementor-widget-container\">\n\t\t\t\t\t\t\t\t\t\t\t\t\t\t\t<img loading=\"lazy\" decoding=\"async\" width=\"900\" height=\"600\" src=\"https:\/\/profaj.co\/rotaegitim\/wp-content\/uploads\/2025\/11\/olcme-degerlerndirme.webp\" class=\"attachment-full size-full wp-image-2420\" alt=\"\" srcset=\"https:\/\/profaj.co\/rotaegitim\/wp-content\/uploads\/2025\/11\/olcme-degerlerndirme.webp 900w, https:\/\/profaj.co\/rotaegitim\/wp-content\/uploads\/2025\/11\/olcme-degerlerndirme-300x200.webp 300w, https:\/\/profaj.co\/rotaegitim\/wp-content\/uploads\/2025\/11\/olcme-degerlerndirme-768x512.webp 768w\" sizes=\"(max-width: 900px) 100vw, 900px\" \/>\t\t\t\t\t\t\t\t\t\t\t\t\t\t\t<\/div>\n\t\t\t\t<\/div>\n\t\t\t\t<\/div>\n\t\t\t\t\t<\/div>\n\t\t\t\t<\/div>\n\t\t<div class=\"elementor-element elementor-element-26af476 e-flex e-con-boxed e-con e-child\" data-id=\"26af476\" data-element_type=\"container\" data-e-type=\"container\">\n\t\t\t\t\t<div class=\"e-con-inner\">\n\t\t<div class=\"elementor-element elementor-element-710c876 e-con-full e-flex e-con e-child\" data-id=\"710c876\" data-element_type=\"container\" data-e-type=\"container\">\n\t\t\t\t<div class=\"elementor-element elementor-element-4ed0563 elementor-widget elementor-widget-text-editor\" data-id=\"4ed0563\" data-element_type=\"widget\" data-e-type=\"widget\" data-widget_type=\"text-editor.default\">\n\t\t\t\t<div class=\"elementor-widget-container\">\n\t\t\t\t\t\t\t\t\t<p><b>-T\u00fcrkiye Geneli Deneme S\u0131navlar\u0131<\/b><\/p><p><span style=\"font-weight: 400;\">\u00d6\u011frencilerimizin y\u0131l boyunca akademik geli\u015fimlerini izlemek amac\u0131yla <\/span><b>T\u00fcrkiye Geneli Deneme S\u0131navlar\u0131<\/b><span style=\"font-weight: 400;\"> d\u00fczenlenir. Bu deneme s\u0131navlar\u0131, \u00f6\u011frencilerimizin s\u0131nav haz\u0131rl\u0131klar\u0131n\u0131 desteklemek ve eksik alanlar\u0131n\u0131 belirlemek i\u00e7in b\u00fcy\u00fck \u00f6nem ta\u015f\u0131r.<\/span><\/p><ul><li style=\"font-weight: 400;\" aria-level=\"1\"><b>4., 5., 6. ve 7. S\u0131n\u0131flar:<\/b><span style=\"font-weight: 400;\"> Her ay bir deneme s\u0131nav\u0131 yap\u0131l\u0131r. Bu s\u0131navlar, \u00f6\u011frencilerin genel bilgi d\u00fczeylerini ve konu hakimiyetlerini \u00f6l\u00e7meye y\u00f6neliktir.<\/span><\/li><li style=\"font-weight: 400;\" aria-level=\"1\"><b>8. S\u0131n\u0131flar:<\/b><span style=\"font-weight: 400;\"> Ekim ay\u0131 itibariyle, her hafta bir deneme s\u0131nav\u0131 d\u00fczenlenir. Bu s\u0131navlar, \u00f6\u011frencilerin LGS (Liseye Ge\u00e7i\u015f S\u0131nav\u0131) format\u0131nda haz\u0131rlanmas\u0131na yard\u0131mc\u0131 olur. Denemeler, konu bazl\u0131 sorular ve \u00f6nceki s\u0131navlardan al\u0131nt\u0131lar i\u00e7ererek, \u00f6\u011frencilerin s\u0131nav stratejilerini geli\u015ftirmelerini sa\u011flar.<\/span><\/li><\/ul><p><b>Deneme s\u0131nav\u0131 sonu\u00e7lar\u0131<\/b><span style=\"font-weight: 400;\">, <\/span><b>AKB\u0130M<\/b><span style=\"font-weight: 400;\"> (Akademik Bilgi Y\u00f6netim Sistemi) sistemine i\u015flenir. Bu sistem sayesinde, \u00f6\u011frencilerin her s\u0131navdaki performanslar\u0131 takip edilir, sonu\u00e7lar analiz edilir ve \u00f6\u011frenci geli\u015fimi detayl\u0131 bir \u015fekilde izlenir. AKB\u0130M \u00fczerinden \u00f6\u011frencilerin g\u00fc\u00e7l\u00fc y\u00f6nleri, geli\u015fim alanlar\u0131 ve ihtiya\u00e7 duyduklar\u0131 ek \u00e7al\u0131\u015fmalar sistemli bir \u015fekilde belirlenir.<\/span><\/p><p><b>-\u00dcnite De\u011ferlendirme S\u0131navlar\u0131<\/b><\/p><p><span style=\"font-weight: 400;\">Her bran\u015ftan <\/span><b>\u00dcnite De\u011ferlendirme S\u0131navlar\u0131<\/b><span style=\"font-weight: 400;\">, ilgili \u00fcnite tamamland\u0131ktan sonra uygulan\u0131r. Bu s\u0131navlar, \u00f6\u011frencilerin \u00fcnite kapsam\u0131nda \u00f6\u011frendikleri bilgileri peki\u015ftirmelerini ve konular\u0131 ne kadar iyi anlad\u0131klar\u0131n\u0131 \u00f6l\u00e7meyi ama\u00e7lar. \u00dcnite de\u011ferlendirmeleri, \u00f6\u011fretmenlerin \u00f6\u011frencilerin geli\u015fim s\u00fcre\u00e7lerini de\u011ferlendirmelerine ve hangi konularda ek destek verilmesi gerekti\u011fini belirlemelerine yard\u0131mc\u0131 olur.<\/span><\/p>\t\t\t\t\t\t\t\t<\/div>\n\t\t\t\t<\/div>\n\t\t\t\t<\/div>\n\t\t\t\t\t<\/div>\n\t\t\t\t<\/div>\n\t\t\t\t<\/div>\n\t\t<div id=\"e-n-tab-content-1681870919\" role=\"tabpanel\" aria-labelledby=\"e-n-tab-title-1681870919\" data-tab-index=\"9\" style=\"--n-tabs-title-order: 9;\" class=\" elementor-element elementor-element-60947f6 e-con-full e-flex e-con e-child\" data-id=\"60947f6\" data-element_type=\"container\" data-e-type=\"container\">\n\t\t<div class=\"elementor-element elementor-element-7c94397 e-flex e-con-boxed e-con e-child\" data-id=\"7c94397\" data-element_type=\"container\" data-e-type=\"container\">\n\t\t\t\t\t<div class=\"e-con-inner\">\n\t\t<div class=\"elementor-element elementor-element-31a935e e-con-full e-flex e-con e-child\" data-id=\"31a935e\" data-element_type=\"container\" data-e-type=\"container\">\n\t\t\t\t<div class=\"elementor-element elementor-element-9f00f26 elementor-widget elementor-widget-heading\" data-id=\"9f00f26\" data-element_type=\"widget\" data-e-type=\"widget\" data-widget_type=\"heading.default\">\n\t\t\t\t<div class=\"elementor-widget-container\">\n\t\t\t\t\t<h2 class=\"elementor-heading-title elementor-size-default\">Ekders - Et\u00fct \u00c7al\u0131\u015fmalar\u0131<\/h2>\t\t\t\t<\/div>\n\t\t\t\t<\/div>\n\t\t\t\t<div class=\"elementor-element elementor-element-c1723cd elementor-widget elementor-widget-text-editor\" data-id=\"c1723cd\" data-element_type=\"widget\" data-e-type=\"widget\" data-widget_type=\"text-editor.default\">\n\t\t\t\t<div class=\"elementor-widget-container\">\n\t\t\t\t\t\t\t\t\t<p><span style=\"font-weight: 400;\">Rota Koleji\u2019nde akademik geli\u015fim, sistemli bir \u015fekilde takip edilen bir s\u00fcre\u00e7tir. \u00d6\u011frencilerimizin deneme s\u0131nav\u0131 sonu\u00e7lar\u0131, g\u00fcnl\u00fck performanslar\u0131 ve bireysel ihtiya\u00e7lar\u0131 d\u00fczenli olarak analiz edilir. Bu analizler do\u011frultusunda, her \u00f6\u011frenciye uygun destek planlar\u0131 haz\u0131rlan\u0131r.<\/span><\/p><p><span style=\"font-weight: 400;\">Hafta i\u00e7i ve cumartesi g\u00fcnleri uygulanan <\/span><b>et\u00fct ve ek ders programlar\u0131m\u0131z<\/b><span style=\"font-weight: 400;\">, \u00f6\u011frencilerimizin konu eksiklerini tamamlamay\u0131, \u00f6\u011frenme kal\u0131c\u0131l\u0131\u011f\u0131n\u0131 art\u0131rmay\u0131 ve s\u0131nav ba\u015far\u0131s\u0131n\u0131 g\u00fc\u00e7lendirmeyi ama\u00e7lar.<\/span><\/p><p><span style=\"font-weight: 400;\">S\u0131nav y\u0131l\u0131 olan 8. s\u0131n\u0131flar\u0131m\u0131z i\u00e7in ise \u00f6zel bir uygulama y\u00fcr\u00fct\u00fcl\u00fcr:<\/span><span style=\"font-weight: 400;\"><br \/><\/span><b>Haftan\u0131n \u00fc\u00e7 g\u00fcn\u00fc okul sonras\u0131 zorunlu et\u00fct program\u0131.<\/b><span style=\"font-weight: 400;\"><br \/><\/span><span style=\"font-weight: 400;\">Bu program ile \u00f6\u011frencilerin \u00e7al\u0131\u015fma disiplini peki\u015ftirilir, konu tekrarlar\u0131 yap\u0131l\u0131r ve bireysel destek s\u00fcre\u00e7leri yak\u0131ndan takip edilir.<\/span><\/p><p><span style=\"font-weight: 400;\">Rota Koleji olarak hedefimiz; her \u00f6\u011frencinin akademik yolculu\u011funu g\u00fcvenle, planl\u0131 bir \u015fekilde ve kendi potansiyelinin en \u00fcst\u00fcnde s\u00fcrd\u00fcrebilmesini sa\u011flamakt\u0131r.<\/span><\/p>\t\t\t\t\t\t\t\t<\/div>\n\t\t\t\t<\/div>\n\t\t\t\t<\/div>\n\t\t<div class=\"elementor-element elementor-element-36e8fec e-con-full e-flex e-con e-child\" data-id=\"36e8fec\" data-element_type=\"container\" data-e-type=\"container\">\n\t\t\t\t<div class=\"elementor-element elementor-element-141995b elementor-widget elementor-widget-image\" data-id=\"141995b\" data-element_type=\"widget\" data-e-type=\"widget\" data-widget_type=\"image.default\">\n\t\t\t\t<div class=\"elementor-widget-container\">\n\t\t\t\t\t\t\t\t\t\t\t\t\t\t\t<img loading=\"lazy\" decoding=\"async\" width=\"900\" height=\"600\" src=\"https:\/\/profaj.co\/rotaegitim\/wp-content\/uploads\/2025\/11\/ekders-etut.webp\" class=\"attachment-full size-full wp-image-2779\" alt=\"\" srcset=\"https:\/\/profaj.co\/rotaegitim\/wp-content\/uploads\/2025\/11\/ekders-etut.webp 900w, https:\/\/profaj.co\/rotaegitim\/wp-content\/uploads\/2025\/11\/ekders-etut-300x200.webp 300w, https:\/\/profaj.co\/rotaegitim\/wp-content\/uploads\/2025\/11\/ekders-etut-768x512.webp 768w\" sizes=\"(max-width: 900px) 100vw, 900px\" \/>\t\t\t\t\t\t\t\t\t\t\t\t\t\t\t<\/div>\n\t\t\t\t<\/div>\n\t\t\t\t<\/div>\n\t\t\t\t\t<\/div>\n\t\t\t\t<\/div>\n\t\t\t\t<\/div>\n\t\t<div id=\"e-n-tab-content-16818709110\" role=\"tabpanel\" aria-labelledby=\"e-n-tab-title-16818709110\" data-tab-index=\"10\" style=\"--n-tabs-title-order: 10;\" class=\" elementor-element elementor-element-0001a88 e-con-full e-flex e-con e-child\" data-id=\"0001a88\" data-element_type=\"container\" data-e-type=\"container\">\n\t\t<div class=\"elementor-element elementor-element-248583e e-flex e-con-boxed e-con e-child\" data-id=\"248583e\" data-element_type=\"container\" data-e-type=\"container\">\n\t\t\t\t\t<div class=\"e-con-inner\">\n\t\t<div class=\"elementor-element elementor-element-9feeb0f e-con-full e-flex e-con e-child\" data-id=\"9feeb0f\" data-element_type=\"container\" data-e-type=\"container\">\n\t\t\t\t<div class=\"elementor-element elementor-element-c9c1c56 elementor-widget elementor-widget-heading\" data-id=\"c9c1c56\" data-element_type=\"widget\" data-e-type=\"widget\" data-widget_type=\"heading.default\">\n\t\t\t\t<div class=\"elementor-widget-container\">\n\t\t\t\t\t<h2 class=\"elementor-heading-title elementor-size-default\">Hizmetlerimiz<\/h2>\t\t\t\t<\/div>\n\t\t\t\t<\/div>\n\t\t\t\t<div class=\"elementor-element elementor-element-3a9d2f9 elementor-widget elementor-widget-text-editor\" data-id=\"3a9d2f9\" data-element_type=\"widget\" data-e-type=\"widget\" data-widget_type=\"text-editor.default\">\n\t\t\t\t<div class=\"elementor-widget-container\">\n\t\t\t\t\t\t\t\t\t<p><b>BESLENME H\u0130ZMETLER\u0130<\/b><\/p><p><span style=\"font-weight: 400;\">Rota Koleji\u2019nde, \u00f6\u011frencilerimizin fiziksel geli\u015fimlerini destekleyen sa\u011fl\u0131kl\u0131 beslenme al\u0131\u015fkanl\u0131klar\u0131 kazanmalar\u0131n\u0131 \u00f6ncelikli bir sorumluluk olarak g\u00f6r\u00fcyoruz.<\/span><\/p><p><span style=\"font-weight: 400;\">T\u00fcm \u00f6\u011f\u00fcnlerimiz, diyetisyen dan\u0131\u015fmanl\u0131\u011f\u0131nda, ya\u015f gruplar\u0131na g\u00f6re d\u00fczenlenen besin ihtiya\u00e7lar\u0131 dikkate al\u0131narak planlan\u0131r. Men\u00fclerimiz, besin de\u011ferleri, kalori miktarlar\u0131 ve alerjen i\u00e7erikleri do\u011frultusunda \u00f6zenle haz\u0131rlan\u0131r, okul y\u00f6netiminin onay\u0131ndan ge\u00e7tikten sonra ayl\u0131k olarak g\u00fcncellenir ve velilerimizle payla\u015f\u0131l\u0131r.<\/span><\/p><p><span style=\"font-weight: 400;\">Okul mutfa\u011f\u0131m\u0131zda \u00fcretilen t\u00fcm yemekler g\u00fcnl\u00fck olarak taze malzemelerle pi\u015firilir. G\u0131da g\u00fcvenli\u011fi standartlar\u0131na uygunluk, \u00fcretim s\u00fcrecimizin her a\u015famas\u0131nda titizlikle korunur. Do\u011fal ve katk\u0131s\u0131z \u00fcr\u00fcnler kullan\u0131larak \u00e7ocuklar\u0131m\u0131za hem sa\u011fl\u0131kl\u0131 hem de damak zevklerine hitap eden men\u00fcler sunulmaktad\u0131r.<\/span><\/p><p><span style=\"font-weight: 400;\">Anas\u0131n\u0131f\u0131 \u00f6\u011frencilerimiz i\u00e7in g\u00fcn\u00fcn erken saatlerinde sabah kahvalt\u0131s\u0131, \u00f6\u011fle saatlerinde ana yemek ve g\u00fcn sonunda ikindi kahvalt\u0131s\u0131 olmak \u00fczere \u00fc\u00e7 ana beslenme saati d\u00fczenlenir. B\u00f6ylece k\u00fc\u00e7\u00fck ya\u015f grubundaki \u00f6\u011frencilerimizin g\u00fcnl\u00fck enerji ihtiya\u00e7lar\u0131 ideal \u015fekilde kar\u015f\u0131lan\u0131r.<\/span><\/p>\t\t\t\t\t\t\t\t<\/div>\n\t\t\t\t<\/div>\n\t\t\t\t<\/div>\n\t\t<div class=\"elementor-element elementor-element-a6f53b9 e-con-full e-flex e-con e-child\" data-id=\"a6f53b9\" data-element_type=\"container\" data-e-type=\"container\">\n\t\t\t\t<div class=\"elementor-element elementor-element-c91cbcb elementor-widget elementor-widget-image\" data-id=\"c91cbcb\" data-element_type=\"widget\" data-e-type=\"widget\" data-widget_type=\"image.default\">\n\t\t\t\t<div class=\"elementor-widget-container\">\n\t\t\t\t\t\t\t\t\t\t\t\t\t\t\t<img loading=\"lazy\" decoding=\"async\" width=\"900\" height=\"600\" src=\"https:\/\/profaj.co\/rotaegitim\/wp-content\/uploads\/2025\/11\/hizmetlerimiz-1.webp\" class=\"attachment-full size-full wp-image-2778\" alt=\"\" srcset=\"https:\/\/profaj.co\/rotaegitim\/wp-content\/uploads\/2025\/11\/hizmetlerimiz-1.webp 900w, https:\/\/profaj.co\/rotaegitim\/wp-content\/uploads\/2025\/11\/hizmetlerimiz-1-300x200.webp 300w, https:\/\/profaj.co\/rotaegitim\/wp-content\/uploads\/2025\/11\/hizmetlerimiz-1-768x512.webp 768w\" sizes=\"(max-width: 900px) 100vw, 900px\" \/>\t\t\t\t\t\t\t\t\t\t\t\t\t\t\t<\/div>\n\t\t\t\t<\/div>\n\t\t\t\t<\/div>\n\t\t\t\t\t<\/div>\n\t\t\t\t<\/div>\n\t\t\t\t<\/div>\n\t\t\t\t\t<\/div>\n\t\t<\/div>\n\t\t\t\t\t\t<\/div>\n\t\t\t\t<\/div>\n\t\t<div class=\"elementor-element elementor-element-b29e24b e-con-full e-flex e-con e-child\" data-id=\"b29e24b\" data-element_type=\"container\" data-e-type=\"container\">\n\t\t<div class=\"elementor-element elementor-element-aa85ee9 e-con-full e-flex e-con e-child\" data-id=\"aa85ee9\" data-element_type=\"container\" data-e-type=\"container\">\n\t\t\t\t<div class=\"elementor-element elementor-element-5ea5b74 elementor-widget elementor-widget-text-editor\" data-id=\"5ea5b74\" data-element_type=\"widget\" data-e-type=\"widget\" data-widget_type=\"text-editor.default\">\n\t\t\t\t<div class=\"elementor-widget-container\">\n\t\t\t\t\t\t\t\t\t<p><span style=\"font-weight: 400;\">Rota Koleji olarak, sa\u011fl\u0131kl\u0131 beslenmenin sadece fiziksel geli\u015fime de\u011fil; \u00f6\u011frenme kapasitesine, dikkat s\u00fcresine ve genel ya\u015fam kalitesine do\u011frudan katk\u0131 sa\u011flad\u0131\u011f\u0131n\u0131n bilincindeyiz. Bu nedenle \u00f6\u011frencilerimize, ya\u015fam boyu s\u00fcrd\u00fcrebilecekleri do\u011fru beslenme al\u0131\u015fkanl\u0131klar\u0131 kazand\u0131rmay\u0131 ama\u00e7l\u0131yoruz.<\/span><\/p><p><strong>G\u00dcVENL\u0130K H\u0130ZMETLER\u0130 <\/strong><\/p><p><span style=\"font-weight: 400;\">Rota Koleji, \u00f6\u011frencilerinin ve personelinin g\u00fcvenli\u011fini en \u00fcst d\u00fczeyde tutmak i\u00e7in kapsaml\u0131 g\u00fcvenlik \u00f6nlemleri almaktad\u0131r. Okulumuzda g\u00fcvenlik, tamamen kendi b\u00fcnyesinde g\u00f6revli uzman g\u00fcvenlik personeli taraf\u0131ndan sa\u011flanmaktad\u0131r. Bu personel, yasal gereklilikler do\u011frultusunda gerekli e\u011fitimleri alarak, \u201c\u00d6zel G\u00fcvenlik G\u00f6revlisi\u201d olma yetkisine sahiptir.<\/span><\/p><p><span style=\"font-weight: 400;\">Okulumuz , 7\/24 g\u00fcvenlik kameralar\u0131yla izlenmekte, t\u00fcm giri\u015f-\u00e7\u0131k\u0131\u015flar dijital ortamda kay\u0131t alt\u0131na al\u0131nmaktad\u0131r. Bu sayede, kamp\u00fcs i\u00e7indeki her t\u00fcrl\u00fc faaliyet anl\u0131k olarak takip edilmekte ve herhangi bir g\u00fcvenlik ihlali durumunda h\u0131zl\u0131ca m\u00fcdahale edilebilmektedir. G\u00fcvenlik kameralar\u0131 sadece okul i\u00e7ini de\u011fil, \u00e7evreyi de kapsayarak kapsaml\u0131 bir g\u00fcvenlik a\u011f\u0131 olu\u015fturur.<\/span><\/p><p><span style=\"font-weight: 400;\">Okulda her kademenin kendi giri\u015f ve \u00e7\u0131k\u0131\u015f kap\u0131lar\u0131 bulunmaktad\u0131r. Bu uygulama, \u00f6\u011frencilerin g\u00fcvenli\u011fini art\u0131rman\u0131n yan\u0131 s\u0131ra, her kademenin kendi d\u00fczeni i\u00e7inde faaliyet g\u00f6stermesine olanak tan\u0131r. B\u00f6ylece, farkl\u0131 kademelerdeki \u00f6\u011frenciler birbirlerinin alanlar\u0131na girmeden, g\u00fcvenli bir \u015fekilde giri\u015f ve \u00e7\u0131k\u0131\u015f yapabilmektedirler.<\/span><\/p><p><span style=\"font-weight: 400;\">Okul i\u00e7indeki t\u00fcm giri\u015f-\u00e7\u0131k\u0131\u015f saatleri, e\u011fitim ve \u00e7al\u0131\u015fma d\u00fczenine g\u00f6re belirlenmi\u015ftir:<\/span><\/p><ul><li style=\"font-weight: 400;\" aria-level=\"1\"><b>\u00d6\u011fretmen ve personel<\/b><span style=\"font-weight: 400;\">, Cumartesi-Pazar hari\u00e7, her g\u00fcn 08:30 \u2013 18:00 saatleri aras\u0131nda kamp\u00fcse giri\u015f yapabilir.<\/span><\/li><li style=\"font-weight: 400;\" aria-level=\"1\"><b>\u0130dareciler<\/b><span style=\"font-weight: 400;\">, ayn\u0131 \u015fekilde her g\u00fcn 08:30 \u2013 18:00 saatleri aras\u0131nda kamp\u00fcste bulunmaktad\u0131r.<\/span><\/li><\/ul><p><span style=\"font-weight: 400;\">Bu sistem, g\u00fcvenli\u011fi sa\u011flaman\u0131n yan\u0131 s\u0131ra, kamp\u00fcs i\u00e7inde d\u00fczenin korunmas\u0131na ve t\u00fcm \u00f6\u011frencilerimizin g\u00fcvenli bir ortamda e\u011fitim almas\u0131na katk\u0131 sa\u011flar. Rota Koleji olarak, g\u00fcvenlik ve d\u00fczeni her zaman \u00f6ncelikli tutuyor, \u00f6\u011frencilerimizin en iyi \u015fartlarda e\u011fitim alabilmesi i\u00e7in gerekli t\u00fcm \u00f6nlemleri titizlikle uyguluyoruz.<\/span><\/p><p><b>SA\u011eLIK H\u0130ZMETLER\u0130\u00a0<\/b><\/p><p><span style=\"font-weight: 400;\">Rota Koleji olarak, \u00f6\u011frencilerimizin yaln\u0131zca akademik ba\u015far\u0131lar\u0131n\u0131 de\u011fil, sa\u011fl\u0131k ve g\u00fcvenliklerini de en az e\u011fitimleri kadar \u00f6nemsiyoruz. Sa\u011fl\u0131kl\u0131 bireylerin g\u00fc\u00e7l\u00fc bir \u00f6\u011frenme ortam\u0131 olu\u015fturdu\u011funa inan\u0131yor, bu bilin\u00e7le okulumuzda kapsaml\u0131 sa\u011fl\u0131k hizmetleri sunuyoruz.<\/span><\/p><p><span style=\"font-weight: 400;\">Her e\u011fitim-\u00f6\u011fretim y\u0131l\u0131 ba\u015f\u0131nda, velilerimize sa\u011fl\u0131k bilgi formu doldurtarak \u00f6\u011frencilerimizin bireysel sa\u011fl\u0131k durumlar\u0131n\u0131 \u00f6\u011freniyor ve kaydediyoruz. Alerji, kronik rahats\u0131zl\u0131k veya d\u00fczenli ila\u00e7 kullan\u0131m\u0131 gibi \u00f6zel durumlar, okul hem\u015firemiz taraf\u0131ndan yak\u0131ndan takip ediliyor. B\u00f6ylece her \u00f6\u011frencimizin sa\u011fl\u0131\u011f\u0131, bireysel ihtiya\u00e7lar\u0131na uygun \u015fekilde izleniyor.<\/span><\/p><p><span style=\"font-weight: 400;\">Okulumuzda tam donan\u0131ml\u0131 bir revir bulunmakta ve alan\u0131nda deneyimli bir okul hem\u015firesi g\u00f6rev yapmaktad\u0131r. \u00d6\u011frenciler g\u00fcn i\u00e7inde ya\u015fad\u0131klar\u0131 sa\u011fl\u0131k sorunlar\u0131nda hem\u015firemize ba\u015fvurabilir; gerekli ilk m\u00fcdahale h\u0131zl\u0131ca yap\u0131l\u0131r. Durumun aciliyetine g\u00f6re veli bilgilendirilir, gerekirse \u00f6\u011frenci en yak\u0131n sa\u011fl\u0131k kurulu\u015funa y\u00f6nlendirilir.<\/span><\/p><p><span style=\"font-weight: 400;\">Kronik hastal\u0131\u011f\u0131 olan veya d\u00fczenli ila\u00e7 kullanmas\u0131 gereken \u00f6\u011frenciler i\u00e7in \u00f6zenli bir takip s\u00fcreci y\u00fcr\u00fct\u00fcyoruz. \u0130la\u00e7 saatleri hem\u015firemiz taraf\u0131ndan titizlikle izlenir ve \u00f6\u011frencinin ihtiya\u00e7 duydu\u011fu her an destek sa\u011flan\u0131r.<\/span><\/p><p><span style=\"font-weight: 400;\">Rota Koleji&#8217;nde sa\u011fl\u0131k hizmetleri sadece m\u00fcdahale ile s\u0131n\u0131rl\u0131 de\u011fildir. \u00d6\u011frencilerimizin sa\u011fl\u0131kl\u0131 ya\u015fam bilinci kazanmas\u0131 amac\u0131yla y\u0131l boyunca \u00e7e\u015fitli bilgilendirme \u00e7al\u0131\u015fmalar\u0131 ve fark\u0131ndal\u0131k etkinlikleri d\u00fczenliyoruz. B\u00f6ylece \u00f6\u011frencilerimiz hem bedensel hem de zihinsel olarak g\u00fc\u00e7l\u00fc bireyler olarak yeti\u015firler.<\/span><\/p><p><b>ULA\u015eIM H\u0130ZMETLER\u0130\u00a0<\/b><\/p><p><span style=\"font-weight: 400;\">Rota Koleji, \u00f6\u011frenci ta\u015f\u0131mac\u0131l\u0131\u011f\u0131nda kalite, g\u00fcvenlik, dakiklik, konfor ve istikrar\u0131 temel ilke olarak benimsemektedir. \u00d6\u011frencilerimizin g\u00fcvenli bir \u015fekilde okula ula\u015fmas\u0131, \u00f6ncelikli de\u011ferlerimiz aras\u0131nda yer almaktad\u0131r. Bu do\u011frultuda, sekt\u00f6rdeki en ileri teknolojileri kullanarak hizmet sunmaktay\u0131z.<\/span><\/p><p><span style=\"font-weight: 400;\">Okulumuzun servis ara\u00e7lar\u0131, d\u00fczenli bak\u0131m ve kontrolleri yap\u0131lm\u0131\u015f, g\u00fcvenli s\u00fcr\u00fcc\u00fcler taraf\u0131ndan y\u00f6netilmektedir. Servis hostesleri, \u00f6\u011frencileri s\u0131n\u0131ftan alarak servise kadar e\u015flik etmekte ve \u00f6\u011frencilerin g\u00fcvenli\u011fini sa\u011flamaktad\u0131r. Servislerde emniyet kemeri tak\u0131lmas\u0131 zorunludur ve t\u00fcm \u00f6\u011frencilerimizin yolculuk boyunca kemerlerini takmalar\u0131 beklenmektedir. Servislerimiz, \u00f6\u011frenci al\u0131m ve b\u0131rakma saatlerinde aksama olmadan zaman\u0131nda hareket etmektedir. Ara\u00e7lar\u0131m\u0131zda, hava ko\u015fullar\u0131na uygun \u0131s\u0131tma\/so\u011futma sistemleri ve g\u00fcvenlik \u00f6zellikleri bulunmaktad\u0131r. Ayr\u0131ca, ara\u00e7lar\u0131m\u0131zda GPS takip sistemleri mevcuttur, b\u00f6ylece \u00f6\u011frencilerimizin konumu her an takip edilebilmektedir.<\/span><\/p><p><span style=\"font-weight: 400;\">Okul i\u00e7indeki t\u00fcm kurallar, servis ara\u00e7lar\u0131nda da ge\u00e7erlidir. \u00d6\u011frencilerimizin serviste de okulda oldu\u011fu gibi, g\u00fcvenli, sayg\u0131l\u0131 ve disiplinli bir \u015fekilde hareket etmeleri beklenmektedir.<\/span><\/p><p><span style=\"font-weight: 400;\">Yeni d\u00f6nem servis kay\u0131tlar\u0131, okul yetkili personeli taraf\u0131ndan al\u0131nmaktad\u0131r. Velilerimiz, servis kay\u0131tlar\u0131yla ilgili i\u015flemler i\u00e7in okul y\u00f6netimiyle ileti\u015fime ge\u00e7ebilir ve kay\u0131tlar\u0131n\u0131 kolayca yapt\u0131rabilirler. Servis \u00fccretleri, okula olan uzakl\u0131\u011fa g\u00f6re belirlenmektedir ve \u00f6demeler okul y\u00f6netimi taraf\u0131ndan belirlenen takvime g\u00f6re yap\u0131lmaktad\u0131r.<\/span><\/p>\t\t\t\t\t\t\t\t<\/div>\n\t\t\t\t<\/div>\n\t\t\t\t<\/div>\n\t\t\t\t<\/div>\n\t\t\t\t<\/div>\n\t\t\t\t\t<\/div>\n\t\t\t\t<\/div>\n\t\t\t\t<\/div>\n\t\t                    <\/div>\n                            <\/div>\n        <\/div>\n        \t\t\t\t<\/div>\n\t\t\t\t<\/div>\n\t\t\t\t\t<\/div>\n\t\t\t\t<\/div>\n\t\t\t\t<\/div>\n\t\t","protected":false},"excerpt":{"rendered":"<p>Anaokulu \u0130lkokul Ortaokul E\u011fitim \u00d6\u011fretim \u0130lkelerimiz Hedeflerimiz Anas\u0131n\u0131f\u0131nda Ya\u015fam Bran\u015f Dersleri Yabanc\u0131 Dil Rehberlik Projeler Portfolyo E\u011fitim Etkinlikleri Geziler Mobil Kre\u015f Hizmetlerimiz E\u011fitim \u2013 \u00d6\u011fretim ve Etkinlik Program\u0131 Minik ad\u0131mlarla b\u00fcy\u00fck hayallerin ba\u015flad\u0131\u011f\u0131 okul \u00f6ncesi e\u011fitim s\u00fcrecinde, \u00e7ocuklar\u0131m\u0131z\u0131n geli\u015fimine rehberlik eden g\u00fcvenli, sevgi temelli ve planl\u0131 bir \u00f6\u011frenme ortam\u0131 sunuyoruz. Rota Koleji Anaokulu\u2019nda 3\u20136 ya\u015f [&hellip;]<\/p>\n","protected":false},"author":1,"featured_media":0,"parent":0,"menu_order":0,"comment_status":"closed","ping_status":"closed","template":"","meta":{"_acf_changed":false,"footnotes":""},"class_list":["post-1650","page","type-page","status-publish","hentry"],"acf":[],"_links":{"self":[{"href":"https:\/\/profaj.co\/rotaegitim\/wp-json\/wp\/v2\/pages\/1650","targetHints":{"allow":["GET"]}}],"collection":[{"href":"https:\/\/profaj.co\/rotaegitim\/wp-json\/wp\/v2\/pages"}],"about":[{"href":"https:\/\/profaj.co\/rotaegitim\/wp-json\/wp\/v2\/types\/page"}],"author":[{"embeddable":true,"href":"https:\/\/profaj.co\/rotaegitim\/wp-json\/wp\/v2\/users\/1"}],"replies":[{"embeddable":true,"href":"https:\/\/profaj.co\/rotaegitim\/wp-json\/wp\/v2\/comments?post=1650"}],"version-history":[{"count":59,"href":"https:\/\/profaj.co\/rotaegitim\/wp-json\/wp\/v2\/pages\/1650\/revisions"}],"predecessor-version":[{"id":2817,"href":"https:\/\/profaj.co\/rotaegitim\/wp-json\/wp\/v2\/pages\/1650\/revisions\/2817"}],"wp:attachment":[{"href":"https:\/\/profaj.co\/rotaegitim\/wp-json\/wp\/v2\/media?parent=1650"}],"curies":[{"name":"wp","href":"https:\/\/api.w.org\/{rel}","templated":true}]}}