{"id":1741,"date":"2025-11-07T12:03:04","date_gmt":"2025-11-07T12:03:04","guid":{"rendered":"https:\/\/profaj.co\/rotaegitim\/?page_id=1741"},"modified":"2026-01-21T05:51:50","modified_gmt":"2026-01-21T05:51:50","slug":"kurumsal","status":"publish","type":"page","link":"https:\/\/profaj.co\/rotaegitim\/kurumsal\/","title":{"rendered":"Kurumsal"},"content":{"rendered":"\t\t<div data-elementor-type=\"wp-page\" data-elementor-id=\"1741\" class=\"elementor elementor-1741\" data-elementor-post-type=\"page\">\n\t\t\t\t<div class=\"elementor-element elementor-element-6ddb602 e-flex e-con-boxed e-con e-parent\" data-id=\"6ddb602\" data-element_type=\"container\" data-e-type=\"container\">\n\t\t\t\t\t<div class=\"e-con-inner\">\n\t\t\t\t<div class=\"elementor-element elementor-element-678ef67 elementor-widget elementor-widget-heading\" data-id=\"678ef67\" data-element_type=\"widget\" data-e-type=\"widget\" data-widget_type=\"heading.default\">\n\t\t\t\t<div class=\"elementor-widget-container\">\n\t\t\t\t\t<h2 class=\"elementor-heading-title elementor-size-default\">Kurumsal<\/h2>\t\t\t\t<\/div>\n\t\t\t\t<\/div>\n\t\t\t\t\t<\/div>\n\t\t\t\t<\/div>\n\t\t<div class=\"elementor-element elementor-element-af271ef e-flex e-con-boxed e-con e-parent\" data-id=\"af271ef\" data-element_type=\"container\" data-e-type=\"container\">\n\t\t\t\t\t<div class=\"e-con-inner\">\n\t\t\t\t<div class=\"elementor-element elementor-element-d189db0 elementor-widget elementor-widget-education_progress_tabs\" data-id=\"d189db0\" data-element_type=\"widget\" data-e-type=\"widget\" data-widget_type=\"education_progress_tabs.default\">\n\t\t\t\t<div class=\"elementor-widget-container\">\n\t\t\t\t\t        <div class=\"education-progress-tabs\" data-icon-url=\"https:\/\/profaj.co\/rotaegitim\/wp-content\/plugins\/rota\/assets\/images\/check-icon.svg\" role=\"tablist\">\n            <!-- Progress Bar Tab Ba\u015fl\u0131klar\u0131 -->\n            <div class=\"tab-progress-bar\">\n                                    <div id=\"education-tab-title-2191\" class=\"tab-item active\" data-tab=\"1\" data-tab-slug=\"tarihcemiz\" role=\"tab\" aria-controls=\"education-tab-content-2191\" aria-selected=\"true\">\n                        <div class=\"tab-icon\">\n                                                            <img decoding=\"async\" src=\"https:\/\/profaj.co\/rotaegitim\/wp-content\/plugins\/rota\/assets\/images\/check-icon.svg\" alt=\"Tarih\u00e7emiz\">\n                                                    <\/div>\n                        <div class=\"tab-label\">Tarih\u00e7emiz<\/div>\n                    <\/div>\n\n                                            <div class=\"tab-connector\"><\/div>\n                                                        <div id=\"education-tab-title-2192\" class=\"tab-item \" data-tab=\"2\" data-tab-slug=\"vizyonumuz\" role=\"tab\" aria-controls=\"education-tab-content-2192\" aria-selected=\"false\">\n                        <div class=\"tab-icon\">\n                                                            <img decoding=\"async\" src=\"https:\/\/profaj.co\/rotaegitim\/wp-content\/plugins\/rota\/assets\/images\/check-icon.svg\" alt=\"Vizyonumuz\">\n                                                    <\/div>\n                        <div class=\"tab-label\">Vizyonumuz<\/div>\n                    <\/div>\n\n                                            <div class=\"tab-connector\"><\/div>\n                                                        <div id=\"education-tab-title-2193\" class=\"tab-item \" data-tab=\"3\" data-tab-slug=\"misyonumuz\" role=\"tab\" aria-controls=\"education-tab-content-2193\" aria-selected=\"false\">\n                        <div class=\"tab-icon\">\n                                                            <img decoding=\"async\" src=\"https:\/\/profaj.co\/rotaegitim\/wp-content\/plugins\/rota\/assets\/images\/check-icon.svg\" alt=\"Misyonumuz\">\n                                                    <\/div>\n                        <div class=\"tab-label\">Misyonumuz<\/div>\n                    <\/div>\n\n                                            <div class=\"tab-connector\"><\/div>\n                                                        <div id=\"education-tab-title-2194\" class=\"tab-item \" data-tab=\"4\" data-tab-slug=\"kurumsal-degerlerimiz\" role=\"tab\" aria-controls=\"education-tab-content-2194\" aria-selected=\"false\">\n                        <div class=\"tab-icon\">\n                                                            <img decoding=\"async\" src=\"https:\/\/profaj.co\/rotaegitim\/wp-content\/plugins\/rota\/assets\/images\/check-icon.svg\" alt=\"Kurumsal De\u011ferlerimiz\">\n                                                    <\/div>\n                        <div class=\"tab-label\">Kurumsal De\u011ferlerimiz<\/div>\n                    <\/div>\n\n                                            <div class=\"tab-connector\"><\/div>\n                                                        <div id=\"education-tab-title-2195\" class=\"tab-item \" data-tab=\"5\" data-tab-slug=\"egitim-felsefemiz\" role=\"tab\" aria-controls=\"education-tab-content-2195\" aria-selected=\"false\">\n                        <div class=\"tab-icon\">\n                                                            <img decoding=\"async\" src=\"https:\/\/profaj.co\/rotaegitim\/wp-content\/plugins\/rota\/assets\/images\/check-icon.svg\" alt=\"E\u011fitim Felsefemiz\">\n                                                    <\/div>\n                        <div class=\"tab-label\">E\u011fitim Felsefemiz<\/div>\n                    <\/div>\n\n                                                <\/div>\n\n            <!-- Tab \u0130\u00e7erikleri -->\n            <div class=\"tab-contents-wrapper\">\n                                    <div id=\"education-tab-content-2191\" class=\"tab-content elementor-clearfix active\" data-tab=\"1\" data-tab-slug=\"tarihcemiz\" role=\"tabpanel\" aria-labelledby=\"education-tab-title-2191\">\n                        <h3>Tarih\u00e7emiz<\/h3><p class=\"p1\">ROTA E\u011fitim Kurumlar\u0131, 2000 y\u0131l\u0131nda \u0130zmir\u2019de Rota Kurs ile e\u011fitim yolculu\u011funa ba\u015flam\u0131\u015f ve k\u0131sa s\u00fcrede b\u00fcy\u00fck bir ivme kazanm\u0131\u015ft\u0131r. \u0130lk g\u00fcnden itibaren, \u00f6\u011frencilere sadece akademik ba\u015far\u0131 de\u011fil, ayn\u0131 zamanda g\u00fc\u00e7l\u00fc bir karakter ve \u00f6zg\u00fcven kazand\u0131rmay\u0131 ama\u00e7layan bir e\u011fitim anlay\u0131\u015f\u0131 benimsemi\u015ftir.<\/p><p class=\"p1\">E\u011fitimdeki bu vizyon, Rota Koleji, Rota Dil Okulu ve Rota Anaokulu markalar\u0131n\u0131n do\u011fmas\u0131na \u00f6nc\u00fcl\u00fck etmi\u015ftir. Alan\u0131nda deneyimli ve nitelikli \u00f6\u011fretmen kadrosu ile her ya\u015f grubuna hitap eden kurumumuz, e\u011fitimdeki kalitesini s\u00fcrekli olarak art\u0131rm\u0131\u015f ve her ge\u00e7en y\u0131l daha fazla \u00f6\u011frenciye ula\u015fm\u0131\u015ft\u0131r.<\/p><p class=\"p1\">ROTA E\u011fitim Kurumlar\u0131, kuruldu\u011fu g\u00fcnden bu yana, \u00f6\u011frencilerin sadece akademik ba\u015far\u0131ya de\u011fil, ayn\u0131 zamanda ki\u015fisel geli\u015fimlerine de odaklanmaktad\u0131r. Rota Koleji, \u00e7a\u011fda\u015f e\u011fitim y\u00f6ntemleriyle \u00f6\u011frencilerini gelece\u011fe haz\u0131rlar. Rota Dil Okulu ise dil becerilerini geli\u015ftirerek, uluslararas\u0131 ba\u015far\u0131lar elde etmelerini sa\u011flamaktad\u0131r. Rota Anaokulu ise \u00e7ocuklar\u0131n geli\u015fimlerini erken ya\u015flardan itibaren destekleyerek, sa\u011flam temeller at\u0131lmas\u0131n\u0131 sa\u011flar.<\/p><p class=\"p1\">ROTA E\u011fitim Kurumlar\u0131, e\u011fitimde kalite, g\u00fcven ve s\u00fcrd\u00fcr\u00fclebilir ba\u015far\u0131y\u0131 ilke edinerek binlerce \u00f6\u011frenciye \u0131\u015f\u0131k olmaya devam etmektedir.<\/p>                    <\/div>\n                                    <div id=\"education-tab-content-2192\" class=\"tab-content elementor-clearfix \" data-tab=\"2\" data-tab-slug=\"vizyonumuz\" role=\"tabpanel\" aria-labelledby=\"education-tab-title-2192\">\n                        <h3>Vizyonumuz<\/h3><p class=\"p1\">ROTA E\u011fitim Kurumlar\u0131 olarak amac\u0131m\u0131z, \u00f6\u011frencilerimizi sadece akademik ba\u015far\u0131yla de\u011fil, ayn\u0131 zamanda toplumsal sorumluluk, sanat, spor ve teknoloji gibi alanlarda da donan\u0131ml\u0131 bireyler olarak yeti\u015ftirmektir. Her \u00f6\u011frencimizin potansiyelini ke\u015ffetmesini ve bunu en iyi \u015fekilde hayata ge\u00e7irmesini sa\u011flamak \u00f6nceli\u011fimizdir. E\u011fitim anlay\u0131\u015f\u0131m\u0131z, Atat\u00fcrk\u00e7\u00fc d\u00fc\u015f\u00fcnceyi rehber alarak, \u00f6zg\u00fcr d\u00fc\u015f\u00fcnen, sorumluluk sahibi ve \u00e7a\u011f\u0131n gerektirdi\u011fi de\u011ferlere sahip bireyler yeti\u015ftirmeyi hedefler. Sanat ve sporla \u00f6\u011frencilerimizin yarat\u0131c\u0131l\u0131\u011f\u0131n\u0131 ve tak\u0131m \u00e7al\u0131\u015fmas\u0131 becerilerini geli\u015ftiriyor; teknolojiyi e\u011fitimle birle\u015ftirerek onlar\u0131 gelece\u011fe g\u00fc\u00e7l\u00fc \u015fekilde haz\u0131rl\u0131yoruz. Velilerimizle s\u00fcrekli ileti\u015fim halinde olarak, \u00f6\u011frencilerimizin geli\u015fimini birlikte destekliyoruz.<\/p><p class=\"p1\">ROTA E\u011fitim Kurumlar\u0131 olarak, her \u00f6\u011frencimizin kendine g\u00fcvenen, bilin\u00e7li ve topluma katk\u0131 sa\u011flayan bireyler olarak yeti\u015fmesini taahh\u00fct ediyoruz.<\/p>                    <\/div>\n                                    <div id=\"education-tab-content-2193\" class=\"tab-content elementor-clearfix \" data-tab=\"3\" data-tab-slug=\"misyonumuz\" role=\"tabpanel\" aria-labelledby=\"education-tab-title-2193\">\n                        <h3>Misyonumuz<\/h3><p>Rota E\u011fitim Kurumlar\u0131 olarak, \u00f6\u011frencilerimizin sadece akademik ba\u015far\u0131lar\u0131n\u0131 de\u011fil, ayn\u0131 zamanda ki\u015fisel, sosyal ve duygusal geli\u015fimlerini<br \/>de \u00f6n planda tutuyoruz. E\u011fitimdeki amac\u0131m\u0131z, \u00f6\u011frencilerimizi bireysel yeteneklerini ke\u015ffeden, geli\u015ftiren ve ba\u015far\u0131ya d\u00f6nu\u0308\u015ftu\u0308ren bireyler<br \/>olarak yeti\u015ftirmektir. Her \u00f6\u011frencimizin potansiyelini en u\u0308st du\u0308zeye \u00e7\u0131karmay\u0131 hedefleyerek, kendine gu\u0308venen, sorumluluk sahibi, etik<br \/>de\u011ferlere ba\u011fl\u0131 ve \u00f6zgu\u0308r du\u0308\u015fu\u0308nme yetisine sahip bireyler yeti\u015ftirmeyi ama\u00e7l\u0131yoruz.<\/p><p>E\u011fitim anlay\u0131\u015f\u0131m\u0131zda, sadece s\u0131nav ba\u015far\u0131s\u0131n\u0131 de\u011fil, karakter geli\u015fimini, sosyal becerileri, duygusal dayan\u0131kl\u0131l\u0131\u011f\u0131 ve yarat\u0131c\u0131l\u0131\u011f\u0131 da<br \/>\u00f6nemsiyoruz. Sanat ve spor, bu yakla\u015f\u0131m\u0131m\u0131z\u0131n vazge\u00e7ilmez par\u00e7alar\u0131d\u0131r. Sanatla \u00f6\u011frencilerimiz, estetik anlay\u0131\u015flar\u0131n\u0131 ve yarat\u0131c\u0131l\u0131klar\u0131n\u0131<br \/>geli\u015ftirirken; spor, bedensel sa\u011fl\u0131k, disiplin, tak\u0131m \u00e7al\u0131\u015fmas\u0131 ve \u00f6zgu\u0308ven gibi \u00f6nemli de\u011ferleri \u00f6\u011fretir. Sanat ve sporun, \u00f6\u011frencilerimizin<br \/>geli\u015fimindeki rolu\u0308, onlara hem zihinsel hem de fiziksel olarak gu\u0308\u00e7 katar.<\/p><p>Kapsay\u0131c\u0131 ve \u00f6\u011frenci odakl\u0131 e\u011fitim anlay\u0131\u015f\u0131m\u0131zla, her \u00f6\u011frencimizin farkl\u0131 \u00f6\u011frenme bi\u00e7imlerine ve h\u0131z\u0131na sayg\u0131 g\u00f6steriyoruz. Ki\u015fiselle\u015ftirilmi\u015f<br \/>e\u011fitim y\u00f6ntemleri, \u00f6l\u00e7me-de\u011ferlendirme sistemleri ve mentorluk \u00e7al\u0131\u015fmalar\u0131 ile her bireye en uygun rehberli\u011fi sunuyoruz. \u00d6\u011frencilerimizin<br \/>\u00f6\u011frenme yolculuklar\u0131nda su\u0308rekli geli\u015fim ve yenilik\u00e7i yakla\u015f\u0131mlar ile onlar\u0131 destekliyoruz. E\u011fitimde ba\u015far\u0131y\u0131 sadece derslerle s\u0131n\u0131rlam\u0131yoruz.<br \/>\u00d6\u011fretmenlerimizin su\u0308rekli e\u011fitim ve geli\u015fimi, velilerle gu\u0308\u00e7lu\u0308 ileti\u015fim ve \u00f6\u011frencilerimizin bireysel ihtiya\u00e7lar\u0131n\u0131 kar\u015f\u0131layan \u00f6zelle\u015ftirilmi\u015f e\u011fitim<br \/>programlar\u0131 ile tu\u0308m e\u011fitim su\u0308recini gu\u0308\u00e7lendiriyoruz.<\/p><p>Rota E\u011fitim Kurumlar\u0131 olarak, her \u00f6\u011frencimizin hem akademik hem de ki\u015fisel anlamda en yu\u0308ksek potansiyeline ula\u015fmas\u0131n\u0131 sa\u011flamak i\u00e7in<br \/>var\u0131z.<\/p>                    <\/div>\n                                    <div id=\"education-tab-content-2194\" class=\"tab-content elementor-clearfix \" data-tab=\"4\" data-tab-slug=\"kurumsal-degerlerimiz\" role=\"tabpanel\" aria-labelledby=\"education-tab-title-2194\">\n                        <h3>Kurumsal De\u011ferlerimiz<\/h3><h5><strong>G\u00fcven<\/strong><\/h5><p>G\u00fcven, t\u00fcm ili\u015fkilerimizin temelidir. \u00d6\u011frencilerimizden velilerimize, \u00f6\u011fretmenlerimizden toplumumuza kadar herkesle g\u00fcvene dayal\u0131, d\u00fcr\u00fcst ve uzun vadeli ili\u015fkiler kurar\u0131z.<\/p><h5><strong>Yenilik\u00e7ilik<\/strong><\/h5><p>De\u011fi\u015fen d\u00fcnyaya ayak uydurur, geli\u015fime a\u00e7\u0131k oluruz. S\u00fcrekli yeniliklere a\u00e7\u0131k, \u00f6\u011frenmeye ve b\u00fcy\u00fcmeye adanm\u0131\u015f bir kurum olarak, gelece\u011fi bug\u00fcnden \u015fekillendiririz.<\/p><h5><strong>\u015eeffafl\u0131k<\/strong><\/h5><p>A\u00e7\u0131k ileti\u015fim ve \u015feffaf s\u00fcre\u00e7ler, kurumumuzun temel ilkelerindendir. Herkesle do\u011fru, net ve zaman\u0131nda bilgi payla\u015f\u0131r\u0131z.<\/p><h5><strong>Sorumluluk<\/strong><\/h5><p>Toplumumuza ve bireylerimize kar\u015f\u0131 sorumlulu\u011fumuzun bilincindeyiz. Hem ki\u015fisel hem toplumsal sorumluluklar\u0131m\u0131z\u0131 yerine getirir, yar\u0131n\u0131n liderlerini yeti\u015ftiririz.<\/p><h5><strong>Ba\u015far\u0131 Odakl\u0131l\u0131k<\/strong><\/h5><p>Akademik ve sosyal ba\u015far\u0131y\u0131 dengeli bir \u015fekilde hedefleriz. \u00d6\u011frencilerimizi sadece akademik anlamda de\u011fil, ayn\u0131 zamanda ki\u015fisel ve sosyal olarak da ba\u015far\u0131l\u0131 bireyler olarak yeti\u015ftiririz.<\/p><h5><strong>\u0130nsan Haklar\u0131 ve Sayg\u0131<\/strong><\/h5><p>\u0130nsan haklar\u0131na ve \u00f6zg\u00fcrl\u00fcklere sayg\u0131l\u0131y\u0131z. Farkl\u0131 g\u00f6r\u00fc\u015flere, ya\u015fam bi\u00e7imlerine ve insan haklar\u0131na sayg\u0131 g\u00f6stermek en temel ilkemizdir.<\/p><h5><strong>E\u015fitlik ve Adalet<\/strong><\/h5><p>Her bireye e\u015fit f\u0131rsatlar sunar, cinsiyet, \u0131rk, dil, din veya etnik k\u00f6ken ayr\u0131m\u0131 yapmadan herkesin e\u015fit haklara sahip olmas\u0131n\u0131 sa\u011flar\u0131z. E\u015fitlik ve adalet anlay\u0131\u015f\u0131m\u0131z her zaman \u00f6n plandad\u0131r.<\/p><h5><strong>Do\u011fa ve Ya\u015fam Hakk\u0131<\/strong><\/h5><p>T\u00fcm canl\u0131lar\u0131n ya\u015fam hakk\u0131na sayg\u0131 g\u00f6sterir, \u00e7evreyi koruma bilinciyle hareket ederiz. Kaynaklar\u0131 verimli kullanarak, s\u00fcrd\u00fcr\u00fclebilir bir gelecek i\u00e7in \u00f6\u011frencilerimize bilin\u00e7li bir e\u011fitim sunar\u0131z.<\/p><h5><strong>Bilim ve Yarat\u0131c\u0131l\u0131k<\/strong><\/h5><p>Bilimsel d\u00fc\u015f\u00fcnceyi destekler, \u00f6zg\u00fcr d\u00fc\u015f\u00fcnmeyi te\u015fvik ederiz. \u00d6\u011frencilerimize, yarat\u0131c\u0131 ve ele\u015ftirel d\u00fc\u015f\u00fcnme becerileri kazand\u0131rarak, onlar\u0131n yenilik\u00e7i \u00e7\u00f6z\u00fcmler geli\u015ftirmelerini sa\u011flar\u0131z.<\/p>                    <\/div>\n                                    <div id=\"education-tab-content-2195\" class=\"tab-content elementor-clearfix \" data-tab=\"5\" data-tab-slug=\"egitim-felsefemiz\" role=\"tabpanel\" aria-labelledby=\"education-tab-title-2195\">\n                        <h3>E\u011fitim Felsefemiz<\/h3><p class=\"p1\">ROTA E\u011fitim Kurumlar\u0131 olarak, her \u00f6\u011frencimizin potansiyelini en yu\u0308ksek seviyeye ta\u015f\u0131may\u0131 hedefliyoruz. E\u011fitim anlay\u0131\u015f\u0131m\u0131zda sadece bilgi aktar\u0131m\u0131n\u0131 de\u011fil, ayn\u0131 zamanda \u00f6\u011frencilerimizin ki\u015fisel geli\u015fimlerini, yarat\u0131c\u0131 du\u0308\u015fu\u0308nme becerilerini ve toplumsal sorumluluk gibi \u00f6nemli de\u011ferleri kazanmalar\u0131n\u0131 da \u00f6n planda tutuyoruz.<\/p><p class=\"p1\">E\u011fitim su\u0308recimiz, her \u00f6\u011frencinin bireysel ihtiya\u00e7lar\u0131na g\u00f6re \u015fekillendirilir. \u00d6\u011frencilerin \u00f6\u011frenme h\u0131z\u0131 ve tarz\u0131n\u0131n farkl\u0131 oldu\u011funun bilincindeyiz, bu nedenle her bir \u00f6\u011frenciye \u00f6zel y\u00f6ntemler sunarak \u00f6\u011frenmeye olan ilgilerini art\u0131rmay\u0131 ama\u00e7l\u0131yoruz.<\/p><p class=\"p1\">Bilgiyi sadece teorik olarak de\u011fil, ayn\u0131 zamanda deneyimleyerek \u00f6\u011frenmelerine olanak tan\u0131yoruz. Yaparak ve ya\u015fayarak \u00f6\u011frenme yakla\u015f\u0131m\u0131m\u0131z, bilgilerin kal\u0131c\u0131 olmas\u0131n\u0131 ve ger\u00e7ek ya\u015famda uygulanabilir hale gelmesini sa\u011flar.<\/p><p class=\"p1\">E\u011fitimde, dersler aras\u0131ndaki ba\u011flant\u0131lar\u0131 gu\u0308\u00e7lu\u0308 tutarak \u00f6\u011frencilerimizin bilgiyi daha bu\u0308tu\u0308nsel bir \u015fekilde kavramalar\u0131na yard\u0131mc\u0131 oluyoruz.<\/p><p class=\"p1\">B\u00f6ylece, \u00f6\u011frendikleri konular aras\u0131ndaki ili\u015fkiyi daha iyi anlayarak, farkl\u0131 disiplinlerdeki bilgileri birle\u015ftirerek du\u0308\u015fu\u0308nme becerilerini geli\u015ftiriyorlar.<\/p><p class=\"p1\">Akademik ba\u015far\u0131y\u0131, \u00f6\u011frencilerimizin sosyal ve ki\u015fisel geli\u015fimleriyle dengeliyoruz. Ders ba\u015far\u0131s\u0131n\u0131 ve karakter geli\u015fimini e\u015fit \u015fekilde \u00f6nemseyerek, onlar\u0131 sadece akademik alanda de\u011fil, toplumsal hayatta da gu\u0308\u00e7lu\u0308 bireyler olarak yeti\u015ftiriyoruz.<\/p><p class=\"p1\">ROTA E\u011fitim Kurumlar\u0131, \u00f6\u011frencilerini yaln\u0131zca bilgili de\u011fil, ayn\u0131 zamanda yarat\u0131c\u0131, sorumluluk sahibi ve toplumlar\u0131na duyarl\u0131 bireyler olarak yeti\u015ftirmeyi ama\u00e7lamaktad\u0131r. Her \u00f6\u011frencimize en iyi e\u011fitimi sunarak, onlar\u0131n potansiyellerini en u\u0308st du\u0308zeye \u00e7\u0131karmay\u0131 hedefliyoruz.<\/p>                    <\/div>\n                            <\/div>\n        <\/div>\n        \t\t\t\t<\/div>\n\t\t\t\t<\/div>\n\t\t\t\t\t<\/div>\n\t\t\t\t<\/div>\n\t\t\t\t<\/div>\n\t\t","protected":false},"excerpt":{"rendered":"<p>Kurumsal Tarih\u00e7emiz Vizyonumuz Misyonumuz Kurumsal De\u011ferlerimiz E\u011fitim Felsefemiz Tarih\u00e7emiz ROTA E\u011fitim Kurumlar\u0131, 2000 y\u0131l\u0131nda \u0130zmir\u2019de Rota Kurs ile e\u011fitim yolculu\u011funa ba\u015flam\u0131\u015f ve k\u0131sa s\u00fcrede b\u00fcy\u00fck bir ivme kazanm\u0131\u015ft\u0131r. \u0130lk g\u00fcnden itibaren, \u00f6\u011frencilere sadece akademik ba\u015far\u0131 de\u011fil, ayn\u0131 zamanda g\u00fc\u00e7l\u00fc bir karakter ve \u00f6zg\u00fcven kazand\u0131rmay\u0131 ama\u00e7layan bir e\u011fitim anlay\u0131\u015f\u0131 benimsemi\u015ftir. E\u011fitimdeki bu vizyon, Rota Koleji, Rota [&hellip;]<\/p>\n","protected":false},"author":1,"featured_media":0,"parent":0,"menu_order":0,"comment_status":"closed","ping_status":"closed","template":"","meta":{"_acf_changed":false,"footnotes":""},"class_list":["post-1741","page","type-page","status-publish","hentry"],"acf":[],"_links":{"self":[{"href":"https:\/\/profaj.co\/rotaegitim\/wp-json\/wp\/v2\/pages\/1741","targetHints":{"allow":["GET"]}}],"collection":[{"href":"https:\/\/profaj.co\/rotaegitim\/wp-json\/wp\/v2\/pages"}],"about":[{"href":"https:\/\/profaj.co\/rotaegitim\/wp-json\/wp\/v2\/types\/page"}],"author":[{"embeddable":true,"href":"https:\/\/profaj.co\/rotaegitim\/wp-json\/wp\/v2\/users\/1"}],"replies":[{"embeddable":true,"href":"https:\/\/profaj.co\/rotaegitim\/wp-json\/wp\/v2\/comments?post=1741"}],"version-history":[{"count":67,"href":"https:\/\/profaj.co\/rotaegitim\/wp-json\/wp\/v2\/pages\/1741\/revisions"}],"predecessor-version":[{"id":2480,"href":"https:\/\/profaj.co\/rotaegitim\/wp-json\/wp\/v2\/pages\/1741\/revisions\/2480"}],"wp:attachment":[{"href":"https:\/\/profaj.co\/rotaegitim\/wp-json\/wp\/v2\/media?parent=1741"}],"curies":[{"name":"wp","href":"https:\/\/api.w.org\/{rel}","templated":true}]}}