{"id":634,"date":"2025-07-08T10:55:29","date_gmt":"2025-07-08T10:55:29","guid":{"rendered":"https:\/\/profaj.co\/solomekatronik\/?post_type=product&#038;p=634"},"modified":"2025-07-31T11:17:19","modified_gmt":"2025-07-31T11:17:19","slug":"it1-ex-zone2","status":"publish","type":"product","link":"https:\/\/profaj.co\/solomekatronik\/urun\/it1-ex-zone2\/","title":{"rendered":"IT1-Ex-Zone2"},"content":{"rendered":"<p class=\"p1\"><b>\u00d6ne \u00c7\u0131kan \u00d6zellikler<\/b><\/p>\n<ul class=\"ul1\">\n<li class=\"li2\"><b>Sa\u011flam Tasar\u0131m<\/b>: Paslanmaz \u00e7elik g\u00f6vde ile zorlu end\u00fcstriyel ortamlara dayan\u0131kl\u0131l\u0131k.\n<ul class=\"ul1\">\n<li class=\"li2\">IP69K (IT1) ve IP65 (IT1 Ex2\/22) koruma s\u0131n\u0131f\u0131<\/li>\n<li class=\"li2\">T\u00fcm kablolar, s\u0131zd\u0131rmaz kablo rakorlar\u0131 ile cihaza ba\u011flan\u0131r.<\/li>\n<\/ul>\n<\/li>\n<li class=\"li2\"><b>Kullan\u0131m Kolayl\u0131\u011f\u0131<\/b>:\n<ul class=\"ul1\">\n<li class=\"li2\">Geni\u015f g\u00f6r\u00fc\u015f a\u00e7\u0131l\u0131, 4,3 in\u00e7lik parlak TFT renkli ekran ile net g\u00f6r\u00fcnt\u00fcleme<\/li>\n<li class=\"li2\">A\u00e7\u0131k metinli kullan\u0131c\u0131 y\u00f6nlendirmeleri ile h\u0131zl\u0131 ve anla\u015f\u0131l\u0131r operasyon<\/li>\n<\/ul>\n<\/li>\n<li class=\"li2\"><b>Esnek Montaj Se\u00e7enekleri<\/b>:\n<ul class=\"ul1\">\n<li class=\"li2\">Duvara montaj, masa\u00fcst\u00fc veya panele monte tasar\u0131mlar<\/li>\n<li class=\"li2\">Kontrol panolar\u0131na kolay entegrasyon<\/li>\n<\/ul>\n<\/li>\n<li class=\"li2\"><b>Geni\u015f Uyumluluk<\/b>:\n<ul class=\"ul1\">\n<li class=\"li2\">PC a\u011flar\u0131na, uzak ekranlara, yaz\u0131c\u0131lara ve di\u011fer \u00e7evresel cihazlara kolay ba\u011flant\u0131<\/li>\n<li class=\"li2\">Tehlikeli alanlar i\u00e7in \u00f6zel olarak tasarlanm\u0131\u015f <b>IT1 Ex2\/22<\/b> versiyonu<\/li>\n<\/ul>\n<\/li>\n<\/ul>\n<p class=\"p1\"><b>Teknik \u00d6zellikler<\/b><\/p>\n<ul class=\"ul1\">\n<li class=\"li2\">Analog veya dijital kuvvet d\u00f6n\u00fc\u015ft\u00fcr\u00fcc\u00fcl\u00fc terazi ba\u011flant\u0131s\u0131<\/li>\n<li class=\"li2\"><b>W&amp;M onayl\u0131 \u00e7\u00f6z\u00fcn\u00fcrl\u00fck<\/b>: 10.000 d\u2019ye kadar<\/li>\n<li class=\"li2\">\u00c7ok aral\u0131kl\u0131 terazi deste\u011fi (\u00f6rnek: 3 x 3000 d)<\/li>\n<li class=\"li2\">W&amp;M onayl\u0131 veri ar\u015fivi: Opsiyonel olarak 1 milyon giri\u015fe kadar uzun s\u00fcreli a\u011f\u0131rl\u0131k kayd\u0131<\/li>\n<li class=\"li2\">Opsiyonel:\n<ul class=\"ul1\">\n<li class=\"li2\">Harici terazi ba\u011flant\u0131s\u0131 i\u00e7in ADC kutusu<\/li>\n<li class=\"li2\">RS485 aray\u00fcz\u00fc ile maksimum 500 metre kablo uzunlu\u011fu deste\u011fi<\/li>\n<\/ul>\n<\/li>\n<\/ul>\n","protected":false},"excerpt":{"rendered":"<p class=\"p1\"><b>IT1 Serisi Tart\u0131m \u0130ndikat\u00f6r\u00fc:<\/b><b><\/b><\/p>\n<p class=\"p1\"><b>IT1<\/b>, standart end\u00fcstriyel tart\u0131m uygulamalar\u0131 i\u00e7in uygun maliyetli ve g\u00fcvenilir bir \u00e7\u00f6z\u00fcmd\u00fcr. W&amp;M (Yasal Metroloji) onayl\u0131 bu tart\u0131m indikat\u00f6r\u00fc, farkl\u0131 kurulum ihtiya\u00e7lar\u0131na y\u00f6nelik olarak duvara monte, masa\u00fcst\u00fc veya pano montajl\u0131 (panel tipi) versiyonlarda sunulmaktad\u0131r.<\/p>\n<p class=\"p1\">SysTec, ayr\u0131ca tehlikeli alanlar (Ex2\/22) i\u00e7in \u00f6zel olarak tasarlanm\u0131\u015f bir IT1 versiyonunu da kullan\u0131c\u0131lar\u0131n hizmetine sunmaktad\u0131r.<\/p>\n<p class=\"p2\"><b>Geni\u015f Uygulama Alan\u0131<\/b><\/p>\n<p class=\"p1\">Mod\u00fcler yap\u0131s\u0131 ve kan\u0131tlanm\u0131\u015f standart uygulama yaz\u0131l\u0131mlar\u0131 sayesinde IT1 serisi, \u00e7e\u015fitli end\u00fcstriyel terazilerle sorunsuz entegre olarak a\u015fa\u011f\u0131daki alanlarda etkin \u015fekilde kullan\u0131labilir:<\/p>\n<ul class=\"ul1\">\n<li class=\"li1\">Yer terazileri ve tezgah \u00fcst\u00fc teraziler<\/li>\n<li class=\"li1\">Kontrol terazileri<\/li>\n<li class=\"li1\">Huni terazileri (ayar noktas\u0131 kontrol\u00fc i\u00e7in)<\/li>\n<li class=\"li1\">Mobil tart\u0131m sistemleri<\/li>\n<\/ul>\n","protected":false},"featured_media":1254,"comment_status":"closed","ping_status":"closed","template":"","meta":{"_acf_changed":false},"product_brand":[73],"product_cat":[49],"product_tag":[],"class_list":["post-634","product","type-product","status-publish","has-post-thumbnail","product_brand-systec","product_cat-ex-proof-gostergeler","first","instock","shipping-taxable","product-type-simple"],"acf":[],"_links":{"self":[{"href":"https:\/\/profaj.co\/solomekatronik\/wp-json\/wp\/v2\/product\/634","targetHints":{"allow":["GET"]}}],"collection":[{"href":"https:\/\/profaj.co\/solomekatronik\/wp-json\/wp\/v2\/product"}],"about":[{"href":"https:\/\/profaj.co\/solomekatronik\/wp-json\/wp\/v2\/types\/product"}],"replies":[{"embeddable":true,"href":"https:\/\/profaj.co\/solomekatronik\/wp-json\/wp\/v2\/comments?post=634"}],"wp:featuredmedia":[{"embeddable":true,"href":"https:\/\/profaj.co\/solomekatronik\/wp-json\/wp\/v2\/media\/1254"}],"wp:attachment":[{"href":"https:\/\/profaj.co\/solomekatronik\/wp-json\/wp\/v2\/media?parent=634"}],"wp:term":[{"taxonomy":"product_brand","embeddable":true,"href":"https:\/\/profaj.co\/solomekatronik\/wp-json\/wp\/v2\/product_brand?post=634"},{"taxonomy":"product_cat","embeddable":true,"href":"https:\/\/profaj.co\/solomekatronik\/wp-json\/wp\/v2\/product_cat?post=634"},{"taxonomy":"product_tag","embeddable":true,"href":"https:\/\/profaj.co\/solomekatronik\/wp-json\/wp\/v2\/product_tag?post=634"}],"curies":[{"name":"wp","href":"https:\/\/api.w.org\/{rel}","templated":true}]}}