{"id":333,"date":"2026-07-21T13:08:27","date_gmt":"2026-07-21T13:08:27","guid":{"rendered":"https:\/\/profaj.co\/sumka\/?page_id=333"},"modified":"2026-08-19T06:42:35","modified_gmt":"2026-08-19T06:42:35","slug":"bodrumda-yasam","status":"publish","type":"page","link":"https:\/\/profaj.co\/sumka\/bodrumda-yasam\/","title":{"rendered":"Bodrum&#8217;da Ya\u015fam"},"content":{"rendered":"\t\t<div data-elementor-type=\"wp-page\" data-elementor-id=\"333\" class=\"elementor elementor-333\" data-elementor-post-type=\"page\">\n\t\t\t\t<div class=\"elementor-element elementor-element-616e17f pb-2 e-flex e-con-boxed e-con e-parent\" data-id=\"616e17f\" data-element_type=\"container\" data-e-type=\"container\" data-settings=\"{&quot;background_background&quot;:&quot;classic&quot;}\">\n\t\t\t\t\t<div class=\"e-con-inner\">\n\t\t<div class=\"elementor-element elementor-element-2ae4d98 e-con-full e-flex e-con e-child\" data-id=\"2ae4d98\" data-element_type=\"container\" data-e-type=\"container\">\n\t\t\t\t<div class=\"elementor-element elementor-element-651e137 elementor-widget elementor-widget-heading\" data-id=\"651e137\" data-element_type=\"widget\" data-e-type=\"widget\" data-widget_type=\"heading.default\">\n\t\t\t\t\t<h1 class=\"elementor-heading-title elementor-size-default\">Bodrum&#8217;da Ya\u015fam<\/h1>\t\t\t\t<\/div>\n\t\t\t\t<div class=\"elementor-element elementor-element-55799f6 elementor-widget elementor-widget-heading\" data-id=\"55799f6\" data-element_type=\"widget\" data-e-type=\"widget\" data-widget_type=\"heading.default\">\n\t\t\t\t\t<h5 class=\"elementor-heading-title elementor-size-default\">Zaman\u0131n yava\u015flad\u0131\u011f\u0131 yerde, dingin bir ya\u015fam.<\/h5>\t\t\t\t<\/div>\n\t\t\t\t<div class=\"elementor-element elementor-element-e1219bd elementor-widget elementor-widget-heading\" data-id=\"e1219bd\" data-element_type=\"widget\" data-e-type=\"widget\" data-widget_type=\"heading.default\">\n\t\t\t\t\t<h5 class=\"elementor-heading-title elementor-size-default\">Mavinin her mevsimine uyanmak...<\/h5>\t\t\t\t<\/div>\n\t\t\t\t<\/div>\n\t\t\t\t\t<\/div>\n\t\t\t\t<\/div>\n\t\t<div class=\"elementor-element elementor-element-feceb28 pt-3 pb-3 e-flex e-con-boxed e-con e-parent\" data-id=\"feceb28\" data-element_type=\"container\" data-e-type=\"container\">\n\t\t\t\t\t<div class=\"e-con-inner\">\n\t\t<div class=\"elementor-element elementor-element-6c2933f e-con-full pr-3 pr-m-off e-flex e-con e-child\" data-id=\"6c2933f\" data-element_type=\"container\" data-e-type=\"container\">\n\t\t\t\t<div class=\"elementor-element elementor-element-fe8a7c1 elementor-widget elementor-widget-heading\" data-id=\"fe8a7c1\" data-element_type=\"widget\" data-e-type=\"widget\" data-widget_type=\"heading.default\">\n\t\t\t\t\t<h2 class=\"elementor-heading-title elementor-size-default\">D\u00f6rt Mevsim Bodrum<\/h2>\t\t\t\t<\/div>\n\t\t\t\t<div class=\"elementor-element elementor-element-9dc6ff6 elementor-widget elementor-widget-text-editor\" data-id=\"9dc6ff6\" data-element_type=\"widget\" data-e-type=\"widget\" data-widget_type=\"text-editor.default\">\n\t\t\t\t\t\t\t\t\t<p data-path-to-node=\"7,1,0,3\">Bodrum, yaz bitti\u011finde kap\u0131lar\u0131n\u0131 kapatan bir sahil kasabas\u0131 olmaktan \u00e7oktan \u00e7\u0131kt\u0131; kendi ritmini bulan, her mevsimi ayr\u0131 bir \u015fiirsellikte ya\u015fatan tam te\u015fekk\u00fcll\u00fc bir ya\u015fam merkezine d\u00f6n\u00fc\u015ft\u00fc. Sonbahar\u0131n hafif serinli\u011finde begonvillerin d\u00f6k\u00fclen yapraklar\u0131n\u0131 izlemek, k\u0131\u015f aylar\u0131nda \u015f\u00f6mine ate\u015finin \u00e7\u0131t\u0131rt\u0131s\u0131 e\u015fli\u011finde kahvenizi yudumlamak ve ilkbaharda do\u011fan\u0131n uyan\u0131\u015f\u0131yla birlikte mandalina bah\u00e7elerinden y\u00fckselen taptaze kokular\u0131 i\u00e7inize \u00e7ekmek burada s\u0131radan bir g\u00fcn\u00fcn par\u00e7as\u0131d\u0131r. Uluslararas\u0131 standartlardaki modern hastaneleri, k\u00f6kl\u00fc e\u011fitim kurumlar\u0131, geli\u015fmi\u015f marina k\u00fclt\u00fcr\u00fc, y\u0131l boyu devam eden k\u00fclt\u00fcr-sanat etkinlikleri ve zengin gastronomi duraklar\u0131yla ya\u015fam standartlar\u0131n\u0131z\u0131 zirveye ta\u015f\u0131r. Art\u0131k Bodrum, sadece dinlenmek i\u00e7in gelinen de\u011fil, k\u00f6k salmak ve kaliteli bir hayat kurmak i\u00e7in se\u00e7ilen e\u015fsiz bir co\u011frafyad\u0131r.<\/p><p data-path-to-node=\"7,1,0,6\">Sumka olarak biz de bu e\u015fsiz ya\u015fam k\u00fclt\u00fcr\u00fcnden ilham al\u0131yor, evlerimizi sadece d\u00f6nemsel bir ka\u00e7\u0131\u015f noktas\u0131 olarak de\u011fil, bir \u00f6m\u00fcr boyu huzurla ya\u015fanacak yuvalar olarak tasarl\u0131yoruz. Geleneksel Bodrum mimarisinin esteti\u011fini modern m\u00fchendisli\u011fin sundu\u011fu en ileri olanaklarla harmanl\u0131yoruz. Y\u00fcksek standartl\u0131 \u0131s\u0131 ve ses yal\u0131t\u0131m teknolojileri, ak\u0131ll\u0131 ev sistemleri, \u00e7evreye duyarl\u0131 s\u00fcrd\u00fcr\u00fclebilir malzemeler ve yenilik\u00e7i peyzaj alanlar\u0131yla donatt\u0131\u011f\u0131m\u0131z projelerimizde, s\u0131n\u0131rlar\u0131 ortadan kald\u0131r\u0131yoruz. Evinizin her k\u00f6\u015fesinde do\u011fan\u0131n o muazzam enerjisini hissederken; yaz\u0131n serinletici esintisini, k\u0131\u015f\u0131n ise s\u0131cac\u0131k ve g\u00fcvenli bir liman\u0131n konforunu kesintisiz olarak deneyimlemeniz i\u00e7in her detay\u0131 \u00f6zenle in\u015fa ediyoruz.<\/p>\t\t\t\t\t\t\t\t<\/div>\n\t\t\t\t<\/div>\n\t\t<div class=\"elementor-element elementor-element-2dc9858 e-con-full e-flex e-con e-child\" data-id=\"2dc9858\" data-element_type=\"container\" data-e-type=\"container\">\n\t\t\t\t<div class=\"elementor-element elementor-element-a5c8b28 elementor-widget elementor-widget-image\" data-id=\"a5c8b28\" data-element_type=\"widget\" data-e-type=\"widget\" data-widget_type=\"image.default\">\n\t\t\t\t\t\t\t\t\t\t\t\t\t\t\t<img fetchpriority=\"high\" decoding=\"async\" width=\"1000\" height=\"1000\" src=\"https:\/\/profaj.co\/sumka\/wp-content\/uploads\/2026\/08\/bodrum.webp\" class=\"attachment-full size-full wp-image-1064\" alt=\"Bodrum\u2019da Ya\u015fam\" srcset=\"https:\/\/profaj.co\/sumka\/wp-content\/uploads\/2026\/08\/bodrum.webp 1000w, https:\/\/profaj.co\/sumka\/wp-content\/uploads\/2026\/08\/bodrum-300x300.webp 300w, https:\/\/profaj.co\/sumka\/wp-content\/uploads\/2026\/08\/bodrum-150x150.webp 150w, https:\/\/profaj.co\/sumka\/wp-content\/uploads\/2026\/08\/bodrum-768x768.webp 768w\" sizes=\"(max-width: 1000px) 100vw, 1000px\" title=\"Bodrum\u2019da Ya\u015fam\" \/>\t\t\t\t\t\t\t\t\t\t\t\t\t\t\t<\/div>\n\t\t\t\t<\/div>\n\t\t\t\t\t<\/div>\n\t\t\t\t<\/div>\n\t\t<div class=\"elementor-element elementor-element-a4e9dfa pt-3 pb-3 e-flex e-con-boxed e-con e-parent\" data-id=\"a4e9dfa\" data-element_type=\"container\" data-e-type=\"container\" data-settings=\"{&quot;background_background&quot;:&quot;classic&quot;}\">\n\t\t\t\t\t<div class=\"e-con-inner\">\n\t\t<div class=\"elementor-element elementor-element-bde36e8 e-con-full e-flex e-con e-child\" data-id=\"bde36e8\" data-element_type=\"container\" data-e-type=\"container\">\n\t\t\t\t<div class=\"elementor-element elementor-element-84a8791 elementor-widget elementor-widget-image\" data-id=\"84a8791\" data-element_type=\"widget\" data-e-type=\"widget\" data-widget_type=\"image.default\">\n\t\t\t\t\t\t\t\t\t\t\t\t\t\t\t<img decoding=\"async\" width=\"800\" height=\"466\" src=\"https:\/\/profaj.co\/sumka\/wp-content\/uploads\/2026\/08\/bodrum-merkez-1024x597.webp\" class=\"attachment-large size-large wp-image-1594\" alt=\"Bodrum\u2019da Ya\u015fam\" srcset=\"https:\/\/profaj.co\/sumka\/wp-content\/uploads\/2026\/08\/bodrum-merkez-1024x597.webp 1024w, https:\/\/profaj.co\/sumka\/wp-content\/uploads\/2026\/08\/bodrum-merkez-300x175.webp 300w, https:\/\/profaj.co\/sumka\/wp-content\/uploads\/2026\/08\/bodrum-merkez-768x448.webp 768w, https:\/\/profaj.co\/sumka\/wp-content\/uploads\/2026\/08\/bodrum-merkez.webp 1200w\" sizes=\"(max-width: 800px) 100vw, 800px\" title=\"Bodrum\u2019da Ya\u015fam\" \/>\t\t\t\t\t\t\t\t\t\t\t\t\t\t\t<\/div>\n\t\t\t\t<\/div>\n\t\t<div class=\"elementor-element elementor-element-6cefc9e e-con-full pl-3 pl-m-off e-flex e-con e-child\" data-id=\"6cefc9e\" data-element_type=\"container\" data-e-type=\"container\">\n\t\t\t\t<div class=\"elementor-element elementor-element-a06b24c elementor-widget elementor-widget-heading\" data-id=\"a06b24c\" data-element_type=\"widget\" data-e-type=\"widget\" data-widget_type=\"heading.default\">\n\t\t\t\t\t<h2 class=\"elementor-heading-title elementor-size-default\">Dinginli\u011fin ve Denizin Bulu\u015fma Noktas\u0131:Ortakent Yah\u015fi<\/h2>\t\t\t\t<\/div>\n\t\t\t\t<div class=\"elementor-element elementor-element-422a841 elementor-widget elementor-widget-text-editor\" data-id=\"422a841\" data-element_type=\"widget\" data-e-type=\"widget\" data-widget_type=\"text-editor.default\">\n\t\t\t\t\t\t\t\t\t<p data-path-to-node=\"10,1,1,3\">Ortakent-Yah\u015fi; mavi bayrakl\u0131 sahili, mandalina bah\u00e7eleri ve korunmu\u015f yerel dokusuyla \u00f6ne \u00e7\u0131kan bir b\u00f6lgedir. Y\u0131l boyu hizmet veren restoranlar, kafeler ve y\u00f6resel pazarlar\u0131n bulundu\u011fu b\u00f6lge, \u015fehir merkezine ula\u015f\u0131m kolayl\u0131\u011f\u0131 ve do\u011fal \u00e7evresiyle tercih edilmektedir.<\/p>\t\t\t\t\t\t\t\t<\/div>\n\t\t\t\t<\/div>\n\t\t\t\t\t<\/div>\n\t\t\t\t<\/div>\n\t\t<div class=\"elementor-element elementor-element-a064ada pt-3 pb-3 e-flex e-con-boxed e-con e-parent\" data-id=\"a064ada\" data-element_type=\"container\" data-e-type=\"container\">\n\t\t\t\t\t<div class=\"e-con-inner\">\n\t\t<div class=\"elementor-element elementor-element-0cf117e e-con-full pr-3 pr-m-off e-flex e-con e-child\" data-id=\"0cf117e\" data-element_type=\"container\" data-e-type=\"container\">\n\t\t\t\t<div class=\"elementor-element elementor-element-3fc8b99 elementor-widget elementor-widget-heading\" data-id=\"3fc8b99\" data-element_type=\"widget\" data-e-type=\"widget\" data-widget_type=\"heading.default\">\n\t\t\t\t\t<h2 class=\"elementor-heading-title elementor-size-default\">Hayat\u0131n Merkezi: Konac\u0131k\n<\/h2>\t\t\t\t<\/div>\n\t\t\t\t<div class=\"elementor-element elementor-element-c1e9ff2 elementor-widget elementor-widget-text-editor\" data-id=\"c1e9ff2\" data-element_type=\"widget\" data-e-type=\"widget\" data-widget_type=\"text-editor.default\">\n\t\t\t\t\t\t\t\t\t<p>Konac\u0131k, Bodrum\u2019un ticari ve sosyal merkezlerine yak\u0131n konumuyla dikkat \u00e7ekerken, ayn\u0131 zamanda \u015fehir g\u00fcr\u00fclt\u00fcs\u00fcnden uzak, sakin bir ya\u015fam alan\u0131 sunar. Ege Denizi, vadi ve \u015fehir manzaras\u0131na sahip b\u00f6lge, hem \u015fehre ula\u015f\u0131m kolayl\u0131\u011f\u0131 hem de huzurlu bir ortam arayanlar i\u00e7in idealdir.<\/p><p>Konac\u0131k, b\u00f6lgedeki hastanelere, al\u0131\u015fveri\u015f merkezlerine ve g\u00fcnl\u00fck ihtiya\u00e7 noktalar\u0131na trafik sorunu ya\u015famadan k\u0131sa s\u00fcrede ula\u015fma imkan\u0131 tan\u0131r. Hem do\u011fayla i\u00e7 i\u00e7e kal\u0131p hem de \u015fehir hayat\u0131n\u0131n olanaklar\u0131ndan faydalanmak isteyenler i\u00e7in merkezi ve dengeli bir ya\u015fam se\u00e7ene\u011fi olu\u015fturur.<\/p>\t\t\t\t\t\t\t\t<\/div>\n\t\t\t\t<\/div>\n\t\t<div class=\"elementor-element elementor-element-3765acc e-con-full e-flex e-con e-child\" data-id=\"3765acc\" data-element_type=\"container\" data-e-type=\"container\">\n\t\t\t\t<div class=\"elementor-element elementor-element-0191575 elementor-widget elementor-widget-image\" data-id=\"0191575\" data-element_type=\"widget\" data-e-type=\"widget\" data-widget_type=\"image.default\">\n\t\t\t\t\t\t\t\t\t\t\t\t\t\t\t<img decoding=\"async\" width=\"800\" height=\"466\" src=\"https:\/\/profaj.co\/sumka\/wp-content\/uploads\/2026\/08\/bodrum-merkez-2-1024x597.webp\" class=\"attachment-large size-large wp-image-1595\" alt=\"Bodrum\u2019da Ya\u015fam\" srcset=\"https:\/\/profaj.co\/sumka\/wp-content\/uploads\/2026\/08\/bodrum-merkez-2-1024x597.webp 1024w, https:\/\/profaj.co\/sumka\/wp-content\/uploads\/2026\/08\/bodrum-merkez-2-300x175.webp 300w, https:\/\/profaj.co\/sumka\/wp-content\/uploads\/2026\/08\/bodrum-merkez-2-768x448.webp 768w, https:\/\/profaj.co\/sumka\/wp-content\/uploads\/2026\/08\/bodrum-merkez-2.webp 1200w\" sizes=\"(max-width: 800px) 100vw, 800px\" title=\"Bodrum\u2019da Ya\u015fam\" \/>\t\t\t\t\t\t\t\t\t\t\t\t\t\t\t<\/div>\n\t\t\t\t<\/div>\n\t\t\t\t\t<\/div>\n\t\t\t\t<\/div>\n\t\t\t\t<\/div>\n\t\t","protected":false},"excerpt":{"rendered":"<p>Zaman\u0131n yava\u015flad\u0131\u011f\u0131 yerde, dingin bir ya\u015fam. Mavinin her mevsimine uyanmak&#8230; D\u00f6rt Mevsim Bodrum Bodrum, yaz bitti\u011finde kap\u0131lar\u0131n\u0131 kapatan bir sahil kasabas\u0131 olmaktan \u00e7oktan \u00e7\u0131kt\u0131; kendi ritmini bulan, her mevsimi ayr\u0131 bir \u015fiirsellikte ya\u015fatan tam te\u015fekk\u00fcll\u00fc bir ya\u015fam merkezine d\u00f6n\u00fc\u015ft\u00fc. Sonbahar\u0131n hafif serinli\u011finde begonvillerin d\u00f6k\u00fclen yapraklar\u0131n\u0131 izlemek, k\u0131\u015f aylar\u0131nda \u015f\u00f6mine ate\u015finin \u00e7\u0131t\u0131rt\u0131s\u0131 e\u015fli\u011finde kahvenizi yudumlamak ve [&hellip;]<\/p>\n","protected":false},"author":1,"featured_media":0,"parent":0,"menu_order":0,"comment_status":"closed","ping_status":"closed","template":"","meta":{"_acf_changed":false,"footnotes":""},"class_list":["post-333","page","type-page","status-publish","hentry"],"acf":[],"_links":{"self":[{"href":"https:\/\/profaj.co\/sumka\/wp-json\/wp\/v2\/pages\/333","targetHints":{"allow":["GET"]}}],"collection":[{"href":"https:\/\/profaj.co\/sumka\/wp-json\/wp\/v2\/pages"}],"about":[{"href":"https:\/\/profaj.co\/sumka\/wp-json\/wp\/v2\/types\/page"}],"author":[{"embeddable":true,"href":"https:\/\/profaj.co\/sumka\/wp-json\/wp\/v2\/users\/1"}],"replies":[{"embeddable":true,"href":"https:\/\/profaj.co\/sumka\/wp-json\/wp\/v2\/comments?post=333"}],"version-history":[{"count":40,"href":"https:\/\/profaj.co\/sumka\/wp-json\/wp\/v2\/pages\/333\/revisions"}],"predecessor-version":[{"id":1699,"href":"https:\/\/profaj.co\/sumka\/wp-json\/wp\/v2\/pages\/333\/revisions\/1699"}],"wp:attachment":[{"href":"https:\/\/profaj.co\/sumka\/wp-json\/wp\/v2\/media?parent=333"}],"curies":[{"name":"wp","href":"https:\/\/api.w.org\/{rel}","templated":true}]}}